{"id":26321,"date":"2026-08-21T12:54:33","date_gmt":"2026-08-21T10:54:33","guid":{"rendered":"https:\/\/iftf-frankfurt.com\/?post_type=mec-events&#038;p=26321"},"modified":"2026-08-21T12:54:33","modified_gmt":"2026-08-21T10:54:33","slug":"the-taste-of-the-voice","status":"publish","type":"mec-events","link":"https:\/\/iftf-frankfurt.com\/en\/events\/the-taste-of-the-voice\/","title":{"rendered":"The Taste of the Voice"},"content":{"rendered":"<p align=\"left\"><span style=\"font-size: small;\">&#8220;ENG below&#8221;<\/span><\/p>\n<p align=\"left\"><span style=\"font-family: Arial, sans-serif;\"><span style=\"font-size: small;\">Sandra Pasini <\/span><\/span><\/p>\n<p align=\"left\"><span style=\"font-family: Arial, sans-serif;\"><span style=\"font-size: small;\">Der Workshop bietet eine Entdeckung des menschlichen K\u00f6rpers als Resonanzraum und f\u00fchrt zu einer ersten Auseinandersetzung mit der eigenen Stimme. Durch Resonanz-, Gesangs- und Improvisations\u00fcbungen lernen die Teilnehmer*innen, ihre Stimme auf eine neue Weise zu h\u00f6ren und zu erkunden: als Ort, an dem St\u00e4rke und Zerbrechlichkeit auf Erinnerungen treffen. Auf eine Melodie aus der Kindheit, ein Kampflied, auf eine pers\u00f6nliche Geschichte,&#8230; Die Teilnehmer*innen gestalten ihren einzigartigen \u201eStimmgarten\u201c und entdecken dabei neue M\u00f6glichkeiten von Klang, Ausdruck und Pr\u00e4senz. Am Folgetag pr\u00e4sentieren sie im Rahmen des IF*TF-Symposiums 2026 ein Lied des Workshop-Ensembles.<\/span><\/span><\/p>\n<p align=\"left\"><span style=\"font-family: Arial, sans-serif;\"><span style=\"font-size: small;\"><b>Ort: <\/b>Atelier Di\u00e1spora<b> <\/b>\u2022 <b>Sprache(n): <\/b>Englisch\u2022<b> Material: <\/b>bequeme Kleidung und Wasser \u2022 <b>Geb\u00fchr: <\/b>Spende (Empfehlung 20\u20ac)<b> <\/b>\u2022 <b>Hinweis: <\/b>max. 20 Teilnehmer*innen. Die dazugeh\u00f6rige Pr\u00e4sentation der im Workshop entstandenen Beitr\u00e4ge der Teilnehmer*innen findet am Freitag, den 18.09. im IF*TF Symposium statt.<\/span><\/span><\/p>\n<p>&nbsp;<\/p>\n<p align=\"left\"><span style=\"font-family: Arial, sans-serif;\"><span style=\"font-size: small;\"><b>The Taste of the Voice<\/b><\/span><\/span><\/p>\n<p align=\"left\"><span style=\"font-family: Arial, sans-serif;\"><span style=\"font-size: small;\">Sandra Pasini<\/span><\/span><\/p>\n<p align=\"left\"><span style=\"font-family: Arial, sans-serif;\"><span style=\"font-size: small;\">The workshop offers an exploration of the human body as a resonating space and leads to a first encounter with one\u2019s own voice. Through resonance, singing and improvisation exercises, participants learn to listen to and explore their voices in a new way: as a place where strength and fragility meet memories. A melody from childhood, a protest song, a personal story&#8230; Participants create their unique \u201cvoice garden\u201d and discover new possibilities of sound, expression and presence. The following day, they will present a song by the workshop ensemble as part of the IF*TF Symposium 2026.<\/span><\/span><\/p>\n<p align=\"left\"><span style=\"font-family: Arial, sans-serif;\"><span style=\"font-size: small;\"><b>Location:<\/b> Atelier Di\u00e1spora \u2022 <b>Language(s):<\/b> English \u2022 <b>Materials:<\/b> Comfortable clothing and water \u2022 <b>Fee:<\/b> Donation (suggested \u20ac20) \u2022 <b>Note:<\/b> Max. 20 participants. A presentation of the participants\u2019 work created during the workshop will take place on Friday, 18 September, as part of the IF*TF Symposium.<\/span><\/span><\/p>\n","protected":false},"excerpt":{"rendered":"<p>&#8220;ENG below&#8221; Sandra Pasini Der Workshop bietet eine Entdeckung des menschlichen K\u00f6rpers als Resonanzraum und f\u00fchrt zu einer ersten Auseinandersetzung mit der eigenen Stimme. Durch Resonanz-, Gesangs- und Improvisations\u00fcbungen lernen die Teilnehmer*innen, ihre Stimme auf eine neue Weise zu h\u00f6ren und zu erkunden: als Ort,&#8230;<\/p>\n","protected":false},"author":7,"featured_media":26322,"comment_status":"closed","ping_status":"closed","template":"","tags":[],"mec_category":[19],"class_list":["post-26321","mec-events","type-mec-events","status-publish","has-post-thumbnail","hentry","mec_category-workshops"],"yoast_head":"<!-- This site is optimized with the Yoast SEO plugin v19.13 - https:\/\/yoast.com\/wordpress\/plugins\/seo\/ -->\n<title>The Taste of the Voice - International Women\u2018s* Theatre Festival<\/title>\n<meta name=\"robots\" content=\"index, follow, max-snippet:-1, max-image-preview:large, max-video-preview:-1\" \/>\n<link rel=\"canonical\" href=\"https:\/\/iftf-frankfurt.com\/events\/the-taste-of-the-voice\/\" \/>\n<meta property=\"og:locale\" content=\"en_GB\" \/>\n<meta property=\"og:type\" content=\"article\" \/>\n<meta property=\"og:title\" content=\"The Taste of the Voice - International Women\u2018s* Theatre Festival\" \/>\n<meta property=\"og:description\" content=\"&#8220;ENG below&#8221; Sandra Pasini Der Workshop bietet eine Entdeckung des menschlichen K\u00f6rpers als Resonanzraum und f\u00fchrt zu einer ersten Auseinandersetzung mit der eigenen Stimme. Durch Resonanz-, Gesangs- und Improvisations\u00fcbungen lernen die Teilnehmer*innen, ihre Stimme auf eine neue Weise zu h\u00f6ren und zu erkunden: als Ort,...\" \/>\n<meta property=\"og:url\" content=\"https:\/\/iftf-frankfurt.com\/events\/the-taste-of-the-voice\/\" \/>\n<meta property=\"og:site_name\" content=\"International Women\u2018s* Theatre Festival\" \/>\n<meta property=\"article:publisher\" content=\"https:\/\/www.facebook.com\/frauenfestival\" \/>\n<meta property=\"og:image\" content=\"https:\/\/iftf-frankfurt.com\/wp-content\/uploads\/sites\/2\/SandraPasini_GentilezaDiegoPratto01.jpg\" \/>\n\t<meta property=\"og:image:width\" content=\"870\" \/>\n\t<meta property=\"og:image:height\" content=\"580\" \/>\n\t<meta property=\"og:image:type\" content=\"image\/jpeg\" \/>\n<meta name=\"twitter:card\" content=\"summary_large_image\" \/>\n<meta name=\"twitter:label1\" content=\"Estimated reading time\" \/>\n\t<meta name=\"twitter:data1\" content=\"2 minutes\" \/>\n<script type=\"application\/ld+json\" class=\"yoast-schema-graph\">{\"@context\":\"https:\/\/schema.org\",\"@graph\":[{\"@type\":\"WebPage\",\"@id\":\"https:\/\/iftf-frankfurt.com\/events\/the-taste-of-the-voice\/\",\"url\":\"https:\/\/iftf-frankfurt.com\/events\/the-taste-of-the-voice\/\",\"name\":\"The Taste of the Voice - International Women\u2018s* Theatre Festival\",\"isPartOf\":{\"@id\":\"https:\/\/iftf-frankfurt.com\/#website\"},\"datePublished\":\"2026-08-21T10:54:33+00:00\",\"dateModified\":\"2026-08-21T10:54:33+00:00\",\"breadcrumb\":{\"@id\":\"https:\/\/iftf-frankfurt.com\/events\/the-taste-of-the-voice\/#breadcrumb\"},\"inLanguage\":\"en-GB\",\"potentialAction\":[{\"@type\":\"ReadAction\",\"target\":[\"https:\/\/iftf-frankfurt.com\/events\/the-taste-of-the-voice\/\"]}]},{\"@type\":\"BreadcrumbList\",\"@id\":\"https:\/\/iftf-frankfurt.com\/events\/the-taste-of-the-voice\/#breadcrumb\",\"itemListElement\":[{\"@type\":\"ListItem\",\"position\":1,\"name\":\"Startseite\",\"item\":\"https:\/\/iftf-frankfurt.com\/en\/internationale-frauentheaterfestival-iftf\/\"},{\"@type\":\"ListItem\",\"position\":2,\"name\":\"Veranstaltungen\",\"item\":\"https:\/\/iftf-frankfurt.com\/events\/\"},{\"@type\":\"ListItem\",\"position\":3,\"name\":\"The Taste of the Voice\"}]},{\"@type\":\"WebSite\",\"@id\":\"https:\/\/iftf-frankfurt.com\/#website\",\"url\":\"https:\/\/iftf-frankfurt.com\/\",\"name\":\"International Women\u2018s* Theatre Festival\",\"description\":\"IF*TF\",\"publisher\":{\"@id\":\"https:\/\/iftf-frankfurt.com\/#organization\"},\"inLanguage\":\"en-GB\"},{\"@type\":\"Organization\",\"@id\":\"https:\/\/iftf-frankfurt.com\/#organization\",\"name\":\"International Womxn\u2018s* Theatre Festival\",\"url\":\"https:\/\/iftf-frankfurt.com\/\",\"logo\":{\"@type\":\"ImageObject\",\"inLanguage\":\"en-GB\",\"@id\":\"https:\/\/iftf-frankfurt.com\/#\/schema\/logo\/image\/\",\"url\":\"\",\"contentUrl\":\"\",\"caption\":\"International Womxn\u2018s* Theatre Festival\"},\"image\":{\"@id\":\"https:\/\/iftf-frankfurt.com\/#\/schema\/logo\/image\/\"},\"sameAs\":[\"https:\/\/www.instagram.com\/frauentheaterfestival\/\",\"https:\/\/www.youtube.com\/channel\/UC80VX69VC0NxXd6a89DoydA\",\"https:\/\/www.facebook.com\/frauenfestival\"]}]}<\/script>\n<!-- \/ Yoast SEO plugin. -->","yoast_head_json":{"title":"The Taste of the Voice - International Women\u2018s* Theatre Festival","robots":{"index":"index","follow":"follow","max-snippet":"max-snippet:-1","max-image-preview":"max-image-preview:large","max-video-preview":"max-video-preview:-1"},"canonical":"https:\/\/iftf-frankfurt.com\/events\/the-taste-of-the-voice\/","og_locale":"en_GB","og_type":"article","og_title":"The Taste of the Voice - International Women\u2018s* Theatre Festival","og_description":"&#8220;ENG below&#8221; Sandra Pasini Der Workshop bietet eine Entdeckung des menschlichen K\u00f6rpers als Resonanzraum und f\u00fchrt zu einer ersten Auseinandersetzung mit der eigenen Stimme. Durch Resonanz-, Gesangs- und Improvisations\u00fcbungen lernen die Teilnehmer*innen, ihre Stimme auf eine neue Weise zu h\u00f6ren und zu erkunden: als Ort,...","og_url":"https:\/\/iftf-frankfurt.com\/events\/the-taste-of-the-voice\/","og_site_name":"International Women\u2018s* Theatre Festival","article_publisher":"https:\/\/www.facebook.com\/frauenfestival","og_image":[{"width":870,"height":580,"url":"https:\/\/iftf-frankfurt.com\/wp-content\/uploads\/sites\/2\/SandraPasini_GentilezaDiegoPratto01.jpg","type":"image\/jpeg"}],"twitter_card":"summary_large_image","twitter_misc":{"Estimated reading time":"2 minutes"},"schema":{"@context":"https:\/\/schema.org","@graph":[{"@type":"WebPage","@id":"https:\/\/iftf-frankfurt.com\/events\/the-taste-of-the-voice\/","url":"https:\/\/iftf-frankfurt.com\/events\/the-taste-of-the-voice\/","name":"The Taste of the Voice - International Women\u2018s* Theatre Festival","isPartOf":{"@id":"https:\/\/iftf-frankfurt.com\/#website"},"datePublished":"2026-08-21T10:54:33+00:00","dateModified":"2026-08-21T10:54:33+00:00","breadcrumb":{"@id":"https:\/\/iftf-frankfurt.com\/events\/the-taste-of-the-voice\/#breadcrumb"},"inLanguage":"en-GB","potentialAction":[{"@type":"ReadAction","target":["https:\/\/iftf-frankfurt.com\/events\/the-taste-of-the-voice\/"]}]},{"@type":"BreadcrumbList","@id":"https:\/\/iftf-frankfurt.com\/events\/the-taste-of-the-voice\/#breadcrumb","itemListElement":[{"@type":"ListItem","position":1,"name":"Startseite","item":"https:\/\/iftf-frankfurt.com\/en\/internationale-frauentheaterfestival-iftf\/"},{"@type":"ListItem","position":2,"name":"Veranstaltungen","item":"https:\/\/iftf-frankfurt.com\/events\/"},{"@type":"ListItem","position":3,"name":"The Taste of the Voice"}]},{"@type":"WebSite","@id":"https:\/\/iftf-frankfurt.com\/#website","url":"https:\/\/iftf-frankfurt.com\/","name":"International Women\u2018s* Theatre Festival","description":"IF*TF","publisher":{"@id":"https:\/\/iftf-frankfurt.com\/#organization"},"inLanguage":"en-GB"},{"@type":"Organization","@id":"https:\/\/iftf-frankfurt.com\/#organization","name":"International Womxn\u2018s* Theatre Festival","url":"https:\/\/iftf-frankfurt.com\/","logo":{"@type":"ImageObject","inLanguage":"en-GB","@id":"https:\/\/iftf-frankfurt.com\/#\/schema\/logo\/image\/","url":"","contentUrl":"","caption":"International Womxn\u2018s* Theatre Festival"},"image":{"@id":"https:\/\/iftf-frankfurt.com\/#\/schema\/logo\/image\/"},"sameAs":["https:\/\/www.instagram.com\/frauentheaterfestival\/","https:\/\/www.youtube.com\/channel\/UC80VX69VC0NxXd6a89DoydA","https:\/\/www.facebook.com\/frauenfestival"]}]}},"_links":{"self":[{"href":"https:\/\/iftf-frankfurt.com\/en\/wp-json\/wp\/v2\/mec-events\/26321","targetHints":{"allow":["GET"]}}],"collection":[{"href":"https:\/\/iftf-frankfurt.com\/en\/wp-json\/wp\/v2\/mec-events"}],"about":[{"href":"https:\/\/iftf-frankfurt.com\/en\/wp-json\/wp\/v2\/types\/mec-events"}],"author":[{"embeddable":true,"href":"https:\/\/iftf-frankfurt.com\/en\/wp-json\/wp\/v2\/users\/7"}],"replies":[{"embeddable":true,"href":"https:\/\/iftf-frankfurt.com\/en\/wp-json\/wp\/v2\/comments?post=26321"}],"version-history":[{"count":2,"href":"https:\/\/iftf-frankfurt.com\/en\/wp-json\/wp\/v2\/mec-events\/26321\/revisions"}],"predecessor-version":[{"id":26325,"href":"https:\/\/iftf-frankfurt.com\/en\/wp-json\/wp\/v2\/mec-events\/26321\/revisions\/26325"}],"wp:featuredmedia":[{"embeddable":true,"href":"https:\/\/iftf-frankfurt.com\/en\/wp-json\/wp\/v2\/media\/26322"}],"wp:attachment":[{"href":"https:\/\/iftf-frankfurt.com\/en\/wp-json\/wp\/v2\/media?parent=26321"}],"wp:term":[{"taxonomy":"post_tag","embeddable":true,"href":"https:\/\/iftf-frankfurt.com\/en\/wp-json\/wp\/v2\/tags?post=26321"},{"taxonomy":"mec_category","embeddable":true,"href":"https:\/\/iftf-frankfurt.com\/en\/wp-json\/wp\/v2\/mec_category?post=26321"}],"curies":[{"name":"wp","href":"https:\/\/api.w.org\/{rel}","templated":true}]}}