{"id":26532,"date":"2026-08-25T12:58:00","date_gmt":"2026-08-25T10:58:00","guid":{"rendered":"https:\/\/iftf-frankfurt.com\/?post_type=mec-events&#038;p=26532"},"modified":"2026-08-25T13:45:47","modified_gmt":"2026-08-25T11:45:47","slug":"dengbej-in-the-disco","status":"publish","type":"mec-events","link":"https:\/\/iftf-frankfurt.com\/en\/events\/dengbej-in-the-disco\/","title":{"rendered":"Dengb\u00eaj in the Disco"},"content":{"rendered":"<p style=\"text-align: left;\" align=\"center\"><span style=\"font-family: Times New Roman, serif;\"><span style=\"font-size: small;\"> H\u00eaja Netirk &amp; Sarina Panahideh<\/span><\/span><\/p>\n<p align=\"left\"><span style=\"font-size: small;\">&#8220;ENG below&#8221;<\/span><\/p>\n<p align=\"left\"><span style=\"font-family: Times New Roman, serif;\"><span style=\"font-size: small;\">Das St\u00fcck folgt der Geschichte einer Frau aus Kurdistan im deutschen Exil auf der Suche nach ihrer Stimme. In einer Kombination aus traditionellem Gesang, zeitgen\u00f6ssischer Performance, Tanz und Storytelling erkundet es, was es f\u00fcr eine Frau bedeutet, eine Dengb\u00eaj zu werden \u2013 eine Rolle, die historisch von M\u00e4nnern dominiert wurde.<\/span><\/span><\/p>\n<p align=\"left\"><span style=\"font-family: Times New Roman, serif;\"><span style=\"font-size: small;\">Die Performance bewegt sich zwischen Erinnerung, Migration und Tradition und fragt:<\/span><\/span><\/p>\n<p align=\"left\"><span style=\"font-family: Times New Roman, serif;\"><span style=\"font-size: small;\">Wie erz\u00e4hlt man seine Geschichte, wenn die eigene Stimme in einer anderen Sprache gefangen ist?<\/span><\/span><\/p>\n<p align=\"left\"><span style=\"font-family: Times New Roman, serif;\"><span style=\"font-size: small;\">Wir singen in Abwesenheit all jener, die wir kennen. Wir m\u00fcssen in einem fremden Land, in dem alle gemein zueinander sind, Freundschaften schlie\u00dfen. Wir sind<i> Dengb\u00eaj in der Disco<\/i> und reichen mit Kabeln zu unseren Wurzeln.<\/span><\/span><\/p>\n<p style=\"text-align: left;\" align=\"center\"><span style=\"font-family: Times New Roman, serif;\"><span style=\"font-size: small;\"><strong>Sprache(n):<\/strong> Englisch, Deutsch, Kurdisch <\/span><\/span><\/p>\n<p style=\"text-align: left;\" align=\"center\"><span style=\"font-family: Times New Roman, serif;\"><span style=\"font-size: small;\"><b>Hinweis: <\/b>Ab 12 Jahren<\/span><\/span><\/p>\n<p align=\"left\"><span style=\"font-family: Times New Roman, serif;\"><span style=\"font-size: small;\"><b>K\u00fcnstlerische Leitung:<\/b> H\u00eaja Netirk <\/span><\/span><\/p>\n<p align=\"left\"><span style=\"font-family: Times New Roman, serif;\"><span style=\"font-size: small;\"><b>Performer*innen:<\/b> Sar\u00eena Panah\u00eedeh, H\u00eaja Netirk<\/span><\/span><\/p>\n<p align=\"left\"><span style=\"font-family: Times New Roman, serif;\"><span style=\"font-size: small;\"><strong>Biographie:<\/strong> <span style=\"font-family: Times New Roman, serif;\"><span style=\"font-size: small;\">H\u00eaja Netirk ist Theatermacherin, Performerin, S\u00e4ngerin und Komponistin aus Hamburg. Ihre Arbeit bewegt sich zwischen Musik, Theater und Performance, kurdischer Erz\u00e4hltradition und Mehrsprachigkeit. Sie ver\u00f6ffentlichte die Soloalben <i>Stran\u00ean Ne\u015fu\u015ft\u00ee<\/i> und <i>Pistepistek Blind<\/i> und gr\u00fcndete die Band LOMA REQS, deren Deb\u00fctalbum <i>Qemir\u00ee<\/i> 2026 erschien. Im selben Jahr wurde die Band mit dem Hamburger Popmusikpreis Krach + Get\u00f6se ausgezeichnet. F\u00fcr Hito Steyerls <i>Mechanical Kurds<\/i>, ausgezeichnet mit dem S+T+ARTS Grand Prize 2026, arbeitete sie als Musikproduzentin, S\u00e4ngerin, Songwriterin und Executive Producer. Sie ist Mibegr\u00fcnderin des kurdischen BAN Theaters und komponierte u. a. f\u00fcr <i>Der Hoffnungsvogel<\/i> am Jungen Ensemble Stuttgart. 2025 entwickelte und inszenierte sie <i>Dengb\u00eaj in the Disco<\/i> am LICHTHOF Theater in Hamburg<\/span><\/span><\/span><\/span><\/p>\n<p>&nbsp;<\/p>\n<p align=\"left\"><span style=\"font-family: Times New Roman, serif;\"><span style=\"font-size: small;\">From Kurdistan to Germany, the play follows the story of a woman in exile searching for her voice. Combining traditional singing, contemporary performance, dance, and storytelling, the play explores what it means for a woman to become a Dengb\u00eaj, a role historically dominated by men.<\/span><\/span><\/p>\n<p align=\"left\"><span style=\"font-family: Times New Roman, serif;\"><span style=\"font-size: small;\">The performance moves between memory, migration and tradition, asking:<br \/>\nHow do you tell your story when your voice is trapped inside another language?<\/span><\/span><\/p>\n<p align=\"left\"><span style=\"font-family: Times New Roman, serif;\"><span style=\"font-size: small;\">We sing in the absence of everybody and everyone that we know. We have to make friends in a foreign land where everybody is mean to each other. We are <i>Dengb\u00eaj in the Disco<\/i>, reaching our roots with cables.<\/span><\/span><\/p>\n<p align=\"left\"><span style=\"font-family: Times New Roman, serif;\"><span style=\"font-size: small;\"><strong>Language(s):<\/strong> English, German, Kurdish<\/span><\/span><\/p>\n<p align=\"left\"><span style=\"font-family: Times New Roman, serif;\"><span style=\"font-size: small;\"><strong>Please Note:<\/strong> ages 12+<\/span><\/span><\/p>\n<p align=\"left\"><span style=\"font-family: Times New Roman, serif;\"><span style=\"font-size: small;\"><strong>Artistic Director:<\/strong> H\u00eaja Netirk <\/span><\/span><\/p>\n<p align=\"left\"><span style=\"font-family: Times New Roman, serif;\"><span style=\"font-size: small;\"><strong>Performers:<\/strong> Sar\u00eena Panah\u00eedeh, <\/span><\/span><span style=\"font-family: Times New Roman, serif;\"><span style=\"font-size: small;\">H\u00eaja Netirk\u00a0<\/span><\/span><\/p>\n<p align=\"left\"><span style=\"font-family: Times New Roman, serif;\"><span style=\"font-size: small;\"><strong>Biography:<\/strong> H\u00eaja Netirk is a theatre maker, performer, singer, and composer based in Hamburg. Her work operates at the intersection of music, theatre, and performance, drawing on Kurdish storytelling traditions and multilingualism. She released the solo albums *Stran\u00ean Ne\u015fu\u015ft\u00ee* and *Pistepistek Blind* and founded the band LOMA REQS, whose debut album *Qemir\u00ee* was released in 2026. That same year, the band received the Hamburg pop music award &#8220;Krach + Get\u00f6se.&#8221; She worked as a music producer, singer, songwriter, and executive producer on Hito Steyerl\u2019s *Mechanical Kurds*, which won the S+T+ARTS Grand Prize in 2026. She is a co-founder of the Kurdish BAN Theater and composed music for productions such as *Der Hoffnungsvogel* at the Junges Ensemble Stuttgart. In 2025, she developed and directed *Dengb\u00eaj in the Disco* at the LICHTHOF Theater in Hamburg.<\/span><\/span><\/p>\n","protected":false},"excerpt":{"rendered":"<p>H\u00eaja Netirk &amp; Sarina Panahideh &#8220;ENG below&#8221; Das St\u00fcck folgt der Geschichte einer Frau aus Kurdistan im deutschen Exil auf der Suche nach ihrer Stimme. In einer Kombination aus traditionellem Gesang, zeitgen\u00f6ssischer Performance, Tanz und Storytelling erkundet es, was es f\u00fcr eine Frau bedeutet, eine&#8230;<\/p>\n","protected":false},"author":7,"featured_media":26534,"comment_status":"closed","ping_status":"closed","template":"","tags":[],"mec_category":[21],"class_list":["post-26532","mec-events","type-mec-events","status-publish","has-post-thumbnail","hentry","mec_category-theater-performance"],"yoast_head":"<!-- This site is optimized with the Yoast SEO plugin v19.13 - https:\/\/yoast.com\/wordpress\/plugins\/seo\/ -->\n<title>Dengb\u00eaj in the Disco - International Women\u2018s* Theatre Festival<\/title>\n<meta name=\"robots\" content=\"index, follow, max-snippet:-1, max-image-preview:large, max-video-preview:-1\" \/>\n<link rel=\"canonical\" href=\"https:\/\/iftf-frankfurt.com\/events\/dengbej-in-the-disco\/\" \/>\n<meta property=\"og:locale\" content=\"en_GB\" \/>\n<meta property=\"og:type\" content=\"article\" \/>\n<meta property=\"og:title\" content=\"Dengb\u00eaj in the Disco - International Women\u2018s* Theatre Festival\" \/>\n<meta property=\"og:description\" content=\"H\u00eaja Netirk &amp; Sarina Panahideh &#8220;ENG below&#8221; Das St\u00fcck folgt der Geschichte einer Frau aus Kurdistan im deutschen Exil auf der Suche nach ihrer Stimme. In einer Kombination aus traditionellem Gesang, zeitgen\u00f6ssischer Performance, Tanz und Storytelling erkundet es, was es f\u00fcr eine Frau bedeutet, eine...\" \/>\n<meta property=\"og:url\" content=\"https:\/\/iftf-frankfurt.com\/events\/dengbej-in-the-disco\/\" \/>\n<meta property=\"og:site_name\" content=\"International Women\u2018s* Theatre Festival\" \/>\n<meta property=\"article:publisher\" content=\"https:\/\/www.facebook.com\/frauenfestival\" \/>\n<meta property=\"article:modified_time\" content=\"2026-08-25T11:45:47+00:00\" \/>\n<meta property=\"og:image\" content=\"https:\/\/iftf-frankfurt.com\/wp-content\/uploads\/sites\/2\/WhatsApp-Image-2026-05-14-at-17.00.04.jpeg\" \/>\n\t<meta property=\"og:image:width\" content=\"1600\" \/>\n\t<meta property=\"og:image:height\" content=\"1067\" \/>\n\t<meta property=\"og:image:type\" content=\"image\/jpeg\" \/>\n<meta name=\"twitter:card\" content=\"summary_large_image\" \/>\n<meta name=\"twitter:label1\" content=\"Estimated reading time\" \/>\n\t<meta name=\"twitter:data1\" content=\"3 minutes\" \/>\n<script type=\"application\/ld+json\" class=\"yoast-schema-graph\">{\"@context\":\"https:\/\/schema.org\",\"@graph\":[{\"@type\":\"WebPage\",\"@id\":\"https:\/\/iftf-frankfurt.com\/events\/dengbej-in-the-disco\/\",\"url\":\"https:\/\/iftf-frankfurt.com\/events\/dengbej-in-the-disco\/\",\"name\":\"Dengb\u00eaj in the Disco - International Women\u2018s* Theatre Festival\",\"isPartOf\":{\"@id\":\"https:\/\/iftf-frankfurt.com\/#website\"},\"datePublished\":\"2026-08-25T10:58:00+00:00\",\"dateModified\":\"2026-08-25T11:45:47+00:00\",\"breadcrumb\":{\"@id\":\"https:\/\/iftf-frankfurt.com\/events\/dengbej-in-the-disco\/#breadcrumb\"},\"inLanguage\":\"en-GB\",\"potentialAction\":[{\"@type\":\"ReadAction\",\"target\":[\"https:\/\/iftf-frankfurt.com\/events\/dengbej-in-the-disco\/\"]}]},{\"@type\":\"BreadcrumbList\",\"@id\":\"https:\/\/iftf-frankfurt.com\/events\/dengbej-in-the-disco\/#breadcrumb\",\"itemListElement\":[{\"@type\":\"ListItem\",\"position\":1,\"name\":\"Startseite\",\"item\":\"https:\/\/iftf-frankfurt.com\/en\/internationale-frauentheaterfestival-iftf\/\"},{\"@type\":\"ListItem\",\"position\":2,\"name\":\"Veranstaltungen\",\"item\":\"https:\/\/iftf-frankfurt.com\/events\/\"},{\"@type\":\"ListItem\",\"position\":3,\"name\":\"Dengb\u00eaj in the Disco\"}]},{\"@type\":\"WebSite\",\"@id\":\"https:\/\/iftf-frankfurt.com\/#website\",\"url\":\"https:\/\/iftf-frankfurt.com\/\",\"name\":\"International Women\u2018s* Theatre Festival\",\"description\":\"IF*TF\",\"publisher\":{\"@id\":\"https:\/\/iftf-frankfurt.com\/#organization\"},\"inLanguage\":\"en-GB\"},{\"@type\":\"Organization\",\"@id\":\"https:\/\/iftf-frankfurt.com\/#organization\",\"name\":\"International Womxn\u2018s* Theatre Festival\",\"url\":\"https:\/\/iftf-frankfurt.com\/\",\"logo\":{\"@type\":\"ImageObject\",\"inLanguage\":\"en-GB\",\"@id\":\"https:\/\/iftf-frankfurt.com\/#\/schema\/logo\/image\/\",\"url\":\"\",\"contentUrl\":\"\",\"caption\":\"International Womxn\u2018s* Theatre Festival\"},\"image\":{\"@id\":\"https:\/\/iftf-frankfurt.com\/#\/schema\/logo\/image\/\"},\"sameAs\":[\"https:\/\/www.instagram.com\/frauentheaterfestival\/\",\"https:\/\/www.youtube.com\/channel\/UC80VX69VC0NxXd6a89DoydA\",\"https:\/\/www.facebook.com\/frauenfestival\"]}]}<\/script>\n<!-- \/ Yoast SEO plugin. -->","yoast_head_json":{"title":"Dengb\u00eaj in the Disco - International Women\u2018s* Theatre Festival","robots":{"index":"index","follow":"follow","max-snippet":"max-snippet:-1","max-image-preview":"max-image-preview:large","max-video-preview":"max-video-preview:-1"},"canonical":"https:\/\/iftf-frankfurt.com\/events\/dengbej-in-the-disco\/","og_locale":"en_GB","og_type":"article","og_title":"Dengb\u00eaj in the Disco - International Women\u2018s* Theatre Festival","og_description":"H\u00eaja Netirk &amp; Sarina Panahideh &#8220;ENG below&#8221; Das St\u00fcck folgt der Geschichte einer Frau aus Kurdistan im deutschen Exil auf der Suche nach ihrer Stimme. In einer Kombination aus traditionellem Gesang, zeitgen\u00f6ssischer Performance, Tanz und Storytelling erkundet es, was es f\u00fcr eine Frau bedeutet, eine...","og_url":"https:\/\/iftf-frankfurt.com\/events\/dengbej-in-the-disco\/","og_site_name":"International Women\u2018s* Theatre Festival","article_publisher":"https:\/\/www.facebook.com\/frauenfestival","article_modified_time":"2026-08-25T11:45:47+00:00","og_image":[{"width":1600,"height":1067,"url":"https:\/\/iftf-frankfurt.com\/wp-content\/uploads\/sites\/2\/WhatsApp-Image-2026-05-14-at-17.00.04.jpeg","type":"image\/jpeg"}],"twitter_card":"summary_large_image","twitter_misc":{"Estimated reading time":"3 minutes"},"schema":{"@context":"https:\/\/schema.org","@graph":[{"@type":"WebPage","@id":"https:\/\/iftf-frankfurt.com\/events\/dengbej-in-the-disco\/","url":"https:\/\/iftf-frankfurt.com\/events\/dengbej-in-the-disco\/","name":"Dengb\u00eaj in the Disco - International Women\u2018s* Theatre Festival","isPartOf":{"@id":"https:\/\/iftf-frankfurt.com\/#website"},"datePublished":"2026-08-25T10:58:00+00:00","dateModified":"2026-08-25T11:45:47+00:00","breadcrumb":{"@id":"https:\/\/iftf-frankfurt.com\/events\/dengbej-in-the-disco\/#breadcrumb"},"inLanguage":"en-GB","potentialAction":[{"@type":"ReadAction","target":["https:\/\/iftf-frankfurt.com\/events\/dengbej-in-the-disco\/"]}]},{"@type":"BreadcrumbList","@id":"https:\/\/iftf-frankfurt.com\/events\/dengbej-in-the-disco\/#breadcrumb","itemListElement":[{"@type":"ListItem","position":1,"name":"Startseite","item":"https:\/\/iftf-frankfurt.com\/en\/internationale-frauentheaterfestival-iftf\/"},{"@type":"ListItem","position":2,"name":"Veranstaltungen","item":"https:\/\/iftf-frankfurt.com\/events\/"},{"@type":"ListItem","position":3,"name":"Dengb\u00eaj in the Disco"}]},{"@type":"WebSite","@id":"https:\/\/iftf-frankfurt.com\/#website","url":"https:\/\/iftf-frankfurt.com\/","name":"International Women\u2018s* Theatre Festival","description":"IF*TF","publisher":{"@id":"https:\/\/iftf-frankfurt.com\/#organization"},"inLanguage":"en-GB"},{"@type":"Organization","@id":"https:\/\/iftf-frankfurt.com\/#organization","name":"International Womxn\u2018s* Theatre Festival","url":"https:\/\/iftf-frankfurt.com\/","logo":{"@type":"ImageObject","inLanguage":"en-GB","@id":"https:\/\/iftf-frankfurt.com\/#\/schema\/logo\/image\/","url":"","contentUrl":"","caption":"International Womxn\u2018s* Theatre Festival"},"image":{"@id":"https:\/\/iftf-frankfurt.com\/#\/schema\/logo\/image\/"},"sameAs":["https:\/\/www.instagram.com\/frauentheaterfestival\/","https:\/\/www.youtube.com\/channel\/UC80VX69VC0NxXd6a89DoydA","https:\/\/www.facebook.com\/frauenfestival"]}]}},"_links":{"self":[{"href":"https:\/\/iftf-frankfurt.com\/en\/wp-json\/wp\/v2\/mec-events\/26532","targetHints":{"allow":["GET"]}}],"collection":[{"href":"https:\/\/iftf-frankfurt.com\/en\/wp-json\/wp\/v2\/mec-events"}],"about":[{"href":"https:\/\/iftf-frankfurt.com\/en\/wp-json\/wp\/v2\/types\/mec-events"}],"author":[{"embeddable":true,"href":"https:\/\/iftf-frankfurt.com\/en\/wp-json\/wp\/v2\/users\/7"}],"replies":[{"embeddable":true,"href":"https:\/\/iftf-frankfurt.com\/en\/wp-json\/wp\/v2\/comments?post=26532"}],"version-history":[{"count":5,"href":"https:\/\/iftf-frankfurt.com\/en\/wp-json\/wp\/v2\/mec-events\/26532\/revisions"}],"predecessor-version":[{"id":26555,"href":"https:\/\/iftf-frankfurt.com\/en\/wp-json\/wp\/v2\/mec-events\/26532\/revisions\/26555"}],"wp:featuredmedia":[{"embeddable":true,"href":"https:\/\/iftf-frankfurt.com\/en\/wp-json\/wp\/v2\/media\/26534"}],"wp:attachment":[{"href":"https:\/\/iftf-frankfurt.com\/en\/wp-json\/wp\/v2\/media?parent=26532"}],"wp:term":[{"taxonomy":"post_tag","embeddable":true,"href":"https:\/\/iftf-frankfurt.com\/en\/wp-json\/wp\/v2\/tags?post=26532"},{"taxonomy":"mec_category","embeddable":true,"href":"https:\/\/iftf-frankfurt.com\/en\/wp-json\/wp\/v2\/mec_category?post=26532"}],"curies":[{"name":"wp","href":"https:\/\/api.w.org\/{rel}","templated":true}]}}