{"id":26566,"date":"2026-08-25T14:41:12","date_gmt":"2026-08-25T12:41:12","guid":{"rendered":"https:\/\/iftf-frankfurt.com\/?post_type=mec-events&#038;p=26566"},"modified":"2026-08-25T14:41:12","modified_gmt":"2026-08-25T12:41:12","slug":"reverdecer","status":"publish","type":"mec-events","link":"https:\/\/iftf-frankfurt.com\/en\/events\/reverdecer\/","title":{"rendered":"REVERDECER"},"content":{"rendered":"<p style=\"text-align: left;\" align=\"center\"><span style=\"font-family: Times New Roman, serif;\"><span style=\"font-size: small;\">Amanda Romero Canepa<\/span><\/span><\/p>\n<p align=\"left\"><span style=\"font-family: Times New Roman, serif;\"><span style=\"font-size: small;\">Ist es eine Zusammenkunft, ein Ritual, eine Stellungnahme, ein Vorschlag, ein freier K\u00f6rper, ein Moment, in dem unsere Gedanken eins werden? Wie k\u00f6nnen wir einander halten, w\u00e4hrend wir auseinandergerissen werden? Eine Einladung, unsere Verantwortung anzuerkennen. Eine Praxis, um unseren kollektiven K\u00f6rper zu erm\u00e4chtigen. Ein Impuls, die Hierarchien der Macht zu durchbrechen und zirkul\u00e4re Formen des Seins einzuladen. Eine Sehnsucht nach anderen M\u00f6glichkeiten, lebendig zu sein. Wenn das M\u00f6gliche kolonial ist, brauchen wir das Unm\u00f6gliche.* Es bedeutet, Raum zu halten f\u00fcr unsere weibliche Wut gegen diejenigen, die f\u00fcr die Gr\u00e4ueltaten dieser Welt verantwortlich sind. Ein Raum, in dem Freude Teil des Widerstands ist. Ein Raum, in dem Feier und Schmerz nebeneinander existieren und miteinander verbunden sind. Reverdecer ist Sanftheit, ist G\u00fcte, ist Zartheit in ihrer St\u00e4rke. Es bedeutet, loszulassen, was zusammenbrechen muss, die Erde zu bemuttern, damit sie fruchtbar wird, und wieder gr\u00fcn zu werden. Wir leben weiter, weil wir daran glauben, dass wir einander halten k\u00f6nnen \u2026 <\/span><\/span><\/p>\n<p style=\"text-align: left;\" align=\"center\"><span style=\"font-family: Times New Roman, serif;\"><span style=\"font-size: small;\"><b>Sprache<\/b>: <\/span><\/span><span style=\"font-size: small; font-family: 'Times New Roman', serif;\">Gr\u00f6\u00dftenteils Spanisch, etwas Englisch<\/span><\/p>\n<p align=\"left\"><span style=\"font-family: Times New Roman, serif;\"><span style=\"font-size: small;\"><b>Choreografie:<\/b> Amanda Romero Canepa<\/span><\/span><\/p>\n<p align=\"left\"><span style=\"font-family: Times New Roman, serif;\"><span style=\"font-size: small;\"><b>Tanz, Kost\u00fcm, Text, Care-Arbeit:<\/b> L\u00e9lia Brigatti, Sara Ofelia Sonderegger, Amanda Romero<\/span><\/span><\/p>\n<p align=\"left\"><span style=\"font-family: Times New Roman, serif;\"><span style=\"font-size: small;\"><b>Dramaturgie, Care-Arbeit:<\/b> Benedetta Reuter<\/span><\/span><\/p>\n<p align=\"left\"><span style=\"font-family: Times New Roman, serif;\"><span style=\"font-size: small;\"><b>Vocal Coaching:<\/b> Andres Esteban<\/span><\/span><\/p>\n<p align=\"left\"><span style=\"font-family: Times New Roman, serif;\"><span style=\"font-size: small;\"><b>Sounddesign:<\/b> Amanda Romero und The Scorpios<\/span><\/span><\/p>\n<p align=\"left\"><span style=\"font-family: Times New Roman, serif;\"><span style=\"font-size: small;\"><b>Schnitt der Videoprojektion:<\/b> Lynn de Kaenel<\/span><\/span><\/p>\n<p align=\"left\"><span style=\"font-family: Times New Roman, serif;\"><span style=\"font-size: small;\"><b>Videoquellen:<\/b> Maurits Boettger<\/span><\/span><\/p>\n<p align=\"left\"><span style=\"font-family: Times New Roman, serif;\"><span style=\"font-size: small;\"><b>Website\/IG: <\/b><\/span><\/span><a href=\"http:\/\/www.amanda-romero.com\/\"><span style=\"font-family: Times New Roman, serif;\"><span style=\"font-size: small;\">www.amanda-romero.com<\/span><\/span><\/a><span style=\"font-family: Times New Roman, serif;\"><span style=\"font-size: small;\"> \/ <\/span><a href=\"https:\/\/www.instagram.com\/amandaromero.c\"><span style=\"font-size: small;\">@amandaromero.c<\/span><\/a><\/span><\/p>\n<p align=\"left\"><span style=\"font-family: Times New Roman, serif;\"><span style=\"font-size: small;\"><strong>Biographie:<\/strong> Amanda Romero ist T\u00e4nzerin, Choreografin und Musikerin aus Peru und lebt seit 2013 in Europa. Sie studierte zeitgen\u00f6ssischen Tanz in K\u00f6ln und arbeitet seitdem als freischaffende K\u00fcnstlerin in verschiedenen St\u00e4dten. Gemeinsam mit ihrem Kollektiv <\/span><span style=\"color: #1b1b1b;\"><i>.Dencuentro<\/i><\/span> sowie Constanza Ruiz und Greta Salgado produzierte sie Performances und entwickelte verschiedene Austauschformate. Sie versteht Tanz als die unmittelbarste Form k\u00f6rperlichen Ausdrucks mit dem Potenzial, ein Gef\u00fchl von Gemeinschaft und Kollektivit\u00e4t, Unterst\u00fctzung und Z\u00e4rtlichkeit, Energie und Empowerment zu schaffen. Derzeit lebt sie in Z\u00fcrich, wo sie k\u00fcrzlich ihren Master in Choreografie an der ZHdK abgeschlossen hat.<\/span><\/p>\n<p>&nbsp;<\/p>\n<p align=\"left\"><span style=\"font-family: Times New Roman, serif;\"><span style=\"font-size: small;\">Is it a gathering, a ritual, a statement, a proposal, a liberated body, a moment when our thoughts become one? How can we hold one another while being torn apart? An invitation to acknowledge our responsibility. A practice to empower our collective body. An impulse to break through hierarchies of power and invite circular forms of being. A longing for other ways of being alive. If the possible is colonial, we need the impossible.* It means holding space for our feminine rage against those responsible for the atrocities of this world. A space where joy is part of resistance. A space where celebration and pain coexist and are intertwined. *Reverdecer* is gentleness, kindness, and tenderness in its strength. It means letting go of what must collapse, mothering the earth so it becomes fertile, and turning green again. We go on living because we believe that we can hold one another\u2026<\/span><\/span><\/p>\n<p style=\"text-align: left;\" align=\"center\"><span style=\"font-family: Times New Roman, serif;\"><span style=\"font-size: small;\"><strong>Choreography:<\/strong> Amanda Romero Canepa. <\/span><\/span><\/p>\n<p style=\"text-align: left;\" align=\"center\"><span style=\"font-family: Times New Roman, serif;\"><span style=\"font-size: small;\"><strong>Dance, costume, text, carework:<\/strong> L\u00e9lia Brigatti, Sara Ofelia Sonderegger, Amanda Romero.<\/span><\/span><\/p>\n<p style=\"text-align: left;\" align=\"center\"><span style=\"font-family: Times New Roman, serif;\"><span style=\"font-size: small;\"><strong> Dramaturgy, carework:<\/strong> Benedetta Reuter. <\/span><\/span><\/p>\n<p style=\"text-align: left;\" align=\"center\"><span style=\"font-family: Times New Roman, serif;\"><span style=\"font-size: small;\"><strong>Vocal coaching:<\/strong> Andres Esteban. <\/span><\/span><\/p>\n<p style=\"text-align: left;\" align=\"center\"><span style=\"font-family: Times New Roman, serif;\"><span style=\"font-size: small;\"><strong>Sound design:<\/strong> Amanda Romero and the scorpios. <\/span><\/span><\/p>\n<p style=\"text-align: left;\" align=\"center\"><span style=\"font-family: Times New Roman, serif;\"><span style=\"font-size: small;\"><strong>Video projection edit:<\/strong> Lynn de Kaenel. <\/span><\/span><\/p>\n<p style=\"text-align: left;\" align=\"center\"><span style=\"font-family: Times New Roman, serif;\"><span style=\"font-size: small;\"><strong>Video sources:<\/strong> Maurits Boettger<\/span><\/span><\/p>\n<p style=\"text-align: left;\" align=\"center\"><span style=\"font-family: Times New Roman, serif;\"><span style=\"font-size: small;\"><b>Website\/IG: <\/b><\/span><\/span><a href=\"http:\/\/www.amanda-romero.com\/\"><span style=\"font-family: Times New Roman, serif;\"><span style=\"font-size: small;\">www.amanda-romero.com<\/span><\/span><\/a><span style=\"font-family: Times New Roman, serif;\"><span style=\"font-size: small;\"> \/ <\/span><a href=\"https:\/\/www.instagram.com\/amandaromero.c\"><span style=\"font-family: Times New Roman, serif;\"><span style=\"font-size: small;\">@amandaromero.c<\/span><\/span><\/a><\/span><\/p>\n<p style=\"text-align: left;\" align=\"center\"><span style=\"font-family: Times New Roman, serif;\"><span style=\"font-size: small;\"><strong>Biography:<\/strong> Amanda Romero is a dancer, choreographer, and musician from Peru who has been living in Europe since 2013. She studied contemporary dance in Cologne and has since worked as a freelance artist in various cities. Together with her collective .Dencuentro, as well as Constanza Ruiz and Greta Salgado, she has produced performances and developed various exchange formats. She views dance as the most immediate form of physical expression, possessing the potential to create a sense of community and collectivity, support and tenderness, energy and empowerment. She currently lives in Zurich, where she recently completed her Master\u2019s degree in Choreography at the ZHdK.<\/span><\/span><\/p>\n","protected":false},"excerpt":{"rendered":"<p>Amanda Romero Canepa Ist es eine Zusammenkunft, ein Ritual, eine Stellungnahme, ein Vorschlag, ein freier K\u00f6rper, ein Moment, in dem unsere Gedanken eins werden? Wie k\u00f6nnen wir einander halten, w\u00e4hrend wir auseinandergerissen werden? Eine Einladung, unsere Verantwortung anzuerkennen. Eine Praxis, um unseren kollektiven K\u00f6rper zu&#8230;<\/p>\n","protected":false},"author":7,"featured_media":26570,"comment_status":"closed","ping_status":"closed","template":"","tags":[],"mec_category":[21],"class_list":["post-26566","mec-events","type-mec-events","status-publish","has-post-thumbnail","hentry","mec_category-theater-performance"],"yoast_head":"<!-- This site is optimized with the Yoast SEO plugin v19.13 - https:\/\/yoast.com\/wordpress\/plugins\/seo\/ -->\n<title>REVERDECER - International Women\u2018s* Theatre Festival<\/title>\n<meta name=\"robots\" content=\"index, follow, max-snippet:-1, max-image-preview:large, max-video-preview:-1\" \/>\n<link rel=\"canonical\" href=\"https:\/\/iftf-frankfurt.com\/events\/reverdecer\/\" \/>\n<meta property=\"og:locale\" content=\"en_GB\" \/>\n<meta property=\"og:type\" content=\"article\" \/>\n<meta property=\"og:title\" content=\"REVERDECER - International Women\u2018s* Theatre Festival\" \/>\n<meta property=\"og:description\" content=\"Amanda Romero Canepa Ist es eine Zusammenkunft, ein Ritual, eine Stellungnahme, ein Vorschlag, ein freier K\u00f6rper, ein Moment, in dem unsere Gedanken eins werden? Wie k\u00f6nnen wir einander halten, w\u00e4hrend wir auseinandergerissen werden? Eine Einladung, unsere Verantwortung anzuerkennen. Eine Praxis, um unseren kollektiven K\u00f6rper zu...\" \/>\n<meta property=\"og:url\" content=\"https:\/\/iftf-frankfurt.com\/events\/reverdecer\/\" \/>\n<meta property=\"og:site_name\" content=\"International Women\u2018s* Theatre Festival\" \/>\n<meta property=\"article:publisher\" content=\"https:\/\/www.facebook.com\/frauenfestival\" \/>\n<meta property=\"og:image\" content=\"https:\/\/iftf-frankfurt.com\/wp-content\/uploads\/sites\/2\/ZHdK_Finals_280426_\u00a9CarolineMinjolle_1000_web.jpg\" \/>\n\t<meta property=\"og:image:width\" content=\"1276\" \/>\n\t<meta property=\"og:image:height\" content=\"851\" \/>\n\t<meta property=\"og:image:type\" content=\"image\/jpeg\" \/>\n<meta name=\"twitter:card\" content=\"summary_large_image\" \/>\n<meta name=\"twitter:label1\" content=\"Estimated reading time\" \/>\n\t<meta name=\"twitter:data1\" content=\"4 minutes\" \/>\n<script type=\"application\/ld+json\" class=\"yoast-schema-graph\">{\"@context\":\"https:\/\/schema.org\",\"@graph\":[{\"@type\":\"WebPage\",\"@id\":\"https:\/\/iftf-frankfurt.com\/events\/reverdecer\/\",\"url\":\"https:\/\/iftf-frankfurt.com\/events\/reverdecer\/\",\"name\":\"REVERDECER - International Women\u2018s* Theatre Festival\",\"isPartOf\":{\"@id\":\"https:\/\/iftf-frankfurt.com\/#website\"},\"datePublished\":\"2026-08-25T12:41:12+00:00\",\"dateModified\":\"2026-08-25T12:41:12+00:00\",\"breadcrumb\":{\"@id\":\"https:\/\/iftf-frankfurt.com\/events\/reverdecer\/#breadcrumb\"},\"inLanguage\":\"en-GB\",\"potentialAction\":[{\"@type\":\"ReadAction\",\"target\":[\"https:\/\/iftf-frankfurt.com\/events\/reverdecer\/\"]}]},{\"@type\":\"BreadcrumbList\",\"@id\":\"https:\/\/iftf-frankfurt.com\/events\/reverdecer\/#breadcrumb\",\"itemListElement\":[{\"@type\":\"ListItem\",\"position\":1,\"name\":\"Startseite\",\"item\":\"https:\/\/iftf-frankfurt.com\/en\/internationale-frauentheaterfestival-iftf\/\"},{\"@type\":\"ListItem\",\"position\":2,\"name\":\"Veranstaltungen\",\"item\":\"https:\/\/iftf-frankfurt.com\/events\/\"},{\"@type\":\"ListItem\",\"position\":3,\"name\":\"REVERDECER\"}]},{\"@type\":\"WebSite\",\"@id\":\"https:\/\/iftf-frankfurt.com\/#website\",\"url\":\"https:\/\/iftf-frankfurt.com\/\",\"name\":\"International Women\u2018s* Theatre Festival\",\"description\":\"IF*TF\",\"publisher\":{\"@id\":\"https:\/\/iftf-frankfurt.com\/#organization\"},\"inLanguage\":\"en-GB\"},{\"@type\":\"Organization\",\"@id\":\"https:\/\/iftf-frankfurt.com\/#organization\",\"name\":\"International Womxn\u2018s* Theatre Festival\",\"url\":\"https:\/\/iftf-frankfurt.com\/\",\"logo\":{\"@type\":\"ImageObject\",\"inLanguage\":\"en-GB\",\"@id\":\"https:\/\/iftf-frankfurt.com\/#\/schema\/logo\/image\/\",\"url\":\"\",\"contentUrl\":\"\",\"caption\":\"International Womxn\u2018s* Theatre Festival\"},\"image\":{\"@id\":\"https:\/\/iftf-frankfurt.com\/#\/schema\/logo\/image\/\"},\"sameAs\":[\"https:\/\/www.instagram.com\/frauentheaterfestival\/\",\"https:\/\/www.youtube.com\/channel\/UC80VX69VC0NxXd6a89DoydA\",\"https:\/\/www.facebook.com\/frauenfestival\"]}]}<\/script>\n<!-- \/ Yoast SEO plugin. -->","yoast_head_json":{"title":"REVERDECER - International Women\u2018s* Theatre Festival","robots":{"index":"index","follow":"follow","max-snippet":"max-snippet:-1","max-image-preview":"max-image-preview:large","max-video-preview":"max-video-preview:-1"},"canonical":"https:\/\/iftf-frankfurt.com\/events\/reverdecer\/","og_locale":"en_GB","og_type":"article","og_title":"REVERDECER - International Women\u2018s* Theatre Festival","og_description":"Amanda Romero Canepa Ist es eine Zusammenkunft, ein Ritual, eine Stellungnahme, ein Vorschlag, ein freier K\u00f6rper, ein Moment, in dem unsere Gedanken eins werden? Wie k\u00f6nnen wir einander halten, w\u00e4hrend wir auseinandergerissen werden? Eine Einladung, unsere Verantwortung anzuerkennen. Eine Praxis, um unseren kollektiven K\u00f6rper zu...","og_url":"https:\/\/iftf-frankfurt.com\/events\/reverdecer\/","og_site_name":"International Women\u2018s* Theatre Festival","article_publisher":"https:\/\/www.facebook.com\/frauenfestival","og_image":[{"width":1276,"height":851,"url":"https:\/\/iftf-frankfurt.com\/wp-content\/uploads\/sites\/2\/ZHdK_Finals_280426_\u00a9CarolineMinjolle_1000_web.jpg","type":"image\/jpeg"}],"twitter_card":"summary_large_image","twitter_misc":{"Estimated reading time":"4 minutes"},"schema":{"@context":"https:\/\/schema.org","@graph":[{"@type":"WebPage","@id":"https:\/\/iftf-frankfurt.com\/events\/reverdecer\/","url":"https:\/\/iftf-frankfurt.com\/events\/reverdecer\/","name":"REVERDECER - International Women\u2018s* Theatre Festival","isPartOf":{"@id":"https:\/\/iftf-frankfurt.com\/#website"},"datePublished":"2026-08-25T12:41:12+00:00","dateModified":"2026-08-25T12:41:12+00:00","breadcrumb":{"@id":"https:\/\/iftf-frankfurt.com\/events\/reverdecer\/#breadcrumb"},"inLanguage":"en-GB","potentialAction":[{"@type":"ReadAction","target":["https:\/\/iftf-frankfurt.com\/events\/reverdecer\/"]}]},{"@type":"BreadcrumbList","@id":"https:\/\/iftf-frankfurt.com\/events\/reverdecer\/#breadcrumb","itemListElement":[{"@type":"ListItem","position":1,"name":"Startseite","item":"https:\/\/iftf-frankfurt.com\/en\/internationale-frauentheaterfestival-iftf\/"},{"@type":"ListItem","position":2,"name":"Veranstaltungen","item":"https:\/\/iftf-frankfurt.com\/events\/"},{"@type":"ListItem","position":3,"name":"REVERDECER"}]},{"@type":"WebSite","@id":"https:\/\/iftf-frankfurt.com\/#website","url":"https:\/\/iftf-frankfurt.com\/","name":"International Women\u2018s* Theatre Festival","description":"IF*TF","publisher":{"@id":"https:\/\/iftf-frankfurt.com\/#organization"},"inLanguage":"en-GB"},{"@type":"Organization","@id":"https:\/\/iftf-frankfurt.com\/#organization","name":"International Womxn\u2018s* Theatre Festival","url":"https:\/\/iftf-frankfurt.com\/","logo":{"@type":"ImageObject","inLanguage":"en-GB","@id":"https:\/\/iftf-frankfurt.com\/#\/schema\/logo\/image\/","url":"","contentUrl":"","caption":"International Womxn\u2018s* Theatre Festival"},"image":{"@id":"https:\/\/iftf-frankfurt.com\/#\/schema\/logo\/image\/"},"sameAs":["https:\/\/www.instagram.com\/frauentheaterfestival\/","https:\/\/www.youtube.com\/channel\/UC80VX69VC0NxXd6a89DoydA","https:\/\/www.facebook.com\/frauenfestival"]}]}},"_links":{"self":[{"href":"https:\/\/iftf-frankfurt.com\/en\/wp-json\/wp\/v2\/mec-events\/26566","targetHints":{"allow":["GET"]}}],"collection":[{"href":"https:\/\/iftf-frankfurt.com\/en\/wp-json\/wp\/v2\/mec-events"}],"about":[{"href":"https:\/\/iftf-frankfurt.com\/en\/wp-json\/wp\/v2\/types\/mec-events"}],"author":[{"embeddable":true,"href":"https:\/\/iftf-frankfurt.com\/en\/wp-json\/wp\/v2\/users\/7"}],"replies":[{"embeddable":true,"href":"https:\/\/iftf-frankfurt.com\/en\/wp-json\/wp\/v2\/comments?post=26566"}],"version-history":[{"count":3,"href":"https:\/\/iftf-frankfurt.com\/en\/wp-json\/wp\/v2\/mec-events\/26566\/revisions"}],"predecessor-version":[{"id":26569,"href":"https:\/\/iftf-frankfurt.com\/en\/wp-json\/wp\/v2\/mec-events\/26566\/revisions\/26569"}],"wp:featuredmedia":[{"embeddable":true,"href":"https:\/\/iftf-frankfurt.com\/en\/wp-json\/wp\/v2\/media\/26570"}],"wp:attachment":[{"href":"https:\/\/iftf-frankfurt.com\/en\/wp-json\/wp\/v2\/media?parent=26566"}],"wp:term":[{"taxonomy":"post_tag","embeddable":true,"href":"https:\/\/iftf-frankfurt.com\/en\/wp-json\/wp\/v2\/tags?post=26566"},{"taxonomy":"mec_category","embeddable":true,"href":"https:\/\/iftf-frankfurt.com\/en\/wp-json\/wp\/v2\/mec_category?post=26566"}],"curies":[{"name":"wp","href":"https:\/\/api.w.org\/{rel}","templated":true}]}}