{"id":26604,"date":"2026-08-25T17:01:19","date_gmt":"2026-08-25T15:01:19","guid":{"rendered":"https:\/\/iftf-frankfurt.com\/?post_type=mec-events&#038;p=26604"},"modified":"2026-08-31T15:13:55","modified_gmt":"2026-08-31T13:13:55","slug":"farra","status":"publish","type":"mec-events","link":"https:\/\/iftf-frankfurt.com\/en\/events\/farra\/","title":{"rendered":"FARRA"},"content":{"rendered":"<p align=\"left\"><span style=\"font-family: Times New Roman, serif;\"><span style=\"font-size: small;\">DANZANK\u00d3 Collective<\/span><\/span><\/p>\n<p align=\"left\"><span style=\"font-size: small;\">&#8220;ENG below&#8221;<\/span><\/p>\n<p align=\"left\"><span style=\"font-family: Times New Roman, serif;\"><span style=\"font-size: small;\">Mittels eindrucksvoller Stelzenchoreografien und einer ordentlichen Prise Komik <\/span><\/span><span style=\"font-family: Times New Roman, serif;\"><span style=\"font-size: small;\">pr\u00e4sentiert das DANZANK\u00d3 Collective FARRA ein Tanzst\u00fcck \u00fcber das Frausein in all <\/span><\/span><span style=\"font-family: Times New Roman, serif;\"><span style=\"font-size: small;\">seiner Vielfalt. Drei T\u00e4nzerinnen schl\u00fcpfen in verschiedene Rollen, \u00fcberzeichnen sie,\u00a0<\/span><\/span><span style=\"font-family: Times New Roman, serif;\"><span style=\"font-size: small;\">nehmen sie auseinander und interpretieren sie neu. Was als Selbstparodie beginnt, <\/span><\/span><span style=\"font-family: Times New Roman, serif;\"><span style=\"font-size: small;\">entfaltet sich zu einer sprudelnden Reise voller Widerspr\u00fcche, bei der St\u00e4rke auf Sanftheit <\/span><\/span><span style=\"font-family: Times New Roman, serif;\"><span style=\"font-size: small;\">und Satire auf Aufrichtigkeit trifft. FARRA feiert die Vielfalt weiblicher Identit\u00e4ten und stellt klar: <\/span><\/span><span style=\"font-family: Times New Roman, serif;\"><span style=\"font-size: small;\">(Wir) Frauen d\u00fcrfen vielseitig sein \u2013 kraftvoll, zart, laut, leise und widerspr\u00fcchlich. Das <\/span><\/span><span style=\"font-family: Times New Roman, serif;\"><span style=\"font-size: small;\">Ergebnis: eine freche, erm\u00e4chtigende Ode an die Weiblichkeit und an die beschwingte <\/span><\/span><span style=\"font-family: Times New Roman, serif;\"><span style=\"font-size: small;\">Komplexit\u00e4t der menschlichen Existenz.<\/span><\/span><\/p>\n<p align=\"left\"><span style=\"font-family: Times New Roman, serif;\"><span style=\"font-size: small;\"><strong>Sprache:<\/strong> Deutsch, Englisch und Spanisch<\/span><\/span><\/p>\n<p align=\"left\"><span style=\"font-family: Times New Roman, serif;\"><span style=\"font-size: small;\"><strong>Konzept, Choreografie &amp; Performance<\/strong>: Esther Geyer, Clara Gracia &amp; Anna Vilhelmiina <\/span><\/span><span style=\"font-family: Times New Roman, serif;\"><span style=\"font-size: small;\">Peltola<\/span><\/span><\/p>\n<p align=\"left\"><span style=\"font-family: Times New Roman, serif;\"><span style=\"font-size: small;\"><strong>Musik:<\/strong> Juli\u00e1n Blanco<\/span><\/span><\/p>\n<p align=\"left\"><span style=\"font-family: Times New Roman, serif;\"><span style=\"font-size: small;\"><strong>Kost\u00fcme:<\/strong> DANZANK\u00d3 Collective<\/span><\/span><\/p>\n<p align=\"left\"><b>Website\/IG\/FB:\u00a0<\/b><a href=\"https:\/\/danzanko.com\/\">https:\/\/danzanko.com<\/a>\u00a0\/\u00a0\u00a0<a href=\"https:\/\/www.instagram.com\/danzanko.collective\">@danzanko.collective<\/a>\u00a0 \/\u00a0<a href=\"https:\/\/www.facebook.com\/61558743982422\">FB<\/a><\/p>\n<p align=\"left\"><span style=\"font-family: Times New Roman, serif;\"><span style=\"font-size: small;\"><strong>Biographie:<\/strong> Das Stelzen-Tanz-Kollektiv DANZANK\u00d3 wurde von Esther Geyer (DE\/ES), Clara Gracia <\/span><\/span><span style=\"font-family: Times New Roman, serif;\"><span style=\"font-size: small;\">(ES) und Anna Vilhelmiina Peltola (FIN) im Jahr 2020 gegr\u00fcndet. <\/span><\/span><span style=\"font-family: Times New Roman, serif;\"><span style=\"font-size: small;\">Die drei Performerinnen arbeiten seit vielen Jahren im zeitgen\u00f6ssischen Tanz sowie im <\/span><\/span><span style=\"font-family: Times New Roman, serif;\"><span style=\"font-size: small;\">Stra\u00dfen- und ortsspezifischen Theater \u2013 mit und ohne Stelzen. Sie verbindet die Freude <\/span><\/span><span style=\"font-family: Times New Roman, serif;\"><span style=\"font-size: small;\">am Stelzentanz und das Anliegen, diese Ausdrucksform einem breiteren Publikum <\/span><\/span><span style=\"font-family: Times New Roman, serif;\"><span style=\"font-size: small;\">zug\u00e4nglich zu machen. Im \u00f6ffentlichen Raum \u00f6ffnen sie Situationen, in denen <\/span><\/span><span style=\"font-family: Times New Roman, serif;\"><span style=\"font-size: small;\">Begegnungen zwischen Performerinnen und Publikum freier und unmittelbarer werden.\u00a0<\/span><\/span><span style=\"font-family: Times New Roman, serif;\"><span style=\"font-size: small;\">Ihre Deb\u00fct-Performance DisTouched hatte 2022 auf artspace Bremerhaven Premiere und <\/span><\/span><span style=\"font-family: Times New Roman, serif;\"><span style=\"font-size: small;\">tourt seither auf internationalen Festivals.<\/span><\/span><\/p>\n<p align=\"left\"><span style=\"font-family: Times New Roman, serif;\"><span style=\"font-size: small;\">Mit FARRA pr\u00e4sentiert das DANZANK\u00d3 Collective seine neue Produktion, die auf dem <\/span><\/span><span style=\"font-family: Times New Roman, serif;\"><span style=\"font-size: small;\">Internationalen Frauentheaterfestival Premiere feiert.<\/span><\/span><\/p>\n<p>&nbsp;<\/p>\n<p align=\"left\"><span style=\"font-family: Times New Roman, serif;\"><span style=\"font-size: small;\">Through striking stilt choreography and a healthy dose of comedy, the DANZANK\u00d3 Collective presents *FARRA*\u2014a dance piece exploring the multifaceted nature of womanhood. Three dancers slip into various roles, exaggerating, deconstructing, and reinterpreting them. What begins as self-parody unfolds into a spirited journey full of contradictions, where strength meets softness and satire meets sincerity. *FARRA* celebrates the diversity of female identities and makes one thing clear: (We) women are allowed to be multifaceted\u2014powerful, tender, loud, quiet, and full of contradictions. The result is a bold, empowering ode to womanhood and the lively complexity of human existence<\/span><\/span><span style=\"font-family: Times New Roman, serif;\"><span style=\"font-size: small;\">.<\/span><\/span><\/p>\n<p align=\"left\"><span style=\"font-family: Times New Roman, serif;\"><span style=\"font-size: small;\"><b>Language: <\/b>German, English, Spanish<\/span><\/span><\/p>\n<p align=\"left\"><span style=\"font-family: Times New Roman, serif;\"><span style=\"font-size: small;\"><strong>Concept, Choreografy &amp; Performance:<\/strong> Esther Geyer, Clara Gracia &amp; Anna Vilhelmiina Peltola<\/span><\/span><\/p>\n<p align=\"left\"><span style=\"font-family: Times New Roman, serif;\"><span style=\"font-size: small;\"><strong>Music:<\/strong> Juli\u00e1n Blanco<\/span><\/span><\/p>\n<p align=\"left\"><span style=\"font-family: Times New Roman, serif;\"><span style=\"font-size: small;\"><strong>Costumes:<\/strong> DANZANK\u00d3 Collective<\/span><\/span><\/p>\n<p align=\"left\"><span style=\"font-family: Times New Roman, serif;\"><span style=\"font-size: small;\"><b>Website\/IG\/FB: <\/b><a href=\"https:\/\/danzanko.com\">https:\/\/danzanko.com<\/a> \/\u00a0 <\/span><\/span><span style=\"font-family: Times New Roman, serif;\"><span style=\"font-size: small;\"><a href=\"https:\/\/www.instagram.com\/danzanko.collective\">@danzanko.collective<\/a>\u00a0 \/ <\/span><\/span><a href=\"https:\/\/www.facebook.com\/61558743982422\"><span style=\"font-family: Times New Roman, serif;\"><span style=\"font-size: small;\">FB<\/span><\/span><\/a><\/p>\n<p align=\"left\"><span style=\"font-family: Times New Roman, serif;\"><span style=\"font-size: small;\"><strong>Biography:<\/strong> The stilt-dance collective DANZANK\u00d3 was founded in 2020 by Esther Geyer (DE\/ES), Clara Gracia (ES), and Anna Vilhelmiina Peltola (FIN). The three performers have years of experience in contemporary dance as well as street and site-specific theater\u2014working both with and without stilts. They are united by a shared joy in stilt dance and a commitment to making this form of expression accessible to a wider audience. In public spaces, they create situations where encounters between performers and the audience become freer and more immediate<\/span><\/span><span style=\"font-family: Times New Roman, serif;\"><span style=\"font-size: small;\">. <\/span><\/span><\/p>\n<p align=\"left\"><span style=\"font-family: Times New Roman, serif;\"><span style=\"font-size: small;\">Their debut performance, DisTouched, premiered at artspace Bremerhaven in 2022 and has since toured at international festivals<\/span><\/span><span style=\"font-family: Times New Roman, serif;\"><span style=\"font-size: small;\">.<\/span><\/span><\/p>\n<p align=\"left\"><span style=\"font-family: Times New Roman, serif;\"><span style=\"font-size: small;\">With FARRA, the DANZANK\u00d3 Collective presents its new production, which is premiering at the International Women&#8217;s Theatre Festival<\/span><\/span><span style=\"font-family: Times New Roman, serif;\"><span style=\"font-size: small;\">t.<\/span><\/span><\/p>\n","protected":false},"excerpt":{"rendered":"<p>DANZANK\u00d3 Collective &#8220;ENG below&#8221; Mittels eindrucksvoller Stelzenchoreografien und einer ordentlichen Prise Komik pr\u00e4sentiert das DANZANK\u00d3 Collective FARRA ein Tanzst\u00fcck \u00fcber das Frausein in all seiner Vielfalt. Drei T\u00e4nzerinnen schl\u00fcpfen in verschiedene Rollen, \u00fcberzeichnen sie,\u00a0nehmen sie auseinander und interpretieren sie neu. Was als Selbstparodie beginnt, entfaltet&#8230;<\/p>\n","protected":false},"author":7,"featured_media":26909,"comment_status":"closed","ping_status":"closed","template":"","tags":[],"mec_category":[21],"class_list":["post-26604","mec-events","type-mec-events","status-publish","has-post-thumbnail","hentry","mec_category-theater-performance"],"yoast_head":"<!-- This site is optimized with the Yoast SEO plugin v19.13 - https:\/\/yoast.com\/wordpress\/plugins\/seo\/ -->\n<title>FARRA - International Women\u2018s* Theatre Festival<\/title>\n<meta name=\"robots\" content=\"index, follow, max-snippet:-1, max-image-preview:large, max-video-preview:-1\" \/>\n<link rel=\"canonical\" href=\"https:\/\/iftf-frankfurt.com\/events\/farra\/\" \/>\n<meta property=\"og:locale\" content=\"en_GB\" \/>\n<meta property=\"og:type\" content=\"article\" \/>\n<meta property=\"og:title\" content=\"FARRA - International Women\u2018s* Theatre Festival\" \/>\n<meta property=\"og:description\" content=\"DANZANK\u00d3 Collective &#8220;ENG below&#8221; Mittels eindrucksvoller Stelzenchoreografien und einer ordentlichen Prise Komik pr\u00e4sentiert das DANZANK\u00d3 Collective FARRA ein Tanzst\u00fcck \u00fcber das Frausein in all seiner Vielfalt. Drei T\u00e4nzerinnen schl\u00fcpfen in verschiedene Rollen, \u00fcberzeichnen sie,\u00a0nehmen sie auseinander und interpretieren sie neu. Was als Selbstparodie beginnt, entfaltet...\" \/>\n<meta property=\"og:url\" content=\"https:\/\/iftf-frankfurt.com\/events\/farra\/\" \/>\n<meta property=\"og:site_name\" content=\"International Women\u2018s* Theatre Festival\" \/>\n<meta property=\"article:publisher\" content=\"https:\/\/www.facebook.com\/frauenfestival\" \/>\n<meta property=\"article:modified_time\" content=\"2026-08-31T13:13:55+00:00\" \/>\n<meta property=\"og:image\" content=\"https:\/\/iftf-frankfurt.com\/wp-content\/uploads\/sites\/2\/Farra-\u00a9-Van-Bockstael-Stefaan-40-scaled.jpg\" \/>\n\t<meta property=\"og:image:width\" content=\"2560\" \/>\n\t<meta property=\"og:image:height\" content=\"1706\" \/>\n\t<meta property=\"og:image:type\" content=\"image\/jpeg\" \/>\n<meta name=\"twitter:card\" content=\"summary_large_image\" \/>\n<meta name=\"twitter:label1\" content=\"Estimated reading time\" \/>\n\t<meta name=\"twitter:data1\" content=\"3 minutes\" \/>\n<script type=\"application\/ld+json\" class=\"yoast-schema-graph\">{\"@context\":\"https:\/\/schema.org\",\"@graph\":[{\"@type\":\"WebPage\",\"@id\":\"https:\/\/iftf-frankfurt.com\/events\/farra\/\",\"url\":\"https:\/\/iftf-frankfurt.com\/events\/farra\/\",\"name\":\"FARRA - International Women\u2018s* Theatre Festival\",\"isPartOf\":{\"@id\":\"https:\/\/iftf-frankfurt.com\/#website\"},\"datePublished\":\"2026-08-25T15:01:19+00:00\",\"dateModified\":\"2026-08-31T13:13:55+00:00\",\"breadcrumb\":{\"@id\":\"https:\/\/iftf-frankfurt.com\/events\/farra\/#breadcrumb\"},\"inLanguage\":\"en-GB\",\"potentialAction\":[{\"@type\":\"ReadAction\",\"target\":[\"https:\/\/iftf-frankfurt.com\/events\/farra\/\"]}]},{\"@type\":\"BreadcrumbList\",\"@id\":\"https:\/\/iftf-frankfurt.com\/events\/farra\/#breadcrumb\",\"itemListElement\":[{\"@type\":\"ListItem\",\"position\":1,\"name\":\"Startseite\",\"item\":\"https:\/\/iftf-frankfurt.com\/en\/internationale-frauentheaterfestival-iftf\/\"},{\"@type\":\"ListItem\",\"position\":2,\"name\":\"Veranstaltungen\",\"item\":\"https:\/\/iftf-frankfurt.com\/events\/\"},{\"@type\":\"ListItem\",\"position\":3,\"name\":\"FARRA\"}]},{\"@type\":\"WebSite\",\"@id\":\"https:\/\/iftf-frankfurt.com\/#website\",\"url\":\"https:\/\/iftf-frankfurt.com\/\",\"name\":\"International Women\u2018s* Theatre Festival\",\"description\":\"IF*TF\",\"publisher\":{\"@id\":\"https:\/\/iftf-frankfurt.com\/#organization\"},\"inLanguage\":\"en-GB\"},{\"@type\":\"Organization\",\"@id\":\"https:\/\/iftf-frankfurt.com\/#organization\",\"name\":\"International Womxn\u2018s* Theatre Festival\",\"url\":\"https:\/\/iftf-frankfurt.com\/\",\"logo\":{\"@type\":\"ImageObject\",\"inLanguage\":\"en-GB\",\"@id\":\"https:\/\/iftf-frankfurt.com\/#\/schema\/logo\/image\/\",\"url\":\"\",\"contentUrl\":\"\",\"caption\":\"International Womxn\u2018s* Theatre Festival\"},\"image\":{\"@id\":\"https:\/\/iftf-frankfurt.com\/#\/schema\/logo\/image\/\"},\"sameAs\":[\"https:\/\/www.instagram.com\/frauentheaterfestival\/\",\"https:\/\/www.youtube.com\/channel\/UC80VX69VC0NxXd6a89DoydA\",\"https:\/\/www.facebook.com\/frauenfestival\"]}]}<\/script>\n<!-- \/ Yoast SEO plugin. -->","yoast_head_json":{"title":"FARRA - International Women\u2018s* Theatre Festival","robots":{"index":"index","follow":"follow","max-snippet":"max-snippet:-1","max-image-preview":"max-image-preview:large","max-video-preview":"max-video-preview:-1"},"canonical":"https:\/\/iftf-frankfurt.com\/events\/farra\/","og_locale":"en_GB","og_type":"article","og_title":"FARRA - International Women\u2018s* Theatre Festival","og_description":"DANZANK\u00d3 Collective &#8220;ENG below&#8221; Mittels eindrucksvoller Stelzenchoreografien und einer ordentlichen Prise Komik pr\u00e4sentiert das DANZANK\u00d3 Collective FARRA ein Tanzst\u00fcck \u00fcber das Frausein in all seiner Vielfalt. Drei T\u00e4nzerinnen schl\u00fcpfen in verschiedene Rollen, \u00fcberzeichnen sie,\u00a0nehmen sie auseinander und interpretieren sie neu. Was als Selbstparodie beginnt, entfaltet...","og_url":"https:\/\/iftf-frankfurt.com\/events\/farra\/","og_site_name":"International Women\u2018s* Theatre Festival","article_publisher":"https:\/\/www.facebook.com\/frauenfestival","article_modified_time":"2026-08-31T13:13:55+00:00","og_image":[{"width":2560,"height":1706,"url":"https:\/\/iftf-frankfurt.com\/wp-content\/uploads\/sites\/2\/Farra-\u00a9-Van-Bockstael-Stefaan-40-scaled.jpg","type":"image\/jpeg"}],"twitter_card":"summary_large_image","twitter_misc":{"Estimated reading time":"3 minutes"},"schema":{"@context":"https:\/\/schema.org","@graph":[{"@type":"WebPage","@id":"https:\/\/iftf-frankfurt.com\/events\/farra\/","url":"https:\/\/iftf-frankfurt.com\/events\/farra\/","name":"FARRA - International Women\u2018s* Theatre Festival","isPartOf":{"@id":"https:\/\/iftf-frankfurt.com\/#website"},"datePublished":"2026-08-25T15:01:19+00:00","dateModified":"2026-08-31T13:13:55+00:00","breadcrumb":{"@id":"https:\/\/iftf-frankfurt.com\/events\/farra\/#breadcrumb"},"inLanguage":"en-GB","potentialAction":[{"@type":"ReadAction","target":["https:\/\/iftf-frankfurt.com\/events\/farra\/"]}]},{"@type":"BreadcrumbList","@id":"https:\/\/iftf-frankfurt.com\/events\/farra\/#breadcrumb","itemListElement":[{"@type":"ListItem","position":1,"name":"Startseite","item":"https:\/\/iftf-frankfurt.com\/en\/internationale-frauentheaterfestival-iftf\/"},{"@type":"ListItem","position":2,"name":"Veranstaltungen","item":"https:\/\/iftf-frankfurt.com\/events\/"},{"@type":"ListItem","position":3,"name":"FARRA"}]},{"@type":"WebSite","@id":"https:\/\/iftf-frankfurt.com\/#website","url":"https:\/\/iftf-frankfurt.com\/","name":"International Women\u2018s* Theatre Festival","description":"IF*TF","publisher":{"@id":"https:\/\/iftf-frankfurt.com\/#organization"},"inLanguage":"en-GB"},{"@type":"Organization","@id":"https:\/\/iftf-frankfurt.com\/#organization","name":"International Womxn\u2018s* Theatre Festival","url":"https:\/\/iftf-frankfurt.com\/","logo":{"@type":"ImageObject","inLanguage":"en-GB","@id":"https:\/\/iftf-frankfurt.com\/#\/schema\/logo\/image\/","url":"","contentUrl":"","caption":"International Womxn\u2018s* Theatre Festival"},"image":{"@id":"https:\/\/iftf-frankfurt.com\/#\/schema\/logo\/image\/"},"sameAs":["https:\/\/www.instagram.com\/frauentheaterfestival\/","https:\/\/www.youtube.com\/channel\/UC80VX69VC0NxXd6a89DoydA","https:\/\/www.facebook.com\/frauenfestival"]}]}},"_links":{"self":[{"href":"https:\/\/iftf-frankfurt.com\/en\/wp-json\/wp\/v2\/mec-events\/26604","targetHints":{"allow":["GET"]}}],"collection":[{"href":"https:\/\/iftf-frankfurt.com\/en\/wp-json\/wp\/v2\/mec-events"}],"about":[{"href":"https:\/\/iftf-frankfurt.com\/en\/wp-json\/wp\/v2\/types\/mec-events"}],"author":[{"embeddable":true,"href":"https:\/\/iftf-frankfurt.com\/en\/wp-json\/wp\/v2\/users\/7"}],"replies":[{"embeddable":true,"href":"https:\/\/iftf-frankfurt.com\/en\/wp-json\/wp\/v2\/comments?post=26604"}],"version-history":[{"count":1,"href":"https:\/\/iftf-frankfurt.com\/en\/wp-json\/wp\/v2\/mec-events\/26604\/revisions"}],"predecessor-version":[{"id":26607,"href":"https:\/\/iftf-frankfurt.com\/en\/wp-json\/wp\/v2\/mec-events\/26604\/revisions\/26607"}],"wp:featuredmedia":[{"embeddable":true,"href":"https:\/\/iftf-frankfurt.com\/en\/wp-json\/wp\/v2\/media\/26909"}],"wp:attachment":[{"href":"https:\/\/iftf-frankfurt.com\/en\/wp-json\/wp\/v2\/media?parent=26604"}],"wp:term":[{"taxonomy":"post_tag","embeddable":true,"href":"https:\/\/iftf-frankfurt.com\/en\/wp-json\/wp\/v2\/tags?post=26604"},{"taxonomy":"mec_category","embeddable":true,"href":"https:\/\/iftf-frankfurt.com\/en\/wp-json\/wp\/v2\/mec_category?post=26604"}],"curies":[{"name":"wp","href":"https:\/\/api.w.org\/{rel}","templated":true}]}}