{"id":26610,"date":"2026-08-25T17:29:22","date_gmt":"2026-08-25T15:29:22","guid":{"rendered":"https:\/\/iftf-frankfurt.com\/?post_type=mec-events&#038;p=26610"},"modified":"2026-09-01T18:41:36","modified_gmt":"2026-09-01T16:41:36","slug":"share-a-listening-connection","status":"publish","type":"mec-events","link":"https:\/\/iftf-frankfurt.com\/en\/events\/share-a-listening-connection\/","title":{"rendered":"<i>SHARED: A LISTENING CONNECTION<\/i>"},"content":{"rendered":"<p align=\"left\"><span style=\"font-family: Times New Roman, serif;\"><span style=\"font-size: small;\">Occra &amp; Arrow<\/span><\/span><\/p>\n<p align=\"left\"><span style=\"font-size: small;\">&#8220;ENG below&#8221;<\/span><\/p>\n<p align=\"left\"><span style=\"font-family: Times New Roman, serif;\"><span style=\"font-size: small;\">Occra und Arrow \u00fcberf\u00fchren performative Sprache und lebendiges Archiv in eine elektroakustische Untersuchung. Worte, Gedanken und Farbe bewegen sich durch Klang; Stimme und Sprache werden zu Klangmaterial \u2013 Dub in Dub. Durch Stimme, Elektronik und die Pr\u00e4senz des Raumes er\u00f6ffnet die Arbeit eine partizipative H\u00f6rumgebung, die k\u00f6rperlich und emotional nachhallt. Rassismus, Sexismus, Colorismus, Ungleichheit und algorithmische Macht treten in den Raum ein und verlassen ihn ungel\u00f6st wieder. Es wird wahrnehmbar, wie Verbindung entsteht: durch Timing, Aufmerksamkeit, Unterbrechung und \u00dcberlagerung.<\/span><\/span><\/p>\n<p align=\"left\"><span style=\"font-family: Times New Roman, serif;\"><span style=\"font-size: small;\">Das Publikum steht nicht au\u00dferhalb der Performance: Wir sind ein Kern, jede Pr\u00e4senz ein Knotenpunkt, jeder K\u00f6rper eine Frequenz. Der Raum ist das Instrument, der Algorithmus die Verbindung. Zuh\u00f6ren wird als k\u00f6rperlicher, relationaler Akt verstanden \u2013 nicht als Zustimmung, sondern als Koexistenz: Wo bin ich? Wer spricht, wenn wir aufh\u00f6ren zuzuh\u00f6ren?<\/span><\/span><\/p>\n<p align=\"left\"><span style=\"font-family: Times New Roman, serif;\"><span style=\"font-size: small;\"><strong>Sprache:<\/strong> Englisch, <\/span><\/span><span style=\"font-family: Times New Roman, serif;\"><span style=\"font-size: small;\">Deutsch<\/span><\/span><\/p>\n<p><span style=\"font-family: Times New Roman, serif;\"><span style=\"font-size: small;\"><strong>Website:<\/strong><\/span><\/span> <a href=\"http:\/\/www.jasminetutum.com\/\"><span style=\"font-family: Times New Roman, serif;\"><span style=\"font-size: small;\">www.jasminetutum.com<\/span><\/span><\/a>\u00a0 \u00a0 <a href=\"http:\/\/www.swantjelichtenstein.de\/\"><span style=\"font-family: Times New Roman, serif;\"><span style=\"font-size: small;\">www.swantjelichtenstein.de<\/span><\/span><\/a><\/p>\n<p align=\"left\"><span style=\"font-family: Times New Roman, serif;\"><span style=\"font-size: small;\"><strong>Biographie:<\/strong> Jasmine Tutum ist eine transdisziplin\u00e4re K\u00fcnstlerin und freischaffende Kuratorin, die in den Bereichen Fotografie, Performance, Sound, Videoinstallation, Stimme und Text arbeitet. Geboren in Tokio, aufgewachsen in Kingston, Jamaika, und mit Wurzeln in Gabun, lebt und arbeitet sie heute in Freiburg, Deutschland.<\/span><\/span><\/p>\n<p align=\"left\"><span style=\"font-family: Times New Roman, serif;\"><span style=\"font-size: small;\">In ihrer k\u00fcnstlerischen Praxis verbindet sie Fotografie, Performance und Sound, um sich mit Archiven und der Art und Weise auseinanderzusetzen, wie R\u00e4ume Erinnerungen bewahren. Dabei greift sie auf afro-diasporische Geschichte und Schwarze feministische Theorie zur\u00fcck, um zu untersuchen, wie K\u00f6rper ihre eigenen Formen von Geschichte in sich tragen und hervorbringen.<\/span><\/span><\/p>\n<p align=\"left\"><span style=\"font-family: Times New Roman, serif;\"><span style=\"font-size: small;\">Sie schloss einen BFA in Fotografie\/Kunstgeschichte an der Concordia University in Montreal ab und erhielt ein Monbusho-Forschungsstipendium, um Kunstgeschichte an der Kyoto University in Japan zu studieren. 2021 nahm sie als aufstrebende K\u00fcnstlerin an der Regionale 2021 (Deutschland\/Frankreich\/Schweiz) teil und erhielt seitdem mehrere K\u00fcnstlerinnen-, Kultur- und Forschungsstipendien in Deutschland.<\/span><\/span><\/p>\n<p align=\"left\"><span style=\"font-family: Times New Roman, serif;\"><span style=\"font-size: small;\">Swantje Lichtenstein: Geboren in T\u00fcbingen, lebt in Berlin. K\u00fcnstlerin, Musikerin, Moderatorin. Ihre klangliche Arbeit untersucht auf die Verbindungen zwischen Sprache und Musik sowohl auf trans-k\u00fcnstlerische und improvisierte Weise als auch auf konzeptuelle und komponierte Weise. Ihre Arbeit basiert auf dekonstruierten Stimmen, der Kanalisierung von Kl\u00e4ngen und der Schaffung von feministischen, widerst\u00e4ndigen, resonanten, heilenden R\u00e4umen der Verbindung. Lichtenstein promovierte \u00fcber poetische, performative Poesie und ist Professorin f\u00fcr \u00e4sthetische Praxis an der Hochschule Darmstadt. Sie trat weltweit bei verschiedenen Festivals und an verschiedenen Veranstaltungsorten auf, darunter: Heroines of Sound, Radialsystem Berlin, reiheM, K\u00f6ln, Sound-Text-Festival, Issue Project Room\/Goethe-Institut New York, non event\/Goethe-Institut, Boston, Poetic Voices Africa Festival, K\u00f6ln, Sound Eye Festival, Cork, International Poetry Festival, Bukarest, Istanbul, T\u00fcrkei, Guadalajara\/Mexiko-Stadt, Salon de Po\u00e9sie\/Goethe-Institut, European Writers Festival, Eriwan usw. Sie erhielt Preise und Residenzen, unter anderem in Nairs, Schweiz; Istanbul, T\u00fcrkei; Svendborg, D\u00e4nemark; Johannesburg, S\u00fcdafrika; Kefalonia, Griechenland usw.<\/span><\/span><\/p>\n<p>&nbsp;<\/p>\n<p align=\"left\"><span style=\"font-family: Times New Roman, serif;\"><span style=\"font-size: small;\">Occra and Arrow turn performative language and living archive into electroacoustic inquiry. Words, thought, and colour move through sound; voice and language become sonic material \u2014 dub folded into dub. Through voice, electronics, and the presence of the room, the work opens a participatory listening environment that resonates physically and emotionally. Racism, sexism, colorism, inequality, and algorithmic power enter and leave the space unresolved. What becomes perceptible is how connection is produced \u2014 through timing, attention, interruption, and overlap.The audience is not separate from the performance: we are a nucleus, each presence a node, each body a frequency. The room is the instrument; connection is the algorithm. Listening is proposed as a physical, relational act \u2014 not agreement, but coexistence: Where am I? Who is speaking when we stop listening<b>?<\/b><\/span><\/span><\/p>\n<p align=\"left\"><span style=\"font-family: Times New Roman, serif;\"><span style=\"font-size: small;\"><strong>Language:<\/strong> English, German<\/span><\/span><\/p>\n<p align=\"left\"><span style=\"font-family: Times New Roman, serif;\"><span style=\"font-size: small;\"><strong>Website:<\/strong><\/span><\/span> <a href=\"http:\/\/www.jasminetutum.com\/\"><span style=\"font-family: Times New Roman, serif;\"><span style=\"font-size: small;\">www.jasminetutum.com<\/span><\/span><\/a>\u00a0 \u00a0 <a href=\"http:\/\/www.swantjelichtenstein.de\/\"><span style=\"font-family: Times New Roman, serif;\"><span style=\"font-size: small;\">www.swantjelichtenstein.de<\/span><\/span><\/a><\/p>\n<p align=\"left\"><span style=\"font-family: Times New Roman, serif;\"><span style=\"font-size: small;\">Biography: Jasmine Tutum is a transdisciplinary artist and freelance curator working across photography, performance, sound, video installation, voice, and text. Born in Tokyo, raised in Kingston, Jamaica, and with roots in Gabon, she currently lives and works in Freiburg, Germany.<\/span><\/span><\/p>\n<p align=\"left\"><span style=\"font-family: Times New Roman, serif;\"><span style=\"font-size: small;\">Her artistic practice combines photography, performance, and sound to engage with archives and the ways in which spaces preserve memories. Drawing on Afro-diasporic history and Black feminist theory, she explores how bodies carry and generate their own forms of history.<\/span><\/span><\/p>\n<p align=\"left\"><span style=\"font-family: Times New Roman, serif;\"><span style=\"font-size: small;\">She completed a BFA in Photography and Art History at Concordia University in Montreal and received a Monbusho research scholarship to study Art History at Kyoto University in Japan. In 2021, she participated in Regionale 2021 (Germany\/France\/Switzerland) as an emerging artist and has since received several artist, cultural, and research grants in Germany.<\/span><\/span><\/p>\n<p align=\"left\"><span style=\"font-family: Times New Roman, serif;\"><span style=\"font-size: small;\">Swantje Lichtenstein: GBorn in Tuebingen, based in Berlin. Artist, musician, facilitator. Her sonic work investigates the ties of language and music in a transartistic and improvised, as well as conceptualized and composed mode. Their work is based on deconstructed voices, channeling of sounds, and opening resonating, healing spaces of connection. Lichtenstein completed a doctorate on poetical, performative poetry and is a professor for aesthetic practice at the University of Applied Sciences Darmstadt and performed worldwide at various festivals and venues, including: Heroines of Sound, Radialsystem Berlin, reiheM, Cologne, Sound-Text-Festival, Issue Project Room\/Goethe Institute New York, non event\/Goethe Institute, Boston, Poetic Voices Africa Festival, Cologne, Sound Eye Festival, Cork, International Poetry Festival, Bucharest, Istanbul, Turkey, Guadalajara\/Mexico City, Salon de Po\u00e9sie\/Goethe Institute, European Writers Festival, Yerevan, etc. She has been awarded prizes and residencies, for example in Nairs, Switzerland; Istanbul, Turkey; Svendborg, Denmark; Johannesburg, South Africa; Kefalonia, Greece, etc.\/span&gt;<\/span><\/span><\/p>\n","protected":false},"excerpt":{"rendered":"<p>Occra &amp; Arrow &#8220;ENG below&#8221; Occra und Arrow \u00fcberf\u00fchren performative Sprache und lebendiges Archiv in eine elektroakustische Untersuchung. Worte, Gedanken und Farbe bewegen sich durch Klang; Stimme und Sprache werden zu Klangmaterial \u2013 Dub in Dub. Durch Stimme, Elektronik und die Pr\u00e4senz des Raumes er\u00f6ffnet&#8230;<\/p>\n","protected":false},"author":7,"featured_media":26911,"comment_status":"closed","ping_status":"closed","template":"","tags":[],"mec_category":[21],"class_list":["post-26610","mec-events","type-mec-events","status-publish","has-post-thumbnail","hentry","mec_category-theater-performance"],"yoast_head":"<!-- This site is optimized with the Yoast SEO plugin v19.13 - https:\/\/yoast.com\/wordpress\/plugins\/seo\/ -->\n<title>SHARED: A LISTENING CONNECTION - International Women\u2018s* Theatre Festival<\/title>\n<meta name=\"robots\" content=\"index, follow, max-snippet:-1, max-image-preview:large, max-video-preview:-1\" \/>\n<link rel=\"canonical\" href=\"https:\/\/iftf-frankfurt.com\/events\/share-a-listening-connection\/\" \/>\n<meta property=\"og:locale\" content=\"en_GB\" \/>\n<meta property=\"og:type\" content=\"article\" \/>\n<meta property=\"og:title\" content=\"SHARED: A LISTENING CONNECTION - International Women\u2018s* Theatre Festival\" \/>\n<meta property=\"og:description\" content=\"Occra &amp; Arrow &#8220;ENG below&#8221; Occra und Arrow \u00fcberf\u00fchren performative Sprache und lebendiges Archiv in eine elektroakustische Untersuchung. Worte, Gedanken und Farbe bewegen sich durch Klang; Stimme und Sprache werden zu Klangmaterial \u2013 Dub in Dub. Durch Stimme, Elektronik und die Pr\u00e4senz des Raumes er\u00f6ffnet...\" \/>\n<meta property=\"og:url\" content=\"https:\/\/iftf-frankfurt.com\/events\/share-a-listening-connection\/\" \/>\n<meta property=\"og:site_name\" content=\"International Women\u2018s* Theatre Festival\" \/>\n<meta property=\"article:publisher\" content=\"https:\/\/www.facebook.com\/frauenfestival\" \/>\n<meta property=\"article:modified_time\" content=\"2026-09-01T16:41:36+00:00\" \/>\n<meta property=\"og:image\" content=\"https:\/\/iftf-frankfurt.com\/wp-content\/uploads\/sites\/2\/IFTF26_Logo_CMYK-schwarz.jpg\" \/>\n\t<meta property=\"og:image:width\" content=\"2244\" \/>\n\t<meta property=\"og:image:height\" content=\"827\" \/>\n\t<meta property=\"og:image:type\" content=\"image\/jpeg\" \/>\n<meta name=\"twitter:card\" content=\"summary_large_image\" \/>\n<meta name=\"twitter:label1\" content=\"Estimated reading time\" \/>\n\t<meta name=\"twitter:data1\" content=\"5 minutes\" \/>\n<script type=\"application\/ld+json\" class=\"yoast-schema-graph\">{\"@context\":\"https:\/\/schema.org\",\"@graph\":[{\"@type\":\"WebPage\",\"@id\":\"https:\/\/iftf-frankfurt.com\/events\/share-a-listening-connection\/\",\"url\":\"https:\/\/iftf-frankfurt.com\/events\/share-a-listening-connection\/\",\"name\":\"SHARED: A LISTENING CONNECTION - International Women\u2018s* Theatre Festival\",\"isPartOf\":{\"@id\":\"https:\/\/iftf-frankfurt.com\/#website\"},\"datePublished\":\"2026-08-25T15:29:22+00:00\",\"dateModified\":\"2026-09-01T16:41:36+00:00\",\"breadcrumb\":{\"@id\":\"https:\/\/iftf-frankfurt.com\/events\/share-a-listening-connection\/#breadcrumb\"},\"inLanguage\":\"en-GB\",\"potentialAction\":[{\"@type\":\"ReadAction\",\"target\":[\"https:\/\/iftf-frankfurt.com\/events\/share-a-listening-connection\/\"]}]},{\"@type\":\"BreadcrumbList\",\"@id\":\"https:\/\/iftf-frankfurt.com\/events\/share-a-listening-connection\/#breadcrumb\",\"itemListElement\":[{\"@type\":\"ListItem\",\"position\":1,\"name\":\"Startseite\",\"item\":\"https:\/\/iftf-frankfurt.com\/en\/internationale-frauentheaterfestival-iftf\/\"},{\"@type\":\"ListItem\",\"position\":2,\"name\":\"Veranstaltungen\",\"item\":\"https:\/\/iftf-frankfurt.com\/events\/\"},{\"@type\":\"ListItem\",\"position\":3,\"name\":\"SHARED: A LISTENING CONNECTION\"}]},{\"@type\":\"WebSite\",\"@id\":\"https:\/\/iftf-frankfurt.com\/#website\",\"url\":\"https:\/\/iftf-frankfurt.com\/\",\"name\":\"International Women\u2018s* Theatre Festival\",\"description\":\"IF*TF\",\"publisher\":{\"@id\":\"https:\/\/iftf-frankfurt.com\/#organization\"},\"inLanguage\":\"en-GB\"},{\"@type\":\"Organization\",\"@id\":\"https:\/\/iftf-frankfurt.com\/#organization\",\"name\":\"International Womxn\u2018s* Theatre Festival\",\"url\":\"https:\/\/iftf-frankfurt.com\/\",\"logo\":{\"@type\":\"ImageObject\",\"inLanguage\":\"en-GB\",\"@id\":\"https:\/\/iftf-frankfurt.com\/#\/schema\/logo\/image\/\",\"url\":\"\",\"contentUrl\":\"\",\"caption\":\"International Womxn\u2018s* Theatre Festival\"},\"image\":{\"@id\":\"https:\/\/iftf-frankfurt.com\/#\/schema\/logo\/image\/\"},\"sameAs\":[\"https:\/\/www.instagram.com\/frauentheaterfestival\/\",\"https:\/\/www.youtube.com\/channel\/UC80VX69VC0NxXd6a89DoydA\",\"https:\/\/www.facebook.com\/frauenfestival\"]}]}<\/script>\n<!-- \/ Yoast SEO plugin. -->","yoast_head_json":{"title":"SHARED: A LISTENING CONNECTION - International Women\u2018s* Theatre Festival","robots":{"index":"index","follow":"follow","max-snippet":"max-snippet:-1","max-image-preview":"max-image-preview:large","max-video-preview":"max-video-preview:-1"},"canonical":"https:\/\/iftf-frankfurt.com\/events\/share-a-listening-connection\/","og_locale":"en_GB","og_type":"article","og_title":"SHARED: A LISTENING CONNECTION - International Women\u2018s* Theatre Festival","og_description":"Occra &amp; Arrow &#8220;ENG below&#8221; Occra und Arrow \u00fcberf\u00fchren performative Sprache und lebendiges Archiv in eine elektroakustische Untersuchung. Worte, Gedanken und Farbe bewegen sich durch Klang; Stimme und Sprache werden zu Klangmaterial \u2013 Dub in Dub. Durch Stimme, Elektronik und die Pr\u00e4senz des Raumes er\u00f6ffnet...","og_url":"https:\/\/iftf-frankfurt.com\/events\/share-a-listening-connection\/","og_site_name":"International Women\u2018s* Theatre Festival","article_publisher":"https:\/\/www.facebook.com\/frauenfestival","article_modified_time":"2026-09-01T16:41:36+00:00","og_image":[{"width":2244,"height":827,"url":"https:\/\/iftf-frankfurt.com\/wp-content\/uploads\/sites\/2\/IFTF26_Logo_CMYK-schwarz.jpg","type":"image\/jpeg"}],"twitter_card":"summary_large_image","twitter_misc":{"Estimated reading time":"5 minutes"},"schema":{"@context":"https:\/\/schema.org","@graph":[{"@type":"WebPage","@id":"https:\/\/iftf-frankfurt.com\/events\/share-a-listening-connection\/","url":"https:\/\/iftf-frankfurt.com\/events\/share-a-listening-connection\/","name":"SHARED: A LISTENING CONNECTION - International Women\u2018s* Theatre Festival","isPartOf":{"@id":"https:\/\/iftf-frankfurt.com\/#website"},"datePublished":"2026-08-25T15:29:22+00:00","dateModified":"2026-09-01T16:41:36+00:00","breadcrumb":{"@id":"https:\/\/iftf-frankfurt.com\/events\/share-a-listening-connection\/#breadcrumb"},"inLanguage":"en-GB","potentialAction":[{"@type":"ReadAction","target":["https:\/\/iftf-frankfurt.com\/events\/share-a-listening-connection\/"]}]},{"@type":"BreadcrumbList","@id":"https:\/\/iftf-frankfurt.com\/events\/share-a-listening-connection\/#breadcrumb","itemListElement":[{"@type":"ListItem","position":1,"name":"Startseite","item":"https:\/\/iftf-frankfurt.com\/en\/internationale-frauentheaterfestival-iftf\/"},{"@type":"ListItem","position":2,"name":"Veranstaltungen","item":"https:\/\/iftf-frankfurt.com\/events\/"},{"@type":"ListItem","position":3,"name":"SHARED: A LISTENING CONNECTION"}]},{"@type":"WebSite","@id":"https:\/\/iftf-frankfurt.com\/#website","url":"https:\/\/iftf-frankfurt.com\/","name":"International Women\u2018s* Theatre Festival","description":"IF*TF","publisher":{"@id":"https:\/\/iftf-frankfurt.com\/#organization"},"inLanguage":"en-GB"},{"@type":"Organization","@id":"https:\/\/iftf-frankfurt.com\/#organization","name":"International Womxn\u2018s* Theatre Festival","url":"https:\/\/iftf-frankfurt.com\/","logo":{"@type":"ImageObject","inLanguage":"en-GB","@id":"https:\/\/iftf-frankfurt.com\/#\/schema\/logo\/image\/","url":"","contentUrl":"","caption":"International Womxn\u2018s* Theatre Festival"},"image":{"@id":"https:\/\/iftf-frankfurt.com\/#\/schema\/logo\/image\/"},"sameAs":["https:\/\/www.instagram.com\/frauentheaterfestival\/","https:\/\/www.youtube.com\/channel\/UC80VX69VC0NxXd6a89DoydA","https:\/\/www.facebook.com\/frauenfestival"]}]}},"_links":{"self":[{"href":"https:\/\/iftf-frankfurt.com\/en\/wp-json\/wp\/v2\/mec-events\/26610","targetHints":{"allow":["GET"]}}],"collection":[{"href":"https:\/\/iftf-frankfurt.com\/en\/wp-json\/wp\/v2\/mec-events"}],"about":[{"href":"https:\/\/iftf-frankfurt.com\/en\/wp-json\/wp\/v2\/types\/mec-events"}],"author":[{"embeddable":true,"href":"https:\/\/iftf-frankfurt.com\/en\/wp-json\/wp\/v2\/users\/7"}],"replies":[{"embeddable":true,"href":"https:\/\/iftf-frankfurt.com\/en\/wp-json\/wp\/v2\/comments?post=26610"}],"version-history":[{"count":9,"href":"https:\/\/iftf-frankfurt.com\/en\/wp-json\/wp\/v2\/mec-events\/26610\/revisions"}],"predecessor-version":[{"id":27100,"href":"https:\/\/iftf-frankfurt.com\/en\/wp-json\/wp\/v2\/mec-events\/26610\/revisions\/27100"}],"wp:featuredmedia":[{"embeddable":true,"href":"https:\/\/iftf-frankfurt.com\/en\/wp-json\/wp\/v2\/media\/26911"}],"wp:attachment":[{"href":"https:\/\/iftf-frankfurt.com\/en\/wp-json\/wp\/v2\/media?parent=26610"}],"wp:term":[{"taxonomy":"post_tag","embeddable":true,"href":"https:\/\/iftf-frankfurt.com\/en\/wp-json\/wp\/v2\/tags?post=26610"},{"taxonomy":"mec_category","embeddable":true,"href":"https:\/\/iftf-frankfurt.com\/en\/wp-json\/wp\/v2\/mec_category?post=26610"}],"curies":[{"name":"wp","href":"https:\/\/api.w.org\/{rel}","templated":true}]}}