{"id":26635,"date":"2026-08-25T18:38:19","date_gmt":"2026-08-25T16:38:19","guid":{"rendered":"https:\/\/iftf-frankfurt.com\/?post_type=mec-events&#038;p=26635"},"modified":"2026-09-03T13:40:22","modified_gmt":"2026-09-03T11:40:22","slug":"wunderwesen","status":"publish","type":"mec-events","link":"https:\/\/iftf-frankfurt.com\/en\/events\/wunderwesen\/","title":{"rendered":"Wunderwesen"},"content":{"rendered":"<p align=\"left\"><span style=\"font-family: Times New Roman, serif;\"><span style=\"font-size: small;\">Antajou performances<\/span><\/span><\/p>\n<p align=\"left\"><span style=\"font-size: small;\">&#8220;ENG below&#8221;<\/span><\/p>\n<p align=\"left\"><span style=\"font-family: Times New Roman, serif;\"><span style=\"font-size: small;\">Stellt euch vor, auf der Wiese und im Fluss <\/span><\/span><span style=\"font-family: Times New Roman, serif;\"><span style=\"font-size: small;\">verbergen sich \u00fcberall kleine Wunder! H\u00f6rt ihr das <\/span><\/span><span style=\"font-family: Times New Roman, serif;\"><span style=\"font-size: small;\">Pl\u00e4tschern des Wassers? Das Surren in der Luft?<\/span><\/span><\/p>\n<p align=\"left\"><span style=\"font-family: Times New Roman, serif;\"><span style=\"font-size: small;\">Zwei T\u00e4nzerinnen und eine Musikerin entdecken gemeinsam mit dem Publikum die Sch\u00f6nheit der Natur und verschmelzen dabei immer wieder in neuen, glitzernden und bunten Wesen. Lasst uns gemeinsam lauschen und die vielen Wunder entdecken!<\/span><\/span><\/p>\n<p align=\"left\"><span style=\"font-family: Times New Roman, serif;\"><span style=\"font-size: small;\">Gef\u00f6rder durch LaFT Baden W\u00fcrtemberg, Kulturamt Heidelberg, Stiftung Erlebnis Kunst, Kulturf\u00f6rderung Basel Lab, Tanzfest Basel<\/span><\/span><\/p>\n<p align=\"left\"><span style=\"font-family: Times New Roman, serif;\"><span style=\"font-size: small;\"><b>Sprache<\/b>: keine<\/span><\/span><\/p>\n<p align=\"left\"><span style=\"font-family: Times New Roman, serif;\"><span style=\"font-size: small;\"><strong>Konzept, Choreographie &amp; Tanz:<\/strong> Andrea Kreisel &amp; Tabea Gregory<\/span><\/span><\/p>\n<p align=\"left\"><span style=\"font-size: small; font-family: 'Times New Roman', serif;\"><strong>Live-Musik &amp; Interaktion:<\/strong> Ada Meinich<\/span><\/p>\n<p align=\"left\"><span style=\"font-family: Times New Roman, serif;\"><span style=\"font-size: small;\"><strong>Co-Choreographie:<\/strong> Simona Kortenhaus<\/span><\/span><\/p>\n<p align=\"left\"><span style=\"font-family: Times New Roman, serif;\"><span style=\"font-size: small;\"><strong>Kost\u00fcme:<\/strong> Verena Haerdi<\/span><\/span><\/p>\n<p align=\"left\"><span style=\"font-family: Times New Roman, serif;\"><span style=\"font-size: small;\"><strong>Produktionassistenz:<\/strong> Mathilde Bonte<\/span><\/span><\/p>\n<p align=\"left\"><span style=\"font-family: Times New Roman, serif;\"><span style=\"font-size: small;\"><b>Website: <\/b><a href=\"https:\/\/antajouperformances.com\/\">https:\/\/antajouperformances.com\/<\/a><\/span><\/span><\/p>\n<p align=\"left\"><span style=\"font-family: Times New Roman, serif;\"><span style=\"font-size: small;\"><strong>Biographie:<\/strong> Tabea und Andrea haben sich 2015 im Studium der Philosophie, Kulturreflexion und kulturellen Praxis durch zeitgen\u00f6ssischen Tanz und Tanzimprovisation kennengelernt. Seitdem kreieren sie in unterschiedlichen Konstellationen k\u00fcnstlerische, t\u00e4nzerische und immersive Performances, die mit Vertrautheit und Humor spielen. Zwischen Physical Theater und Tanz haben sie ihre eigene Bewegungssprache entwickelt und sie lieben die Begegnung mit jedem Publikum. Seit 2026 arbeiten sie mit der Violinistin Ada Meinich, die mit ihren Zauberkl\u00e4ngen Kinder und Erwachsene in den Bann zieht. Sie arbeiten zwischen Basel und Heidelberg.<\/span><\/span><\/p>\n<p>&nbsp;<\/p>\n<p align=\"left\"><span style=\"font-family: Times New Roman, serif;\"><span style=\"font-size: small;\">Imagine\u2014little wonders are hiding everywhere in the meadow and the river! Can you hear the splashing of the water? The buzzing in the air?<\/span><\/span><\/p>\n<p align=\"left\"><span style=\"font-family: Times New Roman, serif;\"><span style=\"font-size: small;\">Two dancers and a musician discover the beauty of nature together with the audience, repeatedly transforming into new, glittering, and colorful creatures. Let\u2019s listen together and discover the many wonders!<\/span><\/span><\/p>\n<p align=\"left\"><span style=\"font-family: Times New Roman, serif;\"><span style=\"font-size: small;\">Supported by LaFT Baden-W\u00fcrttemberg, the Heidelberg Cultural Office, Stiftung Erlebnis Kunst, Kulturf\u00f6rderung Basel Lab, and Tanzfest Basel.<\/span><\/span><\/p>\n<p align=\"left\"><span style=\"font-family: Times New Roman, serif;\"><span style=\"font-size: small;\"><b>Language<\/b>: nonverbal<\/span><\/span><\/p>\n<p align=\"left\"><span style=\"font-family: Times New Roman, serif;\"><span style=\"font-size: small;\"><strong>Concept, Choreography &amp; Dance:<\/strong> Andrea Kreisel &amp; Tabea Gregory<\/span><\/span><\/p>\n<p align=\"left\"><span style=\"font-size: small; font-family: 'Times New Roman', serif;\"><strong>Live-Music &amp; Interaction:<\/strong> Ada Meinich<\/span><\/p>\n<p align=\"left\"><span style=\"font-family: Times New Roman, serif;\"><span style=\"font-size: small;\"><strong>Co-Choreography:<\/strong> Simona Kortenhaus<\/span><\/span><\/p>\n<p align=\"left\"><span style=\"font-family: Times New Roman, serif;\"><span style=\"font-size: small;\"><strong>Costumes:<\/strong> Verena Haerdi<\/span><\/span><\/p>\n<p align=\"left\"><span style=\"font-family: Times New Roman, serif;\"><span style=\"font-size: small;\"><strong>Production Assistant:<\/strong> Mathilde Bonte<\/span><\/span><\/p>\n<p align=\"left\"><span style=\"font-family: Times New Roman, serif;\"><span style=\"font-size: small;\"><b>Website: <\/b><a href=\"https:\/\/antajouperformances.com\/\">https:\/\/antajouperformances.com<\/a>\/<\/span><\/span><\/p>\n<p align=\"left\"><span style=\"font-family: Times New Roman, serif;\"><span style=\"font-size: small;\"><strong>Biography:<\/strong> Tabea and Andrea met in 2015 while studying philosophy, cultural reflection, and cultural practice, connecting through contemporary dance and dance improvisation. Since then, they have collaborated in various configurations to create artistic, dance-based, and immersive performances that play with familiarity and humor. Blending physical theater and dance, they have developed their own unique movement language and love engaging with every audience. Since 2026, they have been working with violinist Ada Meinich, whose enchanting sounds captivate both children and adults. They work between Basel and Heidelberg.<\/span><\/span><\/p>\n","protected":false},"excerpt":{"rendered":"<p>Antajou performances &#8220;ENG below&#8221; Stellt euch vor, auf der Wiese und im Fluss verbergen sich \u00fcberall kleine Wunder! H\u00f6rt ihr das Pl\u00e4tschern des Wassers? Das Surren in der Luft? Zwei T\u00e4nzerinnen und eine Musikerin entdecken gemeinsam mit dem Publikum die Sch\u00f6nheit der Natur und verschmelzen&#8230;<\/p>\n","protected":false},"author":7,"featured_media":26641,"comment_status":"closed","ping_status":"closed","template":"","tags":[],"mec_category":[109,21],"class_list":["post-26635","mec-events","type-mec-events","status-publish","has-post-thumbnail","hentry","mec_category-familienprogramm","mec_category-theater-performance"],"yoast_head":"<!-- This site is optimized with the Yoast SEO plugin v19.13 - https:\/\/yoast.com\/wordpress\/plugins\/seo\/ -->\n<title>Wunderwesen - International Women\u2018s* Theatre Festival<\/title>\n<meta name=\"robots\" content=\"index, follow, max-snippet:-1, max-image-preview:large, max-video-preview:-1\" \/>\n<link rel=\"canonical\" href=\"https:\/\/iftf-frankfurt.com\/events\/wunderwesen\/\" \/>\n<meta property=\"og:locale\" content=\"en_GB\" \/>\n<meta property=\"og:type\" content=\"article\" \/>\n<meta property=\"og:title\" content=\"Wunderwesen - International Women\u2018s* Theatre Festival\" \/>\n<meta property=\"og:description\" content=\"Antajou performances &#8220;ENG below&#8221; Stellt euch vor, auf der Wiese und im Fluss verbergen sich \u00fcberall kleine Wunder! H\u00f6rt ihr das Pl\u00e4tschern des Wassers? Das Surren in der Luft? Zwei T\u00e4nzerinnen und eine Musikerin entdecken gemeinsam mit dem Publikum die Sch\u00f6nheit der Natur und verschmelzen...\" \/>\n<meta property=\"og:url\" content=\"https:\/\/iftf-frankfurt.com\/events\/wunderwesen\/\" \/>\n<meta property=\"og:site_name\" content=\"International Women\u2018s* Theatre Festival\" \/>\n<meta property=\"article:publisher\" content=\"https:\/\/www.facebook.com\/frauenfestival\" \/>\n<meta property=\"article:modified_time\" content=\"2026-09-03T11:40:22+00:00\" \/>\n<meta property=\"og:image\" content=\"https:\/\/iftf-frankfurt.com\/wp-content\/uploads\/sites\/2\/Wunderwesen.jpg\" \/>\n\t<meta property=\"og:image:width\" content=\"1340\" \/>\n\t<meta property=\"og:image:height\" content=\"1600\" \/>\n\t<meta property=\"og:image:type\" content=\"image\/jpeg\" \/>\n<meta name=\"twitter:card\" content=\"summary_large_image\" \/>\n<meta name=\"twitter:label1\" content=\"Estimated reading time\" \/>\n\t<meta name=\"twitter:data1\" content=\"3 minutes\" \/>\n<script type=\"application\/ld+json\" class=\"yoast-schema-graph\">{\"@context\":\"https:\/\/schema.org\",\"@graph\":[{\"@type\":\"WebPage\",\"@id\":\"https:\/\/iftf-frankfurt.com\/events\/wunderwesen\/\",\"url\":\"https:\/\/iftf-frankfurt.com\/events\/wunderwesen\/\",\"name\":\"Wunderwesen - International Women\u2018s* Theatre Festival\",\"isPartOf\":{\"@id\":\"https:\/\/iftf-frankfurt.com\/#website\"},\"datePublished\":\"2026-08-25T16:38:19+00:00\",\"dateModified\":\"2026-09-03T11:40:22+00:00\",\"breadcrumb\":{\"@id\":\"https:\/\/iftf-frankfurt.com\/events\/wunderwesen\/#breadcrumb\"},\"inLanguage\":\"en-GB\",\"potentialAction\":[{\"@type\":\"ReadAction\",\"target\":[\"https:\/\/iftf-frankfurt.com\/events\/wunderwesen\/\"]}]},{\"@type\":\"BreadcrumbList\",\"@id\":\"https:\/\/iftf-frankfurt.com\/events\/wunderwesen\/#breadcrumb\",\"itemListElement\":[{\"@type\":\"ListItem\",\"position\":1,\"name\":\"Startseite\",\"item\":\"https:\/\/iftf-frankfurt.com\/en\/internationale-frauentheaterfestival-iftf\/\"},{\"@type\":\"ListItem\",\"position\":2,\"name\":\"Veranstaltungen\",\"item\":\"https:\/\/iftf-frankfurt.com\/events\/\"},{\"@type\":\"ListItem\",\"position\":3,\"name\":\"Wunderwesen\"}]},{\"@type\":\"WebSite\",\"@id\":\"https:\/\/iftf-frankfurt.com\/#website\",\"url\":\"https:\/\/iftf-frankfurt.com\/\",\"name\":\"International Women\u2018s* Theatre Festival\",\"description\":\"IF*TF\",\"publisher\":{\"@id\":\"https:\/\/iftf-frankfurt.com\/#organization\"},\"inLanguage\":\"en-GB\"},{\"@type\":\"Organization\",\"@id\":\"https:\/\/iftf-frankfurt.com\/#organization\",\"name\":\"International Womxn\u2018s* Theatre Festival\",\"url\":\"https:\/\/iftf-frankfurt.com\/\",\"logo\":{\"@type\":\"ImageObject\",\"inLanguage\":\"en-GB\",\"@id\":\"https:\/\/iftf-frankfurt.com\/#\/schema\/logo\/image\/\",\"url\":\"\",\"contentUrl\":\"\",\"caption\":\"International Womxn\u2018s* Theatre Festival\"},\"image\":{\"@id\":\"https:\/\/iftf-frankfurt.com\/#\/schema\/logo\/image\/\"},\"sameAs\":[\"https:\/\/www.instagram.com\/frauentheaterfestival\/\",\"https:\/\/www.youtube.com\/channel\/UC80VX69VC0NxXd6a89DoydA\",\"https:\/\/www.facebook.com\/frauenfestival\"]}]}<\/script>\n<!-- \/ Yoast SEO plugin. -->","yoast_head_json":{"title":"Wunderwesen - International Women\u2018s* Theatre Festival","robots":{"index":"index","follow":"follow","max-snippet":"max-snippet:-1","max-image-preview":"max-image-preview:large","max-video-preview":"max-video-preview:-1"},"canonical":"https:\/\/iftf-frankfurt.com\/events\/wunderwesen\/","og_locale":"en_GB","og_type":"article","og_title":"Wunderwesen - International Women\u2018s* Theatre Festival","og_description":"Antajou performances &#8220;ENG below&#8221; Stellt euch vor, auf der Wiese und im Fluss verbergen sich \u00fcberall kleine Wunder! H\u00f6rt ihr das Pl\u00e4tschern des Wassers? Das Surren in der Luft? Zwei T\u00e4nzerinnen und eine Musikerin entdecken gemeinsam mit dem Publikum die Sch\u00f6nheit der Natur und verschmelzen...","og_url":"https:\/\/iftf-frankfurt.com\/events\/wunderwesen\/","og_site_name":"International Women\u2018s* Theatre Festival","article_publisher":"https:\/\/www.facebook.com\/frauenfestival","article_modified_time":"2026-09-03T11:40:22+00:00","og_image":[{"width":1340,"height":1600,"url":"https:\/\/iftf-frankfurt.com\/wp-content\/uploads\/sites\/2\/Wunderwesen.jpg","type":"image\/jpeg"}],"twitter_card":"summary_large_image","twitter_misc":{"Estimated reading time":"3 minutes"},"schema":{"@context":"https:\/\/schema.org","@graph":[{"@type":"WebPage","@id":"https:\/\/iftf-frankfurt.com\/events\/wunderwesen\/","url":"https:\/\/iftf-frankfurt.com\/events\/wunderwesen\/","name":"Wunderwesen - International Women\u2018s* Theatre Festival","isPartOf":{"@id":"https:\/\/iftf-frankfurt.com\/#website"},"datePublished":"2026-08-25T16:38:19+00:00","dateModified":"2026-09-03T11:40:22+00:00","breadcrumb":{"@id":"https:\/\/iftf-frankfurt.com\/events\/wunderwesen\/#breadcrumb"},"inLanguage":"en-GB","potentialAction":[{"@type":"ReadAction","target":["https:\/\/iftf-frankfurt.com\/events\/wunderwesen\/"]}]},{"@type":"BreadcrumbList","@id":"https:\/\/iftf-frankfurt.com\/events\/wunderwesen\/#breadcrumb","itemListElement":[{"@type":"ListItem","position":1,"name":"Startseite","item":"https:\/\/iftf-frankfurt.com\/en\/internationale-frauentheaterfestival-iftf\/"},{"@type":"ListItem","position":2,"name":"Veranstaltungen","item":"https:\/\/iftf-frankfurt.com\/events\/"},{"@type":"ListItem","position":3,"name":"Wunderwesen"}]},{"@type":"WebSite","@id":"https:\/\/iftf-frankfurt.com\/#website","url":"https:\/\/iftf-frankfurt.com\/","name":"International Women\u2018s* Theatre Festival","description":"IF*TF","publisher":{"@id":"https:\/\/iftf-frankfurt.com\/#organization"},"inLanguage":"en-GB"},{"@type":"Organization","@id":"https:\/\/iftf-frankfurt.com\/#organization","name":"International Womxn\u2018s* Theatre Festival","url":"https:\/\/iftf-frankfurt.com\/","logo":{"@type":"ImageObject","inLanguage":"en-GB","@id":"https:\/\/iftf-frankfurt.com\/#\/schema\/logo\/image\/","url":"","contentUrl":"","caption":"International Womxn\u2018s* Theatre Festival"},"image":{"@id":"https:\/\/iftf-frankfurt.com\/#\/schema\/logo\/image\/"},"sameAs":["https:\/\/www.instagram.com\/frauentheaterfestival\/","https:\/\/www.youtube.com\/channel\/UC80VX69VC0NxXd6a89DoydA","https:\/\/www.facebook.com\/frauenfestival"]}]}},"_links":{"self":[{"href":"https:\/\/iftf-frankfurt.com\/en\/wp-json\/wp\/v2\/mec-events\/26635","targetHints":{"allow":["GET"]}}],"collection":[{"href":"https:\/\/iftf-frankfurt.com\/en\/wp-json\/wp\/v2\/mec-events"}],"about":[{"href":"https:\/\/iftf-frankfurt.com\/en\/wp-json\/wp\/v2\/types\/mec-events"}],"author":[{"embeddable":true,"href":"https:\/\/iftf-frankfurt.com\/en\/wp-json\/wp\/v2\/users\/7"}],"replies":[{"embeddable":true,"href":"https:\/\/iftf-frankfurt.com\/en\/wp-json\/wp\/v2\/comments?post=26635"}],"version-history":[{"count":2,"href":"https:\/\/iftf-frankfurt.com\/en\/wp-json\/wp\/v2\/mec-events\/26635\/revisions"}],"predecessor-version":[{"id":26640,"href":"https:\/\/iftf-frankfurt.com\/en\/wp-json\/wp\/v2\/mec-events\/26635\/revisions\/26640"}],"wp:featuredmedia":[{"embeddable":true,"href":"https:\/\/iftf-frankfurt.com\/en\/wp-json\/wp\/v2\/media\/26641"}],"wp:attachment":[{"href":"https:\/\/iftf-frankfurt.com\/en\/wp-json\/wp\/v2\/media?parent=26635"}],"wp:term":[{"taxonomy":"post_tag","embeddable":true,"href":"https:\/\/iftf-frankfurt.com\/en\/wp-json\/wp\/v2\/tags?post=26635"},{"taxonomy":"mec_category","embeddable":true,"href":"https:\/\/iftf-frankfurt.com\/en\/wp-json\/wp\/v2\/mec_category?post=26635"}],"curies":[{"name":"wp","href":"https:\/\/api.w.org\/{rel}","templated":true}]}}