{"id":13554,"date":"2022-09-05T22:37:33","date_gmt":"2022-09-05T20:37:33","guid":{"rendered":"https:\/\/iftf-frankfurt.com\/program-workshops\/"},"modified":"2026-09-01T17:05:18","modified_gmt":"2026-09-01T15:05:18","slug":"programm-workshops","status":"publish","type":"page","link":"https:\/\/iftf-frankfurt.com\/en\/programm-workshops\/","title":{"rendered":"Programm-Workshops"},"content":{"rendered":"\t\t<div data-elementor-type=\"wp-page\" data-elementor-id=\"13554\" class=\"elementor elementor-13554 elementor-6156\">\n\t\t\t\t<div class=\"elementor-element elementor-element-144dc8c e-con-full e-flex wpr-particle-no wpr-jarallax-no wpr-parallax-no wpr-sticky-section-no e-con e-parent\" data-id=\"144dc8c\" data-element_type=\"container\" data-settings=\"{&quot;content_width&quot;:&quot;full&quot;,&quot;background_background&quot;:&quot;classic&quot;}\" data-core-v316-plus=\"true\">\n\t\t\t\t<div class=\"elementor-element elementor-element-f55f2bd elementor-widget elementor-widget-heading\" data-id=\"f55f2bd\" data-element_type=\"widget\" data-widget_type=\"heading.default\">\n\t\t\t\t<div class=\"elementor-widget-container\">\n\t\t\t<h1 class=\"elementor-heading-title elementor-size-default\">Workshops<\/h1>\t\t<\/div>\n\t\t\t\t<\/div>\n\t\t\t\t<div class=\"elementor-element elementor-element-2d3ed69 elementor-widget elementor-widget-text-editor\" data-id=\"2d3ed69\" data-element_type=\"widget\" data-widget_type=\"text-editor.default\">\n\t\t\t\t<div class=\"elementor-widget-container\">\n\t\t\t\t\t\t\t<p>THESE WORKSHOPS ARE FOR <strong>WOMXN*<\/strong> AND <strong>GIRLS*<\/strong> AND ARE MADE POSSIBLE BY DONATIONS. EVERY DONATION HELPS US TO MAKE IF*TF ACCESSIBLE TO EVERYONE: THE FESTIVAL HAS AN AWARENESS CONCEPT, OFFERS CHILDCARE AND IS BARRIER-FREE. <br \/><strong>WORKSHOP REGISTRATION IS REQUIRED TO PARTICIPATE.<\/strong> IF YOU HAVE ANY QUESTIONS, PLEASE CONTACT <strong>&#x49;&#x4e;&#x46;&#x4f;&#x40;&#x49;&#x46;&#x54;&#x46;&#x2d;&#x46;&#x52;&#x41;&#x4e;&#75;&#70;&#85;&#82;&#84;&#46;&#67;&#79;&#77;<\/strong>.<\/p>\t\t\t\t\t\t<\/div>\n\t\t\t\t<\/div>\n\t\t\t\t<div class=\"elementor-element elementor-element-bdb8b7f elementor-align-center elementor-widget elementor-widget-button\" data-id=\"bdb8b7f\" data-element_type=\"widget\" data-widget_type=\"button.default\">\n\t\t\t\t<div class=\"elementor-widget-container\">\n\t\t\t\t\t<div class=\"elementor-button-wrapper\">\n\t\t\t<a class=\"elementor-button elementor-button-link elementor-size-xl\" href=\"https:\/\/docs.google.com\/forms\/d\/e\/1FAIpQLScpBDyUSZbL4cuR-Yj4Jx66Ebw62wygBmUThMGfNGyLHQIAZg\/viewform\">\n\t\t\t\t\t\t<span class=\"elementor-button-content-wrapper\">\n\t\t\t\t\t\t<span class=\"elementor-button-text\">Register now<\/span>\n\t\t<\/span>\n\t\t\t\t\t<\/a>\n\t\t<\/div>\n\t\t\t\t<\/div>\n\t\t\t\t<\/div>\n\t\t\t\t<\/div>\n\t\t<div class=\"elementor-element elementor-element-94659f4 e-flex e-con-boxed wpr-particle-no wpr-jarallax-no wpr-parallax-no wpr-sticky-section-no e-con e-parent\" data-id=\"94659f4\" data-element_type=\"container\" data-settings=\"{&quot;content_width&quot;:&quot;boxed&quot;}\" data-core-v316-plus=\"true\">\n\t\t\t\t\t<div class=\"e-con-inner\">\n\t\t\t\t<div class=\"elementor-element elementor-element-565b130 elementor-widget elementor-widget-shortcode\" data-id=\"565b130\" data-element_type=\"widget\" data-widget_type=\"shortcode.default\">\n\t\t\t\t<div class=\"elementor-widget-container\">\n\t\t\t\t\t<div class=\"elementor-shortcode\"><div id=\"mec_skin_20035\" class=\"mec-wrap colorskin-custom  \">\r\n    \r\n        \r\n    <div class=\"mec-tile\">\r\n        <div class=\"mec-calendar-topsec\">\r\n            <div class=\"mec-clear\">\r\n                \r\n                <div class=\"mec-calendar-table\" id=\"mec_skin_events_20035\">\r\n                                            <div class=\"mec-wrap colorskin-custom\">\r\n    <div class=\"mec-event-tile-view\">\r\n        <div class=\"row\"><div class=\"col-md-4 col-sm-4\">        <script type=\"application\/ld+json\">\r\n        {\r\n            \"@context\": \"http:\/\/schema.org\",\r\n            \"@type\": \"Event\",\r\n            \"eventStatus\": \"https:\/\/schema.org\/EventScheduled\",\r\n            \"startDate\": \"2026-09-14\",\r\n            \"endDate\": \"2026-09-14\",\r\n            \"eventAttendanceMode\": \"https:\/\/schema.org\/OfflineEventAttendanceMode\",\r\n            \"location\":\r\n            {\r\n                \"@type\": \"Place\",\r\n                                \"name\": \"GROOVE DANCE STUDIO\",\r\n                \"image\": \"\",\r\n                \"address\": \"W\u00e4chtersbacher Str. 76, 60386 Frankfurt am Main\"\r\n                            },\r\n            \"organizer\":\r\n            {\r\n                \"@type\": \"Person\",\r\n                \"name\": \"\",\r\n                \"url\": \"\"\r\n            },\r\n            \"offers\":\r\n            {\r\n                \"url\": \"https:\/\/iftf-frankfurt.com\/en\/events\/ritueller-tanz-mit-afrikanischer-livemusik-kreativ-und-gemeinschaftsbildend\/\",\r\n                \"price\": \"\",\r\n                \"priceCurrency\": \"USD\",\r\n                \"availability\": \"https:\/\/schema.org\/InStock\",\r\n                \"validFrom\": \"2026-09-14T00:00\"\r\n            },\r\n            \"performer\": \"\",\r\n            \"description\": \"&lt;p style=&quot;font-size: small;&quot; align=&quot;left&quot;&gt;&#8220;ENG below&#8221;&lt;\/p&gt; &lt;p align=&quot;left&quot;&gt;Stephanie Bangoura&lt;\/p&gt; &lt;p align=&quot;left&quot;&gt;Stephanie Bangoura und Doubassin er\u00f6ffnen das Frauen*Theaterfestival mit einem kollektiven Tanzritual aus Bewegung, Gesang und Livemusik. Gemeinsam stimmen wir uns ein, richten uns aus und setzen den Fokus f\u00fcr die kommenden Festivaltage. Wir verankern Werte, die unser Zusammensein tragen sollen: Selbstbestimmung, Diskretion, Freiwilligkeit, Achtsamkeit, Mitgef\u00fchl, Kooperation und Eigenverantwortung. Das Ritual schafft einen gesch\u00fctzten Rahmen f\u00fcr Begegnung \u2013 mit uns selbst, miteinander und mit dem, was gr\u00f6\u00dfer ist als wir. Wir w\u00fcrdigen unsere Verbundenheit mit den Generationen vor uns und mit den Kr\u00e4ften, die uns tragen. M\u00f6gen unsere Ahn*innen uns st\u00e4rken, Wandel zu gestalten \u2013 f\u00fcr mehr Gerechtigkeit und W\u00fcrde, mit Kunst, Bewusstheit und gemeinschaftlichem Handeln.&lt;\/p&gt; &lt;p align=&quot;left&quot;&gt;&lt;b&gt;Ort: &lt;\/b&gt;Groove Dance Studio&lt;b&gt; &lt;\/b&gt;&lt;span style=&quot;font-family: Roboto Mono, serif;&quot;&gt;\u2022 &lt;\/span&gt;&lt;b&gt;Sprache(n):&lt;\/b&gt; Englisch\/ Deutsch&lt;span style=&quot;font-family: Roboto Mono, serif;&quot;&gt;\u2022&lt;\/span&gt;&lt;b&gt; Material: &lt;\/b&gt;bequeme Kleidung und Wasser &lt;span style=&quot;font-family: Roboto Mono, serif;&quot;&gt;\u2022&lt;\/span&gt;&lt;b&gt; Geb\u00fchr: &lt;\/b&gt;Spende (Empfehlung 20\u20ac)&lt;b&gt; &lt;\/b&gt;&lt;span style=&quot;font-family: Roboto Mono, serif;&quot;&gt;\u2022 &lt;\/span&gt;&lt;b&gt;Hinweis: &lt;\/b&gt;max. 20 Teilnehmer*innen&lt;\/p&gt; &lt;p&gt;&nbsp;&lt;\/p&gt; &lt;p align=&quot;left&quot;&gt;&lt;b&gt;Ritual Dance with African Live Music \u2013 Creative and Community-Building&lt;\/b&gt;&lt;\/p&gt; &lt;p align=&quot;left&quot;&gt;Stephanie Bangoura&lt;\/p&gt; &lt;p align=&quot;left&quot;&gt;Stephanie Bangoura and Doubassin open the Womxns&#8217; Theater Festival with a collective dance ritual combining movement, singing and live music. Together, we tune in, find our bearings and set the focus for the festival days ahead. We ground ourselves in values that are intended to sustain our time together: self-determination, discretion, freedom of choice, mindfulness, compassion, cooperation and personal responsibility. The ritual creates a protected space for encounter \u2013 with ourselves, with one another and with that which is greater than us. We honour our connection to the generations who came before us and to the forces that sustain us. May our ancestors strengthen us as we work towards change \u2013 for greater justice and dignity, through art, awareness and collective action.&lt;\/p&gt; &lt;p align=&quot;left&quot;&gt;&lt;b&gt;Location:&lt;\/b&gt; Groove Dance Studio \u2022 &lt;b&gt;Language(s):&lt;\/b&gt; English\/German \u2022 &lt;b&gt;Materials:&lt;\/b&gt; Comfortable clothing and water \u2022 &lt;b&gt;Fee:&lt;\/b&gt; Donation (suggested \u20ac20) \u2022 &lt;b&gt;Note:&lt;\/b&gt; Max. 20 participants&lt;\/p&gt; \",\r\n            \"image\": \"https:\/\/iftf-frankfurt.com\/wp-content\/uploads\/sites\/2\/Reach-out-arme.jpeg\",\r\n            \"name\": \"Ritueller Tanz mit afrikanischer Livemusik &#8211; kreativ und gemeinschaftsbildend\",\r\n            \"url\": \"https:\/\/iftf-frankfurt.com\/en\/events\/ritueller-tanz-mit-afrikanischer-livemusik-kreativ-und-gemeinschaftsbildend\/\"\r\n        }\r\n        <\/script>\r\n                            <article  data-href=\"https:\/\/iftf-frankfurt.com\/en\/events\/ritueller-tanz-mit-afrikanischer-livemusik-kreativ-und-gemeinschaftsbildend\/\" data-target=\"m1\" style=\"background:#785019 url('https:\/\/iftf-frankfurt.com\/wp-content\/uploads\/sites\/2\/Reach-out-arme-300x400.jpeg')\" class=\" mec-event-article mec-tile-item  mec-clear   \">\r\n                                                                        <div class=\"event-tile-view-head clearfix\">\r\n                                                            <div class=\"mec-event-month\"><span class=\"mec-start-date-label\" itemprop=\"startDate\">14 Sep<\/span><\/div>\r\n                                                        <div class=\"mec-event-time\"><i class=\"mec-sl-clock\"><\/i>10:00<\/div>\r\n                        <\/div>\r\n                        <div class=\"mec-event-content\" data-target=\"m1\" data-event-id=\"26280\">\r\n                            <a href=\"https:\/\/iftf-frankfurt.com\/en\/events\/ritueller-tanz-mit-afrikanischer-livemusik-kreativ-und-gemeinschaftsbildend\/\" target=\"m1\" class=\"mec-tile-into-content-link\"><\/a>                            <div class=\"mec-tile-event-content\">\r\n                                <div class=\"mec-event-detail\">\r\n                                                                                                            <span class=\"mec-event-loc-place\"><i class=\"mec-sl-location-pin\"><\/i>GROOVE DANCE STUDIO<\/span>                                                                    <\/div>\r\n                                                                <h4 class=\"mec-event-title\"><a class=\"mec-color-hover\"  data-event-id=\"26280\" href=\"https:\/\/iftf-frankfurt.com\/en\/events\/ritueller-tanz-mit-afrikanischer-livemusik-kreativ-und-gemeinschaftsbildend\/\" target=\"m1\" rel=\"noopener\">Ritueller Tanz mit afrikanischer Livemusik &#8211; kreativ und gemeinschaftsbildend<\/a><\/h4>\r\n                                                            <\/div>\r\n                        <\/div>\r\n                    <\/article>\r\n                <\/div>                    <div class=\"col-md-4 col-sm-4\">        <script type=\"application\/ld+json\">\r\n        {\r\n            \"@context\": \"http:\/\/schema.org\",\r\n            \"@type\": \"Event\",\r\n            \"eventStatus\": \"https:\/\/schema.org\/EventScheduled\",\r\n            \"startDate\": \"2026-09-15\",\r\n            \"endDate\": \"2026-09-15\",\r\n            \"eventAttendanceMode\": \"https:\/\/schema.org\/OfflineEventAttendanceMode\",\r\n            \"location\":\r\n            {\r\n                \"@type\": \"Place\",\r\n                                \"name\": \"GROOVE DANCE STUDIO\",\r\n                \"image\": \"\",\r\n                \"address\": \"W\u00e4chtersbacher Str. 76, 60386 Frankfurt am Main\"\r\n                            },\r\n            \"organizer\":\r\n            {\r\n                \"@type\": \"Person\",\r\n                \"name\": \"\",\r\n                \"url\": \"\"\r\n            },\r\n            \"offers\":\r\n            {\r\n                \"url\": \"https:\/\/iftf-frankfurt.com\/en\/events\/schauspiel-und-futures-literacy\/\",\r\n                \"price\": \"\",\r\n                \"priceCurrency\": \"USD\",\r\n                \"availability\": \"https:\/\/schema.org\/InStock\",\r\n                \"validFrom\": \"2026-09-15T00:00\"\r\n            },\r\n            \"performer\": \"\",\r\n            \"description\": \"&lt;p align=&quot;left&quot;&gt;&lt;span style=&quot;font-size: small;&quot;&gt;&#8220;ENG below&#8221;&lt;\/span&gt;&lt;\/p&gt; &lt;p align=&quot;left&quot;&gt;Agnieszka Kleemann \/ 12 Stufen Theater&lt;\/p&gt; &lt;p align=&quot;left&quot;&gt;Der Workshop verbindet zwei unterschiedliche Aspekte der Pers\u00f6nlichkeitsentwicklung. Basierend auf klassischem Schauspiel erforschen die Teilnehmer*innen den B\u00fchnenraum ihres eigenen Lebens. Denn t\u00e4glich wechseln wir zwischen unterschiedlichen Rollen und Situationen: Wie wirken wir auf andere? Was m\u00f6chten wir von uns zeigen? Was gibt uns Sicherheit und Pr\u00e4senz in herausfordernden Momenten? Erg\u00e4nzt wird der Workshop durch die UNESCO-Methode &lt;i&gt;Futures Literacy&lt;\/i&gt;. Sie l\u00e4dt dazu ein, Zukunft bewusst und kreativ zu denken und neue Narrative f\u00fcr das eigene Leben und Arbeiten zu entwickeln.Gemeinsam entwerfen wir Visionen f\u00fcr m\u00f6gliche Zuk\u00fcnfte, ohne alte Begrenzungen einfach fortzuschreiben. Wir denken neu und erforschen gemeinsam, welche Werkzeuge, Denkweisen und Perspektivwechsel helfen k\u00f6nnen, um neue Ideen zu generieren und Handlungsspielr\u00e4ume zu er\u00f6ffnen. Der Workshop versteht sich als gemeinsamer Lern-, Erfahrungs- und Experimentierraum.&lt;\/p&gt; &lt;p align=&quot;left&quot;&gt;&lt;b&gt;Ort: &lt;\/b&gt;Groove Dance Studio&lt;b&gt; &lt;\/b&gt;&lt;span style=&quot;font-family: Roboto Mono, serif;&quot;&gt;&lt;span style=&quot;font-size: small;&quot;&gt;\u2022 &lt;\/span&gt;&lt;\/span&gt;&lt;b&gt;Sprache(n): &lt;\/b&gt;Deutsch &lt;span style=&quot;font-family: Roboto Mono, serif;&quot;&gt;&lt;span style=&quot;font-size: small;&quot;&gt;\u2022&lt;\/span&gt;&lt;\/span&gt;&lt;b&gt; Material: &lt;\/b&gt;bequeme Kleidung und Wasser,&lt;b&gt; &lt;\/b&gt;Stift und Notizbuch&lt;b&gt; &lt;\/b&gt;&lt;span style=&quot;font-family: Roboto Mono, serif;&quot;&gt;&lt;span style=&quot;font-size: small;&quot;&gt;\u2022 &lt;\/span&gt;&lt;\/span&gt;&lt;b&gt;Geb\u00fchr: &lt;\/b&gt;Spende (Empfehlung 20\u20ac)&lt;b&gt; &lt;\/b&gt;&lt;span style=&quot;font-family: Roboto Mono, serif;&quot;&gt;&lt;span style=&quot;font-size: small;&quot;&gt;\u2022 &lt;\/span&gt;&lt;\/span&gt;&lt;b&gt;Hinweis: &lt;\/b&gt;max. 25 Teilnehmer*innen&lt;\/p&gt; &lt;p&gt;&nbsp;&lt;\/p&gt; &lt;p align=&quot;left&quot;&gt;&lt;b&gt;Acting and &lt;\/b&gt;&lt;i&gt;Futures Literacy&lt;\/i&gt;&lt;\/p&gt; &lt;p align=&quot;left&quot;&gt;Agnieszka Kleemann \/ 12 Stufen Theater&lt;\/p&gt; &lt;p align=&quot;left&quot;&gt;The workshop combines two different aspects of personal development. Drawing on classical acting, participants explore the stage of their own lives. Every day, after all, we move between different roles and situations: How do we come across to others? What do we want to reveal about ourselves? What gives us a sense of security and presence in challenging moments? The workshop is complemented by the UNESCO method of &lt;i&gt;Futures Literacy&lt;\/i&gt;. It invites us to think about the future consciously and creatively and to develop new narratives for our lives and work. Together, we create visions of possible futures without simply reproducing old limitations. We rethink and explore which tools, ways of thinking and shifts in perspective can help generate new ideas and open up new possibilities for action. The workshop is conceived as a shared space for learning, experience and experimentation.&lt;\/p&gt; &lt;p align=&quot;left&quot;&gt;&lt;b&gt;Location:&lt;\/b&gt; Groove Dance Studio \u2022 &lt;b&gt;Language(s):&lt;\/b&gt; German \u2022 &lt;b&gt;Materials:&lt;\/b&gt; Comfortable clothing and water, pen and notebook \u2022 &lt;b&gt;Fee:&lt;\/b&gt; Donation (suggested \u20ac20) \u2022 &lt;b&gt;Note:&lt;\/b&gt; Max. 25 participants&lt;\/p&gt; \",\r\n            \"image\": \"https:\/\/iftf-frankfurt.com\/wp-content\/uploads\/sites\/2\/AgnieszkaKleemann_JuliaPoyant.png\",\r\n            \"name\": \"Schauspiel und &lt;i&gt;Futures Literacy&lt;\/i&gt;\",\r\n            \"url\": \"https:\/\/iftf-frankfurt.com\/en\/events\/schauspiel-und-futures-literacy\/\"\r\n        }\r\n        <\/script>\r\n                            <article  data-href=\"https:\/\/iftf-frankfurt.com\/en\/events\/schauspiel-und-futures-literacy\/\" data-target=\"m1\" style=\"background:#785019 url('https:\/\/iftf-frankfurt.com\/wp-content\/uploads\/sites\/2\/AgnieszkaKleemann_JuliaPoyant-300x400.png')\" class=\" mec-event-article mec-tile-item  mec-clear   \">\r\n                                                                        <div class=\"event-tile-view-head clearfix\">\r\n                                                            <div class=\"mec-event-month\"><span class=\"mec-start-date-label\" itemprop=\"startDate\">15 Sep<\/span><\/div>\r\n                                                        <div class=\"mec-event-time\"><i class=\"mec-sl-clock\"><\/i>10:00<\/div>\r\n                        <\/div>\r\n                        <div class=\"mec-event-content\" data-target=\"m1\" data-event-id=\"26286\">\r\n                            <a href=\"https:\/\/iftf-frankfurt.com\/en\/events\/schauspiel-und-futures-literacy\/\" target=\"m1\" class=\"mec-tile-into-content-link\"><\/a>                            <div class=\"mec-tile-event-content\">\r\n                                <div class=\"mec-event-detail\">\r\n                                                                                                            <span class=\"mec-event-loc-place\"><i class=\"mec-sl-location-pin\"><\/i>GROOVE DANCE STUDIO<\/span>                                                                    <\/div>\r\n                                                                <h4 class=\"mec-event-title\"><a class=\"mec-color-hover\"  data-event-id=\"26286\" href=\"https:\/\/iftf-frankfurt.com\/en\/events\/schauspiel-und-futures-literacy\/\" target=\"m1\" rel=\"noopener\">Schauspiel und <i>Futures Literacy<\/i><\/a><\/h4>\r\n                                                            <\/div>\r\n                        <\/div>\r\n                    <\/article>\r\n                <\/div>            <div class=\"col-md-4 col-sm-4\">        <script type=\"application\/ld+json\">\r\n        {\r\n            \"@context\": \"http:\/\/schema.org\",\r\n            \"@type\": \"Event\",\r\n            \"eventStatus\": \"https:\/\/schema.org\/EventScheduled\",\r\n            \"startDate\": \"2026-09-15\",\r\n            \"endDate\": \"2026-09-15\",\r\n            \"eventAttendanceMode\": \"https:\/\/schema.org\/OfflineEventAttendanceMode\",\r\n            \"location\":\r\n            {\r\n                \"@type\": \"Place\",\r\n                                \"name\": \"ATELIER DIASPORA\",\r\n                \"image\": \"\",\r\n                \"address\": \"Orber Stra\u00dfe 24, 60386 Frankfurt am Main\"\r\n                            },\r\n            \"organizer\":\r\n            {\r\n                \"@type\": \"Person\",\r\n                \"name\": \"\",\r\n                \"url\": \"\"\r\n            },\r\n            \"offers\":\r\n            {\r\n                \"url\": \"https:\/\/iftf-frankfurt.com\/en\/events\/storytelling-und-weibliche-narrative\/\",\r\n                \"price\": \"\",\r\n                \"priceCurrency\": \"USD\",\r\n                \"availability\": \"https:\/\/schema.org\/InStock\",\r\n                \"validFrom\": \"2026-09-15T00:00\"\r\n            },\r\n            \"performer\": \"\",\r\n            \"description\": \"&lt;p align=&quot;left&quot;&gt;&lt;span style=&quot;font-size: small;&quot;&gt;&#8220;ENG below&#8221;&lt;\/span&gt;&lt;\/p&gt; &lt;p align=&quot;left&quot;&gt;&lt;span style=&quot;font-size: small;&quot;&gt;Nanda Ben Chaabane&lt;\/span&gt;&lt;\/p&gt; &lt;p align=&quot;left&quot;&gt;&lt;span style=&quot;font-family: Arial, sans-serif;&quot;&gt;&lt;span style=&quot;font-size: small;&quot;&gt;Was passiert, wenn wir unserer inneren Hexe eine Stimme geben? In diesem Workshop erkunden wir mit K\u00f6rper, Humor und Storytelling pers\u00f6nliche und kollektive Geschichten von Kraft, Widerst\u00e4ndigkeit und Selbsterm\u00e4chtigung. Mit \u00dcbungen aus Improvisation, K\u00f6rper- und Stimmarbeit, Bewegung und Clownerie suchen wir nach dem, was in uns geh\u00f6rt, erz\u00e4hlt, herausgeschrien oder vielleicht auch verlacht werden will. Aus eigenen Erfahrungen und gemeinsamen Geschichten entstehen kleine Performance-Momente. Dabei geht es nicht um \u201erichtiges\u201c Schauspiel, sondern um Pr\u00e4senz, Spielfreude und Begegnung &#8211; und um einen Raum, in dem Verletzlichkeit ebenso Platz haben darf wie Wildheit, Wut, Sinnlichkeit und Humor.&lt;\/span&gt;&lt;\/span&gt;&lt;\/p&gt; &lt;p align=&quot;left&quot;&gt;&lt;span style=&quot;font-family: Arial, sans-serif;&quot;&gt;&lt;span style=&quot;font-size: small;&quot;&gt;&lt;b&gt;Ort: &lt;\/b&gt;Atelier Di\u00e1spora \u2022 &lt;b&gt;Sprache(n): &lt;\/b&gt;Deutsch \u2022&lt;b&gt; Material: &lt;\/b&gt;bequeme Kleidung und Wasser&lt;b&gt; &lt;\/b&gt;\u2022 &lt;b&gt;Geb\u00fchr: &lt;\/b&gt;Spende (Empfehlung 20\u20ac)&lt;b&gt; &lt;\/b&gt;\u2022 &lt;b&gt;Hinweis: &lt;\/b&gt;max. 15 Teilnehmer*innen&lt;\/span&gt;&lt;\/span&gt;&lt;\/p&gt; &lt;p&gt;&nbsp;&lt;\/p&gt; &lt;p align=&quot;left&quot;&gt;&lt;span style=&quot;font-size: small;&quot;&gt;&lt;b&gt;The Inner Witch \u2013 Body, Voice &amp; Storytelling&lt;\/b&gt;&lt;\/span&gt;&lt;\/p&gt; &lt;p align=&quot;left&quot;&gt;&lt;span style=&quot;font-family: Arial, sans-serif;&quot;&gt;&lt;span style=&quot;font-size: small;&quot;&gt;Nanda Ben Chaabane&lt;\/span&gt;&lt;\/span&gt;&lt;\/p&gt; &lt;p align=&quot;left&quot;&gt;&lt;span style=&quot;font-family: Arial, sans-serif;&quot;&gt;&lt;span style=&quot;font-size: small;&quot;&gt;What happens when we give our inner witch a voice? In this workshop, we explore personal and collective stories of strength, resilience and self-empowerment through the body, humour and storytelling. Through exercises in improvisation, body and voice work, movement and clowning, we search for what in us wants to be heard, told, shouted out or perhaps even laughed at. Small performance moments emerge from personal experiences and shared stories. This is not about \u201ccorrect\u201d acting, but about presence, the joy of play and encounter \u2013 and about creating a space where vulnerability can have as much room as wildness, anger, sensuality and humour.&lt;\/span&gt;&lt;\/span&gt;&lt;\/p&gt; &lt;p align=&quot;left&quot;&gt;&lt;span style=&quot;font-family: Arial, sans-serif;&quot;&gt;&lt;span style=&quot;font-size: small;&quot;&gt;&lt;b&gt;Location:&lt;\/b&gt; Atelier Di\u00e1spora \u2022 &lt;b&gt;Language(s):&lt;\/b&gt; German \u2022 &lt;b&gt;Materials:&lt;\/b&gt; Comfortable clothing and water \u2022 &lt;b&gt;Fee:&lt;\/b&gt; Donation (suggested \u20ac20) \u2022 &lt;b&gt;Note:&lt;\/b&gt; Max. 15 participants&lt;\/span&gt;&lt;\/span&gt;&lt;\/p&gt; \",\r\n            \"image\": \"https:\/\/iftf-frankfurt.com\/wp-content\/uploads\/sites\/2\/NandaBenChaabane_AgenturMosblech.jpg\",\r\n            \"name\": \"Die innere Hexe &#8211; K\u00f6rper, Stimme &#038; Storytelling\",\r\n            \"url\": \"https:\/\/iftf-frankfurt.com\/en\/events\/storytelling-und-weibliche-narrative\/\"\r\n        }\r\n        <\/script>\r\n                            <article  data-href=\"https:\/\/iftf-frankfurt.com\/en\/events\/storytelling-und-weibliche-narrative\/\" data-target=\"m1\" style=\"background:#785019 url('https:\/\/iftf-frankfurt.com\/wp-content\/uploads\/sites\/2\/NandaBenChaabane_AgenturMosblech-300x400.jpg')\" class=\" mec-event-article mec-tile-item  mec-clear   \">\r\n                                                                        <div class=\"event-tile-view-head clearfix\">\r\n                                                            <div class=\"mec-event-month\"><span class=\"mec-start-date-label\" itemprop=\"startDate\">15 Sep<\/span><\/div>\r\n                                                        <div class=\"mec-event-time\"><i class=\"mec-sl-clock\"><\/i>10:00<\/div>\r\n                        <\/div>\r\n                        <div class=\"mec-event-content\" data-target=\"m1\" data-event-id=\"26292\">\r\n                            <a href=\"https:\/\/iftf-frankfurt.com\/en\/events\/storytelling-und-weibliche-narrative\/\" target=\"m1\" class=\"mec-tile-into-content-link\"><\/a>                            <div class=\"mec-tile-event-content\">\r\n                                <div class=\"mec-event-detail\">\r\n                                                                                                            <span class=\"mec-event-loc-place\"><i class=\"mec-sl-location-pin\"><\/i>ATELIER DIASPORA<\/span>                                                                    <\/div>\r\n                                                                <h4 class=\"mec-event-title\"><a class=\"mec-color-hover\"  data-event-id=\"26292\" href=\"https:\/\/iftf-frankfurt.com\/en\/events\/storytelling-und-weibliche-narrative\/\" target=\"m1\" rel=\"noopener\">Die innere Hexe &#8211; K\u00f6rper, Stimme &#038; Storytelling<\/a><\/h4>\r\n                                                            <\/div>\r\n                        <\/div>\r\n                    <\/article>\r\n                <\/div><\/div>            <div class=\"row\"><div class=\"col-md-4 col-sm-4\">        <script type=\"application\/ld+json\">\r\n        {\r\n            \"@context\": \"http:\/\/schema.org\",\r\n            \"@type\": \"Event\",\r\n            \"eventStatus\": \"https:\/\/schema.org\/EventScheduled\",\r\n            \"startDate\": \"2026-09-15\",\r\n            \"endDate\": \"2026-09-15\",\r\n            \"eventAttendanceMode\": \"https:\/\/schema.org\/OfflineEventAttendanceMode\",\r\n            \"location\":\r\n            {\r\n                \"@type\": \"Place\",\r\n                                \"name\": \"ATELIER DIASPORA\",\r\n                \"image\": \"\",\r\n                \"address\": \"Orber Stra\u00dfe 24, 60386 Frankfurt am Main\"\r\n                            },\r\n            \"organizer\":\r\n            {\r\n                \"@type\": \"Person\",\r\n                \"name\": \"\",\r\n                \"url\": \"\"\r\n            },\r\n            \"offers\":\r\n            {\r\n                \"url\": \"https:\/\/iftf-frankfurt.com\/en\/events\/dance-with-your-baby\/\",\r\n                \"price\": \"\",\r\n                \"priceCurrency\": \"USD\",\r\n                \"availability\": \"https:\/\/schema.org\/InStock\",\r\n                \"validFrom\": \"2026-09-15T00:00\"\r\n            },\r\n            \"performer\": \"\",\r\n            \"description\": \"&lt;p align=&quot;left&quot;&gt;&lt;span style=&quot;font-size: small;&quot;&gt;&#8220;ENG below&#8221;&lt;\/span&gt;&lt;\/p&gt; &lt;p align=&quot;left&quot;&gt;Yun Tian (Emma)&lt;\/p&gt; &lt;p align=&quot;left&quot;&gt;Bringt euer Baby (6\u201318 Monate) und eure sanfte Kraft mit, denn dieser Workshop l\u00e4dt dazu ein, sich z\u00e4rtlich, freudvoll und in leiser Rebellion zu bewegen. Wir beginnen damit, Spannungen im Nacken, in den Schultern und im Geist loszulassen und begeben uns in einfache, erdende Bewegungen hinein, w\u00e4hrend wir das Baby nah bei uns halten. W\u00e4hrend das Kleine deinen Rhythmus und deine W\u00e4rme sp\u00fcrt, wiegst, beugst und drehst du dich \u2013 auch ganz ohne Tanzerfahrung. Gemeinsam schaffen wir einen geteilten Rhythmus: sanfte Schritte, K\u00fcsse auf die Stirn und liebevolle Fistbumps mit den F\u00e4usten der Kleinen. Komm, wie du bist und bewege dich, wie du dich f\u00fchlst. Lass uns Sanftheit als St\u00e4rke zur\u00fcckerobern, einen geteilten Rhythmus aus Freude, Ersch\u00f6pfung und Liebe schaffen und Care-Arbeit als etwas Wichtiges feiern \u2013 Beat f\u00fcr Beat und (Baby-)Schritt f\u00fcr (Baby-)Schritt.&lt;\/p&gt; &lt;p align=&quot;left&quot;&gt;&lt;b&gt;Ort&lt;\/b&gt; Atelier Di\u00e1spora \u2022 &lt;b&gt;Sprache(n):&lt;\/b&gt; Englisch \u2022 &lt;b&gt;Material:&lt;\/b&gt; bequeme Kleidung und Wasser, je nach Bedarf Babytrage(-tuch) zum gemeinsamen Tanzen \u2022 &lt;b&gt;Geb\u00fchr:&lt;\/b&gt; Kostenlos \u2022 &lt;b&gt;Hinweis:&lt;\/b&gt; Max. 15 Teilnehmer*innen \u2022 &lt;b&gt;Zielgruppe:&lt;\/b&gt; Menschen aller Geschlechter mit Care-Verantwortung und Babys im Alter von 6-18 Monaten.&lt;\/p&gt; &lt;p&gt;&nbsp;&lt;\/p&gt; &lt;p align=&quot;left&quot;&gt;&lt;b&gt;Dance with your Baby&lt;\/b&gt;&lt;\/p&gt; &lt;p align=&quot;left&quot;&gt;Yun Tian (Emma)&lt;\/p&gt; &lt;p align=&quot;left&quot;&gt;Bring your baby (6\u201318 months) and your gentle strength, because this workshop invites you to move with tenderness, joy and quiet rebellion. We begin by releasing tension in the neck, shoulders and mind and move into simple, grounding movements while keeping the baby close. As your little one feels your rhythm and warmth, you sway, bend and turn \u2013 no dance experience necessary. Together, we create a shared rhythm: gentle steps, kisses on the forehead and loving fist bumps with tiny fists. Come as you are and move as you feel. Let\u2019s reclaim gentleness as strength, create a shared rhythm of joy, exhaustion and love, and celebrate care work as something that matters \u2013 beat by beat and (baby) step by (baby) step.&lt;\/p&gt; &lt;p align=&quot;left&quot;&gt;&lt;b&gt;Location:&lt;\/b&gt; Atelier Di\u00e1spora \u2022 &lt;b&gt;Language(s):&lt;\/b&gt; English \u2022 &lt;b&gt;Materials:&lt;\/b&gt; Comfortable clothing and water; if needed, a baby carrier or sling for dancing together \u2022 &lt;b&gt;Fee:&lt;\/b&gt; Free \u2022 &lt;b&gt;Note:&lt;\/b&gt; Max. 15 participants \u2022 &lt;b&gt;Target group:&lt;\/b&gt; People of all genders with caring responsibilities and babies aged 6\u201318 months&lt;\/p&gt; \",\r\n            \"image\": \"https:\/\/iftf-frankfurt.com\/wp-content\/uploads\/sites\/2\/IMG-20260817-WA0000.jpg\",\r\n            \"name\": \"Dance with your Baby\",\r\n            \"url\": \"https:\/\/iftf-frankfurt.com\/en\/events\/dance-with-your-baby\/\"\r\n        }\r\n        <\/script>\r\n                            <article  data-href=\"https:\/\/iftf-frankfurt.com\/en\/events\/dance-with-your-baby\/\" data-target=\"m1\" style=\"background:#785019 url('https:\/\/iftf-frankfurt.com\/wp-content\/uploads\/sites\/2\/IMG-20260817-WA0000-300x400.jpg')\" class=\" mec-event-article mec-tile-item  mec-clear   \">\r\n                                                                        <div class=\"event-tile-view-head clearfix\">\r\n                                                            <div class=\"mec-event-month\"><span class=\"mec-start-date-label\" itemprop=\"startDate\">15 Sep<\/span><\/div>\r\n                                                        <div class=\"mec-event-time\"><i class=\"mec-sl-clock\"><\/i>15:00<\/div>\r\n                        <\/div>\r\n                        <div class=\"mec-event-content\" data-target=\"m1\" data-event-id=\"26296\">\r\n                            <a href=\"https:\/\/iftf-frankfurt.com\/en\/events\/dance-with-your-baby\/\" target=\"m1\" class=\"mec-tile-into-content-link\"><\/a>                            <div class=\"mec-tile-event-content\">\r\n                                <div class=\"mec-event-detail\">\r\n                                                                                                            <span class=\"mec-event-loc-place\"><i class=\"mec-sl-location-pin\"><\/i>ATELIER DIASPORA<\/span>                                                                    <\/div>\r\n                                                                <h4 class=\"mec-event-title\"><a class=\"mec-color-hover\"  data-event-id=\"26296\" href=\"https:\/\/iftf-frankfurt.com\/en\/events\/dance-with-your-baby\/\" target=\"m1\" rel=\"noopener\">Dance with your Baby<\/a><\/h4>\r\n                                                            <\/div>\r\n                        <\/div>\r\n                    <\/article>\r\n                <\/div>            <div class=\"col-md-4 col-sm-4\">        <script type=\"application\/ld+json\">\r\n        {\r\n            \"@context\": \"http:\/\/schema.org\",\r\n            \"@type\": \"Event\",\r\n            \"eventStatus\": \"https:\/\/schema.org\/EventScheduled\",\r\n            \"startDate\": \"2026-09-15\",\r\n            \"endDate\": \"2026-09-15\",\r\n            \"eventAttendanceMode\": \"https:\/\/schema.org\/OfflineEventAttendanceMode\",\r\n            \"location\":\r\n            {\r\n                \"@type\": \"Place\",\r\n                                \"name\": \"Jurte\",\r\n                \"image\": \"\",\r\n                \"address\": \"Orber Stra\u00dfe 57, 60386 Frankfurt am Main\"\r\n                            },\r\n            \"organizer\":\r\n            {\r\n                \"@type\": \"Person\",\r\n                \"name\": \"\",\r\n                \"url\": \"\"\r\n            },\r\n            \"offers\":\r\n            {\r\n                \"url\": \"https:\/\/iftf-frankfurt.com\/en\/events\/textile-beings\/\",\r\n                \"price\": \"\",\r\n                \"priceCurrency\": \"USD\",\r\n                \"availability\": \"https:\/\/schema.org\/InStock\",\r\n                \"validFrom\": \"2026-09-15T00:00\"\r\n            },\r\n            \"performer\": \"\",\r\n            \"description\": \"&lt;p align=&quot;left&quot;&gt;&lt;span style=&quot;font-size: small;&quot;&gt;&#8220;ENG below&#8221;&lt;\/span&gt;&lt;\/p&gt; &lt;p align=&quot;left&quot;&gt;&lt;span style=&quot;font-family: Arial, sans-serif;&quot;&gt;&lt;span style=&quot;font-size: small;&quot;&gt;Caroline Bang&lt;\/span&gt;&lt;\/span&gt;&lt;\/p&gt; &lt;p align=&quot;left&quot;&gt;&lt;span style=&quot;font-family: Arial, sans-serif;&quot;&gt;&lt;span style=&quot;font-size: small;&quot;&gt;Ein partizipativer Workshop und eine Ausstellung, die sich st\u00e4ndig weiterentwickelt. Wir erforschen unsere pers\u00f6nliche, politische und generationen\u00fcbergreifende Beziehung zu Textilien: Du bist eingeladen, ein Textilportr\u00e4t aus Stoffresten zu gestalten, die du anhand von f\u00fcnf Leitfragen \u00fcber deine Beziehung zu Kleidung ausw\u00e4hlst. Du ordnest die St\u00fccke zu einer Komposition an und n\u00e4hst sie von Hand zusammen. W\u00e4hrend wir gemeinsam n\u00e4hen, entfaltet sich rund um den Tisch ein moderiertes Gespr\u00e4ch, in dem pers\u00f6nliche Geschichten, haptische Erinnerungen und Reflexionen \u00fcber die Arbeit mit Textilien miteinander verwoben werden. Nach dem Workshop wird das gemeinsam entstandene Textilwerk auf dem Festivalgel\u00e4nde ausgestellt.&lt;br \/&gt; &lt;\/span&gt;&lt;\/span&gt;&lt;\/p&gt; &lt;p align=&quot;left&quot;&gt;&lt;span style=&quot;font-family: Arial, sans-serif;&quot;&gt;&lt;span style=&quot;font-size: small;&quot;&gt;&lt;b&gt;Ort: &lt;\/b&gt;Jurte \u2022 &lt;b&gt;Sprache(n): &lt;\/b&gt;Englisch\/ Deutsch \u2022&lt;b&gt; Material: &lt;\/b&gt;bequeme Kleidung und Wasser \u2022 &lt;b&gt;Geb\u00fchr: &lt;\/b&gt;kostenlos&lt;b&gt; &lt;\/b&gt;\u2022 &lt;b&gt;Hinweis: &lt;\/b&gt;max. 20 Teilnehmer*innen \u2022 &lt;b&gt;Zielgruppe: &lt;\/b&gt;alle ab 10 Jahren&lt;\/span&gt;&lt;\/span&gt;&lt;\/p&gt; &lt;p&gt;&nbsp;&lt;\/p&gt; &lt;p align=&quot;left&quot;&gt;&lt;strong&gt;&lt;span style=&quot;font-size: small;&quot;&gt;Textile Beings&lt;\/span&gt;&lt;\/strong&gt;&lt;\/p&gt; &lt;p align=&quot;left&quot;&gt;&lt;span style=&quot;font-size: small;&quot;&gt;Caroline Bang&lt;\/span&gt;&lt;\/p&gt; &lt;p align=&quot;left&quot;&gt;&lt;span style=&quot;font-size: small;&quot;&gt;A participatory workshop and an exhibition that is constantly evolving. We explore our personal, political and intergenerational relationship with textiles: You are invited to create a textile portrait from fabric scraps that you select in response to five guiding questions about your relationship with clothing. You arrange the pieces into a composition and sew them together by hand. As we sew together, a facilitated conversation unfolds around the table, weaving together personal stories, tactile memories and reflections on working with textiles. After the workshop, the collaboratively created textile artwork will be exhibited on the festival grounds.&lt;\/span&gt;&lt;\/p&gt; &lt;p align=&quot;left&quot;&gt;&lt;span style=&quot;font-size: small;&quot;&gt;&lt;b&gt;Location:&lt;\/b&gt; Yurte \u2022 &lt;b&gt;Language(s):&lt;\/b&gt; English\/German \u2022 &lt;b&gt;Materials:&lt;\/b&gt; Comfortable clothing and water \u2022 &lt;b&gt;Fee:&lt;\/b&gt; Free \u2022 &lt;b&gt;Note:&lt;\/b&gt; Max. 20 participants \u2022 &lt;b&gt;Target group:&lt;\/b&gt; Everyone aged 10 and over&lt;\/span&gt;&lt;\/p&gt; \",\r\n            \"image\": \"https:\/\/iftf-frankfurt.com\/wp-content\/uploads\/sites\/2\/Textile-Beings-picture-compressed-2-scaled.jpg\",\r\n            \"name\": \"Textile Beings\",\r\n            \"url\": \"https:\/\/iftf-frankfurt.com\/en\/events\/textile-beings\/\"\r\n        }\r\n        <\/script>\r\n                            <article  data-href=\"https:\/\/iftf-frankfurt.com\/en\/events\/textile-beings\/\" data-target=\"m1\" style=\"background:#775c37 url('https:\/\/iftf-frankfurt.com\/wp-content\/uploads\/sites\/2\/Textile-Beings-picture-compressed-2-300x400.jpg')\" class=\" mec-event-article mec-tile-item  mec-clear   \">\r\n                                                                        <div class=\"event-tile-view-head clearfix\">\r\n                                                            <div class=\"mec-event-month\"><span class=\"mec-start-date-label\" itemprop=\"startDate\">15 Sep<\/span><\/div>\r\n                                                        <div class=\"mec-event-time\"><i class=\"mec-sl-clock\"><\/i>17:00<\/div>\r\n                        <\/div>\r\n                        <div class=\"mec-event-content\" data-target=\"m1\" data-event-id=\"26305\">\r\n                            <a href=\"https:\/\/iftf-frankfurt.com\/en\/events\/textile-beings\/\" target=\"m1\" class=\"mec-tile-into-content-link\"><\/a>                            <div class=\"mec-tile-event-content\">\r\n                                <div class=\"mec-event-detail\">\r\n                                                                                                            <span class=\"mec-event-loc-place\"><i class=\"mec-sl-location-pin\"><\/i>Jurte<\/span>                                                                    <\/div>\r\n                                                                <h4 class=\"mec-event-title\"><a class=\"mec-color-hover\"  data-event-id=\"26305\" href=\"https:\/\/iftf-frankfurt.com\/en\/events\/textile-beings\/\" target=\"m1\" rel=\"noopener\">Textile Beings<\/a><\/h4>\r\n                                                            <\/div>\r\n                        <\/div>\r\n                    <\/article>\r\n                <\/div>                    <div class=\"col-md-4 col-sm-4\">        <script type=\"application\/ld+json\">\r\n        {\r\n            \"@context\": \"http:\/\/schema.org\",\r\n            \"@type\": \"Event\",\r\n            \"eventStatus\": \"https:\/\/schema.org\/EventScheduled\",\r\n            \"startDate\": \"2026-09-16\",\r\n            \"endDate\": \"2026-09-16\",\r\n            \"eventAttendanceMode\": \"https:\/\/schema.org\/OfflineEventAttendanceMode\",\r\n            \"location\":\r\n            {\r\n                \"@type\": \"Place\",\r\n                                \"name\": \"GROOVE DANCE STUDIO\",\r\n                \"image\": \"\",\r\n                \"address\": \"W\u00e4chtersbacher Str. 76, 60386 Frankfurt am Main\"\r\n                            },\r\n            \"organizer\":\r\n            {\r\n                \"@type\": \"Person\",\r\n                \"name\": \"\",\r\n                \"url\": \"\"\r\n            },\r\n            \"offers\":\r\n            {\r\n                \"url\": \"https:\/\/iftf-frankfurt.com\/en\/events\/light-and-shadow\/\",\r\n                \"price\": \"\",\r\n                \"priceCurrency\": \"USD\",\r\n                \"availability\": \"https:\/\/schema.org\/InStock\",\r\n                \"validFrom\": \"2026-09-16T00:00\"\r\n            },\r\n            \"performer\": \"\",\r\n            \"description\": \"&lt;p align=&quot;left&quot;&gt;&lt;span style=&quot;font-size: small;&quot;&gt;&#8220;ENG below&#8221;&lt;\/span&gt;&lt;\/p&gt; &lt;p align=&quot;left&quot;&gt;&lt;span style=&quot;font-family: Arial, sans-serif;&quot;&gt;&lt;span style=&quot;font-size: small;&quot;&gt;Marg\u00f3 Paciotti\/ Ondadurto Teatro&lt;\/span&gt;&lt;\/span&gt;&lt;\/p&gt; &lt;p align=&quot;left&quot;&gt;&lt;span style=&quot;font-family: Arial, sans-serif;&quot;&gt;&lt;span style=&quot;font-size: small;&quot;&gt;Ein intensiver Workshop zur Erkundung von physischem Theater und Tanz, konzipiert f\u00fcr T\u00e4nzer*innen und Schauspieler*innen, die sich im Bereich der zeitgen\u00f6ssischen darstellenden K\u00fcnste beruflich weiterentwickeln wollen. Zusammen erkunden wir die Welt der \u201eOpera Lirica\u201c. Kann eine Arie zur Partitur f\u00fcr abstrakte Bewegung werden? Lassen sich die Heldinnen des Melodramas mit zeitgen\u00f6ssischen Themen in Verbindung bringen? Der Workshop zeigt, wie Tradition und Gegenwart miteinander verkn\u00fcpft sind, und setzt sich dabei mit gesellschaftlichen Themen auseinander, denen sich die Kunst heute stellen muss.&lt;\/span&gt;&lt;\/span&gt;&lt;\/p&gt; &lt;p align=&quot;left&quot;&gt;&lt;span style=&quot;font-family: Arial, sans-serif;&quot;&gt;&lt;span style=&quot;font-size: small;&quot;&gt;&lt;b&gt;Ort: &lt;\/b&gt;Groove Dance Studio&lt;b&gt; &lt;\/b&gt;\u2022 &lt;b&gt;Sprache(n): &lt;\/b&gt;Englisch\/ Italienisch\u2022&lt;b&gt; Material: &lt;\/b&gt;bequeme Kleidung und Wasser \u2022 &lt;b&gt;Geb\u00fchr: &lt;\/b&gt;Spende (Empfehlung 60\u20ac)&lt;b&gt; &lt;\/b&gt;\u2022 &lt;b&gt;Hinweis: &lt;\/b&gt;max. 25 Teilnehmer*innen. Die dazugeh\u00f6rige Pr\u00e4sentation der im Workshop entstandenen Beitr\u00e4ge der Teilnehmer*innen findet am Samstag, 19.09., im Rahmen des IF*TF-Symposiums statt \u2022 &lt;b&gt;Zielgruppe: &lt;\/b&gt;Darsteller*innen, T\u00e4nzer*innen und Schauspieler*innen, die daran interessiert sind, ihre k\u00fcnstlerischen F\u00e4higkeiten und Fertigkeiten weiterzuentwickeln.&lt;\/span&gt;&lt;\/span&gt;&lt;\/p&gt; &lt;p&gt;&nbsp;&lt;\/p&gt; &lt;p align=&quot;left&quot;&gt;&lt;span style=&quot;font-family: Arial, sans-serif;&quot;&gt;&lt;span style=&quot;font-size: small;&quot;&gt;&lt;b&gt;Light and Shadow&lt;\/b&gt;&lt;\/span&gt;&lt;\/span&gt;&lt;\/p&gt; &lt;p align=&quot;left&quot;&gt;&lt;span style=&quot;font-family: Arial, sans-serif;&quot;&gt;&lt;span style=&quot;font-size: small;&quot;&gt;Marg\u00f3 Paciotti \/ Ondadurto Teatro&lt;\/span&gt;&lt;\/span&gt;&lt;\/p&gt; &lt;p align=&quot;left&quot;&gt;&lt;span style=&quot;font-family: Arial, sans-serif;&quot;&gt;&lt;span style=&quot;font-size: small;&quot;&gt;An intensive workshop exploring physical theatre and dance, designed for dancers and actors who want to further develop professionally in the field of contemporary performing arts. Together, we explore the world of &lt;i&gt;Opera Lirica&lt;\/i&gt;. Can an aria become a score for abstract movement? Can the heroines of melodrama be connected to contemporary themes? The workshop explores how tradition and the present can be interwoven while engaging with social issues that art must confront today.&lt;\/span&gt;&lt;\/span&gt;&lt;\/p&gt; &lt;p align=&quot;left&quot;&gt;&lt;span style=&quot;font-family: Arial, sans-serif;&quot;&gt;&lt;span style=&quot;font-size: small;&quot;&gt;&lt;b&gt;Location:&lt;\/b&gt; Groove Dance Studio \u2022 &lt;b&gt;Language(s):&lt;\/b&gt; English\/Italian \u2022 &lt;b&gt;Materials:&lt;\/b&gt; Comfortable clothing and water \u2022 &lt;b&gt;Fee:&lt;\/b&gt; Donation (suggested \u20ac60) \u2022 &lt;b&gt;Note:&lt;\/b&gt; Max. 25 participants. A presentation of the participants\u2019 work created during the workshop will take place on Saturday, 19 September, as part of the IF*TF Symposium \u2022 &lt;b&gt;Target group:&lt;\/b&gt; Performers, dancers and actors interested in further developing their artistic skills and abilities.&lt;\/span&gt;&lt;\/span&gt;&lt;\/p&gt; \",\r\n            \"image\": \"https:\/\/iftf-frankfurt.com\/wp-content\/uploads\/sites\/2\/Light-and-Shadow.jpg\",\r\n            \"name\": \"Light and Shadow\",\r\n            \"url\": \"https:\/\/iftf-frankfurt.com\/en\/events\/light-and-shadow\/\"\r\n        }\r\n        <\/script>\r\n                            <article  data-href=\"https:\/\/iftf-frankfurt.com\/en\/events\/light-and-shadow\/\" data-target=\"m1\" style=\"background:#785019 url('https:\/\/iftf-frankfurt.com\/wp-content\/uploads\/sites\/2\/Light-and-Shadow-300x400.jpg')\" class=\" mec-event-article mec-tile-item  mec-clear   \">\r\n                                                                        <div class=\"event-tile-view-head clearfix\">\r\n                                                            <div class=\"mec-event-month\"><span class=\"mec-start-date-label\" itemprop=\"startDate\">16 Sep<\/span><\/div>\r\n                                                        <div class=\"mec-event-time\"><i class=\"mec-sl-clock\"><\/i>10:00<\/div>\r\n                        <\/div>\r\n                        <div class=\"mec-event-content\" data-target=\"m1\" data-event-id=\"26317\">\r\n                            <a href=\"https:\/\/iftf-frankfurt.com\/en\/events\/light-and-shadow\/\" target=\"m1\" class=\"mec-tile-into-content-link\"><\/a>                            <div class=\"mec-tile-event-content\">\r\n                                <div class=\"mec-event-detail\">\r\n                                                                                                            <span class=\"mec-event-loc-place\"><i class=\"mec-sl-location-pin\"><\/i>GROOVE DANCE STUDIO<\/span>                                                                    <\/div>\r\n                                                                <h4 class=\"mec-event-title\"><a class=\"mec-color-hover\"  data-event-id=\"26317\" href=\"https:\/\/iftf-frankfurt.com\/en\/events\/light-and-shadow\/\" target=\"m1\" rel=\"noopener\">Light and Shadow<\/a><\/h4>\r\n                                                            <\/div>\r\n                        <\/div>\r\n                    <\/article>\r\n                <\/div><\/div>            <div class=\"row\"><div class=\"col-md-4 col-sm-4\">        <script type=\"application\/ld+json\">\r\n        {\r\n            \"@context\": \"http:\/\/schema.org\",\r\n            \"@type\": \"Event\",\r\n            \"eventStatus\": \"https:\/\/schema.org\/EventScheduled\",\r\n            \"startDate\": \"2026-09-16\",\r\n            \"endDate\": \"2026-09-16\",\r\n            \"eventAttendanceMode\": \"https:\/\/schema.org\/OfflineEventAttendanceMode\",\r\n            \"location\":\r\n            {\r\n                \"@type\": \"Place\",\r\n                                \"name\": \"Schwimmhalle Goethe-Universit\u00e4t Frankfurt\",\r\n                \"image\": \"\",\r\n                \"address\": \"Ginnheimer Landstra\u00dfe 39, 60487 Frankfurt\"\r\n                            },\r\n            \"organizer\":\r\n            {\r\n                \"@type\": \"Person\",\r\n                \"name\": \"\",\r\n                \"url\": \"\"\r\n            },\r\n            \"offers\":\r\n            {\r\n                \"url\": \"https:\/\/iftf-frankfurt.com\/en\/events\/fluid-wisdoms-somatics-and-feminine-ecoperformance-in-the-hidrocene\/\",\r\n                \"price\": \"\",\r\n                \"priceCurrency\": \"USD\",\r\n                \"availability\": \"https:\/\/schema.org\/InStock\",\r\n                \"validFrom\": \"2026-09-16T00:00\"\r\n            },\r\n            \"performer\": \"\",\r\n            \"description\": \"&lt;p align=&quot;left&quot;&gt;&lt;span style=&quot;font-size: small;&quot;&gt;&#8220;ENG below&#8221;&lt;\/span&gt;&lt;\/p&gt; &lt;p style=&quot;text-align: left;&quot; align=&quot;center&quot;&gt;&lt;span style=&quot;font-size: small;&quot;&gt;Prof. Dr. Ciane Fernandes&lt;\/span&gt;&lt;\/p&gt; &lt;p align=&quot;left&quot;&gt;&lt;span style=&quot;font-size: small;&quot;&gt;In diesem Workshop erkunden wir &lt;\/span&gt;&lt;span style=&quot;font-size: small;&quot;&gt;&lt;b&gt;\u201eMerger as Research\u201c im Schwimmbad&lt;\/b&gt;&lt;\/span&gt;&lt;span style=&quot;font-size: small;&quot;&gt;, eine Bewegungs- und somatische Praxis, die die K\u00fcnstlerin aus ihren Erfahrungen im Meer entwickelt hat. Der Workshop verbindet Bewegung, K\u00f6rperwahrnehmung, Freediving, Meereskultur und \u00f6kologische Perspektiven. Durch sanfte Bewegungs\u00fcbungen und k\u00f6rperbasierte Praktiken erforschen die Teilnehmenden, wie wir unseren K\u00f6rper wahrnehmen, uns mit anderen verbinden und in Beziehung zur mehr-als-menschlichen Welt treten. Das Wasser wird zu einem Raum des Sp\u00fcrens, Imaginierens und Transformierens und l\u00e4dt dazu ein, neue Formen von Bewegung, gegenseitiger Unterst\u00fctzung und Verbundenheit zu erfahren. Der Workshop ist offen f\u00fcr Menschen mit unterschiedlichen K\u00f6rpern und F\u00e4higkeiten und setzt sich mit Barrierefreiheit, Umweltgerechtigkeit und Disability Justice auseinander. Es sind keine Vorkenntnisse erforderlich und die Teilnehmenden m\u00fcssen nicht schwimmen k\u00f6nnen. Alle sind eingeladen, unter Wasser ihre eigenen Formen des Bewegens, Sp\u00fcrens und kreativen Ausdrucks zu entdecken \u2013 individuell und gemeinsam.&lt;\/span&gt;&lt;\/p&gt; &lt;p align=&quot;left&quot;&gt;&lt;span style=&quot;font-size: small;&quot;&gt;&lt;b&gt;Ort: &lt;\/b&gt;&lt;\/span&gt;&lt;span style=&quot;font-size: small;&quot;&gt;Schwimmhalle Goethe-Universit\u00e4t Frankfurt, Ginnheimer Landstra\u00dfe 39, 60487 Frankfurt &lt;\/span&gt;&lt;span style=&quot;font-family: Roboto Mono, serif;&quot;&gt;&lt;span style=&quot;font-size: small;&quot;&gt;\u2022 &lt;\/span&gt;&lt;\/span&gt;&lt;span style=&quot;font-size: small;&quot;&gt;&lt;b&gt;Sprache(n): &lt;\/b&gt;&lt;\/span&gt;&lt;span style=&quot;font-size: small;&quot;&gt;Englisch &lt;\/span&gt;&lt;span style=&quot;font-family: Roboto Mono, serif;&quot;&gt;&lt;span style=&quot;font-size: small;&quot;&gt;\u2022&lt;\/span&gt;&lt;\/span&gt;&lt;span style=&quot;font-size: small;&quot;&gt;&lt;b&gt; Material:&lt;\/b&gt;&lt;\/span&gt;&lt;span style=&quot;font-size: small;&quot;&gt; Badeanzug\/Badehose, Badekappe, ein Handtuch und\/oder einen Bademantel, Schwimmbrille, Ohrst\u00f6psel, Nasenklammer und eine Wasserflasche, um w\u00e4hrend der Aktivit\u00e4t ausreichend zu trinken. Es ist empfehlenswert, Shorts und ein T-Shirt mitzubringen, die du \u00fcber der Badekleidung tragen kannst, um damit ins Wasser zu gehen. Falls du eine Schnorchelmaske sowie Tauch- oder Schwimmflossen hast, kannst du diese ebenfalls mitbringen. Zus\u00e4tzlich kannst du ein St\u00fcck Baumwollstoff und\/oder ein Kost\u00fcm mitbringen, mit dem du im Wasser experimentieren m\u00f6chtest. Grunds\u00e4tzlich sollten Stoffe und Kost\u00fcme aus einem &lt;\/span&gt;&lt;span style=&quot;font-size: small;&quot;&gt;&lt;b&gt;leichten, wasser geeigneten &lt;\/b&gt;&lt;\/span&gt;&lt;span style=&quot;font-family: Roboto Mono, serif;&quot;&gt;&lt;span style=&quot;font-size: small;&quot;&gt;\u2022 &lt;\/span&gt;&lt;\/span&gt;&lt;span style=&quot;font-size: small;&quot;&gt;&lt;b&gt;Geb\u00fchr: &lt;\/b&gt;&lt;\/span&gt;&lt;span style=&quot;font-size: small;&quot;&gt;kostenlos&lt;\/span&gt;&lt;b&gt; &lt;\/b&gt;&lt;span style=&quot;font-family: Roboto Mono, serif;&quot;&gt;&lt;span style=&quot;font-size: small;&quot;&gt;\u2022 &lt;\/span&gt;&lt;\/span&gt;&lt;span style=&quot;font-size: small;&quot;&gt;&lt;b&gt;Hinweis: &lt;\/b&gt;&lt;\/span&gt;&lt;span style=&quot;font-size: small;&quot;&gt;max. 20 Teilnehmer*innen, Schwimmf\u00e4higkeit nicht erforderlich&lt;\/span&gt;&lt;\/p&gt; &lt;p&gt;&nbsp;&lt;\/p&gt; &lt;p style=&quot;text-align: left;&quot; align=&quot;center&quot;&gt;&lt;span style=&quot;font-size: small;&quot;&gt;Prof. Dr. Ciane Fernandes&lt;\/span&gt;&lt;\/p&gt; &lt;p align=&quot;left&quot;&gt;&lt;span style=&quot;font-size: small;&quot;&gt;In this workshop, we will explore &lt;\/span&gt;&lt;span style=&quot;font-size: small;&quot;&gt;&lt;b&gt;\u201cMerger as Research\u201d in the swimming pool&lt;\/b&gt;&lt;\/span&gt;&lt;span style=&quot;font-size: small;&quot;&gt;, a movement and somatic practice developed by the artist through her experiences in the sea. The workshop brings together movement, body awareness, freediving, ocean culture and ecological perspectives.Through gentle movement and embodied exercises, participants will explore how we listen to our bodies, connect with others and relate to the more-than-human world. Water becomes a space for sensing, imagining and transforming, inviting us to explore different ways of moving, supporting each other and experiencing interdependence. The workshop welcomes different bodies and abilities and is informed by &lt;\/span&gt;&lt;span style=&quot;font-size: small;&quot;&gt;&lt;b&gt;accessibility, environmental justice and disability justice&lt;\/b&gt;&lt;\/span&gt;&lt;span style=&quot;font-size: small;&quot;&gt;. &lt;\/span&gt;&lt;span style=&quot;font-size: small;&quot;&gt;&lt;b&gt;No previous experience is required, and participants do not need to know how to swim.&lt;\/b&gt;&lt;\/span&gt;&lt;span style=&quot;font-size: small;&quot;&gt; Everyone is invited to discover their own ways of moving, sensing and creating underwater, both individually and collectively.&lt;\/span&gt;&lt;\/p&gt; &lt;p align=&quot;left&quot;&gt;&lt;span style=&quot;font-size: small;&quot;&gt;&lt;b&gt;Location:&lt;\/b&gt; Goethe University Frankfurt swimming pool, Ginnheimer Landstra\u00dfe 39, 60487 Frankfurt \u2022 &lt;b&gt;Language(s):&lt;\/b&gt;English \u2022 &lt;b&gt;Materials:&lt;\/b&gt; Swimsuit\/swim trunks, swimming cap, a towel and\/or bathrobe, swimming goggles, earplugs, nose clip and a water bottle to stay hydrated during the activity. It is recommended to bring shorts and a T-shirt to wear over your swimwear when entering the water. If you have a snorkel mask and diving or swimming fins, you can also bring them. Additionally, you may bring a piece of &lt;b&gt;cotton fabric&lt;\/b&gt; and\/or a costume to experiment with in the water. Fabrics and costumes should generally be made of lightweight, water- suitable materials. \u2022 &lt;b&gt;Fee:&lt;\/b&gt; Free of charge \u2022 &lt;b&gt;Note:&lt;\/b&gt; Max. 20 participants; swimming ability is not required.&lt;\/span&gt;&lt;\/p&gt; \",\r\n            \"image\": \"https:\/\/iftf-frankfurt.com\/wp-content\/uploads\/sites\/2\/Ciane-Fernandes-por-Raquel-Parras.jpg\",\r\n            \"name\": \"Fluid wisdoms: Somatics and feminine ecoperformance in the Hydrocene\",\r\n            \"url\": \"https:\/\/iftf-frankfurt.com\/en\/events\/fluid-wisdoms-somatics-and-feminine-ecoperformance-in-the-hidrocene\/\"\r\n        }\r\n        <\/script>\r\n                            <article  data-href=\"https:\/\/iftf-frankfurt.com\/en\/events\/fluid-wisdoms-somatics-and-feminine-ecoperformance-in-the-hidrocene\/\" data-target=\"m1\" style=\"background:#785019 url('https:\/\/iftf-frankfurt.com\/wp-content\/uploads\/sites\/2\/Ciane-Fernandes-por-Raquel-Parras-300x400.jpg')\" class=\" mec-event-article mec-tile-item  mec-clear   \">\r\n                                                                        <div class=\"event-tile-view-head clearfix\">\r\n                                                            <div class=\"mec-event-month\"><span class=\"mec-start-date-label\" itemprop=\"startDate\">16 Sep<\/span><\/div>\r\n                                                        <div class=\"mec-event-time\"><i class=\"mec-sl-clock\"><\/i>11:00<\/div>\r\n                        <\/div>\r\n                        <div class=\"mec-event-content\" data-target=\"m1\" data-event-id=\"26495\">\r\n                            <a href=\"https:\/\/iftf-frankfurt.com\/en\/events\/fluid-wisdoms-somatics-and-feminine-ecoperformance-in-the-hidrocene\/\" target=\"m1\" class=\"mec-tile-into-content-link\"><\/a>                            <div class=\"mec-tile-event-content\">\r\n                                <div class=\"mec-event-detail\">\r\n                                                                                                            <span class=\"mec-event-loc-place\"><i class=\"mec-sl-location-pin\"><\/i>Schwimmhalle Goethe-Universit\u00e4t Frankfurt<\/span>                                                                    <\/div>\r\n                                                                <h4 class=\"mec-event-title\"><a class=\"mec-color-hover\"  data-event-id=\"26495\" href=\"https:\/\/iftf-frankfurt.com\/en\/events\/fluid-wisdoms-somatics-and-feminine-ecoperformance-in-the-hidrocene\/\" target=\"m1\" rel=\"noopener\">Fluid wisdoms: Somatics and feminine ecoperformance in the Hydrocene<\/a><\/h4>\r\n                                                            <\/div>\r\n                        <\/div>\r\n                    <\/article>\r\n                <\/div>                    <div class=\"col-md-4 col-sm-4\">        <script type=\"application\/ld+json\">\r\n        {\r\n            \"@context\": \"http:\/\/schema.org\",\r\n            \"@type\": \"Event\",\r\n            \"eventStatus\": \"https:\/\/schema.org\/EventScheduled\",\r\n            \"startDate\": \"2026-09-17\",\r\n            \"endDate\": \"2026-09-17\",\r\n            \"eventAttendanceMode\": \"https:\/\/schema.org\/OfflineEventAttendanceMode\",\r\n            \"location\":\r\n            {\r\n                \"@type\": \"Place\",\r\n                                \"name\": \"GROOVE DANCE STUDIO\",\r\n                \"image\": \"\",\r\n                \"address\": \"W\u00e4chtersbacher Str. 76, 60386 Frankfurt am Main\"\r\n                            },\r\n            \"organizer\":\r\n            {\r\n                \"@type\": \"Person\",\r\n                \"name\": \"\",\r\n                \"url\": \"\"\r\n            },\r\n            \"offers\":\r\n            {\r\n                \"url\": \"https:\/\/iftf-frankfurt.com\/en\/events\/light-and-shadow\/\",\r\n                \"price\": \"\",\r\n                \"priceCurrency\": \"USD\",\r\n                \"availability\": \"https:\/\/schema.org\/InStock\",\r\n                \"validFrom\": \"2026-09-17T00:00\"\r\n            },\r\n            \"performer\": \"\",\r\n            \"description\": \"&lt;p align=&quot;left&quot;&gt;&lt;span style=&quot;font-size: small;&quot;&gt;&#8220;ENG below&#8221;&lt;\/span&gt;&lt;\/p&gt; &lt;p align=&quot;left&quot;&gt;&lt;span style=&quot;font-family: Arial, sans-serif;&quot;&gt;&lt;span style=&quot;font-size: small;&quot;&gt;Marg\u00f3 Paciotti\/ Ondadurto Teatro&lt;\/span&gt;&lt;\/span&gt;&lt;\/p&gt; &lt;p align=&quot;left&quot;&gt;&lt;span style=&quot;font-family: Arial, sans-serif;&quot;&gt;&lt;span style=&quot;font-size: small;&quot;&gt;Ein intensiver Workshop zur Erkundung von physischem Theater und Tanz, konzipiert f\u00fcr T\u00e4nzer*innen und Schauspieler*innen, die sich im Bereich der zeitgen\u00f6ssischen darstellenden K\u00fcnste beruflich weiterentwickeln wollen. Zusammen erkunden wir die Welt der \u201eOpera Lirica\u201c. Kann eine Arie zur Partitur f\u00fcr abstrakte Bewegung werden? Lassen sich die Heldinnen des Melodramas mit zeitgen\u00f6ssischen Themen in Verbindung bringen? Der Workshop zeigt, wie Tradition und Gegenwart miteinander verkn\u00fcpft sind, und setzt sich dabei mit gesellschaftlichen Themen auseinander, denen sich die Kunst heute stellen muss.&lt;\/span&gt;&lt;\/span&gt;&lt;\/p&gt; &lt;p align=&quot;left&quot;&gt;&lt;span style=&quot;font-family: Arial, sans-serif;&quot;&gt;&lt;span style=&quot;font-size: small;&quot;&gt;&lt;b&gt;Ort: &lt;\/b&gt;Groove Dance Studio&lt;b&gt; &lt;\/b&gt;\u2022 &lt;b&gt;Sprache(n): &lt;\/b&gt;Englisch\/ Italienisch\u2022&lt;b&gt; Material: &lt;\/b&gt;bequeme Kleidung und Wasser \u2022 &lt;b&gt;Geb\u00fchr: &lt;\/b&gt;Spende (Empfehlung 60\u20ac)&lt;b&gt; &lt;\/b&gt;\u2022 &lt;b&gt;Hinweis: &lt;\/b&gt;max. 25 Teilnehmer*innen. Die dazugeh\u00f6rige Pr\u00e4sentation der im Workshop entstandenen Beitr\u00e4ge der Teilnehmer*innen findet am Samstag, 19.09., im Rahmen des IF*TF-Symposiums statt \u2022 &lt;b&gt;Zielgruppe: &lt;\/b&gt;Darsteller*innen, T\u00e4nzer*innen und Schauspieler*innen, die daran interessiert sind, ihre k\u00fcnstlerischen F\u00e4higkeiten und Fertigkeiten weiterzuentwickeln.&lt;\/span&gt;&lt;\/span&gt;&lt;\/p&gt; &lt;p&gt;&nbsp;&lt;\/p&gt; &lt;p align=&quot;left&quot;&gt;&lt;span style=&quot;font-family: Arial, sans-serif;&quot;&gt;&lt;span style=&quot;font-size: small;&quot;&gt;&lt;b&gt;Light and Shadow&lt;\/b&gt;&lt;\/span&gt;&lt;\/span&gt;&lt;\/p&gt; &lt;p align=&quot;left&quot;&gt;&lt;span style=&quot;font-family: Arial, sans-serif;&quot;&gt;&lt;span style=&quot;font-size: small;&quot;&gt;Marg\u00f3 Paciotti \/ Ondadurto Teatro&lt;\/span&gt;&lt;\/span&gt;&lt;\/p&gt; &lt;p align=&quot;left&quot;&gt;&lt;span style=&quot;font-family: Arial, sans-serif;&quot;&gt;&lt;span style=&quot;font-size: small;&quot;&gt;An intensive workshop exploring physical theatre and dance, designed for dancers and actors who want to further develop professionally in the field of contemporary performing arts. Together, we explore the world of &lt;i&gt;Opera Lirica&lt;\/i&gt;. Can an aria become a score for abstract movement? Can the heroines of melodrama be connected to contemporary themes? The workshop explores how tradition and the present can be interwoven while engaging with social issues that art must confront today.&lt;\/span&gt;&lt;\/span&gt;&lt;\/p&gt; &lt;p align=&quot;left&quot;&gt;&lt;span style=&quot;font-family: Arial, sans-serif;&quot;&gt;&lt;span style=&quot;font-size: small;&quot;&gt;&lt;b&gt;Location:&lt;\/b&gt; Groove Dance Studio \u2022 &lt;b&gt;Language(s):&lt;\/b&gt; English\/Italian \u2022 &lt;b&gt;Materials:&lt;\/b&gt; Comfortable clothing and water \u2022 &lt;b&gt;Fee:&lt;\/b&gt; Donation (suggested \u20ac60) \u2022 &lt;b&gt;Note:&lt;\/b&gt; Max. 25 participants. A presentation of the participants\u2019 work created during the workshop will take place on Saturday, 19 September, as part of the IF*TF Symposium \u2022 &lt;b&gt;Target group:&lt;\/b&gt; Performers, dancers and actors interested in further developing their artistic skills and abilities.&lt;\/span&gt;&lt;\/span&gt;&lt;\/p&gt; \",\r\n            \"image\": \"https:\/\/iftf-frankfurt.com\/wp-content\/uploads\/sites\/2\/Light-and-Shadow.jpg\",\r\n            \"name\": \"Light and Shadow\",\r\n            \"url\": \"https:\/\/iftf-frankfurt.com\/en\/events\/light-and-shadow\/\"\r\n        }\r\n        <\/script>\r\n                            <article  data-href=\"https:\/\/iftf-frankfurt.com\/en\/events\/light-and-shadow\/\" data-target=\"m1\" style=\"background:#785019 url('https:\/\/iftf-frankfurt.com\/wp-content\/uploads\/sites\/2\/Light-and-Shadow-300x400.jpg')\" class=\" mec-event-article mec-tile-item  mec-clear   \">\r\n                                                                        <div class=\"event-tile-view-head clearfix\">\r\n                                                            <div class=\"mec-event-month\"><span class=\"mec-start-date-label\" itemprop=\"startDate\">17 Sep<\/span><\/div>\r\n                                                        <div class=\"mec-event-time\"><i class=\"mec-sl-clock\"><\/i>10:00<\/div>\r\n                        <\/div>\r\n                        <div class=\"mec-event-content\" data-target=\"m1\" data-event-id=\"26317\">\r\n                            <a href=\"https:\/\/iftf-frankfurt.com\/en\/events\/light-and-shadow\/\" target=\"m1\" class=\"mec-tile-into-content-link\"><\/a>                            <div class=\"mec-tile-event-content\">\r\n                                <div class=\"mec-event-detail\">\r\n                                                                                                            <span class=\"mec-event-loc-place\"><i class=\"mec-sl-location-pin\"><\/i>GROOVE DANCE STUDIO<\/span>                                                                    <\/div>\r\n                                                                <h4 class=\"mec-event-title\"><a class=\"mec-color-hover\"  data-event-id=\"26317\" href=\"https:\/\/iftf-frankfurt.com\/en\/events\/light-and-shadow\/\" target=\"m1\" rel=\"noopener\">Light and Shadow<\/a><\/h4>\r\n                                                            <\/div>\r\n                        <\/div>\r\n                    <\/article>\r\n                <\/div>            <div class=\"col-md-4 col-sm-4\">        <script type=\"application\/ld+json\">\r\n        {\r\n            \"@context\": \"http:\/\/schema.org\",\r\n            \"@type\": \"Event\",\r\n            \"eventStatus\": \"https:\/\/schema.org\/EventScheduled\",\r\n            \"startDate\": \"2026-09-17\",\r\n            \"endDate\": \"2026-09-17\",\r\n            \"eventAttendanceMode\": \"https:\/\/schema.org\/OfflineEventAttendanceMode\",\r\n            \"location\":\r\n            {\r\n                \"@type\": \"Place\",\r\n                                \"name\": \"ATELIER DIASPORA\",\r\n                \"image\": \"\",\r\n                \"address\": \"Orber Stra\u00dfe 24, 60386 Frankfurt am Main\"\r\n                            },\r\n            \"organizer\":\r\n            {\r\n                \"@type\": \"Person\",\r\n                \"name\": \"\",\r\n                \"url\": \"\"\r\n            },\r\n            \"offers\":\r\n            {\r\n                \"url\": \"https:\/\/iftf-frankfurt.com\/en\/events\/the-taste-of-the-voice\/\",\r\n                \"price\": \"\",\r\n                \"priceCurrency\": \"USD\",\r\n                \"availability\": \"https:\/\/schema.org\/InStock\",\r\n                \"validFrom\": \"2026-09-17T00:00\"\r\n            },\r\n            \"performer\": \"\",\r\n            \"description\": \"&lt;p align=&quot;left&quot;&gt;&lt;span style=&quot;font-size: small;&quot;&gt;&#8220;ENG below&#8221;&lt;\/span&gt;&lt;\/p&gt; &lt;p align=&quot;left&quot;&gt;&lt;span style=&quot;font-family: Arial, sans-serif;&quot;&gt;&lt;span style=&quot;font-size: small;&quot;&gt;Sandra Pasini &lt;\/span&gt;&lt;\/span&gt;&lt;\/p&gt; &lt;p align=&quot;left&quot;&gt;&lt;span style=&quot;font-family: Arial, sans-serif;&quot;&gt;&lt;span style=&quot;font-size: small;&quot;&gt;Der Workshop bietet eine Entdeckung des menschlichen K\u00f6rpers als Resonanzraum und f\u00fchrt zu einer ersten Auseinandersetzung mit der eigenen Stimme. Durch Resonanz-, Gesangs- und Improvisations\u00fcbungen lernen die Teilnehmer*innen, ihre Stimme auf eine neue Weise zu h\u00f6ren und zu erkunden: als Ort, an dem St\u00e4rke und Zerbrechlichkeit auf Erinnerungen treffen. Auf eine Melodie aus der Kindheit, ein Kampflied, auf eine pers\u00f6nliche Geschichte,&#8230; Die Teilnehmer*innen gestalten ihren einzigartigen \u201eStimmgarten\u201c und entdecken dabei neue M\u00f6glichkeiten von Klang, Ausdruck und Pr\u00e4senz. Am Folgetag pr\u00e4sentieren sie im Rahmen des IF*TF-Symposiums 2026 ein Lied des Workshop-Ensembles.&lt;\/span&gt;&lt;\/span&gt;&lt;\/p&gt; &lt;p align=&quot;left&quot;&gt;&lt;span style=&quot;font-family: Arial, sans-serif;&quot;&gt;&lt;span style=&quot;font-size: small;&quot;&gt;&lt;b&gt;Ort: &lt;\/b&gt;Atelier Di\u00e1spora&lt;b&gt; &lt;\/b&gt;\u2022 &lt;b&gt;Sprache(n): &lt;\/b&gt;Englisch\u2022&lt;b&gt; Material: &lt;\/b&gt;bequeme Kleidung und Wasser \u2022 &lt;b&gt;Geb\u00fchr: &lt;\/b&gt;Spende (Empfehlung 20\u20ac)&lt;b&gt; &lt;\/b&gt;\u2022 &lt;b&gt;Hinweis: &lt;\/b&gt;max. 20 Teilnehmer*innen. Die dazugeh\u00f6rige Pr\u00e4sentation der im Workshop entstandenen Beitr\u00e4ge der Teilnehmer*innen findet am Freitag, den 18.09. im IF*TF Symposium statt.&lt;\/span&gt;&lt;\/span&gt;&lt;\/p&gt; &lt;p&gt;&nbsp;&lt;\/p&gt; &lt;p align=&quot;left&quot;&gt;&lt;span style=&quot;font-family: Arial, sans-serif;&quot;&gt;&lt;span style=&quot;font-size: small;&quot;&gt;&lt;b&gt;The Taste of the Voice&lt;\/b&gt;&lt;\/span&gt;&lt;\/span&gt;&lt;\/p&gt; &lt;p align=&quot;left&quot;&gt;&lt;span style=&quot;font-family: Arial, sans-serif;&quot;&gt;&lt;span style=&quot;font-size: small;&quot;&gt;Sandra Pasini&lt;\/span&gt;&lt;\/span&gt;&lt;\/p&gt; &lt;p align=&quot;left&quot;&gt;&lt;span style=&quot;font-family: Arial, sans-serif;&quot;&gt;&lt;span style=&quot;font-size: small;&quot;&gt;The workshop offers an exploration of the human body as a resonating space and leads to a first encounter with one\u2019s own voice. Through resonance, singing and improvisation exercises, participants learn to listen to and explore their voices in a new way: as a place where strength and fragility meet memories. A melody from childhood, a protest song, a personal story&#8230; Participants create their unique \u201cvoice garden\u201d and discover new possibilities of sound, expression and presence. The following day, they will present a song by the workshop ensemble as part of the IF*TF Symposium 2026.&lt;\/span&gt;&lt;\/span&gt;&lt;\/p&gt; &lt;p align=&quot;left&quot;&gt;&lt;span style=&quot;font-family: Arial, sans-serif;&quot;&gt;&lt;span style=&quot;font-size: small;&quot;&gt;&lt;b&gt;Location:&lt;\/b&gt; Atelier Di\u00e1spora \u2022 &lt;b&gt;Language(s):&lt;\/b&gt; English \u2022 &lt;b&gt;Materials:&lt;\/b&gt; Comfortable clothing and water \u2022 &lt;b&gt;Fee:&lt;\/b&gt; Donation (suggested \u20ac20) \u2022 &lt;b&gt;Note:&lt;\/b&gt; Max. 20 participants. A presentation of the participants\u2019 work created during the workshop will take place on Friday, 18 September, as part of the IF*TF Symposium.&lt;\/span&gt;&lt;\/span&gt;&lt;\/p&gt; \",\r\n            \"image\": \"https:\/\/iftf-frankfurt.com\/wp-content\/uploads\/sites\/2\/SandraPasini_GentilezaDiegoPratto01.jpg\",\r\n            \"name\": \"The Taste of the Voice\",\r\n            \"url\": \"https:\/\/iftf-frankfurt.com\/en\/events\/the-taste-of-the-voice\/\"\r\n        }\r\n        <\/script>\r\n                            <article  data-href=\"https:\/\/iftf-frankfurt.com\/en\/events\/the-taste-of-the-voice\/\" data-target=\"m1\" style=\"background:#785019 url('https:\/\/iftf-frankfurt.com\/wp-content\/uploads\/sites\/2\/SandraPasini_GentilezaDiegoPratto01-300x400.jpg')\" class=\" mec-event-article mec-tile-item  mec-clear   \">\r\n                                                                        <div class=\"event-tile-view-head clearfix\">\r\n                                                            <div class=\"mec-event-month\"><span class=\"mec-start-date-label\" itemprop=\"startDate\">17 Sep<\/span><\/div>\r\n                                                        <div class=\"mec-event-time\"><i class=\"mec-sl-clock\"><\/i>10:00<\/div>\r\n                        <\/div>\r\n                        <div class=\"mec-event-content\" data-target=\"m1\" data-event-id=\"26321\">\r\n                            <a href=\"https:\/\/iftf-frankfurt.com\/en\/events\/the-taste-of-the-voice\/\" target=\"m1\" class=\"mec-tile-into-content-link\"><\/a>                            <div class=\"mec-tile-event-content\">\r\n                                <div class=\"mec-event-detail\">\r\n                                                                                                            <span class=\"mec-event-loc-place\"><i class=\"mec-sl-location-pin\"><\/i>ATELIER DIASPORA<\/span>                                                                    <\/div>\r\n                                                                <h4 class=\"mec-event-title\"><a class=\"mec-color-hover\"  data-event-id=\"26321\" href=\"https:\/\/iftf-frankfurt.com\/en\/events\/the-taste-of-the-voice\/\" target=\"m1\" rel=\"noopener\">The Taste of the Voice<\/a><\/h4>\r\n                                                            <\/div>\r\n                        <\/div>\r\n                    <\/article>\r\n                <\/div><\/div>            <div class=\"row\"><div class=\"col-md-4 col-sm-4\">        <script type=\"application\/ld+json\">\r\n        {\r\n            \"@context\": \"http:\/\/schema.org\",\r\n            \"@type\": \"Event\",\r\n            \"eventStatus\": \"https:\/\/schema.org\/EventScheduled\",\r\n            \"startDate\": \"2026-09-17\",\r\n            \"endDate\": \"2026-09-17\",\r\n            \"eventAttendanceMode\": \"https:\/\/schema.org\/OfflineEventAttendanceMode\",\r\n            \"location\":\r\n            {\r\n                \"@type\": \"Place\",\r\n                                \"name\": \"INDOOR STAGE PROTAGON\",\r\n                \"image\": \"\",\r\n                \"address\": \"PROTAGON CULTURAL CENTRE \u2013 Orber Stra\u00dfe 57, 60386 Frankfurt am Main\"\r\n                            },\r\n            \"organizer\":\r\n            {\r\n                \"@type\": \"Person\",\r\n                \"name\": \"\",\r\n                \"url\": \"\"\r\n            },\r\n            \"offers\":\r\n            {\r\n                \"url\": \"https:\/\/iftf-frankfurt.com\/en\/events\/bodypercussion-brasilianischer-gesang-creative-percussion\/\",\r\n                \"price\": \"\",\r\n                \"priceCurrency\": \"USD\",\r\n                \"availability\": \"https:\/\/schema.org\/InStock\",\r\n                \"validFrom\": \"2026-09-17T00:00\"\r\n            },\r\n            \"performer\": \"\",\r\n            \"description\": \"&lt;p align=&quot;left&quot;&gt;&lt;span style=&quot;font-size: small;&quot;&gt;&#8220;ENG below&#8221;&lt;\/span&gt;&lt;\/p&gt; &lt;p align=&quot;left&quot;&gt;&lt;span style=&quot;font-family: Arial, sans-serif;&quot;&gt;&lt;span style=&quot;font-size: small;&quot;&gt;Angela Frontera&lt;\/span&gt;&lt;\/span&gt;&lt;\/p&gt; &lt;p align=&quot;left&quot;&gt;&lt;span style=&quot;font-family: Arial, sans-serif;&quot;&gt;&lt;span style=&quot;font-size: small;&quot;&gt;Im Workshop wird der K\u00f6rper zum Instrument, zum Spielplatz und zur Quelle musikalischer Entdeckungen. Die Perkussionistin Angela Frontera, bekannt f\u00fcr ihre Arbeit mit brasilianischer Musik und als Mitglied von &lt;i&gt;Kick La Luna&lt;\/i&gt;, l\u00e4dt die Teilnehmer*innen ein, Rhythmen durch Bodypercussion, Stimme und Bewegung zu erkunden. Ausgehend von brasilianischen und afrikanisch inspirierten Rhythmen erzeugen wir mit Klatschen, Klopfen, Stampfen und anderen vom K\u00f6rper erzeugten Kl\u00e4ngen gemeinsame Grooves. Au\u00dferdem lernen und singen wir brasilianische Lieder, darunter \u201eGesa\u201c, w\u00e4hrend wir Kl\u00e4nge von Wind, V\u00f6geln, Regen und der uns umgebenden Natur erkunden. Durch spielerische \u00dcbungen und Experimente entwickeln die Teilnehmer*innen Rhythmusgef\u00fchl, Geh\u00f6r, Koordination und kreativen Ausdruck. Musikalische Vorkenntnisse sind nicht erforderlich \u2013 nur Neugier, Offenheit und die Bereitschaft, gemeinsam Musik zu machen, neue Kl\u00e4nge zu entdecken und die kollektive Energie des Rhythmus\u2019 zu genie\u00dfen.&lt;\/span&gt;&lt;\/span&gt;&lt;\/p&gt; &lt;p align=&quot;left&quot;&gt;&lt;span style=&quot;font-family: Arial, sans-serif;&quot;&gt;&lt;span style=&quot;font-size: small;&quot;&gt;&lt;b&gt;Ort: &lt;\/b&gt;Indoor-B\u00fchne&lt;b&gt; &lt;\/b&gt;\u2022 &lt;b&gt;Sprache(n):&lt;\/b&gt; Englisch\/ Deutsch\/ Spanisch\/ Portugiesisch\/ Italienisch \u2022 &lt;b&gt;Material: &lt;\/b&gt;Bequeme Kleidung und Wasser.&lt;b&gt; &lt;\/b&gt;Optional: Bringt gerne eure eigenen Instrumente mit oder etwas, das ein gutes Ger\u00e4usch macht, z.B. einen Kochtopf oder etwas Selbstgebautes\u2022 &lt;b&gt;Geb\u00fchr: &lt;\/b&gt;Spende (Empfehlung 20\u20ac)&lt;b&gt; &lt;\/b&gt;\u2022 &lt;b&gt;Hinweis: &lt;\/b&gt;max. 20 Teilnehmer*innen \u2022&lt;\/span&gt;&lt;\/span&gt;&lt;\/p&gt; &lt;p&gt;&nbsp;&lt;\/p&gt; &lt;p align=&quot;left&quot;&gt;&lt;span style=&quot;font-family: Arial, sans-serif;&quot;&gt;&lt;span style=&quot;font-size: small;&quot;&gt;&lt;b&gt;Body Percussion \/ Brazilian Singing \/ Creative Percussion&lt;\/b&gt;&lt;\/span&gt;&lt;\/span&gt;&lt;\/p&gt; &lt;p align=&quot;left&quot;&gt;&lt;span style=&quot;font-family: Arial, sans-serif;&quot;&gt;&lt;span style=&quot;font-size: small;&quot;&gt;Angela Frontera&lt;\/span&gt;&lt;\/span&gt;&lt;\/p&gt; &lt;p align=&quot;left&quot;&gt;&lt;span style=&quot;font-family: Arial, sans-serif;&quot;&gt;&lt;span style=&quot;font-size: small;&quot;&gt;In this workshop, the body becomes an instrument, a playground and a source of musical discovery. Percussionist Angela Frontera, known for her work with Brazilian music and as a member of &lt;i&gt;Kick La Luna&lt;\/i&gt;, invites participants to explore rhythms through body percussion, voice and movement. Starting from Brazilian and African-inspired rhythms, we create shared grooves through clapping, tapping, stomping and other sounds produced by the body. We will also learn and sing Brazilian songs, including \u201cGesa\u201d, while exploring the sounds of wind, birds, rain and the nature around us. Through playful exercises and experiments, participants develop a sense of rhythm, listening skills, coordination and creative expression. No previous musical experience is required \u2013 only curiosity, openness and a willingness to make music together, discover new sounds and enjoy the collective energy of rhythm.&lt;\/span&gt;&lt;\/span&gt;&lt;\/p&gt; &lt;p align=&quot;left&quot;&gt;&lt;span style=&quot;font-family: Arial, sans-serif;&quot;&gt;&lt;span style=&quot;font-size: small;&quot;&gt;&lt;b&gt;Location:&lt;\/b&gt; Indoor Stage \u2022 &lt;b&gt;Language(s):&lt;\/b&gt; English\/German\/Spanish\/Portuguese\/Italian \u2022 &lt;b&gt;Materials:&lt;\/b&gt; Comfortable clothing and water. Optional: Feel free to bring your own instruments or something that makes a good sound, such as a cooking pot or something you have made yourself \u2022 &lt;b&gt;Fee:&lt;\/b&gt; Donation (suggested \u20ac20) \u2022 &lt;b&gt;Note:&lt;\/b&gt; Max. 20 participants&lt;\/span&gt;&lt;\/span&gt;&lt;\/p&gt; \",\r\n            \"image\": \"https:\/\/iftf-frankfurt.com\/wp-content\/uploads\/sites\/2\/AngelaFronteira_ThomasABerger.jpg\",\r\n            \"name\": \"Bodypercussion\/ Brasilianischer Gesang\/ Creative Percussion\",\r\n            \"url\": \"https:\/\/iftf-frankfurt.com\/en\/events\/bodypercussion-brasilianischer-gesang-creative-percussion\/\"\r\n        }\r\n        <\/script>\r\n                            <article  data-href=\"https:\/\/iftf-frankfurt.com\/en\/events\/bodypercussion-brasilianischer-gesang-creative-percussion\/\" data-target=\"m1\" style=\"background:#785019 url('https:\/\/iftf-frankfurt.com\/wp-content\/uploads\/sites\/2\/AngelaFronteira_ThomasABerger-300x400.jpg')\" class=\" mec-event-article mec-tile-item  mec-clear   \">\r\n                                                                        <div class=\"event-tile-view-head clearfix\">\r\n                                                            <div class=\"mec-event-month\"><span class=\"mec-start-date-label\" itemprop=\"startDate\">17 Sep<\/span><\/div>\r\n                                                        <div class=\"mec-event-time\"><i class=\"mec-sl-clock\"><\/i>15:00<\/div>\r\n                        <\/div>\r\n                        <div class=\"mec-event-content\" data-target=\"m1\" data-event-id=\"26326\">\r\n                            <a href=\"https:\/\/iftf-frankfurt.com\/en\/events\/bodypercussion-brasilianischer-gesang-creative-percussion\/\" target=\"m1\" class=\"mec-tile-into-content-link\"><\/a>                            <div class=\"mec-tile-event-content\">\r\n                                <div class=\"mec-event-detail\">\r\n                                                                                                            <span class=\"mec-event-loc-place\"><i class=\"mec-sl-location-pin\"><\/i>INDOOR STAGE PROTAGON<\/span>                                                                    <\/div>\r\n                                                                <h4 class=\"mec-event-title\"><a class=\"mec-color-hover\"  data-event-id=\"26326\" href=\"https:\/\/iftf-frankfurt.com\/en\/events\/bodypercussion-brasilianischer-gesang-creative-percussion\/\" target=\"m1\" rel=\"noopener\">Bodypercussion\/ Brasilianischer Gesang\/ Creative Percussion<\/a><\/h4>\r\n                                                            <\/div>\r\n                        <\/div>\r\n                    <\/article>\r\n                <\/div>            <div class=\"col-md-4 col-sm-4\">        <script type=\"application\/ld+json\">\r\n        {\r\n            \"@context\": \"http:\/\/schema.org\",\r\n            \"@type\": \"Event\",\r\n            \"eventStatus\": \"https:\/\/schema.org\/EventScheduled\",\r\n            \"startDate\": \"2026-09-17\",\r\n            \"endDate\": \"2026-09-17\",\r\n            \"eventAttendanceMode\": \"https:\/\/schema.org\/OfflineEventAttendanceMode\",\r\n            \"location\":\r\n            {\r\n                \"@type\": \"Place\",\r\n                                \"name\": \"ATELIER DIASPORA\",\r\n                \"image\": \"\",\r\n                \"address\": \"Orber Stra\u00dfe 24, 60386 Frankfurt am Main\"\r\n                            },\r\n            \"organizer\":\r\n            {\r\n                \"@type\": \"Person\",\r\n                \"name\": \"\",\r\n                \"url\": \"\"\r\n            },\r\n            \"offers\":\r\n            {\r\n                \"url\": \"https:\/\/iftf-frankfurt.com\/en\/events\/rituelle-tanzpaedagogik-koerper-rhythmus-stimme-begegnung\/\",\r\n                \"price\": \"\",\r\n                \"priceCurrency\": \"USD\",\r\n                \"availability\": \"https:\/\/schema.org\/InStock\",\r\n                \"validFrom\": \"2026-09-17T00:00\"\r\n            },\r\n            \"performer\": \"\",\r\n            \"description\": \"&lt;p align=&quot;left&quot;&gt;&lt;span style=&quot;font-size: small;&quot;&gt;&#8220;ENG below&#8221;&lt;\/span&gt;&lt;\/p&gt; &lt;p align=&quot;left&quot;&gt;&lt;span style=&quot;font-family: Arial, sans-serif;&quot;&gt;&lt;span style=&quot;font-size: small;&quot;&gt;Stephanie Bangoura &lt;\/span&gt;&lt;\/span&gt;&lt;\/p&gt; &lt;p align=&quot;left&quot;&gt;&lt;span style=&quot;font-family: Arial, sans-serif;&quot;&gt;&lt;span style=&quot;font-size: small;&quot;&gt;Was geschieht, wenn wir nicht f\u00fcr ein Publikum tanzen, sondern miteinander? In diesem Workshop wird Tanz zu einem traumasensiblen Raum f\u00fcr Begegnung, Ausdruck und Gemeinschaft. Mit Methoden der Rituellen Tanzp\u00e4dagogik\u00ae erforschen wir N\u00e4he und Distanz, F\u00fchren und Folgen, Individualit\u00e4t und Verbundenheit mit K\u00f6rper, Rhythmus, Stimme und Bewegung. Improvisationen in einem Safer Space, Erdung und kreative Momente der Verinnerlichung laden dazu ein, neue Formen des Kontakts zu entdecken. Es geht darum, eine tiefere Verbindung zu uns selbst, zum Gegen\u00fcber und zu dem, was wir wahrnehmen und sp\u00fcren, zu erleben. Im Mittelpunkt stehen Pr\u00e4senz, Lebendigkeit und die Frage: Wie k\u00f6nnen wir ganz bei uns sein &#8211; und gleichzeitig Teil einer Gemeinschaft und des gro\u00dfen Ganzen?&lt;\/span&gt;&lt;\/span&gt;&lt;\/p&gt; &lt;p align=&quot;left&quot;&gt;&lt;span style=&quot;font-family: Arial, sans-serif;&quot;&gt;&lt;span style=&quot;font-size: small;&quot;&gt;&lt;b&gt;Ort: &lt;\/b&gt;Atelier Di\u00e1spora \u2022 &lt;b&gt;Sprache(n):&lt;\/b&gt; Englisch\/ Deutsch\u2022 &lt;b&gt;Material:&lt;\/b&gt; Bequeme Kleidung und Wasser \u2022 &lt;b&gt;Geb\u00fchr: &lt;\/b&gt;Spende (Empfehlung 20\u20ac) \u2022 &lt;b&gt;Hinweis: &lt;\/b&gt;max. 15 Teilnehmer*innen &lt;\/span&gt;&lt;\/span&gt;&lt;\/p&gt; &lt;p&gt;&nbsp;&lt;\/p&gt; &lt;p align=&quot;left&quot;&gt;&lt;span style=&quot;font-family: Arial, sans-serif;&quot;&gt;&lt;span style=&quot;font-size: small;&quot;&gt;&lt;b&gt;Ritual Dance Pedagogy&lt;sup&gt;\u00ae&lt;\/sup&gt; \u2013 Body, Rhythm, Voice &amp; Encounter&lt;\/b&gt;&lt;\/span&gt;&lt;\/span&gt;&lt;\/p&gt; &lt;p align=&quot;left&quot;&gt;&lt;span style=&quot;font-family: Arial, sans-serif;&quot;&gt;&lt;span style=&quot;font-size: small;&quot;&gt;Stephanie Bangoura&lt;\/span&gt;&lt;\/span&gt;&lt;\/p&gt; &lt;p align=&quot;left&quot;&gt;&lt;span style=&quot;font-family: Arial, sans-serif;&quot;&gt;&lt;span style=&quot;font-size: small;&quot;&gt;What happens when we dance not for an audience, but with one another? In this workshop, dance becomes a trauma-sensitive space for encounter, expression and community. Using methods of Ritual Dance Pedagogy\u00ae, we explore proximity and distance, leading and following, individuality and connectedness through body, rhythm, voice and movement. Improvisations in a Safer Space, grounding and creative moments of reflection invite us to discover new forms of contact. The aim is to experience a deeper connection with ourselves, with the person opposite us and with what we perceive and sense. At the centre are presence, vitality and the question: How can we be fully present with ourselves while at the same time being part of a community and the greater whole?&lt;\/span&gt;&lt;\/span&gt;&lt;\/p&gt; &lt;p align=&quot;left&quot;&gt;&lt;span style=&quot;font-family: Arial, sans-serif;&quot;&gt;&lt;span style=&quot;font-size: small;&quot;&gt;&lt;b&gt;Location:&lt;\/b&gt; Atelier Di\u00e1spora \u2022&lt;b&gt; Language(s): &lt;\/b&gt;English\/German \u2022&lt;b&gt; Materials: &lt;\/b&gt;Comfortable clothing and water \u2022 &lt;b&gt;Fee:&lt;\/b&gt; Donation (suggested \u20ac20) \u2022 &lt;b&gt;Note: &lt;\/b&gt;Max. 15 participants&lt;\/span&gt;&lt;\/span&gt;&lt;\/p&gt; \",\r\n            \"image\": \"https:\/\/iftf-frankfurt.com\/wp-content\/uploads\/sites\/2\/tanzgruppelivemusik.jpg\",\r\n            \"name\": \"Rituelle Tanzp\u00e4dagogik&lt;sup&gt;&reg;&lt;\/sup&gt; \u2013 K\u00f6rper, Rhythmus, Stimme &#038; Begegnung\",\r\n            \"url\": \"https:\/\/iftf-frankfurt.com\/en\/events\/rituelle-tanzpaedagogik-koerper-rhythmus-stimme-begegnung\/\"\r\n        }\r\n        <\/script>\r\n                            <article  data-href=\"https:\/\/iftf-frankfurt.com\/en\/events\/rituelle-tanzpaedagogik-koerper-rhythmus-stimme-begegnung\/\" data-target=\"m1\" style=\"background:#785019 url('https:\/\/iftf-frankfurt.com\/wp-content\/uploads\/sites\/2\/tanzgruppelivemusik-300x400.jpg')\" class=\" mec-event-article mec-tile-item  mec-clear   \">\r\n                                                                        <div class=\"event-tile-view-head clearfix\">\r\n                                                            <div class=\"mec-event-month\"><span class=\"mec-start-date-label\" itemprop=\"startDate\">17 Sep<\/span><\/div>\r\n                                                        <div class=\"mec-event-time\"><i class=\"mec-sl-clock\"><\/i>18:00<\/div>\r\n                        <\/div>\r\n                        <div class=\"mec-event-content\" data-target=\"m1\" data-event-id=\"26331\">\r\n                            <a href=\"https:\/\/iftf-frankfurt.com\/en\/events\/rituelle-tanzpaedagogik-koerper-rhythmus-stimme-begegnung\/\" target=\"m1\" class=\"mec-tile-into-content-link\"><\/a>                            <div class=\"mec-tile-event-content\">\r\n                                <div class=\"mec-event-detail\">\r\n                                                                                                            <span class=\"mec-event-loc-place\"><i class=\"mec-sl-location-pin\"><\/i>ATELIER DIASPORA<\/span>                                                                    <\/div>\r\n                                                                <h4 class=\"mec-event-title\"><a class=\"mec-color-hover\"  data-event-id=\"26331\" href=\"https:\/\/iftf-frankfurt.com\/en\/events\/rituelle-tanzpaedagogik-koerper-rhythmus-stimme-begegnung\/\" target=\"m1\" rel=\"noopener\">Rituelle Tanzp\u00e4dagogik<sup>&reg;<\/sup> \u2013 K\u00f6rper, Rhythmus, Stimme &#038; Begegnung<\/a><\/h4>\r\n                                                            <\/div>\r\n                        <\/div>\r\n                    <\/article>\r\n                <\/div>                    <div class=\"col-md-4 col-sm-4\">        <script type=\"application\/ld+json\">\r\n        {\r\n            \"@context\": \"http:\/\/schema.org\",\r\n            \"@type\": \"Event\",\r\n            \"eventStatus\": \"https:\/\/schema.org\/EventScheduled\",\r\n            \"startDate\": \"2026-09-18\",\r\n            \"endDate\": \"2026-09-18\",\r\n            \"eventAttendanceMode\": \"https:\/\/schema.org\/OfflineEventAttendanceMode\",\r\n            \"location\":\r\n            {\r\n                \"@type\": \"Place\",\r\n                                \"name\": \"GROOVE DANCE STUDIO\",\r\n                \"image\": \"\",\r\n                \"address\": \"W\u00e4chtersbacher Str. 76, 60386 Frankfurt am Main\"\r\n                            },\r\n            \"organizer\":\r\n            {\r\n                \"@type\": \"Person\",\r\n                \"name\": \"\",\r\n                \"url\": \"\"\r\n            },\r\n            \"offers\":\r\n            {\r\n                \"url\": \"https:\/\/iftf-frankfurt.com\/en\/events\/light-and-shadow\/\",\r\n                \"price\": \"\",\r\n                \"priceCurrency\": \"USD\",\r\n                \"availability\": \"https:\/\/schema.org\/InStock\",\r\n                \"validFrom\": \"2026-09-18T00:00\"\r\n            },\r\n            \"performer\": \"\",\r\n            \"description\": \"&lt;p align=&quot;left&quot;&gt;&lt;span style=&quot;font-size: small;&quot;&gt;&#8220;ENG below&#8221;&lt;\/span&gt;&lt;\/p&gt; &lt;p align=&quot;left&quot;&gt;&lt;span style=&quot;font-family: Arial, sans-serif;&quot;&gt;&lt;span style=&quot;font-size: small;&quot;&gt;Marg\u00f3 Paciotti\/ Ondadurto Teatro&lt;\/span&gt;&lt;\/span&gt;&lt;\/p&gt; &lt;p align=&quot;left&quot;&gt;&lt;span style=&quot;font-family: Arial, sans-serif;&quot;&gt;&lt;span style=&quot;font-size: small;&quot;&gt;Ein intensiver Workshop zur Erkundung von physischem Theater und Tanz, konzipiert f\u00fcr T\u00e4nzer*innen und Schauspieler*innen, die sich im Bereich der zeitgen\u00f6ssischen darstellenden K\u00fcnste beruflich weiterentwickeln wollen. Zusammen erkunden wir die Welt der \u201eOpera Lirica\u201c. Kann eine Arie zur Partitur f\u00fcr abstrakte Bewegung werden? Lassen sich die Heldinnen des Melodramas mit zeitgen\u00f6ssischen Themen in Verbindung bringen? Der Workshop zeigt, wie Tradition und Gegenwart miteinander verkn\u00fcpft sind, und setzt sich dabei mit gesellschaftlichen Themen auseinander, denen sich die Kunst heute stellen muss.&lt;\/span&gt;&lt;\/span&gt;&lt;\/p&gt; &lt;p align=&quot;left&quot;&gt;&lt;span style=&quot;font-family: Arial, sans-serif;&quot;&gt;&lt;span style=&quot;font-size: small;&quot;&gt;&lt;b&gt;Ort: &lt;\/b&gt;Groove Dance Studio&lt;b&gt; &lt;\/b&gt;\u2022 &lt;b&gt;Sprache(n): &lt;\/b&gt;Englisch\/ Italienisch\u2022&lt;b&gt; Material: &lt;\/b&gt;bequeme Kleidung und Wasser \u2022 &lt;b&gt;Geb\u00fchr: &lt;\/b&gt;Spende (Empfehlung 60\u20ac)&lt;b&gt; &lt;\/b&gt;\u2022 &lt;b&gt;Hinweis: &lt;\/b&gt;max. 25 Teilnehmer*innen. Die dazugeh\u00f6rige Pr\u00e4sentation der im Workshop entstandenen Beitr\u00e4ge der Teilnehmer*innen findet am Samstag, 19.09., im Rahmen des IF*TF-Symposiums statt \u2022 &lt;b&gt;Zielgruppe: &lt;\/b&gt;Darsteller*innen, T\u00e4nzer*innen und Schauspieler*innen, die daran interessiert sind, ihre k\u00fcnstlerischen F\u00e4higkeiten und Fertigkeiten weiterzuentwickeln.&lt;\/span&gt;&lt;\/span&gt;&lt;\/p&gt; &lt;p&gt;&nbsp;&lt;\/p&gt; &lt;p align=&quot;left&quot;&gt;&lt;span style=&quot;font-family: Arial, sans-serif;&quot;&gt;&lt;span style=&quot;font-size: small;&quot;&gt;&lt;b&gt;Light and Shadow&lt;\/b&gt;&lt;\/span&gt;&lt;\/span&gt;&lt;\/p&gt; &lt;p align=&quot;left&quot;&gt;&lt;span style=&quot;font-family: Arial, sans-serif;&quot;&gt;&lt;span style=&quot;font-size: small;&quot;&gt;Marg\u00f3 Paciotti \/ Ondadurto Teatro&lt;\/span&gt;&lt;\/span&gt;&lt;\/p&gt; &lt;p align=&quot;left&quot;&gt;&lt;span style=&quot;font-family: Arial, sans-serif;&quot;&gt;&lt;span style=&quot;font-size: small;&quot;&gt;An intensive workshop exploring physical theatre and dance, designed for dancers and actors who want to further develop professionally in the field of contemporary performing arts. Together, we explore the world of &lt;i&gt;Opera Lirica&lt;\/i&gt;. Can an aria become a score for abstract movement? Can the heroines of melodrama be connected to contemporary themes? The workshop explores how tradition and the present can be interwoven while engaging with social issues that art must confront today.&lt;\/span&gt;&lt;\/span&gt;&lt;\/p&gt; &lt;p align=&quot;left&quot;&gt;&lt;span style=&quot;font-family: Arial, sans-serif;&quot;&gt;&lt;span style=&quot;font-size: small;&quot;&gt;&lt;b&gt;Location:&lt;\/b&gt; Groove Dance Studio \u2022 &lt;b&gt;Language(s):&lt;\/b&gt; English\/Italian \u2022 &lt;b&gt;Materials:&lt;\/b&gt; Comfortable clothing and water \u2022 &lt;b&gt;Fee:&lt;\/b&gt; Donation (suggested \u20ac60) \u2022 &lt;b&gt;Note:&lt;\/b&gt; Max. 25 participants. A presentation of the participants\u2019 work created during the workshop will take place on Saturday, 19 September, as part of the IF*TF Symposium \u2022 &lt;b&gt;Target group:&lt;\/b&gt; Performers, dancers and actors interested in further developing their artistic skills and abilities.&lt;\/span&gt;&lt;\/span&gt;&lt;\/p&gt; \",\r\n            \"image\": \"https:\/\/iftf-frankfurt.com\/wp-content\/uploads\/sites\/2\/Light-and-Shadow.jpg\",\r\n            \"name\": \"Light and Shadow\",\r\n            \"url\": \"https:\/\/iftf-frankfurt.com\/en\/events\/light-and-shadow\/\"\r\n        }\r\n        <\/script>\r\n                            <article  data-href=\"https:\/\/iftf-frankfurt.com\/en\/events\/light-and-shadow\/\" data-target=\"m1\" style=\"background:#785019 url('https:\/\/iftf-frankfurt.com\/wp-content\/uploads\/sites\/2\/Light-and-Shadow-300x400.jpg')\" class=\" mec-event-article mec-tile-item  mec-clear   \">\r\n                                                                        <div class=\"event-tile-view-head clearfix\">\r\n                                                            <div class=\"mec-event-month\"><span class=\"mec-start-date-label\" itemprop=\"startDate\">18 Sep<\/span><\/div>\r\n                                                        <div class=\"mec-event-time\"><i class=\"mec-sl-clock\"><\/i>10:00<\/div>\r\n                        <\/div>\r\n                        <div class=\"mec-event-content\" data-target=\"m1\" data-event-id=\"26317\">\r\n                            <a href=\"https:\/\/iftf-frankfurt.com\/en\/events\/light-and-shadow\/\" target=\"m1\" class=\"mec-tile-into-content-link\"><\/a>                            <div class=\"mec-tile-event-content\">\r\n                                <div class=\"mec-event-detail\">\r\n                                                                                                            <span class=\"mec-event-loc-place\"><i class=\"mec-sl-location-pin\"><\/i>GROOVE DANCE STUDIO<\/span>                                                                    <\/div>\r\n                                                                <h4 class=\"mec-event-title\"><a class=\"mec-color-hover\"  data-event-id=\"26317\" href=\"https:\/\/iftf-frankfurt.com\/en\/events\/light-and-shadow\/\" target=\"m1\" rel=\"noopener\">Light and Shadow<\/a><\/h4>\r\n                                                            <\/div>\r\n                        <\/div>\r\n                    <\/article>\r\n                <\/div><\/div>            <div class=\"row\"><div class=\"col-md-4 col-sm-4\">        <script type=\"application\/ld+json\">\r\n        {\r\n            \"@context\": \"http:\/\/schema.org\",\r\n            \"@type\": \"Event\",\r\n            \"eventStatus\": \"https:\/\/schema.org\/EventScheduled\",\r\n            \"startDate\": \"2026-09-18\",\r\n            \"endDate\": \"2026-09-18\",\r\n            \"eventAttendanceMode\": \"https:\/\/schema.org\/OfflineEventAttendanceMode\",\r\n            \"location\":\r\n            {\r\n                \"@type\": \"Place\",\r\n                                \"name\": \"INDOOR STAGE PROTAGON\",\r\n                \"image\": \"\",\r\n                \"address\": \"PROTAGON CULTURAL CENTRE \u2013 Orber Stra\u00dfe 57, 60386 Frankfurt am Main\"\r\n                            },\r\n            \"organizer\":\r\n            {\r\n                \"@type\": \"Person\",\r\n                \"name\": \"\",\r\n                \"url\": \"\"\r\n            },\r\n            \"offers\":\r\n            {\r\n                \"url\": \"https:\/\/iftf-frankfurt.com\/en\/events\/sonic-bodies-lab-choreographies-of-desire\/\",\r\n                \"price\": \"\",\r\n                \"priceCurrency\": \"USD\",\r\n                \"availability\": \"https:\/\/schema.org\/InStock\",\r\n                \"validFrom\": \"2026-09-18T00:00\"\r\n            },\r\n            \"performer\": \"\",\r\n            \"description\": \"&lt;p align=&quot;left&quot;&gt;&lt;span style=&quot;font-size: small;&quot;&gt;&#8220;ENG below&#8221;&lt;\/span&gt;&lt;\/p&gt; &lt;p align=&quot;center&quot;&gt;&lt;span style=&quot;font-family: Arial, sans-serif;&quot;&gt;&lt;span style=&quot;font-size: small;&quot;&gt;Nicol Rivera&lt;\/span&gt;&lt;\/span&gt;&lt;\/p&gt; &lt;p align=&quot;left&quot;&gt;&lt;span style=&quot;font-family: Arial, sans-serif;&quot;&gt;&lt;span style=&quot;font-size: small;&quot;&gt; Das \u201eSonic Bodies Lab\u201c ist ein technofeministisches Performance-Labor, das FLINTA*-Teilnehmer*innen und an Performance interessierte Menschen dazu einl\u00e4dt, den K\u00f6rper als Quelle von Klang, Rhythmus, Sinnlichkeit und Ausdruck zu erkunden. Durch Bewegung, Ber\u00fchrung, Atem und Zuh\u00f6ren entdecken wir, wie Gesten wie Klatschen, Reibung, Vibration und verst\u00e4rkte K\u00f6rperger\u00e4usche klangliche Kompositionen erzeugen k\u00f6nnen. Der K\u00f6rper wird zu einer ersten technologischen Schnittstelle: einem Open-Source-K\u00f6rper, der durch Sinnlichkeit und Begehren erkundet, ver\u00e4ndert und performt werden kann. Ausgehend von technofeministischen und sexpositiven Performancepraktiken erforscht das Labor durch spielerisches \u201eHacken\u201c von Sexualit\u00e4t und Technologie das erotische und klangliche Potential der K\u00f6rper von Frauen* und Queers. DIY-Elektronik und Kontaktmikrofone unterst\u00fctzen kollektives Experimentieren, Improvisation und choreografische Erkundungen in einer sicheren und experimentellen Umgebung.&lt;\/span&gt;&lt;\/span&gt;&lt;\/p&gt; &lt;p align=&quot;left&quot;&gt;&lt;span style=&quot;font-family: Arial, sans-serif;&quot;&gt;&lt;span style=&quot;font-size: small;&quot;&gt;&lt;b&gt;Ort: &lt;\/b&gt;Indoor-B\u00fchne&lt;b&gt; &lt;\/b&gt;\u2022 &lt;b&gt;Sprache(n): &lt;\/b&gt;Englisch\/ Deutsch\/ Spanisch \u2022&lt;b&gt; Material: b&lt;\/b&gt;equeme Kleidung und Wasser \u2022 &lt;b&gt;Geb\u00fchr: &lt;\/b&gt;Spende (Empfehlung 20\u20ac)&lt;b&gt; &lt;\/b&gt;\u2022 &lt;b&gt;Hinweis: &lt;\/b&gt;max. 20 Teilnehmer*innen&lt;\/span&gt;&lt;\/span&gt;&lt;\/p&gt; &lt;p&gt;&nbsp;&lt;\/p&gt; &lt;p align=&quot;left&quot;&gt;&lt;span style=&quot;font-family: Arial, sans-serif;&quot;&gt;&lt;span style=&quot;font-size: small;&quot;&gt;&lt;b&gt;Sonic Bodies Lab: Choreographies of Desire&lt;\/b&gt;&lt;\/span&gt;&lt;\/span&gt;&lt;\/p&gt; &lt;p align=&quot;left&quot;&gt;&lt;span style=&quot;font-family: Arial, sans-serif;&quot;&gt;&lt;span style=&quot;font-size: small;&quot;&gt;Nicol Rivera&lt;\/span&gt;&lt;\/span&gt;&lt;\/p&gt; &lt;p align=&quot;left&quot;&gt;&lt;span style=&quot;font-family: Arial, sans-serif;&quot;&gt;&lt;span style=&quot;font-size: small;&quot;&gt;The \u201cSonic Bodies Lab\u201d is a technofeminist performance lab inviting FLINTA* participants and people interested in performance to explore the body as a source of sound, rhythm, sensuality and expression. Through movement, touch, breath and listening, we discover how gestures such as clapping, friction, vibration and amplified bodily sounds can create sonic compositions. The body becomes a first technological interface: an open-source body that can be explored, altered and performed through sensuality and desire. Drawing on technofeminist and sex-positive performance practices, the lab explores the erotic and sonic potential of womxns\u2019 and queer bodies through playful \u201chacking\u201d of sexuality and technology. DIY electronics and contact microphones support collective experimentation, improvisation and choreographic exploration in a safe and experimental environment.&lt;\/span&gt;&lt;\/span&gt;&lt;\/p&gt; &lt;p align=&quot;left&quot;&gt;&lt;span style=&quot;font-family: Arial, sans-serif;&quot;&gt;&lt;span style=&quot;font-size: small;&quot;&gt;&lt;b&gt;Location:&lt;\/b&gt; Indoor Stage \u2022 &lt;b&gt;Language(s):&lt;\/b&gt; English\/German\/Spanish \u2022 &lt;b&gt;Materials:&lt;\/b&gt; Comfortable clothing and water \u2022 &lt;b&gt;Fee:&lt;\/b&gt; Donation (suggested \u20ac20) \u2022 &lt;b&gt;Note:&lt;\/b&gt; Max. 20 participants&lt;\/span&gt;&lt;\/span&gt;&lt;\/p&gt; \",\r\n            \"image\": \"https:\/\/iftf-frankfurt.com\/wp-content\/uploads\/sites\/2\/NFTM-Performacula-2023-Gabriele-Saule-Tertelyte.jpg\",\r\n            \"name\": \"Sonic Bodies Lab: Choreographies of Desire\",\r\n            \"url\": \"https:\/\/iftf-frankfurt.com\/en\/events\/sonic-bodies-lab-choreographies-of-desire\/\"\r\n        }\r\n        <\/script>\r\n                            <article  data-href=\"https:\/\/iftf-frankfurt.com\/en\/events\/sonic-bodies-lab-choreographies-of-desire\/\" data-target=\"m1\" style=\"background:#785019 url('https:\/\/iftf-frankfurt.com\/wp-content\/uploads\/sites\/2\/NFTM-Performacula-2023-Gabriele-Saule-Tertelyte-300x400.jpg')\" class=\" mec-event-article mec-tile-item  mec-clear   \">\r\n                                                                        <div class=\"event-tile-view-head clearfix\">\r\n                                                            <div class=\"mec-event-month\"><span class=\"mec-start-date-label\" itemprop=\"startDate\">18 Sep<\/span><\/div>\r\n                                                        <div class=\"mec-event-time\"><i class=\"mec-sl-clock\"><\/i>10:00<\/div>\r\n                        <\/div>\r\n                        <div class=\"mec-event-content\" data-target=\"m1\" data-event-id=\"26348\">\r\n                            <a href=\"https:\/\/iftf-frankfurt.com\/en\/events\/sonic-bodies-lab-choreographies-of-desire\/\" target=\"m1\" class=\"mec-tile-into-content-link\"><\/a>                            <div class=\"mec-tile-event-content\">\r\n                                <div class=\"mec-event-detail\">\r\n                                                                                                            <span class=\"mec-event-loc-place\"><i class=\"mec-sl-location-pin\"><\/i>INDOOR STAGE PROTAGON<\/span>                                                                    <\/div>\r\n                                                                <h4 class=\"mec-event-title\"><a class=\"mec-color-hover\"  data-event-id=\"26348\" href=\"https:\/\/iftf-frankfurt.com\/en\/events\/sonic-bodies-lab-choreographies-of-desire\/\" target=\"m1\" rel=\"noopener\">Sonic Bodies Lab: Choreographies of Desire<\/a><\/h4>\r\n                                                            <\/div>\r\n                        <\/div>\r\n                    <\/article>\r\n                <\/div>                    <div class=\"col-md-4 col-sm-4\">        <script type=\"application\/ld+json\">\r\n        {\r\n            \"@context\": \"http:\/\/schema.org\",\r\n            \"@type\": \"Event\",\r\n            \"eventStatus\": \"https:\/\/schema.org\/EventScheduled\",\r\n            \"startDate\": \"2026-09-19\",\r\n            \"endDate\": \"2026-09-19\",\r\n            \"eventAttendanceMode\": \"https:\/\/schema.org\/OfflineEventAttendanceMode\",\r\n            \"location\":\r\n            {\r\n                \"@type\": \"Place\",\r\n                                \"name\": \"GROOVE DANCE STUDIO\",\r\n                \"image\": \"\",\r\n                \"address\": \"W\u00e4chtersbacher Str. 76, 60386 Frankfurt am Main\"\r\n                            },\r\n            \"organizer\":\r\n            {\r\n                \"@type\": \"Person\",\r\n                \"name\": \"\",\r\n                \"url\": \"\"\r\n            },\r\n            \"offers\":\r\n            {\r\n                \"url\": \"https:\/\/iftf-frankfurt.com\/en\/events\/gender-ausdruck-in-mimik-bewegung-und-performance\/\",\r\n                \"price\": \"\",\r\n                \"priceCurrency\": \"USD\",\r\n                \"availability\": \"https:\/\/schema.org\/InStock\",\r\n                \"validFrom\": \"2026-09-19T00:00\"\r\n            },\r\n            \"performer\": \"\",\r\n            \"description\": \"&lt;p align=&quot;left&quot;&gt;&lt;span style=&quot;font-size: small;&quot;&gt;&#8220;ENG below&#8221;&lt;\/span&gt;&lt;\/p&gt; &lt;p align=&quot;left&quot;&gt;&lt;span style=&quot;font-family: Arial, sans-serif;&quot;&gt;&lt;span style=&quot;font-size: small;&quot;&gt;Bridge Markland&lt;\/span&gt;&lt;\/span&gt;&lt;\/p&gt; &lt;p align=&quot;left&quot;&gt;&lt;span style=&quot;font-family: Arial, sans-serif;&quot;&gt;&lt;span style=&quot;font-size: small;&quot;&gt;In diesem Workshop schauen wir uns gendertypische Bewegungsmuster und Verhaltensweisen an. Wir gehen spielerisch mit diesen Klischees um und suchen nach Brechungen sowie Verwandlungen ins Gegenteil. \u00dcberzeichnung und kreativer Umgang mit Bewegungs- und Ausdrucks-Klischees werden in Kurz-Performances verwandelt, die innerhalb des Workshops gezeigt werden.&lt;\/span&gt;&lt;\/span&gt;&lt;\/p&gt; &lt;p align=&quot;left&quot;&gt;&lt;span style=&quot;font-family: Arial, sans-serif;&quot;&gt;&lt;span style=&quot;font-size: small;&quot;&gt;&lt;b&gt;Ort: &lt;\/b&gt;Groove Dance Studio&lt;b&gt; &lt;\/b&gt;\u2022 &lt;b&gt;Sprache(n):&lt;\/b&gt; Englisch\/ Deutsch \u2022&lt;b&gt; Material: &lt;\/b&gt;bequeme Kleidung und Wasser, kost\u00fcmtaugliche Kleidung und Accessoires (kein Must-have) \u2022 &lt;b&gt;Geb\u00fchr: &lt;\/b&gt;Spende (Empfehlung 20\u20ac)&lt;b&gt; &lt;\/b&gt;\u2022 &lt;b&gt;Hinweis: &lt;\/b&gt;max. 25 Teilnehmer*innen&lt;\/span&gt;&lt;\/span&gt;&lt;\/p&gt; &lt;p&gt;&nbsp;&lt;\/p&gt; &lt;p align=&quot;left&quot;&gt;&lt;span style=&quot;font-family: Arial, sans-serif;&quot;&gt;&lt;span style=&quot;font-size: small;&quot;&gt;&lt;b&gt;Gender Expression in Facial Expressions, Movement and Performance&lt;\/b&gt;&lt;\/span&gt;&lt;\/span&gt;&lt;\/p&gt; &lt;p align=&quot;left&quot;&gt;&lt;span style=&quot;font-family: Arial, sans-serif;&quot;&gt;&lt;span style=&quot;font-size: small;&quot;&gt;Bridge Markland&lt;\/span&gt;&lt;\/span&gt;&lt;\/p&gt; &lt;p align=&quot;left&quot;&gt;&lt;span style=&quot;font-family: Arial, sans-serif;&quot;&gt;&lt;span style=&quot;font-size: small;&quot;&gt;In this workshop, we explore gender-typical movement patterns and behaviours. We playfully engage with these clich\u00e9s and look for ways to break them and transform them into their opposites. Exaggeration and creative approaches to movement and expression clich\u00e9s are transformed into short performances, which will be shown within the workshop.&lt;\/span&gt;&lt;\/span&gt;&lt;\/p&gt; &lt;p align=&quot;left&quot;&gt;&lt;span style=&quot;font-family: Arial, sans-serif;&quot;&gt;&lt;span style=&quot;font-size: small;&quot;&gt;&lt;b&gt;Location:&lt;\/b&gt; Groove Dance Studio \u2022 &lt;b&gt;Language(s):&lt;\/b&gt; English\/German \u2022 &lt;b&gt;Materials:&lt;\/b&gt; Comfortable clothing and water, costume-friendly clothing and accessories (not mandatory) \u2022 &lt;b&gt;Fee:&lt;\/b&gt; Donation (suggested \u20ac20) \u2022 &lt;b&gt;Note:&lt;\/b&gt; Max. 25 participants&lt;\/span&gt;&lt;\/span&gt;&lt;\/p&gt; \",\r\n            \"image\": \"https:\/\/iftf-frankfurt.com\/wp-content\/uploads\/sites\/2\/BridgeMarkland-alsSteve_FotoJasonHarrell_04765-scaled.jpg\",\r\n            \"name\": \"Drag + Gender Performance\",\r\n            \"url\": \"https:\/\/iftf-frankfurt.com\/en\/events\/gender-ausdruck-in-mimik-bewegung-und-performance\/\"\r\n        }\r\n        <\/script>\r\n                            <article  data-href=\"https:\/\/iftf-frankfurt.com\/en\/events\/gender-ausdruck-in-mimik-bewegung-und-performance\/\" data-target=\"m1\" style=\"background:#785019 url('https:\/\/iftf-frankfurt.com\/wp-content\/uploads\/sites\/2\/BridgeMarkland-alsSteve_FotoJasonHarrell_04765-300x400.jpg')\" class=\" mec-event-article mec-tile-item  mec-clear   \">\r\n                                                                        <div class=\"event-tile-view-head clearfix\">\r\n                                                            <div class=\"mec-event-month\"><span class=\"mec-start-date-label\" itemprop=\"startDate\">19 Sep<\/span><\/div>\r\n                                                        <div class=\"mec-event-time\"><i class=\"mec-sl-clock\"><\/i>10:00<\/div>\r\n                        <\/div>\r\n                        <div class=\"mec-event-content\" data-target=\"m1\" data-event-id=\"26352\">\r\n                            <a href=\"https:\/\/iftf-frankfurt.com\/en\/events\/gender-ausdruck-in-mimik-bewegung-und-performance\/\" target=\"m1\" class=\"mec-tile-into-content-link\"><\/a>                            <div class=\"mec-tile-event-content\">\r\n                                <div class=\"mec-event-detail\">\r\n                                                                                                            <span class=\"mec-event-loc-place\"><i class=\"mec-sl-location-pin\"><\/i>GROOVE DANCE STUDIO<\/span>                                                                    <\/div>\r\n                                                                <h4 class=\"mec-event-title\"><a class=\"mec-color-hover\"  data-event-id=\"26352\" href=\"https:\/\/iftf-frankfurt.com\/en\/events\/gender-ausdruck-in-mimik-bewegung-und-performance\/\" target=\"m1\" rel=\"noopener\">Drag + Gender Performance<\/a><\/h4>\r\n                                                            <\/div>\r\n                        <\/div>\r\n                    <\/article>\r\n                <\/div>            <div class=\"col-md-4 col-sm-4\">        <script type=\"application\/ld+json\">\r\n        {\r\n            \"@context\": \"http:\/\/schema.org\",\r\n            \"@type\": \"Event\",\r\n            \"eventStatus\": \"https:\/\/schema.org\/EventScheduled\",\r\n            \"startDate\": \"2026-09-19\",\r\n            \"endDate\": \"2026-09-19\",\r\n            \"eventAttendanceMode\": \"https:\/\/schema.org\/OfflineEventAttendanceMode\",\r\n            \"location\":\r\n            {\r\n                \"@type\": \"Place\",\r\n                                \"name\": \"ATELIER DIASPORA\",\r\n                \"image\": \"\",\r\n                \"address\": \"Orber Stra\u00dfe 24, 60386 Frankfurt am Main\"\r\n                            },\r\n            \"organizer\":\r\n            {\r\n                \"@type\": \"Person\",\r\n                \"name\": \"\",\r\n                \"url\": \"\"\r\n            },\r\n            \"offers\":\r\n            {\r\n                \"url\": \"https:\/\/iftf-frankfurt.com\/en\/events\/consent-in-action\/\",\r\n                \"price\": \"\",\r\n                \"priceCurrency\": \"USD\",\r\n                \"availability\": \"https:\/\/schema.org\/InStock\",\r\n                \"validFrom\": \"2026-09-19T00:00\"\r\n            },\r\n            \"performer\": \"\",\r\n            \"description\": \"&lt;p align=&quot;left&quot;&gt;&lt;span style=&quot;font-family: Arial, sans-serif;&quot;&gt;&lt;span style=&quot;font-size: small;&quot;&gt;Franzy Deutscher und Annalena Maas&lt;\/span&gt;&lt;\/span&gt;&lt;\/p&gt; &lt;p align=&quot;left&quot;&gt;&lt;span style=&quot;font-family: Arial, sans-serif;&quot;&gt;&lt;span style=&quot;font-size: small;&quot;&gt;Einvernehmlichkeit (Konsens) ist eine Grundbedingung k\u00fcnstlerischen Arbeitens in Situationen, in denen pers\u00f6nliche oder k\u00f6rperliche Grenzen ber\u00fchrt werden. Regieanweisungen wie \u201emacht halt einfach mal\u201c, \u201estell dich nicht so an\u201c oder \u201ek\u00fcsst halt einfach\u201c sind pass\u00e9. Die Theaterfrauen und Intimit\u00e4tskoordinatorinnen Franzy Deutscher und Annalena Maas arbeiten seit vielen Jahren in Theater und Film sowie als Hochschuldozentinnen. Mit ihren Perspektiven aus Regie und Kampfchoreografie widmen sie sich praktisch den Themen Grenzen, Kommunikation und Sprache. Der Workshop vermittelt Methoden f\u00fcr mehr Orientierung und Handlungssicherheit in Probensituationen mit k\u00f6rperlicher oder emotionaler Intimit\u00e4t. Eigene Fragen und Erfahrungen sind ausdr\u00fccklich willkommen. Ziel ist eine Arbeitskultur, in der B\u00fchnenschaffende gesch\u00fctzt, geh\u00f6rt und respektiert werden, um eine Grundlage f\u00fcr Vertrauen, Kreativit\u00e4t und faire, zukunftsf\u00e4hige B\u00fchnenk\u00fcnste zu schaffen. &lt;\/span&gt;&lt;\/span&gt;&lt;\/p&gt; &lt;p align=&quot;left&quot;&gt;&lt;span style=&quot;font-family: Arial, sans-serif;&quot;&gt;&lt;span style=&quot;font-size: small;&quot;&gt;&lt;b&gt;Ort: &lt;\/b&gt;Atelier Di\u00e1spora \u2022 &lt;b&gt;Sprache(n): &lt;\/b&gt;Englisch\/ Deutsch\u2022&lt;b&gt; Material: &lt;\/b&gt;bequeme Kleidung und Wasser \u2022 &lt;b&gt;Geb\u00fchr: &lt;\/b&gt;Spende (Empfehlung 20\u20ac)&lt;b&gt; &lt;\/b&gt;\u2022 &lt;b&gt;Hinweis: &lt;\/b&gt;max. 20 Teilnehmer*innen&lt;\/span&gt;&lt;\/span&gt;&lt;\/p&gt; &lt;p&gt;&nbsp;&lt;\/p&gt; &lt;p align=&quot;left&quot;&gt;&lt;span style=&quot;font-family: Arial, sans-serif;&quot;&gt;&lt;span style=&quot;font-size: small;&quot;&gt;&lt;b&gt;CONSENT IN ACTION&lt;\/b&gt;&lt;\/span&gt;&lt;\/span&gt;&lt;\/p&gt; &lt;p align=&quot;left&quot;&gt;&lt;span style=&quot;font-family: Arial, sans-serif;&quot;&gt;&lt;span style=&quot;font-size: small;&quot;&gt;Franzy Deutscher and Annalena Maas&lt;\/span&gt;&lt;\/span&gt;&lt;\/p&gt; &lt;p align=&quot;left&quot;&gt;&lt;span style=&quot;font-family: Arial, sans-serif;&quot;&gt;&lt;span style=&quot;font-size: small;&quot;&gt;Consent is a fundamental condition of artistic work in situations that involve personal or physical boundaries. Directions such as \u201cjust do it,\u201d \u201cdon\u2019t be so difficult\u201d or \u201cjust kiss\u201d are a thing of the past. Theatre practitioners and intimacy coordinators Franzy Deutscher and Annalena Maas have worked in theatre and film for many years and also teach at universities. Drawing on their perspectives from directing and fight choreography, they take a practical approach to the topics of boundaries, communication and language. The workshop offers methods for greater clarity and confidence in rehearsal situations involving physical or emotional intimacy. Participants are expressly invited to bring their own questions and experiences. The aim is to foster a working culture in which performing artists are protected, heard and respected, creating a foundation for trust, creativity and fair, sustainable performing arts.&lt;\/span&gt;&lt;\/span&gt;&lt;\/p&gt; &lt;p align=&quot;left&quot;&gt;&lt;span style=&quot;font-family: Arial, sans-serif;&quot;&gt;&lt;span style=&quot;font-size: small;&quot;&gt;&lt;b&gt;Location:&lt;\/b&gt; Atelier Di\u00e1spora \u2022 &lt;b&gt;Language(s):&lt;\/b&gt; English\/German \u2022 &lt;b&gt;Materials:&lt;\/b&gt; Comfortable clothing and water \u2022 &lt;b&gt;Fee:&lt;\/b&gt; Donation (suggested \u20ac20) \u2022 &lt;b&gt;Note:&lt;\/b&gt; Max. 20 participants&lt;\/span&gt;&lt;\/span&gt;&lt;\/p&gt; \",\r\n            \"image\": \"https:\/\/iftf-frankfurt.com\/wp-content\/uploads\/sites\/2\/ConsentInAction_ThiloMoessner.jpg\",\r\n            \"name\": \"CONSENT IN ACTION\",\r\n            \"url\": \"https:\/\/iftf-frankfurt.com\/en\/events\/consent-in-action\/\"\r\n        }\r\n        <\/script>\r\n                            <article  data-href=\"https:\/\/iftf-frankfurt.com\/en\/events\/consent-in-action\/\" data-target=\"m1\" style=\"background:#785019 url('https:\/\/iftf-frankfurt.com\/wp-content\/uploads\/sites\/2\/ConsentInAction_ThiloMoessner-300x400.jpg')\" class=\" mec-event-article mec-tile-item  mec-clear   \">\r\n                                                                        <div class=\"event-tile-view-head clearfix\">\r\n                                                            <div class=\"mec-event-month\"><span class=\"mec-start-date-label\" itemprop=\"startDate\">19 Sep<\/span><\/div>\r\n                                                        <div class=\"mec-event-time\"><i class=\"mec-sl-clock\"><\/i>11:00<\/div>\r\n                        <\/div>\r\n                        <div class=\"mec-event-content\" data-target=\"m1\" data-event-id=\"26362\">\r\n                            <a href=\"https:\/\/iftf-frankfurt.com\/en\/events\/consent-in-action\/\" target=\"m1\" class=\"mec-tile-into-content-link\"><\/a>                            <div class=\"mec-tile-event-content\">\r\n                                <div class=\"mec-event-detail\">\r\n                                                                                                            <span class=\"mec-event-loc-place\"><i class=\"mec-sl-location-pin\"><\/i>ATELIER DIASPORA<\/span>                                                                    <\/div>\r\n                                                                <h4 class=\"mec-event-title\"><a class=\"mec-color-hover\"  data-event-id=\"26362\" href=\"https:\/\/iftf-frankfurt.com\/en\/events\/consent-in-action\/\" target=\"m1\" rel=\"noopener\">CONSENT IN ACTION<\/a><\/h4>\r\n                                                            <\/div>\r\n                        <\/div>\r\n                    <\/article>\r\n                <\/div><\/div>            <div class=\"row\"><div class=\"col-md-4 col-sm-4\">        <script type=\"application\/ld+json\">\r\n        {\r\n            \"@context\": \"http:\/\/schema.org\",\r\n            \"@type\": \"Event\",\r\n            \"eventStatus\": \"https:\/\/schema.org\/EventScheduled\",\r\n            \"startDate\": \"2026-09-19\",\r\n            \"endDate\": \"2026-09-19\",\r\n            \"eventAttendanceMode\": \"https:\/\/schema.org\/OfflineEventAttendanceMode\",\r\n            \"location\":\r\n            {\r\n                \"@type\": \"Place\",\r\n                                \"name\": \"Jurte\",\r\n                \"image\": \"\",\r\n                \"address\": \"Orber Stra\u00dfe 57, 60386 Frankfurt am Main\"\r\n                            },\r\n            \"organizer\":\r\n            {\r\n                \"@type\": \"Person\",\r\n                \"name\": \"\",\r\n                \"url\": \"\"\r\n            },\r\n            \"offers\":\r\n            {\r\n                \"url\": \"https:\/\/iftf-frankfurt.com\/en\/events\/magische-theaterreise-spiel-spass-fantasie\/\",\r\n                \"price\": \"\",\r\n                \"priceCurrency\": \"USD\",\r\n                \"availability\": \"https:\/\/schema.org\/InStock\",\r\n                \"validFrom\": \"2026-09-19T00:00\"\r\n            },\r\n            \"performer\": \"\",\r\n            \"description\": \"&lt;p align=&quot;left&quot;&gt;&lt;span style=&quot;font-size: small;&quot;&gt;&#8220;ENG below&#8221;&lt;\/span&gt;&lt;\/p&gt; &lt;p align=&quot;left&quot;&gt;&lt;span style=&quot;font-family: Arial, sans-serif;&quot;&gt;&lt;span style=&quot;font-size: small;&quot;&gt;Madita Scharf&lt;\/span&gt;&lt;\/span&gt;&lt;\/p&gt; &lt;p align=&quot;left&quot;&gt;&lt;span style=&quot;font-family: Arial, sans-serif;&quot;&gt;&lt;span style=&quot;font-size: small;&quot;&gt;Lust auf ein buntes B\u00fchnenabenteuer? In unserem Theaterworkshop schl\u00fcpfen Kinder von 3 bis 10 Jahren in ganz neue Rollen und entdecken die magische Welt des Theaters. Was euch erwartet: Bewegen &amp; Aufw\u00e4rmen: Mit lustigen Theater- und Aufw\u00e4rmspielen wecken wir unseren K\u00f6rper, unsere Stimme und unsere Lachmuskeln. Verwandeln &amp; Verkleiden: Aus bunten T\u00fcchern, H\u00fcten und Requisiten entstehen im Handumdrehen eigene Fantasiefiguren \u2013 vom mutigen Piraten bis zum Zauberwesen. Gemeinsam Abenteuer erleben: In einer aktiven Mitmach-Fantasiereise bewegen wir uns durch unterschiedliche Welten und l\u00f6sen knifflige R\u00e4tsel. Kommt vorbei und werdet Teil unserer Geschichte!&lt;\/span&gt;&lt;\/span&gt;&lt;\/p&gt; &lt;p align=&quot;left&quot;&gt;&lt;span style=&quot;font-family: Arial, sans-serif;&quot;&gt;&lt;span style=&quot;font-size: small;&quot;&gt;&lt;br \/&gt; &lt;b&gt;Ort: &lt;\/b&gt;Jurte&lt;b&gt; &lt;\/b&gt;\u2022 &lt;b&gt;Sprache(n):&lt;\/b&gt; Englisch\/ Deutsch \u2022&lt;b&gt; Material: &lt;\/b&gt;bequeme Kleidung und Wasser&lt;b&gt; &lt;\/b&gt;\u2022 &lt;b&gt;Geb\u00fchr: &lt;\/b&gt;Spende (Empfehlung 20\u20ac)&lt;b&gt; &lt;\/b&gt;\u2022 &lt;b&gt;Hinweis: &lt;\/b&gt;max. 25 Teilnehmer*innen&lt;\/span&gt;&lt;\/span&gt;&lt;\/p&gt; &lt;p&gt;&nbsp;&lt;\/p&gt; &lt;p align=&quot;left&quot;&gt;&lt;span style=&quot;font-family: Arial, sans-serif;&quot;&gt;&lt;span style=&quot;font-size: small;&quot;&gt;&lt;b&gt;Magical Theatre Journey: Play, Fun &amp; Imagination&lt;\/b&gt;&lt;\/span&gt;&lt;\/span&gt;&lt;\/p&gt; &lt;p align=&quot;left&quot;&gt;&lt;span style=&quot;font-family: Arial, sans-serif;&quot;&gt;&lt;span style=&quot;font-size: small;&quot;&gt;Madita Scharf&lt;\/span&gt;&lt;\/span&gt;&lt;\/p&gt; &lt;p align=&quot;left&quot;&gt;&lt;span style=&quot;font-family: Arial, sans-serif;&quot;&gt;&lt;span style=&quot;font-size: small;&quot;&gt;Ready for a colourful stage adventure? In our theatre workshop, children aged 3 to 10 step into completely new roles and discover the magical world of theatre. What to expect: Moving &amp; Warming Up: With fun theatre and warm-up games, we awaken our bodies, voices and laughing muscles. Transforming &amp; Dressing Up: Colourful scarves, hats and props become imaginative characters in no time \u2013 from brave pirates to magical creatures. Going on Adventures Together: On an active, participatory journey through the imagination, we move through different worlds and solve tricky riddles. Come along and become part of our story!&lt;\/span&gt;&lt;\/span&gt;&lt;\/p&gt; &lt;p align=&quot;left&quot;&gt;&lt;span style=&quot;font-family: Arial, sans-serif;&quot;&gt;&lt;span style=&quot;font-size: small;&quot;&gt;&lt;b&gt;Location:&lt;\/b&gt; Yurt \u2022 &lt;b&gt;Language(s):&lt;\/b&gt; English\/German \u2022 &lt;b&gt;Materials:&lt;\/b&gt; Comfortable clothing and water \u2022 &lt;b&gt;Fee:&lt;\/b&gt; Donation (suggested \u20ac20) \u2022 &lt;b&gt;Note:&lt;\/b&gt; Max. 25 participants&lt;\/span&gt;&lt;\/span&gt;&lt;\/p&gt; \",\r\n            \"image\": \"https:\/\/iftf-frankfurt.com\/wp-content\/uploads\/sites\/2\/MagischeTheaterreise-scaled.jpg\",\r\n            \"name\": \"Magische Theaterreise: Spiel, Spa\u00df &#038; Fantasie\",\r\n            \"url\": \"https:\/\/iftf-frankfurt.com\/en\/events\/magische-theaterreise-spiel-spass-fantasie\/\"\r\n        }\r\n        <\/script>\r\n                            <article  data-href=\"https:\/\/iftf-frankfurt.com\/en\/events\/magische-theaterreise-spiel-spass-fantasie\/\" data-target=\"m1\" style=\"background:#775c37 url('https:\/\/iftf-frankfurt.com\/wp-content\/uploads\/sites\/2\/MagischeTheaterreise-300x400.jpg')\" class=\" mec-event-article mec-tile-item  mec-clear   \">\r\n                                                                        <div class=\"event-tile-view-head clearfix\">\r\n                                                            <div class=\"mec-event-month\"><span class=\"mec-start-date-label\" itemprop=\"startDate\">19 Sep<\/span><\/div>\r\n                                                        <div class=\"mec-event-time\"><i class=\"mec-sl-clock\"><\/i>15:00<\/div>\r\n                        <\/div>\r\n                        <div class=\"mec-event-content\" data-target=\"m1\" data-event-id=\"26366\">\r\n                            <a href=\"https:\/\/iftf-frankfurt.com\/en\/events\/magische-theaterreise-spiel-spass-fantasie\/\" target=\"m1\" class=\"mec-tile-into-content-link\"><\/a>                            <div class=\"mec-tile-event-content\">\r\n                                <div class=\"mec-event-detail\">\r\n                                                                                                            <span class=\"mec-event-loc-place\"><i class=\"mec-sl-location-pin\"><\/i>Jurte<\/span>                                                                    <\/div>\r\n                                                                <h4 class=\"mec-event-title\"><a class=\"mec-color-hover\"  data-event-id=\"26366\" href=\"https:\/\/iftf-frankfurt.com\/en\/events\/magische-theaterreise-spiel-spass-fantasie\/\" target=\"m1\" rel=\"noopener\">Magische Theaterreise: Spiel, Spa\u00df &#038; Fantasie<\/a><\/h4>\r\n                                                            <\/div>\r\n                        <\/div>\r\n                    <\/article>\r\n                <\/div>                    <div class=\"col-md-4 col-sm-4\">        <script type=\"application\/ld+json\">\r\n        {\r\n            \"@context\": \"http:\/\/schema.org\",\r\n            \"@type\": \"Event\",\r\n            \"eventStatus\": \"https:\/\/schema.org\/EventScheduled\",\r\n            \"startDate\": \"2026-09-20\",\r\n            \"endDate\": \"2026-09-20\",\r\n            \"eventAttendanceMode\": \"https:\/\/schema.org\/OfflineEventAttendanceMode\",\r\n            \"location\":\r\n            {\r\n                \"@type\": \"Place\",\r\n                                \"name\": \"Jurte\",\r\n                \"image\": \"\",\r\n                \"address\": \"Orber Stra\u00dfe 57, 60386 Frankfurt am Main\"\r\n                            },\r\n            \"organizer\":\r\n            {\r\n                \"@type\": \"Person\",\r\n                \"name\": \"\",\r\n                \"url\": \"\"\r\n            },\r\n            \"offers\":\r\n            {\r\n                \"url\": \"https:\/\/iftf-frankfurt.com\/en\/events\/kreativworkshop-insektenhimmel\/\",\r\n                \"price\": \"\",\r\n                \"priceCurrency\": \"USD\",\r\n                \"availability\": \"https:\/\/schema.org\/InStock\",\r\n                \"validFrom\": \"2026-09-20T00:00\"\r\n            },\r\n            \"performer\": \"\",\r\n            \"description\": \"&lt;p align=&quot;left&quot;&gt;&lt;span style=&quot;font-size: small;&quot;&gt;&#8220;ENG below&#8221;&lt;\/span&gt;&lt;\/p&gt; &lt;p align=&quot;left&quot;&gt;&lt;span style=&quot;font-family: Arial, sans-serif;&quot;&gt;&lt;span style=&quot;font-size: small;&quot;&gt;Effi Bodensohn&lt;\/span&gt;&lt;\/span&gt;&lt;\/p&gt; &lt;p align=&quot;left&quot;&gt;&lt;span style=&quot;font-family: Arial, sans-serif;&quot;&gt;&lt;span style=&quot;font-size: small;&quot;&gt;Lasst uns gemeinsam ein Mobile basteln! Mit Naturmaterial, Draht und Serviettentechnik lassen wir uns von einigen der kleinsten Lebewesen inspirieren. &lt;\/span&gt;&lt;\/span&gt;&lt;\/p&gt; &lt;p align=&quot;left&quot;&gt;&lt;span style=&quot;font-family: Arial, sans-serif;&quot;&gt;&lt;span style=&quot;font-size: small;&quot;&gt;&lt;b&gt;Ort: &lt;\/b&gt;Jurte&lt;b&gt; &lt;\/b&gt;\u2022 &lt;b&gt;Sprache(n): &lt;\/b&gt;Deutsch \u2022 &lt;b&gt;Geb\u00fchr: &lt;\/b&gt;kostenlos \u2022 &lt;b&gt;Hinweis: &lt;\/b&gt;max. 20 Teilnehmer*innen&lt;\/span&gt;&lt;\/span&gt;&lt;\/p&gt; &lt;p&gt;&nbsp;&lt;\/p&gt; &lt;p align=&quot;left&quot;&gt;&lt;span style=&quot;font-family: Arial, sans-serif;&quot;&gt;&lt;span style=&quot;font-size: small;&quot;&gt;&lt;b&gt;Creative Workshop: Insect Sky&lt;\/b&gt;&lt;\/span&gt;&lt;\/span&gt;&lt;\/p&gt; &lt;p align=&quot;left&quot;&gt;&lt;span style=&quot;font-family: Arial, sans-serif;&quot;&gt;&lt;span style=&quot;font-size: small;&quot;&gt;Effi Bodensohn&lt;\/span&gt;&lt;\/span&gt;&lt;\/p&gt; &lt;p align=&quot;left&quot;&gt;&lt;span style=&quot;font-family: Arial, sans-serif;&quot;&gt;&lt;span style=&quot;font-size: small;&quot;&gt;Let\u2019s make a mobile together! Using natural materials, wire and napkin decoupage, we will take inspiration from some of the smallest living creatures.&lt;\/span&gt;&lt;\/span&gt;&lt;\/p&gt; &lt;p align=&quot;left&quot;&gt;&lt;span style=&quot;font-family: Arial, sans-serif;&quot;&gt;&lt;span style=&quot;font-size: small;&quot;&gt;&lt;b&gt;Location:&lt;\/b&gt; Yurt \u2022 &lt;b&gt;Language(s):&lt;\/b&gt; German \u2022 &lt;b&gt;Fee:&lt;\/b&gt; Free \u2022 &lt;b&gt;Note:&lt;\/b&gt; Max. 20 participants&lt;\/span&gt;&lt;\/span&gt;&lt;\/p&gt; \",\r\n            \"image\": \"https:\/\/iftf-frankfurt.com\/wp-content\/uploads\/sites\/2\/InsektenHimmel-scaled.jpg\",\r\n            \"name\": \"Kreativworkshop Insektenhimmel\",\r\n            \"url\": \"https:\/\/iftf-frankfurt.com\/en\/events\/kreativworkshop-insektenhimmel\/\"\r\n        }\r\n        <\/script>\r\n                            <article  data-href=\"https:\/\/iftf-frankfurt.com\/en\/events\/kreativworkshop-insektenhimmel\/\" data-target=\"m1\" style=\"background:#775c37 url('https:\/\/iftf-frankfurt.com\/wp-content\/uploads\/sites\/2\/InsektenHimmel-300x400.jpg')\" class=\" mec-event-article mec-tile-item  mec-clear   \">\r\n                                                                        <div class=\"event-tile-view-head clearfix\">\r\n                                                            <div class=\"mec-event-month\"><span class=\"mec-start-date-label\" itemprop=\"startDate\">20 Sep<\/span><\/div>\r\n                                                        <div class=\"mec-event-time\"><i class=\"mec-sl-clock\"><\/i>15:00<\/div>\r\n                        <\/div>\r\n                        <div class=\"mec-event-content\" data-target=\"m1\" data-event-id=\"26369\">\r\n                            <a href=\"https:\/\/iftf-frankfurt.com\/en\/events\/kreativworkshop-insektenhimmel\/\" target=\"m1\" class=\"mec-tile-into-content-link\"><\/a>                            <div class=\"mec-tile-event-content\">\r\n                                <div class=\"mec-event-detail\">\r\n                                                                                                            <span class=\"mec-event-loc-place\"><i class=\"mec-sl-location-pin\"><\/i>Jurte<\/span>                                                                    <\/div>\r\n                                                                <h4 class=\"mec-event-title\"><a class=\"mec-color-hover\"  data-event-id=\"26369\" href=\"https:\/\/iftf-frankfurt.com\/en\/events\/kreativworkshop-insektenhimmel\/\" target=\"m1\" rel=\"noopener\">Kreativworkshop Insektenhimmel<\/a><\/h4>\r\n                                                            <\/div>\r\n                        <\/div>\r\n                    <\/article>\r\n                <\/div>            <div class=\"col-md-4 col-sm-4\">        <script type=\"application\/ld+json\">\r\n        {\r\n            \"@context\": \"http:\/\/schema.org\",\r\n            \"@type\": \"Event\",\r\n            \"eventStatus\": \"https:\/\/schema.org\/EventScheduled\",\r\n            \"startDate\": \"2026-09-20\",\r\n            \"endDate\": \"2026-09-20\",\r\n            \"eventAttendanceMode\": \"https:\/\/schema.org\/OfflineEventAttendanceMode\",\r\n            \"location\":\r\n            {\r\n                \"@type\": \"Place\",\r\n                                \"name\": \"ATELIER DIASPORA\",\r\n                \"image\": \"\",\r\n                \"address\": \"Orber Stra\u00dfe 24, 60386 Frankfurt am Main\"\r\n                            },\r\n            \"organizer\":\r\n            {\r\n                \"@type\": \"Person\",\r\n                \"name\": \"\",\r\n                \"url\": \"\"\r\n            },\r\n            \"offers\":\r\n            {\r\n                \"url\": \"https:\/\/iftf-frankfurt.com\/en\/events\/weibliche-selbstbestimmung-im-candomble\/\",\r\n                \"price\": \"\",\r\n                \"priceCurrency\": \"USD\",\r\n                \"availability\": \"https:\/\/schema.org\/InStock\",\r\n                \"validFrom\": \"2026-09-20T00:00\"\r\n            },\r\n            \"performer\": \"\",\r\n            \"description\": \"&lt;p align=&quot;left&quot;&gt;&lt;span style=&quot;font-size: small;&quot;&gt;&#8220;ENG below&#8221;&lt;\/span&gt;&lt;\/p&gt; &lt;p align=&quot;left&quot;&gt;&lt;span style=&quot;font-family: Arial, sans-serif;&quot;&gt;&lt;span style=&quot;font-size: small;&quot;&gt;Alba Cristina Soares (Ya Darabi)&lt;br \/&gt; &lt;\/span&gt;&lt;\/span&gt;&lt;\/p&gt; &lt;p align=&quot;left&quot;&gt;&lt;span style=&quot;font-family: Arial, sans-serif;&quot;&gt;&lt;span style=&quot;font-size: small;&quot;&gt;Candombl\u00e9 ist eine afrobrasilianische, afrodiasporische Religion und kulturelle Tradition. Durch das Zuh\u00f6ren und Lernen von den \u00c4lteren begegnen wir den weiblichen Orix\u00e1s, ihren Symbolen, Mythen und Legenden. Ihre Geschichten erz\u00e4hlen von Mut, Kraft, Unabh\u00e4ngigkeit, Weisheit und Transformation. Sie inspirieren uns, unsere eigene St\u00e4rke zu entdecken, unseren Raum selbstbestimmt einzunehmen und gemeinsam f\u00fcr Empowerment und Solidarit\u00e4t aufzubauen.&lt;br \/&gt; &lt;\/span&gt;&lt;\/span&gt;&lt;\/p&gt; &lt;p align=&quot;left&quot;&gt;&lt;span style=&quot;font-family: Arial, sans-serif;&quot;&gt;&lt;span style=&quot;font-size: small;&quot;&gt;&lt;b&gt;Ort: &lt;\/b&gt;Atelier Di\u00e1spora \u2022 &lt;b&gt;Sprache(n):&lt;\/b&gt; Englisch\/ Portugiesisch \u2022&lt;b&gt; Material:&lt;\/b&gt; bequeme Kleidung und Wasser \u2022 &lt;b&gt;Geb\u00fchr:&lt;\/b&gt; kostenlos \u2022 &lt;b&gt;Hinweis:&lt;\/b&gt; max. 20 Teilnehmer*innen&lt;\/span&gt;&lt;\/span&gt;&lt;\/p&gt; &lt;p&gt;&nbsp;&lt;\/p&gt; &lt;p align=&quot;left&quot;&gt;&lt;span style=&quot;font-family: Arial, sans-serif;&quot;&gt;&lt;span style=&quot;font-size: small;&quot;&gt;&lt;b&gt;The self-determination of womxn in &lt;i&gt;Candombl\u00e9&lt;\/i&gt;: Stories, Rituals and Self-Determination&lt;\/b&gt;&lt;\/span&gt;&lt;\/span&gt;&lt;\/p&gt; &lt;p align=&quot;left&quot;&gt;&lt;span style=&quot;font-family: Arial, sans-serif;&quot;&gt;&lt;span style=&quot;font-size: small;&quot;&gt;Alba Cristina Soares (Ya Darabi)&lt;\/span&gt;&lt;\/span&gt;&lt;\/p&gt; &lt;p align=&quot;left&quot;&gt;&lt;span style=&quot;font-family: Arial, sans-serif;&quot;&gt;&lt;span style=&quot;font-size: small;&quot;&gt;Candombl\u00e9 is an Afro-Brazilian, Afro-diasporic religious and cultural tradition. Through listening to and learning from elders, we encounter the female Orix\u00e1s, their symbols, myths and legends. Their stories speak of courage, strength, independence, wisdom and transformation. They inspire us to discover our own strength, claim our space with self-determination, and build empowerment and solidarity together.&lt;\/span&gt;&lt;\/span&gt;&lt;\/p&gt; &lt;p align=&quot;left&quot;&gt;&lt;span style=&quot;font-family: Arial, sans-serif;&quot;&gt;&lt;span style=&quot;font-size: small;&quot;&gt;&lt;b&gt;Location:&lt;\/b&gt; Atelier Di\u00e1spora \u2022 &lt;b&gt;Language(s):&lt;\/b&gt; English\/Portuguese \u2022 &lt;b&gt;Materials:&lt;\/b&gt; Comfortable clothing and water \u2022 &lt;b&gt;Fee:&lt;\/b&gt; Free \u2022 &lt;b&gt;Note:&lt;\/b&gt; Max. 20 participants&lt;\/span&gt;&lt;\/span&gt;&lt;\/p&gt; \",\r\n            \"image\": \"https:\/\/iftf-frankfurt.com\/wp-content\/uploads\/sites\/2\/YaDarabi.png\",\r\n            \"name\": \"Die Selbstbestimmung der Frauen* im &lt;i&gt;Candombl\u00e9&lt;\/i&gt;\",\r\n            \"url\": \"https:\/\/iftf-frankfurt.com\/en\/events\/weibliche-selbstbestimmung-im-candomble\/\"\r\n        }\r\n        <\/script>\r\n                            <article  data-href=\"https:\/\/iftf-frankfurt.com\/en\/events\/weibliche-selbstbestimmung-im-candomble\/\" data-target=\"m1\" style=\"background:#785019 url('https:\/\/iftf-frankfurt.com\/wp-content\/uploads\/sites\/2\/YaDarabi-300x400.png')\" class=\" mec-event-article mec-tile-item  mec-clear   \">\r\n                                                                        <div class=\"event-tile-view-head clearfix\">\r\n                                                            <div class=\"mec-event-month\"><span class=\"mec-start-date-label\" itemprop=\"startDate\">20 Sep<\/span><\/div>\r\n                                                        <div class=\"mec-event-time\"><i class=\"mec-sl-clock\"><\/i>15:00<\/div>\r\n                        <\/div>\r\n                        <div class=\"mec-event-content\" data-target=\"m1\" data-event-id=\"26371\">\r\n                            <a href=\"https:\/\/iftf-frankfurt.com\/en\/events\/weibliche-selbstbestimmung-im-candomble\/\" target=\"m1\" class=\"mec-tile-into-content-link\"><\/a>                            <div class=\"mec-tile-event-content\">\r\n                                <div class=\"mec-event-detail\">\r\n                                                                                                            <span class=\"mec-event-loc-place\"><i class=\"mec-sl-location-pin\"><\/i>ATELIER DIASPORA<\/span>                                                                    <\/div>\r\n                                                                <h4 class=\"mec-event-title\"><a class=\"mec-color-hover\"  data-event-id=\"26371\" href=\"https:\/\/iftf-frankfurt.com\/en\/events\/weibliche-selbstbestimmung-im-candomble\/\" target=\"m1\" rel=\"noopener\">Die Selbstbestimmung der Frauen* im <i>Candombl\u00e9<\/i><\/a><\/h4>\r\n                                                            <\/div>\r\n                        <\/div>\r\n                    <\/article>\r\n                <\/div><\/div>                    <div class=\"row\"><div class=\"col-md-4 col-sm-4\">        <script type=\"application\/ld+json\">\r\n        {\r\n            \"@context\": \"http:\/\/schema.org\",\r\n            \"@type\": \"Event\",\r\n            \"eventStatus\": \"https:\/\/schema.org\/EventScheduled\",\r\n            \"startDate\": \"2026-09-24\",\r\n            \"endDate\": \"2026-09-24\",\r\n            \"eventAttendanceMode\": \"https:\/\/schema.org\/OfflineEventAttendanceMode\",\r\n            \"location\":\r\n            {\r\n                \"@type\": \"Place\",\r\n                                \"name\": \"Schwimmhalle Goethe-Universit\u00e4t Frankfurt\",\r\n                \"image\": \"\",\r\n                \"address\": \"Ginnheimer Landstra\u00dfe 39, 60487 Frankfurt\"\r\n                            },\r\n            \"organizer\":\r\n            {\r\n                \"@type\": \"Person\",\r\n                \"name\": \"\",\r\n                \"url\": \"\"\r\n            },\r\n            \"offers\":\r\n            {\r\n                \"url\": \"https:\/\/iftf-frankfurt.com\/en\/events\/blue-lab-taking-care-of-caregivers-somatics-watery-wisdom-and-atypical-motherhood\/\",\r\n                \"price\": \"\",\r\n                \"priceCurrency\": \"USD\",\r\n                \"availability\": \"https:\/\/schema.org\/InStock\",\r\n                \"validFrom\": \"2026-09-24T00:00\"\r\n            },\r\n            \"performer\": \"\",\r\n            \"description\": \"&lt;p align=&quot;left&quot;&gt;&lt;span style=&quot;font-family: Times New Roman, serif;&quot;&gt;&lt;span style=&quot;font-size: small;&quot;&gt;Prof. Dr. Ciane Fernandes&lt;\/span&gt;&lt;\/span&gt;&lt;\/p&gt; &lt;p align=&quot;left&quot;&gt;&lt;span style=&quot;font-size: small;&quot;&gt;&#8220;ENG below&#8221;&lt;\/span&gt;&lt;\/p&gt; &lt;p align=&quot;left&quot;&gt;&lt;span style=&quot;font-family: Times New Roman, serif;&quot;&gt;&lt;span style=&quot;font-size: small;&quot;&gt;Eine einf\u00fchlsame kollektive Einstimmung w\u00e4hrend der Gezeitenpause im deutschen Meer, an verschiedenen Tagen des Festivals und offen f\u00fcr die Teilnahme des Publikums.&lt;\/span&gt;&lt;\/span&gt;&lt;\/p&gt; &lt;p align=&quot;left&quot;&gt;&lt;span style=&quot;font-family: Times New Roman, serif;&quot;&gt;&lt;span style=&quot;font-size: small;&quot;&gt;Die Gezeitenpause bezeichnet den kurzen Moment zwischen Ebbe und Flut, in dem sich der Wasserstand kaum ver\u00e4ndert. Durch die Bewegung des Mondes um die Erde verschiebt sich dieser Zeitpunkt t\u00e4glich um etwa 50 Minuten, sodass die Performance jeden Tag zu einer anderen Zeit stattfindet.&lt;\/span&gt;&lt;\/span&gt;&lt;\/p&gt; &lt;p align=&quot;left&quot;&gt;&lt;span style=&quot;font-family: Times New Roman, serif;&quot;&gt;&lt;span style=&quot;font-size: small;&quot;&gt;Wie k\u00f6nnen wir koloniale, fragmentierte Zeit und unterteilte R\u00e4ume aufl\u00f6sen und in einem Zwischenraum-Zeit-Kontinuum schweben \u2013 als ein sich ausbreitender, spiralf\u00f6rmiger, weiblicher und flie\u00dfender Zustand, tief verbunden mit den Rhythmen der Gezeiten?&lt;\/span&gt;&lt;\/span&gt;&lt;\/p&gt; &lt;p align=&quot;left&quot;&gt;&lt;span style=&quot;font-family: Times New Roman, serif;&quot;&gt;&lt;span style=&quot;font-size: small;&quot;&gt;&lt;strong&gt;Ort:&lt;\/strong&gt; SCHWIMMHALLE GOETHE-UNIVERSIT\u00c4T FRANKFURT &#8211; CAMPUS, GINNHEIMER LANDSTRA\u00dfE 39, 60487, FRANKFURT \u2022 &lt;strong&gt;Sprache(n):&lt;\/strong&gt; Englisch \u2022 &lt;strong&gt;Material:&lt;\/strong&gt; Badeanzug\/Badehose, Badekappe, ein Handtuch und\/oder einen Bademantel, Schwimmbrille, Ohrst\u00f6psel, Nasenklammer und eine Wasserflasche, um w\u00e4hrend der Aktivit\u00e4t ausreichend zu trinken. Es ist empfehlenswert, Shorts und ein T-Shirt mitzubringen, die du \u00fcber der Badekleidung tragen kannst, um damit ins Wasser zu gehen. Falls du eine Schnorchelmaske sowie Tauch- oder Schwimmflossen hast, kannst du diese ebenfalls mitbringen. Zus\u00e4tzlich kannst du ein St\u00fcck Baumwollstoff und\/oder ein Kost\u00fcm mitbringen, mit dem du im Wasser experimentieren m\u00f6chtest. Grunds\u00e4tzlich sollten Stoffe und Kost\u00fcme aus einem leichten, wassergeeigneten \u2022 &lt;strong&gt;Geb\u00fchr:&lt;\/strong&gt; kostenlos \u2022 &lt;strong&gt;Hinweis:&lt;\/strong&gt; max. 20 Teilnehmer*innen, Schwimmf\u00e4higkeit nicht erforderlich.&lt;\/span&gt;&lt;\/span&gt;&lt;\/p&gt; &lt;p&gt;&nbsp;&lt;\/p&gt; &lt;p align=&quot;left&quot;&gt;&lt;span style=&quot;font-family: Times New Roman, serif;&quot;&gt;&lt;span style=&quot;font-size: small;&quot;&gt;A sensitive collective attunement during the slack tide of the German ocean during intermission moments in different days of the festival, open to public participation. The slack tide, also known as tidal standstill or tidal pause, is a natural phenomenon that happens between high and low tides, characterized by a short period of time when there is no change in water level. It happens with a change of 50 minutes from one day to the next, due to the movement of the moon around the earth, so the performance will happen at different moments each day. How can we melt colonial fragmented time and compartmentalized space, and float on an in-between spacetime continuum as a spread-out spiraling feminine fluid state deeply connected to these tidal rhythms?&lt;\/span&gt;&lt;\/span&gt;&lt;\/p&gt; &lt;p align=&quot;left&quot;&gt;&lt;span style=&quot;font-family: Times New Roman, serif;&quot;&gt;&lt;span style=&quot;font-size: small;&quot;&gt;&lt;strong&gt;Location: &lt;\/strong&gt;SCHWIMMHALLE GOETHE-UNIVERSIT\u00c4T FRANKFURT &#8211; CAMPUS, GINNHEIMER LANDSTRA\u00dfE 39, 60487, FRANKFURT&lt;strong&gt; \u2022 Language(s):&lt;\/strong&gt; English \u2022 &lt;strong&gt;Material:&lt;\/strong&gt; Gear: Swimsuit\/swim trunks, swim cap, a towel and\/or bathrobe, goggles, earplugs, nose clip, and a water bottle to stay hydrated during the activity. It is recommended to bring shorts and a T-shirt to wear over your swimwear when entering the water. If you have a snorkel mask and diving or swimming fins, you are welcome to bring them as well. Additionally, you can bring a piece of cotton fabric and\/or a costume to experiment with in the water. In general, fabrics and costumes should be made of a lightweight material suitable for water use \u2022 &lt;strong&gt;Fee:&lt;\/strong&gt; kostenlos \u2022 &lt;strong&gt;Note:&lt;\/strong&gt; max. 20 Teilnehmer*innen, Schwimmf\u00e4higkeit nicht erforderlich.&lt;\/span&gt;&lt;\/span&gt;&lt;\/p&gt; &lt;p align=&quot;left&quot;&gt;&lt;img decoding=&quot;async&quot; class=&quot;alignnone size-medium wp-image-26945&quot; src=&quot;https:\/\/iftf-frankfurt.com\/wp-content\/uploads\/sites\/2\/unnamed-300x126.jpg&quot; alt=&quot;&quot; width=&quot;300&quot; height=&quot;126&quot; srcset=&quot;https:\/\/iftf-frankfurt.com\/wp-content\/uploads\/sites\/2\/unnamed-300x126.jpg 300w, https:\/\/iftf-frankfurt.com\/wp-content\/uploads\/sites\/2\/unnamed.jpg 512w&quot; sizes=&quot;(max-width: 300px) 100vw, 300px&quot; \/&gt;&lt;\/p&gt; \",\r\n            \"image\": \"https:\/\/iftf-frankfurt.com\/wp-content\/uploads\/sites\/2\/Ciane-Fernandes-por-Joao-Rafael-Neto-scaled.png\",\r\n            \"name\": \"BLUE LAB | Taking care of caregivers: Somatics, watery wisdom and atypical motherhood\",\r\n            \"url\": \"https:\/\/iftf-frankfurt.com\/en\/events\/blue-lab-taking-care-of-caregivers-somatics-watery-wisdom-and-atypical-motherhood\/\"\r\n        }\r\n        <\/script>\r\n                            <article  data-href=\"https:\/\/iftf-frankfurt.com\/en\/events\/blue-lab-taking-care-of-caregivers-somatics-watery-wisdom-and-atypical-motherhood\/\" data-target=\"m1\" style=\"background:#0048d8 url('https:\/\/iftf-frankfurt.com\/wp-content\/uploads\/sites\/2\/Ciane-Fernandes-por-Joao-Rafael-Neto-300x400.png')\" class=\" mec-event-article mec-tile-item  mec-clear   \">\r\n                                                                        <div class=\"event-tile-view-head clearfix\">\r\n                                                            <div class=\"mec-event-month\"><span class=\"mec-start-date-label\" itemprop=\"startDate\">24 Sep<\/span><\/div>\r\n                                                        <div class=\"mec-event-time\"><i class=\"mec-sl-clock\"><\/i>10:30<\/div>\r\n                        <\/div>\r\n                        <div class=\"mec-event-content\" data-target=\"m1\" data-event-id=\"27143\">\r\n                            <a href=\"https:\/\/iftf-frankfurt.com\/en\/events\/blue-lab-taking-care-of-caregivers-somatics-watery-wisdom-and-atypical-motherhood\/\" target=\"m1\" class=\"mec-tile-into-content-link\"><\/a>                            <div class=\"mec-tile-event-content\">\r\n                                <div class=\"mec-event-detail\">\r\n                                                                                                            <span class=\"mec-event-loc-place\"><i class=\"mec-sl-location-pin\"><\/i>Schwimmhalle Goethe-Universit\u00e4t Frankfurt<\/span>                                                                    <\/div>\r\n                                                                <h4 class=\"mec-event-title\"><a class=\"mec-color-hover\"  data-event-id=\"27143\" href=\"https:\/\/iftf-frankfurt.com\/en\/events\/blue-lab-taking-care-of-caregivers-somatics-watery-wisdom-and-atypical-motherhood\/\" target=\"m1\" rel=\"noopener\">BLUE LAB | Taking care of caregivers: Somatics, watery wisdom and atypical motherhood<\/a><\/h4>\r\n                                                            <\/div>\r\n                        <\/div>\r\n                    <\/article>\r\n                <\/div>                    <div class=\"col-md-4 col-sm-4\">        <script type=\"application\/ld+json\">\r\n        {\r\n            \"@context\": \"http:\/\/schema.org\",\r\n            \"@type\": \"Event\",\r\n            \"eventStatus\": \"https:\/\/schema.org\/EventScheduled\",\r\n            \"startDate\": \"2026-09-25\",\r\n            \"endDate\": \"2026-09-25\",\r\n            \"eventAttendanceMode\": \"https:\/\/schema.org\/OfflineEventAttendanceMode\",\r\n            \"location\":\r\n            {\r\n                \"@type\": \"Place\",\r\n                                \"name\": \"Schwimmhalle Goethe-Universit\u00e4t Frankfurt\",\r\n                \"image\": \"\",\r\n                \"address\": \"Ginnheimer Landstra\u00dfe 39, 60487 Frankfurt\"\r\n                            },\r\n            \"organizer\":\r\n            {\r\n                \"@type\": \"Person\",\r\n                \"name\": \"\",\r\n                \"url\": \"\"\r\n            },\r\n            \"offers\":\r\n            {\r\n                \"url\": \"https:\/\/iftf-frankfurt.com\/en\/events\/blue-lab-taking-care-of-caregivers-somatics-watery-wisdom-and-atypical-motherhood-2\/\",\r\n                \"price\": \"\",\r\n                \"priceCurrency\": \"USD\",\r\n                \"availability\": \"https:\/\/schema.org\/InStock\",\r\n                \"validFrom\": \"2026-09-25T00:00\"\r\n            },\r\n            \"performer\": \"\",\r\n            \"description\": \"&lt;p align=&quot;left&quot;&gt;&lt;span style=&quot;font-family: Times New Roman, serif;&quot;&gt;&lt;span style=&quot;font-size: small;&quot;&gt;Prof. Dr. Ciane Fernandes&lt;\/span&gt;&lt;\/span&gt;&lt;\/p&gt; &lt;p align=&quot;left&quot;&gt;&lt;span style=&quot;font-size: small;&quot;&gt;&#8220;ENG below&#8221;&lt;\/span&gt;&lt;\/p&gt; &lt;p align=&quot;left&quot;&gt;&lt;span style=&quot;font-family: Times New Roman, serif;&quot;&gt;&lt;span style=&quot;font-size: small;&quot;&gt;Eine einf\u00fchlsame kollektive Einstimmung w\u00e4hrend der Gezeitenpause im deutschen Meer, an verschiedenen Tagen des Festivals und offen f\u00fcr die Teilnahme des Publikums.&lt;\/span&gt;&lt;\/span&gt;&lt;\/p&gt; &lt;p align=&quot;left&quot;&gt;&lt;span style=&quot;font-family: Times New Roman, serif;&quot;&gt;&lt;span style=&quot;font-size: small;&quot;&gt;Die Gezeitenpause bezeichnet den kurzen Moment zwischen Ebbe und Flut, in dem sich der Wasserstand kaum ver\u00e4ndert. Durch die Bewegung des Mondes um die Erde verschiebt sich dieser Zeitpunkt t\u00e4glich um etwa 50 Minuten, sodass die Performance jeden Tag zu einer anderen Zeit stattfindet.&lt;\/span&gt;&lt;\/span&gt;&lt;\/p&gt; &lt;p align=&quot;left&quot;&gt;&lt;span style=&quot;font-family: Times New Roman, serif;&quot;&gt;&lt;span style=&quot;font-size: small;&quot;&gt;Wie k\u00f6nnen wir koloniale, fragmentierte Zeit und unterteilte R\u00e4ume aufl\u00f6sen und in einem Zwischenraum-Zeit-Kontinuum schweben \u2013 als ein sich ausbreitender, spiralf\u00f6rmiger, weiblicher und flie\u00dfender Zustand, tief verbunden mit den Rhythmen der Gezeiten?&lt;\/span&gt;&lt;\/span&gt;&lt;\/p&gt; &lt;p align=&quot;left&quot;&gt;&lt;span style=&quot;font-family: Times New Roman, serif;&quot;&gt;&lt;span style=&quot;font-size: small;&quot;&gt;&lt;strong&gt;Ort:&lt;\/strong&gt; SCHWIMMHALLE GOETHE-UNIVERSIT\u00c4T FRANKFURT &#8211; CAMPUS, GINNHEIMER LANDSTRA\u00dfE 39, 60487, FRANKFURT \u2022 &lt;strong&gt;Sprache(n):&lt;\/strong&gt; Englisch \u2022 &lt;strong&gt;Material:&lt;\/strong&gt; Badeanzug\/Badehose, Badekappe, ein Handtuch und\/oder einen Bademantel, Schwimmbrille, Ohrst\u00f6psel, Nasenklammer und eine Wasserflasche, um w\u00e4hrend der Aktivit\u00e4t ausreichend zu trinken. Es ist empfehlenswert, Shorts und ein T-Shirt mitzubringen, die du \u00fcber der Badekleidung tragen kannst, um damit ins Wasser zu gehen. Falls du eine Schnorchelmaske sowie Tauch- oder Schwimmflossen hast, kannst du diese ebenfalls mitbringen. Zus\u00e4tzlich kannst du ein St\u00fcck Baumwollstoff und\/oder ein Kost\u00fcm mitbringen, mit dem du im Wasser experimentieren m\u00f6chtest. Grunds\u00e4tzlich sollten Stoffe und Kost\u00fcme aus einem leichten, wassergeeigneten \u2022 &lt;strong&gt;Geb\u00fchr:&lt;\/strong&gt; kostenlos \u2022 &lt;strong&gt;Hinweis:&lt;\/strong&gt; max. 20 Teilnehmer*innen, Schwimmf\u00e4higkeit nicht erforderlich.&lt;\/span&gt;&lt;\/span&gt;&lt;\/p&gt; &lt;p&gt;&nbsp;&lt;\/p&gt; &lt;p align=&quot;left&quot;&gt;&lt;span style=&quot;font-family: Times New Roman, serif;&quot;&gt;&lt;span style=&quot;font-size: small;&quot;&gt;A sensitive collective attunement during the slack tide of the German ocean during intermission moments in different days of the festival, open to public participation. The slack tide, also known as tidal standstill or tidal pause, is a natural phenomenon that happens between high and low tides, characterized by a short period of time when there is no change in water level. It happens with a change of 50 minutes from one day to the next, due to the movement of the moon around the earth, so the performance will happen at different moments each day. How can we melt colonial fragmented time and compartmentalized space, and float on an in-between spacetime continuum as a spread-out spiraling feminine fluid state deeply connected to these tidal rhythms?&lt;\/span&gt;&lt;\/span&gt;&lt;\/p&gt; &lt;p align=&quot;left&quot;&gt;&lt;span style=&quot;font-family: Times New Roman, serif;&quot;&gt;&lt;span style=&quot;font-size: small;&quot;&gt;&lt;strong&gt;Location: &lt;\/strong&gt;SCHWIMMHALLE GOETHE-UNIVERSIT\u00c4T FRANKFURT &#8211; CAMPUS, GINNHEIMER LANDSTRA\u00dfE 39, 60487, FRANKFURT&lt;strong&gt; \u2022 Language(s):&lt;\/strong&gt; English \u2022 &lt;strong&gt;Material:&lt;\/strong&gt; Gear: Swimsuit\/swim trunks, swim cap, a towel and\/or bathrobe, goggles, earplugs, nose clip, and a water bottle to stay hydrated during the activity. It is recommended to bring shorts and a T-shirt to wear over your swimwear when entering the water. If you have a snorkel mask and diving or swimming fins, you are welcome to bring them as well. Additionally, you can bring a piece of cotton fabric and\/or a costume to experiment with in the water. In general, fabrics and costumes should be made of a lightweight material suitable for water use \u2022 &lt;strong&gt;Fee:&lt;\/strong&gt; kostenlos \u2022 &lt;strong&gt;Note:&lt;\/strong&gt; max. 20 Teilnehmer*innen, Schwimmf\u00e4higkeit nicht erforderlich.&lt;\/span&gt;&lt;\/span&gt;&lt;\/p&gt; &lt;p align=&quot;left&quot;&gt;&lt;img decoding=&quot;async&quot; class=&quot;alignnone size-medium wp-image-26945&quot; src=&quot;https:\/\/iftf-frankfurt.com\/wp-content\/uploads\/sites\/2\/unnamed-300x126.jpg&quot; alt=&quot;&quot; width=&quot;300&quot; height=&quot;126&quot; srcset=&quot;https:\/\/iftf-frankfurt.com\/wp-content\/uploads\/sites\/2\/unnamed-300x126.jpg 300w, https:\/\/iftf-frankfurt.com\/wp-content\/uploads\/sites\/2\/unnamed.jpg 512w&quot; sizes=&quot;(max-width: 300px) 100vw, 300px&quot; \/&gt;&lt;\/p&gt; \",\r\n            \"image\": \"https:\/\/iftf-frankfurt.com\/wp-content\/uploads\/sites\/2\/Ciane-Fernandes-por-Joao-Rafael-Neto-scaled.png\",\r\n            \"name\": \"BLUE LAB | Taking care of caregivers: Somatics, watery wisdom and atypical motherhood\",\r\n            \"url\": \"https:\/\/iftf-frankfurt.com\/en\/events\/blue-lab-taking-care-of-caregivers-somatics-watery-wisdom-and-atypical-motherhood-2\/\"\r\n        }\r\n        <\/script>\r\n                            <article  data-href=\"https:\/\/iftf-frankfurt.com\/en\/events\/blue-lab-taking-care-of-caregivers-somatics-watery-wisdom-and-atypical-motherhood-2\/\" data-target=\"m1\" style=\"background:#0048d8 url('https:\/\/iftf-frankfurt.com\/wp-content\/uploads\/sites\/2\/Ciane-Fernandes-por-Joao-Rafael-Neto-300x400.png')\" class=\" mec-event-article mec-tile-item  mec-clear   \">\r\n                                                                        <div class=\"event-tile-view-head clearfix\">\r\n                                                            <div class=\"mec-event-month\"><span class=\"mec-start-date-label\" itemprop=\"startDate\">25 Sep<\/span><\/div>\r\n                                                        <div class=\"mec-event-time\"><i class=\"mec-sl-clock\"><\/i>11:00<\/div>\r\n                        <\/div>\r\n                        <div class=\"mec-event-content\" data-target=\"m1\" data-event-id=\"27149\">\r\n                            <a href=\"https:\/\/iftf-frankfurt.com\/en\/events\/blue-lab-taking-care-of-caregivers-somatics-watery-wisdom-and-atypical-motherhood-2\/\" target=\"m1\" class=\"mec-tile-into-content-link\"><\/a>                            <div class=\"mec-tile-event-content\">\r\n                                <div class=\"mec-event-detail\">\r\n                                                                                                            <span class=\"mec-event-loc-place\"><i class=\"mec-sl-location-pin\"><\/i>Schwimmhalle Goethe-Universit\u00e4t Frankfurt<\/span>                                                                    <\/div>\r\n                                                                <h4 class=\"mec-event-title\"><a class=\"mec-color-hover\"  data-event-id=\"27149\" href=\"https:\/\/iftf-frankfurt.com\/en\/events\/blue-lab-taking-care-of-caregivers-somatics-watery-wisdom-and-atypical-motherhood-2\/\" target=\"m1\" rel=\"noopener\">BLUE LAB | Taking care of caregivers: Somatics, watery wisdom and atypical motherhood<\/a><\/h4>\r\n                                                            <\/div>\r\n                        <\/div>\r\n                    <\/article>\r\n                <\/div>                    <div class=\"col-md-4 col-sm-4\">        <script type=\"application\/ld+json\">\r\n        {\r\n            \"@context\": \"http:\/\/schema.org\",\r\n            \"@type\": \"Event\",\r\n            \"eventStatus\": \"https:\/\/schema.org\/EventScheduled\",\r\n            \"startDate\": \"2026-09-26\",\r\n            \"endDate\": \"2026-09-26\",\r\n            \"eventAttendanceMode\": \"https:\/\/schema.org\/OfflineEventAttendanceMode\",\r\n            \"location\":\r\n            {\r\n                \"@type\": \"Place\",\r\n                                \"name\": \"Schwimmhalle Goethe-Universit\u00e4t Frankfurt\",\r\n                \"image\": \"\",\r\n                \"address\": \"Ginnheimer Landstra\u00dfe 39, 60487 Frankfurt\"\r\n                            },\r\n            \"organizer\":\r\n            {\r\n                \"@type\": \"Person\",\r\n                \"name\": \"\",\r\n                \"url\": \"\"\r\n            },\r\n            \"offers\":\r\n            {\r\n                \"url\": \"https:\/\/iftf-frankfurt.com\/en\/events\/blue-lab-taking-care-of-caregivers-somatics-watery-wisdom-and-atypical-motherhood-2\/\",\r\n                \"price\": \"\",\r\n                \"priceCurrency\": \"USD\",\r\n                \"availability\": \"https:\/\/schema.org\/InStock\",\r\n                \"validFrom\": \"2026-09-26T00:00\"\r\n            },\r\n            \"performer\": \"\",\r\n            \"description\": \"&lt;p align=&quot;left&quot;&gt;&lt;span style=&quot;font-family: Times New Roman, serif;&quot;&gt;&lt;span style=&quot;font-size: small;&quot;&gt;Prof. Dr. Ciane Fernandes&lt;\/span&gt;&lt;\/span&gt;&lt;\/p&gt; &lt;p align=&quot;left&quot;&gt;&lt;span style=&quot;font-size: small;&quot;&gt;&#8220;ENG below&#8221;&lt;\/span&gt;&lt;\/p&gt; &lt;p align=&quot;left&quot;&gt;&lt;span style=&quot;font-family: Times New Roman, serif;&quot;&gt;&lt;span style=&quot;font-size: small;&quot;&gt;Eine einf\u00fchlsame kollektive Einstimmung w\u00e4hrend der Gezeitenpause im deutschen Meer, an verschiedenen Tagen des Festivals und offen f\u00fcr die Teilnahme des Publikums.&lt;\/span&gt;&lt;\/span&gt;&lt;\/p&gt; &lt;p align=&quot;left&quot;&gt;&lt;span style=&quot;font-family: Times New Roman, serif;&quot;&gt;&lt;span style=&quot;font-size: small;&quot;&gt;Die Gezeitenpause bezeichnet den kurzen Moment zwischen Ebbe und Flut, in dem sich der Wasserstand kaum ver\u00e4ndert. Durch die Bewegung des Mondes um die Erde verschiebt sich dieser Zeitpunkt t\u00e4glich um etwa 50 Minuten, sodass die Performance jeden Tag zu einer anderen Zeit stattfindet.&lt;\/span&gt;&lt;\/span&gt;&lt;\/p&gt; &lt;p align=&quot;left&quot;&gt;&lt;span style=&quot;font-family: Times New Roman, serif;&quot;&gt;&lt;span style=&quot;font-size: small;&quot;&gt;Wie k\u00f6nnen wir koloniale, fragmentierte Zeit und unterteilte R\u00e4ume aufl\u00f6sen und in einem Zwischenraum-Zeit-Kontinuum schweben \u2013 als ein sich ausbreitender, spiralf\u00f6rmiger, weiblicher und flie\u00dfender Zustand, tief verbunden mit den Rhythmen der Gezeiten?&lt;\/span&gt;&lt;\/span&gt;&lt;\/p&gt; &lt;p align=&quot;left&quot;&gt;&lt;span style=&quot;font-family: Times New Roman, serif;&quot;&gt;&lt;span style=&quot;font-size: small;&quot;&gt;&lt;strong&gt;Ort:&lt;\/strong&gt; SCHWIMMHALLE GOETHE-UNIVERSIT\u00c4T FRANKFURT &#8211; CAMPUS, GINNHEIMER LANDSTRA\u00dfE 39, 60487, FRANKFURT \u2022 &lt;strong&gt;Sprache(n):&lt;\/strong&gt; Englisch \u2022 &lt;strong&gt;Material:&lt;\/strong&gt; Badeanzug\/Badehose, Badekappe, ein Handtuch und\/oder einen Bademantel, Schwimmbrille, Ohrst\u00f6psel, Nasenklammer und eine Wasserflasche, um w\u00e4hrend der Aktivit\u00e4t ausreichend zu trinken. Es ist empfehlenswert, Shorts und ein T-Shirt mitzubringen, die du \u00fcber der Badekleidung tragen kannst, um damit ins Wasser zu gehen. Falls du eine Schnorchelmaske sowie Tauch- oder Schwimmflossen hast, kannst du diese ebenfalls mitbringen. Zus\u00e4tzlich kannst du ein St\u00fcck Baumwollstoff und\/oder ein Kost\u00fcm mitbringen, mit dem du im Wasser experimentieren m\u00f6chtest. Grunds\u00e4tzlich sollten Stoffe und Kost\u00fcme aus einem leichten, wassergeeigneten \u2022 &lt;strong&gt;Geb\u00fchr:&lt;\/strong&gt; kostenlos \u2022 &lt;strong&gt;Hinweis:&lt;\/strong&gt; max. 20 Teilnehmer*innen, Schwimmf\u00e4higkeit nicht erforderlich.&lt;\/span&gt;&lt;\/span&gt;&lt;\/p&gt; &lt;p&gt;&nbsp;&lt;\/p&gt; &lt;p align=&quot;left&quot;&gt;&lt;span style=&quot;font-family: Times New Roman, serif;&quot;&gt;&lt;span style=&quot;font-size: small;&quot;&gt;A sensitive collective attunement during the slack tide of the German ocean during intermission moments in different days of the festival, open to public participation. The slack tide, also known as tidal standstill or tidal pause, is a natural phenomenon that happens between high and low tides, characterized by a short period of time when there is no change in water level. It happens with a change of 50 minutes from one day to the next, due to the movement of the moon around the earth, so the performance will happen at different moments each day. How can we melt colonial fragmented time and compartmentalized space, and float on an in-between spacetime continuum as a spread-out spiraling feminine fluid state deeply connected to these tidal rhythms?&lt;\/span&gt;&lt;\/span&gt;&lt;\/p&gt; &lt;p align=&quot;left&quot;&gt;&lt;span style=&quot;font-family: Times New Roman, serif;&quot;&gt;&lt;span style=&quot;font-size: small;&quot;&gt;&lt;strong&gt;Location: &lt;\/strong&gt;SCHWIMMHALLE GOETHE-UNIVERSIT\u00c4T FRANKFURT &#8211; CAMPUS, GINNHEIMER LANDSTRA\u00dfE 39, 60487, FRANKFURT&lt;strong&gt; \u2022 Language(s):&lt;\/strong&gt; English \u2022 &lt;strong&gt;Material:&lt;\/strong&gt; Gear: Swimsuit\/swim trunks, swim cap, a towel and\/or bathrobe, goggles, earplugs, nose clip, and a water bottle to stay hydrated during the activity. It is recommended to bring shorts and a T-shirt to wear over your swimwear when entering the water. If you have a snorkel mask and diving or swimming fins, you are welcome to bring them as well. Additionally, you can bring a piece of cotton fabric and\/or a costume to experiment with in the water. In general, fabrics and costumes should be made of a lightweight material suitable for water use \u2022 &lt;strong&gt;Fee:&lt;\/strong&gt; kostenlos \u2022 &lt;strong&gt;Note:&lt;\/strong&gt; max. 20 Teilnehmer*innen, Schwimmf\u00e4higkeit nicht erforderlich.&lt;\/span&gt;&lt;\/span&gt;&lt;\/p&gt; &lt;p align=&quot;left&quot;&gt;&lt;img decoding=&quot;async&quot; class=&quot;alignnone size-medium wp-image-26945&quot; src=&quot;https:\/\/iftf-frankfurt.com\/wp-content\/uploads\/sites\/2\/unnamed-300x126.jpg&quot; alt=&quot;&quot; width=&quot;300&quot; height=&quot;126&quot; srcset=&quot;https:\/\/iftf-frankfurt.com\/wp-content\/uploads\/sites\/2\/unnamed-300x126.jpg 300w, https:\/\/iftf-frankfurt.com\/wp-content\/uploads\/sites\/2\/unnamed.jpg 512w&quot; sizes=&quot;(max-width: 300px) 100vw, 300px&quot; \/&gt;&lt;\/p&gt; \",\r\n            \"image\": \"https:\/\/iftf-frankfurt.com\/wp-content\/uploads\/sites\/2\/Ciane-Fernandes-por-Joao-Rafael-Neto-scaled.png\",\r\n            \"name\": \"BLUE LAB | Taking care of caregivers: Somatics, watery wisdom and atypical motherhood\",\r\n            \"url\": \"https:\/\/iftf-frankfurt.com\/en\/events\/blue-lab-taking-care-of-caregivers-somatics-watery-wisdom-and-atypical-motherhood-2\/\"\r\n        }\r\n        <\/script>\r\n                            <article  data-href=\"https:\/\/iftf-frankfurt.com\/en\/events\/blue-lab-taking-care-of-caregivers-somatics-watery-wisdom-and-atypical-motherhood-2\/\" data-target=\"m1\" style=\"background:#0048d8 url('https:\/\/iftf-frankfurt.com\/wp-content\/uploads\/sites\/2\/Ciane-Fernandes-por-Joao-Rafael-Neto-300x400.png')\" class=\" mec-event-article mec-tile-item  mec-clear   \">\r\n                                                                        <div class=\"event-tile-view-head clearfix\">\r\n                                                            <div class=\"mec-event-month\"><span class=\"mec-start-date-label\" itemprop=\"startDate\">26 Sep<\/span><\/div>\r\n                                                        <div class=\"mec-event-time\"><i class=\"mec-sl-clock\"><\/i>11:00<\/div>\r\n                        <\/div>\r\n                        <div class=\"mec-event-content\" data-target=\"m1\" data-event-id=\"27149\">\r\n                            <a href=\"https:\/\/iftf-frankfurt.com\/en\/events\/blue-lab-taking-care-of-caregivers-somatics-watery-wisdom-and-atypical-motherhood-2\/\" target=\"m1\" class=\"mec-tile-into-content-link\"><\/a>                            <div class=\"mec-tile-event-content\">\r\n                                <div class=\"mec-event-detail\">\r\n                                                                                                            <span class=\"mec-event-loc-place\"><i class=\"mec-sl-location-pin\"><\/i>Schwimmhalle Goethe-Universit\u00e4t Frankfurt<\/span>                                                                    <\/div>\r\n                                                                <h4 class=\"mec-event-title\"><a class=\"mec-color-hover\"  data-event-id=\"27149\" href=\"https:\/\/iftf-frankfurt.com\/en\/events\/blue-lab-taking-care-of-caregivers-somatics-watery-wisdom-and-atypical-motherhood-2\/\" target=\"m1\" rel=\"noopener\">BLUE LAB | Taking care of caregivers: Somatics, watery wisdom and atypical motherhood<\/a><\/h4>\r\n                                                            <\/div>\r\n                        <\/div>\r\n                    <\/article>\r\n                <\/div><\/div>                        <\/div>\r\n    <\/div>                                    <\/div>\r\n\r\n                            <\/div>\r\n        <\/div>\r\n    <\/div>\r\n    \r\n<\/div><\/div>\n\t\t\t\t<\/div>\n\t\t\t\t<\/div>\n\t\t\t\t\t<\/div>\n\t\t\t\t<\/div>\n\t\t\t\t<\/div>\n\t\t","protected":false},"excerpt":{"rendered":"<p>Workshops THESE WORKSHOPS ARE FOR WOMXN* AND GIRLS* AND ARE MADE POSSIBLE BY DONATIONS. EVERY DONATION HELPS US TO MAKE IF*TF ACCESSIBLE TO EVERYONE: THE FESTIVAL HAS AN AWARENESS CONCEPT, OFFERS CHILDCARE AND IS BARRIER-FREE. WORKSHOP REGISTRATION IS REQUIRED TO PARTICIPATE. IF YOU HAVE ANY&#8230;<\/p>\n","protected":false},"author":3,"featured_media":0,"parent":0,"menu_order":0,"comment_status":"closed","ping_status":"closed","template":"","meta":{"footnotes":""},"class_list":["post-13554","page","type-page","status-publish","hentry"],"yoast_head":"<!-- This site is optimized with the Yoast SEO plugin v19.13 - https:\/\/yoast.com\/wordpress\/plugins\/seo\/ -->\n<title>Programm-Workshops - International Women\u2018s* Theatre Festival<\/title>\n<meta name=\"robots\" content=\"index, follow, max-snippet:-1, max-image-preview:large, max-video-preview:-1\" \/>\n<link rel=\"canonical\" href=\"https:\/\/iftf-frankfurt.com\/programm-workshops\/\" \/>\n<meta property=\"og:locale\" content=\"en_GB\" \/>\n<meta property=\"og:type\" content=\"article\" \/>\n<meta property=\"og:title\" content=\"Programm-Workshops - International Women\u2018s* Theatre Festival\" \/>\n<meta property=\"og:description\" content=\"Workshops THESE WORKSHOPS ARE FOR WOMXN* AND GIRLS* AND ARE MADE POSSIBLE BY DONATIONS. EVERY DONATION HELPS US TO MAKE IF*TF ACCESSIBLE TO EVERYONE: THE FESTIVAL HAS AN AWARENESS CONCEPT, OFFERS CHILDCARE AND IS BARRIER-FREE. WORKSHOP REGISTRATION IS REQUIRED TO PARTICIPATE. IF YOU HAVE ANY...\" \/>\n<meta property=\"og:url\" content=\"https:\/\/iftf-frankfurt.com\/programm-workshops\/\" \/>\n<meta property=\"og:site_name\" content=\"International Women\u2018s* Theatre Festival\" \/>\n<meta property=\"article:publisher\" content=\"https:\/\/www.facebook.com\/frauenfestival\" \/>\n<meta property=\"article:modified_time\" content=\"2026-09-01T15:05:18+00:00\" \/>\n<meta property=\"og:image\" content=\"https:\/\/iftf-frankfurt.com\/wp-content\/uploads\/sites\/2\/IFTF26_Logo_CMYK-schwarz.jpg\" \/>\n\t<meta property=\"og:image:width\" content=\"2244\" \/>\n\t<meta property=\"og:image:height\" content=\"827\" \/>\n\t<meta property=\"og:image:type\" content=\"image\/jpeg\" \/>\n<meta name=\"twitter:card\" content=\"summary_large_image\" \/>\n<meta name=\"twitter:label1\" content=\"Estimated reading time\" \/>\n\t<meta name=\"twitter:data1\" content=\"1 minute\" \/>\n<script type=\"application\/ld+json\" class=\"yoast-schema-graph\">{\"@context\":\"https:\/\/schema.org\",\"@graph\":[{\"@type\":\"WebPage\",\"@id\":\"https:\/\/iftf-frankfurt.com\/programm-workshops\/\",\"url\":\"https:\/\/iftf-frankfurt.com\/programm-workshops\/\",\"name\":\"Programm-Workshops - International Women\u2018s* Theatre Festival\",\"isPartOf\":{\"@id\":\"https:\/\/iftf-frankfurt.com\/#website\"},\"datePublished\":\"2022-09-05T20:37:33+00:00\",\"dateModified\":\"2026-09-01T15:05:18+00:00\",\"breadcrumb\":{\"@id\":\"https:\/\/iftf-frankfurt.com\/programm-workshops\/#breadcrumb\"},\"inLanguage\":\"en-GB\",\"potentialAction\":[{\"@type\":\"ReadAction\",\"target\":[\"https:\/\/iftf-frankfurt.com\/programm-workshops\/\"]}]},{\"@type\":\"BreadcrumbList\",\"@id\":\"https:\/\/iftf-frankfurt.com\/programm-workshops\/#breadcrumb\",\"itemListElement\":[{\"@type\":\"ListItem\",\"position\":1,\"name\":\"Startseite\",\"item\":\"https:\/\/iftf-frankfurt.com\/en\/internationale-frauentheaterfestival-iftf\/\"},{\"@type\":\"ListItem\",\"position\":2,\"name\":\"Programm-Workshops\"}]},{\"@type\":\"WebSite\",\"@id\":\"https:\/\/iftf-frankfurt.com\/#website\",\"url\":\"https:\/\/iftf-frankfurt.com\/\",\"name\":\"International Women\u2018s* Theatre Festival\",\"description\":\"IF*TF\",\"publisher\":{\"@id\":\"https:\/\/iftf-frankfurt.com\/#organization\"},\"inLanguage\":\"en-GB\"},{\"@type\":\"Organization\",\"@id\":\"https:\/\/iftf-frankfurt.com\/#organization\",\"name\":\"International Womxn\u2018s* Theatre Festival\",\"url\":\"https:\/\/iftf-frankfurt.com\/\",\"logo\":{\"@type\":\"ImageObject\",\"inLanguage\":\"en-GB\",\"@id\":\"https:\/\/iftf-frankfurt.com\/#\/schema\/logo\/image\/\",\"url\":\"\",\"contentUrl\":\"\",\"caption\":\"International Womxn\u2018s* Theatre Festival\"},\"image\":{\"@id\":\"https:\/\/iftf-frankfurt.com\/#\/schema\/logo\/image\/\"},\"sameAs\":[\"https:\/\/www.instagram.com\/frauentheaterfestival\/\",\"https:\/\/www.youtube.com\/channel\/UC80VX69VC0NxXd6a89DoydA\",\"https:\/\/www.facebook.com\/frauenfestival\"]}]}<\/script>\n<!-- \/ Yoast SEO plugin. -->","yoast_head_json":{"title":"Programm-Workshops - International Women\u2018s* Theatre Festival","robots":{"index":"index","follow":"follow","max-snippet":"max-snippet:-1","max-image-preview":"max-image-preview:large","max-video-preview":"max-video-preview:-1"},"canonical":"https:\/\/iftf-frankfurt.com\/programm-workshops\/","og_locale":"en_GB","og_type":"article","og_title":"Programm-Workshops - International Women\u2018s* Theatre Festival","og_description":"Workshops THESE WORKSHOPS ARE FOR WOMXN* AND GIRLS* AND ARE MADE POSSIBLE BY DONATIONS. EVERY DONATION HELPS US TO MAKE IF*TF ACCESSIBLE TO EVERYONE: THE FESTIVAL HAS AN AWARENESS CONCEPT, OFFERS CHILDCARE AND IS BARRIER-FREE. WORKSHOP REGISTRATION IS REQUIRED TO PARTICIPATE. IF YOU HAVE ANY...","og_url":"https:\/\/iftf-frankfurt.com\/programm-workshops\/","og_site_name":"International Women\u2018s* Theatre Festival","article_publisher":"https:\/\/www.facebook.com\/frauenfestival","article_modified_time":"2026-09-01T15:05:18+00:00","og_image":[{"width":2244,"height":827,"url":"https:\/\/iftf-frankfurt.com\/wp-content\/uploads\/sites\/2\/IFTF26_Logo_CMYK-schwarz.jpg","type":"image\/jpeg"}],"twitter_card":"summary_large_image","twitter_misc":{"Estimated reading time":"1 minute"},"schema":{"@context":"https:\/\/schema.org","@graph":[{"@type":"WebPage","@id":"https:\/\/iftf-frankfurt.com\/programm-workshops\/","url":"https:\/\/iftf-frankfurt.com\/programm-workshops\/","name":"Programm-Workshops - International Women\u2018s* Theatre Festival","isPartOf":{"@id":"https:\/\/iftf-frankfurt.com\/#website"},"datePublished":"2022-09-05T20:37:33+00:00","dateModified":"2026-09-01T15:05:18+00:00","breadcrumb":{"@id":"https:\/\/iftf-frankfurt.com\/programm-workshops\/#breadcrumb"},"inLanguage":"en-GB","potentialAction":[{"@type":"ReadAction","target":["https:\/\/iftf-frankfurt.com\/programm-workshops\/"]}]},{"@type":"BreadcrumbList","@id":"https:\/\/iftf-frankfurt.com\/programm-workshops\/#breadcrumb","itemListElement":[{"@type":"ListItem","position":1,"name":"Startseite","item":"https:\/\/iftf-frankfurt.com\/en\/internationale-frauentheaterfestival-iftf\/"},{"@type":"ListItem","position":2,"name":"Programm-Workshops"}]},{"@type":"WebSite","@id":"https:\/\/iftf-frankfurt.com\/#website","url":"https:\/\/iftf-frankfurt.com\/","name":"International Women\u2018s* Theatre Festival","description":"IF*TF","publisher":{"@id":"https:\/\/iftf-frankfurt.com\/#organization"},"inLanguage":"en-GB"},{"@type":"Organization","@id":"https:\/\/iftf-frankfurt.com\/#organization","name":"International Womxn\u2018s* Theatre Festival","url":"https:\/\/iftf-frankfurt.com\/","logo":{"@type":"ImageObject","inLanguage":"en-GB","@id":"https:\/\/iftf-frankfurt.com\/#\/schema\/logo\/image\/","url":"","contentUrl":"","caption":"International Womxn\u2018s* Theatre Festival"},"image":{"@id":"https:\/\/iftf-frankfurt.com\/#\/schema\/logo\/image\/"},"sameAs":["https:\/\/www.instagram.com\/frauentheaterfestival\/","https:\/\/www.youtube.com\/channel\/UC80VX69VC0NxXd6a89DoydA","https:\/\/www.facebook.com\/frauenfestival"]}]}},"_links":{"self":[{"href":"https:\/\/iftf-frankfurt.com\/en\/wp-json\/wp\/v2\/pages\/13554","targetHints":{"allow":["GET"]}}],"collection":[{"href":"https:\/\/iftf-frankfurt.com\/en\/wp-json\/wp\/v2\/pages"}],"about":[{"href":"https:\/\/iftf-frankfurt.com\/en\/wp-json\/wp\/v2\/types\/page"}],"author":[{"embeddable":true,"href":"https:\/\/iftf-frankfurt.com\/en\/wp-json\/wp\/v2\/users\/3"}],"replies":[{"embeddable":true,"href":"https:\/\/iftf-frankfurt.com\/en\/wp-json\/wp\/v2\/comments?post=13554"}],"version-history":[{"count":72,"href":"https:\/\/iftf-frankfurt.com\/en\/wp-json\/wp\/v2\/pages\/13554\/revisions"}],"predecessor-version":[{"id":27040,"href":"https:\/\/iftf-frankfurt.com\/en\/wp-json\/wp\/v2\/pages\/13554\/revisions\/27040"}],"wp:attachment":[{"href":"https:\/\/iftf-frankfurt.com\/en\/wp-json\/wp\/v2\/media?parent=13554"}],"curies":[{"name":"wp","href":"https:\/\/api.w.org\/{rel}","templated":true}]}}