{"id":13643,"date":"2022-09-05T22:44:04","date_gmt":"2022-09-05T20:44:04","guid":{"rendered":"https:\/\/iftf-frankfurt.com\/programm-live-music\/"},"modified":"2026-09-02T13:36:33","modified_gmt":"2026-09-02T11:36:33","slug":"programm-djs-live-music","status":"publish","type":"page","link":"https:\/\/iftf-frankfurt.com\/en\/programm-djs-live-music\/","title":{"rendered":"Programm-DJ&#8217;s &#038; Live Music"},"content":{"rendered":"\t\t<div data-elementor-type=\"wp-page\" data-elementor-id=\"13643\" class=\"elementor elementor-13643 elementor-6180\">\n\t\t\t\t<div class=\"elementor-element elementor-element-4d7b1ec e-flex e-con-boxed wpr-particle-no wpr-jarallax-no wpr-parallax-no wpr-sticky-section-no e-con e-parent\" data-id=\"4d7b1ec\" data-element_type=\"container\" data-settings=\"{&quot;content_width&quot;:&quot;boxed&quot;}\" data-core-v316-plus=\"true\">\n\t\t\t\t\t<div class=\"e-con-inner\">\n\t\t\t\t<div class=\"elementor-element elementor-element-a9def3a elementor-widget elementor-widget-heading\" data-id=\"a9def3a\" data-element_type=\"widget\" data-widget_type=\"heading.default\">\n\t\t\t\t<div class=\"elementor-widget-container\">\n\t\t\t<h1 class=\"elementor-heading-title elementor-size-default\">DJ's & Live Music<\/h1>\t\t<\/div>\n\t\t\t\t<\/div>\n\t\t\t\t<div class=\"elementor-element elementor-element-2e92184 elementor-widget elementor-widget-shortcode\" data-id=\"2e92184\" data-element_type=\"widget\" data-widget_type=\"shortcode.default\">\n\t\t\t\t<div class=\"elementor-widget-container\">\n\t\t\t\t\t<div class=\"elementor-shortcode\"><div id=\"mec_skin_6276\" class=\"mec-wrap colorskin-custom  \">\r\n    \r\n        \r\n    <div class=\"mec-tile\">\r\n        <div class=\"mec-calendar-topsec\">\r\n            <div class=\"mec-clear\">\r\n                \r\n                <div class=\"mec-calendar-table\" id=\"mec_skin_events_6276\">\r\n                                            <div class=\"mec-wrap colorskin-custom\">\r\n    <div class=\"mec-event-tile-view\">\r\n        <div class=\"row\"><div class=\"col-md-4 col-sm-4\">        <script type=\"application\/ld+json\">\r\n        {\r\n            \"@context\": \"http:\/\/schema.org\",\r\n            \"@type\": \"Event\",\r\n            \"eventStatus\": \"https:\/\/schema.org\/EventScheduled\",\r\n            \"startDate\": \"2026-09-15\",\r\n            \"endDate\": \"2026-09-15\",\r\n            \"eventAttendanceMode\": \"https:\/\/schema.org\/OfflineEventAttendanceMode\",\r\n            \"location\":\r\n            {\r\n                \"@type\": \"Place\",\r\n                                \"name\": \"FOYER INDOOR B\u00dcHNE\",\r\n                \"image\": \"\",\r\n                \"address\": \"PROTAGON CULTURAL CENTRE \u2013 Orber Stra\u00dfe 57, 60386 Frankfurt am Main\"\r\n                            },\r\n            \"organizer\":\r\n            {\r\n                \"@type\": \"Person\",\r\n                \"name\": \"\",\r\n                \"url\": \"\"\r\n            },\r\n            \"offers\":\r\n            {\r\n                \"url\": \"https:\/\/iftf-frankfurt.com\/en\/events\/mutt\/\",\r\n                \"price\": \"\",\r\n                \"priceCurrency\": \"USD\",\r\n                \"availability\": \"https:\/\/schema.org\/InStock\",\r\n                \"validFrom\": \"2026-09-15T00:00\"\r\n            },\r\n            \"performer\": \"\",\r\n            \"description\": \"&lt;p align=&quot;left&quot;&gt;&lt;span style=&quot;font-size: small;&quot;&gt;&#8220;ENG below&#8221;&lt;\/span&gt;&lt;\/p&gt; &lt;p align=&quot;left&quot;&gt;&lt;span style=&quot;font-family: Times New Roman, serif;&quot;&gt;&lt;span style=&quot;font-size: small;&quot;&gt;MUTT: Das sind drei Musikerinnen und ein Musiker, die Punkmusik machen. In ihrer Performance nimmt die Band mit energiegeladenen Bewegungen die gesamte B\u00fchne ein.  &lt;\/span&gt;&lt;\/span&gt;&lt;span style=&quot;font-family: Times New Roman, serif;&quot;&gt;&lt;span style=&quot;font-size: small;&quot;&gt;Jeder Song erz\u00e4hlt eine Geschichte, vermittelt eine Message oder ein Gef\u00fchl, das sie als Frauen in &lt;\/span&gt;&lt;\/span&gt;&lt;span style=&quot;font-family: Times New Roman, serif;&quot;&gt;&lt;span style=&quot;font-size: small;&quot;&gt;einer patriarchalen Gesellschaft zum Ausdruck bringen m\u00f6chten. &lt;\/span&gt;&lt;\/span&gt;&lt;span style=&quot;font-family: Times New Roman, serif;&quot;&gt;&lt;span style=&quot;font-size: small;&quot;&gt;Die &lt;\/span&gt;&lt;\/span&gt;&lt;span style=&quot;font-family: Times New Roman, serif;&quot;&gt;&lt;span style=&quot;font-size: small;&quot;&gt;S\u00e4ngerin zeigt mit ihrer durchdringenden Stimme, dass Frauen laut und w\u00fctend sein d\u00fcrfen. Ein wildes Auf und Ab von sentimental tiefen und aggressiv w\u00fctenden Songs mit Einfl\u00fcssen aus verschiedenen Genres &#8211; feministischer Punkrock ganz neu!&lt;\/span&gt;&lt;\/span&gt;&lt;\/p&gt; &lt;p align=&quot;left&quot;&gt;&lt;span style=&quot;font-family: Times New Roman, serif;&quot;&gt;&lt;span style=&quot;font-size: small;&quot;&gt;&lt;strong&gt;Instagram:&lt;\/strong&gt; &lt;a href=&quot;https:\/\/www.instagram.com\/thebandmutt\/&quot;&gt;&lt;span style=&quot;font-family: Times New Roman, serif;&quot;&gt;&lt;span style=&quot;font-size: small;&quot;&gt;@thebandmutt&lt;\/span&gt;&lt;\/span&gt;&lt;\/a&gt;&lt;\/span&gt;&lt;\/span&gt;&lt;\/p&gt; &lt;p align=&quot;left&quot;&gt;&lt;span style=&quot;font-family: Times New Roman, serif;&quot;&gt;&lt;span style=&quot;font-size: small;&quot;&gt;&lt;strong&gt;Biographie:&lt;\/strong&gt; &lt;span style=&quot;font-family: Times New Roman, serif;&quot;&gt;&lt;span style=&quot;font-size: small;&quot;&gt;MUTT tritt seit Anfang 2025 im Rhein-Main-Gebiet auf &#8211; und auch dar\u00fcber hinaus! Gefunden haben sich Amparo, Caro, Ana und Quirin w\u00e4hrend ihres Kunststudiums in Offenbach. Die K\u00fcnstler*innen sahen mit der B\u00fchne eine Chance, die noch kleine Punk-Szene in Frankfurt und Umgebung st\u00e4rker zum Leben zu erwecken und sich auf k\u00fcnstlerische Art politisch zu engagieren. Dieses Jahr haben sie ihr erstes Album \u201ePretty Girls Bite\u201c herausgebracht. Seit Juli geht Ana andere Wege und Gaba begleitet die Band als Gitarristin. Durch den Wechsel er\u00f6ffnet sich f\u00fcr MUTT ein neues Verh\u00e4ltnis zwischen Musik und Text. Sie bewegen sich jedoch weiterhin zwischen rohem Punk, tiefgr\u00fcndigen Stoner-Rockballaden und Ska.&lt;\/span&gt;&lt;\/span&gt;&lt;\/span&gt;&lt;\/span&gt;&lt;\/p&gt; &lt;p&gt;&nbsp;&lt;\/p&gt; &lt;p align=&quot;left&quot;&gt;&lt;span style=&quot;font-family: Times New Roman, serif;&quot;&gt;&lt;span style=&quot;font-size: small;&quot;&gt;MUTT: Three female musicians and one male musician who make punk music. In their performance, the band takes over the entire stage with energetic movements.Each song tells a story, conveys a message or expresses a feeling that they want to share as women in a patriarchal society. With her distinctive voice, the singer shows that women are allowed to be loud and angry. A wild back and forth between deeply sentimental and fiercely angry songs, with influences from different genres \u2013 feminist punk rock in a whole new way!&lt;\/span&gt;&lt;\/span&gt;&lt;\/p&gt; &lt;p align=&quot;left&quot;&gt;&lt;span style=&quot;font-family: Times New Roman, serif;&quot;&gt;&lt;span style=&quot;font-size: small;&quot;&gt;&lt;strong&gt;Instagram:&lt;\/strong&gt; &lt;a href=&quot;https:\/\/www.instagram.com\/thebandmutt\/&quot;&gt;@thebandmutt&lt;\/a&gt;&lt;\/span&gt;&lt;\/span&gt;&lt;\/p&gt; &lt;p align=&quot;left&quot;&gt;&lt;span style=&quot;font-family: Times New Roman, serif;&quot;&gt;&lt;span style=&quot;font-size: small;&quot;&gt;&lt;strong&gt;Biography:&lt;\/strong&gt; MUTT has been performing in the Rhine-Main region\u2014and beyond\u2014since the beginning of 2025. Amparo, Caro, Ana, and Quirin met while studying art in Offenbach. They saw the stage as an opportunity to breathe new life into the small punk scene in Frankfurt and the surrounding area, and to engage politically through their art. This year, they released their debut album, *Pretty Girls Bite*. Since July, Ana has moved on to new paths, and Gaba has joined the band as their guitarist. This lineup change has opened up a new dynamic between music and lyrics for MUTT, though they continue to navigate a soundscape ranging from raw punk and profound stoner-rock ballads to ska.&lt;\/span&gt;&lt;\/span&gt;&lt;\/p&gt; &lt;p align=&quot;left&quot;&gt; \",\r\n            \"image\": \"https:\/\/iftf-frankfurt.com\/wp-content\/uploads\/sites\/2\/MUTT_shoot-Kopie-scaled.jpg\",\r\n            \"name\": \"MUTT\",\r\n            \"url\": \"https:\/\/iftf-frankfurt.com\/en\/events\/mutt\/\"\r\n        }\r\n        <\/script>\r\n                            <article  data-href=\"https:\/\/iftf-frankfurt.com\/en\/events\/mutt\/\" data-target=\"m1\" style=\"background:#b883d6 url('https:\/\/iftf-frankfurt.com\/wp-content\/uploads\/sites\/2\/MUTT_shoot-Kopie-300x400.jpg')\" class=\" mec-event-article mec-tile-item  mec-clear   \">\r\n                                                                        <div class=\"event-tile-view-head clearfix\">\r\n                                                            <div class=\"mec-event-month\"><span class=\"mec-start-date-label\" itemprop=\"startDate\">15 Sep<\/span><\/div>\r\n                                                        <div class=\"mec-event-time\"><i class=\"mec-sl-clock\"><\/i>21:00<\/div>\r\n                        <\/div>\r\n                        <div class=\"mec-event-content\" data-target=\"m1\" data-event-id=\"26837\">\r\n                            <a href=\"https:\/\/iftf-frankfurt.com\/en\/events\/mutt\/\" target=\"m1\" class=\"mec-tile-into-content-link\"><\/a>                            <div class=\"mec-tile-event-content\">\r\n                                <div class=\"mec-event-detail\">\r\n                                                                                                            <span class=\"mec-event-loc-place\"><i class=\"mec-sl-location-pin\"><\/i>FOYER INDOOR B\u00dcHNE<\/span>                                                                    <\/div>\r\n                                                                <h4 class=\"mec-event-title\"><a class=\"mec-color-hover\"  data-event-id=\"26837\" href=\"https:\/\/iftf-frankfurt.com\/en\/events\/mutt\/\" target=\"m1\" rel=\"noopener\">MUTT<\/a><\/h4>\r\n                                                            <\/div>\r\n                        <\/div>\r\n                    <\/article>\r\n                <\/div>                    <div class=\"col-md-4 col-sm-4\">        <script type=\"application\/ld+json\">\r\n        {\r\n            \"@context\": \"http:\/\/schema.org\",\r\n            \"@type\": \"Event\",\r\n            \"eventStatus\": \"https:\/\/schema.org\/EventScheduled\",\r\n            \"startDate\": \"2026-09-16\",\r\n            \"endDate\": \"2026-09-16\",\r\n            \"eventAttendanceMode\": \"https:\/\/schema.org\/OfflineEventAttendanceMode\",\r\n            \"location\":\r\n            {\r\n                \"@type\": \"Place\",\r\n                                \"name\": \"FOYER INDOOR B\u00dcHNE\",\r\n                \"image\": \"\",\r\n                \"address\": \"PROTAGON CULTURAL CENTRE \u2013 Orber Stra\u00dfe 57, 60386 Frankfurt am Main\"\r\n                            },\r\n            \"organizer\":\r\n            {\r\n                \"@type\": \"Person\",\r\n                \"name\": \"\",\r\n                \"url\": \"\"\r\n            },\r\n            \"offers\":\r\n            {\r\n                \"url\": \"https:\/\/iftf-frankfurt.com\/en\/events\/h-e-r-in-solo\/\",\r\n                \"price\": \"\",\r\n                \"priceCurrency\": \"USD\",\r\n                \"availability\": \"https:\/\/schema.org\/InStock\",\r\n                \"validFrom\": \"2026-09-16T00:00\"\r\n            },\r\n            \"performer\": \"\",\r\n            \"description\": \"&lt;p align=&quot;left&quot;&gt;&lt;span style=&quot;font-size: small;&quot;&gt;&#8220;ENG below&#8221;&lt;\/span&gt;&lt;\/p&gt; &lt;p align=&quot;left&quot;&gt;&lt;span style=&quot;font-family: Times New Roman, serif;&quot;&gt;&lt;span style=&quot;font-size: small;&quot;&gt;H.E.R. ist bekannt f\u00fcr ihre &lt;i&gt;Electric Violin Show&lt;\/i&gt;, ein Anthem f\u00fcr Teilhaberechte, in dem die K\u00fcnstlerin ihre Musik und ihre pers\u00f6nlichen Erfahrungen nutzt, um Inklusion in all ihren Formen zu f\u00f6rdern. Die Musik mit Originalarrangements von H.E.R. ist ausgehend von einer Frage konzipiert: Wie lassen sich Klangwelten schaffen, die eng mit der Bedeutung einer pers\u00f6nlichen Geschichte verbunden sind? Durch die Auseinandersetzung mit zeitgen\u00f6ssischen Kl\u00e4ngen entfaltet sich das Projekt als pers\u00f6nliche Erz\u00e4hlung in Musik \u2013 ein Raum, in dem Klassik, Pop und Elektro aufeinandertreffen und sich zu einer explosiven Mischung verbinden.&lt;\/span&gt;&lt;\/span&gt;&lt;\/p&gt; &lt;p align=&quot;left&quot;&gt;&lt;span style=&quot;font-family: Times New Roman, serif;&quot;&gt;&lt;span style=&quot;font-size: small;&quot;&gt;&lt;b&gt;Instagram: &lt;a href=&quot;https:\/\/www.instagram.com\/herviolins&quot;&gt;@herviolins&lt;\/a&gt;&lt;\/b&gt;&lt;\/span&gt;&lt;\/span&gt;&lt;\/p&gt; &lt;p align=&quot;left&quot;&gt;&lt;span style=&quot;font-family: Times New Roman, serif;&quot;&gt;&lt;span style=&quot;font-size: small;&quot;&gt;&lt;b&gt;Biographie: &lt;\/b&gt;&lt;\/span&gt;&lt;\/span&gt;&lt;span style=&quot;color: #000000;&quot;&gt;&lt;span style=&quot;font-family: Times New Roman, serif;&quot;&gt;&lt;span style=&quot;font-size: small;&quot;&gt;H.E.R. ist eine S\u00e4ngerin, Songwriterin und vielseitige Musikerin aus Apulien in S\u00fcditalien, die k\u00fcrzlich zu den Finalistinnen von Musicultura 2020 (RAI) geh\u00f6rte.&lt;\/span&gt;&lt;\/span&gt;&lt;\/span&gt;&lt;\/p&gt; &lt;p align=&quot;left&quot;&gt;&lt;span style=&quot;color: #000000;&quot;&gt;&lt;span style=&quot;font-family: Times New Roman, serif;&quot;&gt;&lt;span style=&quot;font-size: small;&quot;&gt;2020 war H.E.R. mit der neuen Electro-Pop-Single \u201eIl nostro mondo\u201c, produziert von Gianni Testa, im Radio zu h\u00f6ren, nachdem sie vorher bereits mit dem Song \u201eIl mondo non cambia mai\u201c erfolgreich gewesen war. Sie gewann au\u00dferdem den Award der italienischen Sektion von Amnesty International 2020 (Voices for Freedom).&lt;\/span&gt;&lt;\/span&gt;&lt;\/span&gt;&lt;\/p&gt; &lt;p align=&quot;left&quot;&gt;&lt;span style=&quot;color: #000000;&quot;&gt;&lt;span style=&quot;font-family: Times New Roman, serif;&quot;&gt;&lt;span style=&quot;font-size: small;&quot;&gt;H.E.R. schloss ihr Violinenstudium am Konservatorium von Benevento ab, wo sie bei Vittorio Gisonni und Stefano Morellina gelernt hatte, und absolvierte au\u00dferdem ein B\u00fchnenbild-Studium. 1996 schloss sie sich dem Projekt Nidi d&#8217;Arac an und gab 1999 ihr Deb\u00fct als Singer-Songwriterin. Daf\u00fcr erhielt sie einen Preis, der von der Wochenzeitschrift \u201eMusica!\u201c von La Repubblica verliehen wurde. 2004 wurde sie feste Violinistin von Teresa De Sio.&lt;\/span&gt;&lt;\/span&gt;&lt;\/span&gt;&lt;\/p&gt; &lt;p&gt;&nbsp;&lt;\/p&gt; &lt;p align=&quot;left&quot;&gt;&lt;span style=&quot;font-family: Times New Roman, serif;&quot;&gt;&lt;span style=&quot;font-size: small;&quot;&gt;H.E.R. is known for her &lt;i&gt;Electric violin show&lt;\/i&gt;, a rights anthem in which the artist uses her music and experiences to promote inclusiveness in all its forms. The music, with original arrangements by H.E.R., is conceived around a question: how can sound environments be created that are deeply connected to the meanings of an intimate story? Through research into contemporary sounds, the project unfolds as a personal narrative in music &#8211; a space where classical music, pop and electronic meet in an \u200b\u200bexplosive mix.&lt;\/span&gt;&lt;\/span&gt;&lt;\/p&gt; &lt;p align=&quot;left&quot;&gt;&lt;span style=&quot;font-family: Times New Roman, serif;&quot;&gt;&lt;span style=&quot;font-size: small;&quot;&gt;&lt;b&gt;Instagram: &lt;a href=&quot;https:\/\/www.instagram.com\/herviolins&quot;&gt;@herviolins&lt;\/a&gt;&lt;\/b&gt;&lt;\/span&gt;&lt;\/span&gt;&lt;\/p&gt; &lt;p align=&quot;left&quot;&gt;&lt;span style=&quot;font-family: Times New Roman, serif;&quot;&gt;&lt;span style=&quot;font-size: small;&quot;&gt;&lt;b&gt;Biography: &lt;\/b&gt;&lt;\/span&gt;&lt;\/span&gt;&lt;span style=&quot;font-family: Times New Roman, serif;&quot;&gt;&lt;span style=&quot;font-size: small;&quot;&gt;H.E.R. is a singer, songwriter and eclectic musician originally from Puglia in Southern Italy who was recently among the finalists of Musicultura 2020 (RAI).&lt;\/span&gt;&lt;\/span&gt;&lt;\/p&gt; &lt;p align=&quot;left&quot;&gt;&lt;span style=&quot;font-family: Times New Roman, serif;&quot;&gt;&lt;span style=&quot;font-size: small;&quot;&gt;In 2020, H.E.R. was on the radio with the new electro-pop single \u201cIl nostro mondo,\u201d produced by Gianni Testa, following the success of her previous song \u201cIl mondo non cambia mai\u201d. She was also the winner of the Amnesty International Italian Section Award 2020 (Voices for Freedom).&lt;\/span&gt;&lt;\/span&gt;&lt;\/p&gt; &lt;p align=&quot;left&quot;&gt;&lt;span style=&quot;font-family: Times New Roman, serif;&quot;&gt;&lt;span style=&quot;font-size: small;&quot;&gt;H.E.R. graduated with a degree in violin from the Benevento Conservatory, studying with Vittorio Gisonni and Stefano Morellina, and also graduated in scenography. In 1996, she joined the Nidi d&#8217;Arac project and made her debut as a singer-songwriter in 1999, winning the prize awarded by the weekly magazine &#8220;Musica!&#8221; of La Repubblica. In 2004, she became Teresa De Sio&#8217;s permanent violinist.&lt;\/span&gt;&lt;\/span&gt;&lt;\/p&gt; &lt;p align=&quot;left&quot;&gt;&lt;span style=&quot;font-family: Times New Roman, serif;&quot;&gt;&lt;span style=&quot;font-size: small;&quot;&gt;She has collaborated with artists such as Lucio Dalla, Rettore, Fiordaliso and Morrissey.&lt;\/span&gt;&lt;\/span&gt;&lt;\/p&gt; \",\r\n            \"image\": \"https:\/\/iftf-frankfurt.com\/wp-content\/uploads\/sites\/2\/Gender-Games-H.E.R.png\",\r\n            \"name\": \"H.E.R. in solo\",\r\n            \"url\": \"https:\/\/iftf-frankfurt.com\/en\/events\/h-e-r-in-solo\/\"\r\n        }\r\n        <\/script>\r\n                            <article  data-href=\"https:\/\/iftf-frankfurt.com\/en\/events\/h-e-r-in-solo\/\" data-target=\"m1\" style=\"background:#b883d6 url('https:\/\/iftf-frankfurt.com\/wp-content\/uploads\/sites\/2\/Gender-Games-H.E.R-300x400.png')\" class=\" mec-event-article mec-tile-item  mec-clear   \">\r\n                                                                        <div class=\"event-tile-view-head clearfix\">\r\n                                                            <div class=\"mec-event-month\"><span class=\"mec-start-date-label\" itemprop=\"startDate\">16 Sep<\/span><\/div>\r\n                                                        <div class=\"mec-event-time\"><i class=\"mec-sl-clock\"><\/i>21:45<\/div>\r\n                        <\/div>\r\n                        <div class=\"mec-event-content\" data-target=\"m1\" data-event-id=\"26846\">\r\n                            <a href=\"https:\/\/iftf-frankfurt.com\/en\/events\/h-e-r-in-solo\/\" target=\"m1\" class=\"mec-tile-into-content-link\"><\/a>                            <div class=\"mec-tile-event-content\">\r\n                                <div class=\"mec-event-detail\">\r\n                                                                                                            <span class=\"mec-event-loc-place\"><i class=\"mec-sl-location-pin\"><\/i>FOYER INDOOR B\u00dcHNE<\/span>                                                                    <\/div>\r\n                                                                <h4 class=\"mec-event-title\"><a class=\"mec-color-hover\"  data-event-id=\"26846\" href=\"https:\/\/iftf-frankfurt.com\/en\/events\/h-e-r-in-solo\/\" target=\"m1\" rel=\"noopener\">H.E.R. in solo<\/a><\/h4>\r\n                                                            <\/div>\r\n                        <\/div>\r\n                    <\/article>\r\n                <\/div>                    <div class=\"col-md-4 col-sm-4\">        <script type=\"application\/ld+json\">\r\n        {\r\n            \"@context\": \"http:\/\/schema.org\",\r\n            \"@type\": \"Event\",\r\n            \"eventStatus\": \"https:\/\/schema.org\/EventScheduled\",\r\n            \"startDate\": \"2026-09-17\",\r\n            \"endDate\": \"2026-09-17\",\r\n            \"eventAttendanceMode\": \"https:\/\/schema.org\/OfflineEventAttendanceMode\",\r\n            \"location\":\r\n            {\r\n                \"@type\": \"Place\",\r\n                                \"name\": \"INDOOR STAGE PROTAGON\",\r\n                \"image\": \"\",\r\n                \"address\": \"PROTAGON CULTURAL CENTRE \u2013 Orber Stra\u00dfe 57, 60386 Frankfurt am Main\"\r\n                            },\r\n            \"organizer\":\r\n            {\r\n                \"@type\": \"Person\",\r\n                \"name\": \"\",\r\n                \"url\": \"\"\r\n            },\r\n            \"offers\":\r\n            {\r\n                \"url\": \"https:\/\/iftf-frankfurt.com\/en\/events\/kick-la-luna\/\",\r\n                \"price\": \"\",\r\n                \"priceCurrency\": \"USD\",\r\n                \"availability\": \"https:\/\/schema.org\/InStock\",\r\n                \"validFrom\": \"2026-09-17T00:00\"\r\n            },\r\n            \"performer\": \"\",\r\n            \"description\": \"&lt;p align=&quot;left&quot;&gt;&lt;span style=&quot;font-family: Times New Roman, serif;&quot;&gt;&lt;span style=&quot;font-size: small;&quot;&gt;Female World Music&lt;\/span&gt;&lt;\/span&gt;&lt;\/p&gt; &lt;p align=&quot;left&quot;&gt;&lt;span style=&quot;font-size: small;&quot;&gt;&#8220;ENG below&#8221;&lt;\/span&gt;&lt;\/p&gt; &lt;p align=&quot;left&quot;&gt;&lt;span style=&quot;font-family: Times New Roman, serif;&quot;&gt;&lt;span style=&quot;font-size: small;&quot;&gt;Ob Soul oder Salsa, Funk, Brazil oder Balladen &#8211; die Musikerinnen von KICK LA LUNA aus Frankfurt spielen seit 34 Jahren erfolgreich mitrei\u00dfende und musikalisch vielseitige Konzerte. Mit ihrem mehrstimmigen Gesang, kraftvollen Soulstimmen, komplexen afro-brasilianischen Rhythmen, modernen Salsa-Arrangements und Funk-Riffs ist KICK LA LUNA in Deutschlands Weltmusik-Szene eine Institution. Ihre Songs machen Mut, ber\u00fchren und bringen in engagierten Texten politische Positionen auf den Punkt. Auf ihrer 10. Jubil\u00e4ums-CD \u201eNicht ohne uns\u201c macht die Band auf die Situation von Frauen aufmerksam, spielt f\u00fcr Gleichberechtigung und gegen Rassismus \u2013 mit einer positiven Energie, die ansteckt! &lt;\/span&gt;&lt;\/span&gt;&lt;\/p&gt; &lt;p align=&quot;left&quot;&gt;&lt;span style=&quot;font-family: Times New Roman, serif;&quot;&gt;&lt;span style=&quot;font-size: small;&quot;&gt;&lt;strong&gt;Website:&lt;\/strong&gt; &lt;a href=&quot;https:\/\/www.kicklaluna.com&quot;&gt;https:\/\/www.kicklaluna.com&lt;\/a&gt;&lt;\/span&gt;&lt;\/span&gt;&lt;\/p&gt; &lt;p align=&quot;left&quot;&gt;&lt;strong&gt;Biographie:&lt;\/strong&gt; &lt;span style=&quot;font-family: Times New Roman, serif;&quot;&gt;&lt;span style=&quot;font-size: small;&quot;&gt;Zur Urbesetzung von KICK LA LUNA geh\u00f6ren Anne Breick, die mitrei\u00dfende Perkussionistin mit ihren groovigen Latin-Rhythmen, Elke Voltz, die S\u00e4ngerin und Songwriterin mit ihrer kraftvollen Soulstimme, und die Bassistin und Komponistin Uli Pfeifer mit ihrer warmen Altstimme. Seit \u00fcber 10 Jahren geh\u00f6ren auch Christiane Sattler, die Keyboarderin mit einer geh\u00f6rigen Portion Modern-Salsa, Jazz und Pop, sowie Angela Frontera, die virtuose Ausnahme-Drummerin aus Brasilien, zur Band.&lt;\/span&gt;&lt;\/span&gt;&lt;\/p&gt; &lt;p align=&quot;left&quot;&gt;&lt;span style=&quot;font-family: Times New Roman, serif;&quot;&gt;&lt;span style=&quot;font-size: small;&quot;&gt;KICK LA LUNA gehen seit 1992 unbeirrt ihren Weg und haben sich auch international einen Namen gemacht. Von Wien bis Valencia, von Montreal bis San Francisco und von Z\u00fcrich bis Amsterdam gaben sie unz\u00e4hlige Konzerte. Auch auf internationalen Musikfestivals in Wales, den Niederlanden und der Schweiz begeisterten sie ihr Publikum. Zudem repr\u00e4sentierten KICK LA LUNA Deutschland 2006 auf der Weltfrauenkonferenz in Paris und spielten 2008 zur Er\u00f6ffnung der Frauen-Fu\u00dfball-WM.&lt;\/span&gt;&lt;\/span&gt;&lt;\/p&gt; &lt;p&gt;&nbsp;&lt;\/p&gt; &lt;p align=&quot;left&quot;&gt;&lt;span style=&quot;font-family: Times New Roman, serif;&quot;&gt;&lt;span style=&quot;font-size: small;&quot;&gt;Whether soul or salsa, funk, Brazilian styles, or ballads\u2014the musicians of Frankfurt-based KICK LA LUNA have been successfully performing electrifying and musically diverse concerts for 34 years. With their vocal harmonies, powerful soul voices, complex Afro-Brazilian rhythms, modern salsa arrangements, and funk riffs, KICK LA LUNA has become an institution in Germany\u2019s world music scene. Their songs inspire and move audiences, while their socially conscious lyrics get straight to the heart of political issues. On their tenth album, *Nicht ohne uns* (&#8220;Not Without Us&#8221;), the band draws attention to the situation of women and advocates for equality and against racism\u2014all with an infectious, positive energy! &lt;\/span&gt;&lt;\/span&gt;&lt;\/p&gt; &lt;p align=&quot;left&quot;&gt;&lt;span style=&quot;font-family: Times New Roman, serif;&quot;&gt;&lt;span style=&quot;font-size: small;&quot;&gt;&lt;strong&gt;Website:&lt;\/strong&gt; &lt;a href=&quot;https:\/\/www.kicklaluna.com&quot;&gt;https:\/\/www.kicklaluna.com&lt;\/a&gt;&lt;\/span&gt;&lt;\/span&gt;&lt;\/p&gt; &lt;p align=&quot;left&quot;&gt;&lt;strong&gt;Biography:&lt;\/strong&gt; &lt;span style=&quot;font-family: Times New Roman, serif;&quot;&gt;&lt;span style=&quot;font-size: small;&quot;&gt;The original lineup of KICK LA LUNA includes Anne Breick\u2014a dynamic percussionist known for her infectious Latin grooves\u2014Elke Voltz, a singer-songwriter with a powerful soul voice, and bassist-composer Uli Pfeifer, who possesses a warm alto voice. For over a decade, the band has also featured keyboardist Christiane Sattler\u2014bringing a strong blend of modern salsa, jazz, and pop\u2014and Angela Frontera, a virtuoso drummer from Brazil.&lt;\/span&gt;&lt;\/span&gt;&lt;\/p&gt; &lt;p&gt;KICK LA LUNA has steadfastly pursued its path since 1992, establishing an international reputation along the way. The band has performed countless concerts in cities ranging from Vienna to Valencia, Montreal to San Francisco, and Zurich to Amsterdam. They have also captivated audiences at international music festivals in Wales, the Netherlands, and Switzerland. Furthermore, KICK LA LUNA represented Germany at the World Women&#8217;s Conference in Paris in 2006 and performed at the opening of the Women&#8217;s World Cup in 2008.&lt;\/p&gt; \",\r\n            \"image\": \"https:\/\/iftf-frankfurt.com\/wp-content\/uploads\/sites\/2\/Kick-la-Luna_wolfgang-Schmidt-Tuebingen_presse.jpg\",\r\n            \"name\": \"KICK LA LUNA\",\r\n            \"url\": \"https:\/\/iftf-frankfurt.com\/en\/events\/kick-la-luna\/\"\r\n        }\r\n        <\/script>\r\n                            <article  data-href=\"https:\/\/iftf-frankfurt.com\/en\/events\/kick-la-luna\/\" data-target=\"m1\" style=\"background:#b883d6 url('https:\/\/iftf-frankfurt.com\/wp-content\/uploads\/sites\/2\/Kick-la-Luna_wolfgang-Schmidt-Tuebingen_presse-300x400.jpg')\" class=\" mec-event-article mec-tile-item  mec-clear   \">\r\n                                                                        <div class=\"event-tile-view-head clearfix\">\r\n                                                            <div class=\"mec-event-month\"><span class=\"mec-start-date-label\" itemprop=\"startDate\">17 Sep<\/span><\/div>\r\n                                                        <div class=\"mec-event-time\"><i class=\"mec-sl-clock\"><\/i>20:00<\/div>\r\n                        <\/div>\r\n                        <div class=\"mec-event-content\" data-target=\"m1\" data-event-id=\"26854\">\r\n                            <a href=\"https:\/\/iftf-frankfurt.com\/en\/events\/kick-la-luna\/\" target=\"m1\" class=\"mec-tile-into-content-link\"><\/a>                            <div class=\"mec-tile-event-content\">\r\n                                <div class=\"mec-event-detail\">\r\n                                                                                                            <span class=\"mec-event-loc-place\"><i class=\"mec-sl-location-pin\"><\/i>INDOOR STAGE PROTAGON<\/span>                                                                    <\/div>\r\n                                                                <h4 class=\"mec-event-title\"><a class=\"mec-color-hover\"  data-event-id=\"26854\" href=\"https:\/\/iftf-frankfurt.com\/en\/events\/kick-la-luna\/\" target=\"m1\" rel=\"noopener\">KICK LA LUNA<\/a><\/h4>\r\n                                                            <\/div>\r\n                        <\/div>\r\n                    <\/article>\r\n                <\/div><\/div>            <div class=\"row\"><div class=\"col-md-4 col-sm-4\">        <script type=\"application\/ld+json\">\r\n        {\r\n            \"@context\": \"http:\/\/schema.org\",\r\n            \"@type\": \"Event\",\r\n            \"eventStatus\": \"https:\/\/schema.org\/EventScheduled\",\r\n            \"startDate\": \"2026-09-17\",\r\n            \"endDate\": \"2026-09-17\",\r\n            \"eventAttendanceMode\": \"https:\/\/schema.org\/OfflineEventAttendanceMode\",\r\n            \"location\":\r\n            {\r\n                \"@type\": \"Place\",\r\n                                \"name\": \"FOYER INDOOR B\u00dcHNE\",\r\n                \"image\": \"\",\r\n                \"address\": \"PROTAGON CULTURAL CENTRE \u2013 Orber Stra\u00dfe 57, 60386 Frankfurt am Main\"\r\n                            },\r\n            \"organizer\":\r\n            {\r\n                \"@type\": \"Person\",\r\n                \"name\": \"\",\r\n                \"url\": \"\"\r\n            },\r\n            \"offers\":\r\n            {\r\n                \"url\": \"https:\/\/iftf-frankfurt.com\/en\/events\/sonia-mystik-presented-by-ccbb\/\",\r\n                \"price\": \"\",\r\n                \"priceCurrency\": \"USD\",\r\n                \"availability\": \"https:\/\/schema.org\/InStock\",\r\n                \"validFrom\": \"2026-09-17T00:00\"\r\n            },\r\n            \"performer\": \"\",\r\n            \"description\": \"&lt;p align=&quot;left&quot;&gt;&lt;span style=&quot;font-size: small;&quot;&gt;&#8220;ENG below&#8221;&lt;\/span&gt;&lt;\/p&gt; &lt;p align=&quot;left&quot;&gt;&lt;span style=&quot;font-family: Times New Roman, serif;&quot;&gt;&lt;span style=&quot;font-size: small;&quot;&gt;Mit diesem DJ-Set m\u00f6chte Sonia das Tanzen als Form des Widerstands f\u00f6rdern. Viele feministische, queere und BIPOC*-Communities haben die Tanzfl\u00e4che schon immer als Ort der Selbstfindung, Selbstakzeptanz und Ausdrucksfreiheit genutzt. Diese R\u00e4ume waren schon immer sichere R\u00e4ume, und genau das ist das Hauptziel: Sonia m\u00f6chte, dass das Publikum diese Verantwortung mit ihr teilt. Your body and soul belong to you, so have fun and shake it to the beat &amp; rhythm!&lt;\/span&gt;&lt;\/span&gt;&lt;\/p&gt; &lt;p align=&quot;left&quot;&gt;&lt;span style=&quot;font-family: Times New Roman, serif;&quot;&gt;&lt;span style=&quot;font-size: small;&quot;&gt;&lt;b&gt;Instagram: &lt;\/b&gt;&lt;\/span&gt;&lt;\/span&gt;&lt;span style=&quot;font-family: Times New Roman, serif;&quot;&gt;&lt;span style=&quot;font-size: small;&quot;&gt;&lt;a href=&quot;https:\/\/www.instagram.com\/sonia_lghamida\/&quot;&gt;@sonia_lghamida&lt;\/a&gt;    &lt;a href=&quot;https:\/\/www.instagram.com\/c.c.bb.069&quot;&gt;@c.c.bb.069&lt;\/a&gt;&lt;\/span&gt;&lt;\/span&gt;&lt;\/p&gt; &lt;p align=&quot;left&quot;&gt;&lt;span style=&quot;font-family: Times New Roman, serif;&quot;&gt;&lt;span style=&quot;font-size: small;&quot;&gt;&lt;strong&gt;Biographie:&lt;\/strong&gt; Sonia ist Mitkoordinator*in von C.C.BB., einem queeren, feministischen und intersektionalen Veranstaltungskollektiv, das aus queeren BIPoC*-FLINTA*-Personen aus Frankfurt und Umgebung besteht. Sie schaffen R\u00e4ume, in denen queere BIPoC-FLINTA*s im Kulturbereich sichtbar, h\u00f6rbar und sicher sein k\u00f6nnen. Ihr Ziel ist nicht nur Akzeptanz, sondern die dauerhafte Etablierung von Strukturen, in denen BIPoC-FLINTA*-Gemeinschaften einen selbstverst\u00e4ndlichen Platz haben. Sonias wichtigste Message ist es, Menschen durch Musik, Klang und Beat zusammenzubringen. Mit ihrer Liebe und Faszination f\u00fcr Musik und ihrer tiefen Leidenschaft f\u00fcr House-Musik, die sie in queeren R\u00e4umen zelebriert, liefert sie allseits beliebte Tracks mit einem nischigen Touch, um eine Atmosph\u00e4re zu schaffen, die vom Tanzen in der eigenen K\u00fcche bis zur Tanzfl\u00e4che reicht.&lt;br \/&gt; &lt;em&gt;&lt;em&gt;With good music, there\u2019s no such thing as a bad party!&lt;\/em&gt;&lt;\/em&gt;&lt;\/span&gt;&lt;\/span&gt;&lt;\/p&gt; &lt;p&gt;&lt;span style=&quot;font-family: Times New Roman, serif;&quot;&gt;&lt;span style=&quot;font-size: small;&quot;&gt;With this DJ set, Sonia aims to encourage dancing as a form of resistance. Many feminist, queer, and BIPOC* communities have always used the dance floor as a place for self-discovery, self-acceptance, and freedom of expression. These spaces have always been safe spaces, and that is precisely the main goal: Sonia wants the audience to share this responsibility with her. Your body and soul belong to you, so have fun and shake it to the beat &amp; rhythm!&lt;\/span&gt;&lt;\/span&gt;&lt;\/p&gt; &lt;p align=&quot;left&quot;&gt;&lt;span style=&quot;font-family: Times New Roman, serif;&quot;&gt;&lt;span style=&quot;font-size: small;&quot;&gt;&lt;b&gt;Instagram: &lt;\/b&gt;&lt;\/span&gt;&lt;\/span&gt;&lt;span style=&quot;font-family: Times New Roman, serif;&quot;&gt;&lt;span style=&quot;font-size: small;&quot;&gt;&lt;a href=&quot;https:\/\/www.instagram.com\/sonia_lghamida\/&quot;&gt;@sonia_lghamida&lt;\/a&gt;    &lt;a href=&quot;https:\/\/www.instagram.com\/c.c.bb.069&quot;&gt;@c.c.bb.069&lt;\/a&gt;&lt;\/span&gt;&lt;\/span&gt;&lt;\/p&gt; &lt;p align=&quot;left&quot;&gt;&lt;span style=&quot;font-family: Times New Roman, serif;&quot;&gt;&lt;span style=&quot;font-size: small;&quot;&gt;&lt;strong&gt;Biography:&lt;\/strong&gt;&lt;\/span&gt;&lt;\/span&gt;&lt;\/p&gt; &lt;p align=&quot;left&quot;&gt;&lt;span style=&quot;font-family: Times New Roman, serif;&quot;&gt;&lt;span style=&quot;font-size: small;&quot;&gt;Sonia is a co-coordinator of C.C.BB., a queer-feminist, intersectional event collective made up of queer BIPoC FLINTA* individuals in Frankfurt and the surrounding area. They create spaces where queer BIPoC FLINTA* people in the cultural sector can be visible, vocal, and safe. Their goal is not merely acceptance, but the lasting establishment of structures in which BIPoC FLINTA* communities have a natural place. Sonia\u2019s most important message is about bringing people together through music, sound, and beat. With her love for and fascination with music as well as her deep passion for house music and the queer spaces in which it is celebrated, she delivers widely loved tracks with a niche touch to create an atmosphere that goes from a dance in your own kitchen to vibes on the dance floor.&lt;br \/&gt; &lt;em&gt;&lt;em&gt;With good music, there\u2019s no such thing as a bad party!&lt;\/em&gt;&lt;\/em&gt;&lt;\/span&gt;&lt;\/span&gt;&lt;\/p&gt; \",\r\n            \"image\": \"https:\/\/iftf-frankfurt.com\/wp-content\/uploads\/sites\/2\/Sonia-mystik-CCBB-scaled.jpg\",\r\n            \"name\": \"Sonia Mystik presented by CCBB\",\r\n            \"url\": \"https:\/\/iftf-frankfurt.com\/en\/events\/sonia-mystik-presented-by-ccbb\/\"\r\n        }\r\n        <\/script>\r\n                            <article  data-href=\"https:\/\/iftf-frankfurt.com\/en\/events\/sonia-mystik-presented-by-ccbb\/\" data-target=\"m1\" style=\"background:#b883d6 url('https:\/\/iftf-frankfurt.com\/wp-content\/uploads\/sites\/2\/Sonia-mystik-CCBB-300x400.jpg')\" class=\" mec-event-article mec-tile-item  mec-clear   \">\r\n                                                                        <div class=\"event-tile-view-head clearfix\">\r\n                                                            <div class=\"mec-event-month\"><span class=\"mec-start-date-label\" itemprop=\"startDate\">17 Sep<\/span><\/div>\r\n                                                        <div class=\"mec-event-time\"><i class=\"mec-sl-clock\"><\/i>22:00<\/div>\r\n                        <\/div>\r\n                        <div class=\"mec-event-content\" data-target=\"m1\" data-event-id=\"26850\">\r\n                            <a href=\"https:\/\/iftf-frankfurt.com\/en\/events\/sonia-mystik-presented-by-ccbb\/\" target=\"m1\" class=\"mec-tile-into-content-link\"><\/a>                            <div class=\"mec-tile-event-content\">\r\n                                <div class=\"mec-event-detail\">\r\n                                                                                                            <span class=\"mec-event-loc-place\"><i class=\"mec-sl-location-pin\"><\/i>FOYER INDOOR B\u00dcHNE<\/span>                                                                    <\/div>\r\n                                                                <h4 class=\"mec-event-title\"><a class=\"mec-color-hover\"  data-event-id=\"26850\" href=\"https:\/\/iftf-frankfurt.com\/en\/events\/sonia-mystik-presented-by-ccbb\/\" target=\"m1\" rel=\"noopener\">Sonia Mystik presented by CCBB<\/a><\/h4>\r\n                                                            <\/div>\r\n                        <\/div>\r\n                    <\/article>\r\n                <\/div>                    <div class=\"col-md-4 col-sm-4\">        <script type=\"application\/ld+json\">\r\n        {\r\n            \"@context\": \"http:\/\/schema.org\",\r\n            \"@type\": \"Event\",\r\n            \"eventStatus\": \"https:\/\/schema.org\/EventScheduled\",\r\n            \"startDate\": \"2026-09-18\",\r\n            \"endDate\": \"2026-09-18\",\r\n            \"eventAttendanceMode\": \"https:\/\/schema.org\/OfflineEventAttendanceMode\",\r\n            \"location\":\r\n            {\r\n                \"@type\": \"Place\",\r\n                                \"name\": \"FOYER INDOOR B\u00dcHNE\",\r\n                \"image\": \"\",\r\n                \"address\": \"PROTAGON CULTURAL CENTRE \u2013 Orber Stra\u00dfe 57, 60386 Frankfurt am Main\"\r\n                            },\r\n            \"organizer\":\r\n            {\r\n                \"@type\": \"Person\",\r\n                \"name\": \"\",\r\n                \"url\": \"\"\r\n            },\r\n            \"offers\":\r\n            {\r\n                \"url\": \"https:\/\/iftf-frankfurt.com\/en\/events\/kaye-ree\/\",\r\n                \"price\": \"\",\r\n                \"priceCurrency\": \"USD\",\r\n                \"availability\": \"https:\/\/schema.org\/InStock\",\r\n                \"validFrom\": \"2026-09-18T00:00\"\r\n            },\r\n            \"performer\": \"\",\r\n            \"description\": \"&lt;p align=&quot;left&quot;&gt;&lt;span style=&quot;font-size: small;&quot;&gt;&#8220;ENG below&#8221;&lt;\/span&gt;&lt;\/p&gt; &lt;p&gt;&lt;span style=&quot;font-family: Times New Roman, serif;&quot;&gt;&lt;span style=&quot;font-size: small;&quot;&gt;Ein Album. &lt;\/span&gt;&lt;\/span&gt;&lt;span style=&quot;font-family: Times New Roman, serif;&quot;&gt;&lt;span style=&quot;font-size: small;&quot;&gt;Zwei Geschwister. &lt;\/span&gt;&lt;\/span&gt;&lt;span style=&quot;font-family: Times New Roman, serif;&quot;&gt;&lt;span style=&quot;font-size: small;&quot;&gt;Eine gemeinsame Geschichte.&lt;\/span&gt;&lt;\/span&gt;&lt;\/p&gt; &lt;p&gt;&lt;span style=&quot;font-family: Times New Roman, serif;&quot;&gt;&lt;span style=&quot;font-size: small;&quot;&gt;Kaye-Ree und ihr Bruder Amir verbindet weit mehr als ihre gemeinsame Kindheit. &lt;\/span&gt;&lt;\/span&gt;&lt;\/p&gt; &lt;p&gt;&lt;span style=&quot;font-family: Times New Roman, serif;&quot;&gt;&lt;span style=&quot;font-size: small;&quot;&gt;Musik war immer Teil ihres Lebens \u2013 auch wenn beide zun\u00e4chst ihre ganz &lt;\/span&gt;&lt;\/span&gt;&lt;span style=&quot;font-family: Times New Roman, serif;&quot;&gt;&lt;span style=&quot;font-size: small;&quot;&gt;eigenen musikalischen Wege gingen. &lt;\/span&gt;&lt;\/span&gt;&lt;span style=&quot;font-family: Times New Roman, serif;&quot;&gt;&lt;span style=&quot;font-size: small;&quot;&gt;Kaye-Ree entdeckte ihre Stimme, begann eigene Songs zu schreiben und ver\u00f6ffentlichte bereits drei Alben auf ihrem eigenen Label. Ihr Sound bewegt sich zwischen R&amp;B, Pop, Hip-Hop und Soul. Amir, der eher im Punkrock zu Hause war, brachte sich selbst Schlagzeug und Gitarre bei. &lt;\/span&gt;&lt;\/span&gt;&lt;span style=&quot;font-family: Times New Roman, serif;&quot;&gt;&lt;span style=&quot;font-size: small;&quot;&gt;Irgendwann f\u00fchrte die Musik zusammen und sie wurden jeweils Teil ihrer gemeinsamen musikalischen Reise. So wurde Amir Schlagzeuger in der gemeinsamen \u201eKaye-Ree\u201c Band. &lt;\/span&gt;&lt;\/span&gt;&lt;span style=&quot;font-family: Times New Roman, serif;&quot;&gt;&lt;span style=&quot;font-size: small;&quot;&gt;W\u00e4hrend der Pandemie begannen die beiden, gemeinsam neue Songs auf der Gitarre zu schreiben. Dabei entstand &lt;\/span&gt;&lt;\/span&gt;&lt;span style=&quot;font-family: Times New Roman, serif;&quot;&gt;&lt;span style=&quot;font-size: small;&quot;&gt;nicht nur neue Musik, sondern auch die Erkenntnis, wie \u00e4hnlich ihre emotionale Welt ist. &lt;\/span&gt;&lt;\/span&gt;&lt;span style=&quot;font-family: Times New Roman, serif;&quot;&gt;&lt;span style=&quot;font-size: small;&quot;&gt;Das vierte Album erz\u00e4hlt von zwei Geschwistern, ihrer gemeinsamen Liebe zur Musik und der Suche nach sich selbst in den unterschiedlichsten Lebenslagen. Haupts\u00e4chlich sind es Love-Songs\u2026und wie die Liebe vieles von ihnen reflektiert.&lt;\/span&gt;&lt;\/span&gt;&lt;\/p&gt; &lt;p&gt;&lt;strong&gt;Instagram:&lt;\/strong&gt; &lt;a href=&quot;https:\/\/www.instagram.com\/kayeree\/&quot;&gt;@kayeree&lt;\/a&gt;&lt;\/p&gt; &lt;p&gt;&lt;span style=&quot;font-family: Times New Roman, serif;&quot;&gt;&lt;span style=&quot;font-size: small;&quot;&gt;One album. Two siblings. A shared story.&lt;\/span&gt;&lt;\/span&gt;&lt;\/p&gt; &lt;p&gt;&lt;span style=&quot;font-family: Times New Roman, serif;&quot;&gt;&lt;span style=&quot;font-size: small;&quot;&gt;Kaye-Ree and her brother Amir are connected by far more than just their childhood together.&lt;\/span&gt;&lt;\/span&gt;&lt;\/p&gt; &lt;p&gt;&lt;span style=&quot;font-family: Times New Roman, serif;&quot;&gt;&lt;span style=&quot;font-size: small;&quot;&gt;Music has always been a part of their lives\u2014even though they initially pursued their own distinct musical paths. Kaye-Ree discovered her voice, began writing her own songs, and released three albums on her own label; her sound blends R&amp;B, pop, hip-hop, and soul. Amir, whose roots lay in punk rock, taught himself to play the drums and guitar. Eventually, music brought them together, and they became part of a shared musical journey, with Amir becoming the drummer for the &#8220;Kaye-Ree&#8221; band. During the pandemic, the two began writing new songs together on the guitar. This process not only produced new music but also revealed just how similar their emotional worlds are. Their fourth album tells the story of two siblings, their shared love of music, and their search for self-discovery amidst life&#8217;s various situations. It consists primarily of love songs\u2014and explores how love reflects so many aspects of their lives.&lt;\/span&gt;&lt;\/span&gt;&lt;\/p&gt; &lt;p&gt;&lt;strong&gt;Instagram:&lt;\/strong&gt; &lt;a href=&quot;https:\/\/www.instagram.com\/kayeree\/&quot;&gt;@kayeree&lt;\/a&gt;&lt;\/p&gt; \",\r\n            \"image\": \"https:\/\/iftf-frankfurt.com\/wp-content\/uploads\/sites\/2\/Kayee-Ree-2026-08-28-at-17.03.47.jpeg\",\r\n            \"name\": \"Kaye-Ree\",\r\n            \"url\": \"https:\/\/iftf-frankfurt.com\/en\/events\/kaye-ree\/\"\r\n        }\r\n        <\/script>\r\n                            <article  data-href=\"https:\/\/iftf-frankfurt.com\/en\/events\/kaye-ree\/\" data-target=\"m1\" style=\"background:#b883d6 url('https:\/\/iftf-frankfurt.com\/wp-content\/uploads\/sites\/2\/Kayee-Ree-2026-08-28-at-17.03.47-300x400.jpeg')\" class=\" mec-event-article mec-tile-item  mec-clear   \">\r\n                                                                        <div class=\"event-tile-view-head clearfix\">\r\n                                                            <div class=\"mec-event-month\"><span class=\"mec-start-date-label\" itemprop=\"startDate\">18 Sep<\/span><\/div>\r\n                                                        <div class=\"mec-event-time\"><i class=\"mec-sl-clock\"><\/i>18:30<\/div>\r\n                        <\/div>\r\n                        <div class=\"mec-event-content\" data-target=\"m1\" data-event-id=\"27178\">\r\n                            <a href=\"https:\/\/iftf-frankfurt.com\/en\/events\/kaye-ree\/\" target=\"m1\" class=\"mec-tile-into-content-link\"><\/a>                            <div class=\"mec-tile-event-content\">\r\n                                <div class=\"mec-event-detail\">\r\n                                                                                                            <span class=\"mec-event-loc-place\"><i class=\"mec-sl-location-pin\"><\/i>FOYER INDOOR B\u00dcHNE<\/span>                                                                    <\/div>\r\n                                                                <h4 class=\"mec-event-title\"><a class=\"mec-color-hover\"  data-event-id=\"27178\" href=\"https:\/\/iftf-frankfurt.com\/en\/events\/kaye-ree\/\" target=\"m1\" rel=\"noopener\">Kaye-Ree<\/a><\/h4>\r\n                                                            <\/div>\r\n                        <\/div>\r\n                    <\/article>\r\n                <\/div>                    <div class=\"col-md-4 col-sm-4\">        <script type=\"application\/ld+json\">\r\n        {\r\n            \"@context\": \"http:\/\/schema.org\",\r\n            \"@type\": \"Event\",\r\n            \"eventStatus\": \"https:\/\/schema.org\/EventScheduled\",\r\n            \"startDate\": \"2026-09-19\",\r\n            \"endDate\": \"2026-09-19\",\r\n            \"eventAttendanceMode\": \"https:\/\/schema.org\/OfflineEventAttendanceMode\",\r\n            \"location\":\r\n            {\r\n                \"@type\": \"Place\",\r\n                                \"name\": \"FOYER INDOOR B\u00dcHNE\",\r\n                \"image\": \"\",\r\n                \"address\": \"PROTAGON CULTURAL CENTRE \u2013 Orber Stra\u00dfe 57, 60386 Frankfurt am Main\"\r\n                            },\r\n            \"organizer\":\r\n            {\r\n                \"@type\": \"Person\",\r\n                \"name\": \"\",\r\n                \"url\": \"\"\r\n            },\r\n            \"offers\":\r\n            {\r\n                \"url\": \"https:\/\/iftf-frankfurt.com\/en\/events\/electric-ladyland-live-act-by-lava-303\/\",\r\n                \"price\": \"\",\r\n                \"priceCurrency\": \"USD\",\r\n                \"availability\": \"https:\/\/schema.org\/InStock\",\r\n                \"validFrom\": \"2026-09-19T00:00\"\r\n            },\r\n            \"performer\": \"\",\r\n            \"description\": \"&lt;p align=&quot;left&quot;&gt;&lt;span style=&quot;font-family: Times New Roman, serif;&quot;&gt;&lt;span style=&quot;font-size: small;&quot;&gt;LAVA 303 &#8211; ELECTRIC LADYLAND &#8211; CONNI MALY&lt;\/span&gt;&lt;\/span&gt;&lt;\/p&gt; &lt;p align=&quot;left&quot;&gt;&lt;span style=&quot;font-size: small;&quot;&gt;&#8220;ENG below&#8221;&lt;\/span&gt;&lt;\/p&gt; &lt;p align=&quot;left&quot;&gt;&lt;span style=&quot;font-family: Times New Roman, serif;&quot;&gt;&lt;span style=&quot;font-size: small;&quot;&gt;Seit 1998 zieht Conni Maly als &lt;i&gt;Lava 303&lt;\/i&gt; mit Groovebox &amp; Gitarre durch die Welt. Seitdem hat sie zahlreiche Tontr\u00e4ger ver\u00f6ffentlicht. Ihre Stimme ruft auf zur Rebellion und dem aufrechten Gang in eine gerechtere Welt. Ihr Sound geht in die Beine, durch den Bauch und in den Kopf. Elektrische Gitarre &#8211; mal funky, mal rockig, mal psychedelisch &#8211; trifft auf technoide Beats, acid-lastige Basslinien und Percussion-Loops. Mit ihrem Acid Rock&#8217;n&#8217;Roll bringt sie jede Party zum Beben! Tanzmusik im DIY Style.&lt;\/span&gt;&lt;\/span&gt;&lt;\/p&gt; &lt;p align=&quot;left&quot;&gt;&lt;span style=&quot;font-family: Times New Roman, serif;&quot;&gt;&lt;span style=&quot;font-size: small;&quot;&gt;&lt;strong&gt;Website:&lt;\/strong&gt; &lt;\/span&gt;&lt;\/span&gt;&lt;a href=&quot;http:\/\/www.acidrocknroll.org\/&quot;&gt;&lt;span style=&quot;font-family: Times New Roman, serif;&quot;&gt;&lt;span style=&quot;font-size: small;&quot;&gt;&lt;b&gt;www.acidrocknroll.org&lt;\/b&gt;&lt;\/span&gt;&lt;\/span&gt;&lt;\/a&gt;    &lt;a href=&quot;http:\/\/www.conni-maly.info&quot;&gt;&lt;span style=&quot;font-family: Times New Roman, serif;&quot;&gt;&lt;span style=&quot;font-size: small;&quot;&gt;&lt;b&gt;www.conni-maly.info&lt;\/b&gt;&lt;\/span&gt;&lt;\/span&gt;&lt;\/a&gt;&lt;\/p&gt; &lt;p align=&quot;left&quot;&gt;&lt;span style=&quot;font-family: Times New Roman, serif;&quot;&gt;&lt;span style=&quot;font-size: small;&quot;&gt;&lt;strong&gt;Biographie: &lt;\/strong&gt;Conni Maly ist Musikerin, Gitarristin, Produzentin und Musikvermittlerin aus Frankfurt am Main. Seit \u00fcber drei Jahrzehnten entwickelt sie ihre eigene musikalische Sprache zwischen Rock, elektronischer Musik, Techno, Trance, Psychedelic, Songwriting und Improvisation. Bekannt wurde sie Anfang der 1990er-Jahre als Gitarristin der Frauenrockband&lt;i&gt; The Slags&lt;\/i&gt;. Seitdem arbeitet sie kontinuierlich an eigenen Projekten und bewegt sich dabei immer wieder zwischen verschiedenen musikalischen Welten. In Projekten wie &lt;i&gt;Maly Macht Musik&lt;\/i&gt; steht die Kraft des Songs im Mittelpunkt. Ein wichtiger Bestandteil ihres musikalischen Schaffens ist die improvisierte Zusammenarbeit mit anderen Musiker*innen wie dem Schlagzeuger Mani Neumeier von Guru Guru.&lt;\/span&gt;&lt;\/span&gt;&lt;\/p&gt; &lt;p&gt;&nbsp;&lt;\/p&gt; &lt;p align=&quot;left&quot;&gt;&lt;span style=&quot;font-family: Times New Roman, serif;&quot;&gt;&lt;span style=&quot;font-size: small;&quot;&gt;Since 1998, Conni Maly has been touring the globe as Lava 303, armed with a groovebox and a guitar. She has released numerous recordings along the way. Her voice calls for rebellion and for standing tall as we march toward a fairer world. Her sound hits you in the legs, the gut, and the head. Electric guitar\u2014sometimes funky, sometimes rock-infused, sometimes psychedelic\u2014collides with techno-style beats, acid-heavy basslines, and percussion loops. With her brand of Acid Rock &#8216;n&#8217; Roll, she makes every party shake! DIY-style dance music.&lt;\/span&gt;&lt;\/span&gt;&lt;\/p&gt; &lt;p align=&quot;left&quot;&gt;&lt;span style=&quot;font-family: Times New Roman, serif;&quot;&gt;&lt;span style=&quot;font-size: small;&quot;&gt;&lt;strong&gt;Website:&lt;\/strong&gt; &lt;\/span&gt;&lt;\/span&gt;&lt;a href=&quot;http:\/\/www.acidrocknroll.org\/&quot;&gt;&lt;span style=&quot;font-family: Times New Roman, serif;&quot;&gt;&lt;span style=&quot;font-size: small;&quot;&gt;&lt;b&gt;www.acidrocknroll.org&lt;\/b&gt;&lt;\/span&gt;&lt;\/span&gt;&lt;\/a&gt;    &lt;a href=&quot;http:\/\/www.conni-maly.info&quot;&gt;&lt;span style=&quot;font-family: Times New Roman, serif;&quot;&gt;&lt;span style=&quot;font-size: small;&quot;&gt;&lt;b&gt;www.conni-maly.info&lt;\/b&gt;&lt;\/span&gt;&lt;\/span&gt;&lt;\/a&gt;&lt;\/p&gt; &lt;p align=&quot;left&quot;&gt;&lt;span style=&quot;font-family: Times New Roman, serif;&quot;&gt;&lt;span style=&quot;font-size: small;&quot;&gt;&lt;strong&gt;Biographie: &lt;\/strong&gt;Conni Maly is a musician, guitarist, producer, and music educator based in Frankfurt am Main. For over three decades, she has been developing her own musical language, spanning rock, electronic music, techno, trance, psychedelic, songwriting, and improvisation. She first gained recognition in the early 1990s as the guitarist for the all-female rock band The Slags. Since then, she has continuously worked on her own projects, frequently traversing different musical worlds. In projects such as *Maly Macht Musik*, the power of the song takes center stage. A key aspect of her musical work is improvised collaboration with other musicians, such as drummer Mani Neumeier of Guru Guru.&lt;\/span&gt;&lt;\/span&gt;&lt;\/p&gt; \",\r\n            \"image\": \"https:\/\/iftf-frankfurt.com\/wp-content\/uploads\/sites\/2\/c-Uli-Wagner_lava-303-electric-ladyland-conni-maly.jpg\",\r\n            \"name\": \"Electric Ladyland (Live-Act by LAVA 303)\",\r\n            \"url\": \"https:\/\/iftf-frankfurt.com\/en\/events\/electric-ladyland-live-act-by-lava-303\/\"\r\n        }\r\n        <\/script>\r\n                            <article  data-href=\"https:\/\/iftf-frankfurt.com\/en\/events\/electric-ladyland-live-act-by-lava-303\/\" data-target=\"m1\" style=\"background:#b883d6 url('https:\/\/iftf-frankfurt.com\/wp-content\/uploads\/sites\/2\/c-Uli-Wagner_lava-303-electric-ladyland-conni-maly-300x400.jpg')\" class=\" mec-event-article mec-tile-item  mec-clear   \">\r\n                                                                        <div class=\"event-tile-view-head clearfix\">\r\n                                                            <div class=\"mec-event-month\"><span class=\"mec-start-date-label\" itemprop=\"startDate\">19 Sep<\/span><\/div>\r\n                                                        <div class=\"mec-event-time\"><i class=\"mec-sl-clock\"><\/i>21:30<\/div>\r\n                        <\/div>\r\n                        <div class=\"mec-event-content\" data-target=\"m1\" data-event-id=\"26856\">\r\n                            <a href=\"https:\/\/iftf-frankfurt.com\/en\/events\/electric-ladyland-live-act-by-lava-303\/\" target=\"m1\" class=\"mec-tile-into-content-link\"><\/a>                            <div class=\"mec-tile-event-content\">\r\n                                <div class=\"mec-event-detail\">\r\n                                                                                                            <span class=\"mec-event-loc-place\"><i class=\"mec-sl-location-pin\"><\/i>FOYER INDOOR B\u00dcHNE<\/span>                                                                    <\/div>\r\n                                                                <h4 class=\"mec-event-title\"><a class=\"mec-color-hover\"  data-event-id=\"26856\" href=\"https:\/\/iftf-frankfurt.com\/en\/events\/electric-ladyland-live-act-by-lava-303\/\" target=\"m1\" rel=\"noopener\">Electric Ladyland (Live-Act by LAVA 303)<\/a><\/h4>\r\n                                                            <\/div>\r\n                        <\/div>\r\n                    <\/article>\r\n                <\/div><\/div>                    <div class=\"row\"><div class=\"col-md-4 col-sm-4\">        <script type=\"application\/ld+json\">\r\n        {\r\n            \"@context\": \"http:\/\/schema.org\",\r\n            \"@type\": \"Event\",\r\n            \"eventStatus\": \"https:\/\/schema.org\/EventScheduled\",\r\n            \"startDate\": \"2026-09-20\",\r\n            \"endDate\": \"2026-09-20\",\r\n            \"eventAttendanceMode\": \"https:\/\/schema.org\/OfflineEventAttendanceMode\",\r\n            \"location\":\r\n            {\r\n                \"@type\": \"Place\",\r\n                                \"name\": \"FOYER INDOOR B\u00dcHNE\",\r\n                \"image\": \"\",\r\n                \"address\": \"PROTAGON CULTURAL CENTRE \u2013 Orber Stra\u00dfe 57, 60386 Frankfurt am Main\"\r\n                            },\r\n            \"organizer\":\r\n            {\r\n                \"@type\": \"Person\",\r\n                \"name\": \"\",\r\n                \"url\": \"\"\r\n            },\r\n            \"offers\":\r\n            {\r\n                \"url\": \"https:\/\/iftf-frankfurt.com\/en\/events\/dj-sherryaeri\/\",\r\n                \"price\": \"\",\r\n                \"priceCurrency\": \"USD\",\r\n                \"availability\": \"https:\/\/schema.org\/InStock\",\r\n                \"validFrom\": \"2026-09-20T00:00\"\r\n            },\r\n            \"performer\": \"\",\r\n            \"description\": \"&lt;p align=&quot;left&quot;&gt;&lt;span style=&quot;font-size: small;&quot;&gt;&#8220;ENG below&#8221;&lt;\/span&gt;&lt;\/p&gt; &lt;p align=&quot;left&quot;&gt;&lt;span style=&quot;font-family: Times New Roman, serif;&quot;&gt;&lt;span style=&quot;font-size: small;&quot;&gt;F\u00fcr sherryaeri sind Musik und Feiern zutiefst politisch. sherryaeri gibt K\u00fcnstler*innen und Genres Raum, die nicht so viel Aufmerksamkeit bekommen, wie sie eigentlich sollten, und verbindet sie mit arabischen Sounds. \u201eGenrefluid\u201c bewegt sich sherryaeri durch verschiedene Genres wie Rap Edits, Jersey Club, Baile Funk und Electro Chaabi. sherryaeri feiert multidimensionale Realit\u00e4ten, schafft ein Gef\u00fchl von Zugeh\u00f6rigkeit und hat damit bereits die Massen auf Festivals wie Splash in Deutschland, in Clubs wie Yu Yu in Mexiko-Stadt und bei renommierten Events wie Hoe_mies verzaubert. sherryaeris Sounds laden zum Booty-Shaken ein, helfen dabei, Stress abzubauen und lassen uns den Druck loslassen, der unter kapitalistischer, patriarchaler wei\u00dfer Vorherrschaft entsteht.&lt;\/span&gt;&lt;\/span&gt;&lt;\/p&gt; &lt;p align=&quot;left&quot;&gt;&lt;strong&gt;&lt;span style=&quot;font-family: Times New Roman, serif;&quot;&gt;&lt;span style=&quot;font-size: small;&quot;&gt;Soundcloud:&lt;\/span&gt;&lt;\/span&gt;&lt;\/strong&gt; &lt;a href=&quot;https:\/\/soundcloud.com\/sherryaeri&quot;&gt;&lt;span style=&quot;color: #0563c1;&quot;&gt;&lt;span style=&quot;font-family: Times New Roman, serif;&quot;&gt;&lt;span style=&quot;font-size: small;&quot;&gt;&lt;u&gt;https:\/\/soundcloud.com\/sherryaeri&lt;\/u&gt;&lt;\/span&gt;&lt;\/span&gt;&lt;\/span&gt;&lt;\/a&gt;&lt;\/p&gt; &lt;p align=&quot;left&quot;&gt;&lt;span style=&quot;font-family: Times New Roman, serif;&quot;&gt;&lt;span style=&quot;font-size: small;&quot;&gt;&lt;strong&gt;Instagram&lt;\/strong&gt;:&lt;\/span&gt;&lt;\/span&gt; &lt;a href=&quot;https:\/\/www.instagram.com\/sherryaeri\/?hl=de&quot;&gt;&lt;span style=&quot;color: #0563c1;&quot;&gt;&lt;span style=&quot;font-family: Times New Roman, serif;&quot;&gt;&lt;span style=&quot;font-size: small;&quot;&gt;&lt;u&gt;@sherryaeri&lt;\/u&gt;&lt;\/span&gt;&lt;\/span&gt;&lt;\/span&gt;&lt;\/a&gt;&lt;\/p&gt; &lt;p&gt;&nbsp;&lt;\/p&gt; &lt;p align=&quot;left&quot;&gt;&lt;span style=&quot;font-family: Times New Roman, serif;&quot;&gt;&lt;span style=&quot;font-size: small;&quot;&gt;Considering music and partying as highly political, sherryaeri presents artists and genres that don&#8217;t get as much space as they should, mixing them with Arabic sounds. &#8220;Genrefluidly&#8221;, they move through different genres like Rap Edits, Jersey Club, Baile Funk and Electro Chaabi. Celebrating multidimensional realities and creating a sense of belonging, sherryaeri has already enchanted the masses at festivals like Splash in Germany, clubs like Yu Yu in Mexico City, and renowned events like Hoe_mies. sherryaeri\u2019s sounds are for booty shaking, relieving stress and letting go of the pressure under capitalist, patriarchal white supremacy.&lt;\/span&gt;&lt;\/span&gt;&lt;\/p&gt; &lt;p align=&quot;left&quot;&gt;&lt;strong&gt;&lt;span style=&quot;font-family: Times New Roman, serif;&quot;&gt;&lt;span style=&quot;font-size: small;&quot;&gt;Soundcloud:&lt;\/span&gt;&lt;\/span&gt;&lt;\/strong&gt; &lt;a href=&quot;https:\/\/soundcloud.com\/sherryaeri&quot;&gt;&lt;span style=&quot;color: #0563c1;&quot;&gt;&lt;span style=&quot;font-family: Times New Roman, serif;&quot;&gt;&lt;span style=&quot;font-size: small;&quot;&gt;&lt;u&gt;https:\/\/soundcloud.com\/sherryaeri&lt;\/u&gt;&lt;\/span&gt;&lt;\/span&gt;&lt;\/span&gt;&lt;\/a&gt;&lt;\/p&gt; &lt;p align=&quot;left&quot;&gt;&lt;span style=&quot;font-family: Times New Roman, serif;&quot;&gt;&lt;span style=&quot;font-size: small;&quot;&gt;&lt;strong&gt;Instagram&lt;\/strong&gt;:&lt;\/span&gt;&lt;\/span&gt; &lt;a href=&quot;https:\/\/www.instagram.com\/sherryaeri\/?hl=de&quot;&gt;&lt;span style=&quot;color: #0563c1;&quot;&gt;&lt;span style=&quot;font-family: Times New Roman, serif;&quot;&gt;&lt;span style=&quot;font-size: small;&quot;&gt;&lt;u&gt;@sherryaeri&lt;\/u&gt;&lt;\/span&gt;&lt;\/span&gt;&lt;\/span&gt;&lt;\/a&gt;&lt;\/p&gt; \",\r\n            \"image\": \"https:\/\/iftf-frankfurt.com\/wp-content\/uploads\/sites\/2\/Simona-Bednarek-13gradfest_sherryaeri_c_Simona-Bednarek_web-115.png\",\r\n            \"name\": \"DJ Sherryaeri\",\r\n            \"url\": \"https:\/\/iftf-frankfurt.com\/en\/events\/dj-sherryaeri\/\"\r\n        }\r\n        <\/script>\r\n                            <article  data-href=\"https:\/\/iftf-frankfurt.com\/en\/events\/dj-sherryaeri\/\" data-target=\"m1\" style=\"background:#b883d6 url('https:\/\/iftf-frankfurt.com\/wp-content\/uploads\/sites\/2\/Simona-Bednarek-13gradfest_sherryaeri_c_Simona-Bednarek_web-115-300x400.png')\" class=\" mec-event-article mec-tile-item  mec-clear   \">\r\n                                                                        <div class=\"event-tile-view-head clearfix\">\r\n                                                            <div class=\"mec-event-month\"><span class=\"mec-start-date-label\" itemprop=\"startDate\">20 Sep<\/span><\/div>\r\n                                                        <div class=\"mec-event-time\"><i class=\"mec-sl-clock\"><\/i>21:00<\/div>\r\n                        <\/div>\r\n                        <div class=\"mec-event-content\" data-target=\"m1\" data-event-id=\"26860\">\r\n                            <a href=\"https:\/\/iftf-frankfurt.com\/en\/events\/dj-sherryaeri\/\" target=\"m1\" class=\"mec-tile-into-content-link\"><\/a>                            <div class=\"mec-tile-event-content\">\r\n                                <div class=\"mec-event-detail\">\r\n                                                                                                            <span class=\"mec-event-loc-place\"><i class=\"mec-sl-location-pin\"><\/i>FOYER INDOOR B\u00dcHNE<\/span>                                                                    <\/div>\r\n                                                                <h4 class=\"mec-event-title\"><a class=\"mec-color-hover\"  data-event-id=\"26860\" href=\"https:\/\/iftf-frankfurt.com\/en\/events\/dj-sherryaeri\/\" target=\"m1\" rel=\"noopener\">DJ Sherryaeri<\/a><\/h4>\r\n                                                            <\/div>\r\n                        <\/div>\r\n                    <\/article>\r\n                <\/div>                        <\/div>\r\n    <\/div><\/div>                                    <\/div>\r\n\r\n                            <\/div>\r\n        <\/div>\r\n    <\/div>\r\n    \r\n<\/div><\/div>\n\t\t\t\t<\/div>\n\t\t\t\t<\/div>\n\t\t\t\t\t<\/div>\n\t\t\t\t<\/div>\n\t\t\t\t<\/div>\n\t\t","protected":false},"excerpt":{"rendered":"<p>DJ&#8217;s &#038; Live Music<\/p>\n","protected":false},"author":3,"featured_media":0,"parent":0,"menu_order":0,"comment_status":"closed","ping_status":"closed","template":"","meta":{"footnotes":""},"class_list":["post-13643","page","type-page","status-publish","hentry"],"yoast_head":"<!-- This site is optimized with the Yoast SEO plugin v19.13 - https:\/\/yoast.com\/wordpress\/plugins\/seo\/ -->\n<title>Programm-DJ&#039;s &amp; Live Music - International Women\u2018s* Theatre Festival<\/title>\n<meta name=\"robots\" content=\"index, follow, max-snippet:-1, max-image-preview:large, max-video-preview:-1\" \/>\n<link rel=\"canonical\" href=\"https:\/\/iftf-frankfurt.com\/en\/programm-djs-live-music\/\" \/>\n<meta property=\"og:locale\" content=\"en_GB\" \/>\n<meta property=\"og:type\" content=\"article\" \/>\n<meta property=\"og:title\" content=\"Programm-DJ&#039;s &amp; Live Music - International Women\u2018s* Theatre Festival\" \/>\n<meta property=\"og:description\" content=\"DJ&#8217;s &#038; Live Music\" \/>\n<meta property=\"og:url\" content=\"https:\/\/iftf-frankfurt.com\/en\/programm-djs-live-music\/\" \/>\n<meta property=\"og:site_name\" content=\"International Women\u2018s* Theatre Festival\" \/>\n<meta property=\"article:publisher\" content=\"https:\/\/www.facebook.com\/frauenfestival\" \/>\n<meta property=\"article:modified_time\" content=\"2026-09-02T11:36:33+00:00\" \/>\n<meta property=\"og:image\" content=\"https:\/\/iftf-frankfurt.com\/wp-content\/uploads\/sites\/2\/IFTF26_Logo_CMYK-schwarz.jpg\" \/>\n\t<meta property=\"og:image:width\" content=\"2244\" \/>\n\t<meta property=\"og:image:height\" content=\"827\" \/>\n\t<meta property=\"og:image:type\" content=\"image\/jpeg\" \/>\n<meta name=\"twitter:card\" content=\"summary_large_image\" \/>\n<meta name=\"twitter:label1\" content=\"Estimated reading time\" \/>\n\t<meta name=\"twitter:data1\" content=\"1 minute\" \/>\n<script type=\"application\/ld+json\" class=\"yoast-schema-graph\">{\"@context\":\"https:\/\/schema.org\",\"@graph\":[{\"@type\":\"WebPage\",\"@id\":\"https:\/\/iftf-frankfurt.com\/en\/programm-djs-live-music\/\",\"url\":\"https:\/\/iftf-frankfurt.com\/en\/programm-djs-live-music\/\",\"name\":\"Programm-DJ's & Live Music - International Women\u2018s* Theatre Festival\",\"isPartOf\":{\"@id\":\"https:\/\/iftf-frankfurt.com\/#website\"},\"datePublished\":\"2022-09-05T20:44:04+00:00\",\"dateModified\":\"2026-09-02T11:36:33+00:00\",\"breadcrumb\":{\"@id\":\"https:\/\/iftf-frankfurt.com\/en\/programm-djs-live-music\/#breadcrumb\"},\"inLanguage\":\"en-GB\",\"potentialAction\":[{\"@type\":\"ReadAction\",\"target\":[\"https:\/\/iftf-frankfurt.com\/en\/programm-djs-live-music\/\"]}]},{\"@type\":\"BreadcrumbList\",\"@id\":\"https:\/\/iftf-frankfurt.com\/en\/programm-djs-live-music\/#breadcrumb\",\"itemListElement\":[{\"@type\":\"ListItem\",\"position\":1,\"name\":\"Startseite\",\"item\":\"https:\/\/iftf-frankfurt.com\/en\/internationale-frauentheaterfestival-iftf\/\"},{\"@type\":\"ListItem\",\"position\":2,\"name\":\"Programm-DJ&#8217;s &#038; Live Music\"}]},{\"@type\":\"WebSite\",\"@id\":\"https:\/\/iftf-frankfurt.com\/#website\",\"url\":\"https:\/\/iftf-frankfurt.com\/\",\"name\":\"International Women\u2018s* Theatre Festival\",\"description\":\"IF*TF\",\"publisher\":{\"@id\":\"https:\/\/iftf-frankfurt.com\/#organization\"},\"inLanguage\":\"en-GB\"},{\"@type\":\"Organization\",\"@id\":\"https:\/\/iftf-frankfurt.com\/#organization\",\"name\":\"International Womxn\u2018s* Theatre Festival\",\"url\":\"https:\/\/iftf-frankfurt.com\/\",\"logo\":{\"@type\":\"ImageObject\",\"inLanguage\":\"en-GB\",\"@id\":\"https:\/\/iftf-frankfurt.com\/#\/schema\/logo\/image\/\",\"url\":\"\",\"contentUrl\":\"\",\"caption\":\"International Womxn\u2018s* Theatre Festival\"},\"image\":{\"@id\":\"https:\/\/iftf-frankfurt.com\/#\/schema\/logo\/image\/\"},\"sameAs\":[\"https:\/\/www.instagram.com\/frauentheaterfestival\/\",\"https:\/\/www.youtube.com\/channel\/UC80VX69VC0NxXd6a89DoydA\",\"https:\/\/www.facebook.com\/frauenfestival\"]}]}<\/script>\n<!-- \/ Yoast SEO plugin. -->","yoast_head_json":{"title":"Programm-DJ's & Live Music - International Women\u2018s* Theatre Festival","robots":{"index":"index","follow":"follow","max-snippet":"max-snippet:-1","max-image-preview":"max-image-preview:large","max-video-preview":"max-video-preview:-1"},"canonical":"https:\/\/iftf-frankfurt.com\/en\/programm-djs-live-music\/","og_locale":"en_GB","og_type":"article","og_title":"Programm-DJ's & Live Music - International Women\u2018s* Theatre Festival","og_description":"DJ&#8217;s &#038; Live Music","og_url":"https:\/\/iftf-frankfurt.com\/en\/programm-djs-live-music\/","og_site_name":"International Women\u2018s* Theatre Festival","article_publisher":"https:\/\/www.facebook.com\/frauenfestival","article_modified_time":"2026-09-02T11:36:33+00:00","og_image":[{"width":2244,"height":827,"url":"https:\/\/iftf-frankfurt.com\/wp-content\/uploads\/sites\/2\/IFTF26_Logo_CMYK-schwarz.jpg","type":"image\/jpeg"}],"twitter_card":"summary_large_image","twitter_misc":{"Estimated reading time":"1 minute"},"schema":{"@context":"https:\/\/schema.org","@graph":[{"@type":"WebPage","@id":"https:\/\/iftf-frankfurt.com\/en\/programm-djs-live-music\/","url":"https:\/\/iftf-frankfurt.com\/en\/programm-djs-live-music\/","name":"Programm-DJ's & Live Music - International Women\u2018s* Theatre Festival","isPartOf":{"@id":"https:\/\/iftf-frankfurt.com\/#website"},"datePublished":"2022-09-05T20:44:04+00:00","dateModified":"2026-09-02T11:36:33+00:00","breadcrumb":{"@id":"https:\/\/iftf-frankfurt.com\/en\/programm-djs-live-music\/#breadcrumb"},"inLanguage":"en-GB","potentialAction":[{"@type":"ReadAction","target":["https:\/\/iftf-frankfurt.com\/en\/programm-djs-live-music\/"]}]},{"@type":"BreadcrumbList","@id":"https:\/\/iftf-frankfurt.com\/en\/programm-djs-live-music\/#breadcrumb","itemListElement":[{"@type":"ListItem","position":1,"name":"Startseite","item":"https:\/\/iftf-frankfurt.com\/en\/internationale-frauentheaterfestival-iftf\/"},{"@type":"ListItem","position":2,"name":"Programm-DJ&#8217;s &#038; Live Music"}]},{"@type":"WebSite","@id":"https:\/\/iftf-frankfurt.com\/#website","url":"https:\/\/iftf-frankfurt.com\/","name":"International Women\u2018s* Theatre Festival","description":"IF*TF","publisher":{"@id":"https:\/\/iftf-frankfurt.com\/#organization"},"inLanguage":"en-GB"},{"@type":"Organization","@id":"https:\/\/iftf-frankfurt.com\/#organization","name":"International Womxn\u2018s* Theatre Festival","url":"https:\/\/iftf-frankfurt.com\/","logo":{"@type":"ImageObject","inLanguage":"en-GB","@id":"https:\/\/iftf-frankfurt.com\/#\/schema\/logo\/image\/","url":"","contentUrl":"","caption":"International Womxn\u2018s* Theatre Festival"},"image":{"@id":"https:\/\/iftf-frankfurt.com\/#\/schema\/logo\/image\/"},"sameAs":["https:\/\/www.instagram.com\/frauentheaterfestival\/","https:\/\/www.youtube.com\/channel\/UC80VX69VC0NxXd6a89DoydA","https:\/\/www.facebook.com\/frauenfestival"]}]}},"_links":{"self":[{"href":"https:\/\/iftf-frankfurt.com\/en\/wp-json\/wp\/v2\/pages\/13643","targetHints":{"allow":["GET"]}}],"collection":[{"href":"https:\/\/iftf-frankfurt.com\/en\/wp-json\/wp\/v2\/pages"}],"about":[{"href":"https:\/\/iftf-frankfurt.com\/en\/wp-json\/wp\/v2\/types\/page"}],"author":[{"embeddable":true,"href":"https:\/\/iftf-frankfurt.com\/en\/wp-json\/wp\/v2\/users\/3"}],"replies":[{"embeddable":true,"href":"https:\/\/iftf-frankfurt.com\/en\/wp-json\/wp\/v2\/comments?post=13643"}],"version-history":[{"count":23,"href":"https:\/\/iftf-frankfurt.com\/en\/wp-json\/wp\/v2\/pages\/13643\/revisions"}],"predecessor-version":[{"id":27120,"href":"https:\/\/iftf-frankfurt.com\/en\/wp-json\/wp\/v2\/pages\/13643\/revisions\/27120"}],"wp:attachment":[{"href":"https:\/\/iftf-frankfurt.com\/en\/wp-json\/wp\/v2\/media?parent=13643"}],"curies":[{"name":"wp","href":"https:\/\/api.w.org\/{rel}","templated":true}]}}