{"id":16727,"date":"2024-05-29T23:34:30","date_gmt":"2024-05-29T21:34:30","guid":{"rendered":"https:\/\/iftf-frankfurt.com\/startseite-2024\/"},"modified":"2026-09-04T15:33:14","modified_gmt":"2026-09-04T13:33:14","slug":"internationale-frauentheaterfestival-iftf","status":"publish","type":"page","link":"https:\/\/iftf-frankfurt.com\/en\/","title":{"rendered":"Home 2026"},"content":{"rendered":"\t\t<div data-elementor-type=\"wp-page\" data-elementor-id=\"16727\" class=\"elementor elementor-16727 elementor-15626\">\n\t\t\t\t<div class=\"elementor-element elementor-element-1d3deee e-flex e-con-boxed wpr-particle-no wpr-jarallax-no wpr-parallax-no wpr-sticky-section-no e-con e-parent\" data-id=\"1d3deee\" data-element_type=\"container\" data-settings=\"{&quot;content_width&quot;:&quot;boxed&quot;}\" data-core-v316-plus=\"true\">\n\t\t\t\t\t<div class=\"e-con-inner\">\n\t\t<div class=\"elementor-element elementor-element-7b679ed e-flex e-con-boxed wpr-particle-no wpr-jarallax-no wpr-parallax-no wpr-sticky-section-no e-con e-child\" data-id=\"7b679ed\" data-element_type=\"container\" data-settings=\"{&quot;content_width&quot;:&quot;boxed&quot;}\">\n\t\t\t\t\t<div class=\"e-con-inner\">\n\t\t\t\t<div class=\"elementor-element elementor-element-6f1c3af elementor-widget__width-inherit elementor-widget elementor-widget-heading\" data-id=\"6f1c3af\" data-element_type=\"widget\" data-widget_type=\"heading.default\">\n\t\t\t\t<div class=\"elementor-widget-container\">\n\t\t\t<h4 class=\"elementor-heading-title elementor-size-default\">FEMINIST DEMOCRACY<\/h4>\t\t<\/div>\n\t\t\t\t<\/div>\n\t\t<div class=\"elementor-element elementor-element-6d9204f e-flex e-con-boxed wpr-particle-no wpr-jarallax-no wpr-parallax-no wpr-sticky-section-no e-con e-child\" data-id=\"6d9204f\" data-element_type=\"container\" data-settings=\"{&quot;content_width&quot;:&quot;boxed&quot;}\">\n\t\t\t\t\t<div class=\"e-con-inner\">\n\t\t\t\t<div class=\"elementor-element elementor-element-ff32415 elementor-widget elementor-widget-heading\" data-id=\"ff32415\" data-element_type=\"widget\" data-widget_type=\"heading.default\">\n\t\t\t\t<div class=\"elementor-widget-container\">\n\t\t\t<h3 class=\"elementor-heading-title elementor-size-default\">14.09.<\/h3>\t\t<\/div>\n\t\t\t\t<\/div>\n\t\t\t\t<div class=\"elementor-element elementor-element-769558b elementor-widget elementor-widget-heading\" data-id=\"769558b\" data-element_type=\"widget\" data-widget_type=\"heading.default\">\n\t\t\t\t<div class=\"elementor-widget-container\">\n\t\t\t<h3 class=\"elementor-heading-title elementor-size-default\"> \u201320.09.26<\/h3>\t\t<\/div>\n\t\t\t\t<\/div>\n\t\t\t\t\t<\/div>\n\t\t\t\t<\/div>\n\t\t\t\t\t<\/div>\n\t\t\t\t<\/div>\n\t\t\t\t\t<\/div>\n\t\t\t\t<\/div>\n\t\t<div class=\"elementor-element elementor-element-c5be163 e-flex e-con-boxed wpr-particle-no wpr-jarallax-no wpr-parallax-no wpr-sticky-section-no e-con e-parent\" data-id=\"c5be163\" data-element_type=\"container\" data-settings=\"{&quot;background_background&quot;:&quot;classic&quot;,&quot;content_width&quot;:&quot;boxed&quot;}\" data-core-v316-plus=\"true\">\n\t\t\t\t\t<div class=\"e-con-inner\">\n\t\t\t\t<div class=\"elementor-element elementor-element-532ea92 elementor-widget elementor-widget-spacer\" data-id=\"532ea92\" data-element_type=\"widget\" data-widget_type=\"spacer.default\">\n\t\t\t\t<div class=\"elementor-widget-container\">\n\t\t\t\t\t<div class=\"elementor-spacer\">\n\t\t\t<div class=\"elementor-spacer-inner\"><\/div>\n\t\t<\/div>\n\t\t\t\t<\/div>\n\t\t\t\t<\/div>\n\t\t\t\t<div class=\"elementor-element elementor-element-181ebd2 elementor-widget__width-inherit elementor-widget elementor-widget-heading\" data-id=\"181ebd2\" data-element_type=\"widget\" data-widget_type=\"heading.default\">\n\t\t\t\t<div class=\"elementor-widget-container\">\n\t\t\t<h4 class=\"elementor-heading-title elementor-size-default\">Theater, dance and performance, workshops, video art, live music, symposium by women* for ALL!<\/h4>\t\t<\/div>\n\t\t\t\t<\/div>\n\t\t\t\t<div class=\"elementor-element elementor-element-d14e03b elementor-widget elementor-widget-text-editor\" data-id=\"d14e03b\" data-element_type=\"widget\" data-widget_type=\"text-editor.default\">\n\t\t\t\t<div class=\"elementor-widget-container\">\n\t\t\t\t\t\t\t<h5>September 14-20, 2026 | Frankfurt am Main<br \/>Mon. to Fri. from 5 p.m. | Sat. and Sun. from 2 p.m.<\/h5><h6>Protagon Kulturgel\u00e4nde<\/h6>\t\t\t\t\t\t<\/div>\n\t\t\t\t<\/div>\n\t\t\t\t<div class=\"elementor-element elementor-element-b1842c2 elementor-widget elementor-widget-text-editor\" data-id=\"b1842c2\" data-element_type=\"widget\" data-widget_type=\"text-editor.default\">\n\t\t\t\t<div class=\"elementor-widget-container\">\n\t\t\t\t\t\t\t<p>The <strong>International Women&#8217;s* Theater Festival (IF*TF)<\/strong> is an event that aims to strengthen feminist perspectives in contemporary theater and the performing arts, to address gender injustice in the cultural sector, and to build an international network of women* artists.<\/p>\t\t\t\t\t\t<\/div>\n\t\t\t\t<\/div>\n\t\t\t\t<div class=\"elementor-element elementor-element-7a25463 elementor-widget elementor-widget-text-editor\" data-id=\"7a25463\" data-element_type=\"widget\" data-widget_type=\"text-editor.default\">\n\t\t\t\t<div class=\"elementor-widget-container\">\n\t\t\t\t\t\t\t<div id=\"attachment_26402\" style=\"width: 510px\" class=\"wp-caption aligncenter\"><img fetchpriority=\"high\" decoding=\"async\" aria-describedby=\"caption-attachment-26402\" class=\"wp-image-26402\" src=\"https:\/\/iftf-frankfurt.com\/wp-content\/uploads\/sites\/2\/21427-240x300.jpg\" alt=\"\" width=\"500\" height=\"625\" srcset=\"https:\/\/iftf-frankfurt.com\/wp-content\/uploads\/sites\/2\/21427-240x300.jpg 240w, https:\/\/iftf-frankfurt.com\/wp-content\/uploads\/sites\/2\/21427-819x1024.jpg 819w, https:\/\/iftf-frankfurt.com\/wp-content\/uploads\/sites\/2\/21427-768x960.jpg 768w, https:\/\/iftf-frankfurt.com\/wp-content\/uploads\/sites\/2\/21427-700x875.jpg 700w, https:\/\/iftf-frankfurt.com\/wp-content\/uploads\/sites\/2\/21427.jpg 1080w\" sizes=\"(max-width: 500px) 100vw, 500px\" \/><p id=\"caption-attachment-26402\" class=\"wp-caption-text\"><strong>For more information see &#8220;How can I support the festival?&#8221;<\/strong><\/p><\/div>\t\t\t\t\t\t<\/div>\n\t\t\t\t<\/div>\n\t\t\t\t<div class=\"elementor-element elementor-element-fe11e44 wpr-advanced-accordion-icon-no-box elementor-widget elementor-widget-wpr-advanced-accordion\" data-id=\"fe11e44\" data-element_type=\"widget\" data-settings=\"{&quot;active_item&quot;:0}\" data-widget_type=\"wpr-advanced-accordion.default\">\n\t\t\t\t<div class=\"elementor-widget-container\">\n\t\t\t\n            <div class=\"wpr-advanced-accordion\" data-accordion-type=\"toggle\" data-active-index=\"0\" data-accordion-trigger=\"click\" data-interaction-speed=\"0.3\">\n\n\t\t\t\n                \n\t\t\t\t\t<div class=\"wpr-accordion-item-wrap\">\n\t\t\t\t\t\t<button class=\"wpr-acc-button\">\n\t\t\t\t\t\t\t<span class=\"wpr-acc-item-title\">\n\t\t\t\t\t\t\t\t\t\t\t\t<span class=\"wpr-toggle-icon wpr-ti-close\"><i aria-hidden=\"true\" class=\"fas fa-chevron-circle-down\"><\/i><\/span>\n\t\t\t\t<span class=\"wpr-toggle-icon wpr-ti-open\"><i aria-hidden=\"true\" class=\"fas fa-chevron-circle-up\"><\/i><\/span>\n\t\t\t\n\t\t\t\t\t\t\t\t<span class=\"wpr-acc-title-text\">What is it about?<\/span>\n\t\t\t\t\t\t\t<\/span>\n\t\t\t\t\t\t\t\t\t\t\t<span class=\"wpr-title-icon\">\n\t\t\t\t\t\t\t\t\t<\/span>\n\t\t\t\t\t\t\t\t\t<\/button>\n\n\t\t\t\t\t\t<div class=\"wpr-acc-panel\">\n\t\t\t\t\t\t\t\t\t\t\t\t\t\t\t<div class=\"wpr-acc-panel-content\"><p>For eight years, the <strong>International Women's Theater Festival (IF*TF)<\/strong> has been an important source of inspiration for strengthening feminist projects at the state and national level. As part of the Magdalena Project network, we are internationally connected and have set ourselves the task of establishing this network in the independent scene in Germany. To this end, we are organizing a special festival format on the cultural grounds of our association for international performing arts: For one week, we invite solo artists and groups to come together in the performance and production space of protagon e.V., to get in touch with each other, to exchange ideas and to present their artistic work to the audience in Frankfurt am Main.<\/p><\/div>\n\t\t\t\t\t\t\t\t\t\t\t\t\t<\/div>\n                    <\/div>\n\n                \n\t\t\t\t\t<div class=\"wpr-accordion-item-wrap\">\n\t\t\t\t\t\t<button class=\"wpr-acc-button\">\n\t\t\t\t\t\t\t<span class=\"wpr-acc-item-title\">\n\t\t\t\t\t\t\t\t\t\t\t\t<span class=\"wpr-toggle-icon wpr-ti-close\"><i aria-hidden=\"true\" class=\"fas fa-chevron-circle-down\"><\/i><\/span>\n\t\t\t\t<span class=\"wpr-toggle-icon wpr-ti-open\"><i aria-hidden=\"true\" class=\"fas fa-chevron-circle-up\"><\/i><\/span>\n\t\t\t\n\t\t\t\t\t\t\t\t<span class=\"wpr-acc-title-text\">What's going on at the festival?<\/span>\n\t\t\t\t\t\t\t<\/span>\n\t\t\t\t\t\t\t\t\t\t\t<span class=\"wpr-title-icon\">\n\t\t\t\t\t\t\t\t\t<\/span>\n\t\t\t\t\t\t\t\t\t<\/button>\n\n\t\t\t\t\t\t<div class=\"wpr-acc-panel\">\n\t\t\t\t\t\t\t\t\t\t\t\t\t\t\t<div class=\"wpr-acc-panel-content\"><p>The program and schedule of the International Women's Theatre Festival is characterized by the idea of empowerment and collectivity: During the day there will be workshops in theatre, dance and much more for women* and girls, from 5 pm the area opens its doors to everyone for Pandora's Box (video installations) &amp; the Feminist Futures Gallery (exhibition). The Babushka Caf\u00e9 offers pancakes, soups and cakes with delicious teas, and this year there is also a new food stand: \"Papa Nostra\" with chips and different sauces. In the foyer, the IF*TF invites you to enjoy the sounds of concerts, discussions and good drinks, such as wine from the city of Frankfurt. Theater and performances will take place in the hall and on the open-air stage on the protagon grounds - but there will also be room for dancing! There will be a children's program on Sunday afternoon.<\/p><\/div>\n\t\t\t\t\t\t\t\t\t\t\t\t\t<\/div>\n                    <\/div>\n\n                \n\t\t\t\t\t<div class=\"wpr-accordion-item-wrap\">\n\t\t\t\t\t\t<button class=\"wpr-acc-button\">\n\t\t\t\t\t\t\t<span class=\"wpr-acc-item-title\">\n\t\t\t\t\t\t\t\t\t\t\t\t<span class=\"wpr-toggle-icon wpr-ti-close\"><i aria-hidden=\"true\" class=\"fas fa-chevron-circle-down\"><\/i><\/span>\n\t\t\t\t<span class=\"wpr-toggle-icon wpr-ti-open\"><i aria-hidden=\"true\" class=\"fas fa-chevron-circle-up\"><\/i><\/span>\n\t\t\t\n\t\t\t\t\t\t\t\t<span class=\"wpr-acc-title-text\">Who is the IF*TF for?<\/span>\n\t\t\t\t\t\t\t<\/span>\n\t\t\t\t\t\t\t\t\t\t\t<span class=\"wpr-title-icon\">\n\t\t\t\t\t\t\t\t\t<\/span>\n\t\t\t\t\t\t\t\t\t<\/button>\n\n\t\t\t\t\t\t<div class=\"wpr-acc-panel\">\n\t\t\t\t\t\t\t\t\t\t\t\t\t\t\t<div class=\"wpr-acc-panel-content\"><p>We want to create a peaceful and safe environment at the IF*TF where everyone can feel comfortable, regardless of gender and gender identity, sexual identity, disability, origin, nationality, age, language, religion or ideology. Creating such a space and taking values such as consideration, solidarity and tolerance seriously is the responsibility of all of us. We have also set up an awareness team at the festival that is always present. Our care team is also clearly visible on site and can be contacted for any issues related to hygiene and safety.<\/p><p>We have made the festival as accessible as possible. The venues and toilets are wheelchair accessible.<\/p><p>The workshops are dedicated to women* and girls* and are funded by a registration fee. Admission to all other events is voluntary and open to all genders.<\/p><p>We provide childcare.<\/p><p>Most events, such as dance and physical theatre, are low-language and in English. Please check the program for more information.<\/p><\/div>\n\t\t\t\t\t\t\t\t\t\t\t\t\t<\/div>\n                    <\/div>\n\n                \n\t\t\t\t\t<div class=\"wpr-accordion-item-wrap\">\n\t\t\t\t\t\t<button class=\"wpr-acc-button\">\n\t\t\t\t\t\t\t<span class=\"wpr-acc-item-title\">\n\t\t\t\t\t\t\t\t\t\t\t\t<span class=\"wpr-toggle-icon wpr-ti-close\"><i aria-hidden=\"true\" class=\"fas fa-chevron-circle-down\"><\/i><\/span>\n\t\t\t\t<span class=\"wpr-toggle-icon wpr-ti-open\"><i aria-hidden=\"true\" class=\"fas fa-chevron-circle-up\"><\/i><\/span>\n\t\t\t\n\t\t\t\t\t\t\t\t<span class=\"wpr-acc-title-text\">How much does it cost?<\/span>\n\t\t\t\t\t\t\t<\/span>\n\t\t\t\t\t\t\t\t\t\t\t<span class=\"wpr-title-icon\">\n\t\t\t\t\t\t\t\t\t<\/span>\n\t\t\t\t\t\t\t\t\t<\/button>\n\n\t\t\t\t\t\t<div class=\"wpr-acc-panel\">\n\t\t\t\t\t\t\t\t\t\t\t\t\t\t\t<div class=\"wpr-acc-panel-content\"><p>All theatrical workshops, performances, concerts and other cultural activities are funded in solidarity through donations (amount at your discretion).<\/p><p>Join us, let's create the festival together to celebrate, dance, learn, be touched and create a safer space for all!<\/p><\/div>\n\t\t\t\t\t\t\t\t\t\t\t\t\t<\/div>\n                    <\/div>\n\n                \n\t\t\t\t\t<div class=\"wpr-accordion-item-wrap\">\n\t\t\t\t\t\t<button class=\"wpr-acc-button\">\n\t\t\t\t\t\t\t<span class=\"wpr-acc-item-title\">\n\t\t\t\t\t\t\t\t\t\t\t\t<span class=\"wpr-toggle-icon wpr-ti-close\"><i aria-hidden=\"true\" class=\"fas fa-chevron-circle-down\"><\/i><\/span>\n\t\t\t\t<span class=\"wpr-toggle-icon wpr-ti-open\"><i aria-hidden=\"true\" class=\"fas fa-chevron-circle-up\"><\/i><\/span>\n\t\t\t\n\t\t\t\t\t\t\t\t<span class=\"wpr-acc-title-text\">How can I support the festival?<\/span>\n\t\t\t\t\t\t\t<\/span>\n\t\t\t\t\t\t\t\t\t\t\t<span class=\"wpr-title-icon\">\n\t\t\t\t\t<i aria-hidden=\"true\" class=\"far fa-edit\"><\/i>\t\t\t\t<\/span>\n\t\t\t\t\t\t\t\t\t<\/button>\n\n\t\t\t\t\t\t<div class=\"wpr-acc-panel\">\n\t\t\t\t\t\t\t\t\t\t\t\t\t\t\t<div class=\"wpr-acc-panel-content\"><p>SUPPORT FEMINIST ART WITH YOUR TIME!<\/p><p>We are looking for volunteers who would like to support the Internationale Frauen*Theaterfestival with their TIME!<\/p><p>As a volunteer, you\u2019ll get a behind-the-scenes look at a cultural event and meet artists from Frankfurt and around the world. If you want to support feminist cultural work and become part of a motivated, dynamic community, then this is the place for you!<\/p><p>\ud83d\udea8 We are looking for local volunteers from Frankfurt and the surrounding region. Unfortunately, we do not have accommodation available for volunteers.<br \/>\ud83c\udf1e If you\u2019re interested, please send us an email with your name, pronouns, and phone number at <a href=\"http:&#47;&#x2f;s&#111;&#x6d;&#109;&#x65;r&#119;&#x65;r&#x66;&#x74;&#46;&#x68;e&#108;&#x66;e&#x72;&#x2e;&#102;&#x72;a&#110;&#x6b;&#102;&#x75;r&#116;&#x40;g&#109;&#x61;&#105;&#x6c;&#46;&#99;&#x6f;m!\">&#115;&#x6f;&#109;&#x6d;e&#x72;w&#101;&#x72;&#102;&#x74;&#46;&#x68;e&#108;&#x66;&#101;&#x72;&#46;&#x66;r&#97;&#x6e;&#107;&#x66;u&#x72;t&#64;&#x67;&#109;&#x61;i&#x6c;&#46;&#99;&#x6f;&#109;!<\/a><\/p><p>We look forward to hearing from you \ud83d\udd4a<\/p><\/div>\n\t\t\t\t\t\t\t\t\t\t\t\t\t<\/div>\n                    <\/div>\n\n                            <\/div>\n        \t\t<\/div>\n\t\t\t\t<\/div>\n\t\t\t\t\t<\/div>\n\t\t\t\t<\/div>\n\t\t<div class=\"elementor-element elementor-element-4a6c36a e-flex e-con-boxed wpr-particle-no wpr-jarallax-no wpr-parallax-no wpr-sticky-section-no e-con e-parent\" data-id=\"4a6c36a\" data-element_type=\"container\" data-settings=\"{&quot;content_width&quot;:&quot;boxed&quot;}\" data-core-v316-plus=\"true\">\n\t\t\t\t\t<div class=\"e-con-inner\">\n\t\t\t\t<div class=\"elementor-element elementor-element-797da5c elementor-widget elementor-widget-video\" data-id=\"797da5c\" data-element_type=\"widget\" data-settings=\"{&quot;video_type&quot;:&quot;vimeo&quot;,&quot;mute&quot;:&quot;yes&quot;,&quot;yt_privacy&quot;:&quot;yes&quot;}\" data-widget_type=\"video.default\">\n\t\t\t\t<div class=\"elementor-widget-container\">\n\t\t\t\t\t<div class=\"elementor-wrapper elementor-open-inline\">\n\t\t\t<iframe class=\"elementor-video-iframe\" allowfullscreen allow=\"clipboard-write\" title=\"vimeo Video Player\" src=\"https:\/\/player.vimeo.com\/video\/1134184131?color&amp;autopause=0&amp;dnt=true&amp;loop=0&amp;muted=1&amp;title=0&amp;portrait=0&amp;byline=0#t=\"><\/iframe>\t\t<\/div>\n\t\t\t\t<\/div>\n\t\t\t\t<\/div>\n\t\t\t\t\t<\/div>\n\t\t\t\t<\/div>\n\t\t<div class=\"elementor-element elementor-element-2d1ffd5 e-flex e-con-boxed wpr-particle-no wpr-jarallax-no wpr-parallax-no wpr-sticky-section-no e-con e-parent\" data-id=\"2d1ffd5\" data-element_type=\"container\" data-settings=\"{&quot;content_width&quot;:&quot;boxed&quot;}\" data-core-v316-plus=\"true\">\n\t\t\t\t\t<div class=\"e-con-inner\">\n\t\t\t\t<div class=\"elementor-element elementor-element-395f044 elementor-widget elementor-widget-image\" data-id=\"395f044\" data-element_type=\"widget\" data-widget_type=\"image.default\">\n\t\t\t\t<div class=\"elementor-widget-container\">\n\t\t\t\t\t\t\t\t\t\t\t\t\t<img decoding=\"async\" width=\"2480\" height=\"414\" src=\"https:\/\/iftf-frankfurt.com\/wp-content\/uploads\/sites\/2\/bannerLOGO.png\" class=\"attachment-full size-full wp-image-27250\" alt=\"\" srcset=\"https:\/\/iftf-frankfurt.com\/wp-content\/uploads\/sites\/2\/bannerLOGO.png 2480w, https:\/\/iftf-frankfurt.com\/wp-content\/uploads\/sites\/2\/bannerLOGO-300x50.png 300w, https:\/\/iftf-frankfurt.com\/wp-content\/uploads\/sites\/2\/bannerLOGO-1024x171.png 1024w, https:\/\/iftf-frankfurt.com\/wp-content\/uploads\/sites\/2\/bannerLOGO-768x128.png 768w, https:\/\/iftf-frankfurt.com\/wp-content\/uploads\/sites\/2\/bannerLOGO-1536x256.png 1536w, https:\/\/iftf-frankfurt.com\/wp-content\/uploads\/sites\/2\/bannerLOGO-2048x342.png 2048w, https:\/\/iftf-frankfurt.com\/wp-content\/uploads\/sites\/2\/bannerLOGO-700x117.png 700w\" sizes=\"(max-width: 2480px) 100vw, 2480px\" \/>\t\t\t\t\t\t\t\t\t\t\t\t\t<\/div>\n\t\t\t\t<\/div>\n\t\t\t\t\t<\/div>\n\t\t\t\t<\/div>\n\t\t\t\t<\/div>\n\t\t","protected":false},"excerpt":{"rendered":"<p>FEMINIST DEMOCRACY 14.09. \u201320.09.26 Theater, dance and performance, workshops, video art, live music, symposium by women* for ALL! September 14-20, 2026 | Frankfurt am Main Mon. to Fri. from 5 p.m. | Sat. and Sun. from 2 p.m. Protagon Kulturgel\u00e4nde The International Women&#8217;s* Theater Festival&#8230;<\/p>\n","protected":false},"author":11,"featured_media":0,"parent":0,"menu_order":0,"comment_status":"closed","ping_status":"closed","template":"elementor_header_footer","meta":{"footnotes":""},"class_list":["post-16727","page","type-page","status-publish","hentry"],"yoast_head":"<!-- This site is optimized with the Yoast SEO plugin v19.13 - https:\/\/yoast.com\/wordpress\/plugins\/seo\/ -->\n<title>Home 2026 - International Women\u2018s* Theatre Festival<\/title>\n<meta name=\"description\" content=\"Das IF*TF bietet eine Plattform, in der ein offener Dialog \u00fcber unterschiedlich gepr\u00e4gte Konstrukte weiblicher Identit\u00e4ten und ihrer k\u00fcnstlerischen Ausdrucksformen weiterentwickelt und dargestellt werden kann.\" \/>\n<meta name=\"robots\" content=\"index, follow, max-snippet:-1, max-image-preview:large, max-video-preview:-1\" \/>\n<link rel=\"canonical\" href=\"https:\/\/iftf-frankfurt.com\/en\/internationale-frauentheaterfestival-iftf\/\" \/>\n<meta property=\"og:locale\" content=\"en_GB\" \/>\n<meta property=\"og:type\" content=\"article\" \/>\n<meta property=\"og:title\" content=\"Home 2026 - International Women\u2018s* Theatre Festival\" \/>\n<meta property=\"og:description\" content=\"Das IF*TF bietet eine Plattform, in der ein offener Dialog \u00fcber unterschiedlich gepr\u00e4gte Konstrukte weiblicher Identit\u00e4ten und ihrer k\u00fcnstlerischen Ausdrucksformen weiterentwickelt und dargestellt werden kann.\" \/>\n<meta property=\"og:url\" content=\"https:\/\/iftf-frankfurt.com\/en\/internationale-frauentheaterfestival-iftf\/\" \/>\n<meta property=\"og:site_name\" content=\"International Women\u2018s* Theatre Festival\" \/>\n<meta property=\"article:publisher\" content=\"https:\/\/www.facebook.com\/frauenfestival\" \/>\n<meta property=\"article:modified_time\" content=\"2026-09-04T13:33:14+00:00\" \/>\n<meta property=\"og:image\" content=\"https:\/\/iftf-frankfurt.com\/wp-content\/uploads\/sites\/2\/IFTF26_Logo_CMYK-schwarz.jpg\" \/>\n\t<meta property=\"og:image:width\" content=\"2244\" \/>\n\t<meta property=\"og:image:height\" content=\"827\" \/>\n\t<meta property=\"og:image:type\" content=\"image\/jpeg\" \/>\n<meta name=\"twitter:card\" content=\"summary_large_image\" \/>\n<meta name=\"twitter:image\" content=\"https:\/\/iftf-frankfurt.com\/wp-content\/uploads\/sites\/2\/IFTF26_Logo_CMYK-schwarz.jpg\" \/>\n<meta name=\"twitter:label1\" content=\"Estimated reading time\" \/>\n\t<meta name=\"twitter:data1\" content=\"5 minutes\" \/>\n<script type=\"application\/ld+json\" class=\"yoast-schema-graph\">{\"@context\":\"https:\/\/schema.org\",\"@graph\":[{\"@type\":\"WebPage\",\"@id\":\"https:\/\/iftf-frankfurt.com\/en\/internationale-frauentheaterfestival-iftf\/\",\"url\":\"https:\/\/iftf-frankfurt.com\/en\/internationale-frauentheaterfestival-iftf\/\",\"name\":\"Home 2026 - International Women\u2018s* Theatre Festival\",\"isPartOf\":{\"@id\":\"https:\/\/iftf-frankfurt.com\/#website\"},\"datePublished\":\"2024-05-29T21:34:30+00:00\",\"dateModified\":\"2026-09-04T13:33:14+00:00\",\"description\":\"Das IF*TF bietet eine Plattform, in der ein offener Dialog \u00fcber unterschiedlich gepr\u00e4gte Konstrukte weiblicher Identit\u00e4ten und ihrer k\u00fcnstlerischen Ausdrucksformen weiterentwickelt und dargestellt werden kann.\",\"breadcrumb\":{\"@id\":\"https:\/\/iftf-frankfurt.com\/en\/internationale-frauentheaterfestival-iftf\/#breadcrumb\"},\"inLanguage\":\"en-GB\",\"potentialAction\":[{\"@type\":\"ReadAction\",\"target\":[\"https:\/\/iftf-frankfurt.com\/en\/internationale-frauentheaterfestival-iftf\/\"]}]},{\"@type\":\"BreadcrumbList\",\"@id\":\"https:\/\/iftf-frankfurt.com\/en\/internationale-frauentheaterfestival-iftf\/#breadcrumb\",\"itemListElement\":[{\"@type\":\"ListItem\",\"position\":1,\"name\":\"Startseite\",\"item\":\"https:\/\/iftf-frankfurt.com\/en\/internationale-frauentheaterfestival-iftf\/\"},{\"@type\":\"ListItem\",\"position\":2,\"name\":\"Home 2026\"}]},{\"@type\":\"WebSite\",\"@id\":\"https:\/\/iftf-frankfurt.com\/#website\",\"url\":\"https:\/\/iftf-frankfurt.com\/\",\"name\":\"International Women\u2018s* Theatre Festival\",\"description\":\"IF*TF\",\"publisher\":{\"@id\":\"https:\/\/iftf-frankfurt.com\/#organization\"},\"inLanguage\":\"en-GB\"},{\"@type\":\"Organization\",\"@id\":\"https:\/\/iftf-frankfurt.com\/#organization\",\"name\":\"International Womxn\u2018s* Theatre Festival\",\"url\":\"https:\/\/iftf-frankfurt.com\/\",\"logo\":{\"@type\":\"ImageObject\",\"inLanguage\":\"en-GB\",\"@id\":\"https:\/\/iftf-frankfurt.com\/#\/schema\/logo\/image\/\",\"url\":\"\",\"contentUrl\":\"\",\"caption\":\"International Womxn\u2018s* Theatre Festival\"},\"image\":{\"@id\":\"https:\/\/iftf-frankfurt.com\/#\/schema\/logo\/image\/\"},\"sameAs\":[\"https:\/\/www.instagram.com\/frauentheaterfestival\/\",\"https:\/\/www.youtube.com\/channel\/UC80VX69VC0NxXd6a89DoydA\",\"https:\/\/www.facebook.com\/frauenfestival\"]}]}<\/script>\n<!-- \/ Yoast SEO plugin. -->","yoast_head_json":{"title":"Home 2026 - International Women\u2018s* Theatre Festival","description":"Das IF*TF bietet eine Plattform, in der ein offener Dialog \u00fcber unterschiedlich gepr\u00e4gte Konstrukte weiblicher Identit\u00e4ten und ihrer k\u00fcnstlerischen Ausdrucksformen weiterentwickelt und dargestellt werden kann.","robots":{"index":"index","follow":"follow","max-snippet":"max-snippet:-1","max-image-preview":"max-image-preview:large","max-video-preview":"max-video-preview:-1"},"canonical":"https:\/\/iftf-frankfurt.com\/en\/internationale-frauentheaterfestival-iftf\/","og_locale":"en_GB","og_type":"article","og_title":"Home 2026 - International Women\u2018s* Theatre Festival","og_description":"Das IF*TF bietet eine Plattform, in der ein offener Dialog \u00fcber unterschiedlich gepr\u00e4gte Konstrukte weiblicher Identit\u00e4ten und ihrer k\u00fcnstlerischen Ausdrucksformen weiterentwickelt und dargestellt werden kann.","og_url":"https:\/\/iftf-frankfurt.com\/en\/internationale-frauentheaterfestival-iftf\/","og_site_name":"International Women\u2018s* Theatre Festival","article_publisher":"https:\/\/www.facebook.com\/frauenfestival","article_modified_time":"2026-09-04T13:33:14+00:00","og_image":[{"width":2244,"height":827,"url":"https:\/\/iftf-frankfurt.com\/wp-content\/uploads\/sites\/2\/IFTF26_Logo_CMYK-schwarz.jpg","type":"image\/jpeg"}],"twitter_card":"summary_large_image","twitter_image":"https:\/\/iftf-frankfurt.com\/wp-content\/uploads\/sites\/2\/IFTF26_Logo_CMYK-schwarz.jpg","twitter_misc":{"Estimated reading time":"5 minutes"},"schema":{"@context":"https:\/\/schema.org","@graph":[{"@type":"WebPage","@id":"https:\/\/iftf-frankfurt.com\/en\/internationale-frauentheaterfestival-iftf\/","url":"https:\/\/iftf-frankfurt.com\/en\/internationale-frauentheaterfestival-iftf\/","name":"Home 2026 - International Women\u2018s* Theatre Festival","isPartOf":{"@id":"https:\/\/iftf-frankfurt.com\/#website"},"datePublished":"2024-05-29T21:34:30+00:00","dateModified":"2026-09-04T13:33:14+00:00","description":"Das IF*TF bietet eine Plattform, in der ein offener Dialog \u00fcber unterschiedlich gepr\u00e4gte Konstrukte weiblicher Identit\u00e4ten und ihrer k\u00fcnstlerischen Ausdrucksformen weiterentwickelt und dargestellt werden kann.","breadcrumb":{"@id":"https:\/\/iftf-frankfurt.com\/en\/internationale-frauentheaterfestival-iftf\/#breadcrumb"},"inLanguage":"en-GB","potentialAction":[{"@type":"ReadAction","target":["https:\/\/iftf-frankfurt.com\/en\/internationale-frauentheaterfestival-iftf\/"]}]},{"@type":"BreadcrumbList","@id":"https:\/\/iftf-frankfurt.com\/en\/internationale-frauentheaterfestival-iftf\/#breadcrumb","itemListElement":[{"@type":"ListItem","position":1,"name":"Startseite","item":"https:\/\/iftf-frankfurt.com\/en\/internationale-frauentheaterfestival-iftf\/"},{"@type":"ListItem","position":2,"name":"Home 2026"}]},{"@type":"WebSite","@id":"https:\/\/iftf-frankfurt.com\/#website","url":"https:\/\/iftf-frankfurt.com\/","name":"International Women\u2018s* Theatre Festival","description":"IF*TF","publisher":{"@id":"https:\/\/iftf-frankfurt.com\/#organization"},"inLanguage":"en-GB"},{"@type":"Organization","@id":"https:\/\/iftf-frankfurt.com\/#organization","name":"International Womxn\u2018s* Theatre Festival","url":"https:\/\/iftf-frankfurt.com\/","logo":{"@type":"ImageObject","inLanguage":"en-GB","@id":"https:\/\/iftf-frankfurt.com\/#\/schema\/logo\/image\/","url":"","contentUrl":"","caption":"International Womxn\u2018s* Theatre Festival"},"image":{"@id":"https:\/\/iftf-frankfurt.com\/#\/schema\/logo\/image\/"},"sameAs":["https:\/\/www.instagram.com\/frauentheaterfestival\/","https:\/\/www.youtube.com\/channel\/UC80VX69VC0NxXd6a89DoydA","https:\/\/www.facebook.com\/frauenfestival"]}]}},"_links":{"self":[{"href":"https:\/\/iftf-frankfurt.com\/en\/wp-json\/wp\/v2\/pages\/16727","targetHints":{"allow":["GET"]}}],"collection":[{"href":"https:\/\/iftf-frankfurt.com\/en\/wp-json\/wp\/v2\/pages"}],"about":[{"href":"https:\/\/iftf-frankfurt.com\/en\/wp-json\/wp\/v2\/types\/page"}],"author":[{"embeddable":true,"href":"https:\/\/iftf-frankfurt.com\/en\/wp-json\/wp\/v2\/users\/11"}],"replies":[{"embeddable":true,"href":"https:\/\/iftf-frankfurt.com\/en\/wp-json\/wp\/v2\/comments?post=16727"}],"version-history":[{"count":731,"href":"https:\/\/iftf-frankfurt.com\/en\/wp-json\/wp\/v2\/pages\/16727\/revisions"}],"predecessor-version":[{"id":27259,"href":"https:\/\/iftf-frankfurt.com\/en\/wp-json\/wp\/v2\/pages\/16727\/revisions\/27259"}],"wp:attachment":[{"href":"https:\/\/iftf-frankfurt.com\/en\/wp-json\/wp\/v2\/media?parent=16727"}],"curies":[{"name":"wp","href":"https:\/\/api.w.org\/{rel}","templated":true}]}}