{"id":20998,"date":"2024-09-05T16:30:04","date_gmt":"2024-09-05T14:30:04","guid":{"rendered":"https:\/\/iftf-frankfurt.com\/programm-kinderprogramm\/"},"modified":"2026-09-01T17:21:24","modified_gmt":"2026-09-01T15:21:24","slug":"programm-kidsprogramm","status":"publish","type":"page","link":"https:\/\/iftf-frankfurt.com\/en\/programm-kidsprogramm\/","title":{"rendered":"Programm-kids-programm"},"content":{"rendered":"\t\t<div data-elementor-type=\"wp-page\" data-elementor-id=\"20998\" class=\"elementor elementor-20998 elementor-20983\">\n\t\t\t\t<div class=\"elementor-element elementor-element-144dc8c e-con-full e-flex wpr-particle-no wpr-jarallax-no wpr-parallax-no wpr-sticky-section-no e-con e-parent\" data-id=\"144dc8c\" data-element_type=\"container\" data-settings=\"{&quot;content_width&quot;:&quot;full&quot;,&quot;background_background&quot;:&quot;classic&quot;}\" data-core-v316-plus=\"true\">\n\t\t\t\t<div class=\"elementor-element elementor-element-f55f2bd elementor-widget elementor-widget-heading\" data-id=\"f55f2bd\" data-element_type=\"widget\" data-widget_type=\"heading.default\">\n\t\t\t\t<div class=\"elementor-widget-container\">\n\t\t\t<h1 class=\"elementor-heading-title elementor-size-default\">Kids Program<\/h1>\t\t<\/div>\n\t\t\t\t<\/div>\n\t\t\t\t<\/div>\n\t\t<div class=\"elementor-element elementor-element-f4a0ceb e-flex e-con-boxed wpr-particle-no wpr-jarallax-no wpr-parallax-no wpr-sticky-section-no e-con e-parent\" data-id=\"f4a0ceb\" data-element_type=\"container\" data-settings=\"{&quot;content_width&quot;:&quot;boxed&quot;}\" data-core-v316-plus=\"true\">\n\t\t\t\t\t<div class=\"e-con-inner\">\n\t\t\t\t<div class=\"elementor-element elementor-element-2f6ccd5 elementor-widget elementor-widget-shortcode\" data-id=\"2f6ccd5\" data-element_type=\"widget\" data-widget_type=\"shortcode.default\">\n\t\t\t\t<div class=\"elementor-widget-container\">\n\t\t\t\t\t<div class=\"elementor-shortcode\"><div id=\"mec_skin_20985\" class=\"mec-wrap colorskin-custom  \">\r\n    \r\n        \r\n    <div class=\"mec-tile\">\r\n        <div class=\"mec-calendar-topsec\">\r\n            <div class=\"mec-clear\">\r\n                \r\n                <div class=\"mec-calendar-table\" id=\"mec_skin_events_20985\">\r\n                                            <div class=\"mec-wrap colorskin-custom\">\r\n    <div class=\"mec-event-tile-view\">\r\n        <div class=\"row\"><div class=\"col-md-4 col-sm-4\">        <script type=\"application\/ld+json\">\r\n        {\r\n            \"@context\": \"http:\/\/schema.org\",\r\n            \"@type\": \"Event\",\r\n            \"eventStatus\": \"https:\/\/schema.org\/EventScheduled\",\r\n            \"startDate\": \"2026-09-15\",\r\n            \"endDate\": \"2026-09-15\",\r\n            \"eventAttendanceMode\": \"https:\/\/schema.org\/OfflineEventAttendanceMode\",\r\n            \"location\":\r\n            {\r\n                \"@type\": \"Place\",\r\n                                \"name\": \"ATELIER DIASPORA\",\r\n                \"image\": \"\",\r\n                \"address\": \"Orber Stra\u00dfe 24, 60386 Frankfurt am Main\"\r\n                            },\r\n            \"organizer\":\r\n            {\r\n                \"@type\": \"Person\",\r\n                \"name\": \"\",\r\n                \"url\": \"\"\r\n            },\r\n            \"offers\":\r\n            {\r\n                \"url\": \"https:\/\/iftf-frankfurt.com\/en\/events\/dance-with-your-baby\/\",\r\n                \"price\": \"\",\r\n                \"priceCurrency\": \"USD\",\r\n                \"availability\": \"https:\/\/schema.org\/InStock\",\r\n                \"validFrom\": \"2026-09-15T00:00\"\r\n            },\r\n            \"performer\": \"\",\r\n            \"description\": \"&lt;p align=&quot;left&quot;&gt;&lt;span style=&quot;font-size: small;&quot;&gt;&#8220;ENG below&#8221;&lt;\/span&gt;&lt;\/p&gt; &lt;p align=&quot;left&quot;&gt;Yun Tian (Emma)&lt;\/p&gt; &lt;p align=&quot;left&quot;&gt;Bringt euer Baby (6\u201318 Monate) und eure sanfte Kraft mit, denn dieser Workshop l\u00e4dt dazu ein, sich z\u00e4rtlich, freudvoll und in leiser Rebellion zu bewegen. Wir beginnen damit, Spannungen im Nacken, in den Schultern und im Geist loszulassen und begeben uns in einfache, erdende Bewegungen hinein, w\u00e4hrend wir das Baby nah bei uns halten. W\u00e4hrend das Kleine deinen Rhythmus und deine W\u00e4rme sp\u00fcrt, wiegst, beugst und drehst du dich \u2013 auch ganz ohne Tanzerfahrung. Gemeinsam schaffen wir einen geteilten Rhythmus: sanfte Schritte, K\u00fcsse auf die Stirn und liebevolle Fistbumps mit den F\u00e4usten der Kleinen. Komm, wie du bist und bewege dich, wie du dich f\u00fchlst. Lass uns Sanftheit als St\u00e4rke zur\u00fcckerobern, einen geteilten Rhythmus aus Freude, Ersch\u00f6pfung und Liebe schaffen und Care-Arbeit als etwas Wichtiges feiern \u2013 Beat f\u00fcr Beat und (Baby-)Schritt f\u00fcr (Baby-)Schritt.&lt;\/p&gt; &lt;p align=&quot;left&quot;&gt;&lt;b&gt;Ort&lt;\/b&gt; Atelier Di\u00e1spora \u2022 &lt;b&gt;Sprache(n):&lt;\/b&gt; Englisch \u2022 &lt;b&gt;Material:&lt;\/b&gt; bequeme Kleidung und Wasser, je nach Bedarf Babytrage(-tuch) zum gemeinsamen Tanzen \u2022 &lt;b&gt;Geb\u00fchr:&lt;\/b&gt; Kostenlos \u2022 &lt;b&gt;Hinweis:&lt;\/b&gt; Max. 15 Teilnehmer*innen \u2022 &lt;b&gt;Zielgruppe:&lt;\/b&gt; Menschen aller Geschlechter mit Care-Verantwortung und Babys im Alter von 6-18 Monaten.&lt;\/p&gt; &lt;p&gt;&nbsp;&lt;\/p&gt; &lt;p align=&quot;left&quot;&gt;&lt;b&gt;Dance with your Baby&lt;\/b&gt;&lt;\/p&gt; &lt;p align=&quot;left&quot;&gt;Yun Tian (Emma)&lt;\/p&gt; &lt;p align=&quot;left&quot;&gt;Bring your baby (6\u201318 months) and your gentle strength, because this workshop invites you to move with tenderness, joy and quiet rebellion. We begin by releasing tension in the neck, shoulders and mind and move into simple, grounding movements while keeping the baby close. As your little one feels your rhythm and warmth, you sway, bend and turn \u2013 no dance experience necessary. Together, we create a shared rhythm: gentle steps, kisses on the forehead and loving fist bumps with tiny fists. Come as you are and move as you feel. Let\u2019s reclaim gentleness as strength, create a shared rhythm of joy, exhaustion and love, and celebrate care work as something that matters \u2013 beat by beat and (baby) step by (baby) step.&lt;\/p&gt; &lt;p align=&quot;left&quot;&gt;&lt;b&gt;Location:&lt;\/b&gt; Atelier Di\u00e1spora \u2022 &lt;b&gt;Language(s):&lt;\/b&gt; English \u2022 &lt;b&gt;Materials:&lt;\/b&gt; Comfortable clothing and water; if needed, a baby carrier or sling for dancing together \u2022 &lt;b&gt;Fee:&lt;\/b&gt; Free \u2022 &lt;b&gt;Note:&lt;\/b&gt; Max. 15 participants \u2022 &lt;b&gt;Target group:&lt;\/b&gt; People of all genders with caring responsibilities and babies aged 6\u201318 months&lt;\/p&gt; \",\r\n            \"image\": \"https:\/\/iftf-frankfurt.com\/wp-content\/uploads\/sites\/2\/IMG-20260817-WA0000.jpg\",\r\n            \"name\": \"Dance with your Baby\",\r\n            \"url\": \"https:\/\/iftf-frankfurt.com\/en\/events\/dance-with-your-baby\/\"\r\n        }\r\n        <\/script>\r\n                            <article  data-href=\"https:\/\/iftf-frankfurt.com\/en\/events\/dance-with-your-baby\/\" data-target=\"m1\" style=\"background:#785019 url('https:\/\/iftf-frankfurt.com\/wp-content\/uploads\/sites\/2\/IMG-20260817-WA0000-300x400.jpg')\" class=\" mec-event-article mec-tile-item  mec-clear   \">\r\n                                                                        <div class=\"event-tile-view-head clearfix\">\r\n                                                            <div class=\"mec-event-month\"><span class=\"mec-start-date-label\" itemprop=\"startDate\">15 Sep<\/span><\/div>\r\n                                                        <div class=\"mec-event-time\"><i class=\"mec-sl-clock\"><\/i>15:00<\/div>\r\n                        <\/div>\r\n                        <div class=\"mec-event-content\" data-target=\"m1\" data-event-id=\"26296\">\r\n                            <a href=\"https:\/\/iftf-frankfurt.com\/en\/events\/dance-with-your-baby\/\" target=\"m1\" class=\"mec-tile-into-content-link\"><\/a>                            <div class=\"mec-tile-event-content\">\r\n                                <div class=\"mec-event-detail\">\r\n                                                                                                            <span class=\"mec-event-loc-place\"><i class=\"mec-sl-location-pin\"><\/i>ATELIER DIASPORA<\/span>                                                                    <\/div>\r\n                                                                <h4 class=\"mec-event-title\"><a class=\"mec-color-hover\"  data-event-id=\"26296\" href=\"https:\/\/iftf-frankfurt.com\/en\/events\/dance-with-your-baby\/\" target=\"m1\" rel=\"noopener\">Dance with your Baby<\/a><\/h4>\r\n                                                            <\/div>\r\n                        <\/div>\r\n                    <\/article>\r\n                <\/div>                    <div class=\"col-md-4 col-sm-4\">        <script type=\"application\/ld+json\">\r\n        {\r\n            \"@context\": \"http:\/\/schema.org\",\r\n            \"@type\": \"Event\",\r\n            \"eventStatus\": \"https:\/\/schema.org\/EventScheduled\",\r\n            \"startDate\": \"2026-09-19\",\r\n            \"endDate\": \"2026-09-19\",\r\n            \"eventAttendanceMode\": \"https:\/\/schema.org\/OfflineEventAttendanceMode\",\r\n            \"location\":\r\n            {\r\n                \"@type\": \"Place\",\r\n                                \"name\": \"Jurte\",\r\n                \"image\": \"\",\r\n                \"address\": \"Orber Stra\u00dfe 57, 60386 Frankfurt am Main\"\r\n                            },\r\n            \"organizer\":\r\n            {\r\n                \"@type\": \"Person\",\r\n                \"name\": \"\",\r\n                \"url\": \"\"\r\n            },\r\n            \"offers\":\r\n            {\r\n                \"url\": \"https:\/\/iftf-frankfurt.com\/en\/events\/magische-theaterreise-spiel-spass-fantasie\/\",\r\n                \"price\": \"\",\r\n                \"priceCurrency\": \"USD\",\r\n                \"availability\": \"https:\/\/schema.org\/InStock\",\r\n                \"validFrom\": \"2026-09-19T00:00\"\r\n            },\r\n            \"performer\": \"\",\r\n            \"description\": \"&lt;p align=&quot;left&quot;&gt;&lt;span style=&quot;font-size: small;&quot;&gt;&#8220;ENG below&#8221;&lt;\/span&gt;&lt;\/p&gt; &lt;p align=&quot;left&quot;&gt;&lt;span style=&quot;font-family: Arial, sans-serif;&quot;&gt;&lt;span style=&quot;font-size: small;&quot;&gt;Madita Scharf&lt;\/span&gt;&lt;\/span&gt;&lt;\/p&gt; &lt;p align=&quot;left&quot;&gt;&lt;span style=&quot;font-family: Arial, sans-serif;&quot;&gt;&lt;span style=&quot;font-size: small;&quot;&gt;Lust auf ein buntes B\u00fchnenabenteuer? In unserem Theaterworkshop schl\u00fcpfen Kinder von 3 bis 10 Jahren in ganz neue Rollen und entdecken die magische Welt des Theaters. Was euch erwartet: Bewegen &amp; Aufw\u00e4rmen: Mit lustigen Theater- und Aufw\u00e4rmspielen wecken wir unseren K\u00f6rper, unsere Stimme und unsere Lachmuskeln. Verwandeln &amp; Verkleiden: Aus bunten T\u00fcchern, H\u00fcten und Requisiten entstehen im Handumdrehen eigene Fantasiefiguren \u2013 vom mutigen Piraten bis zum Zauberwesen. Gemeinsam Abenteuer erleben: In einer aktiven Mitmach-Fantasiereise bewegen wir uns durch unterschiedliche Welten und l\u00f6sen knifflige R\u00e4tsel. Kommt vorbei und werdet Teil unserer Geschichte!&lt;\/span&gt;&lt;\/span&gt;&lt;\/p&gt; &lt;p align=&quot;left&quot;&gt;&lt;span style=&quot;font-family: Arial, sans-serif;&quot;&gt;&lt;span style=&quot;font-size: small;&quot;&gt;&lt;br \/&gt; &lt;b&gt;Ort: &lt;\/b&gt;Jurte&lt;b&gt; &lt;\/b&gt;\u2022 &lt;b&gt;Sprache(n):&lt;\/b&gt; Englisch\/ Deutsch \u2022&lt;b&gt; Material: &lt;\/b&gt;bequeme Kleidung und Wasser&lt;b&gt; &lt;\/b&gt;\u2022 &lt;b&gt;Geb\u00fchr: &lt;\/b&gt;Spende (Empfehlung 20\u20ac)&lt;b&gt; &lt;\/b&gt;\u2022 &lt;b&gt;Hinweis: &lt;\/b&gt;max. 25 Teilnehmer*innen&lt;\/span&gt;&lt;\/span&gt;&lt;\/p&gt; &lt;p&gt;&nbsp;&lt;\/p&gt; &lt;p align=&quot;left&quot;&gt;&lt;span style=&quot;font-family: Arial, sans-serif;&quot;&gt;&lt;span style=&quot;font-size: small;&quot;&gt;&lt;b&gt;Magical Theatre Journey: Play, Fun &amp; Imagination&lt;\/b&gt;&lt;\/span&gt;&lt;\/span&gt;&lt;\/p&gt; &lt;p align=&quot;left&quot;&gt;&lt;span style=&quot;font-family: Arial, sans-serif;&quot;&gt;&lt;span style=&quot;font-size: small;&quot;&gt;Madita Scharf&lt;\/span&gt;&lt;\/span&gt;&lt;\/p&gt; &lt;p align=&quot;left&quot;&gt;&lt;span style=&quot;font-family: Arial, sans-serif;&quot;&gt;&lt;span style=&quot;font-size: small;&quot;&gt;Ready for a colourful stage adventure? In our theatre workshop, children aged 3 to 10 step into completely new roles and discover the magical world of theatre. What to expect: Moving &amp; Warming Up: With fun theatre and warm-up games, we awaken our bodies, voices and laughing muscles. Transforming &amp; Dressing Up: Colourful scarves, hats and props become imaginative characters in no time \u2013 from brave pirates to magical creatures. Going on Adventures Together: On an active, participatory journey through the imagination, we move through different worlds and solve tricky riddles. Come along and become part of our story!&lt;\/span&gt;&lt;\/span&gt;&lt;\/p&gt; &lt;p align=&quot;left&quot;&gt;&lt;span style=&quot;font-family: Arial, sans-serif;&quot;&gt;&lt;span style=&quot;font-size: small;&quot;&gt;&lt;b&gt;Location:&lt;\/b&gt; Yurt \u2022 &lt;b&gt;Language(s):&lt;\/b&gt; English\/German \u2022 &lt;b&gt;Materials:&lt;\/b&gt; Comfortable clothing and water \u2022 &lt;b&gt;Fee:&lt;\/b&gt; Donation (suggested \u20ac20) \u2022 &lt;b&gt;Note:&lt;\/b&gt; Max. 25 participants&lt;\/span&gt;&lt;\/span&gt;&lt;\/p&gt; \",\r\n            \"image\": \"https:\/\/iftf-frankfurt.com\/wp-content\/uploads\/sites\/2\/MagischeTheaterreise-scaled.jpg\",\r\n            \"name\": \"Magische Theaterreise: Spiel, Spa\u00df &#038; Fantasie\",\r\n            \"url\": \"https:\/\/iftf-frankfurt.com\/en\/events\/magische-theaterreise-spiel-spass-fantasie\/\"\r\n        }\r\n        <\/script>\r\n                            <article  data-href=\"https:\/\/iftf-frankfurt.com\/en\/events\/magische-theaterreise-spiel-spass-fantasie\/\" data-target=\"m1\" style=\"background:#775c37 url('https:\/\/iftf-frankfurt.com\/wp-content\/uploads\/sites\/2\/MagischeTheaterreise-300x400.jpg')\" class=\" mec-event-article mec-tile-item  mec-clear   \">\r\n                                                                        <div class=\"event-tile-view-head clearfix\">\r\n                                                            <div class=\"mec-event-month\"><span class=\"mec-start-date-label\" itemprop=\"startDate\">19 Sep<\/span><\/div>\r\n                                                        <div class=\"mec-event-time\"><i class=\"mec-sl-clock\"><\/i>15:00<\/div>\r\n                        <\/div>\r\n                        <div class=\"mec-event-content\" data-target=\"m1\" data-event-id=\"26366\">\r\n                            <a href=\"https:\/\/iftf-frankfurt.com\/en\/events\/magische-theaterreise-spiel-spass-fantasie\/\" target=\"m1\" class=\"mec-tile-into-content-link\"><\/a>                            <div class=\"mec-tile-event-content\">\r\n                                <div class=\"mec-event-detail\">\r\n                                                                                                            <span class=\"mec-event-loc-place\"><i class=\"mec-sl-location-pin\"><\/i>Jurte<\/span>                                                                    <\/div>\r\n                                                                <h4 class=\"mec-event-title\"><a class=\"mec-color-hover\"  data-event-id=\"26366\" href=\"https:\/\/iftf-frankfurt.com\/en\/events\/magische-theaterreise-spiel-spass-fantasie\/\" target=\"m1\" rel=\"noopener\">Magische Theaterreise: Spiel, Spa\u00df &#038; Fantasie<\/a><\/h4>\r\n                                                            <\/div>\r\n                        <\/div>\r\n                    <\/article>\r\n                <\/div>            <div class=\"col-md-4 col-sm-4\">        <script type=\"application\/ld+json\">\r\n        {\r\n            \"@context\": \"http:\/\/schema.org\",\r\n            \"@type\": \"Event\",\r\n            \"eventStatus\": \"https:\/\/schema.org\/EventScheduled\",\r\n            \"startDate\": \"2026-09-19\",\r\n            \"endDate\": \"2026-09-19\",\r\n            \"eventAttendanceMode\": \"https:\/\/schema.org\/OfflineEventAttendanceMode\",\r\n            \"location\":\r\n            {\r\n                \"@type\": \"Place\",\r\n                                \"name\": \"Jurte\",\r\n                \"image\": \"\",\r\n                \"address\": \"Orber Stra\u00dfe 57, 60386 Frankfurt am Main\"\r\n                            },\r\n            \"organizer\":\r\n            {\r\n                \"@type\": \"Person\",\r\n                \"name\": \"\",\r\n                \"url\": \"\"\r\n            },\r\n            \"offers\":\r\n            {\r\n                \"url\": \"https:\/\/iftf-frankfurt.com\/en\/events\/wolkenschloss-eine-heldinreise-in-die-maerchenwelt\/\",\r\n                \"price\": \"\",\r\n                \"priceCurrency\": \"USD\",\r\n                \"availability\": \"https:\/\/schema.org\/InStock\",\r\n                \"validFrom\": \"2026-09-19T00:00\"\r\n            },\r\n            \"performer\": \"\",\r\n            \"description\": \"&lt;p align=&quot;left&quot;&gt;&lt;span style=&quot;font-family: Times New Roman, serif;&quot;&gt;&lt;span style=&quot;font-size: small;&quot;&gt;MIM\u00ed&lt;\/span&gt;&lt;\/span&gt;&lt;\/p&gt; &lt;p align=&quot;left&quot;&gt;&lt;span style=&quot;font-size: small;&quot;&gt;&#8220;ENG below&#8221;&lt;\/span&gt;&lt;\/p&gt; &lt;p align=&quot;left&quot;&gt;&lt;span style=&quot;font-family: Times New Roman, serif;&quot;&gt;&lt;span style=&quot;font-size: small;&quot;&gt;Gemeinsam gehen wir in die Welt der M\u00e4rchen, um dort eine Heldin auf ihrer Reise zu begleiten. &lt;\/span&gt;&lt;\/span&gt;&lt;span style=&quot;font-family: Times New Roman, serif;&quot;&gt;&lt;span style=&quot;font-size: small;&quot;&gt;Manche Heldinnen kommen n\u00e4mlich nicht in einem schicken Kost\u00fcm daher und sind auch nicht &lt;\/span&gt;&lt;\/span&gt;&lt;span style=&quot;font-family: Times New Roman, serif;&quot;&gt;&lt;span style=&quot;font-size: small;&quot;&gt;als Heldinnen geboren. Oft sind es ganz gew\u00f6hnliche M\u00e4dchen, die durch eine Herausforderung &lt;\/span&gt;&lt;\/span&gt;&lt;span style=&quot;font-family: Times New Roman, serif;&quot;&gt;&lt;span style=&quot;font-size: small;&quot;&gt;des Lebens all ihren Mut zusammennehmen und sich auf die Reise begeben m\u00fcssen. Gemeinsam &lt;\/span&gt;&lt;\/span&gt;&lt;span style=&quot;font-family: Times New Roman, serif;&quot;&gt;&lt;span style=&quot;font-size: small;&quot;&gt;werden wir nach der Geschichte Erz\u00e4hlsteine suchen und gestalten, damit die Kinder eine Portion &lt;\/span&gt;&lt;\/span&gt;&lt;span style=&quot;font-family: Times New Roman, serif;&quot;&gt;&lt;span style=&quot;font-size: small;&quot;&gt;Mut mit nach Hause nehmen k\u00f6nnen.&lt;\/span&gt;&lt;\/span&gt;&lt;\/p&gt; &lt;p align=&quot;left&quot;&gt;&lt;span style=&quot;font-family: Times New Roman, serif;&quot;&gt;&lt;span style=&quot;font-size: small;&quot;&gt;&lt;strong&gt;Sprache:&lt;\/strong&gt; Deutsch&lt;\/span&gt;&lt;\/span&gt;&lt;\/p&gt; &lt;p align=&quot;left&quot;&gt;&lt;span style=&quot;font-family: Times New Roman, serif;&quot;&gt;&lt;span style=&quot;font-size: small;&quot;&gt;&lt;strong&gt;Spiel und Regie:&lt;\/strong&gt; MIm\u00ed&lt;\/span&gt;&lt;\/span&gt;&lt;\/p&gt; &lt;p&gt;&nbsp;&lt;\/p&gt; &lt;p align=&quot;left&quot;&gt;&lt;span style=&quot;font-family: Times New Roman, serif;&quot;&gt;&lt;span style=&quot;font-size: small;&quot;&gt;Together, we will step into the world of fairy tales to accompany a heroine on her journey. After all, some heroines don\u2019t show up in fancy costumes, nor are they born as heroines. Often, they are ordinary girls who\u2014faced with a life challenge\u2014must summon all their courage and set out on a journey. Together, we will find and decorate storytelling stones inspired by the tale, so the children can take a dose of courage home with them&lt;\/span&gt;&lt;\/span&gt;&lt;span style=&quot;font-family: Times New Roman, serif;&quot;&gt;&lt;span style=&quot;font-size: small;&quot;&gt;.&lt;\/span&gt;&lt;\/span&gt;&lt;\/p&gt; &lt;p align=&quot;left&quot;&gt;&lt;span style=&quot;font-family: Times New Roman, serif;&quot;&gt;&lt;span style=&quot;font-size: small;&quot;&gt;&lt;strong&gt;Language:&lt;\/strong&gt; German&lt;\/span&gt;&lt;\/span&gt;&lt;\/p&gt; &lt;p align=&quot;left&quot;&gt;&lt;span style=&quot;font-family: Times New Roman, serif;&quot;&gt;&lt;span style=&quot;font-size: small;&quot;&gt;&lt;strong&gt;Performance and Director:&lt;\/strong&gt; MIm\u00ed&lt;\/span&gt;&lt;\/span&gt;&lt;\/p&gt; \",\r\n            \"image\": \"https:\/\/iftf-frankfurt.com\/wp-content\/uploads\/sites\/2\/Rummel_RevuecMaria.Schmitz-161.jpg\",\r\n            \"name\": \"Wolkenschloss: Eine Heldinreise in die M\u00e4rchenwelt\",\r\n            \"url\": \"https:\/\/iftf-frankfurt.com\/en\/events\/wolkenschloss-eine-heldinreise-in-die-maerchenwelt\/\"\r\n        }\r\n        <\/script>\r\n                            <article  data-href=\"https:\/\/iftf-frankfurt.com\/en\/events\/wolkenschloss-eine-heldinreise-in-die-maerchenwelt\/\" data-target=\"m1\" style=\"background:#e273af url('https:\/\/iftf-frankfurt.com\/wp-content\/uploads\/sites\/2\/Rummel_RevuecMaria.Schmitz-161-300x400.jpg')\" class=\" mec-event-article mec-tile-item  mec-clear   \">\r\n                                                                        <div class=\"event-tile-view-head clearfix\">\r\n                                                            <div class=\"mec-event-month\"><span class=\"mec-start-date-label\" itemprop=\"startDate\">19 Sep<\/span><\/div>\r\n                                                        <div class=\"mec-event-time\"><i class=\"mec-sl-clock\"><\/i>17:00<\/div>\r\n                        <\/div>\r\n                        <div class=\"mec-event-content\" data-target=\"m1\" data-event-id=\"26617\">\r\n                            <a href=\"https:\/\/iftf-frankfurt.com\/en\/events\/wolkenschloss-eine-heldinreise-in-die-maerchenwelt\/\" target=\"m1\" class=\"mec-tile-into-content-link\"><\/a>                            <div class=\"mec-tile-event-content\">\r\n                                <div class=\"mec-event-detail\">\r\n                                                                                                            <span class=\"mec-event-loc-place\"><i class=\"mec-sl-location-pin\"><\/i>Jurte<\/span>                                                                    <\/div>\r\n                                                                <h4 class=\"mec-event-title\"><a class=\"mec-color-hover\"  data-event-id=\"26617\" href=\"https:\/\/iftf-frankfurt.com\/en\/events\/wolkenschloss-eine-heldinreise-in-die-maerchenwelt\/\" target=\"m1\" rel=\"noopener\">Wolkenschloss: Eine Heldinreise in die M\u00e4rchenwelt<\/a><\/h4>\r\n                                                            <\/div>\r\n                        <\/div>\r\n                    <\/article>\r\n                <\/div><\/div>                    <div class=\"row\"><div class=\"col-md-4 col-sm-4\">        <script type=\"application\/ld+json\">\r\n        {\r\n            \"@context\": \"http:\/\/schema.org\",\r\n            \"@type\": \"Event\",\r\n            \"eventStatus\": \"https:\/\/schema.org\/EventScheduled\",\r\n            \"startDate\": \"2026-09-20\",\r\n            \"endDate\": \"2026-09-20\",\r\n            \"eventAttendanceMode\": \"https:\/\/schema.org\/OfflineEventAttendanceMode\",\r\n            \"location\":\r\n            {\r\n                \"@type\": \"Place\",\r\n                                \"name\": \"Jurte\",\r\n                \"image\": \"\",\r\n                \"address\": \"Orber Stra\u00dfe 57, 60386 Frankfurt am Main\"\r\n                            },\r\n            \"organizer\":\r\n            {\r\n                \"@type\": \"Person\",\r\n                \"name\": \"\",\r\n                \"url\": \"\"\r\n            },\r\n            \"offers\":\r\n            {\r\n                \"url\": \"https:\/\/iftf-frankfurt.com\/en\/events\/kreativworkshop-insektenhimmel\/\",\r\n                \"price\": \"\",\r\n                \"priceCurrency\": \"USD\",\r\n                \"availability\": \"https:\/\/schema.org\/InStock\",\r\n                \"validFrom\": \"2026-09-20T00:00\"\r\n            },\r\n            \"performer\": \"\",\r\n            \"description\": \"&lt;p align=&quot;left&quot;&gt;&lt;span style=&quot;font-size: small;&quot;&gt;&#8220;ENG below&#8221;&lt;\/span&gt;&lt;\/p&gt; &lt;p align=&quot;left&quot;&gt;&lt;span style=&quot;font-family: Arial, sans-serif;&quot;&gt;&lt;span style=&quot;font-size: small;&quot;&gt;Effi Bodensohn&lt;\/span&gt;&lt;\/span&gt;&lt;\/p&gt; &lt;p align=&quot;left&quot;&gt;&lt;span style=&quot;font-family: Arial, sans-serif;&quot;&gt;&lt;span style=&quot;font-size: small;&quot;&gt;Lasst uns gemeinsam ein Mobile basteln! Mit Naturmaterial, Draht und Serviettentechnik lassen wir uns von einigen der kleinsten Lebewesen inspirieren. &lt;\/span&gt;&lt;\/span&gt;&lt;\/p&gt; &lt;p align=&quot;left&quot;&gt;&lt;span style=&quot;font-family: Arial, sans-serif;&quot;&gt;&lt;span style=&quot;font-size: small;&quot;&gt;&lt;b&gt;Ort: &lt;\/b&gt;Jurte&lt;b&gt; &lt;\/b&gt;\u2022 &lt;b&gt;Sprache(n): &lt;\/b&gt;Deutsch \u2022 &lt;b&gt;Geb\u00fchr: &lt;\/b&gt;kostenlos \u2022 &lt;b&gt;Hinweis: &lt;\/b&gt;max. 20 Teilnehmer*innen&lt;\/span&gt;&lt;\/span&gt;&lt;\/p&gt; &lt;p&gt;&nbsp;&lt;\/p&gt; &lt;p align=&quot;left&quot;&gt;&lt;span style=&quot;font-family: Arial, sans-serif;&quot;&gt;&lt;span style=&quot;font-size: small;&quot;&gt;&lt;b&gt;Creative Workshop: Insect Sky&lt;\/b&gt;&lt;\/span&gt;&lt;\/span&gt;&lt;\/p&gt; &lt;p align=&quot;left&quot;&gt;&lt;span style=&quot;font-family: Arial, sans-serif;&quot;&gt;&lt;span style=&quot;font-size: small;&quot;&gt;Effi Bodensohn&lt;\/span&gt;&lt;\/span&gt;&lt;\/p&gt; &lt;p align=&quot;left&quot;&gt;&lt;span style=&quot;font-family: Arial, sans-serif;&quot;&gt;&lt;span style=&quot;font-size: small;&quot;&gt;Let\u2019s make a mobile together! Using natural materials, wire and napkin decoupage, we will take inspiration from some of the smallest living creatures.&lt;\/span&gt;&lt;\/span&gt;&lt;\/p&gt; &lt;p align=&quot;left&quot;&gt;&lt;span style=&quot;font-family: Arial, sans-serif;&quot;&gt;&lt;span style=&quot;font-size: small;&quot;&gt;&lt;b&gt;Location:&lt;\/b&gt; Yurt \u2022 &lt;b&gt;Language(s):&lt;\/b&gt; German \u2022 &lt;b&gt;Fee:&lt;\/b&gt; Free \u2022 &lt;b&gt;Note:&lt;\/b&gt; Max. 20 participants&lt;\/span&gt;&lt;\/span&gt;&lt;\/p&gt; \",\r\n            \"image\": \"https:\/\/iftf-frankfurt.com\/wp-content\/uploads\/sites\/2\/InsektenHimmel-scaled.jpg\",\r\n            \"name\": \"Kreativworkshop Insektenhimmel\",\r\n            \"url\": \"https:\/\/iftf-frankfurt.com\/en\/events\/kreativworkshop-insektenhimmel\/\"\r\n        }\r\n        <\/script>\r\n                            <article  data-href=\"https:\/\/iftf-frankfurt.com\/en\/events\/kreativworkshop-insektenhimmel\/\" data-target=\"m1\" style=\"background:#775c37 url('https:\/\/iftf-frankfurt.com\/wp-content\/uploads\/sites\/2\/InsektenHimmel-300x400.jpg')\" class=\" mec-event-article mec-tile-item  mec-clear   \">\r\n                                                                        <div class=\"event-tile-view-head clearfix\">\r\n                                                            <div class=\"mec-event-month\"><span class=\"mec-start-date-label\" itemprop=\"startDate\">20 Sep<\/span><\/div>\r\n                                                        <div class=\"mec-event-time\"><i class=\"mec-sl-clock\"><\/i>15:00<\/div>\r\n                        <\/div>\r\n                        <div class=\"mec-event-content\" data-target=\"m1\" data-event-id=\"26369\">\r\n                            <a href=\"https:\/\/iftf-frankfurt.com\/en\/events\/kreativworkshop-insektenhimmel\/\" target=\"m1\" class=\"mec-tile-into-content-link\"><\/a>                            <div class=\"mec-tile-event-content\">\r\n                                <div class=\"mec-event-detail\">\r\n                                                                                                            <span class=\"mec-event-loc-place\"><i class=\"mec-sl-location-pin\"><\/i>Jurte<\/span>                                                                    <\/div>\r\n                                                                <h4 class=\"mec-event-title\"><a class=\"mec-color-hover\"  data-event-id=\"26369\" href=\"https:\/\/iftf-frankfurt.com\/en\/events\/kreativworkshop-insektenhimmel\/\" target=\"m1\" rel=\"noopener\">Kreativworkshop Insektenhimmel<\/a><\/h4>\r\n                                                            <\/div>\r\n                        <\/div>\r\n                    <\/article>\r\n                <\/div>            <div class=\"col-md-4 col-sm-4\">        <script type=\"application\/ld+json\">\r\n        {\r\n            \"@context\": \"http:\/\/schema.org\",\r\n            \"@type\": \"Event\",\r\n            \"eventStatus\": \"https:\/\/schema.org\/EventScheduled\",\r\n            \"startDate\": \"2026-09-20\",\r\n            \"endDate\": \"2026-09-20\",\r\n            \"eventAttendanceMode\": \"https:\/\/schema.org\/OfflineEventAttendanceMode\",\r\n            \"location\":\r\n            {\r\n                \"@type\": \"Place\",\r\n                                \"name\": \"KULTURGEL\u00c4NDE PROTAGON\",\r\n                \"image\": \"\",\r\n                \"address\": \"Orber Stra\u00dfe 57, 60386 Frankfurt am Main\"\r\n                            },\r\n            \"organizer\":\r\n            {\r\n                \"@type\": \"Person\",\r\n                \"name\": \"\",\r\n                \"url\": \"\"\r\n            },\r\n            \"offers\":\r\n            {\r\n                \"url\": \"https:\/\/iftf-frankfurt.com\/en\/events\/wunderwesen\/\",\r\n                \"price\": \"\",\r\n                \"priceCurrency\": \"USD\",\r\n                \"availability\": \"https:\/\/schema.org\/InStock\",\r\n                \"validFrom\": \"2026-09-20T00:00\"\r\n            },\r\n            \"performer\": \"\",\r\n            \"description\": \"&lt;p align=&quot;left&quot;&gt;&lt;span style=&quot;font-family: Times New Roman, serif;&quot;&gt;&lt;span style=&quot;font-size: small;&quot;&gt;Antajou performances&lt;\/span&gt;&lt;\/span&gt;&lt;\/p&gt; &lt;p align=&quot;left&quot;&gt;&lt;span style=&quot;font-size: small;&quot;&gt;&#8220;ENG below&#8221;&lt;\/span&gt;&lt;\/p&gt; &lt;p align=&quot;left&quot;&gt;&lt;span style=&quot;font-family: Times New Roman, serif;&quot;&gt;&lt;span style=&quot;font-size: small;&quot;&gt;Stellt euch vor, auf der Wiese und im Fluss &lt;\/span&gt;&lt;\/span&gt;&lt;span style=&quot;font-family: Times New Roman, serif;&quot;&gt;&lt;span style=&quot;font-size: small;&quot;&gt;verbergen sich \u00fcberall kleine Wunder! H\u00f6rt ihr das &lt;\/span&gt;&lt;\/span&gt;&lt;span style=&quot;font-family: Times New Roman, serif;&quot;&gt;&lt;span style=&quot;font-size: small;&quot;&gt;Pl\u00e4tschern des Wassers? Das Surren in der Luft?&lt;\/span&gt;&lt;\/span&gt;&lt;\/p&gt; &lt;p align=&quot;left&quot;&gt;&lt;span style=&quot;font-family: Times New Roman, serif;&quot;&gt;&lt;span style=&quot;font-size: small;&quot;&gt;Zwei T\u00e4nzerinnen und eine Musikerin entdecken gemeinsam mit dem Publikum die Sch\u00f6nheit der Natur und verschmelzen dabei immer wieder in neuen, glitzernden und bunten Wesen. Lasst uns gemeinsam lauschen und die vielen Wunder entdecken!&lt;\/span&gt;&lt;\/span&gt;&lt;\/p&gt; &lt;p align=&quot;left&quot;&gt;&lt;span style=&quot;font-family: Times New Roman, serif;&quot;&gt;&lt;span style=&quot;font-size: small;&quot;&gt;Gef\u00f6rder durch LaFT Baden W\u00fcrtemberg, Kulturamt Heidelberg, Stiftung Erlebnis Kunst, Kulturf\u00f6rderung Basel Lab, Tanzfest Basel&lt;\/span&gt;&lt;\/span&gt;&lt;\/p&gt; &lt;p align=&quot;left&quot;&gt;&lt;span style=&quot;font-family: Times New Roman, serif;&quot;&gt;&lt;span style=&quot;font-size: small;&quot;&gt;&lt;b&gt;Sprache&lt;\/b&gt;: keine&lt;\/span&gt;&lt;\/span&gt;&lt;\/p&gt; &lt;p align=&quot;left&quot;&gt;&lt;span style=&quot;font-family: Times New Roman, serif;&quot;&gt;&lt;span style=&quot;font-size: small;&quot;&gt;&lt;strong&gt;Konzept, Choreographie &amp; Tanz:&lt;\/strong&gt; Andrea Kreisel &amp; Tabea Gregory&lt;\/span&gt;&lt;\/span&gt;&lt;\/p&gt; &lt;p align=&quot;left&quot;&gt;&lt;span style=&quot;font-size: small; font-family: &#039;Times New Roman&#039;, serif;&quot;&gt;&lt;strong&gt;Live-Musik &amp; Interaktion:&lt;\/strong&gt; Ada Meinich&lt;\/span&gt;&lt;\/p&gt; &lt;p align=&quot;left&quot;&gt;&lt;span style=&quot;font-family: Times New Roman, serif;&quot;&gt;&lt;span style=&quot;font-size: small;&quot;&gt;&lt;strong&gt;Co-Choreographie:&lt;\/strong&gt; Simona Kortenhaus&lt;\/span&gt;&lt;\/span&gt;&lt;\/p&gt; &lt;p align=&quot;left&quot;&gt;&lt;span style=&quot;font-family: Times New Roman, serif;&quot;&gt;&lt;span style=&quot;font-size: small;&quot;&gt;&lt;strong&gt;Kost\u00fcme:&lt;\/strong&gt; Verena Haerdi&lt;\/span&gt;&lt;\/span&gt;&lt;\/p&gt; &lt;p align=&quot;left&quot;&gt;&lt;span style=&quot;font-family: Times New Roman, serif;&quot;&gt;&lt;span style=&quot;font-size: small;&quot;&gt;&lt;strong&gt;Produktionassistenz:&lt;\/strong&gt; Mathilde Bonte&lt;\/span&gt;&lt;\/span&gt;&lt;\/p&gt; &lt;p align=&quot;left&quot;&gt;&lt;span style=&quot;font-family: Times New Roman, serif;&quot;&gt;&lt;span style=&quot;font-size: small;&quot;&gt;&lt;b&gt;Website: &lt;\/b&gt;&lt;a href=&quot;https:\/\/antajouperformances.com\/&quot;&gt;https:\/\/antajouperformances.com\/&lt;\/a&gt;&lt;\/span&gt;&lt;\/span&gt;&lt;\/p&gt; &lt;p align=&quot;left&quot;&gt;&lt;span style=&quot;font-family: Times New Roman, serif;&quot;&gt;&lt;span style=&quot;font-size: small;&quot;&gt;&lt;strong&gt;Biographie:&lt;\/strong&gt; Tabea und Andrea haben sich 2015 im Studium der Philosophie, Kulturreflexion und kulturellen Praxis durch zeitgen\u00f6ssischen Tanz und Tanzimprovisation kennengelernt. Seitdem kreieren sie in unterschiedlichen Konstellationen k\u00fcnstlerische, t\u00e4nzerische und immersive Performances, die mit Vertrautheit und Humor spielen. Zwischen Physical Theater und Tanz haben sie ihre eigene Bewegungssprache entwickelt und sie lieben die Begegnung mit jedem Publikum. Seit 2026 arbeiten sie mit der Violinistin Ada Meinich, die mit ihren Zauberkl\u00e4ngen Kinder und Erwachsene in den Bann zieht. Sie arbeiten zwischen Basel und Heidelberg.&lt;\/span&gt;&lt;\/span&gt;&lt;\/p&gt; &lt;p&gt;&nbsp;&lt;\/p&gt; &lt;p align=&quot;left&quot;&gt;&lt;span style=&quot;font-family: Times New Roman, serif;&quot;&gt;&lt;span style=&quot;font-size: small;&quot;&gt;Imagine\u2014little wonders are hiding everywhere in the meadow and the river! Can you hear the splashing of the water? The buzzing in the air?&lt;\/span&gt;&lt;\/span&gt;&lt;\/p&gt; &lt;p align=&quot;left&quot;&gt;&lt;span style=&quot;font-family: Times New Roman, serif;&quot;&gt;&lt;span style=&quot;font-size: small;&quot;&gt;Two dancers and a musician discover the beauty of nature together with the audience, repeatedly transforming into new, glittering, and colorful creatures. Let\u2019s listen together and discover the many wonders!&lt;\/span&gt;&lt;\/span&gt;&lt;\/p&gt; &lt;p align=&quot;left&quot;&gt;&lt;span style=&quot;font-family: Times New Roman, serif;&quot;&gt;&lt;span style=&quot;font-size: small;&quot;&gt;Supported by LaFT Baden-W\u00fcrttemberg, the Heidelberg Cultural Office, Stiftung Erlebnis Kunst, Kulturf\u00f6rderung Basel Lab, and Tanzfest Basel.&lt;\/span&gt;&lt;\/span&gt;&lt;\/p&gt; &lt;p align=&quot;left&quot;&gt;&lt;span style=&quot;font-family: Times New Roman, serif;&quot;&gt;&lt;span style=&quot;font-size: small;&quot;&gt;&lt;b&gt;Language&lt;\/b&gt;: nonverbal&lt;\/span&gt;&lt;\/span&gt;&lt;\/p&gt; &lt;p align=&quot;left&quot;&gt;&lt;span style=&quot;font-family: Times New Roman, serif;&quot;&gt;&lt;span style=&quot;font-size: small;&quot;&gt;&lt;strong&gt;Concept, Choreography &amp; Dance:&lt;\/strong&gt; Andrea Kreisel &amp; Tabea Gregory&lt;\/span&gt;&lt;\/span&gt;&lt;\/p&gt; &lt;p align=&quot;left&quot;&gt;&lt;span style=&quot;font-size: small; font-family: &#039;Times New Roman&#039;, serif;&quot;&gt;&lt;strong&gt;Live-Music &amp; Interaction:&lt;\/strong&gt; Ada Meinich&lt;\/span&gt;&lt;\/p&gt; &lt;p align=&quot;left&quot;&gt;&lt;span style=&quot;font-family: Times New Roman, serif;&quot;&gt;&lt;span style=&quot;font-size: small;&quot;&gt;&lt;strong&gt;Co-Choreography:&lt;\/strong&gt; Simona Kortenhaus&lt;\/span&gt;&lt;\/span&gt;&lt;\/p&gt; &lt;p align=&quot;left&quot;&gt;&lt;span style=&quot;font-family: Times New Roman, serif;&quot;&gt;&lt;span style=&quot;font-size: small;&quot;&gt;&lt;strong&gt;Costumes:&lt;\/strong&gt; Verena Haerdi&lt;\/span&gt;&lt;\/span&gt;&lt;\/p&gt; &lt;p align=&quot;left&quot;&gt;&lt;span style=&quot;font-family: Times New Roman, serif;&quot;&gt;&lt;span style=&quot;font-size: small;&quot;&gt;&lt;strong&gt;Production Assistant:&lt;\/strong&gt; Mathilde Bonte&lt;\/span&gt;&lt;\/span&gt;&lt;\/p&gt; &lt;p align=&quot;left&quot;&gt;&lt;span style=&quot;font-family: Times New Roman, serif;&quot;&gt;&lt;span style=&quot;font-size: small;&quot;&gt;&lt;b&gt;Website: &lt;\/b&gt;&lt;a href=&quot;https:\/\/antajouperformances.com\/&quot;&gt;https:\/\/antajouperformances.com&lt;\/a&gt;\/&lt;\/span&gt;&lt;\/span&gt;&lt;\/p&gt; &lt;p align=&quot;left&quot;&gt;&lt;span style=&quot;font-family: Times New Roman, serif;&quot;&gt;&lt;span style=&quot;font-size: small;&quot;&gt;&lt;strong&gt;Biography:&lt;\/strong&gt; Tabea and Andrea met in 2015 while studying philosophy, cultural reflection, and cultural practice, connecting through contemporary dance and dance improvisation. Since then, they have collaborated in various configurations to create artistic, dance-based, and immersive performances that play with familiarity and humor. Blending physical theater and dance, they have developed their own unique movement language and love engaging with every audience. Since 2026, they have been working with violinist Ada Meinich, whose enchanting sounds captivate both children and adults. They work between Basel and Heidelberg.&lt;\/span&gt;&lt;\/span&gt;&lt;\/p&gt; \",\r\n            \"image\": \"https:\/\/iftf-frankfurt.com\/wp-content\/uploads\/sites\/2\/Wunderwesen.jpg\",\r\n            \"name\": \"Wunderwesen\",\r\n            \"url\": \"https:\/\/iftf-frankfurt.com\/en\/events\/wunderwesen\/\"\r\n        }\r\n        <\/script>\r\n                            <article  data-href=\"https:\/\/iftf-frankfurt.com\/en\/events\/wunderwesen\/\" data-target=\"m1\" style=\"background:#e273af url('https:\/\/iftf-frankfurt.com\/wp-content\/uploads\/sites\/2\/Wunderwesen-300x400.jpg')\" class=\" mec-event-article mec-tile-item  mec-clear   \">\r\n                                                                        <div class=\"event-tile-view-head clearfix\">\r\n                                                            <div class=\"mec-event-month\"><span class=\"mec-start-date-label\" itemprop=\"startDate\">20 Sep<\/span><\/div>\r\n                                                        <div class=\"mec-event-time\"><i class=\"mec-sl-clock\"><\/i>16:30<\/div>\r\n                        <\/div>\r\n                        <div class=\"mec-event-content\" data-target=\"m1\" data-event-id=\"26635\">\r\n                            <a href=\"https:\/\/iftf-frankfurt.com\/en\/events\/wunderwesen\/\" target=\"m1\" class=\"mec-tile-into-content-link\"><\/a>                            <div class=\"mec-tile-event-content\">\r\n                                <div class=\"mec-event-detail\">\r\n                                                                                                            <span class=\"mec-event-loc-place\"><i class=\"mec-sl-location-pin\"><\/i>KULTURGEL\u00c4NDE PROTAGON<\/span>                                                                    <\/div>\r\n                                                                <h4 class=\"mec-event-title\"><a class=\"mec-color-hover\"  data-event-id=\"26635\" href=\"https:\/\/iftf-frankfurt.com\/en\/events\/wunderwesen\/\" target=\"m1\" rel=\"noopener\">Wunderwesen<\/a><\/h4>\r\n                                                            <\/div>\r\n                        <\/div>\r\n                    <\/article>\r\n                <\/div>                        <\/div>\r\n    <\/div><\/div>                                    <\/div>\r\n\r\n                            <\/div>\r\n        <\/div>\r\n    <\/div>\r\n    \r\n<\/div><\/div>\n\t\t\t\t<\/div>\n\t\t\t\t<\/div>\n\t\t\t\t\t<\/div>\n\t\t\t\t<\/div>\n\t\t\t\t<\/div>\n\t\t","protected":false},"excerpt":{"rendered":"<p>Kids Program<\/p>\n","protected":false},"author":7,"featured_media":0,"parent":0,"menu_order":0,"comment_status":"closed","ping_status":"closed","template":"","meta":{"footnotes":""},"class_list":["post-20998","page","type-page","status-publish","hentry"],"yoast_head":"<!-- This site is optimized with the Yoast SEO plugin v19.13 - https:\/\/yoast.com\/wordpress\/plugins\/seo\/ -->\n<title>Programm-kids-programm - International Women\u2018s* Theatre Festival<\/title>\n<meta name=\"robots\" content=\"index, follow, max-snippet:-1, max-image-preview:large, max-video-preview:-1\" \/>\n<link rel=\"canonical\" href=\"https:\/\/iftf-frankfurt.com\/en\/programm-kidsprogramm\/\" \/>\n<meta property=\"og:locale\" content=\"en_GB\" \/>\n<meta property=\"og:type\" content=\"article\" \/>\n<meta property=\"og:title\" content=\"Programm-kids-programm - International Women\u2018s* Theatre Festival\" \/>\n<meta property=\"og:description\" content=\"Kids Program\" \/>\n<meta property=\"og:url\" content=\"https:\/\/iftf-frankfurt.com\/en\/programm-kidsprogramm\/\" \/>\n<meta property=\"og:site_name\" content=\"International Women\u2018s* Theatre Festival\" \/>\n<meta property=\"article:publisher\" content=\"https:\/\/www.facebook.com\/frauenfestival\" \/>\n<meta property=\"article:modified_time\" content=\"2026-09-01T15:21:24+00:00\" \/>\n<meta property=\"og:image\" content=\"https:\/\/iftf-frankfurt.com\/wp-content\/uploads\/sites\/2\/IFTF26_Logo_CMYK-schwarz.jpg\" \/>\n\t<meta property=\"og:image:width\" content=\"2244\" \/>\n\t<meta property=\"og:image:height\" content=\"827\" \/>\n\t<meta property=\"og:image:type\" content=\"image\/jpeg\" \/>\n<meta name=\"twitter:card\" content=\"summary_large_image\" \/>\n<meta name=\"twitter:label1\" content=\"Estimated reading time\" \/>\n\t<meta name=\"twitter:data1\" content=\"1 minute\" \/>\n<script type=\"application\/ld+json\" class=\"yoast-schema-graph\">{\"@context\":\"https:\/\/schema.org\",\"@graph\":[{\"@type\":\"WebPage\",\"@id\":\"https:\/\/iftf-frankfurt.com\/en\/programm-kidsprogramm\/\",\"url\":\"https:\/\/iftf-frankfurt.com\/en\/programm-kidsprogramm\/\",\"name\":\"Programm-kids-programm - International Women\u2018s* Theatre Festival\",\"isPartOf\":{\"@id\":\"https:\/\/iftf-frankfurt.com\/#website\"},\"datePublished\":\"2024-09-05T14:30:04+00:00\",\"dateModified\":\"2026-09-01T15:21:24+00:00\",\"breadcrumb\":{\"@id\":\"https:\/\/iftf-frankfurt.com\/en\/programm-kidsprogramm\/#breadcrumb\"},\"inLanguage\":\"en-GB\",\"potentialAction\":[{\"@type\":\"ReadAction\",\"target\":[\"https:\/\/iftf-frankfurt.com\/en\/programm-kidsprogramm\/\"]}]},{\"@type\":\"BreadcrumbList\",\"@id\":\"https:\/\/iftf-frankfurt.com\/en\/programm-kidsprogramm\/#breadcrumb\",\"itemListElement\":[{\"@type\":\"ListItem\",\"position\":1,\"name\":\"Startseite\",\"item\":\"https:\/\/iftf-frankfurt.com\/en\/internationale-frauentheaterfestival-iftf\/\"},{\"@type\":\"ListItem\",\"position\":2,\"name\":\"Programm-kids-programm\"}]},{\"@type\":\"WebSite\",\"@id\":\"https:\/\/iftf-frankfurt.com\/#website\",\"url\":\"https:\/\/iftf-frankfurt.com\/\",\"name\":\"International Women\u2018s* Theatre Festival\",\"description\":\"IF*TF\",\"publisher\":{\"@id\":\"https:\/\/iftf-frankfurt.com\/#organization\"},\"inLanguage\":\"en-GB\"},{\"@type\":\"Organization\",\"@id\":\"https:\/\/iftf-frankfurt.com\/#organization\",\"name\":\"International Womxn\u2018s* Theatre Festival\",\"url\":\"https:\/\/iftf-frankfurt.com\/\",\"logo\":{\"@type\":\"ImageObject\",\"inLanguage\":\"en-GB\",\"@id\":\"https:\/\/iftf-frankfurt.com\/#\/schema\/logo\/image\/\",\"url\":\"\",\"contentUrl\":\"\",\"caption\":\"International Womxn\u2018s* Theatre Festival\"},\"image\":{\"@id\":\"https:\/\/iftf-frankfurt.com\/#\/schema\/logo\/image\/\"},\"sameAs\":[\"https:\/\/www.instagram.com\/frauentheaterfestival\/\",\"https:\/\/www.youtube.com\/channel\/UC80VX69VC0NxXd6a89DoydA\",\"https:\/\/www.facebook.com\/frauenfestival\"]}]}<\/script>\n<!-- \/ Yoast SEO plugin. -->","yoast_head_json":{"title":"Programm-kids-programm - International Women\u2018s* Theatre Festival","robots":{"index":"index","follow":"follow","max-snippet":"max-snippet:-1","max-image-preview":"max-image-preview:large","max-video-preview":"max-video-preview:-1"},"canonical":"https:\/\/iftf-frankfurt.com\/en\/programm-kidsprogramm\/","og_locale":"en_GB","og_type":"article","og_title":"Programm-kids-programm - International Women\u2018s* Theatre Festival","og_description":"Kids Program","og_url":"https:\/\/iftf-frankfurt.com\/en\/programm-kidsprogramm\/","og_site_name":"International Women\u2018s* Theatre Festival","article_publisher":"https:\/\/www.facebook.com\/frauenfestival","article_modified_time":"2026-09-01T15:21:24+00:00","og_image":[{"width":2244,"height":827,"url":"https:\/\/iftf-frankfurt.com\/wp-content\/uploads\/sites\/2\/IFTF26_Logo_CMYK-schwarz.jpg","type":"image\/jpeg"}],"twitter_card":"summary_large_image","twitter_misc":{"Estimated reading time":"1 minute"},"schema":{"@context":"https:\/\/schema.org","@graph":[{"@type":"WebPage","@id":"https:\/\/iftf-frankfurt.com\/en\/programm-kidsprogramm\/","url":"https:\/\/iftf-frankfurt.com\/en\/programm-kidsprogramm\/","name":"Programm-kids-programm - International Women\u2018s* Theatre Festival","isPartOf":{"@id":"https:\/\/iftf-frankfurt.com\/#website"},"datePublished":"2024-09-05T14:30:04+00:00","dateModified":"2026-09-01T15:21:24+00:00","breadcrumb":{"@id":"https:\/\/iftf-frankfurt.com\/en\/programm-kidsprogramm\/#breadcrumb"},"inLanguage":"en-GB","potentialAction":[{"@type":"ReadAction","target":["https:\/\/iftf-frankfurt.com\/en\/programm-kidsprogramm\/"]}]},{"@type":"BreadcrumbList","@id":"https:\/\/iftf-frankfurt.com\/en\/programm-kidsprogramm\/#breadcrumb","itemListElement":[{"@type":"ListItem","position":1,"name":"Startseite","item":"https:\/\/iftf-frankfurt.com\/en\/internationale-frauentheaterfestival-iftf\/"},{"@type":"ListItem","position":2,"name":"Programm-kids-programm"}]},{"@type":"WebSite","@id":"https:\/\/iftf-frankfurt.com\/#website","url":"https:\/\/iftf-frankfurt.com\/","name":"International Women\u2018s* Theatre Festival","description":"IF*TF","publisher":{"@id":"https:\/\/iftf-frankfurt.com\/#organization"},"inLanguage":"en-GB"},{"@type":"Organization","@id":"https:\/\/iftf-frankfurt.com\/#organization","name":"International Womxn\u2018s* Theatre Festival","url":"https:\/\/iftf-frankfurt.com\/","logo":{"@type":"ImageObject","inLanguage":"en-GB","@id":"https:\/\/iftf-frankfurt.com\/#\/schema\/logo\/image\/","url":"","contentUrl":"","caption":"International Womxn\u2018s* Theatre Festival"},"image":{"@id":"https:\/\/iftf-frankfurt.com\/#\/schema\/logo\/image\/"},"sameAs":["https:\/\/www.instagram.com\/frauentheaterfestival\/","https:\/\/www.youtube.com\/channel\/UC80VX69VC0NxXd6a89DoydA","https:\/\/www.facebook.com\/frauenfestival"]}]}},"_links":{"self":[{"href":"https:\/\/iftf-frankfurt.com\/en\/wp-json\/wp\/v2\/pages\/20998","targetHints":{"allow":["GET"]}}],"collection":[{"href":"https:\/\/iftf-frankfurt.com\/en\/wp-json\/wp\/v2\/pages"}],"about":[{"href":"https:\/\/iftf-frankfurt.com\/en\/wp-json\/wp\/v2\/types\/page"}],"author":[{"embeddable":true,"href":"https:\/\/iftf-frankfurt.com\/en\/wp-json\/wp\/v2\/users\/7"}],"replies":[{"embeddable":true,"href":"https:\/\/iftf-frankfurt.com\/en\/wp-json\/wp\/v2\/comments?post=20998"}],"version-history":[{"count":25,"href":"https:\/\/iftf-frankfurt.com\/en\/wp-json\/wp\/v2\/pages\/20998\/revisions"}],"predecessor-version":[{"id":27087,"href":"https:\/\/iftf-frankfurt.com\/en\/wp-json\/wp\/v2\/pages\/20998\/revisions\/27087"}],"wp:attachment":[{"href":"https:\/\/iftf-frankfurt.com\/en\/wp-json\/wp\/v2\/media?parent=20998"}],"curies":[{"name":"wp","href":"https:\/\/api.w.org\/{rel}","templated":true}]}}