{"id":27272,"date":"2026-09-01T16:06:02","date_gmt":"2026-09-01T14:06:02","guid":{"rendered":"https:\/\/iftf-frankfurt.com\/?page_id=27272"},"modified":"2026-09-04T21:30:04","modified_gmt":"2026-09-04T19:30:04","slug":"program-blue-lab","status":"publish","type":"page","link":"https:\/\/iftf-frankfurt.com\/en\/program-blue-lab\/","title":{"rendered":"Program-Blue-Lab"},"content":{"rendered":"\t\t<div data-elementor-type=\"wp-page\" data-elementor-id=\"27272\" class=\"elementor elementor-27272 elementor-26984\">\n\t\t\t\t<div class=\"elementor-element elementor-element-144dc8c e-con-full e-flex wpr-particle-no wpr-jarallax-no wpr-parallax-no wpr-sticky-section-no e-con e-parent\" data-id=\"144dc8c\" data-element_type=\"container\" data-settings=\"{&quot;content_width&quot;:&quot;full&quot;,&quot;background_background&quot;:&quot;classic&quot;}\" data-core-v316-plus=\"true\">\n\t\t\t\t<div class=\"elementor-element elementor-element-f55f2bd elementor-widget elementor-widget-heading\" data-id=\"f55f2bd\" data-element_type=\"widget\" data-widget_type=\"heading.default\">\n\t\t\t\t<div class=\"elementor-widget-container\">\n\t\t\t<h1 class=\"elementor-heading-title elementor-size-default\">Blue Lab Programm<\/h1>\t\t<\/div>\n\t\t\t\t<\/div>\n\t\t\t\t<div class=\"elementor-element elementor-element-4beb26e elementor-widget elementor-widget-shortcode\" data-id=\"4beb26e\" data-element_type=\"widget\" data-widget_type=\"shortcode.default\">\n\t\t\t\t<div class=\"elementor-widget-container\">\n\t\t\t\t\t<div class=\"elementor-shortcode\"><div class=\"mec-wrap mec-skin-grid-container  \" id=\"mec_skin_27260\">\r\n    \r\n        \r\n            <div class=\"mec-skin-grid-events-container\" id=\"mec_skin_events_27260\">\r\n        <div class=\"mec-wrap colorskin-custom\">\r\n    <div class=\"mec-event-grid-classic\" data-widget-autoplay=\"1\" data-widget-loop=\"1\" data-widget-autoplay-time=\"3000\">\r\n        <div class=\"row\"><div class=\"col-md-4 col-sm-4\">        <script type=\"application\/ld+json\">\r\n        {\r\n            \"@context\": \"http:\/\/schema.org\",\r\n            \"@type\": \"Event\",\r\n            \"eventStatus\": \"https:\/\/schema.org\/EventScheduled\",\r\n            \"startDate\": \"2026-09-16\",\r\n            \"endDate\": \"2026-09-16\",\r\n            \"eventAttendanceMode\": \"https:\/\/schema.org\/OfflineEventAttendanceMode\",\r\n            \"location\":\r\n            {\r\n                \"@type\": \"Place\",\r\n                                \"name\": \"INDOOR STAGE PROTAGON\",\r\n                \"image\": \"\",\r\n                \"address\": \"PROTAGON CULTURAL CENTRE \u2013 Orber Stra\u00dfe 57, 60386 Frankfurt am Main\"\r\n                            },\r\n            \"organizer\":\r\n            {\r\n                \"@type\": \"Person\",\r\n                \"name\": \"\",\r\n                \"url\": \"\"\r\n            },\r\n            \"offers\":\r\n            {\r\n                \"url\": \"https:\/\/iftf-frankfurt.com\/en\/events\/blue-lab-women-from-the-sea-significant-gestures\/\",\r\n                \"price\": \"\",\r\n                \"priceCurrency\": \"USD\",\r\n                \"availability\": \"https:\/\/schema.org\/InStock\",\r\n                \"validFrom\": \"2026-09-16T00:00\"\r\n            },\r\n            \"performer\": \"\",\r\n            \"description\": \"&lt;p align=&quot;left&quot;&gt;&lt;span style=&quot;font-family: Times New Roman, serif;&quot;&gt;&lt;span style=&quot;font-size: small;&quot;&gt;Film by Raquel Clemente Martins&lt;\/span&gt;&lt;\/span&gt;&lt;\/p&gt; &lt;p align=&quot;left&quot;&gt;&lt;span style=&quot;font-family: Times New Roman, serif;&quot;&gt;&lt;span style=&quot;font-size: small;&quot;&gt;Help Image Production&lt;\/span&gt;&lt;\/span&gt;&lt;\/p&gt; &lt;p align=&quot;left&quot;&gt;&lt;span style=&quot;font-family: Times New Roman, serif;&quot;&gt;&lt;span style=&quot;font-size: small;&quot;&gt;Women from the Sea \u2013 Significant Gestures ist ein poetischer Dokumentarfilm. Er bringt die Stimmen von Frauen zusammen, deren Leben tief mit dem Ozean verbunden sind, und zeigt eine intime Verbindung, die von Erinnerung, F\u00fcrsorge und Resilienz geformt ist. Durch ihre Geschichten untersucht der Film sowohl die Dringlichkeit des Meeresschutzes als auch die kollektive Kraft von Frauen, Ver\u00e4nderungen anzusto\u00dfen und unsere geteilte Zukunft zu sichern.&lt;\/span&gt;&lt;\/span&gt;&lt;\/p&gt; &lt;p align=&quot;left&quot;&gt;Mehr Infos: &lt;a href=&quot;https:\/\/helpimages.org\/en\/mulheres-do-mar\/&quot;&gt;https:\/\/helpimages.org\/en\/mulheres-do-mar\/&lt;\/a&gt;&lt;\/p&gt; &lt;p&gt;&nbsp;&lt;\/p&gt; &lt;p align=&quot;left&quot;&gt;&lt;span style=&quot;font-family: Times New Roman, serif;&quot;&gt;&lt;span style=&quot;font-size: small;&quot;&gt;Women from the Sea \u2013 Significant Gestures is a poetic documentary that brings together the voices of women whose lives are deeply connected to the ocean, revealing an intimate bond shaped by memory, care, and resilience. Through their stories, the film explores both the urgency of protecting the ocean and the collective power of women to inspire change and safeguard our shared future.&lt;\/span&gt;&lt;\/span&gt;&lt;\/p&gt; &lt;p align=&quot;left&quot;&gt;&lt;span style=&quot;font-family: Times New Roman, serif;&quot;&gt;&lt;span style=&quot;font-size: small;&quot;&gt;More infos: &lt;\/span&gt;&lt;\/span&gt;&lt;a href=&quot;https:\/\/helpimages.org\/en\/mulheres-do-mar\/&quot;&gt;&lt;span style=&quot;font-family: Times New Roman, serif;&quot;&gt;&lt;span style=&quot;font-size: small;&quot;&gt;https:\/\/helpimages.org\/en\/mulheres-do-mar\/&lt;\/span&gt;&lt;\/span&gt;&lt;\/a&gt;&lt;\/p&gt; \",\r\n            \"image\": \"https:\/\/iftf-frankfurt.com\/wp-content\/uploads\/sites\/2\/Bild-1-scaled.jpeg\",\r\n            \"name\": \"BLUE LAB: Women from the Sea- Significant Gestures\",\r\n            \"url\": \"https:\/\/iftf-frankfurt.com\/en\/events\/blue-lab-women-from-the-sea-significant-gestures\/\"\r\n        }\r\n        <\/script>\r\n        <article class=\" mec-event-article mec-clear  \" itemscope>                    <div class=\"mec-event-image\"><a   data-event-id=\"26572\" href=\"https:\/\/iftf-frankfurt.com\/en\/events\/blue-lab-women-from-the-sea-significant-gestures\/\" target=\"m1\" rel=\"noopener\"><img fetchpriority=\"high\" decoding=\"async\" width=\"300\" height=\"242\" src=\"https:\/\/iftf-frankfurt.com\/wp-content\/uploads\/sites\/2\/Bild-1-300x242.jpeg\" class=\"attachment-medium size-medium wp-post-image\" alt=\"\" data-mec-postid=\"26572\" srcset=\"https:\/\/iftf-frankfurt.com\/wp-content\/uploads\/sites\/2\/Bild-1-300x242.jpeg 300w, https:\/\/iftf-frankfurt.com\/wp-content\/uploads\/sites\/2\/Bild-1-1024x827.jpeg 1024w, https:\/\/iftf-frankfurt.com\/wp-content\/uploads\/sites\/2\/Bild-1-768x620.jpeg 768w, https:\/\/iftf-frankfurt.com\/wp-content\/uploads\/sites\/2\/Bild-1-1536x1240.jpeg 1536w, https:\/\/iftf-frankfurt.com\/wp-content\/uploads\/sites\/2\/Bild-1-2048x1654.jpeg 2048w, https:\/\/iftf-frankfurt.com\/wp-content\/uploads\/sites\/2\/Bild-1-700x565.jpeg 700w\" sizes=\"(max-width: 300px) 100vw, 300px\" \/><\/a><\/div>\r\n                        <div class=\"mec-event-content\">\r\n                                    <div class=\"mec-event-date mec-bg-color\">\r\n                        <span class=\"mec-start-date-label\" itemprop=\"startDate\">16 September 2026<\/span>                                                                    <\/div>\r\n                                                                <h4 class=\"mec-event-title\"><a class=\"mec-color-hover\"  data-event-id=\"26572\" href=\"https:\/\/iftf-frankfurt.com\/en\/events\/blue-lab-women-from-the-sea-significant-gestures\/\" target=\"m1\" rel=\"noopener\">BLUE LAB: Women from the Sea- Significant Gestures<\/a><span class=\"event-color\" style=\"background: #0048d8\"><\/span><\/h4>\r\n                                <p class=\"mec-grid-event-location\">INDOOR STAGE PROTAGON, PROTAGON CULTURAL CENTRE \u2013 Orber Stra\u00dfe 57, 60386 Frankfurt am Main<\/p>\r\n                                                            <\/div>\r\n            <div class=\"mec-event-footer\">\r\n                                                <a class=\"mec-booking-button\"  data-event-id=\"26572\" href=\"https:\/\/iftf-frankfurt.com\/en\/events\/blue-lab-women-from-the-sea-significant-gestures\/\" target=\"m1\" rel=\"noopener\">View Detail<\/a>            <\/div>\r\n        <\/article><\/div>        <div class=\"col-md-4 col-sm-4\">        <script type=\"application\/ld+json\">\r\n        {\r\n            \"@context\": \"http:\/\/schema.org\",\r\n            \"@type\": \"Event\",\r\n            \"eventStatus\": \"https:\/\/schema.org\/EventScheduled\",\r\n            \"startDate\": \"2026-09-16\",\r\n            \"endDate\": \"2026-09-16\",\r\n            \"eventAttendanceMode\": \"https:\/\/schema.org\/OfflineEventAttendanceMode\",\r\n            \"location\":\r\n            {\r\n                \"@type\": \"Place\",\r\n                                \"name\": \"INDOOR STAGE PROTAGON\",\r\n                \"image\": \"\",\r\n                \"address\": \"PROTAGON CULTURAL CENTRE \u2013 Orber Stra\u00dfe 57, 60386 Frankfurt am Main\"\r\n                            },\r\n            \"organizer\":\r\n            {\r\n                \"@type\": \"Person\",\r\n                \"name\": \"\",\r\n                \"url\": \"\"\r\n            },\r\n            \"offers\":\r\n            {\r\n                \"url\": \"https:\/\/iftf-frankfurt.com\/en\/events\/blue-lab-the-oceans-and-us\/\",\r\n                \"price\": \"\",\r\n                \"priceCurrency\": \"USD\",\r\n                \"availability\": \"https:\/\/schema.org\/InStock\",\r\n                \"validFrom\": \"2026-09-16T00:00\"\r\n            },\r\n            \"performer\": \"\",\r\n            \"description\": \"&lt;p style=&quot;text-align: left;&quot; align=&quot;center&quot;&gt;&lt;span style=&quot;font-family: Times New Roman, serif;&quot;&gt;&lt;span style=&quot;font-size: small;&quot;&gt;Prof. Dr. Ciane Fernandes, Giovanne Dante, B\u00e1rbara Luci Carvolho&lt;\/span&gt;&lt;\/span&gt;&lt;\/p&gt; &lt;p align=&quot;left&quot;&gt;&lt;span style=&quot;font-family: Times New Roman, serif;&quot;&gt;&lt;span style=&quot;font-size: small;&quot;&gt;Im Anschluss an die Filmvorf\u00fchrung Women from the Sea \u2013 Significant Gestures von Raquel Clemente Martins kommen Prof. Dr. Ciane Fernandes, Giovanna Dante und B\u00e1rbara Luci Carvalho zusammen, um \u00fcber ihre unterschiedlichen Beziehungen mit dem Ozean zu reflektieren.&lt;br \/&gt; Aus k\u00fcnstlerischer, wissenschaftlicher und umweltbezogener Perspektive kommend, teilen sie einen gemeinsamen feministischen Zugang: Wie k\u00f6nnen das Wissen, die Erfahrungen und Stimmen von Frauen* dabei helfen, uns unser Verh\u00e4ltnis zum Ozean neu vorzustellen?&lt;br \/&gt; Zusammen fragen sie: Was bedeutet der Ozean f\u00fcr uns? Was kann der Ozean uns beibringen? Und wie k\u00f6nnen unterschiedliche &#8211; wissenschaftliche, k\u00fcnstlerische, verk\u00f6rperte und gelebte &#8211; Wissensformen zu einem f\u00fcrsorglicheren Umgang mit den Gew\u00e4ssern, die uns umgeben, beitragen?&lt;br \/&gt; Das Gespr\u00e4ch bringt verk\u00f6rpertes Wissen, Konservierung und k\u00fcnstlerische Praxis zusammen und erkundet dabei den Ozean als Raum f\u00fcr Verbindung, Transformation, Resilienz und kollektive F\u00fcrsorge.&lt;\/span&gt;&lt;\/span&gt;&lt;\/p&gt; &lt;p&gt;&nbsp;&lt;\/p&gt; &lt;p align=&quot;left&quot;&gt;&lt;span style=&quot;font-family: Times New Roman, serif;&quot;&gt;&lt;span style=&quot;font-size: small;&quot;&gt;Following the screening of Women from the Sea \u2013 Significant Gestures by Raquel Clemente Martins, Prof. Dr. Ciane Fernandes, Giovanna Dante and B\u00e1rbara Luci Carvalho come together to reflect on their different relationships with the ocean.&lt;br \/&gt; Coming from artistic, scientific and environmental perspectives, they share a common feminist approach: how can womxn\u2019s knowledge, experiences and voices help us reimagine our relationship with the ocean?&lt;br \/&gt; Together, they ask: What does the ocean mean to us? What can the ocean teach us? And how can different forms of knowledge, scientific, artistic, embodied and lived, contribute to a more caring relationship with the waters that sustain us?&lt;br \/&gt; The conversation brings together embodied knowledge, conservation and artistic practice, exploring the ocean as a space of connection, transformation, resilience and collective care. &lt;\/span&gt;&lt;\/span&gt;&lt;\/p&gt; \",\r\n            \"image\": \"https:\/\/iftf-frankfurt.com\/wp-content\/uploads\/sites\/2\/blue-lab.jpg\",\r\n            \"name\": \"&lt;b&gt;BLUE LAB: The Ocean and Us&lt;\/b&gt;\",\r\n            \"url\": \"https:\/\/iftf-frankfurt.com\/en\/events\/blue-lab-the-oceans-and-us\/\"\r\n        }\r\n        <\/script>\r\n        <article class=\" mec-event-article mec-clear  \" itemscope>                    <div class=\"mec-event-image\"><a   data-event-id=\"26574\" href=\"https:\/\/iftf-frankfurt.com\/en\/events\/blue-lab-the-oceans-and-us\/\" target=\"m1\" rel=\"noopener\"><img decoding=\"async\" width=\"300\" height=\"300\" src=\"https:\/\/iftf-frankfurt.com\/wp-content\/uploads\/sites\/2\/blue-lab-300x300.jpg\" class=\"attachment-medium size-medium wp-post-image\" alt=\"\" data-mec-postid=\"26574\" srcset=\"https:\/\/iftf-frankfurt.com\/wp-content\/uploads\/sites\/2\/blue-lab-300x300.jpg 300w, https:\/\/iftf-frankfurt.com\/wp-content\/uploads\/sites\/2\/blue-lab-150x150.jpg 150w, https:\/\/iftf-frankfurt.com\/wp-content\/uploads\/sites\/2\/blue-lab-768x768.jpg 768w, https:\/\/iftf-frankfurt.com\/wp-content\/uploads\/sites\/2\/blue-lab-570x570.jpg 570w, https:\/\/iftf-frankfurt.com\/wp-content\/uploads\/sites\/2\/blue-lab-500x500.jpg 500w, https:\/\/iftf-frankfurt.com\/wp-content\/uploads\/sites\/2\/blue-lab-700x700.jpg 700w, https:\/\/iftf-frankfurt.com\/wp-content\/uploads\/sites\/2\/blue-lab-650x650.jpg 650w, https:\/\/iftf-frankfurt.com\/wp-content\/uploads\/sites\/2\/blue-lab.jpg 800w\" sizes=\"(max-width: 300px) 100vw, 300px\" \/><\/a><\/div>\r\n                        <div class=\"mec-event-content\">\r\n                                    <div class=\"mec-event-date mec-bg-color\">\r\n                        <span class=\"mec-start-date-label\" itemprop=\"startDate\">16 September 2026<\/span>                                                                    <\/div>\r\n                                                                <h4 class=\"mec-event-title\"><a class=\"mec-color-hover\"  data-event-id=\"26574\" href=\"https:\/\/iftf-frankfurt.com\/en\/events\/blue-lab-the-oceans-and-us\/\" target=\"m1\" rel=\"noopener\"><b>BLUE LAB: The Ocean and Us<\/b><\/a><span class=\"event-color\" style=\"background: #0048d8\"><\/span><\/h4>\r\n                                <p class=\"mec-grid-event-location\">INDOOR STAGE PROTAGON, PROTAGON CULTURAL CENTRE \u2013 Orber Stra\u00dfe 57, 60386 Frankfurt am Main<\/p>\r\n                                                            <\/div>\r\n            <div class=\"mec-event-footer\">\r\n                                                <a class=\"mec-booking-button\"  data-event-id=\"26574\" href=\"https:\/\/iftf-frankfurt.com\/en\/events\/blue-lab-the-oceans-and-us\/\" target=\"m1\" rel=\"noopener\">View Detail<\/a>            <\/div>\r\n        <\/article><\/div>                <div class=\"col-md-4 col-sm-4\">        <script type=\"application\/ld+json\">\r\n        {\r\n            \"@context\": \"http:\/\/schema.org\",\r\n            \"@type\": \"Event\",\r\n            \"eventStatus\": \"https:\/\/schema.org\/EventScheduled\",\r\n            \"startDate\": \"2026-09-24\",\r\n            \"endDate\": \"2026-09-24\",\r\n            \"eventAttendanceMode\": \"https:\/\/schema.org\/OfflineEventAttendanceMode\",\r\n            \"location\":\r\n            {\r\n                \"@type\": \"Place\",\r\n                                \"name\": \"Schwimmhalle Goethe-Universit\u00e4t Frankfurt\",\r\n                \"image\": \"\",\r\n                \"address\": \"Ginnheimer Landstra\u00dfe 39, 60487 Frankfurt\"\r\n                            },\r\n            \"organizer\":\r\n            {\r\n                \"@type\": \"Person\",\r\n                \"name\": \"\",\r\n                \"url\": \"\"\r\n            },\r\n            \"offers\":\r\n            {\r\n                \"url\": \"https:\/\/iftf-frankfurt.com\/en\/events\/blue-lab-taking-care-of-caregivers-somatics-watery-wisdom-and-atypical-motherhood\/\",\r\n                \"price\": \"\",\r\n                \"priceCurrency\": \"USD\",\r\n                \"availability\": \"https:\/\/schema.org\/InStock\",\r\n                \"validFrom\": \"2026-09-24T00:00\"\r\n            },\r\n            \"performer\": \"\",\r\n            \"description\": \"&lt;p align=&quot;left&quot;&gt;&lt;span style=&quot;font-family: Times New Roman, serif;&quot;&gt;&lt;span style=&quot;font-size: small;&quot;&gt;Prof. Dr. Ciane Fernandes&lt;\/span&gt;&lt;\/span&gt;&lt;\/p&gt; &lt;p align=&quot;left&quot;&gt;&lt;span style=&quot;font-size: small;&quot;&gt;&#8220;ENG below&#8221;&lt;\/span&gt;&lt;\/p&gt; &lt;p align=&quot;left&quot;&gt;&lt;span style=&quot;font-family: Times New Roman, serif;&quot;&gt;&lt;span style=&quot;font-size: small;&quot;&gt;Eine einf\u00fchlsame kollektive Einstimmung w\u00e4hrend der Gezeitenpause im deutschen Meer, an verschiedenen Tagen des Festivals und offen f\u00fcr die Teilnahme des Publikums.&lt;\/span&gt;&lt;\/span&gt;&lt;\/p&gt; &lt;p align=&quot;left&quot;&gt;&lt;span style=&quot;font-family: Times New Roman, serif;&quot;&gt;&lt;span style=&quot;font-size: small;&quot;&gt;Die Gezeitenpause bezeichnet den kurzen Moment zwischen Ebbe und Flut, in dem sich der Wasserstand kaum ver\u00e4ndert. Durch die Bewegung des Mondes um die Erde verschiebt sich dieser Zeitpunkt t\u00e4glich um etwa 50 Minuten, sodass die Performance jeden Tag zu einer anderen Zeit stattfindet.&lt;\/span&gt;&lt;\/span&gt;&lt;\/p&gt; &lt;p align=&quot;left&quot;&gt;&lt;span style=&quot;font-family: Times New Roman, serif;&quot;&gt;&lt;span style=&quot;font-size: small;&quot;&gt;Wie k\u00f6nnen wir koloniale, fragmentierte Zeit und unterteilte R\u00e4ume aufl\u00f6sen und in einem Zwischenraum-Zeit-Kontinuum schweben \u2013 als ein sich ausbreitender, spiralf\u00f6rmiger, weiblicher und flie\u00dfender Zustand, tief verbunden mit den Rhythmen der Gezeiten?&lt;\/span&gt;&lt;\/span&gt;&lt;\/p&gt; &lt;p align=&quot;left&quot;&gt;&lt;span style=&quot;font-family: Times New Roman, serif;&quot;&gt;&lt;span style=&quot;font-size: small;&quot;&gt;&lt;strong&gt;Ort:&lt;\/strong&gt; SCHWIMMHALLE GOETHE-UNIVERSIT\u00c4T FRANKFURT &#8211; CAMPUS, GINNHEIMER LANDSTRA\u00dfE 39, 60487, FRANKFURT \u2022 &lt;strong&gt;Sprache(n):&lt;\/strong&gt; Englisch \u2022 &lt;strong&gt;Material:&lt;\/strong&gt; Badeanzug\/Badehose, Badekappe, ein Handtuch und\/oder einen Bademantel, Schwimmbrille, Ohrst\u00f6psel, Nasenklammer und eine Wasserflasche, um w\u00e4hrend der Aktivit\u00e4t ausreichend zu trinken. Es ist empfehlenswert, Shorts und ein T-Shirt mitzubringen, die du \u00fcber der Badekleidung tragen kannst, um damit ins Wasser zu gehen. Falls du eine Schnorchelmaske sowie Tauch- oder Schwimmflossen hast, kannst du diese ebenfalls mitbringen. Zus\u00e4tzlich kannst du ein St\u00fcck Baumwollstoff und\/oder ein Kost\u00fcm mitbringen, mit dem du im Wasser experimentieren m\u00f6chtest. Grunds\u00e4tzlich sollten Stoffe und Kost\u00fcme aus einem leichten, wassergeeigneten \u2022 &lt;strong&gt;Geb\u00fchr:&lt;\/strong&gt; kostenlos \u2022 &lt;strong&gt;Hinweis:&lt;\/strong&gt; max. 20 Teilnehmer*innen, Schwimmf\u00e4higkeit nicht erforderlich.&lt;\/span&gt;&lt;\/span&gt;&lt;\/p&gt; &lt;p&gt;&nbsp;&lt;\/p&gt; &lt;p align=&quot;left&quot;&gt;&lt;span style=&quot;font-family: Times New Roman, serif;&quot;&gt;&lt;span style=&quot;font-size: small;&quot;&gt;A sensitive collective attunement during the slack tide of the German ocean during intermission moments in different days of the festival, open to public participation. The slack tide, also known as tidal standstill or tidal pause, is a natural phenomenon that happens between high and low tides, characterized by a short period of time when there is no change in water level. It happens with a change of 50 minutes from one day to the next, due to the movement of the moon around the earth, so the performance will happen at different moments each day. How can we melt colonial fragmented time and compartmentalized space, and float on an in-between spacetime continuum as a spread-out spiraling feminine fluid state deeply connected to these tidal rhythms?&lt;\/span&gt;&lt;\/span&gt;&lt;\/p&gt; &lt;p align=&quot;left&quot;&gt;&lt;span style=&quot;font-family: Times New Roman, serif;&quot;&gt;&lt;span style=&quot;font-size: small;&quot;&gt;&lt;strong&gt;Location: &lt;\/strong&gt;SCHWIMMHALLE GOETHE-UNIVERSIT\u00c4T FRANKFURT &#8211; CAMPUS, GINNHEIMER LANDSTRA\u00dfE 39, 60487, FRANKFURT&lt;strong&gt; \u2022 Language(s):&lt;\/strong&gt; English \u2022 &lt;strong&gt;Material:&lt;\/strong&gt; Gear: Swimsuit\/swim trunks, swim cap, a towel and\/or bathrobe, goggles, earplugs, nose clip, and a water bottle to stay hydrated during the activity. It is recommended to bring shorts and a T-shirt to wear over your swimwear when entering the water. If you have a snorkel mask and diving or swimming fins, you are welcome to bring them as well. Additionally, you can bring a piece of cotton fabric and\/or a costume to experiment with in the water. In general, fabrics and costumes should be made of a lightweight material suitable for water use \u2022 &lt;strong&gt;Fee:&lt;\/strong&gt; kostenlos \u2022 &lt;strong&gt;Note:&lt;\/strong&gt; max. 20 Teilnehmer*innen, Schwimmf\u00e4higkeit nicht erforderlich.&lt;\/span&gt;&lt;\/span&gt;&lt;\/p&gt; &lt;p align=&quot;left&quot;&gt;&lt;img decoding=&quot;async&quot; class=&quot;alignnone size-medium wp-image-26945&quot; src=&quot;https:\/\/iftf-frankfurt.com\/wp-content\/uploads\/sites\/2\/unnamed-300x126.jpg&quot; alt=&quot;&quot; width=&quot;300&quot; height=&quot;126&quot; srcset=&quot;https:\/\/iftf-frankfurt.com\/wp-content\/uploads\/sites\/2\/unnamed-300x126.jpg 300w, https:\/\/iftf-frankfurt.com\/wp-content\/uploads\/sites\/2\/unnamed.jpg 512w&quot; sizes=&quot;(max-width: 300px) 100vw, 300px&quot; \/&gt;&lt;\/p&gt; \",\r\n            \"image\": \"https:\/\/iftf-frankfurt.com\/wp-content\/uploads\/sites\/2\/Ciane-Fernandes-por-Joao-Rafael-Neto-scaled.png\",\r\n            \"name\": \"BLUE LAB | Taking care of caregivers: Somatics, watery wisdom and atypical motherhood\",\r\n            \"url\": \"https:\/\/iftf-frankfurt.com\/en\/events\/blue-lab-taking-care-of-caregivers-somatics-watery-wisdom-and-atypical-motherhood\/\"\r\n        }\r\n        <\/script>\r\n        <article class=\" mec-event-article mec-clear  \" itemscope>                    <div class=\"mec-event-image\"><a   data-event-id=\"27143\" href=\"https:\/\/iftf-frankfurt.com\/en\/events\/blue-lab-taking-care-of-caregivers-somatics-watery-wisdom-and-atypical-motherhood\/\" target=\"m1\" rel=\"noopener\"><img loading=\"lazy\" decoding=\"async\" width=\"300\" height=\"169\" src=\"https:\/\/iftf-frankfurt.com\/wp-content\/uploads\/sites\/2\/Ciane-Fernandes-por-Joao-Rafael-Neto-300x169.png\" class=\"attachment-medium size-medium wp-post-image\" alt=\"\" data-mec-postid=\"27143\" srcset=\"https:\/\/iftf-frankfurt.com\/wp-content\/uploads\/sites\/2\/Ciane-Fernandes-por-Joao-Rafael-Neto-300x169.png 300w, https:\/\/iftf-frankfurt.com\/wp-content\/uploads\/sites\/2\/Ciane-Fernandes-por-Joao-Rafael-Neto-1024x576.png 1024w, https:\/\/iftf-frankfurt.com\/wp-content\/uploads\/sites\/2\/Ciane-Fernandes-por-Joao-Rafael-Neto-768x432.png 768w, https:\/\/iftf-frankfurt.com\/wp-content\/uploads\/sites\/2\/Ciane-Fernandes-por-Joao-Rafael-Neto-1536x863.png 1536w, https:\/\/iftf-frankfurt.com\/wp-content\/uploads\/sites\/2\/Ciane-Fernandes-por-Joao-Rafael-Neto-2048x1151.png 2048w, https:\/\/iftf-frankfurt.com\/wp-content\/uploads\/sites\/2\/Ciane-Fernandes-por-Joao-Rafael-Neto-700x393.png 700w, https:\/\/iftf-frankfurt.com\/wp-content\/uploads\/sites\/2\/Ciane-Fernandes-por-Joao-Rafael-Neto-539x303.png 539w\" sizes=\"(max-width: 300px) 100vw, 300px\" \/><\/a><\/div>\r\n                        <div class=\"mec-event-content\">\r\n                                    <div class=\"mec-event-date mec-bg-color\">\r\n                        <span class=\"mec-start-date-label\" itemprop=\"startDate\">24 September 2026<\/span>                                                                    <\/div>\r\n                                                                <h4 class=\"mec-event-title\"><a class=\"mec-color-hover\"  data-event-id=\"27143\" href=\"https:\/\/iftf-frankfurt.com\/en\/events\/blue-lab-taking-care-of-caregivers-somatics-watery-wisdom-and-atypical-motherhood\/\" target=\"m1\" rel=\"noopener\">BLUE LAB | Taking care of caregivers: Somatics, watery wisdom and atypical motherhood<\/a><span class=\"event-color\" style=\"background: #0048d8\"><\/span><\/h4>\r\n                                <p class=\"mec-grid-event-location\">Schwimmhalle Goethe-Universit\u00e4t Frankfurt, Ginnheimer Landstra\u00dfe 39, 60487 Frankfurt<\/p>\r\n                                                            <\/div>\r\n            <div class=\"mec-event-footer\">\r\n                                                <a class=\"mec-booking-button\"  data-event-id=\"27143\" href=\"https:\/\/iftf-frankfurt.com\/en\/events\/blue-lab-taking-care-of-caregivers-somatics-watery-wisdom-and-atypical-motherhood\/\" target=\"m1\" rel=\"noopener\">View Detail<\/a>            <\/div>\r\n        <\/article><\/div><\/div>                <div class=\"row\"><div class=\"col-md-4 col-sm-4\">        <script type=\"application\/ld+json\">\r\n        {\r\n            \"@context\": \"http:\/\/schema.org\",\r\n            \"@type\": \"Event\",\r\n            \"eventStatus\": \"https:\/\/schema.org\/EventScheduled\",\r\n            \"startDate\": \"2026-09-25\",\r\n            \"endDate\": \"2026-09-25\",\r\n            \"eventAttendanceMode\": \"https:\/\/schema.org\/OfflineEventAttendanceMode\",\r\n            \"location\":\r\n            {\r\n                \"@type\": \"Place\",\r\n                                \"name\": \"Schwimmhalle Goethe-Universit\u00e4t Frankfurt\",\r\n                \"image\": \"\",\r\n                \"address\": \"Ginnheimer Landstra\u00dfe 39, 60487 Frankfurt\"\r\n                            },\r\n            \"organizer\":\r\n            {\r\n                \"@type\": \"Person\",\r\n                \"name\": \"\",\r\n                \"url\": \"\"\r\n            },\r\n            \"offers\":\r\n            {\r\n                \"url\": \"https:\/\/iftf-frankfurt.com\/en\/events\/blue-lab-taking-care-of-caregivers-somatics-watery-wisdom-and-atypical-motherhood-2\/\",\r\n                \"price\": \"\",\r\n                \"priceCurrency\": \"USD\",\r\n                \"availability\": \"https:\/\/schema.org\/InStock\",\r\n                \"validFrom\": \"2026-09-25T00:00\"\r\n            },\r\n            \"performer\": \"\",\r\n            \"description\": \"&lt;p align=&quot;left&quot;&gt;&lt;span style=&quot;font-family: Times New Roman, serif;&quot;&gt;&lt;span style=&quot;font-size: small;&quot;&gt;Prof. Dr. Ciane Fernandes&lt;\/span&gt;&lt;\/span&gt;&lt;\/p&gt; &lt;p align=&quot;left&quot;&gt;&lt;span style=&quot;font-size: small;&quot;&gt;&#8220;ENG below&#8221;&lt;\/span&gt;&lt;\/p&gt; &lt;p align=&quot;left&quot;&gt;&lt;span style=&quot;font-family: Times New Roman, serif;&quot;&gt;&lt;span style=&quot;font-size: small;&quot;&gt;Eine einf\u00fchlsame kollektive Einstimmung w\u00e4hrend der Gezeitenpause im deutschen Meer, an verschiedenen Tagen des Festivals und offen f\u00fcr die Teilnahme des Publikums.&lt;\/span&gt;&lt;\/span&gt;&lt;\/p&gt; &lt;p align=&quot;left&quot;&gt;&lt;span style=&quot;font-family: Times New Roman, serif;&quot;&gt;&lt;span style=&quot;font-size: small;&quot;&gt;Die Gezeitenpause bezeichnet den kurzen Moment zwischen Ebbe und Flut, in dem sich der Wasserstand kaum ver\u00e4ndert. Durch die Bewegung des Mondes um die Erde verschiebt sich dieser Zeitpunkt t\u00e4glich um etwa 50 Minuten, sodass die Performance jeden Tag zu einer anderen Zeit stattfindet.&lt;\/span&gt;&lt;\/span&gt;&lt;\/p&gt; &lt;p align=&quot;left&quot;&gt;&lt;span style=&quot;font-family: Times New Roman, serif;&quot;&gt;&lt;span style=&quot;font-size: small;&quot;&gt;Wie k\u00f6nnen wir koloniale, fragmentierte Zeit und unterteilte R\u00e4ume aufl\u00f6sen und in einem Zwischenraum-Zeit-Kontinuum schweben \u2013 als ein sich ausbreitender, spiralf\u00f6rmiger, weiblicher und flie\u00dfender Zustand, tief verbunden mit den Rhythmen der Gezeiten?&lt;\/span&gt;&lt;\/span&gt;&lt;\/p&gt; &lt;p align=&quot;left&quot;&gt;&lt;span style=&quot;font-family: Times New Roman, serif;&quot;&gt;&lt;span style=&quot;font-size: small;&quot;&gt;&lt;strong&gt;Ort:&lt;\/strong&gt; SCHWIMMHALLE GOETHE-UNIVERSIT\u00c4T FRANKFURT &#8211; CAMPUS, GINNHEIMER LANDSTRA\u00dfE 39, 60487, FRANKFURT \u2022 &lt;strong&gt;Sprache(n):&lt;\/strong&gt; Englisch \u2022 &lt;strong&gt;Material:&lt;\/strong&gt; Badeanzug\/Badehose, Badekappe, ein Handtuch und\/oder einen Bademantel, Schwimmbrille, Ohrst\u00f6psel, Nasenklammer und eine Wasserflasche, um w\u00e4hrend der Aktivit\u00e4t ausreichend zu trinken. Es ist empfehlenswert, Shorts und ein T-Shirt mitzubringen, die du \u00fcber der Badekleidung tragen kannst, um damit ins Wasser zu gehen. Falls du eine Schnorchelmaske sowie Tauch- oder Schwimmflossen hast, kannst du diese ebenfalls mitbringen. Zus\u00e4tzlich kannst du ein St\u00fcck Baumwollstoff und\/oder ein Kost\u00fcm mitbringen, mit dem du im Wasser experimentieren m\u00f6chtest. Grunds\u00e4tzlich sollten Stoffe und Kost\u00fcme aus einem leichten, wassergeeigneten \u2022 &lt;strong&gt;Geb\u00fchr:&lt;\/strong&gt; kostenlos \u2022 &lt;strong&gt;Hinweis:&lt;\/strong&gt; max. 20 Teilnehmer*innen, Schwimmf\u00e4higkeit nicht erforderlich.&lt;\/span&gt;&lt;\/span&gt;&lt;\/p&gt; &lt;p&gt;&nbsp;&lt;\/p&gt; &lt;p align=&quot;left&quot;&gt;&lt;span style=&quot;font-family: Times New Roman, serif;&quot;&gt;&lt;span style=&quot;font-size: small;&quot;&gt;A sensitive collective attunement during the slack tide of the German ocean during intermission moments in different days of the festival, open to public participation. The slack tide, also known as tidal standstill or tidal pause, is a natural phenomenon that happens between high and low tides, characterized by a short period of time when there is no change in water level. It happens with a change of 50 minutes from one day to the next, due to the movement of the moon around the earth, so the performance will happen at different moments each day. How can we melt colonial fragmented time and compartmentalized space, and float on an in-between spacetime continuum as a spread-out spiraling feminine fluid state deeply connected to these tidal rhythms?&lt;\/span&gt;&lt;\/span&gt;&lt;\/p&gt; &lt;p align=&quot;left&quot;&gt;&lt;span style=&quot;font-family: Times New Roman, serif;&quot;&gt;&lt;span style=&quot;font-size: small;&quot;&gt;&lt;strong&gt;Location: &lt;\/strong&gt;SCHWIMMHALLE GOETHE-UNIVERSIT\u00c4T FRANKFURT &#8211; CAMPUS, GINNHEIMER LANDSTRA\u00dfE 39, 60487, FRANKFURT&lt;strong&gt; \u2022 Language(s):&lt;\/strong&gt; English \u2022 &lt;strong&gt;Material:&lt;\/strong&gt; Gear: Swimsuit\/swim trunks, swim cap, a towel and\/or bathrobe, goggles, earplugs, nose clip, and a water bottle to stay hydrated during the activity. It is recommended to bring shorts and a T-shirt to wear over your swimwear when entering the water. If you have a snorkel mask and diving or swimming fins, you are welcome to bring them as well. Additionally, you can bring a piece of cotton fabric and\/or a costume to experiment with in the water. In general, fabrics and costumes should be made of a lightweight material suitable for water use \u2022 &lt;strong&gt;Fee:&lt;\/strong&gt; kostenlos \u2022 &lt;strong&gt;Note:&lt;\/strong&gt; max. 20 Teilnehmer*innen, Schwimmf\u00e4higkeit nicht erforderlich.&lt;\/span&gt;&lt;\/span&gt;&lt;\/p&gt; &lt;p align=&quot;left&quot;&gt;&lt;img decoding=&quot;async&quot; class=&quot;alignnone size-medium wp-image-26945&quot; src=&quot;https:\/\/iftf-frankfurt.com\/wp-content\/uploads\/sites\/2\/unnamed-300x126.jpg&quot; alt=&quot;&quot; width=&quot;300&quot; height=&quot;126&quot; srcset=&quot;https:\/\/iftf-frankfurt.com\/wp-content\/uploads\/sites\/2\/unnamed-300x126.jpg 300w, https:\/\/iftf-frankfurt.com\/wp-content\/uploads\/sites\/2\/unnamed.jpg 512w&quot; sizes=&quot;(max-width: 300px) 100vw, 300px&quot; \/&gt;&lt;\/p&gt; \",\r\n            \"image\": \"https:\/\/iftf-frankfurt.com\/wp-content\/uploads\/sites\/2\/Ciane-Fernandes-por-Joao-Rafael-Neto-scaled.png\",\r\n            \"name\": \"BLUE LAB | Taking care of caregivers: Somatics, watery wisdom and atypical motherhood\",\r\n            \"url\": \"https:\/\/iftf-frankfurt.com\/en\/events\/blue-lab-taking-care-of-caregivers-somatics-watery-wisdom-and-atypical-motherhood-2\/\"\r\n        }\r\n        <\/script>\r\n        <article class=\" mec-event-article mec-clear  \" itemscope>                    <div class=\"mec-event-image\"><a   data-event-id=\"27149\" href=\"https:\/\/iftf-frankfurt.com\/en\/events\/blue-lab-taking-care-of-caregivers-somatics-watery-wisdom-and-atypical-motherhood-2\/\" target=\"m1\" rel=\"noopener\"><img loading=\"lazy\" decoding=\"async\" width=\"300\" height=\"169\" src=\"https:\/\/iftf-frankfurt.com\/wp-content\/uploads\/sites\/2\/Ciane-Fernandes-por-Joao-Rafael-Neto-300x169.png\" class=\"attachment-medium size-medium wp-post-image\" alt=\"\" data-mec-postid=\"27149\" srcset=\"https:\/\/iftf-frankfurt.com\/wp-content\/uploads\/sites\/2\/Ciane-Fernandes-por-Joao-Rafael-Neto-300x169.png 300w, https:\/\/iftf-frankfurt.com\/wp-content\/uploads\/sites\/2\/Ciane-Fernandes-por-Joao-Rafael-Neto-1024x576.png 1024w, https:\/\/iftf-frankfurt.com\/wp-content\/uploads\/sites\/2\/Ciane-Fernandes-por-Joao-Rafael-Neto-768x432.png 768w, https:\/\/iftf-frankfurt.com\/wp-content\/uploads\/sites\/2\/Ciane-Fernandes-por-Joao-Rafael-Neto-1536x863.png 1536w, https:\/\/iftf-frankfurt.com\/wp-content\/uploads\/sites\/2\/Ciane-Fernandes-por-Joao-Rafael-Neto-2048x1151.png 2048w, https:\/\/iftf-frankfurt.com\/wp-content\/uploads\/sites\/2\/Ciane-Fernandes-por-Joao-Rafael-Neto-700x393.png 700w, https:\/\/iftf-frankfurt.com\/wp-content\/uploads\/sites\/2\/Ciane-Fernandes-por-Joao-Rafael-Neto-539x303.png 539w\" sizes=\"(max-width: 300px) 100vw, 300px\" \/><\/a><\/div>\r\n                        <div class=\"mec-event-content\">\r\n                                    <div class=\"mec-event-date mec-bg-color\">\r\n                        <span class=\"mec-start-date-label\" itemprop=\"startDate\">25 September 2026<\/span>                                                                    <\/div>\r\n                                                                <h4 class=\"mec-event-title\"><a class=\"mec-color-hover\"  data-event-id=\"27149\" href=\"https:\/\/iftf-frankfurt.com\/en\/events\/blue-lab-taking-care-of-caregivers-somatics-watery-wisdom-and-atypical-motherhood-2\/\" target=\"m1\" rel=\"noopener\">BLUE LAB | Taking care of caregivers: Somatics, watery wisdom and atypical motherhood<\/a><span class=\"event-color\" style=\"background: #0048d8\"><\/span><\/h4>\r\n                                <p class=\"mec-grid-event-location\">Schwimmhalle Goethe-Universit\u00e4t Frankfurt, Ginnheimer Landstra\u00dfe 39, 60487 Frankfurt<\/p>\r\n                                                            <\/div>\r\n            <div class=\"mec-event-footer\">\r\n                                                <a class=\"mec-booking-button\"  data-event-id=\"27149\" href=\"https:\/\/iftf-frankfurt.com\/en\/events\/blue-lab-taking-care-of-caregivers-somatics-watery-wisdom-and-atypical-motherhood-2\/\" target=\"m1\" rel=\"noopener\">View Detail<\/a>            <\/div>\r\n        <\/article><\/div>                <div class=\"col-md-4 col-sm-4\">        <script type=\"application\/ld+json\">\r\n        {\r\n            \"@context\": \"http:\/\/schema.org\",\r\n            \"@type\": \"Event\",\r\n            \"eventStatus\": \"https:\/\/schema.org\/EventScheduled\",\r\n            \"startDate\": \"2026-09-26\",\r\n            \"endDate\": \"2026-09-26\",\r\n            \"eventAttendanceMode\": \"https:\/\/schema.org\/OfflineEventAttendanceMode\",\r\n            \"location\":\r\n            {\r\n                \"@type\": \"Place\",\r\n                                \"name\": \"Schwimmhalle Goethe-Universit\u00e4t Frankfurt\",\r\n                \"image\": \"\",\r\n                \"address\": \"Ginnheimer Landstra\u00dfe 39, 60487 Frankfurt\"\r\n                            },\r\n            \"organizer\":\r\n            {\r\n                \"@type\": \"Person\",\r\n                \"name\": \"\",\r\n                \"url\": \"\"\r\n            },\r\n            \"offers\":\r\n            {\r\n                \"url\": \"https:\/\/iftf-frankfurt.com\/en\/events\/blue-lab-taking-care-of-caregivers-somatics-watery-wisdom-and-atypical-motherhood-2\/\",\r\n                \"price\": \"\",\r\n                \"priceCurrency\": \"USD\",\r\n                \"availability\": \"https:\/\/schema.org\/InStock\",\r\n                \"validFrom\": \"2026-09-26T00:00\"\r\n            },\r\n            \"performer\": \"\",\r\n            \"description\": \"&lt;p align=&quot;left&quot;&gt;&lt;span style=&quot;font-family: Times New Roman, serif;&quot;&gt;&lt;span style=&quot;font-size: small;&quot;&gt;Prof. Dr. Ciane Fernandes&lt;\/span&gt;&lt;\/span&gt;&lt;\/p&gt; &lt;p align=&quot;left&quot;&gt;&lt;span style=&quot;font-size: small;&quot;&gt;&#8220;ENG below&#8221;&lt;\/span&gt;&lt;\/p&gt; &lt;p align=&quot;left&quot;&gt;&lt;span style=&quot;font-family: Times New Roman, serif;&quot;&gt;&lt;span style=&quot;font-size: small;&quot;&gt;Eine einf\u00fchlsame kollektive Einstimmung w\u00e4hrend der Gezeitenpause im deutschen Meer, an verschiedenen Tagen des Festivals und offen f\u00fcr die Teilnahme des Publikums.&lt;\/span&gt;&lt;\/span&gt;&lt;\/p&gt; &lt;p align=&quot;left&quot;&gt;&lt;span style=&quot;font-family: Times New Roman, serif;&quot;&gt;&lt;span style=&quot;font-size: small;&quot;&gt;Die Gezeitenpause bezeichnet den kurzen Moment zwischen Ebbe und Flut, in dem sich der Wasserstand kaum ver\u00e4ndert. Durch die Bewegung des Mondes um die Erde verschiebt sich dieser Zeitpunkt t\u00e4glich um etwa 50 Minuten, sodass die Performance jeden Tag zu einer anderen Zeit stattfindet.&lt;\/span&gt;&lt;\/span&gt;&lt;\/p&gt; &lt;p align=&quot;left&quot;&gt;&lt;span style=&quot;font-family: Times New Roman, serif;&quot;&gt;&lt;span style=&quot;font-size: small;&quot;&gt;Wie k\u00f6nnen wir koloniale, fragmentierte Zeit und unterteilte R\u00e4ume aufl\u00f6sen und in einem Zwischenraum-Zeit-Kontinuum schweben \u2013 als ein sich ausbreitender, spiralf\u00f6rmiger, weiblicher und flie\u00dfender Zustand, tief verbunden mit den Rhythmen der Gezeiten?&lt;\/span&gt;&lt;\/span&gt;&lt;\/p&gt; &lt;p align=&quot;left&quot;&gt;&lt;span style=&quot;font-family: Times New Roman, serif;&quot;&gt;&lt;span style=&quot;font-size: small;&quot;&gt;&lt;strong&gt;Ort:&lt;\/strong&gt; SCHWIMMHALLE GOETHE-UNIVERSIT\u00c4T FRANKFURT &#8211; CAMPUS, GINNHEIMER LANDSTRA\u00dfE 39, 60487, FRANKFURT \u2022 &lt;strong&gt;Sprache(n):&lt;\/strong&gt; Englisch \u2022 &lt;strong&gt;Material:&lt;\/strong&gt; Badeanzug\/Badehose, Badekappe, ein Handtuch und\/oder einen Bademantel, Schwimmbrille, Ohrst\u00f6psel, Nasenklammer und eine Wasserflasche, um w\u00e4hrend der Aktivit\u00e4t ausreichend zu trinken. Es ist empfehlenswert, Shorts und ein T-Shirt mitzubringen, die du \u00fcber der Badekleidung tragen kannst, um damit ins Wasser zu gehen. Falls du eine Schnorchelmaske sowie Tauch- oder Schwimmflossen hast, kannst du diese ebenfalls mitbringen. Zus\u00e4tzlich kannst du ein St\u00fcck Baumwollstoff und\/oder ein Kost\u00fcm mitbringen, mit dem du im Wasser experimentieren m\u00f6chtest. Grunds\u00e4tzlich sollten Stoffe und Kost\u00fcme aus einem leichten, wassergeeigneten \u2022 &lt;strong&gt;Geb\u00fchr:&lt;\/strong&gt; kostenlos \u2022 &lt;strong&gt;Hinweis:&lt;\/strong&gt; max. 20 Teilnehmer*innen, Schwimmf\u00e4higkeit nicht erforderlich.&lt;\/span&gt;&lt;\/span&gt;&lt;\/p&gt; &lt;p&gt;&nbsp;&lt;\/p&gt; &lt;p align=&quot;left&quot;&gt;&lt;span style=&quot;font-family: Times New Roman, serif;&quot;&gt;&lt;span style=&quot;font-size: small;&quot;&gt;A sensitive collective attunement during the slack tide of the German ocean during intermission moments in different days of the festival, open to public participation. The slack tide, also known as tidal standstill or tidal pause, is a natural phenomenon that happens between high and low tides, characterized by a short period of time when there is no change in water level. It happens with a change of 50 minutes from one day to the next, due to the movement of the moon around the earth, so the performance will happen at different moments each day. How can we melt colonial fragmented time and compartmentalized space, and float on an in-between spacetime continuum as a spread-out spiraling feminine fluid state deeply connected to these tidal rhythms?&lt;\/span&gt;&lt;\/span&gt;&lt;\/p&gt; &lt;p align=&quot;left&quot;&gt;&lt;span style=&quot;font-family: Times New Roman, serif;&quot;&gt;&lt;span style=&quot;font-size: small;&quot;&gt;&lt;strong&gt;Location: &lt;\/strong&gt;SCHWIMMHALLE GOETHE-UNIVERSIT\u00c4T FRANKFURT &#8211; CAMPUS, GINNHEIMER LANDSTRA\u00dfE 39, 60487, FRANKFURT&lt;strong&gt; \u2022 Language(s):&lt;\/strong&gt; English \u2022 &lt;strong&gt;Material:&lt;\/strong&gt; Gear: Swimsuit\/swim trunks, swim cap, a towel and\/or bathrobe, goggles, earplugs, nose clip, and a water bottle to stay hydrated during the activity. It is recommended to bring shorts and a T-shirt to wear over your swimwear when entering the water. If you have a snorkel mask and diving or swimming fins, you are welcome to bring them as well. Additionally, you can bring a piece of cotton fabric and\/or a costume to experiment with in the water. In general, fabrics and costumes should be made of a lightweight material suitable for water use \u2022 &lt;strong&gt;Fee:&lt;\/strong&gt; kostenlos \u2022 &lt;strong&gt;Note:&lt;\/strong&gt; max. 20 Teilnehmer*innen, Schwimmf\u00e4higkeit nicht erforderlich.&lt;\/span&gt;&lt;\/span&gt;&lt;\/p&gt; &lt;p align=&quot;left&quot;&gt;&lt;img decoding=&quot;async&quot; class=&quot;alignnone size-medium wp-image-26945&quot; src=&quot;https:\/\/iftf-frankfurt.com\/wp-content\/uploads\/sites\/2\/unnamed-300x126.jpg&quot; alt=&quot;&quot; width=&quot;300&quot; height=&quot;126&quot; srcset=&quot;https:\/\/iftf-frankfurt.com\/wp-content\/uploads\/sites\/2\/unnamed-300x126.jpg 300w, https:\/\/iftf-frankfurt.com\/wp-content\/uploads\/sites\/2\/unnamed.jpg 512w&quot; sizes=&quot;(max-width: 300px) 100vw, 300px&quot; \/&gt;&lt;\/p&gt; \",\r\n            \"image\": \"https:\/\/iftf-frankfurt.com\/wp-content\/uploads\/sites\/2\/Ciane-Fernandes-por-Joao-Rafael-Neto-scaled.png\",\r\n            \"name\": \"BLUE LAB | Taking care of caregivers: Somatics, watery wisdom and atypical motherhood\",\r\n            \"url\": \"https:\/\/iftf-frankfurt.com\/en\/events\/blue-lab-taking-care-of-caregivers-somatics-watery-wisdom-and-atypical-motherhood-2\/\"\r\n        }\r\n        <\/script>\r\n        <article class=\" mec-event-article mec-clear  \" itemscope>                    <div class=\"mec-event-image\"><a   data-event-id=\"27149\" href=\"https:\/\/iftf-frankfurt.com\/en\/events\/blue-lab-taking-care-of-caregivers-somatics-watery-wisdom-and-atypical-motherhood-2\/\" target=\"m1\" rel=\"noopener\"><img loading=\"lazy\" decoding=\"async\" width=\"300\" height=\"169\" src=\"https:\/\/iftf-frankfurt.com\/wp-content\/uploads\/sites\/2\/Ciane-Fernandes-por-Joao-Rafael-Neto-300x169.png\" class=\"attachment-medium size-medium wp-post-image\" alt=\"\" data-mec-postid=\"27149\" srcset=\"https:\/\/iftf-frankfurt.com\/wp-content\/uploads\/sites\/2\/Ciane-Fernandes-por-Joao-Rafael-Neto-300x169.png 300w, https:\/\/iftf-frankfurt.com\/wp-content\/uploads\/sites\/2\/Ciane-Fernandes-por-Joao-Rafael-Neto-1024x576.png 1024w, https:\/\/iftf-frankfurt.com\/wp-content\/uploads\/sites\/2\/Ciane-Fernandes-por-Joao-Rafael-Neto-768x432.png 768w, https:\/\/iftf-frankfurt.com\/wp-content\/uploads\/sites\/2\/Ciane-Fernandes-por-Joao-Rafael-Neto-1536x863.png 1536w, https:\/\/iftf-frankfurt.com\/wp-content\/uploads\/sites\/2\/Ciane-Fernandes-por-Joao-Rafael-Neto-2048x1151.png 2048w, https:\/\/iftf-frankfurt.com\/wp-content\/uploads\/sites\/2\/Ciane-Fernandes-por-Joao-Rafael-Neto-700x393.png 700w, https:\/\/iftf-frankfurt.com\/wp-content\/uploads\/sites\/2\/Ciane-Fernandes-por-Joao-Rafael-Neto-539x303.png 539w\" sizes=\"(max-width: 300px) 100vw, 300px\" \/><\/a><\/div>\r\n                        <div class=\"mec-event-content\">\r\n                                    <div class=\"mec-event-date mec-bg-color\">\r\n                        <span class=\"mec-start-date-label\" itemprop=\"startDate\">26 September 2026<\/span>                                                                    <\/div>\r\n                                                                <h4 class=\"mec-event-title\"><a class=\"mec-color-hover\"  data-event-id=\"27149\" href=\"https:\/\/iftf-frankfurt.com\/en\/events\/blue-lab-taking-care-of-caregivers-somatics-watery-wisdom-and-atypical-motherhood-2\/\" target=\"m1\" rel=\"noopener\">BLUE LAB | Taking care of caregivers: Somatics, watery wisdom and atypical motherhood<\/a><span class=\"event-color\" style=\"background: #0048d8\"><\/span><\/h4>\r\n                                <p class=\"mec-grid-event-location\">Schwimmhalle Goethe-Universit\u00e4t Frankfurt, Ginnheimer Landstra\u00dfe 39, 60487 Frankfurt<\/p>\r\n                                                            <\/div>\r\n            <div class=\"mec-event-footer\">\r\n                                                <a class=\"mec-booking-button\"  data-event-id=\"27149\" href=\"https:\/\/iftf-frankfurt.com\/en\/events\/blue-lab-taking-care-of-caregivers-somatics-watery-wisdom-and-atypical-motherhood-2\/\" target=\"m1\" rel=\"noopener\">View Detail<\/a>            <\/div>\r\n        <\/article><\/div>                        <\/div>\t<\/div>\r\n<\/div>\r\n\r\n    <\/div>\r\n    <div class=\"mec-skin-grid-no-events-container mec-util-hidden\" id=\"mec_skin_no_events_27260\">\r\n        No event found!    <\/div>\r\n        \r\n        \r\n<\/div>\n<\/div>\n\t\t\t\t<\/div>\n\t\t\t\t<\/div>\n\t\t\t\t<\/div>\n\t\t\t\t<\/div>\n\t\t","protected":false},"excerpt":{"rendered":"Prof. Dr. Ciane Fernandes \"ENG below\" Eine einf\u00fchlsame kollektive Einstimmung w\u00e4hrend der Gezeitenpause im deutschen Meer, an verschiedenen Tagen des Festivals und offen f\u00fcr die Teilnahme des Publikums. Die Gezeitenpause bezeichnet den kurzen Moment zwischen Ebbe und Flut, in dem sich der Wasserstand kaum ver\u00e4ndert....","protected":false},"author":7,"featured_media":0,"parent":0,"menu_order":0,"comment_status":"closed","ping_status":"closed","template":"","meta":{"footnotes":""},"class_list":["post-27272","page","type-page","status-publish","hentry"],"yoast_head":"<!-- This site is optimized with the Yoast SEO plugin v19.13 - https:\/\/yoast.com\/wordpress\/plugins\/seo\/ -->\n<title>Program-Blue-Lab - International Women\u2018s* Theatre Festival<\/title>\n<meta name=\"robots\" content=\"index, follow, max-snippet:-1, max-image-preview:large, max-video-preview:-1\" \/>\n<link rel=\"canonical\" href=\"https:\/\/iftf-frankfurt.com\/en\/program-blue-lab\/\" \/>\n<meta property=\"og:locale\" content=\"en_GB\" \/>\n<meta property=\"og:type\" content=\"article\" \/>\n<meta property=\"og:title\" content=\"Program-Blue-Lab - International Women\u2018s* Theatre Festival\" \/>\n<meta property=\"og:url\" content=\"https:\/\/iftf-frankfurt.com\/en\/program-blue-lab\/\" \/>\n<meta property=\"og:site_name\" content=\"International Women\u2018s* Theatre Festival\" \/>\n<meta property=\"article:publisher\" content=\"https:\/\/www.facebook.com\/frauenfestival\" \/>\n<meta property=\"article:modified_time\" content=\"2026-09-04T19:30:04+00:00\" \/>\n<meta property=\"og:image\" content=\"https:\/\/iftf-frankfurt.com\/wp-content\/uploads\/sites\/2\/IFTF26_Logo_CMYK-schwarz.jpg\" \/>\n\t<meta property=\"og:image:width\" content=\"2244\" \/>\n\t<meta property=\"og:image:height\" content=\"827\" \/>\n\t<meta property=\"og:image:type\" content=\"image\/jpeg\" \/>\n<meta name=\"twitter:card\" content=\"summary_large_image\" \/>\n<script type=\"application\/ld+json\" class=\"yoast-schema-graph\">{\"@context\":\"https:\/\/schema.org\",\"@graph\":[{\"@type\":\"WebPage\",\"@id\":\"https:\/\/iftf-frankfurt.com\/en\/program-blue-lab\/\",\"url\":\"https:\/\/iftf-frankfurt.com\/en\/program-blue-lab\/\",\"name\":\"Program-Blue-Lab - International Women\u2018s* Theatre Festival\",\"isPartOf\":{\"@id\":\"https:\/\/iftf-frankfurt.com\/#website\"},\"datePublished\":\"2026-09-01T14:06:02+00:00\",\"dateModified\":\"2026-09-04T19:30:04+00:00\",\"breadcrumb\":{\"@id\":\"https:\/\/iftf-frankfurt.com\/en\/program-blue-lab\/#breadcrumb\"},\"inLanguage\":\"en-GB\",\"potentialAction\":[{\"@type\":\"ReadAction\",\"target\":[\"https:\/\/iftf-frankfurt.com\/en\/program-blue-lab\/\"]}]},{\"@type\":\"BreadcrumbList\",\"@id\":\"https:\/\/iftf-frankfurt.com\/en\/program-blue-lab\/#breadcrumb\",\"itemListElement\":[{\"@type\":\"ListItem\",\"position\":1,\"name\":\"Startseite\",\"item\":\"https:\/\/iftf-frankfurt.com\/en\/internationale-frauentheaterfestival-iftf\/\"},{\"@type\":\"ListItem\",\"position\":2,\"name\":\"Program-Blue-Lab\"}]},{\"@type\":\"WebSite\",\"@id\":\"https:\/\/iftf-frankfurt.com\/#website\",\"url\":\"https:\/\/iftf-frankfurt.com\/\",\"name\":\"International Women\u2018s* Theatre Festival\",\"description\":\"IF*TF\",\"publisher\":{\"@id\":\"https:\/\/iftf-frankfurt.com\/#organization\"},\"inLanguage\":\"en-GB\"},{\"@type\":\"Organization\",\"@id\":\"https:\/\/iftf-frankfurt.com\/#organization\",\"name\":\"International Womxn\u2018s* Theatre Festival\",\"url\":\"https:\/\/iftf-frankfurt.com\/\",\"logo\":{\"@type\":\"ImageObject\",\"inLanguage\":\"en-GB\",\"@id\":\"https:\/\/iftf-frankfurt.com\/#\/schema\/logo\/image\/\",\"url\":\"\",\"contentUrl\":\"\",\"caption\":\"International Womxn\u2018s* Theatre Festival\"},\"image\":{\"@id\":\"https:\/\/iftf-frankfurt.com\/#\/schema\/logo\/image\/\"},\"sameAs\":[\"https:\/\/www.instagram.com\/frauentheaterfestival\/\",\"https:\/\/www.youtube.com\/channel\/UC80VX69VC0NxXd6a89DoydA\",\"https:\/\/www.facebook.com\/frauenfestival\"]}]}<\/script>\n<!-- \/ Yoast SEO plugin. -->","yoast_head_json":{"title":"Program-Blue-Lab - International Women\u2018s* Theatre Festival","robots":{"index":"index","follow":"follow","max-snippet":"max-snippet:-1","max-image-preview":"max-image-preview:large","max-video-preview":"max-video-preview:-1"},"canonical":"https:\/\/iftf-frankfurt.com\/en\/program-blue-lab\/","og_locale":"en_GB","og_type":"article","og_title":"Program-Blue-Lab - International Women\u2018s* Theatre Festival","og_url":"https:\/\/iftf-frankfurt.com\/en\/program-blue-lab\/","og_site_name":"International Women\u2018s* Theatre Festival","article_publisher":"https:\/\/www.facebook.com\/frauenfestival","article_modified_time":"2026-09-04T19:30:04+00:00","og_image":[{"width":2244,"height":827,"url":"https:\/\/iftf-frankfurt.com\/wp-content\/uploads\/sites\/2\/IFTF26_Logo_CMYK-schwarz.jpg","type":"image\/jpeg"}],"twitter_card":"summary_large_image","schema":{"@context":"https:\/\/schema.org","@graph":[{"@type":"WebPage","@id":"https:\/\/iftf-frankfurt.com\/en\/program-blue-lab\/","url":"https:\/\/iftf-frankfurt.com\/en\/program-blue-lab\/","name":"Program-Blue-Lab - International Women\u2018s* Theatre Festival","isPartOf":{"@id":"https:\/\/iftf-frankfurt.com\/#website"},"datePublished":"2026-09-01T14:06:02+00:00","dateModified":"2026-09-04T19:30:04+00:00","breadcrumb":{"@id":"https:\/\/iftf-frankfurt.com\/en\/program-blue-lab\/#breadcrumb"},"inLanguage":"en-GB","potentialAction":[{"@type":"ReadAction","target":["https:\/\/iftf-frankfurt.com\/en\/program-blue-lab\/"]}]},{"@type":"BreadcrumbList","@id":"https:\/\/iftf-frankfurt.com\/en\/program-blue-lab\/#breadcrumb","itemListElement":[{"@type":"ListItem","position":1,"name":"Startseite","item":"https:\/\/iftf-frankfurt.com\/en\/internationale-frauentheaterfestival-iftf\/"},{"@type":"ListItem","position":2,"name":"Program-Blue-Lab"}]},{"@type":"WebSite","@id":"https:\/\/iftf-frankfurt.com\/#website","url":"https:\/\/iftf-frankfurt.com\/","name":"International Women\u2018s* Theatre Festival","description":"IF*TF","publisher":{"@id":"https:\/\/iftf-frankfurt.com\/#organization"},"inLanguage":"en-GB"},{"@type":"Organization","@id":"https:\/\/iftf-frankfurt.com\/#organization","name":"International Womxn\u2018s* Theatre Festival","url":"https:\/\/iftf-frankfurt.com\/","logo":{"@type":"ImageObject","inLanguage":"en-GB","@id":"https:\/\/iftf-frankfurt.com\/#\/schema\/logo\/image\/","url":"","contentUrl":"","caption":"International Womxn\u2018s* Theatre Festival"},"image":{"@id":"https:\/\/iftf-frankfurt.com\/#\/schema\/logo\/image\/"},"sameAs":["https:\/\/www.instagram.com\/frauentheaterfestival\/","https:\/\/www.youtube.com\/channel\/UC80VX69VC0NxXd6a89DoydA","https:\/\/www.facebook.com\/frauenfestival"]}]}},"_links":{"self":[{"href":"https:\/\/iftf-frankfurt.com\/en\/wp-json\/wp\/v2\/pages\/27272","targetHints":{"allow":["GET"]}}],"collection":[{"href":"https:\/\/iftf-frankfurt.com\/en\/wp-json\/wp\/v2\/pages"}],"about":[{"href":"https:\/\/iftf-frankfurt.com\/en\/wp-json\/wp\/v2\/types\/page"}],"author":[{"embeddable":true,"href":"https:\/\/iftf-frankfurt.com\/en\/wp-json\/wp\/v2\/users\/7"}],"replies":[{"embeddable":true,"href":"https:\/\/iftf-frankfurt.com\/en\/wp-json\/wp\/v2\/comments?post=27272"}],"version-history":[{"count":1,"href":"https:\/\/iftf-frankfurt.com\/en\/wp-json\/wp\/v2\/pages\/27272\/revisions"}],"predecessor-version":[{"id":27273,"href":"https:\/\/iftf-frankfurt.com\/en\/wp-json\/wp\/v2\/pages\/27272\/revisions\/27273"}],"wp:attachment":[{"href":"https:\/\/iftf-frankfurt.com\/en\/wp-json\/wp\/v2\/media?parent=27272"}],"curies":[{"name":"wp","href":"https:\/\/api.w.org\/{rel}","templated":true}]}}