{"id":8263,"date":"2022-09-05T22:26:44","date_gmt":"2022-09-05T20:26:44","guid":{"rendered":"https:\/\/iftf-frankfurt.com\/programm-theater-and-performance\/"},"modified":"2026-09-01T17:14:17","modified_gmt":"2026-09-01T15:14:17","slug":"programm-theater-and-performance","status":"publish","type":"page","link":"https:\/\/iftf-frankfurt.com\/en\/programm-theater-and-performance\/","title":{"rendered":"Program-Theater and Performance"},"content":{"rendered":"\t\t<div data-elementor-type=\"wp-page\" data-elementor-id=\"8263\" class=\"elementor elementor-8263 elementor-6145\">\n\t\t\t\t<div class=\"elementor-element elementor-element-01014e0 e-flex e-con-boxed wpr-particle-no wpr-jarallax-no wpr-parallax-no wpr-sticky-section-no e-con e-parent\" data-id=\"01014e0\" data-element_type=\"container\" data-settings=\"{&quot;content_width&quot;:&quot;boxed&quot;}\" data-core-v316-plus=\"true\">\n\t\t\t\t\t<div class=\"e-con-inner\">\n\t\t\t\t<div class=\"elementor-element elementor-element-79f0284 elementor-widget elementor-widget-heading\" data-id=\"79f0284\" data-element_type=\"widget\" data-widget_type=\"heading.default\">\n\t\t\t\t<div class=\"elementor-widget-container\">\n\t\t\t<h1 class=\"elementor-heading-title elementor-size-default\">Theater and Performance<\/h1>\t\t<\/div>\n\t\t\t\t<\/div>\n\t\t\t\t<div class=\"elementor-element elementor-element-46c937e elementor-widget elementor-widget-shortcode\" data-id=\"46c937e\" data-element_type=\"widget\" data-widget_type=\"shortcode.default\">\n\t\t\t\t<div class=\"elementor-widget-container\">\n\t\t\t\t\t<div class=\"elementor-shortcode\"><div id=\"mec_skin_6274\" class=\"mec-wrap colorskin-custom  \">\r\n    \r\n        \r\n    <div class=\"mec-tile\">\r\n        <div class=\"mec-calendar-topsec\">\r\n            <div class=\"mec-clear\">\r\n                \r\n                <div class=\"mec-calendar-table\" id=\"mec_skin_events_6274\">\r\n                                            <div class=\"mec-wrap colorskin-custom\">\r\n    <div class=\"mec-event-tile-view\">\r\n        <div class=\"row\"><div class=\"col-md-4 col-sm-4\">        <script type=\"application\/ld+json\">\r\n        {\r\n            \"@context\": \"http:\/\/schema.org\",\r\n            \"@type\": \"Event\",\r\n            \"eventStatus\": \"https:\/\/schema.org\/EventScheduled\",\r\n            \"startDate\": \"2026-09-14\",\r\n            \"endDate\": \"2026-09-14\",\r\n            \"eventAttendanceMode\": \"https:\/\/schema.org\/OfflineEventAttendanceMode\",\r\n            \"location\":\r\n            {\r\n                \"@type\": \"Place\",\r\n                                \"name\": \"KULTURGEL\u00c4NDE PROTAGON\",\r\n                \"image\": \"\",\r\n                \"address\": \"Orber Stra\u00dfe 57, 60386 Frankfurt am Main\"\r\n                            },\r\n            \"organizer\":\r\n            {\r\n                \"@type\": \"Person\",\r\n                \"name\": \"\",\r\n                \"url\": \"\"\r\n            },\r\n            \"offers\":\r\n            {\r\n                \"url\": \"https:\/\/iftf-frankfurt.com\/en\/events\/fish-shoal-invitation-shoal-of-somatic-attunement-with-slack-tide-or-tidal-standstill-slack-tide\/\",\r\n                \"price\": \"\",\r\n                \"priceCurrency\": \"USD\",\r\n                \"availability\": \"https:\/\/schema.org\/InStock\",\r\n                \"validFrom\": \"2026-09-14T00:00\"\r\n            },\r\n            \"performer\": \"\",\r\n            \"description\": \"&lt;p align=&quot;left&quot;&gt;&lt;strong&gt;&lt;span style=&quot;font-family: Times New Roman, serif;&quot;&gt;&lt;span style=&quot;font-size: medium;&quot;&gt;&lt;strong&gt;Die Gezeitenpausen&lt;\/strong&gt;&lt;\/span&gt;&lt;\/span&gt;&lt;\/strong&gt;&lt;\/p&gt; &lt;p align=&quot;left&quot;&gt;&lt;span style=&quot;font-family: Times New Roman, serif;&quot;&gt;&lt;span style=&quot;font-size: small;&quot;&gt;Prof. Dr. Ciane Fernandes &amp; public participation&lt;\/span&gt;&lt;\/span&gt;&lt;\/p&gt; &lt;p align=&quot;left&quot;&gt;&lt;span style=&quot;font-size: small;&quot;&gt;&#8220;ENG below&#8221;&lt;\/span&gt;&lt;\/p&gt; &lt;p align=&quot;left&quot;&gt;&lt;span style=&quot;font-family: Times New Roman, serif;&quot;&gt;&lt;span style=&quot;font-size: small;&quot;&gt;Eine einf\u00fchlsame kollektive Einstimmung w\u00e4hrend der Gezeitenpause im deutschen Meer, an verschiedenen Tagen des Festivals und offen f\u00fcr die Teilnahme des Publikums.&lt;\/span&gt;&lt;\/span&gt;&lt;\/p&gt; &lt;p align=&quot;left&quot;&gt;&lt;span style=&quot;font-family: Times New Roman, serif;&quot;&gt;Die Gezeitenpause bezeichnet den kurzen Moment zwischen Ebbe und Flut, in dem sich der Wasserstand kaum ver\u00e4ndert. Durch die Bewegung des Mondes um die Erde verschiebt sich dieser Zeitpunkt t\u00e4glich um etwa 50 Minuten, sodass die Performance jeden Tag zu einer anderen Zeit stattfindet.&lt;\/span&gt;&lt;\/p&gt; &lt;p align=&quot;left&quot;&gt;&lt;span style=&quot;font-family: Times New Roman, serif;&quot;&gt;Wie k\u00f6nnen wir koloniale, fragmentierte Zeit und unterteilte R\u00e4ume aufl\u00f6sen und in einem Zwischenraum-Zeit-Kontinuum schweben \u2013 als ein sich ausbreitender, spiralf\u00f6rmiger, weiblicher und flie\u00dfender Zustand, tief verbunden mit den Rhythmen der Gezeiten?&lt;\/span&gt;&lt;\/p&gt; &lt;p&gt;&nbsp;&lt;\/p&gt; &lt;p align=&quot;left&quot;&gt;&lt;span style=&quot;font-family: Times New Roman, serif;&quot;&gt;&lt;span style=&quot;font-size: small;&quot;&gt;A sensitive collective attunement during the slack tide of the German ocean during intermission moments in different days of the festival, open to public participation. The &lt;b&gt;slack tide&lt;\/b&gt;, also known as &lt;b&gt;tidal standstill &lt;\/b&gt;or&lt;b&gt; tidal pause&lt;\/b&gt;, is a natural phenomenon that happens between high and low tides, characterized by a short period of time when there is no change in water level. It happens with a change of 50 minutes from one day to the next, due to the movement of the moon around the earth, so the performance will happen at different moments each day. How can we melt colonial fragmented time and compartmentalized space, and float on an in-between spacetime continuum as a spread-out spiraling feminine fluid state deeply connected to these tidal rhythms?&lt;\/span&gt;&lt;\/span&gt;&lt;\/p&gt; &lt;p align=&quot;left&quot;&gt;&lt;img decoding=&quot;async&quot; class=&quot;alignnone size-medium wp-image-26945&quot; src=&quot;https:\/\/iftf-frankfurt.com\/wp-content\/uploads\/sites\/2\/unnamed-300x126.jpg&quot; alt=&quot;&quot; width=&quot;300&quot; height=&quot;126&quot; srcset=&quot;https:\/\/iftf-frankfurt.com\/wp-content\/uploads\/sites\/2\/unnamed-300x126.jpg 300w, https:\/\/iftf-frankfurt.com\/wp-content\/uploads\/sites\/2\/unnamed.jpg 512w&quot; sizes=&quot;(max-width: 300px) 100vw, 300px&quot; \/&gt;&lt;\/p&gt; \",\r\n            \"image\": \"\",\r\n            \"name\": \"FISH SHOAL INVITATION: SHOAL OF SOMATIC ATTUNEMENT WITH SLACK TIDE OR TIDAL STANDSTILL.  SLACK TIDE\",\r\n            \"url\": \"https:\/\/iftf-frankfurt.com\/en\/events\/fish-shoal-invitation-shoal-of-somatic-attunement-with-slack-tide-or-tidal-standstill-slack-tide\/\"\r\n        }\r\n        <\/script>\r\n                            <article  data-href=\"https:\/\/iftf-frankfurt.com\/en\/events\/fish-shoal-invitation-shoal-of-somatic-attunement-with-slack-tide-or-tidal-standstill-slack-tide\/\" data-target=\"m1\" style=\"background:#e23c95\" class=\" mec-event-article mec-tile-item  mec-clear   \">\r\n                                                                        <div class=\"event-tile-view-head clearfix\">\r\n                                                            <div class=\"mec-event-month\"><span class=\"mec-start-date-label\" itemprop=\"startDate\">14 Sep<\/span><\/div>\r\n                                                        <div class=\"mec-event-time\"><i class=\"mec-sl-clock\"><\/i>17:00<\/div>\r\n                        <\/div>\r\n                        <div class=\"mec-event-content\" data-target=\"m1\" data-event-id=\"27138\">\r\n                            <a href=\"https:\/\/iftf-frankfurt.com\/en\/events\/fish-shoal-invitation-shoal-of-somatic-attunement-with-slack-tide-or-tidal-standstill-slack-tide\/\" target=\"m1\" class=\"mec-tile-into-content-link\"><\/a>                            <div class=\"mec-tile-event-content\">\r\n                                <div class=\"mec-event-detail\">\r\n                                                                                                            <span class=\"mec-event-loc-place\"><i class=\"mec-sl-location-pin\"><\/i>KULTURGEL\u00c4NDE PROTAGON<\/span>                                                                    <\/div>\r\n                                                                <h4 class=\"mec-event-title\"><a class=\"mec-color-hover\"  data-event-id=\"27138\" href=\"https:\/\/iftf-frankfurt.com\/en\/events\/fish-shoal-invitation-shoal-of-somatic-attunement-with-slack-tide-or-tidal-standstill-slack-tide\/\" target=\"m1\" rel=\"noopener\">FISH SHOAL INVITATION: SHOAL OF SOMATIC ATTUNEMENT WITH SLACK TIDE OR TIDAL STANDSTILL.  SLACK TIDE<\/a><\/h4>\r\n                                                            <\/div>\r\n                        <\/div>\r\n                    <\/article>\r\n                <\/div>            <div class=\"col-md-4 col-sm-4\">        <script type=\"application\/ld+json\">\r\n        {\r\n            \"@context\": \"http:\/\/schema.org\",\r\n            \"@type\": \"Event\",\r\n            \"eventStatus\": \"https:\/\/schema.org\/EventScheduled\",\r\n            \"startDate\": \"2026-09-14\",\r\n            \"endDate\": \"2026-09-14\",\r\n            \"eventAttendanceMode\": \"https:\/\/schema.org\/OfflineEventAttendanceMode\",\r\n            \"location\":\r\n            {\r\n                \"@type\": \"Place\",\r\n                                \"name\": \"INDOOR STAGE PROTAGON\",\r\n                \"image\": \"\",\r\n                \"address\": \"PROTAGON CULTURAL CENTRE \u2013 Orber Stra\u00dfe 57, 60386 Frankfurt am Main\"\r\n                            },\r\n            \"organizer\":\r\n            {\r\n                \"@type\": \"Person\",\r\n                \"name\": \"\",\r\n                \"url\": \"\"\r\n            },\r\n            \"offers\":\r\n            {\r\n                \"url\": \"https:\/\/iftf-frankfurt.com\/en\/events\/dengbej-in-the-disco\/\",\r\n                \"price\": \"\",\r\n                \"priceCurrency\": \"USD\",\r\n                \"availability\": \"https:\/\/schema.org\/InStock\",\r\n                \"validFrom\": \"2026-09-14T00:00\"\r\n            },\r\n            \"performer\": \"\",\r\n            \"description\": \"&lt;p style=&quot;text-align: left;&quot; align=&quot;center&quot;&gt;&lt;span style=&quot;font-family: Times New Roman, serif;&quot;&gt;&lt;span style=&quot;font-size: small;&quot;&gt; H\u00eaja Netirk &amp; Sarina Panahideh&lt;\/span&gt;&lt;\/span&gt;&lt;\/p&gt; &lt;p align=&quot;left&quot;&gt;&lt;span style=&quot;font-size: small;&quot;&gt;&#8220;ENG below&#8221;&lt;\/span&gt;&lt;\/p&gt; &lt;p align=&quot;left&quot;&gt;&lt;span style=&quot;font-family: Times New Roman, serif;&quot;&gt;&lt;span style=&quot;font-size: small;&quot;&gt;Das St\u00fcck folgt der Geschichte einer Frau aus Kurdistan im deutschen Exil auf der Suche nach ihrer Stimme. In einer Kombination aus traditionellem Gesang, zeitgen\u00f6ssischer Performance, Tanz und Storytelling erkundet es, was es f\u00fcr eine Frau bedeutet, eine Dengb\u00eaj zu werden \u2013 eine Rolle, die historisch von M\u00e4nnern dominiert wurde.&lt;\/span&gt;&lt;\/span&gt;&lt;\/p&gt; &lt;p align=&quot;left&quot;&gt;&lt;span style=&quot;font-family: Times New Roman, serif;&quot;&gt;&lt;span style=&quot;font-size: small;&quot;&gt;Die Performance bewegt sich zwischen Erinnerung, Migration und Tradition und fragt:&lt;\/span&gt;&lt;\/span&gt;&lt;\/p&gt; &lt;p align=&quot;left&quot;&gt;&lt;span style=&quot;font-family: Times New Roman, serif;&quot;&gt;&lt;span style=&quot;font-size: small;&quot;&gt;Wie erz\u00e4hlt man seine Geschichte, wenn die eigene Stimme in einer anderen Sprache gefangen ist?&lt;\/span&gt;&lt;\/span&gt;&lt;\/p&gt; &lt;p align=&quot;left&quot;&gt;&lt;span style=&quot;font-family: Times New Roman, serif;&quot;&gt;&lt;span style=&quot;font-size: small;&quot;&gt;Wir singen in Abwesenheit all jener, die wir kennen. Wir m\u00fcssen in einem fremden Land, in dem alle gemein zueinander sind, Freundschaften schlie\u00dfen. Wir sind&lt;i&gt; Dengb\u00eaj in der Disco&lt;\/i&gt; und reichen mit Kabeln zu unseren Wurzeln.&lt;\/span&gt;&lt;\/span&gt;&lt;\/p&gt; &lt;p style=&quot;text-align: left;&quot; align=&quot;center&quot;&gt;&lt;span style=&quot;font-family: Times New Roman, serif;&quot;&gt;&lt;span style=&quot;font-size: small;&quot;&gt;&lt;strong&gt;Sprache(n):&lt;\/strong&gt; Englisch, Deutsch, Kurdisch &lt;\/span&gt;&lt;\/span&gt;&lt;\/p&gt; &lt;p style=&quot;text-align: left;&quot; align=&quot;center&quot;&gt;&lt;span style=&quot;font-family: Times New Roman, serif;&quot;&gt;&lt;span style=&quot;font-size: small;&quot;&gt;&lt;b&gt;Hinweis: &lt;\/b&gt;Ab 12 Jahren&lt;\/span&gt;&lt;\/span&gt;&lt;\/p&gt; &lt;p align=&quot;left&quot;&gt;&lt;span style=&quot;font-family: Times New Roman, serif;&quot;&gt;&lt;span style=&quot;font-size: small;&quot;&gt;&lt;b&gt;K\u00fcnstlerische Leitung:&lt;\/b&gt; H\u00eaja Netirk &lt;\/span&gt;&lt;\/span&gt;&lt;\/p&gt; &lt;p align=&quot;left&quot;&gt;&lt;span style=&quot;font-family: Times New Roman, serif;&quot;&gt;&lt;span style=&quot;font-size: small;&quot;&gt;&lt;b&gt;Performer*innen:&lt;\/b&gt; Sar\u00eena Panah\u00eedeh, H\u00eaja Netirk&lt;\/span&gt;&lt;\/span&gt;&lt;\/p&gt; &lt;p align=&quot;left&quot;&gt;&lt;span style=&quot;font-family: Times New Roman, serif;&quot;&gt;&lt;span style=&quot;font-size: small;&quot;&gt;&lt;strong&gt;Biographie:&lt;\/strong&gt; &lt;span style=&quot;font-family: Times New Roman, serif;&quot;&gt;&lt;span style=&quot;font-size: small;&quot;&gt;H\u00eaja Netirk ist Theatermacherin, Performerin, S\u00e4ngerin und Komponistin aus Hamburg. Ihre Arbeit bewegt sich zwischen Musik, Theater und Performance, kurdischer Erz\u00e4hltradition und Mehrsprachigkeit. Sie ver\u00f6ffentlichte die Soloalben &lt;i&gt;Stran\u00ean Ne\u015fu\u015ft\u00ee&lt;\/i&gt; und &lt;i&gt;Pistepistek Blind&lt;\/i&gt; und gr\u00fcndete die Band LOMA REQS, deren Deb\u00fctalbum &lt;i&gt;Qemir\u00ee&lt;\/i&gt; 2026 erschien. Im selben Jahr wurde die Band mit dem Hamburger Popmusikpreis Krach + Get\u00f6se ausgezeichnet. F\u00fcr Hito Steyerls &lt;i&gt;Mechanical Kurds&lt;\/i&gt;, ausgezeichnet mit dem S+T+ARTS Grand Prize 2026, arbeitete sie als Musikproduzentin, S\u00e4ngerin, Songwriterin und Executive Producer. Sie ist Mibegr\u00fcnderin des kurdischen BAN Theaters und komponierte u. a. f\u00fcr &lt;i&gt;Der Hoffnungsvogel&lt;\/i&gt; am Jungen Ensemble Stuttgart. 2025 entwickelte und inszenierte sie &lt;i&gt;Dengb\u00eaj in the Disco&lt;\/i&gt; am LICHTHOF Theater in Hamburg&lt;\/span&gt;&lt;\/span&gt;&lt;\/span&gt;&lt;\/span&gt;&lt;\/p&gt; &lt;p&gt;&nbsp;&lt;\/p&gt; &lt;p align=&quot;left&quot;&gt;&lt;span style=&quot;font-family: Times New Roman, serif;&quot;&gt;&lt;span style=&quot;font-size: small;&quot;&gt;From Kurdistan to Germany, the play follows the story of a woman in exile searching for her voice. Combining traditional singing, contemporary performance, dance, and storytelling, the play explores what it means for a woman to become a Dengb\u00eaj, a role historically dominated by men.&lt;\/span&gt;&lt;\/span&gt;&lt;\/p&gt; &lt;p align=&quot;left&quot;&gt;&lt;span style=&quot;font-family: Times New Roman, serif;&quot;&gt;&lt;span style=&quot;font-size: small;&quot;&gt;The performance moves between memory, migration and tradition, asking:&lt;br \/&gt; How do you tell your story when your voice is trapped inside another language?&lt;\/span&gt;&lt;\/span&gt;&lt;\/p&gt; &lt;p align=&quot;left&quot;&gt;&lt;span style=&quot;font-family: Times New Roman, serif;&quot;&gt;&lt;span style=&quot;font-size: small;&quot;&gt;We sing in the absence of everybody and everyone that we know. We have to make friends in a foreign land where everybody is mean to each other. We are &lt;i&gt;Dengb\u00eaj in the Disco&lt;\/i&gt;, reaching our roots with cables.&lt;\/span&gt;&lt;\/span&gt;&lt;\/p&gt; &lt;p align=&quot;left&quot;&gt;&lt;span style=&quot;font-family: Times New Roman, serif;&quot;&gt;&lt;span style=&quot;font-size: small;&quot;&gt;&lt;strong&gt;Language(s):&lt;\/strong&gt; English, German, Kurdish&lt;\/span&gt;&lt;\/span&gt;&lt;\/p&gt; &lt;p align=&quot;left&quot;&gt;&lt;span style=&quot;font-family: Times New Roman, serif;&quot;&gt;&lt;span style=&quot;font-size: small;&quot;&gt;&lt;strong&gt;Please Note:&lt;\/strong&gt; ages 12+&lt;\/span&gt;&lt;\/span&gt;&lt;\/p&gt; &lt;p align=&quot;left&quot;&gt;&lt;span style=&quot;font-family: Times New Roman, serif;&quot;&gt;&lt;span style=&quot;font-size: small;&quot;&gt;&lt;strong&gt;Artistic Director:&lt;\/strong&gt; H\u00eaja Netirk &lt;\/span&gt;&lt;\/span&gt;&lt;\/p&gt; &lt;p align=&quot;left&quot;&gt;&lt;span style=&quot;font-family: Times New Roman, serif;&quot;&gt;&lt;span style=&quot;font-size: small;&quot;&gt;&lt;strong&gt;Performers:&lt;\/strong&gt; Sar\u00eena Panah\u00eedeh, &lt;\/span&gt;&lt;\/span&gt;&lt;span style=&quot;font-family: Times New Roman, serif;&quot;&gt;&lt;span style=&quot;font-size: small;&quot;&gt;H\u00eaja Netirk &lt;\/span&gt;&lt;\/span&gt;&lt;\/p&gt; &lt;p align=&quot;left&quot;&gt;&lt;span style=&quot;font-family: Times New Roman, serif;&quot;&gt;&lt;span style=&quot;font-size: small;&quot;&gt;&lt;strong&gt;Biography:&lt;\/strong&gt; H\u00eaja Netirk is a theatre maker, performer, singer, and composer based in Hamburg. Her work operates at the intersection of music, theatre, and performance, drawing on Kurdish storytelling traditions and multilingualism. She released the solo albums *Stran\u00ean Ne\u015fu\u015ft\u00ee* and *Pistepistek Blind* and founded the band LOMA REQS, whose debut album *Qemir\u00ee* was released in 2026. That same year, the band received the Hamburg pop music award &#8220;Krach + Get\u00f6se.&#8221; She worked as a music producer, singer, songwriter, and executive producer on Hito Steyerl\u2019s *Mechanical Kurds*, which won the S+T+ARTS Grand Prize in 2026. She is a co-founder of the Kurdish BAN Theater and composed music for productions such as *Der Hoffnungsvogel* at the Junges Ensemble Stuttgart. In 2025, she developed and directed *Dengb\u00eaj in the Disco* at the LICHTHOF Theater in Hamburg.&lt;\/span&gt;&lt;\/span&gt;&lt;\/p&gt; \",\r\n            \"image\": \"https:\/\/iftf-frankfurt.com\/wp-content\/uploads\/sites\/2\/WhatsApp-Image-2026-05-14-at-17.00.04.jpeg\",\r\n            \"name\": \"Dengb\u00eaj in the Disco\",\r\n            \"url\": \"https:\/\/iftf-frankfurt.com\/en\/events\/dengbej-in-the-disco\/\"\r\n        }\r\n        <\/script>\r\n                            <article  data-href=\"https:\/\/iftf-frankfurt.com\/en\/events\/dengbej-in-the-disco\/\" data-target=\"m1\" style=\"background:#e23c95 url('https:\/\/iftf-frankfurt.com\/wp-content\/uploads\/sites\/2\/WhatsApp-Image-2026-05-14-at-17.00.04-300x400.jpeg')\" class=\" mec-event-article mec-tile-item  mec-clear   \">\r\n                                                                        <div class=\"event-tile-view-head clearfix\">\r\n                                                            <div class=\"mec-event-month\"><span class=\"mec-start-date-label\" itemprop=\"startDate\">14 Sep<\/span><\/div>\r\n                                                        <div class=\"mec-event-time\"><i class=\"mec-sl-clock\"><\/i>19:45<\/div>\r\n                        <\/div>\r\n                        <div class=\"mec-event-content\" data-target=\"m1\" data-event-id=\"26532\">\r\n                            <a href=\"https:\/\/iftf-frankfurt.com\/en\/events\/dengbej-in-the-disco\/\" target=\"m1\" class=\"mec-tile-into-content-link\"><\/a>                            <div class=\"mec-tile-event-content\">\r\n                                <div class=\"mec-event-detail\">\r\n                                                                                                            <span class=\"mec-event-loc-place\"><i class=\"mec-sl-location-pin\"><\/i>INDOOR STAGE PROTAGON<\/span>                                                                    <\/div>\r\n                                                                <h4 class=\"mec-event-title\"><a class=\"mec-color-hover\"  data-event-id=\"26532\" href=\"https:\/\/iftf-frankfurt.com\/en\/events\/dengbej-in-the-disco\/\" target=\"m1\" rel=\"noopener\">Dengb\u00eaj in the Disco<\/a><\/h4>\r\n                                                            <\/div>\r\n                        <\/div>\r\n                    <\/article>\r\n                <\/div>            <div class=\"col-md-4 col-sm-4\">        <script type=\"application\/ld+json\">\r\n        {\r\n            \"@context\": \"http:\/\/schema.org\",\r\n            \"@type\": \"Event\",\r\n            \"eventStatus\": \"https:\/\/schema.org\/EventScheduled\",\r\n            \"startDate\": \"2026-09-14\",\r\n            \"endDate\": \"2026-09-14\",\r\n            \"eventAttendanceMode\": \"https:\/\/schema.org\/OfflineEventAttendanceMode\",\r\n            \"location\":\r\n            {\r\n                \"@type\": \"Place\",\r\n                                \"name\": \"OUTDOOR B\u00dcHNE PROTAGON\",\r\n                \"image\": \"\",\r\n                \"address\": \"PROTAGON CULTURAL CENTRE \u2013 Orber Stra\u00dfe 57, 60386 Frankfurt am Main\"\r\n                            },\r\n            \"organizer\":\r\n            {\r\n                \"@type\": \"Person\",\r\n                \"name\": \"\",\r\n                \"url\": \"\"\r\n            },\r\n            \"offers\":\r\n            {\r\n                \"url\": \"https:\/\/iftf-frankfurt.com\/en\/events\/diaspora\/\",\r\n                \"price\": \"\",\r\n                \"priceCurrency\": \"USD\",\r\n                \"availability\": \"https:\/\/schema.org\/InStock\",\r\n                \"validFrom\": \"2026-09-14T00:00\"\r\n            },\r\n            \"performer\": \"\",\r\n            \"description\": \"&lt;p style=&quot;text-align: left;&quot; align=&quot;center&quot;&gt;&lt;span style=&quot;font-family: Times New Roman, serif;&quot;&gt;&lt;span style=&quot;font-size: small;&quot;&gt;antagon theaterAKTion &#8211; Ondadurto Teatro&lt;\/span&gt;&lt;\/span&gt;&lt;\/p&gt; &lt;p align=&quot;left&quot;&gt;&lt;span style=&quot;font-size: small;&quot;&gt;&#8220;ENG below&#8221;&lt;\/span&gt;&lt;\/p&gt; &lt;p align=&quot;left&quot;&gt;&lt;span style=&quot;font-family: Times New Roman, serif;&quot;&gt;&lt;span style=&quot;font-size: small;&quot;&gt;DIASPORA bringt mit gro\u00dfer Sensibilit\u00e4t, die der Gewalt des Krieges entgegensteht, Geschichten von und \u00fcber Frauen* auf die B\u00fchne. Die Produktion wagt einen Perspektivwechsel und setzt sich in ausdrucksstarken Bildern und Szenen mit unserer individuellen und gesamtgesellschaftlichen Verantwortung auseinander. Sie fragt danach, wie wir vor Krieg,&lt;\/span&gt;&lt;\/span&gt;&lt;\/p&gt; &lt;p align=&quot;left&quot;&gt;&lt;span style=&quot;font-family: Times New Roman, serif;&quot;&gt;&lt;span style=&quot;font-size: small;&quot;&gt;Ausbeutung, Vertreibung und Verbrechen an unseren Mitmenschen nicht die Augen verschlie\u00dfen, sondern zum Subjekt der Beendigung dieser Zust\u00e4nde werden. &lt;\/span&gt;&lt;\/span&gt;&lt;\/p&gt; &lt;p align=&quot;left&quot;&gt;&lt;span style=&quot;font-family: Times New Roman, serif;&quot;&gt;&lt;span style=&quot;font-size: small;&quot;&gt;Die Neuinterpretation von Euripides&#8217; zeitloser Trag\u00f6die nimmt die verheerenden Nachwirkungen des antiken Trojanischen Krieges zum Ausgangspunkt und richtet den Blick auf die Situation von Migrant*innen und Menschen auf der Flucht heute. Thematisiert werden dabei etwa (neo-)koloniale Ausbeutungsstrukturen im Globalen S\u00fcden sowie aktuell der Krieg in der Ukraine.&lt;\/span&gt;&lt;\/span&gt;&lt;\/p&gt; &lt;p style=&quot;text-align: left;&quot; align=&quot;center&quot;&gt;&lt;span style=&quot;font-family: Times New Roman, serif;&quot;&gt;&lt;span style=&quot;font-size: small;&quot;&gt;&lt;strong&gt;Spiel:&lt;\/strong&gt; antagon theaterAktion und Odadurto Teatro &lt;\/span&gt;&lt;\/span&gt;&lt;\/p&gt; &lt;p style=&quot;text-align: left;&quot; align=&quot;center&quot;&gt;&lt;strong&gt;&lt;span style=&quot;font-family: &#039;Times New Roman&#039;, serif; font-size: small;&quot;&gt;R&lt;\/span&gt;&lt;span style=&quot;font-family: &#039;Times New Roman&#039;, serif; font-size: small;&quot;&gt;egie&lt;\/span&gt;&lt;\/strong&gt;&lt;span style=&quot;font-family: Times New Roman, serif;&quot;&gt;&lt;span style=&quot;font-size: small;&quot;&gt;&lt;strong&gt;:&lt;\/strong&gt; Marg\u00f2 Paciotti und Barbara Luci Carvalho&lt;b&gt; &lt;\/b&gt;&lt;\/span&gt;&lt;\/span&gt;&lt;\/p&gt; &lt;p style=&quot;text-align: left;&quot; align=&quot;center&quot;&gt;&lt;span style=&quot;font-family: Times New Roman, serif;&quot;&gt;&lt;span style=&quot;font-size: small;&quot;&gt;&lt;b&gt;Website: &lt;\/b&gt;&lt;\/span&gt;&lt;\/span&gt;&lt;a href=&quot;http:\/\/www.antagon.de&quot;&gt;&lt;span style=&quot;font-family: Times New Roman, serif;&quot;&gt;&lt;span style=&quot;font-size: small;&quot;&gt;www.&lt;\/span&gt;&lt;\/span&gt;&lt;span style=&quot;font-family: Times New Roman, serif;&quot;&gt;&lt;span style=&quot;font-size: small;&quot;&gt;antagon.de&lt;\/span&gt;&lt;\/span&gt;&lt;\/a&gt;&lt;span style=&quot;font-family: Times New Roman, serif;&quot;&gt;&lt;span style=&quot;font-size: small;&quot;&gt;  &lt;a href=&quot;http:\/\/www.ondadurtoteatro.it&quot;&gt;www.ondadurtoteatro.it&lt;\/a&gt;&lt;\/span&gt;&lt;\/span&gt;&lt;\/p&gt; &lt;p&gt;&nbsp;&lt;\/p&gt; &lt;p align=&quot;left&quot;&gt;&lt;span style=&quot;font-family: Times New Roman, serif;&quot;&gt;&lt;span style=&quot;font-size: small;&quot;&gt;With great sensitivity\u2014standing in stark contrast to the violence of war\u2014DIASPORA brings stories by and about women* to the stage. The production dares to shift perspectives, using evocative imagery and scenes to grapple with our individual and collective societal responsibilities. It asks how we can avoid turning a blind eye to war, exploitation, displacement, and crimes against our fellow human beings, and instead become active agents in bringing these conditions to an end. This reinterpretation of Euripides\u2019 timeless tragedy takes the devastating aftermath of the ancient Trojan War as its starting point, turning its focus to the contemporary situation of migrants and displaced persons. In doing so, it addresses issues such as (neo-)colonial structures of exploitation in the Global South and the current war in Ukraine.&lt;\/span&gt;&lt;\/span&gt;&lt;\/p&gt; &lt;p style=&quot;text-align: left;&quot; align=&quot;center&quot;&gt;&lt;span style=&quot;font-family: Times New Roman, serif;&quot;&gt;&lt;span style=&quot;font-size: small;&quot;&gt;&lt;strong&gt;Performed by:&lt;\/strong&gt; antagon theaterAktion and Odadurto Teatro &lt;\/span&gt;&lt;\/span&gt;&lt;\/p&gt; &lt;p style=&quot;text-align: left;&quot; align=&quot;center&quot;&gt;&lt;span style=&quot;font-family: Times New Roman, serif;&quot;&gt;&lt;span style=&quot;font-size: small;&quot;&gt;&lt;strong&gt;Directors:&lt;\/strong&gt; Marg\u00f2 Paciotti and Barbara Luci Carvalho&lt;b&gt; &lt;\/b&gt;&lt;\/span&gt;&lt;\/span&gt;&lt;\/p&gt; &lt;p style=&quot;text-align: left;&quot; align=&quot;center&quot;&gt;&lt;span style=&quot;font-family: Times New Roman, serif;&quot;&gt;&lt;span style=&quot;font-size: small;&quot;&gt;&lt;b&gt;Website: &lt;\/b&gt;&lt;\/span&gt;&lt;\/span&gt;&lt;a href=&quot;http:\/\/www.antagon.de&quot;&gt;&lt;span style=&quot;font-family: Times New Roman, serif;&quot;&gt;&lt;span style=&quot;font-size: small;&quot;&gt;www.&lt;\/span&gt;&lt;span style=&quot;font-family: Times New Roman, serif;&quot;&gt;&lt;span style=&quot;font-size: small;&quot;&gt;antagon.de&lt;\/span&gt;&lt;\/span&gt;&lt;\/span&gt;&lt;\/a&gt;&lt;span style=&quot;font-family: Times New Roman, serif;&quot;&gt;&lt;span style=&quot;font-size: small;&quot;&gt;  &lt;a href=&quot;http:\/\/www.ondadurtoteatro.it&quot;&gt;www.ondadurtoteatro.it&lt;\/a&gt;&lt;\/span&gt;&lt;\/span&gt;&lt;\/p&gt; \",\r\n            \"image\": \"https:\/\/iftf-frankfurt.com\/wp-content\/uploads\/sites\/2\/SalahEbrahimi-_Diaspora.png\",\r\n            \"name\": \"DIASPORA\",\r\n            \"url\": \"https:\/\/iftf-frankfurt.com\/en\/events\/diaspora\/\"\r\n        }\r\n        <\/script>\r\n                            <article  data-href=\"https:\/\/iftf-frankfurt.com\/en\/events\/diaspora\/\" data-target=\"m1\" style=\"background:#e23c95 url('https:\/\/iftf-frankfurt.com\/wp-content\/uploads\/sites\/2\/SalahEbrahimi-_Diaspora-300x400.png')\" class=\" mec-event-article mec-tile-item  mec-clear   \">\r\n                                                                        <div class=\"event-tile-view-head clearfix\">\r\n                                                            <div class=\"mec-event-month\"><span class=\"mec-start-date-label\" itemprop=\"startDate\">14 Sep<\/span><\/div>\r\n                                                        <div class=\"mec-event-time\"><i class=\"mec-sl-clock\"><\/i>21:00<\/div>\r\n                        <\/div>\r\n                        <div class=\"mec-event-content\" data-target=\"m1\" data-event-id=\"26538\">\r\n                            <a href=\"https:\/\/iftf-frankfurt.com\/en\/events\/diaspora\/\" target=\"m1\" class=\"mec-tile-into-content-link\"><\/a>                            <div class=\"mec-tile-event-content\">\r\n                                <div class=\"mec-event-detail\">\r\n                                                                                                            <span class=\"mec-event-loc-place\"><i class=\"mec-sl-location-pin\"><\/i>OUTDOOR B\u00dcHNE PROTAGON<\/span>                                                                    <\/div>\r\n                                                                <h4 class=\"mec-event-title\"><a class=\"mec-color-hover\"  data-event-id=\"26538\" href=\"https:\/\/iftf-frankfurt.com\/en\/events\/diaspora\/\" target=\"m1\" rel=\"noopener\">DIASPORA<\/a><\/h4>\r\n                                                            <\/div>\r\n                        <\/div>\r\n                    <\/article>\r\n                <\/div><\/div>                    <div class=\"row\"><div class=\"col-md-4 col-sm-4\">        <script type=\"application\/ld+json\">\r\n        {\r\n            \"@context\": \"http:\/\/schema.org\",\r\n            \"@type\": \"Event\",\r\n            \"eventStatus\": \"https:\/\/schema.org\/EventScheduled\",\r\n            \"startDate\": \"2026-09-15\",\r\n            \"endDate\": \"2026-09-15\",\r\n            \"eventAttendanceMode\": \"https:\/\/schema.org\/OfflineEventAttendanceMode\",\r\n            \"location\":\r\n            {\r\n                \"@type\": \"Place\",\r\n                                \"name\": \"KULTURGEL\u00c4NDE PROTAGON\",\r\n                \"image\": \"\",\r\n                \"address\": \"Orber Stra\u00dfe 57, 60386 Frankfurt am Main\"\r\n                            },\r\n            \"organizer\":\r\n            {\r\n                \"@type\": \"Person\",\r\n                \"name\": \"\",\r\n                \"url\": \"\"\r\n            },\r\n            \"offers\":\r\n            {\r\n                \"url\": \"https:\/\/iftf-frankfurt.com\/en\/events\/fish-shoal-invitation-shoal-of-somatic-attunement-with-slack-tide-or-tidal-standstill-slack-tide\/\",\r\n                \"price\": \"\",\r\n                \"priceCurrency\": \"USD\",\r\n                \"availability\": \"https:\/\/schema.org\/InStock\",\r\n                \"validFrom\": \"2026-09-15T00:00\"\r\n            },\r\n            \"performer\": \"\",\r\n            \"description\": \"&lt;p align=&quot;left&quot;&gt;&lt;strong&gt;&lt;span style=&quot;font-family: Times New Roman, serif;&quot;&gt;&lt;span style=&quot;font-size: medium;&quot;&gt;&lt;strong&gt;Die Gezeitenpausen&lt;\/strong&gt;&lt;\/span&gt;&lt;\/span&gt;&lt;\/strong&gt;&lt;\/p&gt; &lt;p align=&quot;left&quot;&gt;&lt;span style=&quot;font-family: Times New Roman, serif;&quot;&gt;&lt;span style=&quot;font-size: small;&quot;&gt;Prof. Dr. Ciane Fernandes &amp; public participation&lt;\/span&gt;&lt;\/span&gt;&lt;\/p&gt; &lt;p align=&quot;left&quot;&gt;&lt;span style=&quot;font-size: small;&quot;&gt;&#8220;ENG below&#8221;&lt;\/span&gt;&lt;\/p&gt; &lt;p align=&quot;left&quot;&gt;&lt;span style=&quot;font-family: Times New Roman, serif;&quot;&gt;&lt;span style=&quot;font-size: small;&quot;&gt;Eine einf\u00fchlsame kollektive Einstimmung w\u00e4hrend der Gezeitenpause im deutschen Meer, an verschiedenen Tagen des Festivals und offen f\u00fcr die Teilnahme des Publikums.&lt;\/span&gt;&lt;\/span&gt;&lt;\/p&gt; &lt;p align=&quot;left&quot;&gt;&lt;span style=&quot;font-family: Times New Roman, serif;&quot;&gt;Die Gezeitenpause bezeichnet den kurzen Moment zwischen Ebbe und Flut, in dem sich der Wasserstand kaum ver\u00e4ndert. Durch die Bewegung des Mondes um die Erde verschiebt sich dieser Zeitpunkt t\u00e4glich um etwa 50 Minuten, sodass die Performance jeden Tag zu einer anderen Zeit stattfindet.&lt;\/span&gt;&lt;\/p&gt; &lt;p align=&quot;left&quot;&gt;&lt;span style=&quot;font-family: Times New Roman, serif;&quot;&gt;Wie k\u00f6nnen wir koloniale, fragmentierte Zeit und unterteilte R\u00e4ume aufl\u00f6sen und in einem Zwischenraum-Zeit-Kontinuum schweben \u2013 als ein sich ausbreitender, spiralf\u00f6rmiger, weiblicher und flie\u00dfender Zustand, tief verbunden mit den Rhythmen der Gezeiten?&lt;\/span&gt;&lt;\/p&gt; &lt;p&gt;&nbsp;&lt;\/p&gt; &lt;p align=&quot;left&quot;&gt;&lt;span style=&quot;font-family: Times New Roman, serif;&quot;&gt;&lt;span style=&quot;font-size: small;&quot;&gt;A sensitive collective attunement during the slack tide of the German ocean during intermission moments in different days of the festival, open to public participation. The &lt;b&gt;slack tide&lt;\/b&gt;, also known as &lt;b&gt;tidal standstill &lt;\/b&gt;or&lt;b&gt; tidal pause&lt;\/b&gt;, is a natural phenomenon that happens between high and low tides, characterized by a short period of time when there is no change in water level. It happens with a change of 50 minutes from one day to the next, due to the movement of the moon around the earth, so the performance will happen at different moments each day. How can we melt colonial fragmented time and compartmentalized space, and float on an in-between spacetime continuum as a spread-out spiraling feminine fluid state deeply connected to these tidal rhythms?&lt;\/span&gt;&lt;\/span&gt;&lt;\/p&gt; &lt;p align=&quot;left&quot;&gt;&lt;img decoding=&quot;async&quot; class=&quot;alignnone size-medium wp-image-26945&quot; src=&quot;https:\/\/iftf-frankfurt.com\/wp-content\/uploads\/sites\/2\/unnamed-300x126.jpg&quot; alt=&quot;&quot; width=&quot;300&quot; height=&quot;126&quot; srcset=&quot;https:\/\/iftf-frankfurt.com\/wp-content\/uploads\/sites\/2\/unnamed-300x126.jpg 300w, https:\/\/iftf-frankfurt.com\/wp-content\/uploads\/sites\/2\/unnamed.jpg 512w&quot; sizes=&quot;(max-width: 300px) 100vw, 300px&quot; \/&gt;&lt;\/p&gt; \",\r\n            \"image\": \"\",\r\n            \"name\": \"FISH SHOAL INVITATION: SHOAL OF SOMATIC ATTUNEMENT WITH SLACK TIDE OR TIDAL STANDSTILL.  SLACK TIDE\",\r\n            \"url\": \"https:\/\/iftf-frankfurt.com\/en\/events\/fish-shoal-invitation-shoal-of-somatic-attunement-with-slack-tide-or-tidal-standstill-slack-tide\/\"\r\n        }\r\n        <\/script>\r\n                            <article  data-href=\"https:\/\/iftf-frankfurt.com\/en\/events\/fish-shoal-invitation-shoal-of-somatic-attunement-with-slack-tide-or-tidal-standstill-slack-tide\/\" data-target=\"m1\" style=\"background:#e23c95\" class=\" mec-event-article mec-tile-item  mec-clear   \">\r\n                                                                        <div class=\"event-tile-view-head clearfix\">\r\n                                                            <div class=\"mec-event-month\"><span class=\"mec-start-date-label\" itemprop=\"startDate\">15 Sep<\/span><\/div>\r\n                                                        <div class=\"mec-event-time\"><i class=\"mec-sl-clock\"><\/i>17:00<\/div>\r\n                        <\/div>\r\n                        <div class=\"mec-event-content\" data-target=\"m1\" data-event-id=\"27138\">\r\n                            <a href=\"https:\/\/iftf-frankfurt.com\/en\/events\/fish-shoal-invitation-shoal-of-somatic-attunement-with-slack-tide-or-tidal-standstill-slack-tide\/\" target=\"m1\" class=\"mec-tile-into-content-link\"><\/a>                            <div class=\"mec-tile-event-content\">\r\n                                <div class=\"mec-event-detail\">\r\n                                                                                                            <span class=\"mec-event-loc-place\"><i class=\"mec-sl-location-pin\"><\/i>KULTURGEL\u00c4NDE PROTAGON<\/span>                                                                    <\/div>\r\n                                                                <h4 class=\"mec-event-title\"><a class=\"mec-color-hover\"  data-event-id=\"27138\" href=\"https:\/\/iftf-frankfurt.com\/en\/events\/fish-shoal-invitation-shoal-of-somatic-attunement-with-slack-tide-or-tidal-standstill-slack-tide\/\" target=\"m1\" rel=\"noopener\">FISH SHOAL INVITATION: SHOAL OF SOMATIC ATTUNEMENT WITH SLACK TIDE OR TIDAL STANDSTILL.  SLACK TIDE<\/a><\/h4>\r\n                                                            <\/div>\r\n                        <\/div>\r\n                    <\/article>\r\n                <\/div>            <div class=\"col-md-4 col-sm-4\">        <script type=\"application\/ld+json\">\r\n        {\r\n            \"@context\": \"http:\/\/schema.org\",\r\n            \"@type\": \"Event\",\r\n            \"eventStatus\": \"https:\/\/schema.org\/EventScheduled\",\r\n            \"startDate\": \"2026-09-15\",\r\n            \"endDate\": \"2026-09-15\",\r\n            \"eventAttendanceMode\": \"https:\/\/schema.org\/OfflineEventAttendanceMode\",\r\n            \"location\":\r\n            {\r\n                \"@type\": \"Place\",\r\n                                \"name\": \"HAUPTWACHE\",\r\n                \"image\": \"\",\r\n                \"address\": \"Hauptwache, 60313 Frankfurt am Main\"\r\n                            },\r\n            \"organizer\":\r\n            {\r\n                \"@type\": \"Person\",\r\n                \"name\": \"\",\r\n                \"url\": \"\"\r\n            },\r\n            \"offers\":\r\n            {\r\n                \"url\": \"https:\/\/iftf-frankfurt.com\/en\/events\/s-h-e-t-a-k-e-s-s-p-a-c-e-installation-im-oeffentlichen-raum\/\",\r\n                \"price\": \"\",\r\n                \"priceCurrency\": \"USD\",\r\n                \"availability\": \"https:\/\/schema.org\/InStock\",\r\n                \"validFrom\": \"2026-09-15T00:00\"\r\n            },\r\n            \"performer\": \"\",\r\n            \"description\": \"&lt;p align=&quot;left&quot;&gt;&lt;span style=&quot;font-family: Times New Roman, serif;&quot;&gt;&lt;span style=&quot;font-size: small;&quot;&gt;Christa St\u00f6ffelbauer, Mami Kawabata, Sylvia Bruckner, Xenia Rubin &amp; Almut Rink&lt;\/span&gt;&lt;\/span&gt;&lt;\/p&gt; &lt;p align=&quot;left&quot;&gt;&lt;span style=&quot;font-size: small;&quot;&gt;&#8220;ENG below&#8221;&lt;\/span&gt;&lt;\/p&gt; &lt;p align=&quot;left&quot;&gt;&lt;span style=&quot;font-family: Times New Roman, serif;&quot;&gt;&lt;span style=&quot;font-size: small;&quot;&gt;s h e   t a k e s   s p a c e    ist eine offen zug\u00e4ngliche k\u00fcnstlerische Installation im \u00f6ffentlichen Raum. Anl\u00e4sslich des Internationalen Frauen*Theaterfestivals gestalten f\u00fcnf K\u00fcnstlerinnen aus den Bereichen Tanz, Live- Musik und Bildender Kunst einen lebendigen Raum des Miteinanders und setzen ein weibliches Statement f\u00fcr Respekt und gleichberechtigte Teilhabe. Die interdisziplin\u00e4re Arbeit stellt Fragen zu Machtverh\u00e4ltnissen in unserer Gesellschaft, indem sie individuelle und kollektive Erfahrungen von Frauen anerkennt, reflektiert und zum bewussten Einnehmen, Gestalten und Ver\u00e4ndern von R\u00e4umen und zu solidarischem Handeln ermutigt. Kl\u00e4nge bewegen K\u00f6rper, Farben antworten auf Gesten \u2013 ein offener &amp; poetischer Dialog auf Augenh\u00f6he. Die K\u00fcnstlerinnen machen dadurch Solidarit\u00e4t sp\u00fcrbar: gemeinsam gestalten &#8211; f\u00fcr gleiche Teilhabe, Toleranz, Inklusion, Selbstbestimmung und ein respektvolles Zusammenleben. Abschlie\u00dfend sind alle Anwesenden eingeladen mitzutanzen.&lt;\/span&gt;&lt;\/span&gt;&lt;\/p&gt; &lt;p align=&quot;left&quot;&gt;&lt;span style=&quot;font-family: Times New Roman, serif;&quot;&gt;&lt;span style=&quot;font-size: small;&quot;&gt;&lt;strong&gt;Ort:&lt;\/strong&gt; Hauptwache vor der Katherinenkirche&lt;\/span&gt;&lt;\/span&gt;&lt;\/p&gt; &lt;p style=&quot;text-align: left;&quot; align=&quot;center&quot;&gt;&lt;span style=&quot;font-family: Times New Roman, serif;&quot;&gt;&lt;span style=&quot;font-size: small;&quot;&gt;&lt;b&gt;Sprache: non-verbal&lt;\/b&gt;&lt;\/span&gt;&lt;\/span&gt;&lt;\/p&gt; &lt;p style=&quot;text-align: left;&quot; align=&quot;center&quot;&gt;&lt;span style=&quot;font-family: Times New Roman, serif;&quot;&gt;&lt;span style=&quot;font-size: small;&quot;&gt;&lt;strong&gt;Konzept, K\u00fcnstlerische Leitung:&lt;\/strong&gt; Christa St\u00f6ffelbauer&lt;\/span&gt;&lt;\/span&gt;&lt;\/p&gt; &lt;p style=&quot;text-align: left;&quot; align=&quot;center&quot;&gt;&lt;span style=&quot;font-family: Times New Roman, serif;&quot;&gt;&lt;span style=&quot;font-size: small;&quot;&gt;&lt;strong&gt;Performance:&lt;\/strong&gt; Mami Kawabata, Sylvia Bruckner, Xenia Rubin, Almut Rink, Christa St\u00f6ffelbauer&lt;\/span&gt;&lt;\/span&gt;&lt;\/p&gt; &lt;p style=&quot;text-align: left;&quot; align=&quot;center&quot;&gt;&lt;span style=&quot;font-family: Times New Roman, serif;&quot;&gt;&lt;span style=&quot;font-size: small;&quot;&gt;&lt;b&gt;Instagram: &lt;a href=&quot;https:\/\/www.instagram.com\/christa.stoeffelbauer\/&quot;&gt;@christa.stoeffelbauer&lt;\/a&gt;&lt;\/b&gt;&lt;\/span&gt;&lt;\/span&gt;&lt;span style=&quot;font-family: Times New Roman, serif;&quot;&gt;&lt;span style=&quot;font-size: small;&quot;&gt;&lt;b&gt;  &lt;a href=&quot;https:\/\/www.instagram.com\/kawabatamami\/&quot;&gt;@kawabatamami&lt;\/a&gt;  &lt;\/b&gt;&lt;\/span&gt;&lt;\/span&gt;&lt;span style=&quot;font-family: Times New Roman, serif;&quot;&gt;&lt;span style=&quot;font-size: small;&quot;&gt;&lt;b&gt;&lt;a href=&quot;https:\/\/www.sylviabruckner.com&quot;&gt;@bruckner.sylvia&lt;\/a&gt;  &lt;a href=&quot;https:\/\/www.instagram.com\/xenia.rbn\/&quot;&gt;@xenia.rbn &lt;\/a&gt;&lt;\/b&gt;&lt;\/span&gt;&lt;\/span&gt;&lt;\/p&gt; &lt;p style=&quot;text-align: left;&quot; align=&quot;center&quot;&gt;&lt;span style=&quot;font-family: Times New Roman, serif;&quot;&gt;&lt;span style=&quot;font-size: small;&quot;&gt;&lt;b&gt;Website: &lt;a href=&quot;https:\/\/www.xeniarubin.com&quot;&gt;https:\/\/www.xeniarubin.com&lt;\/a&gt;  &lt;a href=&quot;https:\/\/www.almutrink.net&quot;&gt;https:\/\/www.almutrink.net&lt;\/a&gt;   &lt;a href=&quot;https:\/\/www.sylviabruckner.com&quot;&gt;https:\/\/www.sylviabruckner.com&lt;\/a&gt;&lt;\/b&gt;&lt;\/span&gt;&lt;\/span&gt;&lt;\/p&gt; &lt;p style=&quot;text-align: left;&quot; align=&quot;center&quot;&gt;&lt;span style=&quot;font-family: Times New Roman, serif;&quot;&gt;&lt;span style=&quot;font-size: small;&quot;&gt;&lt;b&gt;&lt;b style=&quot;font-family: &#039;Times New Roman&#039;, serif; font-size: small;&quot;&gt;\u00a9&lt;\/b&gt;Foto Credit: &lt;\/b&gt;Laurent Ziegler&lt;\/span&gt;&lt;\/span&gt;&lt;\/p&gt; &lt;p style=&quot;text-align: left;&quot; align=&quot;center&quot;&gt;&lt;span style=&quot;font-family: Times New Roman, serif;&quot;&gt;&lt;span style=&quot;font-size: small;&quot;&gt;&lt;b&gt;Biographie: &lt;\/b&gt;&lt;\/span&gt;&lt;\/span&gt;&lt;span style=&quot;font-family: &#039;Times New Roman&#039;, serif;&quot;&gt;&lt;span style=&quot;font-size: small;&quot;&gt;Die in Wien lebenden K\u00fcnstlerinnen \u2013 Christa St\u00f6ffelbauer, Mami Kawabata, Sylvia Bruckner, Xenia Rubin und Almut Rink \u2013 teilen das Interesse und die Neugierde, durch die Interaktion von Tanz, Live-Musik und bildender Kunst, R\u00e4ume f\u00fcr neue Begegnungen zu schaffen. Im Spannungsfeld zwischen Individuum und Kollektiv liegt ihr Fokus auf dem Potenzial der gemeinsamen Komposition im Moment, in Beziehung zu Zeit, Raum und Publikum. Durch ihre k\u00fcnstlerische Zusammenarbeit m\u00f6chten sie den \u00f6ffentlichen Raum aktivieren, ihn als gemeinsamen Lebensraum, der sich in st\u00e4ndigem Wandel befindet, zur\u00fcckerobern, in dem alle zur Gestaltung beitragen d\u00fcrfen und so Perspektiven der Mitgestaltung im st\u00e4dtischen Raum und in den eigenen Beziehungen er\u00f6ffnen.&lt;\/span&gt;&lt;\/span&gt;&lt;\/p&gt; &lt;p&gt;&nbsp;&lt;\/p&gt; &lt;p align=&quot;left&quot;&gt;&lt;strong&gt;&lt;span style=&quot;font-family: Times New Roman, serif;&quot;&gt;&lt;span style=&quot;font-size: small;&quot;&gt;&lt;strong&gt;s h e   t a k e s   s p a c e&lt;\/strong&gt;&lt;\/span&gt;&lt;\/span&gt; &lt;strong&gt;&#8211; Installation in public space&lt;\/strong&gt;&lt;\/strong&gt;&lt;\/p&gt; &lt;p align=&quot;left&quot;&gt;&lt;span style=&quot;font-family: Times New Roman, serif;&quot;&gt;&lt;span style=&quot;font-size: small;&quot;&gt;s h e   t a k e s   s p a c e    is an open-access art installation in a public space. In the frame of International Women\u2019s* Theater Festival, five female artists, working in the fields of dance, music and fine arts are creating a lively space for respectful encounters, setting a female statement for respect and equal participation. The interdisciplinary work raises questions about power relations in our society by acknowledging and reflecting on individual and collective experiences of women, encouraging to consciously take, create and change spaces and to act in solidarity. Sounds move bodies, colours respond to gestures &#8211; an open &amp; poetic dialogue on eye-level. The artists create a tangible sense of solidarity: co-creating for equal participation, tolerance, self-determination and respectful coexistence. At the end, the audience is invited to join the dance.&lt;\/span&gt;&lt;\/span&gt;&lt;\/p&gt; &lt;p align=&quot;left&quot;&gt;&lt;span style=&quot;font-family: Times New Roman, serif;&quot;&gt;&lt;span style=&quot;font-size: small;&quot;&gt;&lt;strong&gt;Location:&lt;\/strong&gt; Hauptwache in front of Katherinenkirche&lt;\/span&gt;&lt;\/span&gt;&lt;\/p&gt; &lt;p style=&quot;text-align: left;&quot; align=&quot;center&quot;&gt;&lt;span style=&quot;font-family: Times New Roman, serif;&quot;&gt;&lt;span style=&quot;font-size: small;&quot;&gt;&lt;b&gt;Language: non-verbal&lt;\/b&gt;&lt;\/span&gt;&lt;\/span&gt;&lt;\/p&gt; &lt;p style=&quot;text-align: left;&quot; align=&quot;center&quot;&gt;&lt;span style=&quot;font-family: Times New Roman, serif;&quot;&gt;&lt;span style=&quot;font-size: small;&quot;&gt;&lt;strong&gt;Concept, Director:&lt;\/strong&gt; Christa St\u00f6ffelbauer&lt;\/span&gt;&lt;\/span&gt;&lt;\/p&gt; &lt;p style=&quot;text-align: left;&quot; align=&quot;center&quot;&gt;&lt;span style=&quot;font-family: Times New Roman, serif;&quot;&gt;&lt;span style=&quot;font-size: small;&quot;&gt;&lt;strong&gt;Performance:&lt;\/strong&gt; Mami Kawabata, Sylvia Bruckner, Xenia Rubin, Almut Rink, Christa St\u00f6ffelbauer&lt;\/span&gt;&lt;\/span&gt;&lt;\/p&gt; &lt;p style=&quot;text-align: left;&quot; align=&quot;center&quot;&gt;&lt;span style=&quot;font-family: Times New Roman, serif;&quot;&gt;&lt;span style=&quot;font-size: small;&quot;&gt;&lt;b&gt;Instagram: &lt;a href=&quot;https:\/\/www.instagram.com\/christa.stoeffelbauer\/&quot;&gt;@christa.stoeffelbauer&lt;\/a&gt;&lt;\/b&gt;&lt;\/span&gt;&lt;\/span&gt;&lt;span style=&quot;font-family: Times New Roman, serif;&quot;&gt;&lt;span style=&quot;font-size: small;&quot;&gt;&lt;b&gt;  &lt;a href=&quot;https:\/\/www.instagram.com\/kawabatamami\/&quot;&gt;@kawabatamami&lt;\/a&gt;  &lt;\/b&gt;&lt;\/span&gt;&lt;\/span&gt;&lt;span style=&quot;font-family: Times New Roman, serif;&quot;&gt;&lt;span style=&quot;font-size: small;&quot;&gt;&lt;b&gt;&lt;a href=&quot;https:\/\/www.sylviabruckner.com&quot;&gt;@bruckner.sylvia&lt;\/a&gt;  &lt;a href=&quot;https:\/\/www.instagram.com\/xenia.rbn\/&quot;&gt;@xenia.rbn &lt;\/a&gt;&lt;\/b&gt;&lt;\/span&gt;&lt;\/span&gt;&lt;\/p&gt; &lt;p style=&quot;text-align: left;&quot; align=&quot;center&quot;&gt;&lt;span style=&quot;font-family: Times New Roman, serif;&quot;&gt;&lt;span style=&quot;font-size: small;&quot;&gt;&lt;b&gt;Website: &lt;a href=&quot;https:\/\/www.xeniarubin.com&quot;&gt;https:\/\/www.xeniarubin.com&lt;\/a&gt;   &lt;a href=&quot;https:\/\/www.almutrink.net&quot;&gt;https:\/\/www.almutrink.net&lt;\/a&gt;    &lt;a href=&quot;https:\/\/www.sylviabruckner.com&quot;&gt;https:\/\/www.sylviabruckner.com&lt;\/a&gt;&lt;\/b&gt;&lt;\/span&gt;&lt;\/span&gt;&lt;\/p&gt; &lt;p style=&quot;text-align: left;&quot; align=&quot;center&quot;&gt;&lt;span style=&quot;font-family: Times New Roman, serif;&quot;&gt;&lt;span style=&quot;font-size: small;&quot;&gt;&lt;b&gt;&lt;b style=&quot;font-family: &#039;Times New Roman&#039;, serif; font-size: small;&quot;&gt;\u00a9&lt;\/b&gt;Foto Credit:&lt;\/b&gt; &lt;\/span&gt;&lt;\/span&gt;Laurent Ziegler&lt;\/p&gt; &lt;p style=&quot;text-align: left;&quot; align=&quot;center&quot;&gt;&lt;span style=&quot;font-family: Times New Roman, serif;&quot;&gt;&lt;span style=&quot;font-size: small;&quot;&gt;&lt;b&gt;Biography: &lt;\/b&gt;&lt;\/span&gt;&lt;\/span&gt;&lt;span style=&quot;font-family: Times New Roman, serif;&quot;&gt;&lt;span style=&quot;font-size: small;&quot;&gt;The Vienna-based artists \u2013 Christa St\u00f6ffelbauer, Mami Kawabata, Sylvia Bruckner, Xenia Rubin and Almut Rink \u2013 share an interest and curiosity in creating spaces for new encounters through the interplay of dance, live music and visual art. In the field of tension between individual and the collective, their focus lies on the potential of collaborative composition in the moment, in relation to time, space and the audience. Through their artistic collaboration, they aim to activate public space, reclaiming it as a shared living space that is in constant change, where everyone is allowed to contribute, thereby opening up perspectives on co-creation within the urban environment and in one&#8217;s own relationships.&lt;\/span&gt;&lt;\/span&gt;&lt;\/p&gt; \",\r\n            \"image\": \"https:\/\/iftf-frankfurt.com\/wp-content\/uploads\/sites\/2\/she-takes-space_1_\u00a9_Laurent-Ziegler.jpg\",\r\n            \"name\": \"she   takes   space &#8211; Installation in public space\",\r\n            \"url\": \"https:\/\/iftf-frankfurt.com\/en\/events\/s-h-e-t-a-k-e-s-s-p-a-c-e-installation-im-oeffentlichen-raum\/\"\r\n        }\r\n        <\/script>\r\n                            <article  data-href=\"https:\/\/iftf-frankfurt.com\/en\/events\/s-h-e-t-a-k-e-s-s-p-a-c-e-installation-im-oeffentlichen-raum\/\" data-target=\"m1\" style=\"background:#e23c95 url('https:\/\/iftf-frankfurt.com\/wp-content\/uploads\/sites\/2\/she-takes-space_1_\u00a9_Laurent-Ziegler-300x400.jpg')\" class=\" mec-event-article mec-tile-item  mec-clear   \">\r\n                                                                        <div class=\"event-tile-view-head clearfix\">\r\n                                                            <div class=\"mec-event-month\"><span class=\"mec-start-date-label\" itemprop=\"startDate\">15 Sep<\/span><\/div>\r\n                                                        <div class=\"mec-event-time\"><i class=\"mec-sl-clock\"><\/i>18:00<\/div>\r\n                        <\/div>\r\n                        <div class=\"mec-event-content\" data-target=\"m1\" data-event-id=\"26546\">\r\n                            <a href=\"https:\/\/iftf-frankfurt.com\/en\/events\/s-h-e-t-a-k-e-s-s-p-a-c-e-installation-im-oeffentlichen-raum\/\" target=\"m1\" class=\"mec-tile-into-content-link\"><\/a>                            <div class=\"mec-tile-event-content\">\r\n                                <div class=\"mec-event-detail\">\r\n                                                                                                            <span class=\"mec-event-loc-place\"><i class=\"mec-sl-location-pin\"><\/i>HAUPTWACHE<\/span>                                                                    <\/div>\r\n                                                                <h4 class=\"mec-event-title\"><a class=\"mec-color-hover\"  data-event-id=\"26546\" href=\"https:\/\/iftf-frankfurt.com\/en\/events\/s-h-e-t-a-k-e-s-s-p-a-c-e-installation-im-oeffentlichen-raum\/\" target=\"m1\" rel=\"noopener\">she   takes   space &#8211; Installation in public space<\/a><\/h4>\r\n                                                            <\/div>\r\n                        <\/div>\r\n                    <\/article>\r\n                <\/div>            <div class=\"col-md-4 col-sm-4\">        <script type=\"application\/ld+json\">\r\n        {\r\n            \"@context\": \"http:\/\/schema.org\",\r\n            \"@type\": \"Event\",\r\n            \"eventStatus\": \"https:\/\/schema.org\/EventScheduled\",\r\n            \"startDate\": \"2026-09-15\",\r\n            \"endDate\": \"2026-09-15\",\r\n            \"eventAttendanceMode\": \"https:\/\/schema.org\/OfflineEventAttendanceMode\",\r\n            \"location\":\r\n            {\r\n                \"@type\": \"Place\",\r\n                                \"name\": \"FOYER INDOOR B\u00dcHNE\",\r\n                \"image\": \"\",\r\n                \"address\": \"PROTAGON CULTURAL CENTRE \u2013 Orber Stra\u00dfe 57, 60386 Frankfurt am Main\"\r\n                            },\r\n            \"organizer\":\r\n            {\r\n                \"@type\": \"Person\",\r\n                \"name\": \"\",\r\n                \"url\": \"\"\r\n            },\r\n            \"offers\":\r\n            {\r\n                \"url\": \"https:\/\/iftf-frankfurt.com\/en\/events\/alleinsam-ja-nein-vielleicht\/\",\r\n                \"price\": \"\",\r\n                \"priceCurrency\": \"USD\",\r\n                \"availability\": \"https:\/\/schema.org\/InStock\",\r\n                \"validFrom\": \"2026-09-15T00:00\"\r\n            },\r\n            \"performer\": \"\",\r\n            \"description\": \"&lt;p style=&quot;text-align: left;&quot; align=&quot;center&quot;&gt;&lt;span style=&quot;font-family: Times New Roman, serif;&quot;&gt;&lt;span style=&quot;font-size: small;&quot;&gt;Mim\u00ed&lt;\/span&gt;&lt;\/span&gt;&lt;\/p&gt; &lt;p align=&quot;left&quot;&gt;&lt;span style=&quot;font-size: small;&quot;&gt;&#8220;ENG below&#8221;&lt;\/span&gt;&lt;\/p&gt; &lt;p align=&quot;left&quot;&gt;&lt;span style=&quot;font-family: Times New Roman, serif;&quot;&gt;&lt;span style=&quot;font-size: small;&quot;&gt;Die meisten von uns waren schon einmal verliebt, vielleicht sind sie es immer noch. Manche Liebesgeschichten sind nur eine Kurzgeschichte, andere dauern ein ganzes Leben und viele sind irgendwas dazwischen. Diese Geschichten hat Mim\u00ed sich erz\u00e4hlen lassen, die ein oder andere auch selbst erlebt und daraus eine Performance mit Erz\u00e4hlungen und Musik gewoben, die uns einl\u00e4dt, in bitters\u00fc\u00dfe Gef\u00fchle und eigene Erinnerungen einzutauchen.&lt;\/span&gt;&lt;\/span&gt;&lt;\/p&gt; &lt;p align=&quot;left&quot;&gt;&lt;span style=&quot;font-family: Times New Roman, serif;&quot;&gt;&lt;span style=&quot;font-size: small;&quot;&gt;&lt;strong&gt;Spiel und Regie:&lt;\/strong&gt; Mim\u00ed&lt;\/span&gt;&lt;\/span&gt;&lt;\/p&gt; &lt;p&gt;&nbsp;&lt;\/p&gt; &lt;p align=&quot;left&quot;&gt;&lt;span style=&quot;font-family: Times New Roman, serif;&quot;&gt;&lt;span style=&quot;font-size: small;&quot;&gt;Most of us have been in love at some point\u2014perhaps we still are. Some love stories are mere short stories, others last a lifetime, and many fall somewhere in between. Mim\u00ed gathered these stories\u2014experiencing some firsthand\u2014and wove them into a performance of storytelling and music that invites us to immerse ourselves in bittersweet emotions and our own memories.&lt;\/span&gt;&lt;\/span&gt;&lt;\/p&gt; &lt;p align=&quot;left&quot;&gt;&lt;span style=&quot;font-family: Times New Roman, serif;&quot;&gt;&lt;span style=&quot;font-size: small;&quot;&gt;&lt;strong&gt;Performance and Direction:&lt;\/strong&gt; Mim\u00ed&lt;\/span&gt;&lt;\/span&gt;&lt;\/p&gt; \",\r\n            \"image\": \"https:\/\/iftf-frankfurt.com\/wp-content\/uploads\/sites\/2\/Rummel_RevuecMaria.Schmitz-161.jpg\",\r\n            \"name\": \"Alleinsam-ja, nein, vielleicht?\",\r\n            \"url\": \"https:\/\/iftf-frankfurt.com\/en\/events\/alleinsam-ja-nein-vielleicht\/\"\r\n        }\r\n        <\/script>\r\n                            <article  data-href=\"https:\/\/iftf-frankfurt.com\/en\/events\/alleinsam-ja-nein-vielleicht\/\" data-target=\"m1\" style=\"background:#e23c95 url('https:\/\/iftf-frankfurt.com\/wp-content\/uploads\/sites\/2\/Rummel_RevuecMaria.Schmitz-161-300x400.jpg')\" class=\" mec-event-article mec-tile-item  mec-clear   \">\r\n                                                                        <div class=\"event-tile-view-head clearfix\">\r\n                                                            <div class=\"mec-event-month\"><span class=\"mec-start-date-label\" itemprop=\"startDate\">15 Sep<\/span><\/div>\r\n                                                        <div class=\"mec-event-time\"><i class=\"mec-sl-clock\"><\/i>19:00<\/div>\r\n                        <\/div>\r\n                        <div class=\"mec-event-content\" data-target=\"m1\" data-event-id=\"26556\">\r\n                            <a href=\"https:\/\/iftf-frankfurt.com\/en\/events\/alleinsam-ja-nein-vielleicht\/\" target=\"m1\" class=\"mec-tile-into-content-link\"><\/a>                            <div class=\"mec-tile-event-content\">\r\n                                <div class=\"mec-event-detail\">\r\n                                                                                                            <span class=\"mec-event-loc-place\"><i class=\"mec-sl-location-pin\"><\/i>FOYER INDOOR B\u00dcHNE<\/span>                                                                    <\/div>\r\n                                                                <h4 class=\"mec-event-title\"><a class=\"mec-color-hover\"  data-event-id=\"26556\" href=\"https:\/\/iftf-frankfurt.com\/en\/events\/alleinsam-ja-nein-vielleicht\/\" target=\"m1\" rel=\"noopener\">Alleinsam-ja, nein, vielleicht?<\/a><\/h4>\r\n                                                            <\/div>\r\n                        <\/div>\r\n                    <\/article>\r\n                <\/div><\/div>            <div class=\"row\"><div class=\"col-md-4 col-sm-4\">        <script type=\"application\/ld+json\">\r\n        {\r\n            \"@context\": \"http:\/\/schema.org\",\r\n            \"@type\": \"Event\",\r\n            \"eventStatus\": \"https:\/\/schema.org\/EventScheduled\",\r\n            \"startDate\": \"2026-09-15\",\r\n            \"endDate\": \"2026-09-15\",\r\n            \"eventAttendanceMode\": \"https:\/\/schema.org\/OfflineEventAttendanceMode\",\r\n            \"location\":\r\n            {\r\n                \"@type\": \"Place\",\r\n                                \"name\": \"INDOOR STAGE PROTAGON\",\r\n                \"image\": \"\",\r\n                \"address\": \"PROTAGON CULTURAL CENTRE \u2013 Orber Stra\u00dfe 57, 60386 Frankfurt am Main\"\r\n                            },\r\n            \"organizer\":\r\n            {\r\n                \"@type\": \"Person\",\r\n                \"name\": \"\",\r\n                \"url\": \"\"\r\n            },\r\n            \"offers\":\r\n            {\r\n                \"url\": \"https:\/\/iftf-frankfurt.com\/en\/events\/shaking-the-prophecy-oder-wie-ein-monster-kuesst\/\",\r\n                \"price\": \"\",\r\n                \"priceCurrency\": \"USD\",\r\n                \"availability\": \"https:\/\/schema.org\/InStock\",\r\n                \"validFrom\": \"2026-09-15T00:00\"\r\n            },\r\n            \"performer\": \"\",\r\n            \"description\": \"&lt;p style=&quot;text-align: left;&quot; align=&quot;center&quot;&gt;&lt;span style=&quot;font-family: Times New Roman, serif;&quot;&gt;&lt;span style=&quot;font-size: small;&quot;&gt;Agnetha Jaunich &amp; Jan Deck&lt;\/span&gt;&lt;\/span&gt;&lt;\/p&gt; &lt;p align=&quot;left&quot;&gt;&lt;span style=&quot;font-size: small;&quot;&gt;&#8220;ENG below&#8221;&lt;\/span&gt;&lt;\/p&gt; &lt;p align=&quot;left&quot;&gt;&lt;span style=&quot;font-family: Times New Roman, serif;&quot;&gt;&lt;span style=&quot;font-size: small;&quot;&gt;Vielleicht ist es eine Horror-Show.&lt;br \/&gt; Vielleicht ist es ein Sch\u00f6nheitswettbewerb.&lt;br \/&gt; Vielleicht wird nackte Haut zu sehen sein.&lt;br \/&gt; Vielleicht wendest du dich angeekelt ab.&lt;br \/&gt; Vielleicht m\u00f6chtest du nie wieder weg.&lt;br \/&gt; Vielleicht wurde es vorhergesagt.&lt;br \/&gt; Vielleicht auch nicht. &lt;\/span&gt;&lt;\/span&gt;&lt;\/p&gt; &lt;p align=&quot;left&quot;&gt;&lt;span style=&quot;font-family: Times New Roman, serif;&quot;&gt;&lt;span style=&quot;font-size: small;&quot;&gt;Die Tanz-Performance \u201cShaking the prophecy oder wie ein Monster k\u00fcsst\u201d spielt mit gesellschaftlichen und mediatisierten Idealen von Sch\u00f6nheit und Macht. Jaunich und Deck erschaffen ihre eigenen Monster und transformieren schamlos g\u00e4ngige patriachale Sichtweisen auf weiblich gelesene K\u00f6rper und deren Verhaltensnormen. Ein lustvolles Aufbegehren auf die ewige Erz\u00e4hlung der sanften und liebreizenden Frau.&lt;\/span&gt;&lt;\/span&gt;&lt;\/p&gt; &lt;p align=&quot;left&quot;&gt;&lt;span style=&quot;font-family: Times New Roman, serif;&quot;&gt;&lt;span style=&quot;font-size: small;&quot;&gt;&lt;b&gt;Sprache(n): &lt;\/b&gt;Deutsch und teilweise Englisch&lt;\/span&gt;&lt;\/span&gt;&lt;\/p&gt; &lt;p align=&quot;left&quot;&gt;&lt;span style=&quot;font-family: Times New Roman, serif;&quot;&gt;&lt;span style=&quot;font-size: small;&quot;&gt;&lt;strong&gt;K\u00fcnstlerische Leitung:&lt;\/strong&gt; Jan Deck und Agnetha Jaunich&lt;br \/&gt; &lt;strong&gt;Performance:&lt;\/strong&gt; Agnetha Jaunich&lt;br \/&gt; &lt;strong&gt;Szenografie:&lt;\/strong&gt; Ariella Karatolou&lt;\/span&gt;&lt;\/span&gt;&lt;\/p&gt; &lt;p align=&quot;left&quot;&gt;&lt;span style=&quot;font-family: Times New Roman, serif;&quot;&gt;&lt;span style=&quot;font-size: small;&quot;&gt;&lt;a href=&quot;http:\/\/www.agnethajaunich.com\/&quot;&gt;www.agnethajaunich.com&lt;\/a&gt;  IG: &lt;a href=&quot;https:\/\/www.instagram.com\/agnethajaunich\/&quot;&gt;@agnethajaunich&lt;\/a&gt;&lt;\/span&gt;&lt;\/span&gt;&lt;\/p&gt; &lt;p align=&quot;left&quot;&gt;&lt;span style=&quot;font-family: Times New Roman, serif;&quot;&gt;&lt;span style=&quot;font-size: small;&quot;&gt;&lt;a href=&quot;http:\/\/www.ariellakaratolou.com\/&quot;&gt;www.ariellakaratolou.com&lt;\/a&gt;  IG: &lt;a href=&quot;https:\/\/www.instagram.com\/spinningtopgun&quot;&gt;@spinningtopgun&lt;\/a&gt;&lt;\/span&gt;&lt;\/span&gt;&lt;\/p&gt; &lt;p align=&quot;left&quot;&gt;&lt;span style=&quot;font-family: Times New Roman, serif;&quot;&gt;&lt;span style=&quot;font-size: small;&quot;&gt;IG: &lt;a href=&quot;https:\/\/www.instagram.com\/jan_deck&quot;&gt;@jan_deck&lt;\/a&gt;&lt;\/span&gt;&lt;\/span&gt;&lt;\/p&gt; &lt;p align=&quot;left&quot;&gt;&lt;span style=&quot;font-family: Times New Roman, serif;&quot;&gt;&lt;span style=&quot;font-size: small;&quot;&gt;Gef\u00f6rdert durch das Hessische Ministerium f\u00fcr Wissenschaft und Kunst, das Kulturamt &lt;\/span&gt;&lt;\/span&gt;&lt;span style=&quot;font-family: Times New Roman, serif;&quot;&gt;&lt;span style=&quot;font-size: small;&quot;&gt;Frankfurt und das Kulturamt Kassel.&lt;\/span&gt;&lt;\/span&gt;&lt;\/p&gt; &lt;p align=&quot;left&quot;&gt;&lt;span style=&quot;font-family: Times New Roman, serif;&quot;&gt;&lt;span style=&quot;font-size: small;&quot;&gt;&lt;strong&gt;Biographie:&lt;\/strong&gt; Agnetha Jaunich (sie\/ihr oder they\/them) ist Performance-K\u00fcnstlerin, Choreografin und Artistic Researcher. In ihrer Arbeit versteht sie den K\u00f6rper als gesellschaftlich gepr\u00e4gten und politischen Ort. Performance begreift sie als Form k\u00fcnstlerischer Forschung, durch die sie verk\u00f6rpertes Wissen erfahrbar macht und neue Perspektiven auf K\u00f6rperlichkeit er\u00f6ffnen.&lt;\/span&gt;&lt;\/span&gt;&lt;\/p&gt; &lt;p align=&quot;left&quot;&gt;&lt;span style=&quot;font-family: Times New Roman, serif;&quot;&gt;&lt;span style=&quot;font-size: small;&quot;&gt;Jan Deck arbeitet seit mehr als 20 Jahren interdisziplin\u00e4r als freier Regisseur, Dramaturg, Autor mit Profis und Nicht-Profis und zu gesellschaftlichen Themen.&lt;\/span&gt;&lt;\/span&gt;&lt;\/p&gt; &lt;p align=&quot;left&quot;&gt;&lt;span style=&quot;font-family: Times New Roman, serif;&quot;&gt;&lt;span style=&quot;font-size: small;&quot;&gt;Ariella Karatolou, geboren in Athen, studierte Architektur an der Technischen Universit\u00e4t Athen, sowie B\u00fchnen- und Kost\u00fcmbild am Royal Welsh College of Music and Drama in Gro\u00dfbritannien. 2014 kam sie nach Deutschland und arbeitete unter anderem bei Ida M\u00fcller &amp; Vegard Vinge, Constanza Macras | Dorky Park und an der Schaub\u00fchne Berlin.&lt;\/span&gt;&lt;\/span&gt;&lt;\/p&gt; &lt;p align=&quot;left&quot;&gt;&lt;span style=&quot;font-family: Times New Roman, serif;&quot;&gt;&lt;span style=&quot;font-size: small;&quot;&gt;&lt;br \/&gt; Maybe it\u2019s a horror show.&lt;br \/&gt; Maybe it\u2019s a beauty pageant.&lt;br \/&gt; Maybe there will be naked skin.&lt;br \/&gt; Maybe you\u2019ll turn away in disgust.&lt;br \/&gt; Maybe you\u2019ll never want to leave.&lt;br \/&gt; Maybe it was prophesied.&lt;br \/&gt; Maybe not.&lt;\/span&gt;&lt;\/span&gt;&lt;\/p&gt; &lt;p align=&quot;left&quot;&gt;&lt;span style=&quot;font-family: Times New Roman, serif;&quot;&gt;&lt;span style=&quot;font-size: small;&quot;&gt;The dance performance *Shaking the Prophecy (or How a Monster Kisses)* plays with societal and media-driven ideals of beauty and power. Jaunich and Deck create their own monsters and shamelessly transform prevailing patriarchal views on bodies read as female and their associated behavioral norms. It is a spirited rebellion against the age-old narrative of the gentle, lovely woman.&lt;\/span&gt;&lt;\/span&gt;&lt;\/p&gt; &lt;p align=&quot;left&quot;&gt;&lt;span style=&quot;font-family: Times New Roman, serif;&quot;&gt;&lt;span style=&quot;font-size: small;&quot;&gt;&lt;strong&gt;Language(s):&lt;\/strong&gt; German and partly English&lt;\/span&gt;&lt;\/span&gt;&lt;\/p&gt; &lt;p align=&quot;left&quot;&gt;&lt;span style=&quot;font-family: Times New Roman, serif;&quot;&gt;&lt;span style=&quot;font-size: small;&quot;&gt;&lt;strong&gt;Artistic Direction:&lt;\/strong&gt; Jan Deck and Agnetha Jaunich&lt;\/span&gt;&lt;\/span&gt;&lt;\/p&gt; &lt;p align=&quot;left&quot;&gt;&lt;span style=&quot;font-family: Times New Roman, serif;&quot;&gt;&lt;span style=&quot;font-size: small;&quot;&gt;&lt;strong&gt;Performance:&lt;\/strong&gt; Agnetha Jaunich&lt;\/span&gt;&lt;\/span&gt;&lt;\/p&gt; &lt;p align=&quot;left&quot;&gt;&lt;span style=&quot;font-family: Times New Roman, serif;&quot;&gt;&lt;span style=&quot;font-size: small;&quot;&gt;&lt;strong&gt;Scenography:&lt;\/strong&gt; Ariella Karatolou&lt;\/span&gt;&lt;\/span&gt;&lt;\/p&gt; &lt;p align=&quot;left&quot;&gt;&lt;span style=&quot;font-family: Times New Roman, serif;&quot;&gt;&lt;span style=&quot;font-size: small;&quot;&gt;&lt;a href=&quot;http:\/\/www.agnethajaunich.com\/&quot;&gt;www.agnethajaunich.com&lt;\/a&gt;  &lt;strong&gt;IG:&lt;\/strong&gt; &lt;a href=&quot;https:\/\/www.instagram.com\/agnethajaunich\/&quot;&gt;@agnethajaunich&lt;\/a&gt;&lt;\/span&gt;&lt;\/span&gt;&lt;\/p&gt; &lt;p align=&quot;left&quot;&gt;&lt;span style=&quot;font-family: Times New Roman, serif;&quot;&gt;&lt;span style=&quot;font-size: small;&quot;&gt;&lt;a href=&quot;http:\/\/www.ariellakaratolou.com\/&quot;&gt;www.ariellakaratolou.com&lt;\/a&gt;  &lt;strong&gt;IG:&lt;\/strong&gt; &lt;a href=&quot;https:\/\/www.instagram.com\/spinningtopgun&quot;&gt;@spinningtopgun&lt;\/a&gt;&lt;\/span&gt;&lt;\/span&gt;&lt;\/p&gt; &lt;p align=&quot;left&quot;&gt;&lt;span style=&quot;font-family: Times New Roman, serif;&quot;&gt;&lt;span style=&quot;font-size: small;&quot;&gt;&lt;strong&gt;IG:&lt;\/strong&gt; &lt;a href=&quot;https:\/\/www.instagram.com\/jan_deck&quot;&gt;@jan_deck&lt;\/a&gt;&lt;\/span&gt;&lt;\/span&gt;&lt;\/p&gt; &lt;p align=&quot;left&quot;&gt;&lt;span style=&quot;font-family: Times New Roman, serif;&quot;&gt;&lt;span style=&quot;font-size: small;&quot;&gt;Supported by the Hessian Ministry of Science and the Arts, the Frankfurt Cultural Office, and the Kassel Cultural Office.&lt;\/span&gt;&lt;\/span&gt;&lt;\/p&gt; &lt;p align=&quot;left&quot;&gt;&lt;span style=&quot;font-family: Times New Roman, serif;&quot;&gt;&lt;span style=&quot;font-size: small;&quot;&gt;&lt;strong&gt;Biography:&lt;\/strong&gt; Agnetha Jaunich (she\/her or they\/them) is a performance artist, choreographer, and artistic researcher. In her work, she views the body as a site that is both socially shaped and political. She conceives of performance as a form of artistic research through which she makes embodied knowledge tangible and opens up new perspectives on physicality.&lt;\/span&gt;&lt;\/span&gt;&lt;\/p&gt; &lt;p align=&quot;left&quot;&gt;&lt;span style=&quot;font-family: Times New Roman, serif;&quot;&gt;&lt;span style=&quot;font-size: small;&quot;&gt;Jan Deck has been working interdisciplinarily for over 20 years as a freelance director, dramaturg, and writer, collaborating with both professionals and non-professionals on projects addressing social issues.&lt;\/span&gt;&lt;\/span&gt;&lt;\/p&gt; &lt;p align=&quot;left&quot;&gt;&lt;span style=&quot;font-family: Times New Roman, serif;&quot;&gt;&lt;span style=&quot;font-size: small;&quot;&gt;Ariella Karatolou, born in Athens, studied architecture at the National Technical University of Athens and set and costume design at the Royal Welsh College of Music and Drama in the UK. She moved to Germany in 2014 and has worked with artists such as Ida M\u00fcller &amp; Vegard Vinge and Constanza Macras | Dorky Park and at the Schaub\u00fchne Berlin.&lt;\/span&gt;&lt;\/span&gt;&lt;\/p&gt; \",\r\n            \"image\": \"https:\/\/iftf-frankfurt.com\/wp-content\/uploads\/sites\/2\/shaking_the_prophecy_deckjaunich_foto_web.jpeg\",\r\n            \"name\": \"SHAKING THE PROPHECY oder wie ein Monster k\u00fcsst\",\r\n            \"url\": \"https:\/\/iftf-frankfurt.com\/en\/events\/shaking-the-prophecy-oder-wie-ein-monster-kuesst\/\"\r\n        }\r\n        <\/script>\r\n                            <article  data-href=\"https:\/\/iftf-frankfurt.com\/en\/events\/shaking-the-prophecy-oder-wie-ein-monster-kuesst\/\" data-target=\"m1\" style=\"background:#e23c95 url('https:\/\/iftf-frankfurt.com\/wp-content\/uploads\/sites\/2\/shaking_the_prophecy_deckjaunich_foto_web.jpeg')\" class=\" mec-event-article mec-tile-item  mec-clear   \">\r\n                                                                        <div class=\"event-tile-view-head clearfix\">\r\n                                                            <div class=\"mec-event-month\"><span class=\"mec-start-date-label\" itemprop=\"startDate\">15 Sep<\/span><\/div>\r\n                                                        <div class=\"mec-event-time\"><i class=\"mec-sl-clock\"><\/i>20:00<\/div>\r\n                        <\/div>\r\n                        <div class=\"mec-event-content\" data-target=\"m1\" data-event-id=\"26560\">\r\n                            <a href=\"https:\/\/iftf-frankfurt.com\/en\/events\/shaking-the-prophecy-oder-wie-ein-monster-kuesst\/\" target=\"m1\" class=\"mec-tile-into-content-link\"><\/a>                            <div class=\"mec-tile-event-content\">\r\n                                <div class=\"mec-event-detail\">\r\n                                                                                                            <span class=\"mec-event-loc-place\"><i class=\"mec-sl-location-pin\"><\/i>INDOOR STAGE PROTAGON<\/span>                                                                    <\/div>\r\n                                                                <h4 class=\"mec-event-title\"><a class=\"mec-color-hover\"  data-event-id=\"26560\" href=\"https:\/\/iftf-frankfurt.com\/en\/events\/shaking-the-prophecy-oder-wie-ein-monster-kuesst\/\" target=\"m1\" rel=\"noopener\">SHAKING THE PROPHECY oder wie ein Monster k\u00fcsst<\/a><\/h4>\r\n                                                            <\/div>\r\n                        <\/div>\r\n                    <\/article>\r\n                <\/div>                    <div class=\"col-md-4 col-sm-4\">        <script type=\"application\/ld+json\">\r\n        {\r\n            \"@context\": \"http:\/\/schema.org\",\r\n            \"@type\": \"Event\",\r\n            \"eventStatus\": \"https:\/\/schema.org\/EventScheduled\",\r\n            \"startDate\": \"2026-09-16\",\r\n            \"endDate\": \"2026-09-16\",\r\n            \"eventAttendanceMode\": \"https:\/\/schema.org\/OfflineEventAttendanceMode\",\r\n            \"location\":\r\n            {\r\n                \"@type\": \"Place\",\r\n                                \"name\": \"KULTURGEL\u00c4NDE PROTAGON\",\r\n                \"image\": \"\",\r\n                \"address\": \"Orber Stra\u00dfe 57, 60386 Frankfurt am Main\"\r\n                            },\r\n            \"organizer\":\r\n            {\r\n                \"@type\": \"Person\",\r\n                \"name\": \"\",\r\n                \"url\": \"\"\r\n            },\r\n            \"offers\":\r\n            {\r\n                \"url\": \"https:\/\/iftf-frankfurt.com\/en\/events\/fish-shoal-invitation-shoal-of-somatic-attunement-with-slack-tide-or-tidal-standstill-slack-tide\/\",\r\n                \"price\": \"\",\r\n                \"priceCurrency\": \"USD\",\r\n                \"availability\": \"https:\/\/schema.org\/InStock\",\r\n                \"validFrom\": \"2026-09-16T00:00\"\r\n            },\r\n            \"performer\": \"\",\r\n            \"description\": \"&lt;p align=&quot;left&quot;&gt;&lt;strong&gt;&lt;span style=&quot;font-family: Times New Roman, serif;&quot;&gt;&lt;span style=&quot;font-size: medium;&quot;&gt;&lt;strong&gt;Die Gezeitenpausen&lt;\/strong&gt;&lt;\/span&gt;&lt;\/span&gt;&lt;\/strong&gt;&lt;\/p&gt; &lt;p align=&quot;left&quot;&gt;&lt;span style=&quot;font-family: Times New Roman, serif;&quot;&gt;&lt;span style=&quot;font-size: small;&quot;&gt;Prof. Dr. Ciane Fernandes &amp; public participation&lt;\/span&gt;&lt;\/span&gt;&lt;\/p&gt; &lt;p align=&quot;left&quot;&gt;&lt;span style=&quot;font-size: small;&quot;&gt;&#8220;ENG below&#8221;&lt;\/span&gt;&lt;\/p&gt; &lt;p align=&quot;left&quot;&gt;&lt;span style=&quot;font-family: Times New Roman, serif;&quot;&gt;&lt;span style=&quot;font-size: small;&quot;&gt;Eine einf\u00fchlsame kollektive Einstimmung w\u00e4hrend der Gezeitenpause im deutschen Meer, an verschiedenen Tagen des Festivals und offen f\u00fcr die Teilnahme des Publikums.&lt;\/span&gt;&lt;\/span&gt;&lt;\/p&gt; &lt;p align=&quot;left&quot;&gt;&lt;span style=&quot;font-family: Times New Roman, serif;&quot;&gt;Die Gezeitenpause bezeichnet den kurzen Moment zwischen Ebbe und Flut, in dem sich der Wasserstand kaum ver\u00e4ndert. Durch die Bewegung des Mondes um die Erde verschiebt sich dieser Zeitpunkt t\u00e4glich um etwa 50 Minuten, sodass die Performance jeden Tag zu einer anderen Zeit stattfindet.&lt;\/span&gt;&lt;\/p&gt; &lt;p align=&quot;left&quot;&gt;&lt;span style=&quot;font-family: Times New Roman, serif;&quot;&gt;Wie k\u00f6nnen wir koloniale, fragmentierte Zeit und unterteilte R\u00e4ume aufl\u00f6sen und in einem Zwischenraum-Zeit-Kontinuum schweben \u2013 als ein sich ausbreitender, spiralf\u00f6rmiger, weiblicher und flie\u00dfender Zustand, tief verbunden mit den Rhythmen der Gezeiten?&lt;\/span&gt;&lt;\/p&gt; &lt;p&gt;&nbsp;&lt;\/p&gt; &lt;p align=&quot;left&quot;&gt;&lt;span style=&quot;font-family: Times New Roman, serif;&quot;&gt;&lt;span style=&quot;font-size: small;&quot;&gt;A sensitive collective attunement during the slack tide of the German ocean during intermission moments in different days of the festival, open to public participation. The &lt;b&gt;slack tide&lt;\/b&gt;, also known as &lt;b&gt;tidal standstill &lt;\/b&gt;or&lt;b&gt; tidal pause&lt;\/b&gt;, is a natural phenomenon that happens between high and low tides, characterized by a short period of time when there is no change in water level. It happens with a change of 50 minutes from one day to the next, due to the movement of the moon around the earth, so the performance will happen at different moments each day. How can we melt colonial fragmented time and compartmentalized space, and float on an in-between spacetime continuum as a spread-out spiraling feminine fluid state deeply connected to these tidal rhythms?&lt;\/span&gt;&lt;\/span&gt;&lt;\/p&gt; &lt;p align=&quot;left&quot;&gt;&lt;img decoding=&quot;async&quot; class=&quot;alignnone size-medium wp-image-26945&quot; src=&quot;https:\/\/iftf-frankfurt.com\/wp-content\/uploads\/sites\/2\/unnamed-300x126.jpg&quot; alt=&quot;&quot; width=&quot;300&quot; height=&quot;126&quot; srcset=&quot;https:\/\/iftf-frankfurt.com\/wp-content\/uploads\/sites\/2\/unnamed-300x126.jpg 300w, https:\/\/iftf-frankfurt.com\/wp-content\/uploads\/sites\/2\/unnamed.jpg 512w&quot; sizes=&quot;(max-width: 300px) 100vw, 300px&quot; \/&gt;&lt;\/p&gt; \",\r\n            \"image\": \"\",\r\n            \"name\": \"FISH SHOAL INVITATION: SHOAL OF SOMATIC ATTUNEMENT WITH SLACK TIDE OR TIDAL STANDSTILL.  SLACK TIDE\",\r\n            \"url\": \"https:\/\/iftf-frankfurt.com\/en\/events\/fish-shoal-invitation-shoal-of-somatic-attunement-with-slack-tide-or-tidal-standstill-slack-tide\/\"\r\n        }\r\n        <\/script>\r\n                            <article  data-href=\"https:\/\/iftf-frankfurt.com\/en\/events\/fish-shoal-invitation-shoal-of-somatic-attunement-with-slack-tide-or-tidal-standstill-slack-tide\/\" data-target=\"m1\" style=\"background:#e23c95\" class=\" mec-event-article mec-tile-item  mec-clear   \">\r\n                                                                        <div class=\"event-tile-view-head clearfix\">\r\n                                                            <div class=\"mec-event-month\"><span class=\"mec-start-date-label\" itemprop=\"startDate\">16 Sep<\/span><\/div>\r\n                                                        <div class=\"mec-event-time\"><i class=\"mec-sl-clock\"><\/i>17:00<\/div>\r\n                        <\/div>\r\n                        <div class=\"mec-event-content\" data-target=\"m1\" data-event-id=\"27138\">\r\n                            <a href=\"https:\/\/iftf-frankfurt.com\/en\/events\/fish-shoal-invitation-shoal-of-somatic-attunement-with-slack-tide-or-tidal-standstill-slack-tide\/\" target=\"m1\" class=\"mec-tile-into-content-link\"><\/a>                            <div class=\"mec-tile-event-content\">\r\n                                <div class=\"mec-event-detail\">\r\n                                                                                                            <span class=\"mec-event-loc-place\"><i class=\"mec-sl-location-pin\"><\/i>KULTURGEL\u00c4NDE PROTAGON<\/span>                                                                    <\/div>\r\n                                                                <h4 class=\"mec-event-title\"><a class=\"mec-color-hover\"  data-event-id=\"27138\" href=\"https:\/\/iftf-frankfurt.com\/en\/events\/fish-shoal-invitation-shoal-of-somatic-attunement-with-slack-tide-or-tidal-standstill-slack-tide\/\" target=\"m1\" rel=\"noopener\">FISH SHOAL INVITATION: SHOAL OF SOMATIC ATTUNEMENT WITH SLACK TIDE OR TIDAL STANDSTILL.  SLACK TIDE<\/a><\/h4>\r\n                                                            <\/div>\r\n                        <\/div>\r\n                    <\/article>\r\n                <\/div>            <div class=\"col-md-4 col-sm-4\">        <script type=\"application\/ld+json\">\r\n        {\r\n            \"@context\": \"http:\/\/schema.org\",\r\n            \"@type\": \"Event\",\r\n            \"eventStatus\": \"https:\/\/schema.org\/EventScheduled\",\r\n            \"startDate\": \"2026-09-16\",\r\n            \"endDate\": \"2026-09-16\",\r\n            \"eventAttendanceMode\": \"https:\/\/schema.org\/OfflineEventAttendanceMode\",\r\n            \"location\":\r\n            {\r\n                \"@type\": \"Place\",\r\n                                \"name\": \"INDOOR STAGE PROTAGON\",\r\n                \"image\": \"\",\r\n                \"address\": \"PROTAGON CULTURAL CENTRE \u2013 Orber Stra\u00dfe 57, 60386 Frankfurt am Main\"\r\n                            },\r\n            \"organizer\":\r\n            {\r\n                \"@type\": \"Person\",\r\n                \"name\": \"\",\r\n                \"url\": \"\"\r\n            },\r\n            \"offers\":\r\n            {\r\n                \"url\": \"https:\/\/iftf-frankfurt.com\/en\/events\/reverdecer\/\",\r\n                \"price\": \"\",\r\n                \"priceCurrency\": \"USD\",\r\n                \"availability\": \"https:\/\/schema.org\/InStock\",\r\n                \"validFrom\": \"2026-09-16T00:00\"\r\n            },\r\n            \"performer\": \"\",\r\n            \"description\": \"&lt;p style=&quot;text-align: left;&quot; align=&quot;center&quot;&gt;&lt;span style=&quot;font-family: Times New Roman, serif;&quot;&gt;&lt;span style=&quot;font-size: small;&quot;&gt;Amanda Romero Canepa&lt;\/span&gt;&lt;\/span&gt;&lt;\/p&gt; &lt;p align=&quot;left&quot;&gt;&lt;span style=&quot;font-family: Times New Roman, serif;&quot;&gt;&lt;span style=&quot;font-size: small;&quot;&gt;Ist es eine Zusammenkunft, ein Ritual, eine Stellungnahme, ein Vorschlag, ein freier K\u00f6rper, ein Moment, in dem unsere Gedanken eins werden? Wie k\u00f6nnen wir einander halten, w\u00e4hrend wir auseinandergerissen werden? Eine Einladung, unsere Verantwortung anzuerkennen. Eine Praxis, um unseren kollektiven K\u00f6rper zu erm\u00e4chtigen. Ein Impuls, die Hierarchien der Macht zu durchbrechen und zirkul\u00e4re Formen des Seins einzuladen. Eine Sehnsucht nach anderen M\u00f6glichkeiten, lebendig zu sein. Wenn das M\u00f6gliche kolonial ist, brauchen wir das Unm\u00f6gliche.* Es bedeutet, Raum zu halten f\u00fcr unsere weibliche Wut gegen diejenigen, die f\u00fcr die Gr\u00e4ueltaten dieser Welt verantwortlich sind. Ein Raum, in dem Freude Teil des Widerstands ist. Ein Raum, in dem Feier und Schmerz nebeneinander existieren und miteinander verbunden sind. Reverdecer ist Sanftheit, ist G\u00fcte, ist Zartheit in ihrer St\u00e4rke. Es bedeutet, loszulassen, was zusammenbrechen muss, die Erde zu bemuttern, damit sie fruchtbar wird, und wieder gr\u00fcn zu werden. Wir leben weiter, weil wir daran glauben, dass wir einander halten k\u00f6nnen \u2026 &lt;\/span&gt;&lt;\/span&gt;&lt;\/p&gt; &lt;p style=&quot;text-align: left;&quot; align=&quot;center&quot;&gt;&lt;span style=&quot;font-family: Times New Roman, serif;&quot;&gt;&lt;span style=&quot;font-size: small;&quot;&gt;&lt;b&gt;Sprache&lt;\/b&gt;: &lt;\/span&gt;&lt;\/span&gt;&lt;span style=&quot;font-size: small; font-family: &#039;Times New Roman&#039;, serif;&quot;&gt;Gr\u00f6\u00dftenteils Spanisch, etwas Englisch&lt;\/span&gt;&lt;\/p&gt; &lt;p align=&quot;left&quot;&gt;&lt;span style=&quot;font-family: Times New Roman, serif;&quot;&gt;&lt;span style=&quot;font-size: small;&quot;&gt;&lt;b&gt;Choreografie:&lt;\/b&gt; Amanda Romero Canepa&lt;\/span&gt;&lt;\/span&gt;&lt;\/p&gt; &lt;p align=&quot;left&quot;&gt;&lt;span style=&quot;font-family: Times New Roman, serif;&quot;&gt;&lt;span style=&quot;font-size: small;&quot;&gt;&lt;b&gt;Tanz, Kost\u00fcm, Text, Care-Arbeit:&lt;\/b&gt; L\u00e9lia Brigatti, Sara Ofelia Sonderegger, Amanda Romero&lt;\/span&gt;&lt;\/span&gt;&lt;\/p&gt; &lt;p align=&quot;left&quot;&gt;&lt;span style=&quot;font-family: Times New Roman, serif;&quot;&gt;&lt;span style=&quot;font-size: small;&quot;&gt;&lt;b&gt;Dramaturgie, Care-Arbeit:&lt;\/b&gt; Benedetta Reuter&lt;\/span&gt;&lt;\/span&gt;&lt;\/p&gt; &lt;p align=&quot;left&quot;&gt;&lt;span style=&quot;font-family: Times New Roman, serif;&quot;&gt;&lt;span style=&quot;font-size: small;&quot;&gt;&lt;b&gt;Vocal Coaching:&lt;\/b&gt; Andres Esteban&lt;\/span&gt;&lt;\/span&gt;&lt;\/p&gt; &lt;p align=&quot;left&quot;&gt;&lt;span style=&quot;font-family: Times New Roman, serif;&quot;&gt;&lt;span style=&quot;font-size: small;&quot;&gt;&lt;b&gt;Sounddesign:&lt;\/b&gt; Amanda Romero und The Scorpios&lt;\/span&gt;&lt;\/span&gt;&lt;\/p&gt; &lt;p align=&quot;left&quot;&gt;&lt;span style=&quot;font-family: Times New Roman, serif;&quot;&gt;&lt;span style=&quot;font-size: small;&quot;&gt;&lt;b&gt;Schnitt der Videoprojektion:&lt;\/b&gt; Lynn de Kaenel&lt;\/span&gt;&lt;\/span&gt;&lt;\/p&gt; &lt;p align=&quot;left&quot;&gt;&lt;span style=&quot;font-family: Times New Roman, serif;&quot;&gt;&lt;span style=&quot;font-size: small;&quot;&gt;&lt;b&gt;Videoquellen:&lt;\/b&gt; Maurits Boettger&lt;\/span&gt;&lt;\/span&gt;&lt;\/p&gt; &lt;p align=&quot;left&quot;&gt;&lt;span style=&quot;font-family: Times New Roman, serif;&quot;&gt;&lt;span style=&quot;font-size: small;&quot;&gt;&lt;b&gt;Website\/IG: &lt;\/b&gt;&lt;\/span&gt;&lt;\/span&gt;&lt;a href=&quot;http:\/\/www.amanda-romero.com\/&quot;&gt;&lt;span style=&quot;font-family: Times New Roman, serif;&quot;&gt;&lt;span style=&quot;font-size: small;&quot;&gt;www.amanda-romero.com&lt;\/span&gt;&lt;\/span&gt;&lt;\/a&gt;&lt;span style=&quot;font-family: Times New Roman, serif;&quot;&gt;&lt;span style=&quot;font-size: small;&quot;&gt; \/ &lt;\/span&gt;&lt;a href=&quot;https:\/\/www.instagram.com\/amandaromero.c&quot;&gt;&lt;span style=&quot;font-size: small;&quot;&gt;@amandaromero.c&lt;\/span&gt;&lt;\/a&gt;&lt;\/span&gt;&lt;\/p&gt; &lt;p align=&quot;left&quot;&gt;&lt;span style=&quot;font-family: Times New Roman, serif;&quot;&gt;&lt;span style=&quot;font-size: small;&quot;&gt;&lt;strong&gt;Biographie:&lt;\/strong&gt; Amanda Romero ist T\u00e4nzerin, Choreografin und Musikerin aus Peru und lebt seit 2013 in Europa. Sie studierte zeitgen\u00f6ssischen Tanz in K\u00f6ln und arbeitet seitdem als freischaffende K\u00fcnstlerin in verschiedenen St\u00e4dten. Gemeinsam mit ihrem Kollektiv &lt;\/span&gt;&lt;span style=&quot;color: #1b1b1b;&quot;&gt;&lt;i&gt;.Dencuentro&lt;\/i&gt;&lt;\/span&gt; sowie Constanza Ruiz und Greta Salgado produzierte sie Performances und entwickelte verschiedene Austauschformate. Sie versteht Tanz als die unmittelbarste Form k\u00f6rperlichen Ausdrucks mit dem Potenzial, ein Gef\u00fchl von Gemeinschaft und Kollektivit\u00e4t, Unterst\u00fctzung und Z\u00e4rtlichkeit, Energie und Empowerment zu schaffen. Derzeit lebt sie in Z\u00fcrich, wo sie k\u00fcrzlich ihren Master in Choreografie an der ZHdK abgeschlossen hat.&lt;\/span&gt;&lt;\/p&gt; &lt;p&gt;&nbsp;&lt;\/p&gt; &lt;p align=&quot;left&quot;&gt;&lt;span style=&quot;font-family: Times New Roman, serif;&quot;&gt;&lt;span style=&quot;font-size: small;&quot;&gt;Is it a gathering, a ritual, a statement, a proposal, a liberated body, a moment when our thoughts become one? How can we hold one another while being torn apart? An invitation to acknowledge our responsibility. A practice to empower our collective body. An impulse to break through hierarchies of power and invite circular forms of being. A longing for other ways of being alive. If the possible is colonial, we need the impossible.* It means holding space for our feminine rage against those responsible for the atrocities of this world. A space where joy is part of resistance. A space where celebration and pain coexist and are intertwined. *Reverdecer* is gentleness, kindness, and tenderness in its strength. It means letting go of what must collapse, mothering the earth so it becomes fertile, and turning green again. We go on living because we believe that we can hold one another\u2026&lt;\/span&gt;&lt;\/span&gt;&lt;\/p&gt; &lt;p style=&quot;text-align: left;&quot; align=&quot;center&quot;&gt;&lt;span style=&quot;font-family: Times New Roman, serif;&quot;&gt;&lt;span style=&quot;font-size: small;&quot;&gt;&lt;strong&gt;Choreography:&lt;\/strong&gt; Amanda Romero Canepa. &lt;\/span&gt;&lt;\/span&gt;&lt;\/p&gt; &lt;p style=&quot;text-align: left;&quot; align=&quot;center&quot;&gt;&lt;span style=&quot;font-family: Times New Roman, serif;&quot;&gt;&lt;span style=&quot;font-size: small;&quot;&gt;&lt;strong&gt;Dance, costume, text, carework:&lt;\/strong&gt; L\u00e9lia Brigatti, Sara Ofelia Sonderegger, Amanda Romero.&lt;\/span&gt;&lt;\/span&gt;&lt;\/p&gt; &lt;p style=&quot;text-align: left;&quot; align=&quot;center&quot;&gt;&lt;span style=&quot;font-family: Times New Roman, serif;&quot;&gt;&lt;span style=&quot;font-size: small;&quot;&gt;&lt;strong&gt; Dramaturgy, carework:&lt;\/strong&gt; Benedetta Reuter. &lt;\/span&gt;&lt;\/span&gt;&lt;\/p&gt; &lt;p style=&quot;text-align: left;&quot; align=&quot;center&quot;&gt;&lt;span style=&quot;font-family: Times New Roman, serif;&quot;&gt;&lt;span style=&quot;font-size: small;&quot;&gt;&lt;strong&gt;Vocal coaching:&lt;\/strong&gt; Andres Esteban. &lt;\/span&gt;&lt;\/span&gt;&lt;\/p&gt; &lt;p style=&quot;text-align: left;&quot; align=&quot;center&quot;&gt;&lt;span style=&quot;font-family: Times New Roman, serif;&quot;&gt;&lt;span style=&quot;font-size: small;&quot;&gt;&lt;strong&gt;Sound design:&lt;\/strong&gt; Amanda Romero and the scorpios. &lt;\/span&gt;&lt;\/span&gt;&lt;\/p&gt; &lt;p style=&quot;text-align: left;&quot; align=&quot;center&quot;&gt;&lt;span style=&quot;font-family: Times New Roman, serif;&quot;&gt;&lt;span style=&quot;font-size: small;&quot;&gt;&lt;strong&gt;Video projection edit:&lt;\/strong&gt; Lynn de Kaenel. &lt;\/span&gt;&lt;\/span&gt;&lt;\/p&gt; &lt;p style=&quot;text-align: left;&quot; align=&quot;center&quot;&gt;&lt;span style=&quot;font-family: Times New Roman, serif;&quot;&gt;&lt;span style=&quot;font-size: small;&quot;&gt;&lt;strong&gt;Video sources:&lt;\/strong&gt; Maurits Boettger&lt;\/span&gt;&lt;\/span&gt;&lt;\/p&gt; &lt;p style=&quot;text-align: left;&quot; align=&quot;center&quot;&gt;&lt;span style=&quot;font-family: Times New Roman, serif;&quot;&gt;&lt;span style=&quot;font-size: small;&quot;&gt;&lt;b&gt;Website\/IG: &lt;\/b&gt;&lt;\/span&gt;&lt;\/span&gt;&lt;a href=&quot;http:\/\/www.amanda-romero.com\/&quot;&gt;&lt;span style=&quot;font-family: Times New Roman, serif;&quot;&gt;&lt;span style=&quot;font-size: small;&quot;&gt;www.amanda-romero.com&lt;\/span&gt;&lt;\/span&gt;&lt;\/a&gt;&lt;span style=&quot;font-family: Times New Roman, serif;&quot;&gt;&lt;span style=&quot;font-size: small;&quot;&gt; \/ &lt;\/span&gt;&lt;a href=&quot;https:\/\/www.instagram.com\/amandaromero.c&quot;&gt;&lt;span style=&quot;font-family: Times New Roman, serif;&quot;&gt;&lt;span style=&quot;font-size: small;&quot;&gt;@amandaromero.c&lt;\/span&gt;&lt;\/span&gt;&lt;\/a&gt;&lt;\/span&gt;&lt;\/p&gt; &lt;p style=&quot;text-align: left;&quot; align=&quot;center&quot;&gt;&lt;span style=&quot;font-family: Times New Roman, serif;&quot;&gt;&lt;span style=&quot;font-size: small;&quot;&gt;&lt;strong&gt;Biography:&lt;\/strong&gt; Amanda Romero is a dancer, choreographer, and musician from Peru who has been living in Europe since 2013. She studied contemporary dance in Cologne and has since worked as a freelance artist in various cities. Together with her collective .Dencuentro, as well as Constanza Ruiz and Greta Salgado, she has produced performances and developed various exchange formats. She views dance as the most immediate form of physical expression, possessing the potential to create a sense of community and collectivity, support and tenderness, energy and empowerment. She currently lives in Zurich, where she recently completed her Master\u2019s degree in Choreography at the ZHdK.&lt;\/span&gt;&lt;\/span&gt;&lt;\/p&gt; \",\r\n            \"image\": \"https:\/\/iftf-frankfurt.com\/wp-content\/uploads\/sites\/2\/ZHdK_Finals_280426_\u00a9CarolineMinjolle_1000_web.jpg\",\r\n            \"name\": \"REVERDECER\",\r\n            \"url\": \"https:\/\/iftf-frankfurt.com\/en\/events\/reverdecer\/\"\r\n        }\r\n        <\/script>\r\n                            <article  data-href=\"https:\/\/iftf-frankfurt.com\/en\/events\/reverdecer\/\" data-target=\"m1\" style=\"background:#e23c95 url('https:\/\/iftf-frankfurt.com\/wp-content\/uploads\/sites\/2\/ZHdK_Finals_280426_\u00a9CarolineMinjolle_1000_web-300x400.jpg')\" class=\" mec-event-article mec-tile-item  mec-clear   \">\r\n                                                                        <div class=\"event-tile-view-head clearfix\">\r\n                                                            <div class=\"mec-event-month\"><span class=\"mec-start-date-label\" itemprop=\"startDate\">16 Sep<\/span><\/div>\r\n                                                        <div class=\"mec-event-time\"><i class=\"mec-sl-clock\"><\/i>19:00<\/div>\r\n                        <\/div>\r\n                        <div class=\"mec-event-content\" data-target=\"m1\" data-event-id=\"26566\">\r\n                            <a href=\"https:\/\/iftf-frankfurt.com\/en\/events\/reverdecer\/\" target=\"m1\" class=\"mec-tile-into-content-link\"><\/a>                            <div class=\"mec-tile-event-content\">\r\n                                <div class=\"mec-event-detail\">\r\n                                                                                                            <span class=\"mec-event-loc-place\"><i class=\"mec-sl-location-pin\"><\/i>INDOOR STAGE PROTAGON<\/span>                                                                    <\/div>\r\n                                                                <h4 class=\"mec-event-title\"><a class=\"mec-color-hover\"  data-event-id=\"26566\" href=\"https:\/\/iftf-frankfurt.com\/en\/events\/reverdecer\/\" target=\"m1\" rel=\"noopener\">REVERDECER<\/a><\/h4>\r\n                                                            <\/div>\r\n                        <\/div>\r\n                    <\/article>\r\n                <\/div><\/div>            <div class=\"row\"><div class=\"col-md-4 col-sm-4\">        <script type=\"application\/ld+json\">\r\n        {\r\n            \"@context\": \"http:\/\/schema.org\",\r\n            \"@type\": \"Event\",\r\n            \"eventStatus\": \"https:\/\/schema.org\/EventScheduled\",\r\n            \"startDate\": \"2026-09-16\",\r\n            \"endDate\": \"2026-09-16\",\r\n            \"eventAttendanceMode\": \"https:\/\/schema.org\/OfflineEventAttendanceMode\",\r\n            \"location\":\r\n            {\r\n                \"@type\": \"Place\",\r\n                                \"name\": \"INDOOR STAGE PROTAGON\",\r\n                \"image\": \"\",\r\n                \"address\": \"PROTAGON CULTURAL CENTRE \u2013 Orber Stra\u00dfe 57, 60386 Frankfurt am Main\"\r\n                            },\r\n            \"organizer\":\r\n            {\r\n                \"@type\": \"Person\",\r\n                \"name\": \"\",\r\n                \"url\": \"\"\r\n            },\r\n            \"offers\":\r\n            {\r\n                \"url\": \"https:\/\/iftf-frankfurt.com\/en\/events\/blue-lab-women-from-the-sea-significant-gestures\/\",\r\n                \"price\": \"\",\r\n                \"priceCurrency\": \"USD\",\r\n                \"availability\": \"https:\/\/schema.org\/InStock\",\r\n                \"validFrom\": \"2026-09-16T00:00\"\r\n            },\r\n            \"performer\": \"\",\r\n            \"description\": \"&lt;p align=&quot;left&quot;&gt;&lt;span style=&quot;font-family: Times New Roman, serif;&quot;&gt;&lt;span style=&quot;font-size: small;&quot;&gt;Film by Raquel Clemente Martins&lt;\/span&gt;&lt;\/span&gt;&lt;\/p&gt; &lt;p align=&quot;left&quot;&gt;&lt;span style=&quot;font-family: Times New Roman, serif;&quot;&gt;&lt;span style=&quot;font-size: small;&quot;&gt;Help Image Production&lt;\/span&gt;&lt;\/span&gt;&lt;\/p&gt; &lt;p align=&quot;left&quot;&gt;&lt;span style=&quot;font-family: Times New Roman, serif;&quot;&gt;&lt;span style=&quot;font-size: small;&quot;&gt;Women from the Sea \u2013 Significant Gestures ist ein poetischer Dokumentarfilm. Er bringt die Stimmen von Frauen zusammen, deren Leben tief mit dem Ozean verbunden sind, und zeigt eine intime Verbindung, die von Erinnerung, F\u00fcrsorge und Resilienz geformt ist. Durch ihre Geschichten untersucht der Film sowohl die Dringlichkeit des Meeresschutzes als auch die kollektive Kraft von Frauen, Ver\u00e4nderungen anzusto\u00dfen und unsere geteilte Zukunft zu sichern.&lt;\/span&gt;&lt;\/span&gt;&lt;\/p&gt; &lt;p align=&quot;left&quot;&gt;Mehr Infos: &lt;a href=&quot;https:\/\/helpimages.org\/en\/mulheres-do-mar\/&quot;&gt;https:\/\/helpimages.org\/en\/mulheres-do-mar\/&lt;\/a&gt;&lt;\/p&gt; &lt;p&gt;&nbsp;&lt;\/p&gt; &lt;p align=&quot;left&quot;&gt;&lt;span style=&quot;font-family: Times New Roman, serif;&quot;&gt;&lt;span style=&quot;font-size: small;&quot;&gt;Women from the Sea \u2013 Significant Gestures is a poetic documentary that brings together the voices of women whose lives are deeply connected to the ocean, revealing an intimate bond shaped by memory, care, and resilience. Through their stories, the film explores both the urgency of protecting the ocean and the collective power of women to inspire change and safeguard our shared future.&lt;\/span&gt;&lt;\/span&gt;&lt;\/p&gt; &lt;p align=&quot;left&quot;&gt;&lt;span style=&quot;font-family: Times New Roman, serif;&quot;&gt;&lt;span style=&quot;font-size: small;&quot;&gt;More infos: &lt;\/span&gt;&lt;\/span&gt;&lt;a href=&quot;https:\/\/helpimages.org\/en\/mulheres-do-mar\/&quot;&gt;&lt;span style=&quot;font-family: Times New Roman, serif;&quot;&gt;&lt;span style=&quot;font-size: small;&quot;&gt;https:\/\/helpimages.org\/en\/mulheres-do-mar\/&lt;\/span&gt;&lt;\/span&gt;&lt;\/a&gt;&lt;\/p&gt; \",\r\n            \"image\": \"https:\/\/iftf-frankfurt.com\/wp-content\/uploads\/sites\/2\/Bild-1-scaled.jpeg\",\r\n            \"name\": \"BLUE LAB: Women from the Sea- Significant Gestures\",\r\n            \"url\": \"https:\/\/iftf-frankfurt.com\/en\/events\/blue-lab-women-from-the-sea-significant-gestures\/\"\r\n        }\r\n        <\/script>\r\n                            <article  data-href=\"https:\/\/iftf-frankfurt.com\/en\/events\/blue-lab-women-from-the-sea-significant-gestures\/\" data-target=\"m1\" style=\"background:#0048d8 url('https:\/\/iftf-frankfurt.com\/wp-content\/uploads\/sites\/2\/Bild-1-300x400.jpeg')\" class=\" mec-event-article mec-tile-item  mec-clear   \">\r\n                                                                        <div class=\"event-tile-view-head clearfix\">\r\n                                                            <div class=\"mec-event-month\"><span class=\"mec-start-date-label\" itemprop=\"startDate\">16 Sep<\/span><\/div>\r\n                                                        <div class=\"mec-event-time\"><i class=\"mec-sl-clock\"><\/i>20:00<\/div>\r\n                        <\/div>\r\n                        <div class=\"mec-event-content\" data-target=\"m1\" data-event-id=\"26572\">\r\n                            <a href=\"https:\/\/iftf-frankfurt.com\/en\/events\/blue-lab-women-from-the-sea-significant-gestures\/\" target=\"m1\" class=\"mec-tile-into-content-link\"><\/a>                            <div class=\"mec-tile-event-content\">\r\n                                <div class=\"mec-event-detail\">\r\n                                                                                                            <span class=\"mec-event-loc-place\"><i class=\"mec-sl-location-pin\"><\/i>INDOOR STAGE PROTAGON<\/span>                                                                    <\/div>\r\n                                                                <h4 class=\"mec-event-title\"><a class=\"mec-color-hover\"  data-event-id=\"26572\" href=\"https:\/\/iftf-frankfurt.com\/en\/events\/blue-lab-women-from-the-sea-significant-gestures\/\" target=\"m1\" rel=\"noopener\">BLUE LAB: Women from the Sea- Significant Gestures<\/a><\/h4>\r\n                                                            <\/div>\r\n                        <\/div>\r\n                    <\/article>\r\n                <\/div>            <div class=\"col-md-4 col-sm-4\">        <script type=\"application\/ld+json\">\r\n        {\r\n            \"@context\": \"http:\/\/schema.org\",\r\n            \"@type\": \"Event\",\r\n            \"eventStatus\": \"https:\/\/schema.org\/EventScheduled\",\r\n            \"startDate\": \"2026-09-16\",\r\n            \"endDate\": \"2026-09-16\",\r\n            \"eventAttendanceMode\": \"https:\/\/schema.org\/OfflineEventAttendanceMode\",\r\n            \"location\":\r\n            {\r\n                \"@type\": \"Place\",\r\n                                \"name\": \"INDOOR STAGE PROTAGON\",\r\n                \"image\": \"\",\r\n                \"address\": \"PROTAGON CULTURAL CENTRE \u2013 Orber Stra\u00dfe 57, 60386 Frankfurt am Main\"\r\n                            },\r\n            \"organizer\":\r\n            {\r\n                \"@type\": \"Person\",\r\n                \"name\": \"\",\r\n                \"url\": \"\"\r\n            },\r\n            \"offers\":\r\n            {\r\n                \"url\": \"https:\/\/iftf-frankfurt.com\/en\/events\/blue-lab-the-oceans-and-us\/\",\r\n                \"price\": \"\",\r\n                \"priceCurrency\": \"USD\",\r\n                \"availability\": \"https:\/\/schema.org\/InStock\",\r\n                \"validFrom\": \"2026-09-16T00:00\"\r\n            },\r\n            \"performer\": \"\",\r\n            \"description\": \"&lt;p style=&quot;text-align: left;&quot; align=&quot;center&quot;&gt;&lt;span style=&quot;font-family: Times New Roman, serif;&quot;&gt;&lt;span style=&quot;font-size: small;&quot;&gt;Prof. Dr. Ciane Fernandes, Giovanne Dante, B\u00e1rbara Luci Carvolho&lt;\/span&gt;&lt;\/span&gt;&lt;\/p&gt; &lt;p align=&quot;left&quot;&gt;&lt;span style=&quot;font-family: Times New Roman, serif;&quot;&gt;&lt;span style=&quot;font-size: small;&quot;&gt;Im Anschluss an die Filmvorf\u00fchrung Women from the Sea \u2013 Significant Gestures von Raquel Clemente Martins kommen Prof. Dr. Ciane Fernandes, Giovanna Dante und B\u00e1rbara Luci Carvalho zusammen, um \u00fcber ihre unterschiedlichen Beziehungen mit dem Ozean zu reflektieren.&lt;br \/&gt; Aus k\u00fcnstlerischer, wissenschaftlicher und umweltbezogener Perspektive kommend, teilen sie einen gemeinsamen feministischen Zugang: Wie k\u00f6nnen das Wissen, die Erfahrungen und Stimmen von Frauen* dabei helfen, uns unser Verh\u00e4ltnis zum Ozean neu vorzustellen?&lt;br \/&gt; Zusammen fragen sie: Was bedeutet der Ozean f\u00fcr uns? Was kann der Ozean uns beibringen? Und wie k\u00f6nnen unterschiedliche &#8211; wissenschaftliche, k\u00fcnstlerische, verk\u00f6rperte und gelebte &#8211; Wissensformen zu einem f\u00fcrsorglicheren Umgang mit den Gew\u00e4ssern, die uns umgeben, beitragen?&lt;br \/&gt; Das Gespr\u00e4ch bringt verk\u00f6rpertes Wissen, Konservierung und k\u00fcnstlerische Praxis zusammen und erkundet dabei den Ozean als Raum f\u00fcr Verbindung, Transformation, Resilienz und kollektive F\u00fcrsorge.&lt;\/span&gt;&lt;\/span&gt;&lt;\/p&gt; &lt;p&gt;&nbsp;&lt;\/p&gt; &lt;p align=&quot;left&quot;&gt;&lt;span style=&quot;font-family: Times New Roman, serif;&quot;&gt;&lt;span style=&quot;font-size: small;&quot;&gt;Following the screening of Women from the Sea \u2013 Significant Gestures by Raquel Clemente Martins, Prof. Dr. Ciane Fernandes, Giovanna Dante and B\u00e1rbara Luci Carvalho come together to reflect on their different relationships with the ocean.&lt;br \/&gt; Coming from artistic, scientific and environmental perspectives, they share a common feminist approach: how can womxn\u2019s knowledge, experiences and voices help us reimagine our relationship with the ocean?&lt;br \/&gt; Together, they ask: What does the ocean mean to us? What can the ocean teach us? And how can different forms of knowledge, scientific, artistic, embodied and lived, contribute to a more caring relationship with the waters that sustain us?&lt;br \/&gt; The conversation brings together embodied knowledge, conservation and artistic practice, exploring the ocean as a space of connection, transformation, resilience and collective care. &lt;\/span&gt;&lt;\/span&gt;&lt;\/p&gt; \",\r\n            \"image\": \"https:\/\/iftf-frankfurt.com\/wp-content\/uploads\/sites\/2\/blue-lab.jpg\",\r\n            \"name\": \"&lt;b&gt;BLUE LAB: The Ocean and Us&lt;\/b&gt;\",\r\n            \"url\": \"https:\/\/iftf-frankfurt.com\/en\/events\/blue-lab-the-oceans-and-us\/\"\r\n        }\r\n        <\/script>\r\n                            <article  data-href=\"https:\/\/iftf-frankfurt.com\/en\/events\/blue-lab-the-oceans-and-us\/\" data-target=\"m1\" style=\"background:#0048d8 url('https:\/\/iftf-frankfurt.com\/wp-content\/uploads\/sites\/2\/blue-lab-300x400.jpg')\" class=\" mec-event-article mec-tile-item  mec-clear   \">\r\n                                                                        <div class=\"event-tile-view-head clearfix\">\r\n                                                            <div class=\"mec-event-month\"><span class=\"mec-start-date-label\" itemprop=\"startDate\">16 Sep<\/span><\/div>\r\n                                                        <div class=\"mec-event-time\"><i class=\"mec-sl-clock\"><\/i>20:45<\/div>\r\n                        <\/div>\r\n                        <div class=\"mec-event-content\" data-target=\"m1\" data-event-id=\"26574\">\r\n                            <a href=\"https:\/\/iftf-frankfurt.com\/en\/events\/blue-lab-the-oceans-and-us\/\" target=\"m1\" class=\"mec-tile-into-content-link\"><\/a>                            <div class=\"mec-tile-event-content\">\r\n                                <div class=\"mec-event-detail\">\r\n                                                                                                            <span class=\"mec-event-loc-place\"><i class=\"mec-sl-location-pin\"><\/i>INDOOR STAGE PROTAGON<\/span>                                                                    <\/div>\r\n                                                                <h4 class=\"mec-event-title\"><a class=\"mec-color-hover\"  data-event-id=\"26574\" href=\"https:\/\/iftf-frankfurt.com\/en\/events\/blue-lab-the-oceans-and-us\/\" target=\"m1\" rel=\"noopener\"><b>BLUE LAB: The Ocean and Us<\/b><\/a><\/h4>\r\n                                                            <\/div>\r\n                        <\/div>\r\n                    <\/article>\r\n                <\/div>                    <div class=\"col-md-4 col-sm-4\">        <script type=\"application\/ld+json\">\r\n        {\r\n            \"@context\": \"http:\/\/schema.org\",\r\n            \"@type\": \"Event\",\r\n            \"eventStatus\": \"https:\/\/schema.org\/EventScheduled\",\r\n            \"startDate\": \"2026-09-17\",\r\n            \"endDate\": \"2026-09-17\",\r\n            \"eventAttendanceMode\": \"https:\/\/schema.org\/OfflineEventAttendanceMode\",\r\n            \"location\":\r\n            {\r\n                \"@type\": \"Place\",\r\n                                \"name\": \"KULTURGEL\u00c4NDE PROTAGON\",\r\n                \"image\": \"\",\r\n                \"address\": \"Orber Stra\u00dfe 57, 60386 Frankfurt am Main\"\r\n                            },\r\n            \"organizer\":\r\n            {\r\n                \"@type\": \"Person\",\r\n                \"name\": \"\",\r\n                \"url\": \"\"\r\n            },\r\n            \"offers\":\r\n            {\r\n                \"url\": \"https:\/\/iftf-frankfurt.com\/en\/events\/fish-shoal-invitation-shoal-of-somatic-attunement-with-slack-tide-or-tidal-standstill-slack-tide\/\",\r\n                \"price\": \"\",\r\n                \"priceCurrency\": \"USD\",\r\n                \"availability\": \"https:\/\/schema.org\/InStock\",\r\n                \"validFrom\": \"2026-09-17T00:00\"\r\n            },\r\n            \"performer\": \"\",\r\n            \"description\": \"&lt;p align=&quot;left&quot;&gt;&lt;strong&gt;&lt;span style=&quot;font-family: Times New Roman, serif;&quot;&gt;&lt;span style=&quot;font-size: medium;&quot;&gt;&lt;strong&gt;Die Gezeitenpausen&lt;\/strong&gt;&lt;\/span&gt;&lt;\/span&gt;&lt;\/strong&gt;&lt;\/p&gt; &lt;p align=&quot;left&quot;&gt;&lt;span style=&quot;font-family: Times New Roman, serif;&quot;&gt;&lt;span style=&quot;font-size: small;&quot;&gt;Prof. Dr. Ciane Fernandes &amp; public participation&lt;\/span&gt;&lt;\/span&gt;&lt;\/p&gt; &lt;p align=&quot;left&quot;&gt;&lt;span style=&quot;font-size: small;&quot;&gt;&#8220;ENG below&#8221;&lt;\/span&gt;&lt;\/p&gt; &lt;p align=&quot;left&quot;&gt;&lt;span style=&quot;font-family: Times New Roman, serif;&quot;&gt;&lt;span style=&quot;font-size: small;&quot;&gt;Eine einf\u00fchlsame kollektive Einstimmung w\u00e4hrend der Gezeitenpause im deutschen Meer, an verschiedenen Tagen des Festivals und offen f\u00fcr die Teilnahme des Publikums.&lt;\/span&gt;&lt;\/span&gt;&lt;\/p&gt; &lt;p align=&quot;left&quot;&gt;&lt;span style=&quot;font-family: Times New Roman, serif;&quot;&gt;Die Gezeitenpause bezeichnet den kurzen Moment zwischen Ebbe und Flut, in dem sich der Wasserstand kaum ver\u00e4ndert. Durch die Bewegung des Mondes um die Erde verschiebt sich dieser Zeitpunkt t\u00e4glich um etwa 50 Minuten, sodass die Performance jeden Tag zu einer anderen Zeit stattfindet.&lt;\/span&gt;&lt;\/p&gt; &lt;p align=&quot;left&quot;&gt;&lt;span style=&quot;font-family: Times New Roman, serif;&quot;&gt;Wie k\u00f6nnen wir koloniale, fragmentierte Zeit und unterteilte R\u00e4ume aufl\u00f6sen und in einem Zwischenraum-Zeit-Kontinuum schweben \u2013 als ein sich ausbreitender, spiralf\u00f6rmiger, weiblicher und flie\u00dfender Zustand, tief verbunden mit den Rhythmen der Gezeiten?&lt;\/span&gt;&lt;\/p&gt; &lt;p&gt;&nbsp;&lt;\/p&gt; &lt;p align=&quot;left&quot;&gt;&lt;span style=&quot;font-family: Times New Roman, serif;&quot;&gt;&lt;span style=&quot;font-size: small;&quot;&gt;A sensitive collective attunement during the slack tide of the German ocean during intermission moments in different days of the festival, open to public participation. The &lt;b&gt;slack tide&lt;\/b&gt;, also known as &lt;b&gt;tidal standstill &lt;\/b&gt;or&lt;b&gt; tidal pause&lt;\/b&gt;, is a natural phenomenon that happens between high and low tides, characterized by a short period of time when there is no change in water level. It happens with a change of 50 minutes from one day to the next, due to the movement of the moon around the earth, so the performance will happen at different moments each day. How can we melt colonial fragmented time and compartmentalized space, and float on an in-between spacetime continuum as a spread-out spiraling feminine fluid state deeply connected to these tidal rhythms?&lt;\/span&gt;&lt;\/span&gt;&lt;\/p&gt; &lt;p align=&quot;left&quot;&gt;&lt;img decoding=&quot;async&quot; class=&quot;alignnone size-medium wp-image-26945&quot; src=&quot;https:\/\/iftf-frankfurt.com\/wp-content\/uploads\/sites\/2\/unnamed-300x126.jpg&quot; alt=&quot;&quot; width=&quot;300&quot; height=&quot;126&quot; srcset=&quot;https:\/\/iftf-frankfurt.com\/wp-content\/uploads\/sites\/2\/unnamed-300x126.jpg 300w, https:\/\/iftf-frankfurt.com\/wp-content\/uploads\/sites\/2\/unnamed.jpg 512w&quot; sizes=&quot;(max-width: 300px) 100vw, 300px&quot; \/&gt;&lt;\/p&gt; \",\r\n            \"image\": \"\",\r\n            \"name\": \"FISH SHOAL INVITATION: SHOAL OF SOMATIC ATTUNEMENT WITH SLACK TIDE OR TIDAL STANDSTILL.  SLACK TIDE\",\r\n            \"url\": \"https:\/\/iftf-frankfurt.com\/en\/events\/fish-shoal-invitation-shoal-of-somatic-attunement-with-slack-tide-or-tidal-standstill-slack-tide\/\"\r\n        }\r\n        <\/script>\r\n                            <article  data-href=\"https:\/\/iftf-frankfurt.com\/en\/events\/fish-shoal-invitation-shoal-of-somatic-attunement-with-slack-tide-or-tidal-standstill-slack-tide\/\" data-target=\"m1\" style=\"background:#e23c95\" class=\" mec-event-article mec-tile-item  mec-clear   \">\r\n                                                                        <div class=\"event-tile-view-head clearfix\">\r\n                                                            <div class=\"mec-event-month\"><span class=\"mec-start-date-label\" itemprop=\"startDate\">17 Sep<\/span><\/div>\r\n                                                        <div class=\"mec-event-time\"><i class=\"mec-sl-clock\"><\/i>17:00<\/div>\r\n                        <\/div>\r\n                        <div class=\"mec-event-content\" data-target=\"m1\" data-event-id=\"27138\">\r\n                            <a href=\"https:\/\/iftf-frankfurt.com\/en\/events\/fish-shoal-invitation-shoal-of-somatic-attunement-with-slack-tide-or-tidal-standstill-slack-tide\/\" target=\"m1\" class=\"mec-tile-into-content-link\"><\/a>                            <div class=\"mec-tile-event-content\">\r\n                                <div class=\"mec-event-detail\">\r\n                                                                                                            <span class=\"mec-event-loc-place\"><i class=\"mec-sl-location-pin\"><\/i>KULTURGEL\u00c4NDE PROTAGON<\/span>                                                                    <\/div>\r\n                                                                <h4 class=\"mec-event-title\"><a class=\"mec-color-hover\"  data-event-id=\"27138\" href=\"https:\/\/iftf-frankfurt.com\/en\/events\/fish-shoal-invitation-shoal-of-somatic-attunement-with-slack-tide-or-tidal-standstill-slack-tide\/\" target=\"m1\" rel=\"noopener\">FISH SHOAL INVITATION: SHOAL OF SOMATIC ATTUNEMENT WITH SLACK TIDE OR TIDAL STANDSTILL.  SLACK TIDE<\/a><\/h4>\r\n                                                            <\/div>\r\n                        <\/div>\r\n                    <\/article>\r\n                <\/div><\/div>            <div class=\"row\"><div class=\"col-md-4 col-sm-4\">        <script type=\"application\/ld+json\">\r\n        {\r\n            \"@context\": \"http:\/\/schema.org\",\r\n            \"@type\": \"Event\",\r\n            \"eventStatus\": \"https:\/\/schema.org\/EventScheduled\",\r\n            \"startDate\": \"2026-09-17\",\r\n            \"endDate\": \"2026-09-17\",\r\n            \"eventAttendanceMode\": \"https:\/\/schema.org\/OfflineEventAttendanceMode\",\r\n            \"location\":\r\n            {\r\n                \"@type\": \"Place\",\r\n                                \"name\": \"FOYER INDOOR B\u00dcHNE\",\r\n                \"image\": \"\",\r\n                \"address\": \"PROTAGON CULTURAL CENTRE \u2013 Orber Stra\u00dfe 57, 60386 Frankfurt am Main\"\r\n                            },\r\n            \"organizer\":\r\n            {\r\n                \"@type\": \"Person\",\r\n                \"name\": \"\",\r\n                \"url\": \"\"\r\n            },\r\n            \"offers\":\r\n            {\r\n                \"url\": \"https:\/\/iftf-frankfurt.com\/en\/events\/king-ing-the-drag-drag-ing-the-king\/\",\r\n                \"price\": \"\",\r\n                \"priceCurrency\": \"USD\",\r\n                \"availability\": \"https:\/\/schema.org\/InStock\",\r\n                \"validFrom\": \"2026-09-17T00:00\"\r\n            },\r\n            \"performer\": \"\",\r\n            \"description\": \"&lt;p style=&quot;text-align: left;&quot; align=&quot;center&quot;&gt;&lt;span style=&quot;font-family: Times New Roman, serif;&quot;&gt;&lt;span style=&quot;font-size: small;&quot;&gt;Bridge Markland&lt;\/span&gt;&lt;\/span&gt;&lt;\/p&gt; &lt;p align=&quot;left&quot;&gt;&lt;span style=&quot;font-family: Times New Roman, serif;&quot;&gt;&lt;span style=&quot;font-size: small;&quot;&gt;In ihrer Lecture Performance k&lt;i&gt;ing-ing the drag &#8211; drag-ing the king&lt;\/i&gt; spricht Bridge Markland unterhaltsam, unakademisch und mit einem Schwerpunkt auf der Entwicklung ihrer Drag- und Gender-Performances \u00fcber ihr Leben und ihre Arbeit. Das Publikum erf\u00e4hrt faszinierende Details und Anekdoten \u00fcber den Ursprung der Performances &#8211; von Recherchen auf der Stra\u00dfe, in Clubs und auf Partys bis hin zu ihrer ber\u00fchmtesten Performance \u201eThe most beautiful Woman in the World\u201c. Das Publikum erf\u00e4hrt au\u00dferdem von ihrem Auftritt 1996 im legend\u00e4ren Casanova Club in New York City, der von der Drag-King-Legende Mo B. Dick organisiert wurde, sowie von ihrem Portr\u00e4t in Gabriel Baurs Dokumentarfilm \u201eVenus Boyz\u201c. W\u00e4hrend der Lecture Performance haben die Zuschauer*innen die M\u00f6glichkeit, Bridges ber\u00fchmteste Verwandlung live mitzuerleben. Im Anschluss gibt es Gelegenheit f\u00fcr Fragen.&lt;\/span&gt;&lt;\/span&gt;&lt;\/p&gt; &lt;p style=&quot;text-align: left;&quot; align=&quot;center&quot;&gt;&lt;span style=&quot;font-family: Times New Roman, serif;&quot;&gt;&lt;span style=&quot;font-size: small;&quot;&gt;&lt;strong&gt;Spiel und Regie:&lt;\/strong&gt; Bridge Markland&lt;\/span&gt;&lt;\/span&gt;&lt;\/p&gt; &lt;p style=&quot;text-align: left;&quot; align=&quot;center&quot;&gt;&lt;span style=&quot;font-family: Times New Roman, serif;&quot;&gt;&lt;span style=&quot;font-size: small;&quot;&gt;&lt;strong&gt;Website:&lt;\/strong&gt; &lt;a href=&quot;https:\/\/bridge-markland.com\/&quot;&gt;https:\/\/bridge-markland.com\/&lt;\/a&gt;&lt;\/span&gt;&lt;\/span&gt;&lt;\/p&gt; &lt;p align=&quot;left&quot;&gt;&lt;span style=&quot;font-family: Times New Roman, serif;&quot;&gt;&lt;span style=&quot;font-size: small;&quot;&gt;&lt;strong&gt;Biographie:&lt;\/strong&gt; Die Berliner Performerin Bridge Markland ist Virtuosin in Rollenspiel und Transformation, wobei sie die Grenzen zwischen Tanz, Theater, Drag- und Gender Performance, Cabaret und Puppentheater \u00fcberschreitet.&lt;br \/&gt; Markland ist Pionierin der Drag- und Gender Performance in Deutschland und organisiert seit 1994 Drag-King Events, Tourneen und Festivals.&lt;br \/&gt; Im Jahr 2000 erfanden Bridge Markland und Diane Torr das go drag! festival &#8211; Konzept: Drag- Kunst von Frauen, trans* und Nicht-Bin\u00e4ren, welches bisher 4x in Berlin und M\u00fcnchen stattfand. Bridge tourte mit ihren Performances durch Deutschland, Europa, die USA, Kanada und Australien.&lt;br \/&gt; Seit 2005 ist einer ihrer Schwerpunkte, Kollagen klassischer deutscher Theaterst\u00fccke mit Popsongs aufzuf\u00fchren &#8211; performt als EinFrauPlaybackTheater mit Rollenwechseln (Drag Show) und Puppen als Gegenspielenden. Gezeigt wurden faust in the box nach Goethe, nathan in the box nach Lessing, woyzeck in the box nach B\u00fcchner, krug in the box nach Kleist u.a.&lt;\/span&gt;&lt;\/span&gt;&lt;\/p&gt; &lt;p&gt;&nbsp;&lt;\/p&gt; &lt;p align=&quot;left&quot;&gt;&lt;span style=&quot;font-family: Times New Roman, serif;&quot;&gt;&lt;span style=&quot;font-size: small;&quot;&gt;In her lecture-performance *king-ing the drag \u2013 drag-ing the king*, Bridge Markland speaks about her life and work in an entertaining, non-academic style, focusing on the evolution of her drag and gender performances. The audience learns fascinating details and anecdotes about the origins of these performances\u2014ranging from research conducted on the street, in clubs, and at parties to her most famous piece, &#8220;The Most Beautiful Woman in the World.&#8221; Attendees also hear about her 1996 appearance at New York City\u2019s legendary Casanova Club\u2014organized by drag king legend Mo B. Dick\u2014and her portrayal in Gabriel Baur\u2019s documentary *Venus Boyz*. During the lecture-performance, the audience has the chance to witness Bridge\u2019s most famous transformation live. A Q&amp;A session follows the presentation.&lt;\/span&gt;&lt;\/span&gt;&lt;\/p&gt; &lt;p style=&quot;text-align: left;&quot; align=&quot;center&quot;&gt;&lt;span style=&quot;font-family: Times New Roman, serif;&quot;&gt;&lt;span style=&quot;font-size: small;&quot;&gt;&lt;strong&gt;Performance and Director:&lt;\/strong&gt; Bridge Markland&lt;\/span&gt;&lt;\/span&gt;&lt;\/p&gt; &lt;p style=&quot;text-align: left;&quot; align=&quot;center&quot;&gt;&lt;span style=&quot;font-family: Times New Roman, serif;&quot;&gt;&lt;span style=&quot;font-size: small;&quot;&gt;&lt;strong&gt;Website:&lt;\/strong&gt; &lt;a href=&quot;https:\/\/bridge-markland.com\/&quot;&gt;https:\/\/bridge-markland.com\/&lt;\/a&gt;&lt;\/span&gt;&lt;\/span&gt;&lt;\/p&gt; &lt;p align=&quot;left&quot;&gt;&lt;span style=&quot;font-family: Times New Roman, serif;&quot;&gt;&lt;span style=&quot;font-size: small;&quot;&gt;&lt;strong&gt;Biography:&lt;\/strong&gt; The Berlin performer Bridge Markland is a virtuoso in role play and transformation, crossing the boundaries between dance, theater, drag and gender performance, cabaret and puppet theater.&lt;br \/&gt; Markland is a pioneer of drag and gender performance in Germany and has been organizing drag king events, tours and festivals since 1994.&lt;br \/&gt; In 2000, Bridge Markland and Diane Torr invented the go drag! festival &#8211; concept: drag art by women, trans* and non-binary people, which has taken place 4 times in Berlin and Munich. Bridge has toured her performances through Germany, Europe, the USA, Canada and Australia.&lt;br \/&gt; Since 2005, one of her main focuses has been performing collages of classic German plays with pop songs &#8211; performed as a one-woman playback theater with role changes (drag show) and puppets as counterparts. Shown were Faust in the Box after Goethe, Nathan in the Box after Lessing, Woyzeck in the Box after B\u00fcchner, Krug in the Box after Kleist and others.&lt;\/span&gt;&lt;\/span&gt;&lt;\/p&gt; \",\r\n            \"image\": \"https:\/\/iftf-frankfurt.com\/wp-content\/uploads\/sites\/2\/BridgeMarkland-DieSchoensteFrauDerWelt_FotoJasonHarrell_04704-scaled.jpg\",\r\n            \"name\": \"king-ing the drag \u2013 drag-ing the king\",\r\n            \"url\": \"https:\/\/iftf-frankfurt.com\/en\/events\/king-ing-the-drag-drag-ing-the-king\/\"\r\n        }\r\n        <\/script>\r\n                            <article  data-href=\"https:\/\/iftf-frankfurt.com\/en\/events\/king-ing-the-drag-drag-ing-the-king\/\" data-target=\"m1\" style=\"background:#e23c95 url('https:\/\/iftf-frankfurt.com\/wp-content\/uploads\/sites\/2\/BridgeMarkland-DieSchoensteFrauDerWelt_FotoJasonHarrell_04704-300x400.jpg')\" class=\" mec-event-article mec-tile-item  mec-clear   \">\r\n                                                                        <div class=\"event-tile-view-head clearfix\">\r\n                                                            <div class=\"mec-event-month\"><span class=\"mec-start-date-label\" itemprop=\"startDate\">17 Sep<\/span><\/div>\r\n                                                        <div class=\"mec-event-time\"><i class=\"mec-sl-clock\"><\/i>19:00<\/div>\r\n                        <\/div>\r\n                        <div class=\"mec-event-content\" data-target=\"m1\" data-event-id=\"26576\">\r\n                            <a href=\"https:\/\/iftf-frankfurt.com\/en\/events\/king-ing-the-drag-drag-ing-the-king\/\" target=\"m1\" class=\"mec-tile-into-content-link\"><\/a>                            <div class=\"mec-tile-event-content\">\r\n                                <div class=\"mec-event-detail\">\r\n                                                                                                            <span class=\"mec-event-loc-place\"><i class=\"mec-sl-location-pin\"><\/i>FOYER INDOOR B\u00dcHNE<\/span>                                                                    <\/div>\r\n                                                                <h4 class=\"mec-event-title\"><a class=\"mec-color-hover\"  data-event-id=\"26576\" href=\"https:\/\/iftf-frankfurt.com\/en\/events\/king-ing-the-drag-drag-ing-the-king\/\" target=\"m1\" rel=\"noopener\">king-ing the drag \u2013 drag-ing the king<\/a><\/h4>\r\n                                                            <\/div>\r\n                        <\/div>\r\n                    <\/article>\r\n                <\/div>            <div class=\"col-md-4 col-sm-4\">        <script type=\"application\/ld+json\">\r\n        {\r\n            \"@context\": \"http:\/\/schema.org\",\r\n            \"@type\": \"Event\",\r\n            \"eventStatus\": \"https:\/\/schema.org\/EventScheduled\",\r\n            \"startDate\": \"2026-09-17\",\r\n            \"endDate\": \"2026-09-17\",\r\n            \"eventAttendanceMode\": \"https:\/\/schema.org\/OfflineEventAttendanceMode\",\r\n            \"location\":\r\n            {\r\n                \"@type\": \"Place\",\r\n                                \"name\": \"OUTDOOR B\u00dcHNE PROTAGON\",\r\n                \"image\": \"\",\r\n                \"address\": \"PROTAGON CULTURAL CENTRE \u2013 Orber Stra\u00dfe 57, 60386 Frankfurt am Main\"\r\n                            },\r\n            \"organizer\":\r\n            {\r\n                \"@type\": \"Person\",\r\n                \"name\": \"\",\r\n                \"url\": \"\"\r\n            },\r\n            \"offers\":\r\n            {\r\n                \"url\": \"https:\/\/iftf-frankfurt.com\/en\/events\/domina-verdis-heroines\/\",\r\n                \"price\": \"\",\r\n                \"priceCurrency\": \"USD\",\r\n                \"availability\": \"https:\/\/schema.org\/InStock\",\r\n                \"validFrom\": \"2026-09-17T00:00\"\r\n            },\r\n            \"performer\": \"\",\r\n            \"description\": \"&lt;p style=&quot;text-align: left;&quot; align=&quot;center&quot;&gt;&lt;span style=&quot;font-family: Times New Roman, serif;&quot;&gt;&lt;span style=&quot;font-size: small;&quot;&gt;Ondadurto Teatro&lt;\/span&gt;&lt;\/span&gt;&lt;\/p&gt; &lt;p align=&quot;left&quot;&gt;&lt;span style=&quot;font-size: small;&quot;&gt;&#8220;ENG below&#8221;&lt;\/span&gt;&lt;\/p&gt; &lt;p align=&quot;left&quot;&gt;&lt;span style=&quot;font-family: Times New Roman, serif;&quot;&gt;&lt;span style=&quot;font-size: small;&quot;&gt;&lt;b&gt;DOMINA \u2013 Verdis heroines&lt;\/b&gt; ist eine k\u00fcnstlerische Intervention, die f\u00fcr \ud835\udde9\ud835\uddd8\ud835\udde5\ud835\uddd7\ud835\udddc \ud835\udde2\ud835\uddd9\ud835\uddd9 2025 konzipiert und entwickelt wurde. Eine ortsspezifische Performance, die italienische Oper mit physischem Theater kombiniert und Poesie, Spektakel und Handlung miteinander verbindet. Diese verschiedenen Ausdruckstechniken des Ensembles tragen dazu bei, eine starke visuelle Sprache zu erschaffen. Sie erm\u00f6glicht es, ein internationales Publikum unabh\u00e4ngig von Alter, ethnischer Zugeh\u00f6rigkeit und kulturellem Hintergrund zu erreichen.&lt;\/span&gt;&lt;\/span&gt;&lt;\/p&gt; &lt;p align=&quot;left&quot;&gt;&lt;span style=&quot;font-family: Times New Roman, serif;&quot;&gt;&lt;span style=&quot;font-size: small;&quot;&gt;In &lt;i&gt;La Traviata, Otello, Macbeth&lt;\/i&gt; und &lt;i&gt;Aida&lt;\/i&gt; sind unsere Helden die Frauen. Sie bringen Emotionen auf die B\u00fchne, in denen sich alle wiedererkennen k\u00f6nnen. Mit seinen Frauenfiguren beschreibt Verdi eine neue Art, das Weibliche zu denken und zu erleben und wird damit zum Vorreiter einer wahren Revolution.&lt;\/span&gt;&lt;\/span&gt;&lt;\/p&gt; &lt;p align=&quot;left&quot;&gt;&lt;span style=&quot;font-family: Times New Roman, serif;&quot;&gt;&lt;span style=&quot;font-size: small;&quot;&gt;&lt;b&gt;K\u00f6rpertheater \/ Livemusik \/ OHNE TEXT. &lt;\/b&gt;Einige S\u00e4tze sind auf Englisch als Voice-over aufgezeichnet.&lt;\/span&gt;&lt;\/span&gt;&lt;\/p&gt; &lt;p align=&quot;left&quot;&gt;&lt;span style=&quot;font-family: Times New Roman, serif;&quot;&gt;&lt;span style=&quot;font-size: small;&quot;&gt;&lt;b&gt;Regie:&lt;\/b&gt; Marg\u00f3 Paciotti und Lorenzo Pasquali | ONDADURTOTEATRO&lt;\/span&gt;&lt;\/span&gt;&lt;\/p&gt; &lt;p align=&quot;left&quot;&gt;&lt;span style=&quot;font-family: Times New Roman, serif;&quot;&gt;&lt;span style=&quot;font-size: small;&quot;&gt;&lt;b&gt;Sopran:&lt;\/b&gt; Clarissa Costanzo&lt;\/span&gt;&lt;\/span&gt;&lt;\/p&gt; &lt;p align=&quot;left&quot;&gt;&lt;span style=&quot;font-family: Times New Roman, serif;&quot;&gt;&lt;span style=&quot;font-size: small;&quot;&gt;&lt;b&gt;Performer*innen von ONDADURTOTEATRO:&lt;\/b&gt; Giorgia Marras, Dario Vandelli&lt;\/span&gt;&lt;\/span&gt;&lt;\/p&gt; &lt;p align=&quot;left&quot;&gt;&lt;span style=&quot;font-family: Times New Roman, serif;&quot;&gt;&lt;span style=&quot;font-size: small;&quot;&gt;&lt;b&gt;P&lt;\/b&gt;&lt;b&gt;erformer*innen der ACCADEMIA INTERNAZIONALE DI TEATRO:&lt;\/b&gt; Julia Domitia Capasso, Benedetta Cassaro, Ludovica Castrichella, Rocco Ciardo, Alicia de Filippis, Alberto Galletti, Aurora Zamperini&lt;\/span&gt;&lt;\/span&gt;&lt;\/p&gt; &lt;p align=&quot;left&quot;&gt;&lt;span style=&quot;font-family: Times New Roman, serif;&quot;&gt;&lt;span style=&quot;font-size: small;&quot;&gt;&lt;b&gt;Originalarrangements und Livemusik:&lt;\/b&gt; H.E.R.&lt;\/span&gt;&lt;\/span&gt;&lt;\/p&gt; &lt;p align=&quot;left&quot;&gt;&lt;span style=&quot;font-family: Times New Roman, serif;&quot;&gt;&lt;span style=&quot;font-size: small;&quot;&gt;&lt;b&gt;B\u00fchnentechnik und Maschinen:&lt;\/b&gt; Lorenzo Pasquali und Massimo Carsetti&lt;\/span&gt;&lt;\/span&gt;&lt;\/p&gt; &lt;p align=&quot;left&quot;&gt;&lt;span style=&quot;font-family: Times New Roman, serif;&quot;&gt;&lt;span style=&quot;font-size: small;&quot;&gt;&lt;b&gt;Kost\u00fcmbild:&lt;\/b&gt; K.B. Project&lt;\/span&gt;&lt;\/span&gt;&lt;\/p&gt; &lt;p align=&quot;left&quot;&gt;&lt;span style=&quot;font-family: Times New Roman, serif;&quot;&gt;&lt;span style=&quot;font-size: small;&quot;&gt;&lt;b&gt;Urauff\u00fchrung im Rahmen von:&lt;\/b&gt; VERDI OFF 2025 \u2013 Teatro Regio di Parma&lt;\/span&gt;&lt;\/span&gt;&lt;\/p&gt; &lt;p align=&quot;left&quot;&gt;&lt;span style=&quot;font-family: Times New Roman, serif;&quot;&gt;&lt;span style=&quot;font-size: small;&quot;&gt;&lt;b&gt;Residenz:&lt;\/b&gt; ARIA \u2013 Antrodoco Residenza Internazionale per Artisti \u2013 Gemeinde Antrodoco (Italien)&lt;\/span&gt;&lt;\/span&gt;&lt;\/p&gt; &lt;p align=&quot;left&quot;&gt;&lt;span style=&quot;font-family: Times New Roman, serif;&quot;&gt;&lt;span style=&quot;font-size: small;&quot;&gt;&lt;b&gt;Hauptsponsor:&lt;\/b&gt; Massimo Carsetti&lt;\/span&gt;&lt;\/span&gt;&lt;\/p&gt; &lt;p align=&quot;left&quot;&gt;&lt;span style=&quot;font-family: Times New Roman, serif;&quot;&gt;&lt;span style=&quot;font-size: small;&quot;&gt;&lt;b&gt;In Zusammenarbeit mit:&lt;\/b&gt; Accademia Internazionale di Teatro di Roma&lt;\/span&gt;&lt;\/span&gt;&lt;\/p&gt; &lt;p align=&quot;left&quot;&gt;&lt;span style=&quot;font-family: Times New Roman, serif;&quot;&gt;&lt;span style=&quot;font-size: small;&quot;&gt;&lt;strong&gt;Biographie:&lt;\/strong&gt; Das K\u00fcnstlerduo Marg\u00f3 Paciotti und Lorenzo Pasquali gr\u00fcndete 2005 in Rom die Kompanie &lt;strong&gt;ONDADURTOTEATRO&lt;\/strong&gt;. Sie produzieren gro\u00dfformatige Inszenierungen f\u00fcr ungew\u00f6hnliche Spielorte, Performances mit Queer-Bezug sowie Opern und organisieren zudem ein Queer-Art-Festival in Rom sowie eine K\u00fcnstlerresidenz und ein Festival f\u00fcr darstellende K\u00fcnste im l\u00e4ndlichen Norden der Region Latium.&lt;\/span&gt;&lt;\/span&gt;&lt;\/p&gt; &lt;p align=&quot;left&quot;&gt;&lt;span style=&quot;font-family: Times New Roman, serif;&quot;&gt;&lt;span style=&quot;font-size: small;&quot;&gt;Ihre von einer \u201ePop-\u00c4sthetik\u201c gepr\u00e4gte k\u00fcnstlerische Arbeit konzentriert sich auf P&lt;strong&gt;hysical Theatre, Nouveau Cirque und Tanz&lt;\/strong&gt;; dabei schaffen sie durch den Einsatz gro\u00dfformatiger beweglicher Objekte, technischer Apparaturen, Feuerwerk, Wasser, Video und Musik eine kraftvolle visuelle Sprache. Sie haben Opern, Gro\u00dfproduktionen, ortsspezifische Auff\u00fchrungen sowie Theater-, sparten\u00fcbergreifende, VR\/KI- und zeitgen\u00f6ssische Zirkusprojekte inszeniert und daf\u00fcr internationale Anerkennung erhalten.&lt;\/span&gt;&lt;\/span&gt;&lt;\/p&gt; &lt;p align=&quot;left&quot;&gt;&lt;span style=&quot;font-family: Times New Roman, serif;&quot;&gt;&lt;span style=&quot;font-size: small;&quot;&gt;Ihre Produktionen wurden europaweit sowie international \u2013 unter anderem in Chile, Mexiko, S\u00fcdkorea, Russland und den USA \u2013 aufgef\u00fchrt. Dar\u00fcber hinaus kuratieren sie Festivals und Kulturprojekte, die sich Themen wie &lt;strong&gt;LGBTQIA+, Jugendengagement, l\u00e4ndliche Entwicklung, gesellschaftlichen Wandel und Klimaschutz&lt;\/strong&gt; widmen.&lt;\/span&gt;&lt;\/span&gt;&lt;\/p&gt; &lt;p&gt;&nbsp;&lt;\/p&gt; &lt;p align=&quot;left&quot;&gt;&lt;span style=&quot;font-family: Times New Roman, serif;&quot;&gt;&lt;span style=&quot;font-size: small;&quot;&gt;DOMINA \u2013 Verdi\u2019s heroines is an artistic intervention, conceived and designed for \ud835\udde9\ud835\uddd8\ud835\udde5\ud835\uddd7\ud835\udddc \ud835\udde2\ud835\uddd9\ud835\uddd9 2025. A site-specific show, which combines Italian Opera with physical theatre, and mixes poetry, spectacle and action. The various techniques of expression used by the ensemble help to create a strong visual language that enables them to reach an international audience regardless of any age, ethnicity and culture.&lt;\/span&gt;&lt;\/span&gt;&lt;\/p&gt; &lt;p align=&quot;left&quot;&gt;&lt;span style=&quot;font-family: Times New Roman, serif;&quot;&gt;&lt;span style=&quot;font-size: small;&quot;&gt;In &lt;i&gt;La Traviata, Otello, Macbeth&lt;\/i&gt; and &lt;i&gt;Aida&lt;\/i&gt; our heroes are the women, who bring to the stage emotions in which everyone can recognize themselves. Through his women characters, Verdi describes a new way of thinking and experiencing the feminine, becoming the forerunner of a true revolution.&lt;\/span&gt;&lt;\/span&gt;&lt;\/p&gt; &lt;p align=&quot;left&quot;&gt;&lt;span style=&quot;font-family: Times New Roman, serif;&quot;&gt;&lt;span style=&quot;font-size: small;&quot;&gt;&lt;strong&gt;Directed by:&lt;\/strong&gt; Marg\u00f3 Paciotti and Lorenzo Pasquali | ONDADURTOTEATRO&lt;\/span&gt;&lt;\/span&gt;&lt;\/p&gt; &lt;p align=&quot;left&quot;&gt;&lt;span style=&quot;font-family: Times New Roman, serif;&quot;&gt;&lt;span style=&quot;font-size: small;&quot;&gt;&lt;strong&gt;Soprano:&lt;\/strong&gt; Clarissa Costanzo&lt;\/span&gt;&lt;\/span&gt;&lt;\/p&gt; &lt;p align=&quot;left&quot;&gt;&lt;span style=&quot;font-family: Times New Roman, serif;&quot;&gt;&lt;span style=&quot;font-size: small;&quot;&gt;&lt;strong&gt;ONDADURTOTEATRO performers:&lt;\/strong&gt; Giorgia Marras, Dario Vandelli&lt;\/span&gt;&lt;\/span&gt;&lt;\/p&gt; &lt;p align=&quot;left&quot;&gt;&lt;span style=&quot;font-family: Times New Roman, serif;&quot;&gt;&lt;span style=&quot;font-size: small;&quot;&gt;&lt;strong&gt;ACCADEMIA INTERNAZIONALE DI TEATRO performers:&lt;\/strong&gt; Julia Domitia Capasso, Benedetta Cassaro, Ludovica Castrichella, Rocco Ciardo, Alicia de Filippis, Alberto Galletti, Aurora Zamperini.&lt;\/span&gt;&lt;\/span&gt;&lt;\/p&gt; &lt;p align=&quot;left&quot;&gt;&lt;span style=&quot;font-family: Times New Roman, serif;&quot;&gt;&lt;span style=&quot;font-size: small;&quot;&gt;&lt;strong&gt;Original arrangements and live music:&lt;\/strong&gt; H.E.R.&lt;\/span&gt;&lt;\/span&gt;&lt;\/p&gt; &lt;p align=&quot;left&quot;&gt;&lt;span style=&quot;font-family: Times New Roman, serif;&quot;&gt;&lt;span style=&quot;font-size: small;&quot;&gt;&lt;strong&gt;Machineries design:&lt;\/strong&gt; Lorenzo Pasquali and Massimo Carsetti&lt;\/span&gt;&lt;\/span&gt;&lt;\/p&gt; &lt;p align=&quot;left&quot;&gt;&lt;span style=&quot;font-family: Times New Roman, serif;&quot;&gt;&lt;span style=&quot;font-size: small;&quot;&gt;&lt;strong&gt;Costume design:&lt;\/strong&gt; K.B. Project&lt;\/span&gt;&lt;\/span&gt;&lt;\/p&gt; &lt;p align=&quot;left&quot;&gt;&lt;span style=&quot;font-family: Times New Roman, serif;&quot;&gt;&lt;span style=&quot;font-size: small;&quot;&gt;&lt;strong&gt;A premiere for:&lt;\/strong&gt; VERDI OFF 2025 \u2013 Teatro Regio di Parma&lt;\/span&gt;&lt;\/span&gt;&lt;\/p&gt; &lt;p align=&quot;left&quot;&gt;&lt;span style=&quot;font-family: Times New Roman, serif;&quot;&gt;&lt;span style=&quot;font-size: small;&quot;&gt;&lt;strong&gt;In Residence:&lt;\/strong&gt; ARIA \u2013 Antrodoco Residenza Internazionale per Artisti \u2013 Municipality of Antrodoco (Italy)&lt;\/span&gt;&lt;\/span&gt;&lt;\/p&gt; &lt;p align=&quot;left&quot;&gt;&lt;span style=&quot;font-family: Times New Roman, serif;&quot;&gt;&lt;span style=&quot;font-size: small;&quot;&gt;&lt;strong&gt;Main Sponsor:&lt;\/strong&gt; Massimo Carsetti&lt;\/span&gt;&lt;\/span&gt;&lt;\/p&gt; &lt;p align=&quot;left&quot;&gt;&lt;span style=&quot;font-family: Times New Roman, serif;&quot;&gt;&lt;span style=&quot;font-size: small;&quot;&gt;&lt;strong&gt;In collaboration with:&lt;\/strong&gt; Accademia Internazionale di Teatro di Roma&lt;\/span&gt;&lt;\/span&gt;&lt;\/p&gt; &lt;p align=&quot;left&quot;&gt;&lt;span style=&quot;font-family: Times New Roman, serif;&quot;&gt;&lt;span style=&quot;font-size: small;&quot;&gt;&lt;strong&gt;Biography:&lt;\/strong&gt; The artistic duo Marg\u00f3 Paciotti and Lorenzo Pasquali founded &lt;b&gt;ONDADURTOTEATRO&lt;\/b&gt; in Rome in 2005. The performing arts company produces medium\/large-scale shows for unconventional venues, queer-themed performances and opera, while organizing a Queer Art Festival in Rome and managing an artistic residency and performing arts festival in rural northern Lazio.&lt;\/span&gt;&lt;\/span&gt;&lt;\/p&gt; &lt;p align=&quot;left&quot;&gt;&lt;span style=&quot;font-family: Times New Roman, serif;&quot;&gt;&lt;span style=&quot;font-size: small;&quot;&gt;Their artistic research, marked by a \u201cpop vision,\u201d focuses on &lt;b&gt;physical theatre, nouveau cirque and dance&lt;\/b&gt;, creating strong visual languages through large-scale moving objects, machinery, fireworks, water, video and music. They have directed operas, large-scale and site-specific shows, theatre, multidisciplinary, VR\/AI and contemporary circus productions, receiving international acclaim.&lt;\/span&gt;&lt;\/span&gt;&lt;\/p&gt; &lt;p align=&quot;left&quot;&gt;&lt;span style=&quot;font-family: Times New Roman, serif;&quot;&gt;&lt;span style=&quot;font-size: small;&quot;&gt;Their work has toured extensively across Europe and internationally, including Chile, Mexico, South Korea, Russia and the USA. They also curate festivals and cultural projects addressing &lt;b&gt;LGBTQIA+ issues, youth engagement, rural development, social change and climate action&lt;\/b&gt;.&lt;\/span&gt;&lt;\/span&gt;&lt;\/p&gt; &lt;p align=&quot;left&quot;&gt; \",\r\n            \"image\": \"https:\/\/iftf-frankfurt.com\/wp-content\/uploads\/sites\/2\/DOMINA_TeatroOndadurto_StefanoMoscardini.png\",\r\n            \"name\": \"DOMINA\u00a0&#8211; Verdi&#8217;s heroines\",\r\n            \"url\": \"https:\/\/iftf-frankfurt.com\/en\/events\/domina-verdis-heroines\/\"\r\n        }\r\n        <\/script>\r\n                            <article  data-href=\"https:\/\/iftf-frankfurt.com\/en\/events\/domina-verdis-heroines\/\" data-target=\"m1\" style=\"background:#e23c95 url('https:\/\/iftf-frankfurt.com\/wp-content\/uploads\/sites\/2\/DOMINA_TeatroOndadurto_StefanoMoscardini-300x400.png')\" class=\" mec-event-article mec-tile-item  mec-clear   \">\r\n                                                                        <div class=\"event-tile-view-head clearfix\">\r\n                                                            <div class=\"mec-event-month\"><span class=\"mec-start-date-label\" itemprop=\"startDate\">17 Sep<\/span><\/div>\r\n                                                        <div class=\"mec-event-time\"><i class=\"mec-sl-clock\"><\/i>21:00<\/div>\r\n                        <\/div>\r\n                        <div class=\"mec-event-content\" data-target=\"m1\" data-event-id=\"26580\">\r\n                            <a href=\"https:\/\/iftf-frankfurt.com\/en\/events\/domina-verdis-heroines\/\" target=\"m1\" class=\"mec-tile-into-content-link\"><\/a>                            <div class=\"mec-tile-event-content\">\r\n                                <div class=\"mec-event-detail\">\r\n                                                                                                            <span class=\"mec-event-loc-place\"><i class=\"mec-sl-location-pin\"><\/i>OUTDOOR B\u00dcHNE PROTAGON<\/span>                                                                    <\/div>\r\n                                                                <h4 class=\"mec-event-title\"><a class=\"mec-color-hover\"  data-event-id=\"26580\" href=\"https:\/\/iftf-frankfurt.com\/en\/events\/domina-verdis-heroines\/\" target=\"m1\" rel=\"noopener\">DOMINA\u00a0&#8211; Verdi&#8217;s heroines<\/a><\/h4>\r\n                                                            <\/div>\r\n                        <\/div>\r\n                    <\/article>\r\n                <\/div>                    <div class=\"col-md-4 col-sm-4\">        <script type=\"application\/ld+json\">\r\n        {\r\n            \"@context\": \"http:\/\/schema.org\",\r\n            \"@type\": \"Event\",\r\n            \"eventStatus\": \"https:\/\/schema.org\/EventScheduled\",\r\n            \"startDate\": \"2026-09-18\",\r\n            \"endDate\": \"2026-09-18\",\r\n            \"eventAttendanceMode\": \"https:\/\/schema.org\/OfflineEventAttendanceMode\",\r\n            \"location\":\r\n            {\r\n                \"@type\": \"Place\",\r\n                                \"name\": \"KULTURGEL\u00c4NDE PROTAGON\",\r\n                \"image\": \"\",\r\n                \"address\": \"Orber Stra\u00dfe 57, 60386 Frankfurt am Main\"\r\n                            },\r\n            \"organizer\":\r\n            {\r\n                \"@type\": \"Person\",\r\n                \"name\": \"\",\r\n                \"url\": \"\"\r\n            },\r\n            \"offers\":\r\n            {\r\n                \"url\": \"https:\/\/iftf-frankfurt.com\/en\/events\/fish-shoal-invitation-shoal-of-somatic-attunement-with-slack-tide-or-tidal-standstill-slack-tide\/\",\r\n                \"price\": \"\",\r\n                \"priceCurrency\": \"USD\",\r\n                \"availability\": \"https:\/\/schema.org\/InStock\",\r\n                \"validFrom\": \"2026-09-18T00:00\"\r\n            },\r\n            \"performer\": \"\",\r\n            \"description\": \"&lt;p align=&quot;left&quot;&gt;&lt;strong&gt;&lt;span style=&quot;font-family: Times New Roman, serif;&quot;&gt;&lt;span style=&quot;font-size: medium;&quot;&gt;&lt;strong&gt;Die Gezeitenpausen&lt;\/strong&gt;&lt;\/span&gt;&lt;\/span&gt;&lt;\/strong&gt;&lt;\/p&gt; &lt;p align=&quot;left&quot;&gt;&lt;span style=&quot;font-family: Times New Roman, serif;&quot;&gt;&lt;span style=&quot;font-size: small;&quot;&gt;Prof. Dr. Ciane Fernandes &amp; public participation&lt;\/span&gt;&lt;\/span&gt;&lt;\/p&gt; &lt;p align=&quot;left&quot;&gt;&lt;span style=&quot;font-size: small;&quot;&gt;&#8220;ENG below&#8221;&lt;\/span&gt;&lt;\/p&gt; &lt;p align=&quot;left&quot;&gt;&lt;span style=&quot;font-family: Times New Roman, serif;&quot;&gt;&lt;span style=&quot;font-size: small;&quot;&gt;Eine einf\u00fchlsame kollektive Einstimmung w\u00e4hrend der Gezeitenpause im deutschen Meer, an verschiedenen Tagen des Festivals und offen f\u00fcr die Teilnahme des Publikums.&lt;\/span&gt;&lt;\/span&gt;&lt;\/p&gt; &lt;p align=&quot;left&quot;&gt;&lt;span style=&quot;font-family: Times New Roman, serif;&quot;&gt;Die Gezeitenpause bezeichnet den kurzen Moment zwischen Ebbe und Flut, in dem sich der Wasserstand kaum ver\u00e4ndert. Durch die Bewegung des Mondes um die Erde verschiebt sich dieser Zeitpunkt t\u00e4glich um etwa 50 Minuten, sodass die Performance jeden Tag zu einer anderen Zeit stattfindet.&lt;\/span&gt;&lt;\/p&gt; &lt;p align=&quot;left&quot;&gt;&lt;span style=&quot;font-family: Times New Roman, serif;&quot;&gt;Wie k\u00f6nnen wir koloniale, fragmentierte Zeit und unterteilte R\u00e4ume aufl\u00f6sen und in einem Zwischenraum-Zeit-Kontinuum schweben \u2013 als ein sich ausbreitender, spiralf\u00f6rmiger, weiblicher und flie\u00dfender Zustand, tief verbunden mit den Rhythmen der Gezeiten?&lt;\/span&gt;&lt;\/p&gt; &lt;p&gt;&nbsp;&lt;\/p&gt; &lt;p align=&quot;left&quot;&gt;&lt;span style=&quot;font-family: Times New Roman, serif;&quot;&gt;&lt;span style=&quot;font-size: small;&quot;&gt;A sensitive collective attunement during the slack tide of the German ocean during intermission moments in different days of the festival, open to public participation. The &lt;b&gt;slack tide&lt;\/b&gt;, also known as &lt;b&gt;tidal standstill &lt;\/b&gt;or&lt;b&gt; tidal pause&lt;\/b&gt;, is a natural phenomenon that happens between high and low tides, characterized by a short period of time when there is no change in water level. It happens with a change of 50 minutes from one day to the next, due to the movement of the moon around the earth, so the performance will happen at different moments each day. How can we melt colonial fragmented time and compartmentalized space, and float on an in-between spacetime continuum as a spread-out spiraling feminine fluid state deeply connected to these tidal rhythms?&lt;\/span&gt;&lt;\/span&gt;&lt;\/p&gt; &lt;p align=&quot;left&quot;&gt;&lt;img decoding=&quot;async&quot; class=&quot;alignnone size-medium wp-image-26945&quot; src=&quot;https:\/\/iftf-frankfurt.com\/wp-content\/uploads\/sites\/2\/unnamed-300x126.jpg&quot; alt=&quot;&quot; width=&quot;300&quot; height=&quot;126&quot; srcset=&quot;https:\/\/iftf-frankfurt.com\/wp-content\/uploads\/sites\/2\/unnamed-300x126.jpg 300w, https:\/\/iftf-frankfurt.com\/wp-content\/uploads\/sites\/2\/unnamed.jpg 512w&quot; sizes=&quot;(max-width: 300px) 100vw, 300px&quot; \/&gt;&lt;\/p&gt; \",\r\n            \"image\": \"\",\r\n            \"name\": \"FISH SHOAL INVITATION: SHOAL OF SOMATIC ATTUNEMENT WITH SLACK TIDE OR TIDAL STANDSTILL.  SLACK TIDE\",\r\n            \"url\": \"https:\/\/iftf-frankfurt.com\/en\/events\/fish-shoal-invitation-shoal-of-somatic-attunement-with-slack-tide-or-tidal-standstill-slack-tide\/\"\r\n        }\r\n        <\/script>\r\n                            <article  data-href=\"https:\/\/iftf-frankfurt.com\/en\/events\/fish-shoal-invitation-shoal-of-somatic-attunement-with-slack-tide-or-tidal-standstill-slack-tide\/\" data-target=\"m1\" style=\"background:#e23c95\" class=\" mec-event-article mec-tile-item  mec-clear   \">\r\n                                                                        <div class=\"event-tile-view-head clearfix\">\r\n                                                            <div class=\"mec-event-month\"><span class=\"mec-start-date-label\" itemprop=\"startDate\">18 Sep<\/span><\/div>\r\n                                                        <div class=\"mec-event-time\"><i class=\"mec-sl-clock\"><\/i>17:00<\/div>\r\n                        <\/div>\r\n                        <div class=\"mec-event-content\" data-target=\"m1\" data-event-id=\"27138\">\r\n                            <a href=\"https:\/\/iftf-frankfurt.com\/en\/events\/fish-shoal-invitation-shoal-of-somatic-attunement-with-slack-tide-or-tidal-standstill-slack-tide\/\" target=\"m1\" class=\"mec-tile-into-content-link\"><\/a>                            <div class=\"mec-tile-event-content\">\r\n                                <div class=\"mec-event-detail\">\r\n                                                                                                            <span class=\"mec-event-loc-place\"><i class=\"mec-sl-location-pin\"><\/i>KULTURGEL\u00c4NDE PROTAGON<\/span>                                                                    <\/div>\r\n                                                                <h4 class=\"mec-event-title\"><a class=\"mec-color-hover\"  data-event-id=\"27138\" href=\"https:\/\/iftf-frankfurt.com\/en\/events\/fish-shoal-invitation-shoal-of-somatic-attunement-with-slack-tide-or-tidal-standstill-slack-tide\/\" target=\"m1\" rel=\"noopener\">FISH SHOAL INVITATION: SHOAL OF SOMATIC ATTUNEMENT WITH SLACK TIDE OR TIDAL STANDSTILL.  SLACK TIDE<\/a><\/h4>\r\n                                                            <\/div>\r\n                        <\/div>\r\n                    <\/article>\r\n                <\/div><\/div>            <div class=\"row\"><div class=\"col-md-4 col-sm-4\">        <script type=\"application\/ld+json\">\r\n        {\r\n            \"@context\": \"http:\/\/schema.org\",\r\n            \"@type\": \"Event\",\r\n            \"eventStatus\": \"https:\/\/schema.org\/EventScheduled\",\r\n            \"startDate\": \"2026-09-18\",\r\n            \"endDate\": \"2026-09-18\",\r\n            \"eventAttendanceMode\": \"https:\/\/schema.org\/OfflineEventAttendanceMode\",\r\n            \"location\":\r\n            {\r\n                \"@type\": \"Place\",\r\n                                \"name\": \"GOETHEPLATZ\",\r\n                \"image\": \"\",\r\n                \"address\": \"Goetheplatz, 60313 Frankfurt\"\r\n                            },\r\n            \"organizer\":\r\n            {\r\n                \"@type\": \"Person\",\r\n                \"name\": \"\",\r\n                \"url\": \"\"\r\n            },\r\n            \"offers\":\r\n            {\r\n                \"url\": \"https:\/\/iftf-frankfurt.com\/en\/events\/distouched\/\",\r\n                \"price\": \"\",\r\n                \"priceCurrency\": \"USD\",\r\n                \"availability\": \"https:\/\/schema.org\/InStock\",\r\n                \"validFrom\": \"2026-09-18T00:00\"\r\n            },\r\n            \"performer\": \"\",\r\n            \"description\": \"&lt;p align=&quot;left&quot;&gt;&lt;span style=&quot;font-family: Times New Roman, serif;&quot;&gt;&lt;span style=&quot;font-size: small;&quot;&gt;DANZANK\u00d3 Collective&lt;\/span&gt;&lt;\/span&gt;&lt;\/p&gt; &lt;p align=&quot;left&quot;&gt;&lt;span style=&quot;font-size: small;&quot;&gt;&#8220;ENG below&#8221;&lt;\/span&gt;&lt;\/p&gt; &lt;p align=&quot;left&quot;&gt;&lt;span style=&quot;font-family: Times New Roman, serif;&quot;&gt;&lt;span style=&quot;font-size: small;&quot;&gt;DisTouched ist eine Stelzen-Tanz-Performance im \u00f6ffentlichen Raum, die das Spannungsfeld zwischen Individuum und Kollektiv in der modernen Gesellschaft thematisiert. Drei Frauen mit unterschiedlichen Geschichten und Herk\u00fcnften erforschen auf Stelzen tanzend verschiedene Facetten von Beziehungen, von der fl\u00fcchtigen Bekanntschaft \u00fcber Konflikte bis hin zu echter Verbundenheit. Das St\u00fcck bewegt sich zwischen Leichtigkeit und Dramatik, zwischen Ritual und Rasanz, zwischen Spannung und Stille. Raum, Abstand und physischer Kontakt spielen eine gro\u00dfe Rolle und die T\u00e4nzerinnen entdecken sich selbst in immer wieder neuen Konstellationen, in denen sich die Zuschauenden wiederfinden k\u00f6nnen. Die Stelzen symbolisieren dabei die Zerbrechlichkeit und Unbest\u00e4ndigkeit des menschlichen Seins in einer Welt voller Gegens\u00e4tze und Herausforderungen.&lt;\/span&gt;&lt;\/span&gt;&lt;\/p&gt; &lt;p align=&quot;left&quot;&gt;&lt;span style=&quot;font-family: Times New Roman, serif;&quot;&gt;&lt;span style=&quot;font-size: small;&quot;&gt;DisTouched ist eine Performance mit Humor und Tiefgang, die das Publikum ber\u00fchrt und &lt;\/span&gt;&lt;\/span&gt;&lt;span style=&quot;font-family: Times New Roman, serif;&quot;&gt;&lt;span style=&quot;font-size: small;&quot;&gt;zum Nachdenken anregt.&lt;\/span&gt;&lt;\/span&gt;&lt;\/p&gt; &lt;p align=&quot;left&quot;&gt;&lt;span style=&quot;font-family: Times New Roman, serif;&quot;&gt;&lt;span style=&quot;font-size: small;&quot;&gt;&lt;b&gt;Sprache: &lt;\/b&gt;Nonverbal&lt;\/span&gt;&lt;\/span&gt;&lt;\/p&gt; &lt;p align=&quot;left&quot;&gt;&lt;span style=&quot;font-family: Times New Roman, serif;&quot;&gt;&lt;span style=&quot;font-size: small;&quot;&gt;&lt;strong&gt;Konzept, Choreografie &amp; Performance:&lt;\/strong&gt; Esther Geyer, Clara Gracia &amp; Anna Vilhelmiina &lt;\/span&gt;&lt;\/span&gt;&lt;span style=&quot;font-family: Times New Roman, serif;&quot;&gt;&lt;span style=&quot;font-size: small;&quot;&gt;Peltola&lt;\/span&gt;&lt;\/span&gt;&lt;\/p&gt; &lt;p align=&quot;left&quot;&gt;&lt;span style=&quot;font-family: Times New Roman, serif;&quot;&gt;&lt;span style=&quot;font-size: small;&quot;&gt;&lt;strong&gt;Musik:&lt;\/strong&gt; Juli\u00e1n Blanco&lt;\/span&gt;&lt;\/span&gt;&lt;\/p&gt; &lt;p align=&quot;left&quot;&gt;&lt;span style=&quot;font-family: Times New Roman, serif;&quot;&gt;&lt;span style=&quot;font-size: small;&quot;&gt;&lt;strong&gt;Kost\u00fcme:&lt;\/strong&gt; DANZANK\u00d3 Collective, Anna Vilhelmiina Peltola &amp; Laila Rosato&lt;\/span&gt;&lt;\/span&gt;&lt;\/p&gt; &lt;p align=&quot;left&quot;&gt;&lt;span style=&quot;font-family: Times New Roman, serif;&quot;&gt;&lt;span style=&quot;font-size: small;&quot;&gt;&lt;strong&gt;External eye:&lt;\/strong&gt; Jefferson Perreira da Silva&lt;\/span&gt;&lt;\/span&gt;&lt;\/p&gt; &lt;p align=&quot;left&quot;&gt;&lt;span style=&quot;font-family: Times New Roman, serif;&quot;&gt;&lt;span style=&quot;font-size: small;&quot;&gt;&lt;b&gt;Website\/IG\/FB: &lt;\/b&gt;&lt;a href=&quot;https:\/\/danzanko.com&quot;&gt;https:\/\/danzanko.com&lt;\/a&gt; \/  &lt;\/span&gt;&lt;\/span&gt;&lt;span style=&quot;font-family: Times New Roman, serif;&quot;&gt;&lt;span style=&quot;font-size: small;&quot;&gt;&lt;a href=&quot;https:\/\/www.instagram.com\/danzanko.collective&quot;&gt;@danzanko.collective&lt;\/a&gt;  \/ &lt;\/span&gt;&lt;\/span&gt;&lt;a href=&quot;https:\/\/www.facebook.com\/61558743982422&quot;&gt;&lt;span style=&quot;font-family: Times New Roman, serif;&quot;&gt;&lt;span style=&quot;font-size: small;&quot;&gt;FB&lt;\/span&gt;&lt;\/span&gt;&lt;\/a&gt;&lt;\/p&gt; &lt;p align=&quot;left&quot;&gt;&lt;span style=&quot;font-family: Times New Roman, serif;&quot;&gt;&lt;span style=&quot;font-size: small;&quot;&gt;&lt;strong&gt;Biographie:&lt;\/strong&gt; Das Stelzen-Tanz-Kollektiv DANZANK\u00d3 wurde von Esther Geyer (DE\/ES), Clara Gracia &lt;\/span&gt;&lt;\/span&gt;&lt;span style=&quot;font-family: Times New Roman, serif;&quot;&gt;&lt;span style=&quot;font-size: small;&quot;&gt;(ES) und Anna Vilhelmiina Peltola (FIN) im Jahr 2020 gegr\u00fcndet. &lt;\/span&gt;&lt;\/span&gt;&lt;span style=&quot;font-family: Times New Roman, serif;&quot;&gt;&lt;span style=&quot;font-size: small;&quot;&gt;Die drei Performerinnen arbeiten seit vielen Jahren im zeitgen\u00f6ssischen Tanz sowie im &lt;\/span&gt;&lt;\/span&gt;&lt;span style=&quot;font-family: Times New Roman, serif;&quot;&gt;&lt;span style=&quot;font-size: small;&quot;&gt;Stra\u00dfen- und ortsspezifischen Theater \u2013 mit und ohne Stelzen. Sie verbindet die Freude &lt;\/span&gt;&lt;\/span&gt;&lt;span style=&quot;font-family: Times New Roman, serif;&quot;&gt;&lt;span style=&quot;font-size: small;&quot;&gt;am Stelzentanz und das Anliegen, diese Ausdrucksform einem breiteren Publikum &lt;\/span&gt;&lt;\/span&gt;&lt;span style=&quot;font-family: Times New Roman, serif;&quot;&gt;&lt;span style=&quot;font-size: small;&quot;&gt;zug\u00e4nglich zu machen. Im \u00f6ffentlichen Raum \u00f6ffnen sie Situationen, in denen &lt;\/span&gt;&lt;\/span&gt;&lt;span style=&quot;font-family: Times New Roman, serif;&quot;&gt;&lt;span style=&quot;font-size: small;&quot;&gt;Begegnungen zwischen Performerinnen und Publikum freier und unmittelbarer werden. &lt;\/span&gt;&lt;\/span&gt;&lt;\/p&gt; &lt;p align=&quot;left&quot;&gt;&lt;span style=&quot;font-family: Times New Roman, serif;&quot;&gt;&lt;span style=&quot;font-size: small;&quot;&gt;Ihre Deb\u00fct-Performance DisTouched hatte 2022 auf artspace Bremerhaven Premiere und &lt;\/span&gt;&lt;\/span&gt;&lt;span style=&quot;font-family: Times New Roman, serif;&quot;&gt;&lt;span style=&quot;font-size: small;&quot;&gt;tourt seither auf internationalen Festivals.&lt;\/span&gt;&lt;\/span&gt;&lt;\/p&gt; &lt;p align=&quot;left&quot;&gt;&lt;span style=&quot;font-family: Times New Roman, serif;&quot;&gt;&lt;span style=&quot;font-size: small;&quot;&gt;Mit FARRA pr\u00e4sentiert das DANZANK\u00d3 Collective seine neue Produktion, die auf dem &lt;\/span&gt;&lt;\/span&gt;&lt;span style=&quot;font-family: Times New Roman, serif;&quot;&gt;&lt;span style=&quot;font-size: small;&quot;&gt;Internationalen Frauentheaterfestival Premiere feiert.&lt;\/span&gt;&lt;\/span&gt;&lt;\/p&gt; &lt;p&gt;&nbsp;&lt;\/p&gt; &lt;p align=&quot;left&quot;&gt;&lt;span style=&quot;font-family: Times New Roman, serif;&quot;&gt;&lt;span style=&quot;font-size: small;&quot;&gt;DisTouched is a stilt-dance performance in public space that explores the tension between the individual and the collective in modern society. Dancing on stilts, three women with diverse backgrounds and histories explore various facets of relationships\u2014ranging from fleeting acquaintances and conflict to genuine connection. The piece oscillates between lightness and drama, ritual and rapid movement, tension and stillness. Space, distance, and physical contact play a pivotal role as the dancers discover themselves in ever-changing configurations\u2014scenarios in which the audience can also find a reflection of themselves. The stilts symbolize the fragility and impermanence of human existence in a world full of contradictions and challenges.&lt;\/span&gt;&lt;\/span&gt;&lt;\/p&gt; &lt;p align=&quot;left&quot;&gt;&lt;span style=&quot;font-family: Times New Roman, serif;&quot;&gt;&lt;span style=&quot;font-size: small;&quot;&gt;DisTouched is a performance characterized by both humor and depth; it moves the audience and invites reflection&lt;\/span&gt;&lt;\/span&gt;&lt;span style=&quot;font-family: Times New Roman, serif;&quot;&gt;&lt;span style=&quot;font-size: small;&quot;&gt;.&lt;\/span&gt;&lt;\/span&gt;&lt;\/p&gt; &lt;p align=&quot;left&quot;&gt;&lt;span style=&quot;font-family: Times New Roman, serif;&quot;&gt;&lt;span style=&quot;font-size: small;&quot;&gt;&lt;b&gt;Language: &lt;\/b&gt;nonverbal&lt;\/span&gt;&lt;\/span&gt;&lt;\/p&gt; &lt;p align=&quot;left&quot;&gt;&lt;span style=&quot;font-family: Times New Roman, serif;&quot;&gt;&lt;span style=&quot;font-size: small;&quot;&gt;&lt;strong&gt;Concept, Choreografy &amp; Performance:&lt;\/strong&gt; Esther Geyer, Clara Gracia &amp; Anna Vilhelmiina &lt;\/span&gt;&lt;\/span&gt;&lt;span style=&quot;font-family: Times New Roman, serif;&quot;&gt;&lt;span style=&quot;font-size: small;&quot;&gt;Peltola&lt;\/span&gt;&lt;\/span&gt;&lt;\/p&gt; &lt;p align=&quot;left&quot;&gt;&lt;span style=&quot;font-family: Times New Roman, serif;&quot;&gt;&lt;span style=&quot;font-size: small;&quot;&gt;&lt;strong&gt;Music:&lt;\/strong&gt; Juli\u00e1n Blanco&lt;\/span&gt;&lt;\/span&gt;&lt;\/p&gt; &lt;p align=&quot;left&quot;&gt;&lt;span style=&quot;font-family: Times New Roman, serif;&quot;&gt;&lt;span style=&quot;font-size: small;&quot;&gt;&lt;strong&gt;Costumes:&lt;\/strong&gt; DANZANK\u00d3 Collective, Anna Vilhelmiina Peltola &amp; Laila Rosato&lt;\/span&gt;&lt;\/span&gt;&lt;\/p&gt; &lt;p align=&quot;left&quot;&gt;&lt;span style=&quot;font-family: Times New Roman, serif;&quot;&gt;&lt;span style=&quot;font-size: small;&quot;&gt;&lt;strong&gt;External eye:&lt;\/strong&gt; Jefferson Perreira da Silva&lt;\/span&gt;&lt;\/span&gt;&lt;\/p&gt; &lt;p align=&quot;left&quot;&gt;&lt;span style=&quot;font-family: Times New Roman, serif;&quot;&gt;&lt;span style=&quot;font-size: small;&quot;&gt;&lt;b&gt;Website\/IG\/FB: &lt;\/b&gt;&lt;a href=&quot;https:\/\/danzanko.com&quot;&gt;https:\/\/danzanko.com&lt;\/a&gt; \/  &lt;\/span&gt;&lt;\/span&gt;&lt;span style=&quot;font-family: Times New Roman, serif;&quot;&gt;&lt;span style=&quot;font-size: small;&quot;&gt;&lt;a href=&quot;https:\/\/www.instagram.com\/danzanko.collective&quot;&gt;@danzanko.collective&lt;\/a&gt;  \/ &lt;\/span&gt;&lt;\/span&gt;&lt;a href=&quot;https:\/\/www.facebook.com\/61558743982422&quot;&gt;&lt;span style=&quot;font-family: Times New Roman, serif;&quot;&gt;&lt;span style=&quot;font-size: small;&quot;&gt;FB&lt;\/span&gt;&lt;\/span&gt;&lt;\/a&gt;&lt;\/p&gt; &lt;p align=&quot;left&quot;&gt;&lt;span style=&quot;font-family: Times New Roman, serif;&quot;&gt;&lt;span style=&quot;font-size: small;&quot;&gt;&lt;strong&gt;Biography:&lt;\/strong&gt; The stilt-dance collective DANZANK\u00d3 was founded in 2020 by Esther Geyer (DE\/ES), Clara Gracia (ES), and Anna Vilhelmiina Peltola (FIN). The three performers have years of experience in contemporary dance as well as street and site-specific theater\u2014working both with and without stilts. They are united by a shared joy in stilt dance and a commitment to making this form of expression accessible to a wider audience. In public spaces, they create situations where encounters between performers and the audience become freer and more immediate&lt;\/span&gt;&lt;\/span&gt;&lt;span style=&quot;font-family: Times New Roman, serif;&quot;&gt;&lt;span style=&quot;font-size: small;&quot;&gt;. &lt;\/span&gt;&lt;\/span&gt;&lt;\/p&gt; &lt;p align=&quot;left&quot;&gt;&lt;span style=&quot;font-family: Times New Roman, serif;&quot;&gt;&lt;span style=&quot;font-size: small;&quot;&gt;Their debut performance, DisTouched, premiered at artspace Bremerhaven in 2022 and has since toured at international festivals&lt;\/span&gt;&lt;\/span&gt;&lt;span style=&quot;font-family: Times New Roman, serif;&quot;&gt;&lt;span style=&quot;font-size: small;&quot;&gt;.&lt;\/span&gt;&lt;\/span&gt;&lt;\/p&gt; &lt;p align=&quot;left&quot;&gt;&lt;span style=&quot;font-family: Times New Roman, serif;&quot;&gt;&lt;span style=&quot;font-size: small;&quot;&gt;With FARRA, the DANZANK\u00d3 Collective presents its new production, which is premiering at the International Women&#8217;s Theatre Festival&lt;\/span&gt;&lt;\/span&gt;&lt;span style=&quot;font-family: Times New Roman, serif;&quot;&gt;&lt;span style=&quot;font-size: small;&quot;&gt;t.&lt;\/span&gt;&lt;\/span&gt;&lt;\/p&gt; \",\r\n            \"image\": \"https:\/\/iftf-frankfurt.com\/wp-content\/uploads\/sites\/2\/Danzanko_\u00a9Marika-Rocca6.jpg\",\r\n            \"name\": \"DisTouched\",\r\n            \"url\": \"https:\/\/iftf-frankfurt.com\/en\/events\/distouched\/\"\r\n        }\r\n        <\/script>\r\n                            <article  data-href=\"https:\/\/iftf-frankfurt.com\/en\/events\/distouched\/\" data-target=\"m1\" style=\"background:#e23c95 url('https:\/\/iftf-frankfurt.com\/wp-content\/uploads\/sites\/2\/Danzanko_\u00a9Marika-Rocca6-300x400.jpg')\" class=\" mec-event-article mec-tile-item  mec-clear   \">\r\n                                                                        <div class=\"event-tile-view-head clearfix\">\r\n                                                            <div class=\"mec-event-month\"><span class=\"mec-start-date-label\" itemprop=\"startDate\">18 Sep<\/span><\/div>\r\n                                                        <div class=\"mec-event-time\"><i class=\"mec-sl-clock\"><\/i>18:30<\/div>\r\n                        <\/div>\r\n                        <div class=\"mec-event-content\" data-target=\"m1\" data-event-id=\"26588\">\r\n                            <a href=\"https:\/\/iftf-frankfurt.com\/en\/events\/distouched\/\" target=\"m1\" class=\"mec-tile-into-content-link\"><\/a>                            <div class=\"mec-tile-event-content\">\r\n                                <div class=\"mec-event-detail\">\r\n                                                                                                            <span class=\"mec-event-loc-place\"><i class=\"mec-sl-location-pin\"><\/i>GOETHEPLATZ<\/span>                                                                    <\/div>\r\n                                                                <h4 class=\"mec-event-title\"><a class=\"mec-color-hover\"  data-event-id=\"26588\" href=\"https:\/\/iftf-frankfurt.com\/en\/events\/distouched\/\" target=\"m1\" rel=\"noopener\">DisTouched<\/a><\/h4>\r\n                                                            <\/div>\r\n                        <\/div>\r\n                    <\/article>\r\n                <\/div>            <div class=\"col-md-4 col-sm-4\">        <script type=\"application\/ld+json\">\r\n        {\r\n            \"@context\": \"http:\/\/schema.org\",\r\n            \"@type\": \"Event\",\r\n            \"eventStatus\": \"https:\/\/schema.org\/EventScheduled\",\r\n            \"startDate\": \"2026-09-18\",\r\n            \"endDate\": \"2026-09-18\",\r\n            \"eventAttendanceMode\": \"https:\/\/schema.org\/OfflineEventAttendanceMode\",\r\n            \"location\":\r\n            {\r\n                \"@type\": \"Place\",\r\n                                \"name\": \"INDOOR STAGE PROTAGON\",\r\n                \"image\": \"\",\r\n                \"address\": \"PROTAGON CULTURAL CENTRE \u2013 Orber Stra\u00dfe 57, 60386 Frankfurt am Main\"\r\n                            },\r\n            \"organizer\":\r\n            {\r\n                \"@type\": \"Person\",\r\n                \"name\": \"\",\r\n                \"url\": \"\"\r\n            },\r\n            \"offers\":\r\n            {\r\n                \"url\": \"https:\/\/iftf-frankfurt.com\/en\/events\/turn\/\",\r\n                \"price\": \"\",\r\n                \"priceCurrency\": \"USD\",\r\n                \"availability\": \"https:\/\/schema.org\/InStock\",\r\n                \"validFrom\": \"2026-09-18T00:00\"\r\n            },\r\n            \"performer\": \"\",\r\n            \"description\": \"&lt;p align=&quot;left&quot;&gt;&lt;span style=&quot;font-family: Times New Roman, serif;&quot;&gt;&lt;span style=&quot;font-size: small;&quot;&gt;Helen Varley Jamieson, Eva Ursprung &amp; Alexandra Gschiel&lt;\/span&gt;&lt;\/span&gt;&lt;\/p&gt; &lt;p align=&quot;left&quot;&gt;&lt;span style=&quot;font-size: small;&quot;&gt;&#8220;ENG below&#8221;&lt;\/span&gt;&lt;\/p&gt; &lt;p align=&quot;left&quot;&gt;&lt;span style=&quot;font-family: Times New Roman, serif;&quot;&gt;&lt;span style=&quot;font-size: small;&quot;&gt;&lt;i&gt;Turn&lt;\/i&gt; ist eine partizipative Hybridperformance, die sich mit Solidarit\u00e4t, Engagement und Zukunftsw\u00fcnschen auseinandersetzt und mit Spiegeln, Text, Kl\u00e4ngen und Resonanzen reflektiert. &lt;i&gt;Wovon wendest du dich ab? Wem wendest du dich zu? Was macht dich an? &lt;\/i&gt;Im Kontext gegenw\u00e4rtiger sozialer, \u00f6kologischer und politischer Krisen bilden diese Fragen den Ausgangspunkt der Performance. Zuschauer*innen im Theater und online sind eingeladen, \u00fcber UpStage in Echtzeit zu reagieren und die Performance gemeinsam mitzugestalten. Die physischen und digitalen R\u00e4ume sind miteinander verbunden: Auf beiden Seiten treten die Zuschauer&lt;i&gt;*&lt;\/i&gt;innen in einen gemeinsamen Prozess mit den Performer*innen ein und bilden eine tempor\u00e4re Gemeinschaft. Gemeinsam setzen sie sich mit den Fragen auseinander, um neue Narrative zu entwickeln und auszudr\u00fccken.&lt;\/span&gt;&lt;\/span&gt;&lt;\/p&gt; &lt;p align=&quot;left&quot;&gt;&lt;span style=&quot;font-family: Times New Roman, serif;&quot;&gt;&lt;span style=&quot;font-size: small;&quot;&gt;&lt;strong&gt;Sprache:&lt;\/strong&gt; Englisch, Deutsch sowie weitere Sprachen durch Publikumsbeitr\u00e4ge&lt;\/span&gt;&lt;\/span&gt;&lt;\/p&gt; &lt;p align=&quot;left&quot;&gt;&lt;span style=&quot;font-family: Times New Roman, serif;&quot;&gt;&lt;span style=&quot;font-size: small;&quot;&gt;&lt;b&gt;Biographien: &lt;\/b&gt;&lt;\/span&gt;&lt;\/span&gt;&lt;\/p&gt; &lt;p align=&quot;left&quot;&gt;&lt;span style=&quot;font-family: Times New Roman, serif;&quot;&gt;&lt;span style=&quot;font-size: small;&quot;&gt;&lt;b&gt;Helen Varley Jamieson&lt;\/b&gt;&lt;\/span&gt;&lt;\/span&gt;&lt;span style=&quot;font-family: Times New Roman, serif;&quot;&gt;&lt;span style=&quot;font-size: small;&quot;&gt; (Deutschland\/Neuseeland) ist eine Digitalk\u00fcnstlerin, Autorin, Theatermacherin und Produzentin aus Aotearoa Neuseeland. Ihre k\u00fcnstlerische Arbeit umfasst Cyberformance, digitale Installationen, das Schreiben von Theaterst\u00fccken sowie diverse Kooperationen. Sie ist die \u201eWeb Queen\u201c des Magdalena Project und Gr\u00fcnderin von Magdalena M\u00fcnchen. &lt;\/span&gt;&lt;\/span&gt;&lt;a href=&quot;https:\/\/www.creative-catalyst.com\/&quot;&gt;&lt;span style=&quot;color: #1155cc;&quot;&gt;&lt;span style=&quot;font-family: Times New Roman, serif;&quot;&gt;&lt;span style=&quot;font-size: small;&quot;&gt;&lt;u&gt;https:\/\/www.creative-catalyst.com\/&lt;\/u&gt;&lt;\/span&gt;&lt;\/span&gt;&lt;\/span&gt;&lt;\/a&gt;&lt;\/p&gt; &lt;p align=&quot;left&quot;&gt;&lt;span style=&quot;font-family: Times New Roman, serif;&quot;&gt;&lt;span style=&quot;font-size: small;&quot;&gt;&lt;b&gt;Eva Ursprung&lt;\/b&gt;&lt;\/span&gt;&lt;\/span&gt;&lt;span style=&quot;font-family: Times New Roman, serif;&quot;&gt;&lt;span style=&quot;font-size: small;&quot;&gt; (\u00d6sterreich) ist ein in Wien lebender K\u00fcnstler und Kurator. Ihr Werk umfasst Installationen, Performances, Videokunst, Klangarbeiten und Interventionen im \u00f6ffentlichen, elektronischen und sozialen Raum. Seit 2009 arbeitet sie mit Helen Varley Jamieson \u00fcber UpStage zusammen, einer Cyberformance-Plattform und globalen K\u00fcnstlergemeinschaft&lt;\/span&gt;&lt;\/span&gt;&lt;span style=&quot;font-family: Times New Roman, serif;&quot;&gt;&lt;span style=&quot;font-size: small;&quot;&gt;. &lt;\/span&gt;&lt;\/span&gt;&lt;a href=&quot;https:\/\/ursprung.mur.at\/&quot;&gt;&lt;span style=&quot;color: #1155cc;&quot;&gt;&lt;span style=&quot;font-family: Times New Roman, serif;&quot;&gt;&lt;span style=&quot;font-size: small;&quot;&gt;&lt;u&gt;https:\/\/ursprung.mur.at\/&lt;\/u&gt;&lt;\/span&gt;&lt;\/span&gt;&lt;\/span&gt;&lt;\/a&gt;&lt;\/p&gt; &lt;p align=&quot;left&quot;&gt;&lt;span style=&quot;font-family: Times New Roman, serif;&quot;&gt;&lt;span style=&quot;font-size: small;&quot;&gt;&lt;b&gt;Alexandra Gschiel&lt;\/b&gt;&lt;\/span&gt;&lt;\/span&gt;&lt;span style=&quot;font-family: Times New Roman, serif;&quot;&gt;&lt;span style=&quot;font-size: small;&quot;&gt; (\u00d6sterreich) wurde in klassischer Fotografie ausgebildet und arbeitet medien\u00fcbergreifend mit Fotografie, Video, Installation, Skulptur und Textilien. Ihre Arbeiten wurden in \u00d6sterreich, Lettland, Griechenland, Schweden, Gro\u00dfbritannien und Kuba gezeigt. Sie war am Schaumbad \u2013 Freies Atelierhaus Graz sowie bei KiG! \u2013 Kultur in Graz t\u00e4tig. &lt;\/span&gt;&lt;\/span&gt;&lt;a href=&quot;https:\/\/alexandra-gschiel.at\/&quot;&gt;&lt;span style=&quot;color: #1155cc;&quot;&gt;&lt;span style=&quot;font-family: Times New Roman, serif;&quot;&gt;&lt;span style=&quot;font-size: small;&quot;&gt;&lt;u&gt;https:\/\/alexandra-gschiel.at\/&lt;\/u&gt;&lt;\/span&gt;&lt;\/span&gt;&lt;\/span&gt;&lt;\/a&gt;&lt;\/p&gt; &lt;p&gt;&nbsp;&lt;\/p&gt; &lt;p align=&quot;left&quot;&gt;&lt;span style=&quot;font-family: Times New Roman, serif;&quot;&gt;&lt;span style=&quot;font-size: small;&quot;&gt;&lt;i&gt;Turn&lt;\/i&gt; is a participatory hybrid performance that explores and reflects on solidarity, engagement and future desires using mirrors, text, sounds and resonances.&lt;\/span&gt;&lt;\/span&gt;&lt;\/p&gt; &lt;p align=&quot;left&quot;&gt;&lt;span style=&quot;font-family: Times New Roman, serif;&quot;&gt;&lt;span style=&quot;font-size: small;&quot;&gt;&lt;i&gt;What do you turn away from? Who do you turn to? What turns you on?&lt;\/i&gt;&lt;\/span&gt;&lt;\/span&gt;&lt;\/p&gt; &lt;p align=&quot;left&quot;&gt;&lt;span style=&quot;font-family: Times New Roman, serif;&quot;&gt;&lt;span style=&quot;font-size: small;&quot;&gt;Asked in the context of contemporary social, environmental and political crises, these questions frame the performance. Audience members in the theatre and online are invited to respond in real time via UpStage, co-authoring the performance as it unfolds. The physical and online spaces are interwoven, with audience members in both spaces merging with the performers to form a temporary community, collaboratively reflecting on the &lt;\/span&gt;&lt;\/span&gt;&lt;span style=&quot;font-family: Times New Roman, serif;&quot;&gt;&lt;span style=&quot;font-size: small;&quot;&gt;questions to imagine and express new narratives.&lt;\/span&gt;&lt;\/span&gt;&lt;\/p&gt; &lt;p align=&quot;left&quot;&gt;&lt;span style=&quot;font-family: Times New Roman, serif;&quot;&gt;&lt;span style=&quot;font-size: small;&quot;&gt;&lt;strong&gt;Sprache:&lt;\/strong&gt; &lt;\/span&gt;&lt;\/span&gt;&lt;span style=&quot;font-family: Times New Roman, serif;&quot;&gt;&lt;span style=&quot;font-size: small;&quot;&gt;English, German &amp; other languages through audience input&lt;\/span&gt;&lt;\/span&gt;&lt;\/p&gt; &lt;p align=&quot;left&quot;&gt;&lt;span style=&quot;font-family: Times New Roman, serif;&quot;&gt;&lt;span style=&quot;font-size: small;&quot;&gt;&lt;b&gt;Biographies: &lt;\/b&gt;&lt;\/span&gt;&lt;\/span&gt;&lt;\/p&gt; &lt;p align=&quot;left&quot;&gt;&lt;span style=&quot;font-family: Times New Roman, serif;&quot;&gt;&lt;span style=&quot;font-size: small;&quot;&gt;&lt;b&gt;Helen Varley Jamieson&lt;\/b&gt;&lt;\/span&gt;&lt;\/span&gt;&lt;span style=&quot;font-family: Times New Roman, serif;&quot;&gt;&lt;span style=&quot;font-size: small;&quot;&gt; (Germany\/New Zealand) is a digital artist, writer, theatre practitioner and producer from Aotearoa New Zealand. Her artistic work includes cyberformance, digital installations, playwriting and various collaborations. She is the \u201cWeb Queen\u201d of the Magdalena Project and founder of Magdalena M\u00fcnchen. &lt;\/span&gt;&lt;\/span&gt;&lt;a href=&quot;https:\/\/www.creative-catalyst.com\/&quot;&gt;&lt;span style=&quot;color: #1155cc;&quot;&gt;&lt;span style=&quot;font-family: Times New Roman, serif;&quot;&gt;&lt;span style=&quot;font-size: small;&quot;&gt;&lt;u&gt;https:\/\/www.creative-catalyst.com\/&lt;\/u&gt;&lt;\/span&gt;&lt;\/span&gt;&lt;\/span&gt;&lt;\/a&gt;&lt;\/p&gt; &lt;p align=&quot;left&quot;&gt;&lt;span style=&quot;font-family: Times New Roman, serif;&quot;&gt;&lt;span style=&quot;font-size: small;&quot;&gt;&lt;b&gt;Eva Ursprung&lt;\/b&gt;&lt;\/span&gt;&lt;\/span&gt;&lt;span style=&quot;font-family: Times New Roman, serif;&quot;&gt;&lt;span style=&quot;font-size: small;&quot;&gt; (Austria) is an artist and curator based in Vienna. Her work encompasses installations, performances, video art, sound works, and interventions in public, electronic, and social spaces. Since 2009 she has been collaborating with Helen Varley Jamieson through &lt;\/span&gt;&lt;\/span&gt;&lt;span style=&quot;font-family: Times New Roman, serif;&quot;&gt;&lt;span style=&quot;font-size: small;&quot;&gt;&lt;i&gt;UpStage,&lt;\/i&gt;&lt;\/span&gt;&lt;\/span&gt;&lt;span style=&quot;font-family: Times New Roman, serif;&quot;&gt;&lt;span style=&quot;font-size: small;&quot;&gt; a cyberformance platform and global community of artists. &lt;\/span&gt;&lt;\/span&gt;&lt;a href=&quot;https:\/\/ursprung.mur.at\/&quot;&gt;&lt;span style=&quot;color: #1155cc;&quot;&gt;&lt;span style=&quot;font-family: Times New Roman, serif;&quot;&gt;&lt;span style=&quot;font-size: small;&quot;&gt;&lt;u&gt;https:\/\/ursprung.mur.at\/&lt;\/u&gt;&lt;\/span&gt;&lt;\/span&gt;&lt;\/span&gt;&lt;\/a&gt;&lt;\/p&gt; &lt;p align=&quot;left&quot;&gt;&lt;span style=&quot;font-family: Times New Roman, serif;&quot;&gt;&lt;span style=&quot;font-size: small;&quot;&gt;&lt;b&gt;Alexandra Gschiel&lt;\/b&gt;&lt;\/span&gt;&lt;\/span&gt;&lt;span style=&quot;font-family: Times New Roman, serif;&quot;&gt;&lt;span style=&quot;font-size: small;&quot;&gt; (Austria) trained in classical photography and works across media with photography, video, installation, sculpture and textiles. Her work has been shown in Austria, Latvia, Greece, Sweden, the UK and Cuba. She has worked at Schaumbad \u2013 Freies Atelierhaus Graz and at KiG! \u2013 Kultur in Graz. &lt;\/span&gt;&lt;\/span&gt;&lt;a href=&quot;https:\/\/alexandra-gschiel.at\/&quot;&gt;&lt;span style=&quot;color: #1155cc;&quot;&gt;&lt;span style=&quot;font-family: Times New Roman, serif;&quot;&gt;&lt;span style=&quot;font-size: small;&quot;&gt;&lt;u&gt;https:\/\/alexandra-gschiel.at\/&lt;\/u&gt;&lt;\/span&gt;&lt;\/span&gt;&lt;\/span&gt;&lt;\/a&gt;&lt;\/p&gt; \",\r\n            \"image\": \"https:\/\/iftf-frankfurt.com\/wp-content\/uploads\/sites\/2\/Turn_EvaUrsprung.jpg\",\r\n            \"name\": \"Turn\",\r\n            \"url\": \"https:\/\/iftf-frankfurt.com\/en\/events\/turn\/\"\r\n        }\r\n        <\/script>\r\n                            <article  data-href=\"https:\/\/iftf-frankfurt.com\/en\/events\/turn\/\" data-target=\"m1\" style=\"background:#e23c95 url('https:\/\/iftf-frankfurt.com\/wp-content\/uploads\/sites\/2\/Turn_EvaUrsprung-300x400.jpg')\" class=\" mec-event-article mec-tile-item  mec-clear   \">\r\n                                                                        <div class=\"event-tile-view-head clearfix\">\r\n                                                            <div class=\"mec-event-month\"><span class=\"mec-start-date-label\" itemprop=\"startDate\">18 Sep<\/span><\/div>\r\n                                                        <div class=\"mec-event-time\"><i class=\"mec-sl-clock\"><\/i>19:30<\/div>\r\n                        <\/div>\r\n                        <div class=\"mec-event-content\" data-target=\"m1\" data-event-id=\"26593\">\r\n                            <a href=\"https:\/\/iftf-frankfurt.com\/en\/events\/turn\/\" target=\"m1\" class=\"mec-tile-into-content-link\"><\/a>                            <div class=\"mec-tile-event-content\">\r\n                                <div class=\"mec-event-detail\">\r\n                                                                                                            <span class=\"mec-event-loc-place\"><i class=\"mec-sl-location-pin\"><\/i>INDOOR STAGE PROTAGON<\/span>                                                                    <\/div>\r\n                                                                <h4 class=\"mec-event-title\"><a class=\"mec-color-hover\"  data-event-id=\"26593\" href=\"https:\/\/iftf-frankfurt.com\/en\/events\/turn\/\" target=\"m1\" rel=\"noopener\">Turn<\/a><\/h4>\r\n                                                            <\/div>\r\n                        <\/div>\r\n                    <\/article>\r\n                <\/div>            <div class=\"col-md-4 col-sm-4\">        <script type=\"application\/ld+json\">\r\n        {\r\n            \"@context\": \"http:\/\/schema.org\",\r\n            \"@type\": \"Event\",\r\n            \"eventStatus\": \"https:\/\/schema.org\/EventScheduled\",\r\n            \"startDate\": \"2026-09-18\",\r\n            \"endDate\": \"2026-09-18\",\r\n            \"eventAttendanceMode\": \"https:\/\/schema.org\/OfflineEventAttendanceMode\",\r\n            \"location\":\r\n            {\r\n                \"@type\": \"Place\",\r\n                                \"name\": \"FOYER INDOOR B\u00dcHNE\",\r\n                \"image\": \"\",\r\n                \"address\": \"PROTAGON CULTURAL CENTRE \u2013 Orber Stra\u00dfe 57, 60386 Frankfurt am Main\"\r\n                            },\r\n            \"organizer\":\r\n            {\r\n                \"@type\": \"Person\",\r\n                \"name\": \"\",\r\n                \"url\": \"\"\r\n            },\r\n            \"offers\":\r\n            {\r\n                \"url\": \"https:\/\/iftf-frankfurt.com\/en\/events\/the-shadow-principle-or-you-are-everything\/\",\r\n                \"price\": \"\",\r\n                \"priceCurrency\": \"USD\",\r\n                \"availability\": \"https:\/\/schema.org\/InStock\",\r\n                \"validFrom\": \"2026-09-18T00:00\"\r\n            },\r\n            \"performer\": \"\",\r\n            \"description\": \"&lt;p align=&quot;left&quot;&gt;&lt;span style=&quot;font-family: Times New Roman, serif;&quot;&gt;&lt;span style=&quot;font-size: small;&quot;&gt;Leona Knobel&lt;\/span&gt;&lt;\/span&gt;&lt;\/p&gt; &lt;p align=&quot;left&quot;&gt;&lt;span style=&quot;font-family: Times New Roman, serif;&quot;&gt;&lt;span style=&quot;font-size: small;&quot;&gt;In der interaktiven Tanzperformance nimmt die T\u00e4nzerin uns mit auf einen unterhaltsame wie &lt;\/span&gt;&lt;\/span&gt;&lt;span style=&quot;font-family: Times New Roman, serif;&quot;&gt;&lt;span style=&quot;font-size: small;&quot;&gt;auch tiefgr\u00fcndige Reise durch verschiedene Musikgenres und Tanzstile bis hin zu den eigenen &lt;\/span&gt;&lt;\/span&gt;&lt;span style=&quot;font-family: Times New Roman, serif;&quot;&gt;&lt;span style=&quot;font-size: small;&quot;&gt;Schattenseiten. Sie zeigt, dass das, was wir oft am meisten ablehnen vielleicht selbst am &lt;\/span&gt;&lt;\/span&gt;&lt;span style=&quot;font-family: Times New Roman, serif;&quot;&gt;&lt;span style=&quot;font-size: small;&quot;&gt;Tiefsten in uns steckt. Wie wir vom Verurteilen von Anderen hin zur Integration eigener ungelebter &lt;\/span&gt;&lt;\/span&gt;&lt;span style=&quot;font-family: Times New Roman, serif;&quot;&gt;&lt;span style=&quot;font-size: small;&quot;&gt;Anteile kommen k\u00f6nnen. &lt;\/span&gt;&lt;\/span&gt;&lt;span style=&quot;font-family: Times New Roman, serif;&quot;&gt;&lt;span style=&quot;font-size: small;&quot;&gt;Kommt mit auf die Reise von Schlagerkindheit \u00fcber Rock-Jugend bis hin zu Techno-Leben, von &lt;\/span&gt;&lt;\/span&gt;&lt;span style=&quot;font-family: Times New Roman, serif;&quot;&gt;&lt;span style=&quot;font-size: small;&quot;&gt;Hawaiihemd \u00fcber Ballett-Tutu bis hin zu Raver-Brille. Mal leise und Mal laut. Pers\u00f6nlich, &lt;\/span&gt;&lt;\/span&gt;&lt;span style=&quot;font-family: Times New Roman, serif;&quot;&gt;&lt;span style=&quot;font-size: small;&quot;&gt;involvierend &amp; ber\u00fchrend einerseits. Wild, divers &amp; bunt andererseits. Aber vor allem eins: &lt;\/span&gt;&lt;\/span&gt;&lt;span style=&quot;font-family: Times New Roman, serif;&quot;&gt;&lt;span style=&quot;font-size: small;&quot;&gt;Lebendig, &#8217;cause You Are Everything!&#8230;F\u00fcr eine offenere , friedlichere und tolerantere Welt!&lt;\/span&gt;&lt;\/span&gt;&lt;\/p&gt; &lt;p align=&quot;left&quot;&gt;&lt;span style=&quot;font-family: Times New Roman, serif;&quot;&gt;&lt;span style=&quot;font-size: small;&quot;&gt;&lt;strong&gt;Sprache:&lt;\/strong&gt; Englisch, Deutsch&lt;\/span&gt;&lt;\/span&gt;&lt;\/p&gt; &lt;p align=&quot;left&quot;&gt;&lt;span style=&quot;font-family: Times New Roman, serif;&quot;&gt;&lt;span style=&quot;font-size: small;&quot;&gt;&lt;b&gt;Spiel und Regie: &lt;\/b&gt;Leona Knobel &lt;\/span&gt;&lt;\/span&gt;&lt;\/p&gt; &lt;p align=&quot;left&quot;&gt;&lt;span style=&quot;font-family: Times New Roman, serif;&quot;&gt;&lt;span style=&quot;font-size: small;&quot;&gt;&lt;strong&gt;Biographie:&lt;\/strong&gt; Leona Knobel, studierte Gymnasialschullehrerin mit Sport, Deutsch und Philosophie, &lt;\/span&gt;&lt;\/span&gt;&lt;span style=&quot;font-family: Times New Roman, serif;&quot;&gt;&lt;span style=&quot;font-size: small;&quot;&gt;brannte als kreative Seele schon immer f\u00fcr Kleinkunst und Performancekunst. Inspiriert &lt;\/span&gt;&lt;\/span&gt;&lt;span style=&quot;font-family: Times New Roman, serif;&quot;&gt;&lt;span style=&quot;font-size: small;&quot;&gt;von diversen Musikfestivals begann Sie als Jugendliche auf Poetry Slam-B\u00fchnen, erst als &lt;\/span&gt;&lt;\/span&gt;&lt;span style=&quot;font-family: Times New Roman, serif;&quot;&gt;&lt;span style=&quot;font-size: small;&quot;&gt;Poetin, sp\u00e4ter als Moderatorin. 2020 schrieb sie au\u00dferdem ihr essayistisches Buch &lt;\/span&gt;&lt;\/span&gt;&lt;span style=&quot;font-family: Times New Roman, serif;&quot;&gt;&lt;span style=&quot;font-size: small;&quot;&gt;&#8220;Dezemberliche Denkanst\u00f6\u00dfe&#8221;.&lt;\/span&gt;&lt;\/span&gt;&lt;\/p&gt; &lt;p align=&quot;left&quot;&gt;&lt;span style=&quot;font-family: Times New Roman, serif;&quot;&gt;&lt;span style=&quot;font-size: small;&quot;&gt;Im Laufe ihres Sportstudiums und mit zahlreichen Tanz-Kursen und Workshops verschob &lt;\/span&gt;&lt;\/span&gt;&lt;span style=&quot;font-family: Times New Roman, serif;&quot;&gt;&lt;span style=&quot;font-size: small;&quot;&gt;sich der Schwerpunkt, auch mit Eintritt in die Akrobatik-Szene, von Wort- zur K\u00f6rperkunst. &lt;\/span&gt;&lt;\/span&gt;&lt;span style=&quot;font-family: Times New Roman, serif;&quot;&gt;&lt;span style=&quot;font-size: small;&quot;&gt;Sie war jahrelang Tanztrainerin einer Tanztheater-Gruppe in Kassel, organisierte sich im &lt;\/span&gt;&lt;\/span&gt;&lt;span style=&quot;font-family: Times New Roman, serif;&quot;&gt;&lt;span style=&quot;font-size: small;&quot;&gt;Kunst-Kollektiv dort, welches von Musik Jams bis Modenshows breit aufgestellt war. &lt;\/span&gt;&lt;\/span&gt;&lt;span style=&quot;font-family: Times New Roman, serif;&quot;&gt;&lt;span style=&quot;font-size: small;&quot;&gt;Aktuell moderiert sie am liebsten gro\u00dfe Akrobatik Gala Shows und unterrichtet Akro-Yoga &lt;\/span&gt;&lt;\/span&gt;&lt;span style=&quot;font-family: Times New Roman, serif;&quot;&gt;&lt;span style=&quot;font-size: small;&quot;&gt;und Acro-Dance auf Festivals.&lt;\/span&gt;&lt;\/span&gt;&lt;\/p&gt; &lt;p align=&quot;left&quot;&gt;&lt;span style=&quot;font-family: Times New Roman, serif;&quot;&gt;&lt;span style=&quot;font-size: small;&quot;&gt;Mit YOU ARE EVERYTHING bringt sie erstmals ein Solo-St\u00fcck auf gro\u00dfe B\u00fchnen, in dem sie &lt;\/span&gt;&lt;\/span&gt;&lt;span style=&quot;font-family: Times New Roman, serif;&quot;&gt;&lt;span style=&quot;font-size: small;&quot;&gt;ihre verschiedenen Talente vereint. (Keine perfekte Tanztechnik, aber daf\u00fcr umso mehr &lt;\/span&gt;&lt;\/span&gt;&lt;span style=&quot;font-family: Times New Roman, serif;&quot;&gt;&lt;span style=&quot;font-size: small;&quot;&gt;Herzblut und Storytelling!)&lt;\/span&gt;&lt;\/span&gt;&lt;\/p&gt; &lt;p&gt;&nbsp;&lt;\/p&gt; &lt;p align=&quot;left&quot;&gt;&lt;span style=&quot;font-family: Times New Roman, serif;&quot;&gt;&lt;span style=&quot;font-size: small;&quot;&gt;In this interactive dance performance, the dancer takes us on a journey\u2014at once entertaining and profound\u2014through various musical genres and dance styles, all the way to our own shadow sides. She reveals that what we often reject most vehemently may actually lie deepest within us, and shows how we can move from judging others to integrating our own unlived aspects. Join the journey: from a childhood of *Schlager* music to a youth spent in the rock scene and a life immersed in techno; from Hawaiian shirts and ballet tutus to raver shades. Sometimes quiet, sometimes loud. Personal, engaging, and moving on the one hand; wild, diverse, and colorful on the other. But above all, one thing: alive\u2014&#8217;cause You Are Everything! &#8230;For a more open, peaceful, and tolerant world&lt;\/span&gt;&lt;\/span&gt;&lt;span style=&quot;font-family: Times New Roman, serif;&quot;&gt;&lt;span style=&quot;font-size: small;&quot;&gt;!&lt;\/span&gt;&lt;\/span&gt;&lt;\/p&gt; &lt;p align=&quot;left&quot;&gt;&lt;span style=&quot;font-family: Times New Roman, serif;&quot;&gt;&lt;span style=&quot;font-size: small;&quot;&gt;&lt;strong&gt;Language:&lt;\/strong&gt; English, German&lt;\/span&gt;&lt;\/span&gt;&lt;\/p&gt; &lt;p align=&quot;left&quot;&gt;&lt;span style=&quot;font-family: Times New Roman, serif;&quot;&gt;&lt;span style=&quot;font-size: small;&quot;&gt;&lt;b&gt;Performance and Director: &lt;\/b&gt;Leona Knobel &lt;\/span&gt;&lt;\/span&gt;&lt;\/p&gt; &lt;p align=&quot;left&quot;&gt;&lt;span style=&quot;font-family: Times New Roman, serif;&quot;&gt;&lt;span style=&quot;font-size: small;&quot;&gt;&lt;strong&gt;Biography:&lt;\/strong&gt; Lona Knobel\u2014a qualified secondary school teacher specializing in PE, German, and philosophy\u2014is a creative soul who has always been passionate about cabaret and performance art. Inspired by various music festivals, she started out on the poetry slam circuit as a teenager, performing first as a poet and later as a host. In 2020, she also authored a book of essays titled *Dezemberliche Denkanst\u00f6\u00dfe* (December Food for Thought).&lt;\/span&gt;&lt;\/span&gt;&lt;\/p&gt; &lt;p align=&quot;left&quot;&gt;&lt;span style=&quot;font-family: Times New Roman, serif;&quot;&gt;&lt;span style=&quot;font-size: small;&quot;&gt;Over the course of her sports studies\u2014and through numerous dance classes and workshops\u2014her focus shifted from the spoken word to physical art, a transition further fueled by her entry into the acrobatics scene. For years, she worked as a dance instructor for a dance-theater troupe in Kassel and was active in a local arts collective that produced everything from music jams to fashion shows. Currently, she primarily hosts large-scale acrobatics galas and teaches Acro-Yoga and Acro-Dance at festivals.&lt;\/span&gt;&lt;\/span&gt;&lt;\/p&gt; &lt;p align=&quot;left&quot;&gt;&lt;span style=&quot;font-family: Times New Roman, serif;&quot;&gt;&lt;span style=&quot;font-size: small;&quot;&gt;With *YOU ARE EVERYTHING*, she is bringing a solo piece to major stages for the first time, uniting her diverse talents. (It may not feature perfect dance technique, but it is brimming with heart and storytelling!)&lt;\/span&gt;&lt;\/span&gt;&lt;\/p&gt; \",\r\n            \"image\": \"https:\/\/iftf-frankfurt.com\/wp-content\/uploads\/sites\/2\/thumbnail-5.jpeg\",\r\n            \"name\": \"&#8220;The Shadow Principle&#8221; or: &#8220;You Are Everything!&#8221;\",\r\n            \"url\": \"https:\/\/iftf-frankfurt.com\/en\/events\/the-shadow-principle-or-you-are-everything\/\"\r\n        }\r\n        <\/script>\r\n                            <article  data-href=\"https:\/\/iftf-frankfurt.com\/en\/events\/the-shadow-principle-or-you-are-everything\/\" data-target=\"m1\" style=\"background:#e23c95 url('https:\/\/iftf-frankfurt.com\/wp-content\/uploads\/sites\/2\/thumbnail-5-300x400.jpeg')\" class=\" mec-event-article mec-tile-item  mec-clear   \">\r\n                                                                        <div class=\"event-tile-view-head clearfix\">\r\n                                                            <div class=\"mec-event-month\"><span class=\"mec-start-date-label\" itemprop=\"startDate\">18 Sep<\/span><\/div>\r\n                                                        <div class=\"mec-event-time\"><i class=\"mec-sl-clock\"><\/i>20:15<\/div>\r\n                        <\/div>\r\n                        <div class=\"mec-event-content\" data-target=\"m1\" data-event-id=\"26598\">\r\n                            <a href=\"https:\/\/iftf-frankfurt.com\/en\/events\/the-shadow-principle-or-you-are-everything\/\" target=\"m1\" class=\"mec-tile-into-content-link\"><\/a>                            <div class=\"mec-tile-event-content\">\r\n                                <div class=\"mec-event-detail\">\r\n                                                                                                            <span class=\"mec-event-loc-place\"><i class=\"mec-sl-location-pin\"><\/i>FOYER INDOOR B\u00dcHNE<\/span>                                                                    <\/div>\r\n                                                                <h4 class=\"mec-event-title\"><a class=\"mec-color-hover\"  data-event-id=\"26598\" href=\"https:\/\/iftf-frankfurt.com\/en\/events\/the-shadow-principle-or-you-are-everything\/\" target=\"m1\" rel=\"noopener\">&#8220;The Shadow Principle&#8221; or: &#8220;You Are Everything!&#8221;<\/a><\/h4>\r\n                                                            <\/div>\r\n                        <\/div>\r\n                    <\/article>\r\n                <\/div><\/div>            <div class=\"row\"><div class=\"col-md-4 col-sm-4\">        <script type=\"application\/ld+json\">\r\n        {\r\n            \"@context\": \"http:\/\/schema.org\",\r\n            \"@type\": \"Event\",\r\n            \"eventStatus\": \"https:\/\/schema.org\/EventScheduled\",\r\n            \"startDate\": \"2026-09-18\",\r\n            \"endDate\": \"2026-09-18\",\r\n            \"eventAttendanceMode\": \"https:\/\/schema.org\/OfflineEventAttendanceMode\",\r\n            \"location\":\r\n            {\r\n                \"@type\": \"Place\",\r\n                                \"name\": \"OUTDOOR B\u00dcHNE PROTAGON\",\r\n                \"image\": \"\",\r\n                \"address\": \"PROTAGON CULTURAL CENTRE \u2013 Orber Stra\u00dfe 57, 60386 Frankfurt am Main\"\r\n                            },\r\n            \"organizer\":\r\n            {\r\n                \"@type\": \"Person\",\r\n                \"name\": \"\",\r\n                \"url\": \"\"\r\n            },\r\n            \"offers\":\r\n            {\r\n                \"url\": \"https:\/\/iftf-frankfurt.com\/en\/events\/farra\/\",\r\n                \"price\": \"\",\r\n                \"priceCurrency\": \"USD\",\r\n                \"availability\": \"https:\/\/schema.org\/InStock\",\r\n                \"validFrom\": \"2026-09-18T00:00\"\r\n            },\r\n            \"performer\": \"\",\r\n            \"description\": \"&lt;p align=&quot;left&quot;&gt;&lt;span style=&quot;font-family: Times New Roman, serif;&quot;&gt;&lt;span style=&quot;font-size: small;&quot;&gt;DANZANK\u00d3 Collective&lt;\/span&gt;&lt;\/span&gt;&lt;\/p&gt; &lt;p align=&quot;left&quot;&gt;&lt;span style=&quot;font-size: small;&quot;&gt;&#8220;ENG below&#8221;&lt;\/span&gt;&lt;\/p&gt; &lt;p align=&quot;left&quot;&gt;&lt;span style=&quot;font-family: Times New Roman, serif;&quot;&gt;&lt;span style=&quot;font-size: small;&quot;&gt;Mittels eindrucksvoller Stelzenchoreografien und einer ordentlichen Prise Komik &lt;\/span&gt;&lt;\/span&gt;&lt;span style=&quot;font-family: Times New Roman, serif;&quot;&gt;&lt;span style=&quot;font-size: small;&quot;&gt;pr\u00e4sentiert das DANZANK\u00d3 Collective FARRA ein Tanzst\u00fcck \u00fcber das Frausein in all &lt;\/span&gt;&lt;\/span&gt;&lt;span style=&quot;font-family: Times New Roman, serif;&quot;&gt;&lt;span style=&quot;font-size: small;&quot;&gt;seiner Vielfalt. Drei T\u00e4nzerinnen schl\u00fcpfen in verschiedene Rollen, \u00fcberzeichnen sie, &lt;\/span&gt;&lt;\/span&gt;&lt;span style=&quot;font-family: Times New Roman, serif;&quot;&gt;&lt;span style=&quot;font-size: small;&quot;&gt;nehmen sie auseinander und interpretieren sie neu. Was als Selbstparodie beginnt, &lt;\/span&gt;&lt;\/span&gt;&lt;span style=&quot;font-family: Times New Roman, serif;&quot;&gt;&lt;span style=&quot;font-size: small;&quot;&gt;entfaltet sich zu einer sprudelnden Reise voller Widerspr\u00fcche, bei der St\u00e4rke auf Sanftheit &lt;\/span&gt;&lt;\/span&gt;&lt;span style=&quot;font-family: Times New Roman, serif;&quot;&gt;&lt;span style=&quot;font-size: small;&quot;&gt;und Satire auf Aufrichtigkeit trifft. FARRA feiert die Vielfalt weiblicher Identit\u00e4ten und stellt klar: &lt;\/span&gt;&lt;\/span&gt;&lt;span style=&quot;font-family: Times New Roman, serif;&quot;&gt;&lt;span style=&quot;font-size: small;&quot;&gt;(Wir) Frauen d\u00fcrfen vielseitig sein \u2013 kraftvoll, zart, laut, leise und widerspr\u00fcchlich. Das &lt;\/span&gt;&lt;\/span&gt;&lt;span style=&quot;font-family: Times New Roman, serif;&quot;&gt;&lt;span style=&quot;font-size: small;&quot;&gt;Ergebnis: eine freche, erm\u00e4chtigende Ode an die Weiblichkeit und an die beschwingte &lt;\/span&gt;&lt;\/span&gt;&lt;span style=&quot;font-family: Times New Roman, serif;&quot;&gt;&lt;span style=&quot;font-size: small;&quot;&gt;Komplexit\u00e4t der menschlichen Existenz.&lt;\/span&gt;&lt;\/span&gt;&lt;\/p&gt; &lt;p align=&quot;left&quot;&gt;&lt;span style=&quot;font-family: Times New Roman, serif;&quot;&gt;&lt;span style=&quot;font-size: small;&quot;&gt;&lt;strong&gt;Sprache:&lt;\/strong&gt; Deutsch, Englisch und Spanisch&lt;\/span&gt;&lt;\/span&gt;&lt;\/p&gt; &lt;p align=&quot;left&quot;&gt;&lt;span style=&quot;font-family: Times New Roman, serif;&quot;&gt;&lt;span style=&quot;font-size: small;&quot;&gt;&lt;strong&gt;Konzept, Choreografie &amp; Performance&lt;\/strong&gt;: Esther Geyer, Clara Gracia &amp; Anna Vilhelmiina &lt;\/span&gt;&lt;\/span&gt;&lt;span style=&quot;font-family: Times New Roman, serif;&quot;&gt;&lt;span style=&quot;font-size: small;&quot;&gt;Peltola&lt;\/span&gt;&lt;\/span&gt;&lt;\/p&gt; &lt;p align=&quot;left&quot;&gt;&lt;span style=&quot;font-family: Times New Roman, serif;&quot;&gt;&lt;span style=&quot;font-size: small;&quot;&gt;&lt;strong&gt;Musik:&lt;\/strong&gt; Juli\u00e1n Blanco&lt;\/span&gt;&lt;\/span&gt;&lt;\/p&gt; &lt;p align=&quot;left&quot;&gt;&lt;span style=&quot;font-family: Times New Roman, serif;&quot;&gt;&lt;span style=&quot;font-size: small;&quot;&gt;&lt;strong&gt;Kost\u00fcme:&lt;\/strong&gt; DANZANK\u00d3 Collective&lt;\/span&gt;&lt;\/span&gt;&lt;\/p&gt; &lt;p align=&quot;left&quot;&gt;&lt;b&gt;Website\/IG\/FB: &lt;\/b&gt;&lt;a href=&quot;https:\/\/danzanko.com\/&quot;&gt;https:\/\/danzanko.com&lt;\/a&gt; \/  &lt;a href=&quot;https:\/\/www.instagram.com\/danzanko.collective&quot;&gt;@danzanko.collective&lt;\/a&gt;  \/ &lt;a href=&quot;https:\/\/www.facebook.com\/61558743982422&quot;&gt;FB&lt;\/a&gt;&lt;\/p&gt; &lt;p align=&quot;left&quot;&gt;&lt;span style=&quot;font-family: Times New Roman, serif;&quot;&gt;&lt;span style=&quot;font-size: small;&quot;&gt;&lt;strong&gt;Biographie:&lt;\/strong&gt; Das Stelzen-Tanz-Kollektiv DANZANK\u00d3 wurde von Esther Geyer (DE\/ES), Clara Gracia &lt;\/span&gt;&lt;\/span&gt;&lt;span style=&quot;font-family: Times New Roman, serif;&quot;&gt;&lt;span style=&quot;font-size: small;&quot;&gt;(ES) und Anna Vilhelmiina Peltola (FIN) im Jahr 2020 gegr\u00fcndet. &lt;\/span&gt;&lt;\/span&gt;&lt;span style=&quot;font-family: Times New Roman, serif;&quot;&gt;&lt;span style=&quot;font-size: small;&quot;&gt;Die drei Performerinnen arbeiten seit vielen Jahren im zeitgen\u00f6ssischen Tanz sowie im &lt;\/span&gt;&lt;\/span&gt;&lt;span style=&quot;font-family: Times New Roman, serif;&quot;&gt;&lt;span style=&quot;font-size: small;&quot;&gt;Stra\u00dfen- und ortsspezifischen Theater \u2013 mit und ohne Stelzen. Sie verbindet die Freude &lt;\/span&gt;&lt;\/span&gt;&lt;span style=&quot;font-family: Times New Roman, serif;&quot;&gt;&lt;span style=&quot;font-size: small;&quot;&gt;am Stelzentanz und das Anliegen, diese Ausdrucksform einem breiteren Publikum &lt;\/span&gt;&lt;\/span&gt;&lt;span style=&quot;font-family: Times New Roman, serif;&quot;&gt;&lt;span style=&quot;font-size: small;&quot;&gt;zug\u00e4nglich zu machen. Im \u00f6ffentlichen Raum \u00f6ffnen sie Situationen, in denen &lt;\/span&gt;&lt;\/span&gt;&lt;span style=&quot;font-family: Times New Roman, serif;&quot;&gt;&lt;span style=&quot;font-size: small;&quot;&gt;Begegnungen zwischen Performerinnen und Publikum freier und unmittelbarer werden. &lt;\/span&gt;&lt;\/span&gt;&lt;span style=&quot;font-family: Times New Roman, serif;&quot;&gt;&lt;span style=&quot;font-size: small;&quot;&gt;Ihre Deb\u00fct-Performance DisTouched hatte 2022 auf artspace Bremerhaven Premiere und &lt;\/span&gt;&lt;\/span&gt;&lt;span style=&quot;font-family: Times New Roman, serif;&quot;&gt;&lt;span style=&quot;font-size: small;&quot;&gt;tourt seither auf internationalen Festivals.&lt;\/span&gt;&lt;\/span&gt;&lt;\/p&gt; &lt;p align=&quot;left&quot;&gt;&lt;span style=&quot;font-family: Times New Roman, serif;&quot;&gt;&lt;span style=&quot;font-size: small;&quot;&gt;Mit FARRA pr\u00e4sentiert das DANZANK\u00d3 Collective seine neue Produktion, die auf dem &lt;\/span&gt;&lt;\/span&gt;&lt;span style=&quot;font-family: Times New Roman, serif;&quot;&gt;&lt;span style=&quot;font-size: small;&quot;&gt;Internationalen Frauentheaterfestival Premiere feiert.&lt;\/span&gt;&lt;\/span&gt;&lt;\/p&gt; &lt;p&gt;&nbsp;&lt;\/p&gt; &lt;p align=&quot;left&quot;&gt;&lt;span style=&quot;font-family: Times New Roman, serif;&quot;&gt;&lt;span style=&quot;font-size: small;&quot;&gt;Through striking stilt choreography and a healthy dose of comedy, the DANZANK\u00d3 Collective presents *FARRA*\u2014a dance piece exploring the multifaceted nature of womanhood. Three dancers slip into various roles, exaggerating, deconstructing, and reinterpreting them. What begins as self-parody unfolds into a spirited journey full of contradictions, where strength meets softness and satire meets sincerity. *FARRA* celebrates the diversity of female identities and makes one thing clear: (We) women are allowed to be multifaceted\u2014powerful, tender, loud, quiet, and full of contradictions. The result is a bold, empowering ode to womanhood and the lively complexity of human existence&lt;\/span&gt;&lt;\/span&gt;&lt;span style=&quot;font-family: Times New Roman, serif;&quot;&gt;&lt;span style=&quot;font-size: small;&quot;&gt;.&lt;\/span&gt;&lt;\/span&gt;&lt;\/p&gt; &lt;p align=&quot;left&quot;&gt;&lt;span style=&quot;font-family: Times New Roman, serif;&quot;&gt;&lt;span style=&quot;font-size: small;&quot;&gt;&lt;b&gt;Language: &lt;\/b&gt;German, English, Spanish&lt;\/span&gt;&lt;\/span&gt;&lt;\/p&gt; &lt;p align=&quot;left&quot;&gt;&lt;span style=&quot;font-family: Times New Roman, serif;&quot;&gt;&lt;span style=&quot;font-size: small;&quot;&gt;&lt;strong&gt;Concept, Choreografy &amp; Performance:&lt;\/strong&gt; Esther Geyer, Clara Gracia &amp; Anna Vilhelmiina Peltola&lt;\/span&gt;&lt;\/span&gt;&lt;\/p&gt; &lt;p align=&quot;left&quot;&gt;&lt;span style=&quot;font-family: Times New Roman, serif;&quot;&gt;&lt;span style=&quot;font-size: small;&quot;&gt;&lt;strong&gt;Music:&lt;\/strong&gt; Juli\u00e1n Blanco&lt;\/span&gt;&lt;\/span&gt;&lt;\/p&gt; &lt;p align=&quot;left&quot;&gt;&lt;span style=&quot;font-family: Times New Roman, serif;&quot;&gt;&lt;span style=&quot;font-size: small;&quot;&gt;&lt;strong&gt;Costumes:&lt;\/strong&gt; DANZANK\u00d3 Collective&lt;\/span&gt;&lt;\/span&gt;&lt;\/p&gt; &lt;p align=&quot;left&quot;&gt;&lt;span style=&quot;font-family: Times New Roman, serif;&quot;&gt;&lt;span style=&quot;font-size: small;&quot;&gt;&lt;b&gt;Website\/IG\/FB: &lt;\/b&gt;&lt;a href=&quot;https:\/\/danzanko.com&quot;&gt;https:\/\/danzanko.com&lt;\/a&gt; \/  &lt;\/span&gt;&lt;\/span&gt;&lt;span style=&quot;font-family: Times New Roman, serif;&quot;&gt;&lt;span style=&quot;font-size: small;&quot;&gt;&lt;a href=&quot;https:\/\/www.instagram.com\/danzanko.collective&quot;&gt;@danzanko.collective&lt;\/a&gt;  \/ &lt;\/span&gt;&lt;\/span&gt;&lt;a href=&quot;https:\/\/www.facebook.com\/61558743982422&quot;&gt;&lt;span style=&quot;font-family: Times New Roman, serif;&quot;&gt;&lt;span style=&quot;font-size: small;&quot;&gt;FB&lt;\/span&gt;&lt;\/span&gt;&lt;\/a&gt;&lt;\/p&gt; &lt;p align=&quot;left&quot;&gt;&lt;span style=&quot;font-family: Times New Roman, serif;&quot;&gt;&lt;span style=&quot;font-size: small;&quot;&gt;&lt;strong&gt;Biography:&lt;\/strong&gt; The stilt-dance collective DANZANK\u00d3 was founded in 2020 by Esther Geyer (DE\/ES), Clara Gracia (ES), and Anna Vilhelmiina Peltola (FIN). The three performers have years of experience in contemporary dance as well as street and site-specific theater\u2014working both with and without stilts. They are united by a shared joy in stilt dance and a commitment to making this form of expression accessible to a wider audience. In public spaces, they create situations where encounters between performers and the audience become freer and more immediate&lt;\/span&gt;&lt;\/span&gt;&lt;span style=&quot;font-family: Times New Roman, serif;&quot;&gt;&lt;span style=&quot;font-size: small;&quot;&gt;. &lt;\/span&gt;&lt;\/span&gt;&lt;\/p&gt; &lt;p align=&quot;left&quot;&gt;&lt;span style=&quot;font-family: Times New Roman, serif;&quot;&gt;&lt;span style=&quot;font-size: small;&quot;&gt;Their debut performance, DisTouched, premiered at artspace Bremerhaven in 2022 and has since toured at international festivals&lt;\/span&gt;&lt;\/span&gt;&lt;span style=&quot;font-family: Times New Roman, serif;&quot;&gt;&lt;span style=&quot;font-size: small;&quot;&gt;.&lt;\/span&gt;&lt;\/span&gt;&lt;\/p&gt; &lt;p align=&quot;left&quot;&gt;&lt;span style=&quot;font-family: Times New Roman, serif;&quot;&gt;&lt;span style=&quot;font-size: small;&quot;&gt;With FARRA, the DANZANK\u00d3 Collective presents its new production, which is premiering at the International Women&#8217;s Theatre Festival&lt;\/span&gt;&lt;\/span&gt;&lt;span style=&quot;font-family: Times New Roman, serif;&quot;&gt;&lt;span style=&quot;font-size: small;&quot;&gt;t.&lt;\/span&gt;&lt;\/span&gt;&lt;\/p&gt; \",\r\n            \"image\": \"https:\/\/iftf-frankfurt.com\/wp-content\/uploads\/sites\/2\/Farra-\u00a9-Van-Bockstael-Stefaan-40-scaled.jpg\",\r\n            \"name\": \"FARRA\",\r\n            \"url\": \"https:\/\/iftf-frankfurt.com\/en\/events\/farra\/\"\r\n        }\r\n        <\/script>\r\n                            <article  data-href=\"https:\/\/iftf-frankfurt.com\/en\/events\/farra\/\" data-target=\"m1\" style=\"background:#e23c95 url('https:\/\/iftf-frankfurt.com\/wp-content\/uploads\/sites\/2\/Farra-\u00a9-Van-Bockstael-Stefaan-40-300x400.jpg')\" class=\" mec-event-article mec-tile-item  mec-clear   \">\r\n                                                                        <div class=\"event-tile-view-head clearfix\">\r\n                                                            <div class=\"mec-event-month\"><span class=\"mec-start-date-label\" itemprop=\"startDate\">18 Sep<\/span><\/div>\r\n                                                        <div class=\"mec-event-time\"><i class=\"mec-sl-clock\"><\/i>21:00<\/div>\r\n                        <\/div>\r\n                        <div class=\"mec-event-content\" data-target=\"m1\" data-event-id=\"26604\">\r\n                            <a href=\"https:\/\/iftf-frankfurt.com\/en\/events\/farra\/\" target=\"m1\" class=\"mec-tile-into-content-link\"><\/a>                            <div class=\"mec-tile-event-content\">\r\n                                <div class=\"mec-event-detail\">\r\n                                                                                                            <span class=\"mec-event-loc-place\"><i class=\"mec-sl-location-pin\"><\/i>OUTDOOR B\u00dcHNE PROTAGON<\/span>                                                                    <\/div>\r\n                                                                <h4 class=\"mec-event-title\"><a class=\"mec-color-hover\"  data-event-id=\"26604\" href=\"https:\/\/iftf-frankfurt.com\/en\/events\/farra\/\" target=\"m1\" rel=\"noopener\">FARRA<\/a><\/h4>\r\n                                                            <\/div>\r\n                        <\/div>\r\n                    <\/article>\r\n                <\/div>            <div class=\"col-md-4 col-sm-4\">        <script type=\"application\/ld+json\">\r\n        {\r\n            \"@context\": \"http:\/\/schema.org\",\r\n            \"@type\": \"Event\",\r\n            \"eventStatus\": \"https:\/\/schema.org\/EventScheduled\",\r\n            \"startDate\": \"2026-09-18\",\r\n            \"endDate\": \"2026-09-18\",\r\n            \"eventAttendanceMode\": \"https:\/\/schema.org\/OfflineEventAttendanceMode\",\r\n            \"location\":\r\n            {\r\n                \"@type\": \"Place\",\r\n                                \"name\": \"FOYER INDOOR B\u00dcHNE\",\r\n                \"image\": \"\",\r\n                \"address\": \"PROTAGON CULTURAL CENTRE \u2013 Orber Stra\u00dfe 57, 60386 Frankfurt am Main\"\r\n                            },\r\n            \"organizer\":\r\n            {\r\n                \"@type\": \"Person\",\r\n                \"name\": \"\",\r\n                \"url\": \"\"\r\n            },\r\n            \"offers\":\r\n            {\r\n                \"url\": \"https:\/\/iftf-frankfurt.com\/en\/events\/share-a-listening-connection\/\",\r\n                \"price\": \"\",\r\n                \"priceCurrency\": \"USD\",\r\n                \"availability\": \"https:\/\/schema.org\/InStock\",\r\n                \"validFrom\": \"2026-09-18T00:00\"\r\n            },\r\n            \"performer\": \"\",\r\n            \"description\": \"&lt;p align=&quot;left&quot;&gt;&lt;span style=&quot;font-family: Times New Roman, serif;&quot;&gt;&lt;span style=&quot;font-size: small;&quot;&gt;Occra &amp; Arrow&lt;\/span&gt;&lt;\/span&gt;&lt;\/p&gt; &lt;p align=&quot;left&quot;&gt;&lt;span style=&quot;font-size: small;&quot;&gt;&#8220;ENG below&#8221;&lt;\/span&gt;&lt;\/p&gt; &lt;p align=&quot;left&quot;&gt;&lt;span style=&quot;font-family: Times New Roman, serif;&quot;&gt;&lt;span style=&quot;font-size: small;&quot;&gt;Occra und Arrow \u00fcberf\u00fchren performative Sprache und lebendiges Archiv in eine elektroakustische Untersuchung. Worte, Gedanken und Farbe bewegen sich durch Klang; Stimme und Sprache werden zu Klangmaterial \u2013 Dub in Dub. Durch Stimme, Elektronik und die Pr\u00e4senz des Raumes er\u00f6ffnet die Arbeit eine partizipative H\u00f6rumgebung, die k\u00f6rperlich und emotional nachhallt. Rassismus, Sexismus, Colorismus, Ungleichheit und algorithmische Macht treten in den Raum ein und verlassen ihn ungel\u00f6st wieder. Es wird wahrnehmbar, wie Verbindung entsteht: durch Timing, Aufmerksamkeit, Unterbrechung und \u00dcberlagerung.&lt;\/span&gt;&lt;\/span&gt;&lt;\/p&gt; &lt;p align=&quot;left&quot;&gt;&lt;span style=&quot;font-family: Times New Roman, serif;&quot;&gt;&lt;span style=&quot;font-size: small;&quot;&gt;Das Publikum steht nicht au\u00dferhalb der Performance: Wir sind ein Kern, jede Pr\u00e4senz ein Knotenpunkt, jeder K\u00f6rper eine Frequenz. Der Raum ist das Instrument, der Algorithmus die Verbindung. Zuh\u00f6ren wird als k\u00f6rperlicher, relationaler Akt verstanden \u2013 nicht als Zustimmung, sondern als Koexistenz: Wo bin ich? Wer spricht, wenn wir aufh\u00f6ren zuzuh\u00f6ren?&lt;\/span&gt;&lt;\/span&gt;&lt;\/p&gt; &lt;p align=&quot;left&quot;&gt;&lt;span style=&quot;font-family: Times New Roman, serif;&quot;&gt;&lt;span style=&quot;font-size: small;&quot;&gt;&lt;strong&gt;Sprache:&lt;\/strong&gt; Englisch, &lt;\/span&gt;&lt;\/span&gt;&lt;span style=&quot;font-family: Times New Roman, serif;&quot;&gt;&lt;span style=&quot;font-size: small;&quot;&gt;Deutsch&lt;\/span&gt;&lt;\/span&gt;&lt;\/p&gt; &lt;p&gt;&lt;span style=&quot;font-family: Times New Roman, serif;&quot;&gt;&lt;span style=&quot;font-size: small;&quot;&gt;&lt;strong&gt;Website:&lt;\/strong&gt;&lt;\/span&gt;&lt;\/span&gt; &lt;a href=&quot;http:\/\/www.jasminetutum.com\/&quot;&gt;&lt;span style=&quot;font-family: Times New Roman, serif;&quot;&gt;&lt;span style=&quot;font-size: small;&quot;&gt;www.jasminetutum.com&lt;\/span&gt;&lt;\/span&gt;&lt;\/a&gt;    &lt;a href=&quot;http:\/\/www.swantjelichtenstein.de\/&quot;&gt;&lt;span style=&quot;font-family: Times New Roman, serif;&quot;&gt;&lt;span style=&quot;font-size: small;&quot;&gt;www.swantjelichtenstein.de&lt;\/span&gt;&lt;\/span&gt;&lt;\/a&gt;&lt;\/p&gt; &lt;p align=&quot;left&quot;&gt;&lt;span style=&quot;font-family: Times New Roman, serif;&quot;&gt;&lt;span style=&quot;font-size: small;&quot;&gt;&lt;strong&gt;Biographie:&lt;\/strong&gt; Jasmine Tutum ist eine transdisziplin\u00e4re K\u00fcnstlerin und freischaffende Kuratorin, die in den Bereichen Fotografie, Performance, Sound, Videoinstallation, Stimme und Text arbeitet. Geboren in Tokio, aufgewachsen in Kingston, Jamaika, und mit Wurzeln in Gabun, lebt und arbeitet sie heute in Freiburg, Deutschland.&lt;\/span&gt;&lt;\/span&gt;&lt;\/p&gt; &lt;p align=&quot;left&quot;&gt;&lt;span style=&quot;font-family: Times New Roman, serif;&quot;&gt;&lt;span style=&quot;font-size: small;&quot;&gt;In ihrer k\u00fcnstlerischen Praxis verbindet sie Fotografie, Performance und Sound, um sich mit Archiven und der Art und Weise auseinanderzusetzen, wie R\u00e4ume Erinnerungen bewahren. Dabei greift sie auf afro-diasporische Geschichte und Schwarze feministische Theorie zur\u00fcck, um zu untersuchen, wie K\u00f6rper ihre eigenen Formen von Geschichte in sich tragen und hervorbringen.&lt;\/span&gt;&lt;\/span&gt;&lt;\/p&gt; &lt;p align=&quot;left&quot;&gt;&lt;span style=&quot;font-family: Times New Roman, serif;&quot;&gt;&lt;span style=&quot;font-size: small;&quot;&gt;Sie schloss einen BFA in Fotografie\/Kunstgeschichte an der Concordia University in Montreal ab und erhielt ein Monbusho-Forschungsstipendium, um Kunstgeschichte an der Kyoto University in Japan zu studieren. 2021 nahm sie als aufstrebende K\u00fcnstlerin an der Regionale 2021 (Deutschland\/Frankreich\/Schweiz) teil und erhielt seitdem mehrere K\u00fcnstlerinnen-, Kultur- und Forschungsstipendien in Deutschland.&lt;\/span&gt;&lt;\/span&gt;&lt;\/p&gt; &lt;p align=&quot;left&quot;&gt;&lt;span style=&quot;font-family: Times New Roman, serif;&quot;&gt;&lt;span style=&quot;font-size: small;&quot;&gt;Swantje Lichtenstein: Geboren in T\u00fcbingen, lebt in Berlin. K\u00fcnstlerin, Musikerin, Moderatorin. Ihre klangliche Arbeit untersucht auf die Verbindungen zwischen Sprache und Musik sowohl auf trans-k\u00fcnstlerische und improvisierte Weise als auch auf konzeptuelle und komponierte Weise. Ihre Arbeit basiert auf dekonstruierten Stimmen, der Kanalisierung von Kl\u00e4ngen und der Schaffung von feministischen, widerst\u00e4ndigen, resonanten, heilenden R\u00e4umen der Verbindung. Lichtenstein promovierte \u00fcber poetische, performative Poesie und ist Professorin f\u00fcr \u00e4sthetische Praxis an der Hochschule Darmstadt. Sie trat weltweit bei verschiedenen Festivals und an verschiedenen Veranstaltungsorten auf, darunter: Heroines of Sound, Radialsystem Berlin, reiheM, K\u00f6ln, Sound-Text-Festival, Issue Project Room\/Goethe-Institut New York, non event\/Goethe-Institut, Boston, Poetic Voices Africa Festival, K\u00f6ln, Sound Eye Festival, Cork, International Poetry Festival, Bukarest, Istanbul, T\u00fcrkei, Guadalajara\/Mexiko-Stadt, Salon de Po\u00e9sie\/Goethe-Institut, European Writers Festival, Eriwan usw. Sie erhielt Preise und Residenzen, unter anderem in Nairs, Schweiz; Istanbul, T\u00fcrkei; Svendborg, D\u00e4nemark; Johannesburg, S\u00fcdafrika; Kefalonia, Griechenland usw.&lt;\/span&gt;&lt;\/span&gt;&lt;\/p&gt; &lt;p&gt;&nbsp;&lt;\/p&gt; &lt;p align=&quot;left&quot;&gt;&lt;span style=&quot;font-family: Times New Roman, serif;&quot;&gt;&lt;span style=&quot;font-size: small;&quot;&gt;Occra and Arrow turn performative language and living archive into electroacoustic inquiry. Words, thought, and colour move through sound; voice and language become sonic material \u2014 dub folded into dub. Through voice, electronics, and the presence of the room, the work opens a participatory listening environment that resonates physically and emotionally. Racism, sexism, colorism, inequality, and algorithmic power enter and leave the space unresolved. What becomes perceptible is how connection is produced \u2014 through timing, attention, interruption, and overlap.The audience is not separate from the performance: we are a nucleus, each presence a node, each body a frequency. The room is the instrument; connection is the algorithm. Listening is proposed as a physical, relational act \u2014 not agreement, but coexistence: Where am I? Who is speaking when we stop listening&lt;b&gt;?&lt;\/b&gt;&lt;\/span&gt;&lt;\/span&gt;&lt;\/p&gt; &lt;p align=&quot;left&quot;&gt;&lt;span style=&quot;font-family: Times New Roman, serif;&quot;&gt;&lt;span style=&quot;font-size: small;&quot;&gt;&lt;strong&gt;Language:&lt;\/strong&gt; English, German&lt;\/span&gt;&lt;\/span&gt;&lt;\/p&gt; &lt;p align=&quot;left&quot;&gt;&lt;span style=&quot;font-family: Times New Roman, serif;&quot;&gt;&lt;span style=&quot;font-size: small;&quot;&gt;&lt;strong&gt;Website:&lt;\/strong&gt;&lt;\/span&gt;&lt;\/span&gt; &lt;a href=&quot;http:\/\/www.jasminetutum.com\/&quot;&gt;&lt;span style=&quot;font-family: Times New Roman, serif;&quot;&gt;&lt;span style=&quot;font-size: small;&quot;&gt;www.jasminetutum.com&lt;\/span&gt;&lt;\/span&gt;&lt;\/a&gt;    &lt;a href=&quot;http:\/\/www.swantjelichtenstein.de\/&quot;&gt;&lt;span style=&quot;font-family: Times New Roman, serif;&quot;&gt;&lt;span style=&quot;font-size: small;&quot;&gt;www.swantjelichtenstein.de&lt;\/span&gt;&lt;\/span&gt;&lt;\/a&gt;&lt;\/p&gt; &lt;p align=&quot;left&quot;&gt;&lt;span style=&quot;font-family: Times New Roman, serif;&quot;&gt;&lt;span style=&quot;font-size: small;&quot;&gt;Biography: Jasmine Tutum is a transdisciplinary artist and freelance curator working across photography, performance, sound, video installation, voice, and text. Born in Tokyo, raised in Kingston, Jamaica, and with roots in Gabon, she currently lives and works in Freiburg, Germany.&lt;\/span&gt;&lt;\/span&gt;&lt;\/p&gt; &lt;p align=&quot;left&quot;&gt;&lt;span style=&quot;font-family: Times New Roman, serif;&quot;&gt;&lt;span style=&quot;font-size: small;&quot;&gt;Her artistic practice combines photography, performance, and sound to engage with archives and the ways in which spaces preserve memories. Drawing on Afro-diasporic history and Black feminist theory, she explores how bodies carry and generate their own forms of history.&lt;\/span&gt;&lt;\/span&gt;&lt;\/p&gt; &lt;p align=&quot;left&quot;&gt;&lt;span style=&quot;font-family: Times New Roman, serif;&quot;&gt;&lt;span style=&quot;font-size: small;&quot;&gt;She completed a BFA in Photography and Art History at Concordia University in Montreal and received a Monbusho research scholarship to study Art History at Kyoto University in Japan. In 2021, she participated in Regionale 2021 (Germany\/France\/Switzerland) as an emerging artist and has since received several artist, cultural, and research grants in Germany.&lt;\/span&gt;&lt;\/span&gt;&lt;\/p&gt; &lt;p align=&quot;left&quot;&gt;&lt;span style=&quot;font-family: Times New Roman, serif;&quot;&gt;&lt;span style=&quot;font-size: small;&quot;&gt;Swantje Lichtenstein: GBorn in Tuebingen, based in Berlin. Artist, musician, facilitator. Her sonic work investigates the ties of language and music in a transartistic and improvised, as well as conceptualized and composed mode. Their work is based on deconstructed voices, channeling of sounds, and opening resonating, healing spaces of connection. Lichtenstein completed a doctorate on poetical, performative poetry and is a professor for aesthetic practice at the University of Applied Sciences Darmstadt and performed worldwide at various festivals and venues, including: Heroines of Sound, Radialsystem Berlin, reiheM, Cologne, Sound-Text-Festival, Issue Project Room\/Goethe Institute New York, non event\/Goethe Institute, Boston, Poetic Voices Africa Festival, Cologne, Sound Eye Festival, Cork, International Poetry Festival, Bucharest, Istanbul, Turkey, Guadalajara\/Mexico City, Salon de Po\u00e9sie\/Goethe Institute, European Writers Festival, Yerevan, etc. She has been awarded prizes and residencies, for example in Nairs, Switzerland; Istanbul, Turkey; Svendborg, Denmark; Johannesburg, South Africa; Kefalonia, Greece, etc.\/span&gt;&lt;\/span&gt;&lt;\/span&gt;&lt;\/p&gt; \",\r\n            \"image\": \"https:\/\/iftf-frankfurt.com\/wp-content\/uploads\/sites\/2\/jasmineswantje3.png\",\r\n            \"name\": \"&lt;i&gt;SHARED: A LISTENING CONNECTION&lt;\/i&gt;\",\r\n            \"url\": \"https:\/\/iftf-frankfurt.com\/en\/events\/share-a-listening-connection\/\"\r\n        }\r\n        <\/script>\r\n                            <article  data-href=\"https:\/\/iftf-frankfurt.com\/en\/events\/share-a-listening-connection\/\" data-target=\"m1\" style=\"background:#e23c95 url('https:\/\/iftf-frankfurt.com\/wp-content\/uploads\/sites\/2\/jasmineswantje3.png')\" class=\" mec-event-article mec-tile-item  mec-clear   \">\r\n                                                                        <div class=\"event-tile-view-head clearfix\">\r\n                                                            <div class=\"mec-event-month\"><span class=\"mec-start-date-label\" itemprop=\"startDate\">18 Sep<\/span><\/div>\r\n                                                        <div class=\"mec-event-time\"><i class=\"mec-sl-clock\"><\/i>21:45<\/div>\r\n                        <\/div>\r\n                        <div class=\"mec-event-content\" data-target=\"m1\" data-event-id=\"26610\">\r\n                            <a href=\"https:\/\/iftf-frankfurt.com\/en\/events\/share-a-listening-connection\/\" target=\"m1\" class=\"mec-tile-into-content-link\"><\/a>                            <div class=\"mec-tile-event-content\">\r\n                                <div class=\"mec-event-detail\">\r\n                                                                                                            <span class=\"mec-event-loc-place\"><i class=\"mec-sl-location-pin\"><\/i>FOYER INDOOR B\u00dcHNE<\/span>                                                                    <\/div>\r\n                                                                <h4 class=\"mec-event-title\"><a class=\"mec-color-hover\"  data-event-id=\"26610\" href=\"https:\/\/iftf-frankfurt.com\/en\/events\/share-a-listening-connection\/\" target=\"m1\" rel=\"noopener\"><i>SHARED: A LISTENING CONNECTION<\/i><\/a><\/h4>\r\n                                                            <\/div>\r\n                        <\/div>\r\n                    <\/article>\r\n                <\/div>                    <div class=\"col-md-4 col-sm-4\">        <script type=\"application\/ld+json\">\r\n        {\r\n            \"@context\": \"http:\/\/schema.org\",\r\n            \"@type\": \"Event\",\r\n            \"eventStatus\": \"https:\/\/schema.org\/EventScheduled\",\r\n            \"startDate\": \"2026-09-19\",\r\n            \"endDate\": \"2026-09-19\",\r\n            \"eventAttendanceMode\": \"https:\/\/schema.org\/OfflineEventAttendanceMode\",\r\n            \"location\":\r\n            {\r\n                \"@type\": \"Place\",\r\n                                \"name\": \"Jurte\",\r\n                \"image\": \"\",\r\n                \"address\": \"Orber Stra\u00dfe 57, 60386 Frankfurt am Main\"\r\n                            },\r\n            \"organizer\":\r\n            {\r\n                \"@type\": \"Person\",\r\n                \"name\": \"\",\r\n                \"url\": \"\"\r\n            },\r\n            \"offers\":\r\n            {\r\n                \"url\": \"https:\/\/iftf-frankfurt.com\/en\/events\/wolkenschloss-eine-heldinreise-in-die-maerchenwelt\/\",\r\n                \"price\": \"\",\r\n                \"priceCurrency\": \"USD\",\r\n                \"availability\": \"https:\/\/schema.org\/InStock\",\r\n                \"validFrom\": \"2026-09-19T00:00\"\r\n            },\r\n            \"performer\": \"\",\r\n            \"description\": \"&lt;p align=&quot;left&quot;&gt;&lt;span style=&quot;font-family: Times New Roman, serif;&quot;&gt;&lt;span style=&quot;font-size: small;&quot;&gt;MIM\u00ed&lt;\/span&gt;&lt;\/span&gt;&lt;\/p&gt; &lt;p align=&quot;left&quot;&gt;&lt;span style=&quot;font-size: small;&quot;&gt;&#8220;ENG below&#8221;&lt;\/span&gt;&lt;\/p&gt; &lt;p align=&quot;left&quot;&gt;&lt;span style=&quot;font-family: Times New Roman, serif;&quot;&gt;&lt;span style=&quot;font-size: small;&quot;&gt;Gemeinsam gehen wir in die Welt der M\u00e4rchen, um dort eine Heldin auf ihrer Reise zu begleiten. &lt;\/span&gt;&lt;\/span&gt;&lt;span style=&quot;font-family: Times New Roman, serif;&quot;&gt;&lt;span style=&quot;font-size: small;&quot;&gt;Manche Heldinnen kommen n\u00e4mlich nicht in einem schicken Kost\u00fcm daher und sind auch nicht &lt;\/span&gt;&lt;\/span&gt;&lt;span style=&quot;font-family: Times New Roman, serif;&quot;&gt;&lt;span style=&quot;font-size: small;&quot;&gt;als Heldinnen geboren. Oft sind es ganz gew\u00f6hnliche M\u00e4dchen, die durch eine Herausforderung &lt;\/span&gt;&lt;\/span&gt;&lt;span style=&quot;font-family: Times New Roman, serif;&quot;&gt;&lt;span style=&quot;font-size: small;&quot;&gt;des Lebens all ihren Mut zusammennehmen und sich auf die Reise begeben m\u00fcssen. Gemeinsam &lt;\/span&gt;&lt;\/span&gt;&lt;span style=&quot;font-family: Times New Roman, serif;&quot;&gt;&lt;span style=&quot;font-size: small;&quot;&gt;werden wir nach der Geschichte Erz\u00e4hlsteine suchen und gestalten, damit die Kinder eine Portion &lt;\/span&gt;&lt;\/span&gt;&lt;span style=&quot;font-family: Times New Roman, serif;&quot;&gt;&lt;span style=&quot;font-size: small;&quot;&gt;Mut mit nach Hause nehmen k\u00f6nnen.&lt;\/span&gt;&lt;\/span&gt;&lt;\/p&gt; &lt;p align=&quot;left&quot;&gt;&lt;span style=&quot;font-family: Times New Roman, serif;&quot;&gt;&lt;span style=&quot;font-size: small;&quot;&gt;&lt;strong&gt;Sprache:&lt;\/strong&gt; Deutsch&lt;\/span&gt;&lt;\/span&gt;&lt;\/p&gt; &lt;p align=&quot;left&quot;&gt;&lt;span style=&quot;font-family: Times New Roman, serif;&quot;&gt;&lt;span style=&quot;font-size: small;&quot;&gt;&lt;strong&gt;Spiel und Regie:&lt;\/strong&gt; MIm\u00ed&lt;\/span&gt;&lt;\/span&gt;&lt;\/p&gt; &lt;p&gt;&nbsp;&lt;\/p&gt; &lt;p align=&quot;left&quot;&gt;&lt;span style=&quot;font-family: Times New Roman, serif;&quot;&gt;&lt;span style=&quot;font-size: small;&quot;&gt;Together, we will step into the world of fairy tales to accompany a heroine on her journey. After all, some heroines don\u2019t show up in fancy costumes, nor are they born as heroines. Often, they are ordinary girls who\u2014faced with a life challenge\u2014must summon all their courage and set out on a journey. Together, we will find and decorate storytelling stones inspired by the tale, so the children can take a dose of courage home with them&lt;\/span&gt;&lt;\/span&gt;&lt;span style=&quot;font-family: Times New Roman, serif;&quot;&gt;&lt;span style=&quot;font-size: small;&quot;&gt;.&lt;\/span&gt;&lt;\/span&gt;&lt;\/p&gt; &lt;p align=&quot;left&quot;&gt;&lt;span style=&quot;font-family: Times New Roman, serif;&quot;&gt;&lt;span style=&quot;font-size: small;&quot;&gt;&lt;strong&gt;Language:&lt;\/strong&gt; German&lt;\/span&gt;&lt;\/span&gt;&lt;\/p&gt; &lt;p align=&quot;left&quot;&gt;&lt;span style=&quot;font-family: Times New Roman, serif;&quot;&gt;&lt;span style=&quot;font-size: small;&quot;&gt;&lt;strong&gt;Performance and Director:&lt;\/strong&gt; MIm\u00ed&lt;\/span&gt;&lt;\/span&gt;&lt;\/p&gt; \",\r\n            \"image\": \"https:\/\/iftf-frankfurt.com\/wp-content\/uploads\/sites\/2\/Rummel_RevuecMaria.Schmitz-161.jpg\",\r\n            \"name\": \"Wolkenschloss: Eine Heldinreise in die M\u00e4rchenwelt\",\r\n            \"url\": \"https:\/\/iftf-frankfurt.com\/en\/events\/wolkenschloss-eine-heldinreise-in-die-maerchenwelt\/\"\r\n        }\r\n        <\/script>\r\n                            <article  data-href=\"https:\/\/iftf-frankfurt.com\/en\/events\/wolkenschloss-eine-heldinreise-in-die-maerchenwelt\/\" data-target=\"m1\" style=\"background:#e273af url('https:\/\/iftf-frankfurt.com\/wp-content\/uploads\/sites\/2\/Rummel_RevuecMaria.Schmitz-161-300x400.jpg')\" class=\" mec-event-article mec-tile-item  mec-clear   \">\r\n                                                                        <div class=\"event-tile-view-head clearfix\">\r\n                                                            <div class=\"mec-event-month\"><span class=\"mec-start-date-label\" itemprop=\"startDate\">19 Sep<\/span><\/div>\r\n                                                        <div class=\"mec-event-time\"><i class=\"mec-sl-clock\"><\/i>17:00<\/div>\r\n                        <\/div>\r\n                        <div class=\"mec-event-content\" data-target=\"m1\" data-event-id=\"26617\">\r\n                            <a href=\"https:\/\/iftf-frankfurt.com\/en\/events\/wolkenschloss-eine-heldinreise-in-die-maerchenwelt\/\" target=\"m1\" class=\"mec-tile-into-content-link\"><\/a>                            <div class=\"mec-tile-event-content\">\r\n                                <div class=\"mec-event-detail\">\r\n                                                                                                            <span class=\"mec-event-loc-place\"><i class=\"mec-sl-location-pin\"><\/i>Jurte<\/span>                                                                    <\/div>\r\n                                                                <h4 class=\"mec-event-title\"><a class=\"mec-color-hover\"  data-event-id=\"26617\" href=\"https:\/\/iftf-frankfurt.com\/en\/events\/wolkenschloss-eine-heldinreise-in-die-maerchenwelt\/\" target=\"m1\" rel=\"noopener\">Wolkenschloss: Eine Heldinreise in die M\u00e4rchenwelt<\/a><\/h4>\r\n                                                            <\/div>\r\n                        <\/div>\r\n                    <\/article>\r\n                <\/div><\/div>            <div class=\"row\"><div class=\"col-md-4 col-sm-4\">        <script type=\"application\/ld+json\">\r\n        {\r\n            \"@context\": \"http:\/\/schema.org\",\r\n            \"@type\": \"Event\",\r\n            \"eventStatus\": \"https:\/\/schema.org\/EventScheduled\",\r\n            \"startDate\": \"2026-09-19\",\r\n            \"endDate\": \"2026-09-19\",\r\n            \"eventAttendanceMode\": \"https:\/\/schema.org\/OfflineEventAttendanceMode\",\r\n            \"location\":\r\n            {\r\n                \"@type\": \"Place\",\r\n                                \"name\": \"KULTURGEL\u00c4NDE PROTAGON\",\r\n                \"image\": \"\",\r\n                \"address\": \"Orber Stra\u00dfe 57, 60386 Frankfurt am Main\"\r\n                            },\r\n            \"organizer\":\r\n            {\r\n                \"@type\": \"Person\",\r\n                \"name\": \"\",\r\n                \"url\": \"\"\r\n            },\r\n            \"offers\":\r\n            {\r\n                \"url\": \"https:\/\/iftf-frankfurt.com\/en\/events\/fish-shoal-invitation-shoal-of-somatic-attunement-with-slack-tide-or-tidal-standstill-slack-tide\/\",\r\n                \"price\": \"\",\r\n                \"priceCurrency\": \"USD\",\r\n                \"availability\": \"https:\/\/schema.org\/InStock\",\r\n                \"validFrom\": \"2026-09-19T00:00\"\r\n            },\r\n            \"performer\": \"\",\r\n            \"description\": \"&lt;p align=&quot;left&quot;&gt;&lt;strong&gt;&lt;span style=&quot;font-family: Times New Roman, serif;&quot;&gt;&lt;span style=&quot;font-size: medium;&quot;&gt;&lt;strong&gt;Die Gezeitenpausen&lt;\/strong&gt;&lt;\/span&gt;&lt;\/span&gt;&lt;\/strong&gt;&lt;\/p&gt; &lt;p align=&quot;left&quot;&gt;&lt;span style=&quot;font-family: Times New Roman, serif;&quot;&gt;&lt;span style=&quot;font-size: small;&quot;&gt;Prof. Dr. Ciane Fernandes &amp; public participation&lt;\/span&gt;&lt;\/span&gt;&lt;\/p&gt; &lt;p align=&quot;left&quot;&gt;&lt;span style=&quot;font-size: small;&quot;&gt;&#8220;ENG below&#8221;&lt;\/span&gt;&lt;\/p&gt; &lt;p align=&quot;left&quot;&gt;&lt;span style=&quot;font-family: Times New Roman, serif;&quot;&gt;&lt;span style=&quot;font-size: small;&quot;&gt;Eine einf\u00fchlsame kollektive Einstimmung w\u00e4hrend der Gezeitenpause im deutschen Meer, an verschiedenen Tagen des Festivals und offen f\u00fcr die Teilnahme des Publikums.&lt;\/span&gt;&lt;\/span&gt;&lt;\/p&gt; &lt;p align=&quot;left&quot;&gt;&lt;span style=&quot;font-family: Times New Roman, serif;&quot;&gt;Die Gezeitenpause bezeichnet den kurzen Moment zwischen Ebbe und Flut, in dem sich der Wasserstand kaum ver\u00e4ndert. Durch die Bewegung des Mondes um die Erde verschiebt sich dieser Zeitpunkt t\u00e4glich um etwa 50 Minuten, sodass die Performance jeden Tag zu einer anderen Zeit stattfindet.&lt;\/span&gt;&lt;\/p&gt; &lt;p align=&quot;left&quot;&gt;&lt;span style=&quot;font-family: Times New Roman, serif;&quot;&gt;Wie k\u00f6nnen wir koloniale, fragmentierte Zeit und unterteilte R\u00e4ume aufl\u00f6sen und in einem Zwischenraum-Zeit-Kontinuum schweben \u2013 als ein sich ausbreitender, spiralf\u00f6rmiger, weiblicher und flie\u00dfender Zustand, tief verbunden mit den Rhythmen der Gezeiten?&lt;\/span&gt;&lt;\/p&gt; &lt;p&gt;&nbsp;&lt;\/p&gt; &lt;p align=&quot;left&quot;&gt;&lt;span style=&quot;font-family: Times New Roman, serif;&quot;&gt;&lt;span style=&quot;font-size: small;&quot;&gt;A sensitive collective attunement during the slack tide of the German ocean during intermission moments in different days of the festival, open to public participation. The &lt;b&gt;slack tide&lt;\/b&gt;, also known as &lt;b&gt;tidal standstill &lt;\/b&gt;or&lt;b&gt; tidal pause&lt;\/b&gt;, is a natural phenomenon that happens between high and low tides, characterized by a short period of time when there is no change in water level. It happens with a change of 50 minutes from one day to the next, due to the movement of the moon around the earth, so the performance will happen at different moments each day. How can we melt colonial fragmented time and compartmentalized space, and float on an in-between spacetime continuum as a spread-out spiraling feminine fluid state deeply connected to these tidal rhythms?&lt;\/span&gt;&lt;\/span&gt;&lt;\/p&gt; &lt;p align=&quot;left&quot;&gt;&lt;img decoding=&quot;async&quot; class=&quot;alignnone size-medium wp-image-26945&quot; src=&quot;https:\/\/iftf-frankfurt.com\/wp-content\/uploads\/sites\/2\/unnamed-300x126.jpg&quot; alt=&quot;&quot; width=&quot;300&quot; height=&quot;126&quot; srcset=&quot;https:\/\/iftf-frankfurt.com\/wp-content\/uploads\/sites\/2\/unnamed-300x126.jpg 300w, https:\/\/iftf-frankfurt.com\/wp-content\/uploads\/sites\/2\/unnamed.jpg 512w&quot; sizes=&quot;(max-width: 300px) 100vw, 300px&quot; \/&gt;&lt;\/p&gt; \",\r\n            \"image\": \"\",\r\n            \"name\": \"FISH SHOAL INVITATION: SHOAL OF SOMATIC ATTUNEMENT WITH SLACK TIDE OR TIDAL STANDSTILL.  SLACK TIDE\",\r\n            \"url\": \"https:\/\/iftf-frankfurt.com\/en\/events\/fish-shoal-invitation-shoal-of-somatic-attunement-with-slack-tide-or-tidal-standstill-slack-tide\/\"\r\n        }\r\n        <\/script>\r\n                            <article  data-href=\"https:\/\/iftf-frankfurt.com\/en\/events\/fish-shoal-invitation-shoal-of-somatic-attunement-with-slack-tide-or-tidal-standstill-slack-tide\/\" data-target=\"m1\" style=\"background:#e23c95\" class=\" mec-event-article mec-tile-item  mec-clear   \">\r\n                                                                        <div class=\"event-tile-view-head clearfix\">\r\n                                                            <div class=\"mec-event-month\"><span class=\"mec-start-date-label\" itemprop=\"startDate\">19 Sep<\/span><\/div>\r\n                                                        <div class=\"mec-event-time\"><i class=\"mec-sl-clock\"><\/i>17:00<\/div>\r\n                        <\/div>\r\n                        <div class=\"mec-event-content\" data-target=\"m1\" data-event-id=\"27138\">\r\n                            <a href=\"https:\/\/iftf-frankfurt.com\/en\/events\/fish-shoal-invitation-shoal-of-somatic-attunement-with-slack-tide-or-tidal-standstill-slack-tide\/\" target=\"m1\" class=\"mec-tile-into-content-link\"><\/a>                            <div class=\"mec-tile-event-content\">\r\n                                <div class=\"mec-event-detail\">\r\n                                                                                                            <span class=\"mec-event-loc-place\"><i class=\"mec-sl-location-pin\"><\/i>KULTURGEL\u00c4NDE PROTAGON<\/span>                                                                    <\/div>\r\n                                                                <h4 class=\"mec-event-title\"><a class=\"mec-color-hover\"  data-event-id=\"27138\" href=\"https:\/\/iftf-frankfurt.com\/en\/events\/fish-shoal-invitation-shoal-of-somatic-attunement-with-slack-tide-or-tidal-standstill-slack-tide\/\" target=\"m1\" rel=\"noopener\">FISH SHOAL INVITATION: SHOAL OF SOMATIC ATTUNEMENT WITH SLACK TIDE OR TIDAL STANDSTILL.  SLACK TIDE<\/a><\/h4>\r\n                                                            <\/div>\r\n                        <\/div>\r\n                    <\/article>\r\n                <\/div>            <div class=\"col-md-4 col-sm-4\">        <script type=\"application\/ld+json\">\r\n        {\r\n            \"@context\": \"http:\/\/schema.org\",\r\n            \"@type\": \"Event\",\r\n            \"eventStatus\": \"https:\/\/schema.org\/EventScheduled\",\r\n            \"startDate\": \"2026-09-19\",\r\n            \"endDate\": \"2026-09-19\",\r\n            \"eventAttendanceMode\": \"https:\/\/schema.org\/OfflineEventAttendanceMode\",\r\n            \"location\":\r\n            {\r\n                \"@type\": \"Place\",\r\n                                \"name\": \"FOYER INDOOR B\u00dcHNE\",\r\n                \"image\": \"\",\r\n                \"address\": \"PROTAGON CULTURAL CENTRE \u2013 Orber Stra\u00dfe 57, 60386 Frankfurt am Main\"\r\n                            },\r\n            \"organizer\":\r\n            {\r\n                \"@type\": \"Person\",\r\n                \"name\": \"\",\r\n                \"url\": \"\"\r\n            },\r\n            \"offers\":\r\n            {\r\n                \"url\": \"https:\/\/iftf-frankfurt.com\/en\/events\/open-stage\/\",\r\n                \"price\": \"\",\r\n                \"priceCurrency\": \"USD\",\r\n                \"availability\": \"https:\/\/schema.org\/InStock\",\r\n                \"validFrom\": \"2026-09-19T00:00\"\r\n            },\r\n            \"performer\": \"\",\r\n            \"description\": \"&lt;p align=&quot;left&quot;&gt;&lt;span style=&quot;font-size: small;&quot;&gt;&#8220;ENG below&#8221;&lt;\/span&gt;&lt;\/p&gt; &lt;p align=&quot;left&quot;&gt;&lt;span style=&quot;font-family: Times New Roman, serif;&quot;&gt;&lt;span style=&quot;font-size: small;&quot;&gt;Die Open Stage anl\u00e4sslich des 10-j\u00e4hrigen Festivaljubil\u00e4ums steht unter dem Motto \u201eFeminist Democracy\u201c und schafft Raum f\u00fcr die Stimmen und Perspektiven von M\u00e4dchen*, MINTA*, jungen Frauen* und FLINTA*. In einem offenen B\u00fchnenformat treffen Musik, Tanz, Poetry, Performance und andere k\u00fcnstlerische Ausdrucksformen aufeinander und laden junge Menschen dazu ein, ihre Talente zu zeigen, sichtbar zu werden und die B\u00fchne selbst zu gestalten.&lt;\/span&gt;&lt;\/span&gt;&lt;\/p&gt; &lt;p align=&quot;left&quot;&gt;&lt;span style=&quot;font-family: Times New Roman, serif;&quot;&gt;&lt;span style=&quot;font-size: small;&quot;&gt;Ein besonderes Highlight ist Fiona Buling, die 2026 bei \u201eThe Voice Kids\u201c Deutschland auftrat und mit ihrer Performance von \u201eStarke M\u00e4dchen\u201c ins Team von Michael Patrick Kelly kam. Mit ihrem Live-Auftritt bei der Open Stage setzt sie ein musikalisches Zeichen f\u00fcr Selbstbestimmung, Mut und die St\u00e4rke junger Stimmen.&lt;\/span&gt;&lt;\/span&gt;&lt;\/p&gt; &lt;p align=&quot;left&quot;&gt;&lt;span style=&quot;font-family: Times New Roman, serif;&quot;&gt;&lt;span style=&quot;font-size: small;&quot;&gt;Die Open Stage versteht sich als Ort des Austauschs zwischen Generationen und als Einladung, feministische Demokratie nicht nur zu diskutieren, sondern gemeinsam zu erleben, zu gestalten und h\u00f6rbar zu machen.&lt;\/span&gt;&lt;\/span&gt;&lt;\/p&gt; &lt;p&gt;&nbsp;&lt;\/p&gt; &lt;p&gt;&lt;span style=&quot;font-family: Times New Roman, serif;&quot;&gt;&lt;span style=&quot;font-size: small;&quot;&gt;Held to mark the festival\u2019s 10th anniversary, the Open Stage is themed &#8220;Feminist Democracy&#8221; and creates a space for the voices and perspectives of girls*, MINTA*, young women*, and FLINTA*. Through an open-stage format, music, dance, spoken word, performance art, and other creative expressions come together, inviting young people to showcase their talents, gain visibility, and shape the stage experience themselves.&lt;\/span&gt;&lt;\/span&gt;&lt;\/p&gt; &lt;p align=&quot;left&quot;&gt;&lt;span style=&quot;font-family: Times New Roman, serif;&quot;&gt;&lt;span style=&quot;font-size: small;&quot;&gt;A special highlight is Fiona Buling, who appeared on *The Voice Kids* (Germany) in 2026 and joined Michael Patrick Kelly\u2019s team with her performance of &#8220;Starke M\u00e4dchen.&#8221; With her live performance at the Open Stage, she makes a musical statement championing self-determination, courage, and the power of young voices.&lt;\/span&gt;&lt;\/span&gt;&lt;\/p&gt; &lt;p align=&quot;left&quot;&gt;&lt;span style=&quot;font-family: Times New Roman, serif;&quot;&gt;&lt;span style=&quot;font-size: small;&quot;&gt;The Open Stage serves as a venue for intergenerational exchange and an invitation not only to discuss feminist democracy but to experience, shape, and give voice to it together.&lt;\/span&gt;&lt;\/span&gt;&lt;\/p&gt; &lt;p&gt;.&lt;\/p&gt; \",\r\n            \"image\": \"https:\/\/iftf-frankfurt.com\/wp-content\/uploads\/sites\/2\/c-Joyn-Richard-.jpg\",\r\n            \"name\": \"OPEN STAGE\",\r\n            \"url\": \"https:\/\/iftf-frankfurt.com\/en\/events\/open-stage\/\"\r\n        }\r\n        <\/script>\r\n                            <article  data-href=\"https:\/\/iftf-frankfurt.com\/en\/events\/open-stage\/\" data-target=\"m1\" style=\"background:#e23c95 url('https:\/\/iftf-frankfurt.com\/wp-content\/uploads\/sites\/2\/c-Joyn-Richard--300x400.jpg')\" class=\" mec-event-article mec-tile-item  mec-clear   \">\r\n                                                                        <div class=\"event-tile-view-head clearfix\">\r\n                                                            <div class=\"mec-event-month\"><span class=\"mec-start-date-label\" itemprop=\"startDate\">19 Sep<\/span><\/div>\r\n                                                        <div class=\"mec-event-time\"><i class=\"mec-sl-clock\"><\/i>18:00<\/div>\r\n                        <\/div>\r\n                        <div class=\"mec-event-content\" data-target=\"m1\" data-event-id=\"26622\">\r\n                            <a href=\"https:\/\/iftf-frankfurt.com\/en\/events\/open-stage\/\" target=\"m1\" class=\"mec-tile-into-content-link\"><\/a>                            <div class=\"mec-tile-event-content\">\r\n                                <div class=\"mec-event-detail\">\r\n                                                                                                            <span class=\"mec-event-loc-place\"><i class=\"mec-sl-location-pin\"><\/i>FOYER INDOOR B\u00dcHNE<\/span>                                                                    <\/div>\r\n                                                                <h4 class=\"mec-event-title\"><a class=\"mec-color-hover\"  data-event-id=\"26622\" href=\"https:\/\/iftf-frankfurt.com\/en\/events\/open-stage\/\" target=\"m1\" rel=\"noopener\">OPEN STAGE<\/a><\/h4>\r\n                                                            <\/div>\r\n                        <\/div>\r\n                    <\/article>\r\n                <\/div>            <div class=\"col-md-4 col-sm-4\">        <script type=\"application\/ld+json\">\r\n        {\r\n            \"@context\": \"http:\/\/schema.org\",\r\n            \"@type\": \"Event\",\r\n            \"eventStatus\": \"https:\/\/schema.org\/EventScheduled\",\r\n            \"startDate\": \"2026-09-19\",\r\n            \"endDate\": \"2026-09-19\",\r\n            \"eventAttendanceMode\": \"https:\/\/schema.org\/OfflineEventAttendanceMode\",\r\n            \"location\":\r\n            {\r\n                \"@type\": \"Place\",\r\n                                \"name\": \"FOYER INDOOR B\u00dcHNE\",\r\n                \"image\": \"\",\r\n                \"address\": \"PROTAGON CULTURAL CENTRE \u2013 Orber Stra\u00dfe 57, 60386 Frankfurt am Main\"\r\n                            },\r\n            \"organizer\":\r\n            {\r\n                \"@type\": \"Person\",\r\n                \"name\": \"\",\r\n                \"url\": \"\"\r\n            },\r\n            \"offers\":\r\n            {\r\n                \"url\": \"https:\/\/iftf-frankfurt.com\/en\/events\/sori-chum\/\",\r\n                \"price\": \"\",\r\n                \"priceCurrency\": \"USD\",\r\n                \"availability\": \"https:\/\/schema.org\/InStock\",\r\n                \"validFrom\": \"2026-09-19T00:00\"\r\n            },\r\n            \"performer\": \"\",\r\n            \"description\": \"&lt;p align=&quot;left&quot;&gt;&lt;span style=&quot;font-family: Times New Roman, serif;&quot;&gt;&lt;span style=&quot;font-size: small;&quot;&gt;Hyunjeong Park and Meliseong Seo&lt;\/span&gt;&lt;\/span&gt;&lt;\/p&gt; &lt;p align=&quot;left&quot;&gt;&lt;span style=&quot;font-size: small;&quot;&gt;&#8220;ENG below&#8221;&lt;\/span&gt;&lt;\/p&gt; &lt;p align=&quot;left&quot;&gt;&lt;span style=&quot;font-family: Times New Roman, serif;&quot;&gt;&lt;span style=&quot;font-size: small;&quot;&gt;Diese von zwei K\u00fcnstlerinnen \u2013 einer Gayageum-Spielerin und einer T\u00e4nzerin des traditionellen koreanischen Tanzes \u2013 geschaffene Performance erkundet durch koreanische Musik und Tanz Themen wie Erinnerung, Sehnsucht, Vorstellungskraft und vielf\u00e4ltige Perspektiven auf das Frausein. Der zarte, resonanzreiche Klang der Gayageum und die flie\u00dfenden, zur\u00fcckhaltenden Bewegungen des traditionellen koreanischen Tanzes treten in einen Dialog und erschaffen eine harmonische musikalische und visuelle Erz\u00e4hlung. Ausgehend von den lyrischen Emotionen, die mit Natur, Mond und Sehnsucht verbunden sind, wandelt sich die Darbietung allm\u00e4hlich hin zum Bild einer Kriegerin \u2013 einem Symbol f\u00fcr Widerstand, St\u00e4rke und W\u00fcrde \u2013 und beleuchtet durch verschiedene Ausdrucksformen die Innenwelt und die Kraft der Frau&lt;\/span&gt;&lt;\/span&gt;&lt;span style=&quot;font-family: Times New Roman, serif;&quot;&gt;&lt;span style=&quot;font-size: small;&quot;&gt;. &lt;\/span&gt;&lt;\/span&gt;&lt;\/p&gt; &lt;p align=&quot;left&quot;&gt;&lt;strong&gt;&lt;span style=&quot;font-family: Times New Roman, serif;&quot;&gt;&lt;span style=&quot;font-size: small;&quot;&gt;Gayageum: &lt;\/span&gt;&lt;\/span&gt;&lt;\/strong&gt;&lt;span style=&quot;font-family: Times New Roman, serif;&quot;&gt;&lt;span style=&quot;font-size: small;&quot;&gt;Hyunjeong Park&lt;\/span&gt;&lt;\/span&gt;&lt;\/p&gt; &lt;p&gt;&lt;span style=&quot;font-family: Times New Roman, serif;&quot;&gt;&lt;span style=&quot;font-size: small;&quot;&gt;&lt;strong&gt;Tanz:&lt;\/strong&gt; Meliseong Seo&lt;\/span&gt;&lt;\/span&gt;&lt;\/p&gt; &lt;p&gt;&lt;span style=&quot;font-family: Times New Roman, serif;&quot;&gt;&lt;span style=&quot;font-size: small;&quot;&gt;This performance, created by two female artists, a gayageum artist and a Korean &lt;\/span&gt;&lt;\/span&gt;&lt;span style=&quot;font-family: Times New Roman, serif;&quot;&gt;&lt;span style=&quot;font-size: small;&quot;&gt;traditional dancer, explores memory, longing, imagination, and diverse perspectives on &lt;\/span&gt;&lt;\/span&gt;&lt;span style=&quot;font-family: Times New Roman, serif;&quot;&gt;&lt;span style=&quot;font-size: small;&quot;&gt;womanhood through Korean music and dance. The delicate, resonant sound of the &lt;\/span&gt;&lt;\/span&gt;&lt;span style=&quot;font-family: Times New Roman, serif;&quot;&gt;&lt;span style=&quot;font-size: small;&quot;&gt;gayageum and the fluid, restrained movements of Korean traditional dance respond to one &lt;\/span&gt;&lt;\/span&gt;&lt;span style=&quot;font-family: Times New Roman, serif;&quot;&gt;&lt;span style=&quot;font-size: small;&quot;&gt;another, creating a unified musical and visual narrative. Beginning with the lyrical emotions &lt;\/span&gt;&lt;\/span&gt;&lt;span style=&quot;font-family: Times New Roman, serif;&quot;&gt;&lt;span style=&quot;font-size: small;&quot;&gt;of nature, the moon, and longing, the performance gradually moves toward the image of a &lt;\/span&gt;&lt;\/span&gt;&lt;span style=&quot;font-family: Times New Roman, serif;&quot;&gt;&lt;span style=&quot;font-size: small;&quot;&gt;warrior woman, symbolizing resistance, strength, and dignity, and explores the inner world &lt;\/span&gt;&lt;\/span&gt;&lt;span style=&quot;font-family: Times New Roman, serif;&quot;&gt;&lt;span style=&quot;font-size: small;&quot;&gt;and power of women through different forms of expression.&lt;\/span&gt;&lt;\/span&gt;&lt;\/p&gt; &lt;p align=&quot;left&quot;&gt;&lt;strong&gt;&lt;span style=&quot;font-family: Times New Roman, serif;&quot;&gt;&lt;span style=&quot;font-size: small;&quot;&gt;Gayageum: &lt;\/span&gt;&lt;\/span&gt;&lt;\/strong&gt;&lt;span style=&quot;font-family: Times New Roman, serif;&quot;&gt;&lt;span style=&quot;font-size: small;&quot;&gt;Hyunjeong Park&lt;\/span&gt;&lt;\/span&gt;&lt;\/p&gt; &lt;p&gt;&lt;span style=&quot;font-family: Times New Roman, serif;&quot;&gt;&lt;span style=&quot;font-size: small;&quot;&gt;&lt;strong&gt;Dance:&lt;\/strong&gt; Meliseong Seo&lt;\/span&gt;&lt;\/span&gt;&lt;\/p&gt; \",\r\n            \"image\": \"https:\/\/iftf-frankfurt.com\/wp-content\/uploads\/sites\/2\/\uc18c\ub9ac\ucda4-\uba4b\uc7c1\uc7741-scaled.jpg\",\r\n            \"name\": \"SORI-CHUM\",\r\n            \"url\": \"https:\/\/iftf-frankfurt.com\/en\/events\/sori-chum\/\"\r\n        }\r\n        <\/script>\r\n                            <article  data-href=\"https:\/\/iftf-frankfurt.com\/en\/events\/sori-chum\/\" data-target=\"m1\" style=\"background:#e23c95 url('https:\/\/iftf-frankfurt.com\/wp-content\/uploads\/sites\/2\/\uc18c\ub9ac\ucda4-\uba4b\uc7c1\uc7741-300x400.jpg')\" class=\" mec-event-article mec-tile-item  mec-clear   \">\r\n                                                                        <div class=\"event-tile-view-head clearfix\">\r\n                                                            <div class=\"mec-event-month\"><span class=\"mec-start-date-label\" itemprop=\"startDate\">19 Sep<\/span><\/div>\r\n                                                        <div class=\"mec-event-time\"><i class=\"mec-sl-clock\"><\/i>19:30<\/div>\r\n                        <\/div>\r\n                        <div class=\"mec-event-content\" data-target=\"m1\" data-event-id=\"26626\">\r\n                            <a href=\"https:\/\/iftf-frankfurt.com\/en\/events\/sori-chum\/\" target=\"m1\" class=\"mec-tile-into-content-link\"><\/a>                            <div class=\"mec-tile-event-content\">\r\n                                <div class=\"mec-event-detail\">\r\n                                                                                                            <span class=\"mec-event-loc-place\"><i class=\"mec-sl-location-pin\"><\/i>FOYER INDOOR B\u00dcHNE<\/span>                                                                    <\/div>\r\n                                                                <h4 class=\"mec-event-title\"><a class=\"mec-color-hover\"  data-event-id=\"26626\" href=\"https:\/\/iftf-frankfurt.com\/en\/events\/sori-chum\/\" target=\"m1\" rel=\"noopener\">SORI-CHUM<\/a><\/h4>\r\n                                                            <\/div>\r\n                        <\/div>\r\n                    <\/article>\r\n                <\/div><\/div>            <div class=\"row\"><div class=\"col-md-4 col-sm-4\">        <script type=\"application\/ld+json\">\r\n        {\r\n            \"@context\": \"http:\/\/schema.org\",\r\n            \"@type\": \"Event\",\r\n            \"eventStatus\": \"https:\/\/schema.org\/EventScheduled\",\r\n            \"startDate\": \"2026-09-19\",\r\n            \"endDate\": \"2026-09-19\",\r\n            \"eventAttendanceMode\": \"https:\/\/schema.org\/OfflineEventAttendanceMode\",\r\n            \"location\":\r\n            {\r\n                \"@type\": \"Place\",\r\n                                \"name\": \"INDOOR STAGE PROTAGON\",\r\n                \"image\": \"\",\r\n                \"address\": \"PROTAGON CULTURAL CENTRE \u2013 Orber Stra\u00dfe 57, 60386 Frankfurt am Main\"\r\n                            },\r\n            \"organizer\":\r\n            {\r\n                \"@type\": \"Person\",\r\n                \"name\": \"\",\r\n                \"url\": \"\"\r\n            },\r\n            \"offers\":\r\n            {\r\n                \"url\": \"https:\/\/iftf-frankfurt.com\/en\/events\/i-maltagliati\/\",\r\n                \"price\": \"\",\r\n                \"priceCurrency\": \"USD\",\r\n                \"availability\": \"https:\/\/schema.org\/InStock\",\r\n                \"validFrom\": \"2026-09-19T00:00\"\r\n            },\r\n            \"performer\": \"\",\r\n            \"description\": \"&lt;p align=&quot;left&quot;&gt;&lt;span style=&quot;font-size: small;&quot;&gt;&#8220;ENG below&#8221;&lt;\/span&gt;&lt;\/p&gt; &lt;p align=&quot;left&quot;&gt;&lt;span style=&quot;font-family: Times New Roman, serif;&quot;&gt;&lt;span style=&quot;font-size: small;&quot;&gt;Eine \u00e4ltere Frau steht in ihrer K\u00fcche und bereitet f\u00fcr einen Gast ein Nudelgericht, &lt;i&gt;I Maltagliati&lt;\/i&gt;, zu. Im Laufe eines Morgens durchlebt sie anhand von Liedern noch einmal ihr Leben.&lt;\/span&gt;&lt;\/span&gt;&lt;\/p&gt; &lt;p align=&quot;left&quot;&gt;&lt;span style=&quot;font-family: Times New Roman, serif;&quot;&gt;&lt;span style=&quot;font-size: small;&quot;&gt;Die Performance basiert auf einer Reihe kraftvoller italienischer Volkslieder und anderer Lieder, die auf besondere Weise allt\u00e4gliche menschliche Gef\u00fchle, W\u00fcnsche und Tr\u00e4ume zum Ausdruck bringen. Die Lieder sind die Stimme gew\u00f6hnlicher Menschen und umfassen alle Aspekte des t\u00e4glichen Lebens: Arbeiten, Lieben, K\u00e4mpfen, Geborenwerden und Sterben.&lt;\/span&gt;&lt;\/span&gt;&lt;\/p&gt; &lt;p align=&quot;left&quot;&gt;&lt;span style=&quot;font-family: Times New Roman, serif;&quot;&gt;&lt;span style=&quot;font-size: small;&quot;&gt;Die Geschichte spielt in zwei unterschiedlichen R\u00e4umen: im physischen Raum der K\u00fcche, in der die Frau nur in Begleitung eines Radios Pasta zubereitet, und in einem Raum der Erinnerungen, in dem wir das Leben der Frau in R\u00fcckblenden sehen, die verschiedene Interpretationen zulassen.&lt;\/span&gt;&lt;\/span&gt;&lt;\/p&gt; &lt;p align=&quot;left&quot;&gt;&lt;span style=&quot;font-family: Times New Roman, serif;&quot;&gt;&lt;span style=&quot;font-size: small;&quot;&gt;Lieder auf Italienisch und Radiotext auf Englisch&lt;\/span&gt;&lt;\/span&gt;&lt;\/p&gt; &lt;p align=&quot;left&quot;&gt;&lt;span style=&quot;font-family: Times New Roman, serif;&quot;&gt;&lt;span style=&quot;font-size: small;&quot;&gt;&lt;b&gt;Zielgruppe:&lt;\/b&gt; Erwachsene&lt;\/span&gt;&lt;\/span&gt;&lt;\/p&gt; &lt;p align=&quot;left&quot;&gt;&lt;span style=&quot;font-family: Times New Roman, serif;&quot;&gt;&lt;span style=&quot;font-size: small;&quot;&gt;&lt;b&gt;Regie und Performance:&lt;\/b&gt; Sandra Pasini&lt;\/span&gt;&lt;\/span&gt;&lt;\/p&gt; &lt;p align=&quot;left&quot;&gt;&lt;span style=&quot;font-family: Times New Roman, serif;&quot;&gt;&lt;span style=&quot;font-size: small;&quot;&gt;&lt;b&gt;Co-Regie:&lt;\/b&gt; Ana Woolf&lt;\/span&gt;&lt;\/span&gt;&lt;\/p&gt; &lt;p align=&quot;left&quot;&gt;&lt;span style=&quot;font-family: Times New Roman, serif;&quot;&gt;&lt;span style=&quot;font-size: small;&quot;&gt;&lt;b&gt;B\u00fchnenbild, Requisiten und Kost\u00fcme:&lt;\/b&gt; Antonella Diana&lt;\/span&gt;&lt;\/span&gt;&lt;\/p&gt; &lt;p align=&quot;left&quot;&gt;&lt;span style=&quot;font-family: Times New Roman, serif;&quot;&gt;&lt;span style=&quot;font-size: small;&quot;&gt;&lt;b&gt;Website:&lt;\/b&gt; &lt;a href=&quot;http:\/\/teatretom.dk&quot;&gt;teatretom.dk&lt;\/a&gt;&lt;\/span&gt;&lt;\/span&gt;&lt;\/p&gt; &lt;p align=&quot;left&quot;&gt;&lt;span style=&quot;font-family: Times New Roman, serif;&quot;&gt;&lt;span style=&quot;font-size: small;&quot;&gt;&lt;strong&gt;Biographie:&lt;\/strong&gt; Sandra Pasini ist eine vielseitige Theatermacherin, die seit mehr als 40 Jahren als Schauspielerin, Regisseurin und Produzentin t\u00e4tig ist und Konzepte und Ideen im Bereich Theater entwickelt. Dabei arbeitet sie in unterschiedlichen Feldern wie ortsspezifische Performance, Clown- und K\u00f6rpertheater, Theaterkonzerte, Paraden u.v.m. 1989 gr\u00fcndeten Sandra Pasini und Antonella Diana in Rom das Teatret OM, das 1996 seine Heimat in Ringk\u00f8bing, D\u00e4nemark, fand. Sandra arbeitet seit 1979 im Theater, mit 15 Jahren wurde sie als Mitglied des Teatro dell\u2019Arco aufgenommen. Im Laufe ihrer Karriere studierte sie Musik, Clownerie und Theater, u.a bei Odin Teatret. Besonders inspiriert haben sie die Schauspielerin und Regisseurin Iben Nagel Rasmussen und die Clownin Nani Colombaioni. Sandra wurde in Italien geboren und wuchs dort auf. Seit 1996 lebt sie in D\u00e4nemark.&lt;\/span&gt;&lt;\/span&gt;&lt;\/p&gt; &lt;p&gt;&nbsp;&lt;\/p&gt; &lt;p align=&quot;left&quot;&gt;&lt;span style=&quot;font-family: Times New Roman, serif;&quot;&gt;&lt;span style=&quot;font-size: small;&quot;&gt;An old woman is standing in her kitchen cooking a pasta dish, &lt;i&gt;I Maltagliati&lt;\/i&gt;, for a guest. Over one morning, she relives her life through songs.&lt;\/span&gt;&lt;\/span&gt;&lt;\/p&gt; &lt;p align=&quot;left&quot;&gt;&lt;span style=&quot;font-family: Times New Roman, serif;&quot;&gt;&lt;span style=&quot;font-size: small;&quot;&gt;The performance is built around a series of powerful Italian folk songs and other songs that uniquely communicate ordinary human feelings, desires and dreams. The songs are the voice of ordinary people and cover all aspects of everyday life: working, loving, struggling, being born and dying.&lt;\/span&gt;&lt;\/span&gt;&lt;\/p&gt; &lt;p align=&quot;left&quot;&gt;&lt;span style=&quot;font-family: Times New Roman, serif;&quot;&gt;&lt;span style=&quot;font-size: small;&quot;&gt;The story takes place in two different spaces: the physical space, the kitchen, where the woman makes pasta accompanied only by a radio, and a space of memories, where we see the woman&#8217;s life in flashbacks, left open to the viewer&#8217;s own interpretation.&lt;\/span&gt;&lt;\/span&gt;&lt;\/p&gt; &lt;p align=&quot;left&quot;&gt;&lt;span style=&quot;font-family: Times New Roman, serif;&quot;&gt;&lt;span style=&quot;font-size: small;&quot;&gt;Songs in Italian and text from radio in English&lt;\/span&gt;&lt;\/span&gt;&lt;\/p&gt; &lt;p align=&quot;left&quot;&gt;&lt;span style=&quot;font-family: Times New Roman, serif;&quot;&gt;&lt;span style=&quot;font-size: small;&quot;&gt;&lt;strong&gt;Target Audience:&lt;\/strong&gt; Adults&lt;\/span&gt;&lt;\/span&gt;&lt;\/p&gt; &lt;p align=&quot;left&quot;&gt;&lt;span style=&quot;font-family: Times New Roman, serif;&quot;&gt;&lt;span style=&quot;font-size: small;&quot;&gt;&lt;strong&gt;Directed and performed by&lt;\/strong&gt; Sandra Pasini&lt;\/span&gt;&lt;\/span&gt;&lt;\/p&gt; &lt;p align=&quot;left&quot;&gt;&lt;span style=&quot;font-family: Times New Roman, serif;&quot;&gt;&lt;span style=&quot;font-size: small;&quot;&gt;&lt;strong&gt;Co-directed by&lt;\/strong&gt; Ana Woolf&lt;\/span&gt;&lt;\/span&gt;&lt;\/p&gt; &lt;p align=&quot;left&quot;&gt;&lt;span style=&quot;font-family: Times New Roman, serif;&quot;&gt;&lt;span style=&quot;font-size: small;&quot;&gt;&lt;strong&gt;Set, props and costumes by&lt;\/strong&gt; Antonella Diana&lt;\/span&gt;&lt;\/span&gt;&lt;\/p&gt; &lt;p align=&quot;left&quot;&gt;&lt;span style=&quot;font-family: Times New Roman, serif;&quot;&gt;&lt;span style=&quot;font-size: small;&quot;&gt;&lt;b&gt;Website:&lt;\/b&gt; &lt;a href=&quot;http:\/\/teatretom.dk&quot;&gt;teatretom.dk&lt;\/a&gt;&lt;\/span&gt;&lt;\/span&gt;&lt;\/p&gt; &lt;p align=&quot;left&quot;&gt;&lt;span style=&quot;font-family: Times New Roman, serif;&quot;&gt;&lt;span style=&quot;font-size: small;&quot;&gt;&lt;strong&gt;Biography:&lt;\/strong&gt; Sandra Pasini is a versatile theatre maker who has been active for over 40 years as an actress, director, and producer, developing concepts and ideas for the stage. Her work spans diverse fields, including site-specific performance, clowning and physical theatre, theatre-concerts, parades, and more. In 1989, Sandra Pasini and Antonella Diana founded Teatret OM in Rome; the company subsequently established its home in Ringk\u00f8bing, Denmark, in 1996. Sandra has been working in theatre since 1979, having joined Teatro dell\u2019Arco at the age of 15. Throughout her career, she has studied music, clowning, and theatre\u2014including training with Odin Teatret. She has drawn particular inspiration from actress and director Iben Nagel Rasmussen and the clown Nani Colombaioni. Born and raised in Italy, Sandra has lived in Denmark since 1996.&lt;\/span&gt;&lt;\/span&gt;&lt;\/p&gt; \",\r\n            \"image\": \"https:\/\/iftf-frankfurt.com\/wp-content\/uploads\/sites\/2\/I-Maltagliati_Foto-Jorn-Deleuran_019-scaled.jpg\",\r\n            \"name\": \"I Maltagliati\",\r\n            \"url\": \"https:\/\/iftf-frankfurt.com\/en\/events\/i-maltagliati\/\"\r\n        }\r\n        <\/script>\r\n                            <article  data-href=\"https:\/\/iftf-frankfurt.com\/en\/events\/i-maltagliati\/\" data-target=\"m1\" style=\"background:#e23c95 url('https:\/\/iftf-frankfurt.com\/wp-content\/uploads\/sites\/2\/I-Maltagliati_Foto-Jorn-Deleuran_019-300x400.jpg')\" class=\" mec-event-article mec-tile-item  mec-clear   \">\r\n                                                                        <div class=\"event-tile-view-head clearfix\">\r\n                                                            <div class=\"mec-event-month\"><span class=\"mec-start-date-label\" itemprop=\"startDate\">19 Sep<\/span><\/div>\r\n                                                        <div class=\"mec-event-time\"><i class=\"mec-sl-clock\"><\/i>20:00<\/div>\r\n                        <\/div>\r\n                        <div class=\"mec-event-content\" data-target=\"m1\" data-event-id=\"26631\">\r\n                            <a href=\"https:\/\/iftf-frankfurt.com\/en\/events\/i-maltagliati\/\" target=\"m1\" class=\"mec-tile-into-content-link\"><\/a>                            <div class=\"mec-tile-event-content\">\r\n                                <div class=\"mec-event-detail\">\r\n                                                                                                            <span class=\"mec-event-loc-place\"><i class=\"mec-sl-location-pin\"><\/i>INDOOR STAGE PROTAGON<\/span>                                                                    <\/div>\r\n                                                                <h4 class=\"mec-event-title\"><a class=\"mec-color-hover\"  data-event-id=\"26631\" href=\"https:\/\/iftf-frankfurt.com\/en\/events\/i-maltagliati\/\" target=\"m1\" rel=\"noopener\">I Maltagliati<\/a><\/h4>\r\n                                                            <\/div>\r\n                        <\/div>\r\n                    <\/article>\r\n                <\/div>                    <div class=\"col-md-4 col-sm-4\">        <script type=\"application\/ld+json\">\r\n        {\r\n            \"@context\": \"http:\/\/schema.org\",\r\n            \"@type\": \"Event\",\r\n            \"eventStatus\": \"https:\/\/schema.org\/EventScheduled\",\r\n            \"startDate\": \"2026-09-20\",\r\n            \"endDate\": \"2026-09-20\",\r\n            \"eventAttendanceMode\": \"https:\/\/schema.org\/OfflineEventAttendanceMode\",\r\n            \"location\":\r\n            {\r\n                \"@type\": \"Place\",\r\n                                \"name\": \"KULTURGEL\u00c4NDE PROTAGON\",\r\n                \"image\": \"\",\r\n                \"address\": \"Orber Stra\u00dfe 57, 60386 Frankfurt am Main\"\r\n                            },\r\n            \"organizer\":\r\n            {\r\n                \"@type\": \"Person\",\r\n                \"name\": \"\",\r\n                \"url\": \"\"\r\n            },\r\n            \"offers\":\r\n            {\r\n                \"url\": \"https:\/\/iftf-frankfurt.com\/en\/events\/wunderwesen\/\",\r\n                \"price\": \"\",\r\n                \"priceCurrency\": \"USD\",\r\n                \"availability\": \"https:\/\/schema.org\/InStock\",\r\n                \"validFrom\": \"2026-09-20T00:00\"\r\n            },\r\n            \"performer\": \"\",\r\n            \"description\": \"&lt;p align=&quot;left&quot;&gt;&lt;span style=&quot;font-family: Times New Roman, serif;&quot;&gt;&lt;span style=&quot;font-size: small;&quot;&gt;Antajou performances&lt;\/span&gt;&lt;\/span&gt;&lt;\/p&gt; &lt;p align=&quot;left&quot;&gt;&lt;span style=&quot;font-size: small;&quot;&gt;&#8220;ENG below&#8221;&lt;\/span&gt;&lt;\/p&gt; &lt;p align=&quot;left&quot;&gt;&lt;span style=&quot;font-family: Times New Roman, serif;&quot;&gt;&lt;span style=&quot;font-size: small;&quot;&gt;Stellt euch vor, auf der Wiese und im Fluss &lt;\/span&gt;&lt;\/span&gt;&lt;span style=&quot;font-family: Times New Roman, serif;&quot;&gt;&lt;span style=&quot;font-size: small;&quot;&gt;verbergen sich \u00fcberall kleine Wunder! H\u00f6rt ihr das &lt;\/span&gt;&lt;\/span&gt;&lt;span style=&quot;font-family: Times New Roman, serif;&quot;&gt;&lt;span style=&quot;font-size: small;&quot;&gt;Pl\u00e4tschern des Wassers? Das Surren in der Luft?&lt;\/span&gt;&lt;\/span&gt;&lt;\/p&gt; &lt;p align=&quot;left&quot;&gt;&lt;span style=&quot;font-family: Times New Roman, serif;&quot;&gt;&lt;span style=&quot;font-size: small;&quot;&gt;Zwei T\u00e4nzerinnen und eine Musikerin entdecken gemeinsam mit dem Publikum die Sch\u00f6nheit der Natur und verschmelzen dabei immer wieder in neuen, glitzernden und bunten Wesen. Lasst uns gemeinsam lauschen und die vielen Wunder entdecken!&lt;\/span&gt;&lt;\/span&gt;&lt;\/p&gt; &lt;p align=&quot;left&quot;&gt;&lt;span style=&quot;font-family: Times New Roman, serif;&quot;&gt;&lt;span style=&quot;font-size: small;&quot;&gt;Gef\u00f6rder durch LaFT Baden W\u00fcrtemberg, Kulturamt Heidelberg, Stiftung Erlebnis Kunst, Kulturf\u00f6rderung Basel Lab, Tanzfest Basel&lt;\/span&gt;&lt;\/span&gt;&lt;\/p&gt; &lt;p align=&quot;left&quot;&gt;&lt;span style=&quot;font-family: Times New Roman, serif;&quot;&gt;&lt;span style=&quot;font-size: small;&quot;&gt;&lt;b&gt;Sprache&lt;\/b&gt;: keine&lt;\/span&gt;&lt;\/span&gt;&lt;\/p&gt; &lt;p align=&quot;left&quot;&gt;&lt;span style=&quot;font-family: Times New Roman, serif;&quot;&gt;&lt;span style=&quot;font-size: small;&quot;&gt;&lt;strong&gt;Konzept, Choreographie &amp; Tanz:&lt;\/strong&gt; Andrea Kreisel &amp; Tabea Gregory&lt;\/span&gt;&lt;\/span&gt;&lt;\/p&gt; &lt;p align=&quot;left&quot;&gt;&lt;span style=&quot;font-size: small; font-family: &#039;Times New Roman&#039;, serif;&quot;&gt;&lt;strong&gt;Live-Musik &amp; Interaktion:&lt;\/strong&gt; Ada Meinich&lt;\/span&gt;&lt;\/p&gt; &lt;p align=&quot;left&quot;&gt;&lt;span style=&quot;font-family: Times New Roman, serif;&quot;&gt;&lt;span style=&quot;font-size: small;&quot;&gt;&lt;strong&gt;Co-Choreographie:&lt;\/strong&gt; Simona Kortenhaus&lt;\/span&gt;&lt;\/span&gt;&lt;\/p&gt; &lt;p align=&quot;left&quot;&gt;&lt;span style=&quot;font-family: Times New Roman, serif;&quot;&gt;&lt;span style=&quot;font-size: small;&quot;&gt;&lt;strong&gt;Kost\u00fcme:&lt;\/strong&gt; Verena Haerdi&lt;\/span&gt;&lt;\/span&gt;&lt;\/p&gt; &lt;p align=&quot;left&quot;&gt;&lt;span style=&quot;font-family: Times New Roman, serif;&quot;&gt;&lt;span style=&quot;font-size: small;&quot;&gt;&lt;strong&gt;Produktionassistenz:&lt;\/strong&gt; Mathilde Bonte&lt;\/span&gt;&lt;\/span&gt;&lt;\/p&gt; &lt;p align=&quot;left&quot;&gt;&lt;span style=&quot;font-family: Times New Roman, serif;&quot;&gt;&lt;span style=&quot;font-size: small;&quot;&gt;&lt;b&gt;Website: &lt;\/b&gt;&lt;a href=&quot;https:\/\/antajouperformances.com\/&quot;&gt;https:\/\/antajouperformances.com\/&lt;\/a&gt;&lt;\/span&gt;&lt;\/span&gt;&lt;\/p&gt; &lt;p align=&quot;left&quot;&gt;&lt;span style=&quot;font-family: Times New Roman, serif;&quot;&gt;&lt;span style=&quot;font-size: small;&quot;&gt;&lt;strong&gt;Biographie:&lt;\/strong&gt; Tabea und Andrea haben sich 2015 im Studium der Philosophie, Kulturreflexion und kulturellen Praxis durch zeitgen\u00f6ssischen Tanz und Tanzimprovisation kennengelernt. Seitdem kreieren sie in unterschiedlichen Konstellationen k\u00fcnstlerische, t\u00e4nzerische und immersive Performances, die mit Vertrautheit und Humor spielen. Zwischen Physical Theater und Tanz haben sie ihre eigene Bewegungssprache entwickelt und sie lieben die Begegnung mit jedem Publikum. Seit 2026 arbeiten sie mit der Violinistin Ada Meinich, die mit ihren Zauberkl\u00e4ngen Kinder und Erwachsene in den Bann zieht. Sie arbeiten zwischen Basel und Heidelberg.&lt;\/span&gt;&lt;\/span&gt;&lt;\/p&gt; &lt;p&gt;&nbsp;&lt;\/p&gt; &lt;p align=&quot;left&quot;&gt;&lt;span style=&quot;font-family: Times New Roman, serif;&quot;&gt;&lt;span style=&quot;font-size: small;&quot;&gt;Imagine\u2014little wonders are hiding everywhere in the meadow and the river! Can you hear the splashing of the water? The buzzing in the air?&lt;\/span&gt;&lt;\/span&gt;&lt;\/p&gt; &lt;p align=&quot;left&quot;&gt;&lt;span style=&quot;font-family: Times New Roman, serif;&quot;&gt;&lt;span style=&quot;font-size: small;&quot;&gt;Two dancers and a musician discover the beauty of nature together with the audience, repeatedly transforming into new, glittering, and colorful creatures. Let\u2019s listen together and discover the many wonders!&lt;\/span&gt;&lt;\/span&gt;&lt;\/p&gt; &lt;p align=&quot;left&quot;&gt;&lt;span style=&quot;font-family: Times New Roman, serif;&quot;&gt;&lt;span style=&quot;font-size: small;&quot;&gt;Supported by LaFT Baden-W\u00fcrttemberg, the Heidelberg Cultural Office, Stiftung Erlebnis Kunst, Kulturf\u00f6rderung Basel Lab, and Tanzfest Basel.&lt;\/span&gt;&lt;\/span&gt;&lt;\/p&gt; &lt;p align=&quot;left&quot;&gt;&lt;span style=&quot;font-family: Times New Roman, serif;&quot;&gt;&lt;span style=&quot;font-size: small;&quot;&gt;&lt;b&gt;Language&lt;\/b&gt;: nonverbal&lt;\/span&gt;&lt;\/span&gt;&lt;\/p&gt; &lt;p align=&quot;left&quot;&gt;&lt;span style=&quot;font-family: Times New Roman, serif;&quot;&gt;&lt;span style=&quot;font-size: small;&quot;&gt;&lt;strong&gt;Concept, Choreography &amp; Dance:&lt;\/strong&gt; Andrea Kreisel &amp; Tabea Gregory&lt;\/span&gt;&lt;\/span&gt;&lt;\/p&gt; &lt;p align=&quot;left&quot;&gt;&lt;span style=&quot;font-size: small; font-family: &#039;Times New Roman&#039;, serif;&quot;&gt;&lt;strong&gt;Live-Music &amp; Interaction:&lt;\/strong&gt; Ada Meinich&lt;\/span&gt;&lt;\/p&gt; &lt;p align=&quot;left&quot;&gt;&lt;span style=&quot;font-family: Times New Roman, serif;&quot;&gt;&lt;span style=&quot;font-size: small;&quot;&gt;&lt;strong&gt;Co-Choreography:&lt;\/strong&gt; Simona Kortenhaus&lt;\/span&gt;&lt;\/span&gt;&lt;\/p&gt; &lt;p align=&quot;left&quot;&gt;&lt;span style=&quot;font-family: Times New Roman, serif;&quot;&gt;&lt;span style=&quot;font-size: small;&quot;&gt;&lt;strong&gt;Costumes:&lt;\/strong&gt; Verena Haerdi&lt;\/span&gt;&lt;\/span&gt;&lt;\/p&gt; &lt;p align=&quot;left&quot;&gt;&lt;span style=&quot;font-family: Times New Roman, serif;&quot;&gt;&lt;span style=&quot;font-size: small;&quot;&gt;&lt;strong&gt;Production Assistant:&lt;\/strong&gt; Mathilde Bonte&lt;\/span&gt;&lt;\/span&gt;&lt;\/p&gt; &lt;p align=&quot;left&quot;&gt;&lt;span style=&quot;font-family: Times New Roman, serif;&quot;&gt;&lt;span style=&quot;font-size: small;&quot;&gt;&lt;b&gt;Website: &lt;\/b&gt;&lt;a href=&quot;https:\/\/antajouperformances.com\/&quot;&gt;https:\/\/antajouperformances.com&lt;\/a&gt;\/&lt;\/span&gt;&lt;\/span&gt;&lt;\/p&gt; &lt;p align=&quot;left&quot;&gt;&lt;span style=&quot;font-family: Times New Roman, serif;&quot;&gt;&lt;span style=&quot;font-size: small;&quot;&gt;&lt;strong&gt;Biography:&lt;\/strong&gt; Tabea and Andrea met in 2015 while studying philosophy, cultural reflection, and cultural practice, connecting through contemporary dance and dance improvisation. Since then, they have collaborated in various configurations to create artistic, dance-based, and immersive performances that play with familiarity and humor. Blending physical theater and dance, they have developed their own unique movement language and love engaging with every audience. Since 2026, they have been working with violinist Ada Meinich, whose enchanting sounds captivate both children and adults. They work between Basel and Heidelberg.&lt;\/span&gt;&lt;\/span&gt;&lt;\/p&gt; \",\r\n            \"image\": \"https:\/\/iftf-frankfurt.com\/wp-content\/uploads\/sites\/2\/Wunderwesen.jpg\",\r\n            \"name\": \"Wunderwesen\",\r\n            \"url\": \"https:\/\/iftf-frankfurt.com\/en\/events\/wunderwesen\/\"\r\n        }\r\n        <\/script>\r\n                            <article  data-href=\"https:\/\/iftf-frankfurt.com\/en\/events\/wunderwesen\/\" data-target=\"m1\" style=\"background:#e273af url('https:\/\/iftf-frankfurt.com\/wp-content\/uploads\/sites\/2\/Wunderwesen-300x400.jpg')\" class=\" mec-event-article mec-tile-item  mec-clear   \">\r\n                                                                        <div class=\"event-tile-view-head clearfix\">\r\n                                                            <div class=\"mec-event-month\"><span class=\"mec-start-date-label\" itemprop=\"startDate\">20 Sep<\/span><\/div>\r\n                                                        <div class=\"mec-event-time\"><i class=\"mec-sl-clock\"><\/i>16:30<\/div>\r\n                        <\/div>\r\n                        <div class=\"mec-event-content\" data-target=\"m1\" data-event-id=\"26635\">\r\n                            <a href=\"https:\/\/iftf-frankfurt.com\/en\/events\/wunderwesen\/\" target=\"m1\" class=\"mec-tile-into-content-link\"><\/a>                            <div class=\"mec-tile-event-content\">\r\n                                <div class=\"mec-event-detail\">\r\n                                                                                                            <span class=\"mec-event-loc-place\"><i class=\"mec-sl-location-pin\"><\/i>KULTURGEL\u00c4NDE PROTAGON<\/span>                                                                    <\/div>\r\n                                                                <h4 class=\"mec-event-title\"><a class=\"mec-color-hover\"  data-event-id=\"26635\" href=\"https:\/\/iftf-frankfurt.com\/en\/events\/wunderwesen\/\" target=\"m1\" rel=\"noopener\">Wunderwesen<\/a><\/h4>\r\n                                                            <\/div>\r\n                        <\/div>\r\n                    <\/article>\r\n                <\/div>            <div class=\"col-md-4 col-sm-4\">        <script type=\"application\/ld+json\">\r\n        {\r\n            \"@context\": \"http:\/\/schema.org\",\r\n            \"@type\": \"Event\",\r\n            \"eventStatus\": \"https:\/\/schema.org\/EventScheduled\",\r\n            \"startDate\": \"2026-09-20\",\r\n            \"endDate\": \"2026-09-20\",\r\n            \"eventAttendanceMode\": \"https:\/\/schema.org\/OfflineEventAttendanceMode\",\r\n            \"location\":\r\n            {\r\n                \"@type\": \"Place\",\r\n                                \"name\": \"KULTURGEL\u00c4NDE PROTAGON\",\r\n                \"image\": \"\",\r\n                \"address\": \"Orber Stra\u00dfe 57, 60386 Frankfurt am Main\"\r\n                            },\r\n            \"organizer\":\r\n            {\r\n                \"@type\": \"Person\",\r\n                \"name\": \"\",\r\n                \"url\": \"\"\r\n            },\r\n            \"offers\":\r\n            {\r\n                \"url\": \"https:\/\/iftf-frankfurt.com\/en\/events\/roda-de-capoeira-fuer-und-von-frauen\/\",\r\n                \"price\": \"\",\r\n                \"priceCurrency\": \"USD\",\r\n                \"availability\": \"https:\/\/schema.org\/InStock\",\r\n                \"validFrom\": \"2026-09-20T00:00\"\r\n            },\r\n            \"performer\": \"\",\r\n            \"description\": \"&lt;p align=&quot;left&quot;&gt;&lt;span style=&quot;font-family: Times New Roman, serif;&quot;&gt;&lt;span style=&quot;font-size: small;&quot;&gt;CAPOEIRA NAVIO&lt;\/span&gt;&lt;\/span&gt;&lt;\/p&gt; &lt;p align=&quot;left&quot;&gt;&lt;span style=&quot;font-family: Times New Roman, serif;&quot;&gt;&lt;span style=&quot;font-size: small;&quot;&gt;Capoeira ist eine afro-brasilianische Kunstform, die Bewegung, Rhythmus und Tradition miteinander verbindet. Sie wird in zwei Hauptstilen praktiziert: Capoeira Angola, der traditionellen Form, die f\u00fcr ihre langsameren, verspielteren und t\u00e4nzerischen Bewegungen bekannt ist, und Capoeira Regional, dem modernen Stil, der sich durch schnellere, dynamischere und k\u00e4mpferischere Techniken auszeichnet.&lt;\/span&gt;&lt;\/span&gt;&lt;\/p&gt; &lt;p align=&quot;left&quot;&gt;&lt;span style=&quot;font-family: Times New Roman, serif;&quot;&gt;&lt;span style=&quot;font-size: small;&quot;&gt;Diese Roda hei\u00dft Frauen* aller Capoeira-Stile willkommen.&lt;\/span&gt;&lt;\/span&gt;&lt;\/p&gt; &lt;p align=&quot;left&quot;&gt;&lt;span style=&quot;font-family: Times New Roman, serif;&quot;&gt;&lt;span style=&quot;font-size: small;&quot;&gt;Kommt zusammen, spielt gemeinsam und teilt die Energie der Roda.&lt;\/span&gt;&lt;\/span&gt;&lt;\/p&gt; &lt;p&gt;&nbsp;&lt;\/p&gt; &lt;p align=&quot;left&quot;&gt;&lt;span style=&quot;font-family: Times New Roman, serif;&quot;&gt;&lt;span style=&quot;font-size: small;&quot;&gt;Capoeira is an Afro-Brazilian art form that blends movement, rhythm, and tradition. It is practised in two main styles: Capoeira Angola, the traditional form known for its slower, more playful and dance-like movements, and Capoeira Regional, the modern style characterised by faster, more dynamic and combative techniques.&lt;\/span&gt;&lt;\/span&gt;&lt;\/p&gt; &lt;p align=&quot;left&quot;&gt;&lt;span style=&quot;font-family: Times New Roman, serif;&quot;&gt;&lt;span style=&quot;font-size: small;&quot;&gt;This roda welcomes womxn from all Capoeira styles.&lt;\/span&gt;&lt;\/span&gt;&lt;\/p&gt; &lt;p align=&quot;left&quot;&gt;&lt;span style=&quot;font-family: Times New Roman, serif;&quot;&gt;&lt;span style=&quot;font-size: small;&quot;&gt;Come together, play together and share the energy of the roda.&lt;\/span&gt;&lt;\/span&gt;&lt;\/p&gt; \",\r\n            \"image\": \"https:\/\/iftf-frankfurt.com\/wp-content\/uploads\/sites\/2\/IFTF_2024_22_09_KatharinaDubno_A5A5004-scaled.jpg\",\r\n            \"name\": \"RODA de Capoeira f\u00fcr und von Frauen*\",\r\n            \"url\": \"https:\/\/iftf-frankfurt.com\/en\/events\/roda-de-capoeira-fuer-und-von-frauen\/\"\r\n        }\r\n        <\/script>\r\n                            <article  data-href=\"https:\/\/iftf-frankfurt.com\/en\/events\/roda-de-capoeira-fuer-und-von-frauen\/\" data-target=\"m1\" style=\"background:#e23c95 url('https:\/\/iftf-frankfurt.com\/wp-content\/uploads\/sites\/2\/IFTF_2024_22_09_KatharinaDubno_A5A5004-300x400.jpg')\" class=\" mec-event-article mec-tile-item  mec-clear   \">\r\n                                                                        <div class=\"event-tile-view-head clearfix\">\r\n                                                            <div class=\"mec-event-month\"><span class=\"mec-start-date-label\" itemprop=\"startDate\">20 Sep<\/span><\/div>\r\n                                                        <div class=\"mec-event-time\"><i class=\"mec-sl-clock\"><\/i>17:00<\/div>\r\n                        <\/div>\r\n                        <div class=\"mec-event-content\" data-target=\"m1\" data-event-id=\"26643\">\r\n                            <a href=\"https:\/\/iftf-frankfurt.com\/en\/events\/roda-de-capoeira-fuer-und-von-frauen\/\" target=\"m1\" class=\"mec-tile-into-content-link\"><\/a>                            <div class=\"mec-tile-event-content\">\r\n                                <div class=\"mec-event-detail\">\r\n                                                                                                            <span class=\"mec-event-loc-place\"><i class=\"mec-sl-location-pin\"><\/i>KULTURGEL\u00c4NDE PROTAGON<\/span>                                                                    <\/div>\r\n                                                                <h4 class=\"mec-event-title\"><a class=\"mec-color-hover\"  data-event-id=\"26643\" href=\"https:\/\/iftf-frankfurt.com\/en\/events\/roda-de-capoeira-fuer-und-von-frauen\/\" target=\"m1\" rel=\"noopener\">RODA de Capoeira f\u00fcr und von Frauen*<\/a><\/h4>\r\n                                                            <\/div>\r\n                        <\/div>\r\n                    <\/article>\r\n                <\/div><\/div>            <div class=\"row\"><div class=\"col-md-4 col-sm-4\">        <script type=\"application\/ld+json\">\r\n        {\r\n            \"@context\": \"http:\/\/schema.org\",\r\n            \"@type\": \"Event\",\r\n            \"eventStatus\": \"https:\/\/schema.org\/EventScheduled\",\r\n            \"startDate\": \"2026-09-20\",\r\n            \"endDate\": \"2026-09-20\",\r\n            \"eventAttendanceMode\": \"https:\/\/schema.org\/OfflineEventAttendanceMode\",\r\n            \"location\":\r\n            {\r\n                \"@type\": \"Place\",\r\n                                \"name\": \"KULTURGEL\u00c4NDE PROTAGON\",\r\n                \"image\": \"\",\r\n                \"address\": \"Orber Stra\u00dfe 57, 60386 Frankfurt am Main\"\r\n                            },\r\n            \"organizer\":\r\n            {\r\n                \"@type\": \"Person\",\r\n                \"name\": \"\",\r\n                \"url\": \"\"\r\n            },\r\n            \"offers\":\r\n            {\r\n                \"url\": \"https:\/\/iftf-frankfurt.com\/en\/events\/fish-shoal-invitation-shoal-of-somatic-attunement-with-slack-tide-or-tidal-standstill-slack-tide\/\",\r\n                \"price\": \"\",\r\n                \"priceCurrency\": \"USD\",\r\n                \"availability\": \"https:\/\/schema.org\/InStock\",\r\n                \"validFrom\": \"2026-09-20T00:00\"\r\n            },\r\n            \"performer\": \"\",\r\n            \"description\": \"&lt;p align=&quot;left&quot;&gt;&lt;strong&gt;&lt;span style=&quot;font-family: Times New Roman, serif;&quot;&gt;&lt;span style=&quot;font-size: medium;&quot;&gt;&lt;strong&gt;Die Gezeitenpausen&lt;\/strong&gt;&lt;\/span&gt;&lt;\/span&gt;&lt;\/strong&gt;&lt;\/p&gt; &lt;p align=&quot;left&quot;&gt;&lt;span style=&quot;font-family: Times New Roman, serif;&quot;&gt;&lt;span style=&quot;font-size: small;&quot;&gt;Prof. Dr. Ciane Fernandes &amp; public participation&lt;\/span&gt;&lt;\/span&gt;&lt;\/p&gt; &lt;p align=&quot;left&quot;&gt;&lt;span style=&quot;font-size: small;&quot;&gt;&#8220;ENG below&#8221;&lt;\/span&gt;&lt;\/p&gt; &lt;p align=&quot;left&quot;&gt;&lt;span style=&quot;font-family: Times New Roman, serif;&quot;&gt;&lt;span style=&quot;font-size: small;&quot;&gt;Eine einf\u00fchlsame kollektive Einstimmung w\u00e4hrend der Gezeitenpause im deutschen Meer, an verschiedenen Tagen des Festivals und offen f\u00fcr die Teilnahme des Publikums.&lt;\/span&gt;&lt;\/span&gt;&lt;\/p&gt; &lt;p align=&quot;left&quot;&gt;&lt;span style=&quot;font-family: Times New Roman, serif;&quot;&gt;Die Gezeitenpause bezeichnet den kurzen Moment zwischen Ebbe und Flut, in dem sich der Wasserstand kaum ver\u00e4ndert. Durch die Bewegung des Mondes um die Erde verschiebt sich dieser Zeitpunkt t\u00e4glich um etwa 50 Minuten, sodass die Performance jeden Tag zu einer anderen Zeit stattfindet.&lt;\/span&gt;&lt;\/p&gt; &lt;p align=&quot;left&quot;&gt;&lt;span style=&quot;font-family: Times New Roman, serif;&quot;&gt;Wie k\u00f6nnen wir koloniale, fragmentierte Zeit und unterteilte R\u00e4ume aufl\u00f6sen und in einem Zwischenraum-Zeit-Kontinuum schweben \u2013 als ein sich ausbreitender, spiralf\u00f6rmiger, weiblicher und flie\u00dfender Zustand, tief verbunden mit den Rhythmen der Gezeiten?&lt;\/span&gt;&lt;\/p&gt; &lt;p&gt;&nbsp;&lt;\/p&gt; &lt;p align=&quot;left&quot;&gt;&lt;span style=&quot;font-family: Times New Roman, serif;&quot;&gt;&lt;span style=&quot;font-size: small;&quot;&gt;A sensitive collective attunement during the slack tide of the German ocean during intermission moments in different days of the festival, open to public participation. The &lt;b&gt;slack tide&lt;\/b&gt;, also known as &lt;b&gt;tidal standstill &lt;\/b&gt;or&lt;b&gt; tidal pause&lt;\/b&gt;, is a natural phenomenon that happens between high and low tides, characterized by a short period of time when there is no change in water level. It happens with a change of 50 minutes from one day to the next, due to the movement of the moon around the earth, so the performance will happen at different moments each day. How can we melt colonial fragmented time and compartmentalized space, and float on an in-between spacetime continuum as a spread-out spiraling feminine fluid state deeply connected to these tidal rhythms?&lt;\/span&gt;&lt;\/span&gt;&lt;\/p&gt; &lt;p align=&quot;left&quot;&gt;&lt;img decoding=&quot;async&quot; class=&quot;alignnone size-medium wp-image-26945&quot; src=&quot;https:\/\/iftf-frankfurt.com\/wp-content\/uploads\/sites\/2\/unnamed-300x126.jpg&quot; alt=&quot;&quot; width=&quot;300&quot; height=&quot;126&quot; srcset=&quot;https:\/\/iftf-frankfurt.com\/wp-content\/uploads\/sites\/2\/unnamed-300x126.jpg 300w, https:\/\/iftf-frankfurt.com\/wp-content\/uploads\/sites\/2\/unnamed.jpg 512w&quot; sizes=&quot;(max-width: 300px) 100vw, 300px&quot; \/&gt;&lt;\/p&gt; \",\r\n            \"image\": \"\",\r\n            \"name\": \"FISH SHOAL INVITATION: SHOAL OF SOMATIC ATTUNEMENT WITH SLACK TIDE OR TIDAL STANDSTILL.  SLACK TIDE\",\r\n            \"url\": \"https:\/\/iftf-frankfurt.com\/en\/events\/fish-shoal-invitation-shoal-of-somatic-attunement-with-slack-tide-or-tidal-standstill-slack-tide\/\"\r\n        }\r\n        <\/script>\r\n                            <article  data-href=\"https:\/\/iftf-frankfurt.com\/en\/events\/fish-shoal-invitation-shoal-of-somatic-attunement-with-slack-tide-or-tidal-standstill-slack-tide\/\" data-target=\"m1\" style=\"background:#e23c95\" class=\" mec-event-article mec-tile-item  mec-clear   \">\r\n                                                                        <div class=\"event-tile-view-head clearfix\">\r\n                                                            <div class=\"mec-event-month\"><span class=\"mec-start-date-label\" itemprop=\"startDate\">20 Sep<\/span><\/div>\r\n                                                        <div class=\"mec-event-time\"><i class=\"mec-sl-clock\"><\/i>17:00<\/div>\r\n                        <\/div>\r\n                        <div class=\"mec-event-content\" data-target=\"m1\" data-event-id=\"27138\">\r\n                            <a href=\"https:\/\/iftf-frankfurt.com\/en\/events\/fish-shoal-invitation-shoal-of-somatic-attunement-with-slack-tide-or-tidal-standstill-slack-tide\/\" target=\"m1\" class=\"mec-tile-into-content-link\"><\/a>                            <div class=\"mec-tile-event-content\">\r\n                                <div class=\"mec-event-detail\">\r\n                                                                                                            <span class=\"mec-event-loc-place\"><i class=\"mec-sl-location-pin\"><\/i>KULTURGEL\u00c4NDE PROTAGON<\/span>                                                                    <\/div>\r\n                                                                <h4 class=\"mec-event-title\"><a class=\"mec-color-hover\"  data-event-id=\"27138\" href=\"https:\/\/iftf-frankfurt.com\/en\/events\/fish-shoal-invitation-shoal-of-somatic-attunement-with-slack-tide-or-tidal-standstill-slack-tide\/\" target=\"m1\" rel=\"noopener\">FISH SHOAL INVITATION: SHOAL OF SOMATIC ATTUNEMENT WITH SLACK TIDE OR TIDAL STANDSTILL.  SLACK TIDE<\/a><\/h4>\r\n                                                            <\/div>\r\n                        <\/div>\r\n                    <\/article>\r\n                <\/div>            <div class=\"col-md-4 col-sm-4\">        <script type=\"application\/ld+json\">\r\n        {\r\n            \"@context\": \"http:\/\/schema.org\",\r\n            \"@type\": \"Event\",\r\n            \"eventStatus\": \"https:\/\/schema.org\/EventScheduled\",\r\n            \"startDate\": \"2026-09-20\",\r\n            \"endDate\": \"2026-09-20\",\r\n            \"eventAttendanceMode\": \"https:\/\/schema.org\/OfflineEventAttendanceMode\",\r\n            \"location\":\r\n            {\r\n                \"@type\": \"Place\",\r\n                                \"name\": \"FOYER INDOOR B\u00dcHNE\",\r\n                \"image\": \"\",\r\n                \"address\": \"PROTAGON CULTURAL CENTRE \u2013 Orber Stra\u00dfe 57, 60386 Frankfurt am Main\"\r\n                            },\r\n            \"organizer\":\r\n            {\r\n                \"@type\": \"Person\",\r\n                \"name\": \"\",\r\n                \"url\": \"\"\r\n            },\r\n            \"offers\":\r\n            {\r\n                \"url\": \"https:\/\/iftf-frankfurt.com\/en\/events\/feministischer-literatursalon-mit-musik-stimmen-aus-brasilien\/\",\r\n                \"price\": \"\",\r\n                \"priceCurrency\": \"USD\",\r\n                \"availability\": \"https:\/\/schema.org\/InStock\",\r\n                \"validFrom\": \"2026-09-20T00:00\"\r\n            },\r\n            \"performer\": \"\",\r\n            \"description\": \"&lt;p align=&quot;left&quot;&gt;&lt;span style=&quot;font-size: small;&quot;&gt;&#8220;ENG below&#8221;&lt;\/span&gt;&lt;\/p&gt; &lt;p align=&quot;left&quot;&gt;&lt;span style=&quot;font-family: Times New Roman, serif;&quot;&gt;&lt;span style=&quot;font-size: small;&quot;&gt;Der Feministische Salon l\u00e4dt zu einem Abend voller Stimmen, Ideen und Kreati-&lt;br \/&gt; vit\u00e4t ein. Im Mittelpunkt dieser Ausgabe steht das Festivalthema \u201eFeminist Democracy\u201c. Die Veranstaltung schafft einen besonderen Raum f\u00fcr Frauen* und ihre Literaturen, Geschichten, Perspektiven und vielf\u00e4ltigen k\u00fcnstlerischen Ausdrucksformen. Brasilianische Spoken-Word-K\u00fcnstlerinnen und Autorinnen geben Einblicke in ihre literarischen Werke und teilen Ausz\u00fcge aus Gedichten und Prosatexten, musikalisch begleitet von Tina Freitas. Ein Abend mit Begegnung und Austausch zwischen Kontinenten, Sprachen und migrantischen Lebenswelten. Die Texte werden auf Portugiesisch gelesen und f\u00fcr das Publikum ins Deutsche \u00fcbersetzt. &lt;\/span&gt;&lt;\/span&gt;&lt;\/p&gt; &lt;p align=&quot;left&quot;&gt;&lt;span style=&quot;font-family: Times New Roman, serif;&quot;&gt;&lt;span style=&quot;font-size: small;&quot;&gt;Mit Ana Gra\u00e7a Wittkowski, Maria Mazarelo, Bet\u00e2nia Ramos Schr\u00f6der, Rita Rios, Terezinha Malaquias, Lilian dos Santos und Silvana Carvalho&lt;\/span&gt;&lt;\/span&gt;&lt;\/p&gt; &lt;p&gt;&nbsp;&lt;\/p&gt; &lt;p align=&quot;left&quot;&gt;&lt;span style=&quot;font-family: Times New Roman, serif;&quot;&gt;&lt;span style=&quot;font-size: small;&quot;&gt;The Feminist Salon invites you to an evening full of voices, ideas and creativity.&lt;br \/&gt; This edition centres on the festival theme \u2018Feminist Democracy\u2019. The event creates a special space for women* and their literature, stories, perspectives and diverse forms of artistic expression. Brazilian spoken-word artists and authors will offer insights into their literary works and share extracts from poems and prose, accompanied musically by Tina Freitas. An evening of encounters and exchange across continents, languages and migrant communities. The texts will be read in Portuguese and translated into German for the audience.&lt;\/span&gt;&lt;\/span&gt;&lt;\/p&gt; &lt;p align=&quot;left&quot;&gt;&lt;span style=&quot;font-family: Times New Roman, serif;&quot;&gt;&lt;span style=&quot;font-size: small;&quot;&gt;With Ana Gra\u00e7a Wittkowski, Maria Mazarelo, Bet\u00e2nia Ramos Schr\u00f6der, Rita Rios, Terezinha Malaquias, Lilian dos Santos und Silvana Carvalho&lt;\/span&gt;&lt;\/span&gt;&lt;\/p&gt; \",\r\n            \"image\": \"https:\/\/iftf-frankfurt.com\/wp-content\/uploads\/sites\/2\/8A8B9881-2FF3-4084-AD1E-33F3B5FAA3B2-scaled.jpeg\",\r\n            \"name\": \"Feministischer Literatursalon mit Musik- Stimmen aus Brasilien\",\r\n            \"url\": \"https:\/\/iftf-frankfurt.com\/en\/events\/feministischer-literatursalon-mit-musik-stimmen-aus-brasilien\/\"\r\n        }\r\n        <\/script>\r\n                            <article  data-href=\"https:\/\/iftf-frankfurt.com\/en\/events\/feministischer-literatursalon-mit-musik-stimmen-aus-brasilien\/\" data-target=\"m1\" style=\"background:#e23c95 url('https:\/\/iftf-frankfurt.com\/wp-content\/uploads\/sites\/2\/8A8B9881-2FF3-4084-AD1E-33F3B5FAA3B2-300x400.jpeg')\" class=\" mec-event-article mec-tile-item  mec-clear   \">\r\n                                                                        <div class=\"event-tile-view-head clearfix\">\r\n                                                            <div class=\"mec-event-month\"><span class=\"mec-start-date-label\" itemprop=\"startDate\">20 Sep<\/span><\/div>\r\n                                                        <div class=\"mec-event-time\"><i class=\"mec-sl-clock\"><\/i>18:30<\/div>\r\n                        <\/div>\r\n                        <div class=\"mec-event-content\" data-target=\"m1\" data-event-id=\"26647\">\r\n                            <a href=\"https:\/\/iftf-frankfurt.com\/en\/events\/feministischer-literatursalon-mit-musik-stimmen-aus-brasilien\/\" target=\"m1\" class=\"mec-tile-into-content-link\"><\/a>                            <div class=\"mec-tile-event-content\">\r\n                                <div class=\"mec-event-detail\">\r\n                                                                                                            <span class=\"mec-event-loc-place\"><i class=\"mec-sl-location-pin\"><\/i>FOYER INDOOR B\u00dcHNE<\/span>                                                                    <\/div>\r\n                                                                <h4 class=\"mec-event-title\"><a class=\"mec-color-hover\"  data-event-id=\"26647\" href=\"https:\/\/iftf-frankfurt.com\/en\/events\/feministischer-literatursalon-mit-musik-stimmen-aus-brasilien\/\" target=\"m1\" rel=\"noopener\">Feministischer Literatursalon mit Musik- Stimmen aus Brasilien<\/a><\/h4>\r\n                                                            <\/div>\r\n                        <\/div>\r\n                    <\/article>\r\n                <\/div>            <div class=\"col-md-4 col-sm-4\">        <script type=\"application\/ld+json\">\r\n        {\r\n            \"@context\": \"http:\/\/schema.org\",\r\n            \"@type\": \"Event\",\r\n            \"eventStatus\": \"https:\/\/schema.org\/EventScheduled\",\r\n            \"startDate\": \"2026-09-20\",\r\n            \"endDate\": \"2026-09-20\",\r\n            \"eventAttendanceMode\": \"https:\/\/schema.org\/OfflineEventAttendanceMode\",\r\n            \"location\":\r\n            {\r\n                \"@type\": \"Place\",\r\n                                \"name\": \"INDOOR STAGE PROTAGON\",\r\n                \"image\": \"\",\r\n                \"address\": \"PROTAGON CULTURAL CENTRE \u2013 Orber Stra\u00dfe 57, 60386 Frankfurt am Main\"\r\n                            },\r\n            \"organizer\":\r\n            {\r\n                \"@type\": \"Person\",\r\n                \"name\": \"\",\r\n                \"url\": \"\"\r\n            },\r\n            \"offers\":\r\n            {\r\n                \"url\": \"https:\/\/iftf-frankfurt.com\/en\/events\/pussy-slime-power-against-predatory-totalitarism\/\",\r\n                \"price\": \"\",\r\n                \"priceCurrency\": \"USD\",\r\n                \"availability\": \"https:\/\/schema.org\/InStock\",\r\n                \"validFrom\": \"2026-09-20T00:00\"\r\n            },\r\n            \"performer\": \"\",\r\n            \"description\": \"&lt;p align=&quot;left&quot;&gt;&lt;span style=&quot;font-family: Times New Roman, serif;&quot;&gt;&lt;span style=&quot;font-size: small;&quot;&gt;Mateja Meded&lt;\/span&gt;&lt;\/span&gt;&lt;\/p&gt; &lt;p align=&quot;left&quot;&gt;&lt;span style=&quot;font-family: Times New Roman, serif;&quot;&gt;&lt;span style=&quot;font-size: small;&quot;&gt;Ein autofiktionaler Solo-Abend von und mit Mateja Meded. Erz\u00e4hlt wird die Geschichte eines &#8220;Aliens&#8221;: ein Kind, das vor dem Krieg nach Deutschland flieht, und heute als K\u00fcnstlerin im deutschen Kulturbetrieb gegen Klassismus, Gentrifizierung und die Vereinnahmung ihrer Geschichte durch selbsternannt &#8220;diverse&#8221; Kulturschaffende ank\u00e4mpft. Ihre Warnung an die Gentrifizierer: &#8220;be aware of the yogastudios.&#8221;&lt;\/span&gt;&lt;\/span&gt;&lt;\/p&gt; &lt;p align=&quot;left&quot;&gt;&lt;span style=&quot;font-family: Times New Roman, serif;&quot;&gt;&lt;span style=&quot;font-size: small;&quot;&gt;Vor allem aber ist dieser Abend ein Befreiungsschlag: die Emanzipation davon, gefallen zu wollen, die &#8220;gute Ausl\u00e4nderin&#8221; zu spielen und sich f\u00fcrs Dazugeh\u00f6ren klein zu machen. Ein St\u00fcck gegen Habitus-Passing \u2013 dagegen, sich an Codes anzupassen, die nie f\u00fcr einen gemacht wurden.&lt;\/span&gt;&lt;\/span&gt;&lt;\/p&gt; &lt;p align=&quot;left&quot;&gt;&lt;span style=&quot;font-family: Times New Roman, serif;&quot;&gt;&lt;span style=&quot;font-size: small;&quot;&gt;Kommt vorbei f\u00fcr einen Abend voller Wut, Witz und Empowerment. Von uns f\u00fcr uns. &lt;\/span&gt;&lt;\/span&gt;&lt;\/p&gt; &lt;p align=&quot;left&quot;&gt;&lt;span style=&quot;font-family: Times New Roman, serif;&quot;&gt;&lt;span style=&quot;font-size: small;&quot;&gt;F\u00fcr alle, die als das Andere markiert werden.&lt;\/span&gt;&lt;\/span&gt;&lt;\/p&gt; &lt;p align=&quot;left&quot;&gt;&lt;span style=&quot;font-family: Times New Roman, serif;&quot;&gt;&lt;span style=&quot;font-size: small;&quot;&gt;&lt;strong&gt;Sprache:&lt;\/strong&gt; Deutsch mit Englischen Untertiteln&lt;\/span&gt;&lt;\/span&gt;&lt;\/p&gt; &lt;p align=&quot;left&quot;&gt;&lt;span style=&quot;font-family: Times New Roman, serif;&quot;&gt;&lt;span style=&quot;font-size: small;&quot;&gt;&lt;strong&gt;B\u00fchne, Text, Regie, Kost\u00fcm, Spiel, Videos:&lt;\/strong&gt; Mateja Meded &lt;\/span&gt;&lt;\/span&gt;&lt;\/p&gt; &lt;p align=&quot;left&quot;&gt;&lt;span style=&quot;font-family: Times New Roman, serif;&quot;&gt;&lt;span style=&quot;font-size: small;&quot;&gt;&lt;strong&gt;Dramaturgie:&lt;\/strong&gt; Anna Laner.&lt;\/span&gt;&lt;\/span&gt;&lt;\/p&gt; &lt;p align=&quot;left&quot;&gt;&lt;span style=&quot;font-family: Times New Roman, serif;&quot;&gt;&lt;span style=&quot;font-size: small;&quot;&gt;&lt;strong&gt;Produktion:&lt;\/strong&gt; Mateja Meded, Kosmos Theater, Wiener Festwochen.&lt;\/span&gt;&lt;\/span&gt;&lt;\/p&gt; &lt;p align=&quot;left&quot;&gt;&lt;span style=&quot;font-family: &#039;Times New Roman&#039;, serif; font-size: small;&quot;&gt;Teil des internationalen Prosperoprogramms.&lt;\/span&gt;&lt;\/p&gt; &lt;p align=&quot;left&quot;&gt;&lt;span style=&quot;font-family: Times New Roman, serif;&quot;&gt;&lt;span style=&quot;font-size: small;&quot;&gt;&lt;b&gt;Biographie: &lt;\/b&gt;Mateja Meded ist ghettolektuelle K\u00fcnstlerin. Sie arbeitet als Schauspielerin, Autorin, Regisseurin und Filmemacherin, geboren in Jugoslawien, lebt seit 1992 in Deutschland. W\u00e4hrend ihres Studiums an der Filmuniversit\u00e4t Babelsberg KONRAD WOLF, arbeitete sie bereits am Maxim Gorki Theater Berlin arbeitete. &lt;\/span&gt;&lt;\/span&gt;&lt;\/p&gt; &lt;p align=&quot;left&quot;&gt;&lt;span style=&quot;font-family: Times New Roman, serif;&quot;&gt;&lt;span style=&quot;font-size: small;&quot;&gt;Ihre Inszenierung &#8220;keeping up with the penthesileas-from white feminism to neoliberal feminism&#8221;, wo sie Schauspielerin, Koregisseurin und Koautorin war, wurde in Z\u00fcrich hoch gelobt und gefeiert. 2025 inszenierte sie am Schauspiel Stuttgart die Urauff\u00fchrung von &#8220;KI essen Seele auf (Orpheai)&#8221;, die ebenfalls hoch gelobt wurde.&lt;\/span&gt;&lt;\/span&gt;&lt;\/p&gt; &lt;p align=&quot;left&quot;&gt;&lt;span style=&quot;font-family: Times New Roman, serif;&quot;&gt;&lt;span style=&quot;font-size: small;&quot;&gt;Mit &#8220;fotzenschleimpower gegen raubtierkaputtalismus&#8221; feierte sie bei den Wiener Festwochen 2024 einen Monolog, der als erstes St\u00fcck des Festivals ausverkauft war und bis heute erfolgreich gespielt wird.&lt;\/span&gt;&lt;\/span&gt;&lt;\/p&gt; &lt;p&gt;&nbsp;&lt;\/p&gt; &lt;p align=&quot;left&quot;&gt;&lt;span style=&quot;font-family: Times New Roman, serif;&quot;&gt;&lt;span style=&quot;font-size: small;&quot;&gt;Pussy slime power against predatory totalitarism&lt;\/span&gt;&lt;\/span&gt;&lt;\/p&gt; &lt;p align=&quot;left&quot;&gt;&lt;span style=&quot;font-family: Times New Roman, serif;&quot;&gt;&lt;span style=&quot;font-size: small;&quot;&gt;An autofictional solo evening by and with Mateja Meded. It tells the story of an &#8220;alien&#8221;: a child who flees the war to Germany and today, as an artist in the German cultural scene, fights against classism, gentrification and the appropriation of her history by self-proclaimed &#8220;diverse&#8221; cultural workers. Her warning to the gentrifiers: &#8220;be aware of the yoga studios.&#8221;&lt;\/span&gt;&lt;\/span&gt;&lt;\/p&gt; &lt;p align=&quot;left&quot;&gt;&lt;span style=&quot;font-family: Times New Roman, serif;&quot;&gt;&lt;span style=&quot;font-size: small;&quot;&gt;Above all, however, this evening is an act of liberation: an emancipation from the desire to please, from playing the &#8220;good foreigner&#8221; and making oneself small in order to belong. It is a piece that challenges &#8220;habitus-passing&#8221;\u2014the act of conforming to codes that were never designed for you.&lt;\/span&gt;&lt;\/span&gt;&lt;\/p&gt; &lt;p align=&quot;left&quot;&gt;&lt;span style=&quot;font-family: Times New Roman, serif;&quot;&gt;&lt;span style=&quot;font-size: small;&quot;&gt;Come join us for an evening of rage, wit, and empowerment. By us, for us. &lt;\/span&gt;&lt;\/span&gt;&lt;\/p&gt; &lt;p align=&quot;left&quot;&gt;&lt;span style=&quot;font-family: Times New Roman, serif;&quot;&gt;&lt;span style=&quot;font-size: small;&quot;&gt;For all those marked as the Other.&lt;\/span&gt;&lt;\/span&gt;&lt;\/p&gt; &lt;p align=&quot;left&quot;&gt;&lt;span style=&quot;font-family: Times New Roman, serif;&quot;&gt;&lt;span style=&quot;font-size: small;&quot;&gt;&lt;strong&gt;Language:&lt;\/strong&gt; German with English subtitles&lt;\/span&gt;&lt;\/span&gt;&lt;\/p&gt; &lt;p align=&quot;left&quot;&gt;&lt;span style=&quot;font-family: Times New Roman, serif;&quot;&gt;&lt;span style=&quot;font-size: small;&quot;&gt;&lt;strong&gt;Set, Text, Direcor, Costume, Performance, Videos:&lt;\/strong&gt; Mateja Meded &lt;\/span&gt;&lt;\/span&gt;&lt;\/p&gt; &lt;p align=&quot;left&quot;&gt;&lt;span style=&quot;font-family: Times New Roman, serif;&quot;&gt;&lt;span style=&quot;font-size: small;&quot;&gt;&lt;strong&gt;Dramaturgy:&lt;\/strong&gt; Anna Laner.&lt;\/span&gt;&lt;\/span&gt;&lt;\/p&gt; &lt;p align=&quot;left&quot;&gt;&lt;span style=&quot;font-family: Times New Roman, serif;&quot;&gt;&lt;span style=&quot;font-size: small;&quot;&gt;&lt;strong&gt;Production:&lt;\/strong&gt; Mateja Meded, Kosmos Theater, Wiener Festwochen.&lt;\/span&gt;&lt;\/span&gt;&lt;\/p&gt; &lt;p align=&quot;left&quot;&gt;&lt;span style=&quot;font-family: &#039;Times New Roman&#039;, serif; font-size: small;&quot;&gt;Part of the international Prospero program.&lt;\/span&gt;&lt;\/p&gt; &lt;p align=&quot;left&quot;&gt;&lt;span style=&quot;font-family: Times New Roman, serif;&quot;&gt;&lt;span style=&quot;font-size: small;&quot;&gt;&lt;b&gt;Biography: &lt;\/b&gt;Mateja Meded is a &#8220;ghetto-lectual&#8221; artist. Born in Yugoslavia and a resident of Germany since 1992, she works as an actress, writer, director, and filmmaker. While studying at the Film University Babelsberg KONRAD WOLF, she was already working at the Maxim Gorki Theatre in Berlin. &lt;\/span&gt;&lt;\/span&gt;&lt;\/p&gt; &lt;p align=&quot;left&quot;&gt;&lt;span style=&quot;font-family: Times New Roman, serif;&quot;&gt;&lt;span style=&quot;font-size: small;&quot;&gt;Her production &#8220;keeping up with the penthesileas\u2014from white feminism to neoliberal feminism&#8221;\u2014in which she served as an actress, co-director, and co-author\u2014was highly acclaimed and celebrated in Zurich. In 2025, she directed the world premiere of &#8220;KI essen Seele auf (Orpheai)&#8221; at Schauspiel Stuttgart, which also received high praise.&lt;\/span&gt;&lt;\/span&gt;&lt;\/p&gt; &lt;p align=&quot;left&quot;&gt;&lt;span style=&quot;font-family: Times New Roman, serif;&quot;&gt;&lt;span style=&quot;font-size: small;&quot;&gt;She celebrated a monologue at the 2024 Vienna Festival with &#8220;pussy slime power against predatory carnivoreism&#8221;, which was the first piece of the festival to be sold out and is still being played successfully today.&lt;\/span&gt;&lt;\/span&gt;&lt;\/p&gt; \",\r\n            \"image\": \"https:\/\/iftf-frankfurt.com\/wp-content\/uploads\/sites\/2\/Mateja-Meded\u00a9Nurith-Wagner-Strauss_6803-2-scaled.jpg\",\r\n            \"name\": \"fotzenschleimpower gegen raubtierkaputtalismus\",\r\n            \"url\": \"https:\/\/iftf-frankfurt.com\/en\/events\/pussy-slime-power-against-predatory-totalitarism\/\"\r\n        }\r\n        <\/script>\r\n                            <article  data-href=\"https:\/\/iftf-frankfurt.com\/en\/events\/pussy-slime-power-against-predatory-totalitarism\/\" data-target=\"m1\" style=\"background:#e23c95 url('https:\/\/iftf-frankfurt.com\/wp-content\/uploads\/sites\/2\/Mateja-Meded\u00a9Nurith-Wagner-Strauss_6803-2-300x400.jpg')\" class=\" mec-event-article mec-tile-item  mec-clear   \">\r\n                                                                        <div class=\"event-tile-view-head clearfix\">\r\n                                                            <div class=\"mec-event-month\"><span class=\"mec-start-date-label\" itemprop=\"startDate\">20 Sep<\/span><\/div>\r\n                                                        <div class=\"mec-event-time\"><i class=\"mec-sl-clock\"><\/i>20:00<\/div>\r\n                        <\/div>\r\n                        <div class=\"mec-event-content\" data-target=\"m1\" data-event-id=\"26649\">\r\n                            <a href=\"https:\/\/iftf-frankfurt.com\/en\/events\/pussy-slime-power-against-predatory-totalitarism\/\" target=\"m1\" class=\"mec-tile-into-content-link\"><\/a>                            <div class=\"mec-tile-event-content\">\r\n                                <div class=\"mec-event-detail\">\r\n                                                                                                            <span class=\"mec-event-loc-place\"><i class=\"mec-sl-location-pin\"><\/i>INDOOR STAGE PROTAGON<\/span>                                                                    <\/div>\r\n                                                                <h4 class=\"mec-event-title\"><a class=\"mec-color-hover\"  data-event-id=\"26649\" href=\"https:\/\/iftf-frankfurt.com\/en\/events\/pussy-slime-power-against-predatory-totalitarism\/\" target=\"m1\" rel=\"noopener\">fotzenschleimpower gegen raubtierkaputtalismus<\/a><\/h4>\r\n                                                            <\/div>\r\n                        <\/div>\r\n                    <\/article>\r\n                <\/div><\/div>                        <\/div>\r\n    <\/div>                                    <\/div>\r\n\r\n                            <\/div>\r\n        <\/div>\r\n    <\/div>\r\n    \r\n<\/div><\/div>\n\t\t\t\t<\/div>\n\t\t\t\t<\/div>\n\t\t\t\t\t<\/div>\n\t\t\t\t<\/div>\n\t\t\t\t<\/div>\n\t\t","protected":false},"excerpt":{"rendered":"<p>Theater and Performance<\/p>\n","protected":false},"author":3,"featured_media":0,"parent":0,"menu_order":0,"comment_status":"closed","ping_status":"closed","template":"","meta":{"footnotes":""},"class_list":["post-8263","page","type-page","status-publish","hentry"],"yoast_head":"<!-- This site is optimized with the Yoast SEO plugin v19.13 - https:\/\/yoast.com\/wordpress\/plugins\/seo\/ -->\n<title>Program-Theater and Performance - International Women\u2018s* Theatre Festival<\/title>\n<meta name=\"robots\" content=\"index, follow, max-snippet:-1, max-image-preview:large, max-video-preview:-1\" \/>\n<link rel=\"canonical\" href=\"https:\/\/iftf-frankfurt.com\/en\/programm-theater-and-performance\/\" \/>\n<meta property=\"og:locale\" content=\"en_GB\" \/>\n<meta property=\"og:type\" content=\"article\" \/>\n<meta property=\"og:title\" content=\"Program-Theater and Performance - International Women\u2018s* Theatre Festival\" \/>\n<meta property=\"og:description\" content=\"Theater and Performance\" \/>\n<meta property=\"og:url\" content=\"https:\/\/iftf-frankfurt.com\/en\/programm-theater-and-performance\/\" \/>\n<meta property=\"og:site_name\" content=\"International Women\u2018s* Theatre Festival\" \/>\n<meta property=\"article:publisher\" content=\"https:\/\/www.facebook.com\/frauenfestival\" \/>\n<meta property=\"article:modified_time\" content=\"2026-09-01T15:14:17+00:00\" \/>\n<meta property=\"og:image\" content=\"https:\/\/iftf-frankfurt.com\/wp-content\/uploads\/sites\/2\/IFTF26_Logo_CMYK-schwarz.jpg\" \/>\n\t<meta property=\"og:image:width\" content=\"2244\" \/>\n\t<meta property=\"og:image:height\" content=\"827\" \/>\n\t<meta property=\"og:image:type\" content=\"image\/jpeg\" \/>\n<meta name=\"twitter:card\" content=\"summary_large_image\" \/>\n<meta name=\"twitter:label1\" content=\"Estimated reading time\" \/>\n\t<meta name=\"twitter:data1\" content=\"1 minute\" \/>\n<script type=\"application\/ld+json\" class=\"yoast-schema-graph\">{\"@context\":\"https:\/\/schema.org\",\"@graph\":[{\"@type\":\"WebPage\",\"@id\":\"https:\/\/iftf-frankfurt.com\/en\/programm-theater-and-performance\/\",\"url\":\"https:\/\/iftf-frankfurt.com\/en\/programm-theater-and-performance\/\",\"name\":\"Program-Theater and Performance - International Women\u2018s* Theatre Festival\",\"isPartOf\":{\"@id\":\"https:\/\/iftf-frankfurt.com\/#website\"},\"datePublished\":\"2022-09-05T20:26:44+00:00\",\"dateModified\":\"2026-09-01T15:14:17+00:00\",\"breadcrumb\":{\"@id\":\"https:\/\/iftf-frankfurt.com\/en\/programm-theater-and-performance\/#breadcrumb\"},\"inLanguage\":\"en-GB\",\"potentialAction\":[{\"@type\":\"ReadAction\",\"target\":[\"https:\/\/iftf-frankfurt.com\/en\/programm-theater-and-performance\/\"]}]},{\"@type\":\"BreadcrumbList\",\"@id\":\"https:\/\/iftf-frankfurt.com\/en\/programm-theater-and-performance\/#breadcrumb\",\"itemListElement\":[{\"@type\":\"ListItem\",\"position\":1,\"name\":\"Startseite\",\"item\":\"https:\/\/iftf-frankfurt.com\/en\/internationale-frauentheaterfestival-iftf\/\"},{\"@type\":\"ListItem\",\"position\":2,\"name\":\"Program-Theater and Performance\"}]},{\"@type\":\"WebSite\",\"@id\":\"https:\/\/iftf-frankfurt.com\/#website\",\"url\":\"https:\/\/iftf-frankfurt.com\/\",\"name\":\"International Women\u2018s* Theatre Festival\",\"description\":\"IF*TF\",\"publisher\":{\"@id\":\"https:\/\/iftf-frankfurt.com\/#organization\"},\"inLanguage\":\"en-GB\"},{\"@type\":\"Organization\",\"@id\":\"https:\/\/iftf-frankfurt.com\/#organization\",\"name\":\"International Womxn\u2018s* Theatre Festival\",\"url\":\"https:\/\/iftf-frankfurt.com\/\",\"logo\":{\"@type\":\"ImageObject\",\"inLanguage\":\"en-GB\",\"@id\":\"https:\/\/iftf-frankfurt.com\/#\/schema\/logo\/image\/\",\"url\":\"\",\"contentUrl\":\"\",\"caption\":\"International Womxn\u2018s* Theatre Festival\"},\"image\":{\"@id\":\"https:\/\/iftf-frankfurt.com\/#\/schema\/logo\/image\/\"},\"sameAs\":[\"https:\/\/www.instagram.com\/frauentheaterfestival\/\",\"https:\/\/www.youtube.com\/channel\/UC80VX69VC0NxXd6a89DoydA\",\"https:\/\/www.facebook.com\/frauenfestival\"]}]}<\/script>\n<!-- \/ Yoast SEO plugin. -->","yoast_head_json":{"title":"Program-Theater and Performance - International Women\u2018s* Theatre Festival","robots":{"index":"index","follow":"follow","max-snippet":"max-snippet:-1","max-image-preview":"max-image-preview:large","max-video-preview":"max-video-preview:-1"},"canonical":"https:\/\/iftf-frankfurt.com\/en\/programm-theater-and-performance\/","og_locale":"en_GB","og_type":"article","og_title":"Program-Theater and Performance - International Women\u2018s* Theatre Festival","og_description":"Theater and Performance","og_url":"https:\/\/iftf-frankfurt.com\/en\/programm-theater-and-performance\/","og_site_name":"International Women\u2018s* Theatre Festival","article_publisher":"https:\/\/www.facebook.com\/frauenfestival","article_modified_time":"2026-09-01T15:14:17+00:00","og_image":[{"width":2244,"height":827,"url":"https:\/\/iftf-frankfurt.com\/wp-content\/uploads\/sites\/2\/IFTF26_Logo_CMYK-schwarz.jpg","type":"image\/jpeg"}],"twitter_card":"summary_large_image","twitter_misc":{"Estimated reading time":"1 minute"},"schema":{"@context":"https:\/\/schema.org","@graph":[{"@type":"WebPage","@id":"https:\/\/iftf-frankfurt.com\/en\/programm-theater-and-performance\/","url":"https:\/\/iftf-frankfurt.com\/en\/programm-theater-and-performance\/","name":"Program-Theater and Performance - International Women\u2018s* Theatre Festival","isPartOf":{"@id":"https:\/\/iftf-frankfurt.com\/#website"},"datePublished":"2022-09-05T20:26:44+00:00","dateModified":"2026-09-01T15:14:17+00:00","breadcrumb":{"@id":"https:\/\/iftf-frankfurt.com\/en\/programm-theater-and-performance\/#breadcrumb"},"inLanguage":"en-GB","potentialAction":[{"@type":"ReadAction","target":["https:\/\/iftf-frankfurt.com\/en\/programm-theater-and-performance\/"]}]},{"@type":"BreadcrumbList","@id":"https:\/\/iftf-frankfurt.com\/en\/programm-theater-and-performance\/#breadcrumb","itemListElement":[{"@type":"ListItem","position":1,"name":"Startseite","item":"https:\/\/iftf-frankfurt.com\/en\/internationale-frauentheaterfestival-iftf\/"},{"@type":"ListItem","position":2,"name":"Program-Theater and Performance"}]},{"@type":"WebSite","@id":"https:\/\/iftf-frankfurt.com\/#website","url":"https:\/\/iftf-frankfurt.com\/","name":"International Women\u2018s* Theatre Festival","description":"IF*TF","publisher":{"@id":"https:\/\/iftf-frankfurt.com\/#organization"},"inLanguage":"en-GB"},{"@type":"Organization","@id":"https:\/\/iftf-frankfurt.com\/#organization","name":"International Womxn\u2018s* Theatre Festival","url":"https:\/\/iftf-frankfurt.com\/","logo":{"@type":"ImageObject","inLanguage":"en-GB","@id":"https:\/\/iftf-frankfurt.com\/#\/schema\/logo\/image\/","url":"","contentUrl":"","caption":"International Womxn\u2018s* Theatre Festival"},"image":{"@id":"https:\/\/iftf-frankfurt.com\/#\/schema\/logo\/image\/"},"sameAs":["https:\/\/www.instagram.com\/frauentheaterfestival\/","https:\/\/www.youtube.com\/channel\/UC80VX69VC0NxXd6a89DoydA","https:\/\/www.facebook.com\/frauenfestival"]}]}},"_links":{"self":[{"href":"https:\/\/iftf-frankfurt.com\/en\/wp-json\/wp\/v2\/pages\/8263","targetHints":{"allow":["GET"]}}],"collection":[{"href":"https:\/\/iftf-frankfurt.com\/en\/wp-json\/wp\/v2\/pages"}],"about":[{"href":"https:\/\/iftf-frankfurt.com\/en\/wp-json\/wp\/v2\/types\/page"}],"author":[{"embeddable":true,"href":"https:\/\/iftf-frankfurt.com\/en\/wp-json\/wp\/v2\/users\/3"}],"replies":[{"embeddable":true,"href":"https:\/\/iftf-frankfurt.com\/en\/wp-json\/wp\/v2\/comments?post=8263"}],"version-history":[{"count":16,"href":"https:\/\/iftf-frankfurt.com\/en\/wp-json\/wp\/v2\/pages\/8263\/revisions"}],"predecessor-version":[{"id":27057,"href":"https:\/\/iftf-frankfurt.com\/en\/wp-json\/wp\/v2\/pages\/8263\/revisions\/27057"}],"wp:attachment":[{"href":"https:\/\/iftf-frankfurt.com\/en\/wp-json\/wp\/v2\/media?parent=8263"}],"curies":[{"name":"wp","href":"https:\/\/api.w.org\/{rel}","templated":true}]}}