{"id":8269,"date":"2022-09-05T22:41:40","date_gmt":"2022-09-05T20:41:40","guid":{"rendered":"https:\/\/iftf-frankfurt.com\/program-pandoras-box\/"},"modified":"2026-09-02T13:44:14","modified_gmt":"2026-09-02T11:44:14","slug":"programm-pandoras-box","status":"publish","type":"page","link":"https:\/\/iftf-frankfurt.com\/en\/programm-pandoras-box\/","title":{"rendered":"Programm-Pandora&#8217;s Box"},"content":{"rendered":"\t\t<div data-elementor-type=\"wp-page\" data-elementor-id=\"8269\" class=\"elementor elementor-8269 elementor-6169\">\n\t\t\t\t<div class=\"elementor-element elementor-element-1fb49cb e-flex e-con-boxed wpr-particle-no wpr-jarallax-no wpr-parallax-no wpr-sticky-section-no e-con e-parent\" data-id=\"1fb49cb\" data-element_type=\"container\" data-settings=\"{&quot;background_background&quot;:&quot;classic&quot;,&quot;content_width&quot;:&quot;boxed&quot;}\" data-core-v316-plus=\"true\">\n\t\t\t\t\t<div class=\"e-con-inner\">\n\t\t<div class=\"elementor-element elementor-element-3ec29ea4 e-con-full e-flex wpr-particle-no wpr-jarallax-no wpr-parallax-no wpr-sticky-section-no e-con e-child\" data-id=\"3ec29ea4\" data-element_type=\"container\" data-settings=\"{&quot;background_background&quot;:&quot;classic&quot;,&quot;content_width&quot;:&quot;full&quot;}\">\n\t\t\t\t<\/div>\n\t\t\t\t<div class=\"elementor-element elementor-element-2b01d78a elementor-widget elementor-widget-heading\" data-id=\"2b01d78a\" data-element_type=\"widget\" data-widget_type=\"heading.default\">\n\t\t\t\t<div class=\"elementor-widget-container\">\n\t\t\t<h2 class=\"elementor-heading-title elementor-size-default\">Have you seen \u2026 yet?<\/h2>\t\t<\/div>\n\t\t\t\t<\/div>\n\t\t\t\t<div class=\"elementor-element elementor-element-2b18b260 elementor-widget elementor-widget-text-editor\" data-id=\"2b18b260\" data-element_type=\"widget\" data-widget_type=\"text-editor.default\">\n\t\t\t\t<div class=\"elementor-widget-container\">\n\t\t\t\t\t\t\t<p>As you wander through the Women*s Theater Festival, you might come across a staircase leading to Pandora\u2019s Box\u2014a shipping container housing video installations that also serves as an immersive gathering place for ideas and stories. Each year, Pandora\u2019s Box creates a new constellation of film and video works. It offers a moment of respite amidst a festival charged with transformation, imagery, and energy. You can lose yourself in another world for a while\u2014resting on the cushions inside the box with headphones on, listening to heartwarming stories from around the globe\u2014before returning to the festival feeling recharged. Pandora\u2019s Box is intentionally designed as an intimate space where the artworks engage with one another and with the visitors. As Pandora\u2019s Box has evolved over the years, the range of artistic expressions has expanded from film and video to include mixed media and elements of theater and dance. We invite artists to join our collective community process and share their work and perspectives during artist talks. Featured this year are:<\/p><h5>\u00a0<\/h5><p><strong><strong>3.14159<\/strong><\/strong>\u00a0\u2013 Dasha Brian ART PROJECT REVOLUTION<\/p><p><strong><strong>Ciudad Cicatrizada<\/strong><\/strong>\u00a0\u2013 Laura Arcalean<\/p><p><strong><strong>Kristalle<\/strong><\/strong>\u00a0\u2013 Carolin Martin<\/p><p><strong><strong>Open up!<\/strong><\/strong>\u00a0\u2013 Stella Nyul FAKTOR TERMIN\u00c1L<\/p><p><strong><strong>Pandora\u2019s LightBox<\/strong><\/strong>\u00a0\u2013 Simono<\/p><p><strong><strong>Rewilding Lands, Rewilding our Stance<\/strong><\/strong>\u00a0\u2013 Guayaba Collectivo &amp; las Barrag\u00fban<\/p><p><strong><strong>The Brutalist Death of a Brutalist Parrot<\/strong><\/strong>\u00a0\u2013 Leonie Bohrer, Laura Dal Checco, Anna Schwalgun und Alissa Wedmann THE BRUTALIST PARROTS<\/p><p><strong><strong>Undine<\/strong><\/strong>\u00a0\u2013 Saskia Corleis<\/p><p><strong><strong>Urano, Planeta do Amor<\/strong><\/strong>\u00a0\u2013 Mahanah Maciel, Elora Souza und Austine Lopes RUPTURA<\/p><p><strong><strong>Venus ohne Haut: Interview mit Samira Freitag<\/strong><\/strong>\u00a0\u2013 Viviana Kammel &amp; Samira Freitag<\/p><p><strong><strong>WE ARE OCEAN_Berlin+Brandenburg<\/strong><\/strong>\u00a0\u2013 Lisa Rave in Zusammenarbeit mit Sch\u00fcler*innen der Barbara-Z\u00fcrner-Oberschule Velten und der Schule am Berlinickeplatz Berlin<\/p><p>\u00a0<\/p><p><strong><strong>Curated by Edith van den Elzen<\/strong><\/strong><\/p>\t\t\t\t\t\t<\/div>\n\t\t\t\t<\/div>\n\t\t<div class=\"elementor-element elementor-element-1e5fb508 e-con-full e-flex wpr-particle-no wpr-jarallax-no wpr-parallax-no wpr-sticky-section-no e-con e-child\" data-id=\"1e5fb508\" data-element_type=\"container\" data-settings=\"{&quot;content_width&quot;:&quot;full&quot;}\">\n\t\t<div class=\"elementor-element elementor-element-4150b4f e-flex e-con-boxed wpr-particle-no wpr-jarallax-no wpr-parallax-no wpr-sticky-section-no e-con e-child\" data-id=\"4150b4f\" data-element_type=\"container\" data-settings=\"{&quot;content_width&quot;:&quot;boxed&quot;}\">\n\t\t\t\t\t<div class=\"e-con-inner\">\n\t\t<div class=\"elementor-element elementor-element-ab76573 e-flex e-con-boxed wpr-particle-no wpr-jarallax-no wpr-parallax-no wpr-sticky-section-no e-con e-child\" data-id=\"ab76573\" data-element_type=\"container\" data-settings=\"{&quot;content_width&quot;:&quot;boxed&quot;}\">\n\t\t\t\t\t<div class=\"e-con-inner\">\n\t\t\t\t<div class=\"elementor-element elementor-element-33b847b elementor-widget elementor-widget-image\" data-id=\"33b847b\" data-element_type=\"widget\" data-widget_type=\"image.default\">\n\t\t\t\t<div class=\"elementor-widget-container\">\n\t\t\t\t\t\t\t\t\t\t\t\t\t<img fetchpriority=\"high\" decoding=\"async\" width=\"1024\" height=\"574\" src=\"https:\/\/iftf-frankfurt.com\/wp-content\/uploads\/sites\/2\/3.14159-1024x574.png\" class=\"attachment-large size-large wp-image-26409\" alt=\"\" srcset=\"https:\/\/iftf-frankfurt.com\/wp-content\/uploads\/sites\/2\/3.14159-1024x574.png 1024w, https:\/\/iftf-frankfurt.com\/wp-content\/uploads\/sites\/2\/3.14159-300x168.png 300w, https:\/\/iftf-frankfurt.com\/wp-content\/uploads\/sites\/2\/3.14159-768x430.png 768w, https:\/\/iftf-frankfurt.com\/wp-content\/uploads\/sites\/2\/3.14159-700x392.png 700w, https:\/\/iftf-frankfurt.com\/wp-content\/uploads\/sites\/2\/3.14159-539x303.png 539w, https:\/\/iftf-frankfurt.com\/wp-content\/uploads\/sites\/2\/3.14159.png 1437w\" sizes=\"(max-width: 1024px) 100vw, 1024px\" \/>\t\t\t\t\t\t\t\t\t\t\t\t\t<\/div>\n\t\t\t\t<\/div>\n\t\t\t\t<div class=\"elementor-element elementor-element-ed433ee elementor-widget elementor-widget-toggle\" data-id=\"ed433ee\" data-element_type=\"widget\" data-widget_type=\"toggle.default\">\n\t\t\t\t<div class=\"elementor-widget-container\">\n\t\t\t\t\t<div class=\"elementor-toggle\">\n\t\t\t\t\t\t\t<div class=\"elementor-toggle-item\">\n\t\t\t\t\t<div id=\"elementor-tab-title-2481\" class=\"elementor-tab-title\" data-tab=\"1\" role=\"button\" aria-controls=\"elementor-tab-content-2481\" aria-expanded=\"false\">\n\t\t\t\t\t\t\t\t\t\t\t\t<span class=\"elementor-toggle-icon elementor-toggle-icon-left\" aria-hidden=\"true\">\n\t\t\t\t\t\t\t\t\t\t\t\t\t\t\t<span class=\"elementor-toggle-icon-closed\"><i class=\"fas fa-info-circle\"><\/i><\/span>\n\t\t\t\t\t\t\t\t<span class=\"elementor-toggle-icon-opened\"><i class=\"elementor-toggle-icon-opened fas fa-info-circle\"><\/i><\/span>\n\t\t\t\t\t\t\t\t\t\t\t\t\t<\/span>\n\t\t\t\t\t\t\t\t\t\t\t\t<a class=\"elementor-toggle-title\" tabindex=\"0\">ART PROJECT REVOLUTION<\/a>\n\t\t\t\t\t<\/div>\n\n\t\t\t\t\t<div id=\"elementor-tab-content-2481\" class=\"elementor-tab-content elementor-clearfix\" data-tab=\"1\" role=\"region\" aria-labelledby=\"elementor-tab-title-2481\"><p><strong><strong>ART PROJECT REVOLUTION<\/strong><\/strong><span style=\"font-weight: 400;\"> is a multidisciplinary political art foundation amplifying the voices of migrant artists, women, and queer creatives. Founded by displaced artists mainly from Belarus and Ukraine, we use exhibitions, film screenings, workshops, and community events to turn art into resistance, dialogue, and transformation. We challenge censorship and exclusion while addressing human rights, refugee experiences, and LGBTQ+ narratives. By building bridges between communities, we create opportunities for fearless expression and meaningful exchange. Our long-term vision is a permanent home for artists in exile: an inclusive platform where creativity crosses borders, empowers communities, and inspires lasting social change.<\/span><\/p><p>\u00a0<\/p><p><b><strong>Website\/IG<\/strong><\/b><\/p><p><a href=\"https:\/\/artprojectrevolution.com\/\">https:\/\/artprojectrevolution.com\/<\/a><\/p><p><a href=\"https:\/\/www.instagram.com\/art.project.revolution\/\">@artprojectrevolution.com\/<\/a><\/p><p><a href=\"https:\/\/www.instagram.com\/dashabrian\"><span style=\"font-weight: 400;\">@dashabrian<br \/><\/span><\/a><\/p><\/div>\n\t\t\t\t<\/div>\n\t\t\t\t\t\t\t\t<\/div>\n\t\t\t\t<\/div>\n\t\t\t\t<\/div>\n\t\t\t\t\t<\/div>\n\t\t\t\t<\/div>\n\t\t<div class=\"elementor-element elementor-element-4335c53 e-flex e-con-boxed wpr-particle-no wpr-jarallax-no wpr-parallax-no wpr-sticky-section-no e-con e-child\" data-id=\"4335c53\" data-element_type=\"container\" data-settings=\"{&quot;content_width&quot;:&quot;boxed&quot;}\">\n\t\t\t\t\t<div class=\"e-con-inner\">\n\t\t\t\t<div class=\"elementor-element elementor-element-72c55bb elementor-widget elementor-widget-text-editor\" data-id=\"72c55bb\" data-element_type=\"widget\" data-widget_type=\"text-editor.default\">\n\t\t\t\t<div class=\"elementor-widget-container\">\n\t\t\t\t\t\t\t<h5><span style=\"font-weight: 400;\">3.14159<\/span><\/h5>\n(Video) EN, 6:58\u2032\t\t\t\t\t\t<\/div>\n\t\t\t\t<\/div>\n\t\t\t\t<div class=\"elementor-element elementor-element-4bea10f elementor-widget elementor-widget-text-editor\" data-id=\"4bea10f\" data-element_type=\"widget\" data-widget_type=\"text-editor.default\">\n\t\t\t\t<div class=\"elementor-widget-container\">\n\t\t\t\t\t\t\t<span style=\"font-weight: 400;\">Dasha Brian ART PROJECT REVOLUTION<\/span>\t\t\t\t\t\t<\/div>\n\t\t\t\t<\/div>\n\t\t\t\t<div class=\"elementor-element elementor-element-3a3ac60 elementor-widget elementor-widget-text-editor\" data-id=\"3a3ac60\" data-element_type=\"widget\" data-widget_type=\"text-editor.default\">\n\t\t\t\t<div class=\"elementor-widget-container\">\n\t\t\t\t\t\t\t<p><span style=\"font-weight: 400;\">3.14159 explores women&#8217;s experiences through three chapters: politics, art, and war. It examines the forces that shape and constrain them &#8211; from systemic discrimination to cultural portrayals and survival in conflict zones. The title, inspired by Pi (\u03c0), symbolizes resistance, as the film&#8217;s heroines challenge the roles imposed upon them.<span style=\"font-weight: 400;\">).<\/span><\/span><\/p><p>\u00a0<\/p><p><strong><strong>Target Audience:<\/strong><\/strong> <span style=\"font-weight: 400;\">The film is open to all audiences.<\/span><\/p><p>\u00a0<\/p><p><strong><strong>Please Note:<\/strong><\/strong> <span style=\"font-weight: 400;\"> The film contains references to war and violence,\u00a0as well as depictions of scars and nudity.<\/span><\/p><p>\u00a0<\/p><p><strong><strong>Language: <\/strong><\/strong>English<\/p>\t\t\t\t\t\t<\/div>\n\t\t\t\t<\/div>\n\t\t\t\t\t<\/div>\n\t\t\t\t<\/div>\n\t\t\t\t\t<\/div>\n\t\t\t\t<\/div>\n\t\t<div class=\"elementor-element elementor-element-f1ffcac e-flex e-con-boxed wpr-particle-no wpr-jarallax-no wpr-parallax-no wpr-sticky-section-no e-con e-child\" data-id=\"f1ffcac\" data-element_type=\"container\" data-settings=\"{&quot;content_width&quot;:&quot;boxed&quot;}\">\n\t\t\t\t\t<div class=\"e-con-inner\">\n\t\t<div class=\"elementor-element elementor-element-1cc86d9 e-flex e-con-boxed wpr-particle-no wpr-jarallax-no wpr-parallax-no wpr-sticky-section-no e-con e-child\" data-id=\"1cc86d9\" data-element_type=\"container\" data-settings=\"{&quot;content_width&quot;:&quot;boxed&quot;}\">\n\t\t\t\t\t<div class=\"e-con-inner\">\n\t\t\t\t<div class=\"elementor-element elementor-element-71f2e13 elementor-widget elementor-widget-image\" data-id=\"71f2e13\" data-element_type=\"widget\" data-widget_type=\"image.default\">\n\t\t\t\t<div class=\"elementor-widget-container\">\n\t\t\t\t\t\t\t\t\t\t\t\t\t<img decoding=\"async\" width=\"1024\" height=\"576\" src=\"https:\/\/iftf-frankfurt.com\/wp-content\/uploads\/sites\/2\/Cd.Cicatrizada-1024x576.jpg\" class=\"attachment-large size-large wp-image-26764\" alt=\"\" srcset=\"https:\/\/iftf-frankfurt.com\/wp-content\/uploads\/sites\/2\/Cd.Cicatrizada-1024x576.jpg 1024w, https:\/\/iftf-frankfurt.com\/wp-content\/uploads\/sites\/2\/Cd.Cicatrizada-300x169.jpg 300w, https:\/\/iftf-frankfurt.com\/wp-content\/uploads\/sites\/2\/Cd.Cicatrizada-768x432.jpg 768w, https:\/\/iftf-frankfurt.com\/wp-content\/uploads\/sites\/2\/Cd.Cicatrizada-1536x864.jpg 1536w, https:\/\/iftf-frankfurt.com\/wp-content\/uploads\/sites\/2\/Cd.Cicatrizada-700x394.jpg 700w, https:\/\/iftf-frankfurt.com\/wp-content\/uploads\/sites\/2\/Cd.Cicatrizada-539x303.jpg 539w, https:\/\/iftf-frankfurt.com\/wp-content\/uploads\/sites\/2\/Cd.Cicatrizada.jpg 1920w\" sizes=\"(max-width: 1024px) 100vw, 1024px\" \/>\t\t\t\t\t\t\t\t\t\t\t\t\t<\/div>\n\t\t\t\t<\/div>\n\t\t\t\t<div class=\"elementor-element elementor-element-3bf7aea elementor-widget elementor-widget-toggle\" data-id=\"3bf7aea\" data-element_type=\"widget\" data-widget_type=\"toggle.default\">\n\t\t\t\t<div class=\"elementor-widget-container\">\n\t\t\t\t\t<div class=\"elementor-toggle\">\n\t\t\t\t\t\t\t<div class=\"elementor-toggle-item\">\n\t\t\t\t\t<div id=\"elementor-tab-title-6281\" class=\"elementor-tab-title\" data-tab=\"1\" role=\"button\" aria-controls=\"elementor-tab-content-6281\" aria-expanded=\"false\">\n\t\t\t\t\t\t\t\t\t\t\t\t<span class=\"elementor-toggle-icon elementor-toggle-icon-left\" aria-hidden=\"true\">\n\t\t\t\t\t\t\t\t\t\t\t\t\t\t\t<span class=\"elementor-toggle-icon-closed\"><i class=\"fas fa-info-circle\"><\/i><\/span>\n\t\t\t\t\t\t\t\t<span class=\"elementor-toggle-icon-opened\"><i class=\"elementor-toggle-icon-opened fas fa-info-circle\"><\/i><\/span>\n\t\t\t\t\t\t\t\t\t\t\t\t\t<\/span>\n\t\t\t\t\t\t\t\t\t\t\t\t<a class=\"elementor-toggle-title\" tabindex=\"0\">Laura Arcalean & Lola Livre<\/a>\n\t\t\t\t\t<\/div>\n\n\t\t\t\t\t<div id=\"elementor-tab-content-6281\" class=\"elementor-tab-content elementor-clearfix\" data-tab=\"1\" role=\"region\" aria-labelledby=\"elementor-tab-title-6281\"><p><b><strong>Laura Arcalean<\/strong><\/b><span style=\"font-weight: 400;\"> (*2000 in Heidelberg, Germany) studied Urban Planning at the Bauhaus-Universit\u00e4t Weimar and the Universidad Nacional Aut\u00f3noma de M\u00e9xico in Mexico City. In her academic and artistic practice, she works with photography and video, exploring the traces, gaps, and resistant practices that inscribe themselves into public space and the spaces of everyday life.<br \/><\/span><\/p><p><span style=\"font-weight: 400;\"><br \/><strong><strong>Lola Livre<\/strong><\/strong> is an artist and activist from Mexico City. Her artistic practice encompasses performance art and interventions in public space. At the center of her work is making visible current social conflicts from a gender-political perspective. She uses the street as a place for the expression and spread of her messages and draws on graffiti as a central artistic medium.<br \/><\/span><\/p><p>\u00a0<\/p><p><strong><strong>Website\/IG<\/strong><br \/><\/strong><\/p><p><a href=\"https:\/\/www.instagram.com\/lauraarcalean\/#\">@lauraarcalean<\/a><\/p><p><a href=\"https:\/\/www.instagram.com\/lola__livre\/#\">@lola__livre<\/a><\/p><\/div>\n\t\t\t\t<\/div>\n\t\t\t\t\t\t\t\t<\/div>\n\t\t\t\t<\/div>\n\t\t\t\t<\/div>\n\t\t\t\t\t<\/div>\n\t\t\t\t<\/div>\n\t\t<div class=\"elementor-element elementor-element-dda2dd2 e-flex e-con-boxed wpr-particle-no wpr-jarallax-no wpr-parallax-no wpr-sticky-section-no e-con e-child\" data-id=\"dda2dd2\" data-element_type=\"container\" data-settings=\"{&quot;content_width&quot;:&quot;boxed&quot;}\">\n\t\t\t\t\t<div class=\"e-con-inner\">\n\t\t\t\t<div class=\"elementor-element elementor-element-05d3dfc elementor-widget elementor-widget-text-editor\" data-id=\"05d3dfc\" data-element_type=\"widget\" data-widget_type=\"text-editor.default\">\n\t\t\t\t<div class=\"elementor-widget-container\">\n\t\t\t\t\t\t\t<h5><span style=\"font-weight: 400;\">Ciudad Cicatrizada<\/span><\/h5><p>(Video) DE, 30:47\u2019<\/p>\t\t\t\t\t\t<\/div>\n\t\t\t\t<\/div>\n\t\t\t\t<div class=\"elementor-element elementor-element-0b7b09a elementor-widget elementor-widget-text-editor\" data-id=\"0b7b09a\" data-element_type=\"widget\" data-widget_type=\"text-editor.default\">\n\t\t\t\t<div class=\"elementor-widget-container\">\n\t\t\t\t\t\t\t<h6><span style=\"font-weight: 400;\">Laura Arcalean &amp; Lola Livre<\/span><\/h6>\t\t\t\t\t\t<\/div>\n\t\t\t\t<\/div>\n\t\t\t\t<div class=\"elementor-element elementor-element-ed29c5c elementor-widget elementor-widget-text-editor\" data-id=\"ed29c5c\" data-element_type=\"widget\" data-widget_type=\"text-editor.default\">\n\t\t\t\t<div class=\"elementor-widget-container\">\n\t\t\t\t\t\t\t<p><span class=\"jCAhz ChMk0b\"><span class=\"ryNqvb\">&#8220;Ciudad Cicatrizada&#8221; follows graffiti artist and activist Lola Livre, who has found a sanctuary in the streets of Mexico City. The documentary portrays graffiti as a form of resistance and liberation that uses public space to bring to light the scars of a sexist and violent country.<\/span><\/span><\/p>\t\t\t\t\t\t<\/div>\n\t\t\t\t<\/div>\n\t\t\t\t\t<\/div>\n\t\t\t\t<\/div>\n\t\t\t\t\t<\/div>\n\t\t\t\t<\/div>\n\t\t<div class=\"elementor-element elementor-element-394733d e-flex e-con-boxed wpr-particle-no wpr-jarallax-no wpr-parallax-no wpr-sticky-section-no e-con e-child\" data-id=\"394733d\" data-element_type=\"container\" data-settings=\"{&quot;content_width&quot;:&quot;boxed&quot;}\">\n\t\t\t\t\t<div class=\"e-con-inner\">\n\t\t<div class=\"elementor-element elementor-element-2a4d760 e-flex e-con-boxed wpr-particle-no wpr-jarallax-no wpr-parallax-no wpr-sticky-section-no e-con e-child\" data-id=\"2a4d760\" data-element_type=\"container\" data-settings=\"{&quot;content_width&quot;:&quot;boxed&quot;}\">\n\t\t\t\t\t<div class=\"e-con-inner\">\n\t\t\t\t<div class=\"elementor-element elementor-element-db2ce8d elementor-widget elementor-widget-image\" data-id=\"db2ce8d\" data-element_type=\"widget\" data-widget_type=\"image.default\">\n\t\t\t\t<div class=\"elementor-widget-container\">\n\t\t\t\t\t\t\t\t\t\t\t\t\t<img decoding=\"async\" width=\"1024\" height=\"576\" src=\"https:\/\/iftf-frankfurt.com\/wp-content\/uploads\/sites\/2\/Still_Kristalle_Pandoras_Box-1024x576.png\" class=\"attachment-large size-large wp-image-26411\" alt=\"\" srcset=\"https:\/\/iftf-frankfurt.com\/wp-content\/uploads\/sites\/2\/Still_Kristalle_Pandoras_Box-1024x576.png 1024w, https:\/\/iftf-frankfurt.com\/wp-content\/uploads\/sites\/2\/Still_Kristalle_Pandoras_Box-300x169.png 300w, https:\/\/iftf-frankfurt.com\/wp-content\/uploads\/sites\/2\/Still_Kristalle_Pandoras_Box-768x432.png 768w, https:\/\/iftf-frankfurt.com\/wp-content\/uploads\/sites\/2\/Still_Kristalle_Pandoras_Box-1536x864.png 1536w, https:\/\/iftf-frankfurt.com\/wp-content\/uploads\/sites\/2\/Still_Kristalle_Pandoras_Box-2048x1152.png 2048w, https:\/\/iftf-frankfurt.com\/wp-content\/uploads\/sites\/2\/Still_Kristalle_Pandoras_Box-700x394.png 700w, https:\/\/iftf-frankfurt.com\/wp-content\/uploads\/sites\/2\/Still_Kristalle_Pandoras_Box-539x303.png 539w\" sizes=\"(max-width: 1024px) 100vw, 1024px\" \/>\t\t\t\t\t\t\t\t\t\t\t\t\t<\/div>\n\t\t\t\t<\/div>\n\t\t\t\t<div class=\"elementor-element elementor-element-b26515e elementor-widget elementor-widget-toggle\" data-id=\"b26515e\" data-element_type=\"widget\" data-widget_type=\"toggle.default\">\n\t\t\t\t<div class=\"elementor-widget-container\">\n\t\t\t\t\t<div class=\"elementor-toggle\">\n\t\t\t\t\t\t\t<div class=\"elementor-toggle-item\">\n\t\t\t\t\t<div id=\"elementor-tab-title-1871\" class=\"elementor-tab-title\" data-tab=\"1\" role=\"button\" aria-controls=\"elementor-tab-content-1871\" aria-expanded=\"false\">\n\t\t\t\t\t\t\t\t\t\t\t\t<span class=\"elementor-toggle-icon elementor-toggle-icon-left\" aria-hidden=\"true\">\n\t\t\t\t\t\t\t\t\t\t\t\t\t\t\t<span class=\"elementor-toggle-icon-closed\"><i class=\"fas fa-info-circle\"><\/i><\/span>\n\t\t\t\t\t\t\t\t<span class=\"elementor-toggle-icon-opened\"><i class=\"elementor-toggle-icon-opened fas fa-info-circle\"><\/i><\/span>\n\t\t\t\t\t\t\t\t\t\t\t\t\t<\/span>\n\t\t\t\t\t\t\t\t\t\t\t\t<a class=\"elementor-toggle-title\" tabindex=\"0\">Carolin Martin<\/a>\n\t\t\t\t\t<\/div>\n\n\t\t\t\t\t<div id=\"elementor-tab-content-1871\" class=\"elementor-tab-content elementor-clearfix\" data-tab=\"1\" role=\"region\" aria-labelledby=\"elementor-tab-title-1871\"><p><b><strong>Carolin Martin<\/strong><\/b><span style=\"font-weight: 400;\"> lives and works as an artist and filmmaker between Berlin and Marseille.<br \/>She is a master student of the Berlin University of the Arts. Her artistic work<br \/>often takes as its starting point fairy tales she has written herself, featuring<br \/>female protagonists shaped by mythological and fairy-tale narratives.<br \/>In her work, she questions outdated notions of romantic love and femininity.<\/span><\/p><p>\u00a0<\/p><p><strong><strong>Website\/IG<\/strong><br \/><\/strong><\/p><p><a href=\"http:\/\/www.carolinmartin.de\"><span style=\"font-weight: 400;\">www.carolinmartin.de<\/span><\/a><\/p><p><a href=\"https:\/\/www.instagram.com\/carolinmartin_\/\">@carolinmartin<\/a><\/p><\/div>\n\t\t\t\t<\/div>\n\t\t\t\t\t\t\t\t<\/div>\n\t\t\t\t<\/div>\n\t\t\t\t<\/div>\n\t\t\t\t\t<\/div>\n\t\t\t\t<\/div>\n\t\t<div class=\"elementor-element elementor-element-51dc404 e-flex e-con-boxed wpr-particle-no wpr-jarallax-no wpr-parallax-no wpr-sticky-section-no e-con e-child\" data-id=\"51dc404\" data-element_type=\"container\" data-settings=\"{&quot;content_width&quot;:&quot;boxed&quot;}\">\n\t\t\t\t\t<div class=\"e-con-inner\">\n\t\t\t\t<div class=\"elementor-element elementor-element-a603e5e elementor-widget elementor-widget-text-editor\" data-id=\"a603e5e\" data-element_type=\"widget\" data-widget_type=\"text-editor.default\">\n\t\t\t\t<div class=\"elementor-widget-container\">\n\t\t\t\t\t\t\t<h5><span style=\"font-weight: 400;\">Kristalle<\/span><\/h5>\n(Video) DE, 20\u2019\t\t\t\t\t\t<\/div>\n\t\t\t\t<\/div>\n\t\t\t\t<div class=\"elementor-element elementor-element-9a84a20 elementor-widget elementor-widget-text-editor\" data-id=\"9a84a20\" data-element_type=\"widget\" data-widget_type=\"text-editor.default\">\n\t\t\t\t<div class=\"elementor-widget-container\">\n\t\t\t\t\t\t\t<h6><span style=\"font-weight: 400;\">Carolin Martin<\/span><\/h6>\t\t\t\t\t\t<\/div>\n\t\t\t\t<\/div>\n\t\t\t\t<div class=\"elementor-element elementor-element-fa38b8c elementor-widget elementor-widget-text-editor\" data-id=\"fa38b8c\" data-element_type=\"widget\" data-widget_type=\"text-editor.default\">\n\t\t\t\t<div class=\"elementor-widget-container\">\n\t\t\t\t\t\t\t<p><span class=\"jCAhz ChMk0b\"><span class=\"ryNqvb\">Neige eats a slice of cake from a pastry chef and turns into a woman of sugar. After another transformation, she wakes up in the garden of a strange wizard and digs her way out of the earth surrounding her. More courageous than before, she takes her fate into her own hands.<\/span><\/span><\/p><p>\u00a0<\/p><p><strong><strong>Target audience:<\/strong><\/strong> Everyone, especially those interested in feminism, fairy tales, and art; not rated by the FSK; <strong><strong>recommended<\/strong><\/strong> for ages 6 and up.<\/p><p>\u00a0<\/p><p><strong><strong>Language:<\/strong><\/strong> German\u00a0 <strong><strong>Subtitles:<\/strong><\/strong> English<\/p>\t\t\t\t\t\t<\/div>\n\t\t\t\t<\/div>\n\t\t\t\t\t<\/div>\n\t\t\t\t<\/div>\n\t\t\t\t\t<\/div>\n\t\t\t\t<\/div>\n\t\t<div class=\"elementor-element elementor-element-87e5f47 e-flex e-con-boxed wpr-particle-no wpr-jarallax-no wpr-parallax-no wpr-sticky-section-no e-con e-child\" data-id=\"87e5f47\" data-element_type=\"container\" data-settings=\"{&quot;content_width&quot;:&quot;boxed&quot;}\">\n\t\t\t\t\t<div class=\"e-con-inner\">\n\t\t<div class=\"elementor-element elementor-element-6750f72 e-flex e-con-boxed wpr-particle-no wpr-jarallax-no wpr-parallax-no wpr-sticky-section-no e-con e-child\" data-id=\"6750f72\" data-element_type=\"container\" data-settings=\"{&quot;content_width&quot;:&quot;boxed&quot;}\">\n\t\t\t\t\t<div class=\"e-con-inner\">\n\t\t\t\t<div class=\"elementor-element elementor-element-38302bb elementor-widget elementor-widget-image\" data-id=\"38302bb\" data-element_type=\"widget\" data-widget_type=\"image.default\">\n\t\t\t\t<div class=\"elementor-widget-container\">\n\t\t\t\t\t\t\t\t\t\t\t\t\t<img loading=\"lazy\" decoding=\"async\" width=\"1024\" height=\"576\" src=\"https:\/\/iftf-frankfurt.com\/wp-content\/uploads\/sites\/2\/open_up_kepek-1024x576.jpg\" class=\"attachment-large size-large wp-image-26427\" alt=\"\" srcset=\"https:\/\/iftf-frankfurt.com\/wp-content\/uploads\/sites\/2\/open_up_kepek-1024x576.jpg 1024w, https:\/\/iftf-frankfurt.com\/wp-content\/uploads\/sites\/2\/open_up_kepek-300x169.jpg 300w, https:\/\/iftf-frankfurt.com\/wp-content\/uploads\/sites\/2\/open_up_kepek-768x432.jpg 768w, https:\/\/iftf-frankfurt.com\/wp-content\/uploads\/sites\/2\/open_up_kepek-1536x864.jpg 1536w, https:\/\/iftf-frankfurt.com\/wp-content\/uploads\/sites\/2\/open_up_kepek-700x394.jpg 700w, https:\/\/iftf-frankfurt.com\/wp-content\/uploads\/sites\/2\/open_up_kepek-539x303.jpg 539w, https:\/\/iftf-frankfurt.com\/wp-content\/uploads\/sites\/2\/open_up_kepek.jpg 1920w\" sizes=\"(max-width: 1024px) 100vw, 1024px\" \/>\t\t\t\t\t\t\t\t\t\t\t\t\t<\/div>\n\t\t\t\t<\/div>\n\t\t\t\t<div class=\"elementor-element elementor-element-43cd103 elementor-widget elementor-widget-toggle\" data-id=\"43cd103\" data-element_type=\"widget\" data-widget_type=\"toggle.default\">\n\t\t\t\t<div class=\"elementor-widget-container\">\n\t\t\t\t\t<div class=\"elementor-toggle\">\n\t\t\t\t\t\t\t<div class=\"elementor-toggle-item\">\n\t\t\t\t\t<div id=\"elementor-tab-title-7101\" class=\"elementor-tab-title\" data-tab=\"1\" role=\"button\" aria-controls=\"elementor-tab-content-7101\" aria-expanded=\"false\">\n\t\t\t\t\t\t\t\t\t\t\t\t<span class=\"elementor-toggle-icon elementor-toggle-icon-left\" aria-hidden=\"true\">\n\t\t\t\t\t\t\t\t\t\t\t\t\t\t\t<span class=\"elementor-toggle-icon-closed\"><i class=\"fas fa-info-circle\"><\/i><\/span>\n\t\t\t\t\t\t\t\t<span class=\"elementor-toggle-icon-opened\"><i class=\"elementor-toggle-icon-opened fas fa-info-circle\"><\/i><\/span>\n\t\t\t\t\t\t\t\t\t\t\t\t\t<\/span>\n\t\t\t\t\t\t\t\t\t\t\t\t<a class=\"elementor-toggle-title\" tabindex=\"0\">Stella Nyul & Faktor Termin\u00e1l<\/a>\n\t\t\t\t\t<\/div>\n\n\t\t\t\t\t<div id=\"elementor-tab-content-7101\" class=\"elementor-tab-content elementor-clearfix\" data-tab=\"1\" role=\"region\" aria-labelledby=\"elementor-tab-title-7101\"><p><b><strong>Stella Nyul<\/strong><\/b><span style=\"font-weight: 400;\"> (is a 24-year-old Hungarian artist, studying and working in animation, illustration and graphic design.<\/span><\/p><p>\u00a0<\/p><p><strong><strong>Faktor Termin\u00e1l<\/strong><\/strong><span style=\"font-weight: 400;\"> creates its performances mostly in the theatrical, artistic form that still only a few people choose today in Hungary. It is a meeting of professional creators with civilians, not only in theatrical space, in high artistic quality, responding to current societal problems.<\/span><\/p><p>\u00a0<\/p><p><strong><strong>Website\/IG<\/strong><\/strong><\/p><p><a href=\"https:\/\/www.instagram.com\/stellartsystem\">@stellartsystem<\/a><\/p><p><a href=\"https:\/\/www.faktorterminal.hu\/\">https:\/\/www.faktorterminal.hu\/<\/a><\/p><\/div>\n\t\t\t\t<\/div>\n\t\t\t\t\t\t\t\t<\/div>\n\t\t\t\t<\/div>\n\t\t\t\t<\/div>\n\t\t\t\t\t<\/div>\n\t\t\t\t<\/div>\n\t\t<div class=\"elementor-element elementor-element-55a0465 e-flex e-con-boxed wpr-particle-no wpr-jarallax-no wpr-parallax-no wpr-sticky-section-no e-con e-child\" data-id=\"55a0465\" data-element_type=\"container\" data-settings=\"{&quot;content_width&quot;:&quot;boxed&quot;}\">\n\t\t\t\t\t<div class=\"e-con-inner\">\n\t\t\t\t<div class=\"elementor-element elementor-element-82efe72 elementor-widget elementor-widget-text-editor\" data-id=\"82efe72\" data-element_type=\"widget\" data-widget_type=\"text-editor.default\">\n\t\t\t\t<div class=\"elementor-widget-container\">\n\t\t\t\t\t\t\t<h5><span style=\"font-weight: 400;\">OPEN UP!<\/span><\/h5>\n(Video) keine gesprochene Sprache, 3:20\u2019\t\t\t\t\t\t<\/div>\n\t\t\t\t<\/div>\n\t\t\t\t<div class=\"elementor-element elementor-element-aa5d30f elementor-widget elementor-widget-text-editor\" data-id=\"aa5d30f\" data-element_type=\"widget\" data-widget_type=\"text-editor.default\">\n\t\t\t\t<div class=\"elementor-widget-container\">\n\t\t\t\t\t\t\t<h6><span style=\"font-weight: 400;\">Stella Nyul &#038; Faktor Termin\u00e1l<\/span><\/h6>\t\t\t\t\t\t<\/div>\n\t\t\t\t<\/div>\n\t\t\t\t<div class=\"elementor-element elementor-element-de4b0de elementor-widget elementor-widget-text-editor\" data-id=\"de4b0de\" data-element_type=\"widget\" data-widget_type=\"text-editor.default\">\n\t\t\t\t<div class=\"elementor-widget-container\">\n\t\t\t\t\t\t\t<p><span style=\"font-weight: 400;\">This proposal brings together organizations from Hungary, Poland and Czech Republic with the aim of raising social awareness about the real-life situations and danger surrounding human trafficking. Our film aims to make you feel something that you would rather put in the back of your mind. Disgust, uneasiness, discomfort. We wanted to create a box, a room, where people experience the effect of an act so sick it should never occur. But it does; there is a demand and a supply.<\/span><\/p><p>\u00a0<\/p><p><strong><strong>Target audience:<\/strong><\/strong> General audience \u2013 ages 12 and up.<\/p><p>\u00a0<\/p><p><strong><strong>Language:<\/strong><\/strong> No spoken language.<\/p>\t\t\t\t\t\t<\/div>\n\t\t\t\t<\/div>\n\t\t\t\t\t<\/div>\n\t\t\t\t<\/div>\n\t\t\t\t\t<\/div>\n\t\t\t\t<\/div>\n\t\t<div class=\"elementor-element elementor-element-6b466ae e-flex e-con-boxed wpr-particle-no wpr-jarallax-no wpr-parallax-no wpr-sticky-section-no e-con e-child\" data-id=\"6b466ae\" data-element_type=\"container\" data-settings=\"{&quot;content_width&quot;:&quot;boxed&quot;}\">\n\t\t\t\t\t<div class=\"e-con-inner\">\n\t\t<div class=\"elementor-element elementor-element-1acc9d4 e-flex e-con-boxed wpr-particle-no wpr-jarallax-no wpr-parallax-no wpr-sticky-section-no e-con e-child\" data-id=\"1acc9d4\" data-element_type=\"container\" data-settings=\"{&quot;content_width&quot;:&quot;boxed&quot;}\">\n\t\t\t\t\t<div class=\"e-con-inner\">\n\t\t\t\t<div class=\"elementor-element elementor-element-6b19b03 elementor-widget elementor-widget-image\" data-id=\"6b19b03\" data-element_type=\"widget\" data-widget_type=\"image.default\">\n\t\t\t\t<div class=\"elementor-widget-container\">\n\t\t\t\t\t\t\t\t\t\t\t\t\t<img loading=\"lazy\" decoding=\"async\" width=\"1024\" height=\"577\" src=\"https:\/\/iftf-frankfurt.com\/wp-content\/uploads\/sites\/2\/pandorasBox-Objekt-Simono-1024x577.jpg\" class=\"attachment-large size-large wp-image-26433\" alt=\"\" srcset=\"https:\/\/iftf-frankfurt.com\/wp-content\/uploads\/sites\/2\/pandorasBox-Objekt-Simono-1024x577.jpg 1024w, https:\/\/iftf-frankfurt.com\/wp-content\/uploads\/sites\/2\/pandorasBox-Objekt-Simono-300x169.jpg 300w, https:\/\/iftf-frankfurt.com\/wp-content\/uploads\/sites\/2\/pandorasBox-Objekt-Simono-768x432.jpg 768w, https:\/\/iftf-frankfurt.com\/wp-content\/uploads\/sites\/2\/pandorasBox-Objekt-Simono-1536x865.jpg 1536w, https:\/\/iftf-frankfurt.com\/wp-content\/uploads\/sites\/2\/pandorasBox-Objekt-Simono-2048x1153.jpg 2048w, https:\/\/iftf-frankfurt.com\/wp-content\/uploads\/sites\/2\/pandorasBox-Objekt-Simono-700x394.jpg 700w, https:\/\/iftf-frankfurt.com\/wp-content\/uploads\/sites\/2\/pandorasBox-Objekt-Simono-539x303.jpg 539w\" sizes=\"(max-width: 1024px) 100vw, 1024px\" \/>\t\t\t\t\t\t\t\t\t\t\t\t\t<\/div>\n\t\t\t\t<\/div>\n\t\t\t\t<div class=\"elementor-element elementor-element-e1ca752 elementor-widget elementor-widget-toggle\" data-id=\"e1ca752\" data-element_type=\"widget\" data-widget_type=\"toggle.default\">\n\t\t\t\t<div class=\"elementor-widget-container\">\n\t\t\t\t\t<div class=\"elementor-toggle\">\n\t\t\t\t\t\t\t<div class=\"elementor-toggle-item\">\n\t\t\t\t\t<div id=\"elementor-tab-title-2361\" class=\"elementor-tab-title\" data-tab=\"1\" role=\"button\" aria-controls=\"elementor-tab-content-2361\" aria-expanded=\"false\">\n\t\t\t\t\t\t\t\t\t\t\t\t<span class=\"elementor-toggle-icon elementor-toggle-icon-left\" aria-hidden=\"true\">\n\t\t\t\t\t\t\t\t\t\t\t\t\t\t\t<span class=\"elementor-toggle-icon-closed\"><i class=\"fas fa-info-circle\"><\/i><\/span>\n\t\t\t\t\t\t\t\t<span class=\"elementor-toggle-icon-opened\"><i class=\"elementor-toggle-icon-opened fas fa-info-circle\"><\/i><\/span>\n\t\t\t\t\t\t\t\t\t\t\t\t\t<\/span>\n\t\t\t\t\t\t\t\t\t\t\t\t<a class=\"elementor-toggle-title\" tabindex=\"0\">Simono<\/a>\n\t\t\t\t\t<\/div>\n\n\t\t\t\t\t<div id=\"elementor-tab-content-2361\" class=\"elementor-tab-content elementor-clearfix\" data-tab=\"1\" role=\"region\" aria-labelledby=\"elementor-tab-title-2361\"><p><strong><strong>Simono<\/strong> <\/strong><span style=\"font-weight: 400;\">is an audiovisual artist. She works with anatomical forms, temporary installations, and signs and symbols. She uses drawing, audio, video, and laser cutting and is a Taiko Player.<br \/>In the 1980s, she studied visual communication at the HdK\/UdK Berlin and continued her education in the field of audiovisual media, partly through self-study. Her work is currently on view at the Openart Lausitz Biennale; previously, she directed the light and space project um|raum at Britz Castle.<br \/>She acts in feminist and queer contexts for years. She was born in (West) Berlin and lives and works in her studio in Berlin-Neuk\u00f6lln. <\/span><\/p><p>\u00a0<\/p><p><strong><strong>Website\/IG<\/strong><\/strong><\/p><p><a href=\"https:\/\/simono.de\/\">https:\/\/simono.de<\/a><\/p><p><a href=\"https:\/\/www.instagram.com\/simono_berlino\">@simono_berlino<\/a><\/p><\/div>\n\t\t\t\t<\/div>\n\t\t\t\t\t\t\t\t<\/div>\n\t\t\t\t<\/div>\n\t\t\t\t<\/div>\n\t\t\t\t\t<\/div>\n\t\t\t\t<\/div>\n\t\t<div class=\"elementor-element elementor-element-963cc03 e-flex e-con-boxed wpr-particle-no wpr-jarallax-no wpr-parallax-no wpr-sticky-section-no e-con e-child\" data-id=\"963cc03\" data-element_type=\"container\" data-settings=\"{&quot;content_width&quot;:&quot;boxed&quot;}\">\n\t\t\t\t\t<div class=\"e-con-inner\">\n\t\t\t\t<div class=\"elementor-element elementor-element-9efac7d elementor-widget elementor-widget-text-editor\" data-id=\"9efac7d\" data-element_type=\"widget\" data-widget_type=\"text-editor.default\">\n\t\t\t\t<div class=\"elementor-widget-container\">\n\t\t\t\t\t\t\t<h5><span style=\"font-weight: 400;\">Pandora\u2019s LightBox<\/span><\/h5>\n(Animation in Laternen-Objekt, S\/W ) 2022-2026, non-verbal, 10:14\u2019\t\t\t\t\t\t<\/div>\n\t\t\t\t<\/div>\n\t\t\t\t<div class=\"elementor-element elementor-element-f957f9e elementor-widget elementor-widget-text-editor\" data-id=\"f957f9e\" data-element_type=\"widget\" data-widget_type=\"text-editor.default\">\n\t\t\t\t<div class=\"elementor-widget-container\">\n\t\t\t\t\t\t\t<h6><span style=\"font-weight: 400;\">Simono<\/span><\/h6>\t\t\t\t\t\t<\/div>\n\t\t\t\t<\/div>\n\t\t\t\t<div class=\"elementor-element elementor-element-84d0b7c elementor-widget elementor-widget-text-editor\" data-id=\"84d0b7c\" data-element_type=\"widget\" data-widget_type=\"text-editor.default\">\n\t\t\t\t<div class=\"elementor-widget-container\">\n\t\t\t\t\t\t\t<p><span style=\"font-weight: 400;\">Drawings\u2014white on black\u2014emerge in a visible process. The entire film represents the process of clarifying and examining forms, figures, and ideas on their own terms before encountering others in discussion and discourse. What does an embryo, a torso, or a demon mean?<\/span><\/p><p>\u00a0<\/p><p><strong><strong>Target audience:<\/strong><\/strong> This work is for an audience interested in art, culture, theater, and feminist issues<\/p><p>\u00a0<\/p><p><strong><strong>Language:<\/strong><\/strong> German, partly English.<\/p>\t\t\t\t\t\t<\/div>\n\t\t\t\t<\/div>\n\t\t\t\t\t<\/div>\n\t\t\t\t<\/div>\n\t\t\t\t\t<\/div>\n\t\t\t\t<\/div>\n\t\t<div class=\"elementor-element elementor-element-45dfe65 e-flex e-con-boxed wpr-particle-no wpr-jarallax-no wpr-parallax-no wpr-sticky-section-no e-con e-child\" data-id=\"45dfe65\" data-element_type=\"container\" data-settings=\"{&quot;content_width&quot;:&quot;boxed&quot;}\">\n\t\t\t\t\t<div class=\"e-con-inner\">\n\t\t<div class=\"elementor-element elementor-element-3fb1ed1 e-flex e-con-boxed wpr-particle-no wpr-jarallax-no wpr-parallax-no wpr-sticky-section-no e-con e-child\" data-id=\"3fb1ed1\" data-element_type=\"container\" data-settings=\"{&quot;content_width&quot;:&quot;boxed&quot;}\">\n\t\t\t\t\t<div class=\"e-con-inner\">\n\t\t\t\t<div class=\"elementor-element elementor-element-510c7fe elementor-widget elementor-widget-image\" data-id=\"510c7fe\" data-element_type=\"widget\" data-widget_type=\"image.default\">\n\t\t\t\t<div class=\"elementor-widget-container\">\n\t\t\t\t\t\t\t\t\t\t\t\t\t<img loading=\"lazy\" decoding=\"async\" width=\"1024\" height=\"213\" src=\"https:\/\/iftf-frankfurt.com\/wp-content\/uploads\/sites\/2\/to-rewild-our-lands-Pandoras-Box_Landscaping-Tranformation-1024x213.jpeg\" class=\"attachment-large size-large wp-image-26429\" alt=\"\" srcset=\"https:\/\/iftf-frankfurt.com\/wp-content\/uploads\/sites\/2\/to-rewild-our-lands-Pandoras-Box_Landscaping-Tranformation-1024x213.jpeg 1024w, https:\/\/iftf-frankfurt.com\/wp-content\/uploads\/sites\/2\/to-rewild-our-lands-Pandoras-Box_Landscaping-Tranformation-300x63.jpeg 300w, https:\/\/iftf-frankfurt.com\/wp-content\/uploads\/sites\/2\/to-rewild-our-lands-Pandoras-Box_Landscaping-Tranformation-768x160.jpeg 768w, https:\/\/iftf-frankfurt.com\/wp-content\/uploads\/sites\/2\/to-rewild-our-lands-Pandoras-Box_Landscaping-Tranformation-1536x320.jpeg 1536w, https:\/\/iftf-frankfurt.com\/wp-content\/uploads\/sites\/2\/to-rewild-our-lands-Pandoras-Box_Landscaping-Tranformation-2048x427.jpeg 2048w, https:\/\/iftf-frankfurt.com\/wp-content\/uploads\/sites\/2\/to-rewild-our-lands-Pandoras-Box_Landscaping-Tranformation-700x146.jpeg 700w\" sizes=\"(max-width: 1024px) 100vw, 1024px\" \/>\t\t\t\t\t\t\t\t\t\t\t\t\t<\/div>\n\t\t\t\t<\/div>\n\t\t\t\t<div class=\"elementor-element elementor-element-a4a3c5d elementor-widget elementor-widget-toggle\" data-id=\"a4a3c5d\" data-element_type=\"widget\" data-widget_type=\"toggle.default\">\n\t\t\t\t<div class=\"elementor-widget-container\">\n\t\t\t\t\t<div class=\"elementor-toggle\">\n\t\t\t\t\t\t\t<div class=\"elementor-toggle-item\">\n\t\t\t\t\t<div id=\"elementor-tab-title-1721\" class=\"elementor-tab-title\" data-tab=\"1\" role=\"button\" aria-controls=\"elementor-tab-content-1721\" aria-expanded=\"false\">\n\t\t\t\t\t\t\t\t\t\t\t\t<span class=\"elementor-toggle-icon elementor-toggle-icon-left\" aria-hidden=\"true\">\n\t\t\t\t\t\t\t\t\t\t\t\t\t\t\t<span class=\"elementor-toggle-icon-closed\"><i class=\"fas fa-info-circle\"><\/i><\/span>\n\t\t\t\t\t\t\t\t<span class=\"elementor-toggle-icon-opened\"><i class=\"elementor-toggle-icon-opened fas fa-info-circle\"><\/i><\/span>\n\t\t\t\t\t\t\t\t\t\t\t\t\t<\/span>\n\t\t\t\t\t\t\t\t\t\t\t\t<a class=\"elementor-toggle-title\" tabindex=\"0\">Guayaba Colectivo<\/a>\n\t\t\t\t\t<\/div>\n\n\t\t\t\t\t<div id=\"elementor-tab-content-1721\" class=\"elementor-tab-content elementor-clearfix\" data-tab=\"1\" role=\"region\" aria-labelledby=\"elementor-tab-title-1721\"><p><span style=\"font-weight: 400;\"><b><strong>Guayaba Colectivo<\/strong><\/b> is a trandisc research ecology rooted in the flooded savanas of Colombia. Through restoration ecology, art and embodied practice, we explore how relationships between bodies and territories cultivate ecological regeneration.<\/span><\/p><p>\u00a0<\/p><p><strong><strong>Website\/IG<\/strong><\/strong><\/p><p><a href=\"https:\/\/www.instagram.com\/guayaba_collectivo\">@guayaba_collectivo<\/a><\/p><p>\u00a0<\/p><\/div>\n\t\t\t\t<\/div>\n\t\t\t\t\t\t\t\t<\/div>\n\t\t\t\t<\/div>\n\t\t\t\t<\/div>\n\t\t\t\t\t<\/div>\n\t\t\t\t<\/div>\n\t\t<div class=\"elementor-element elementor-element-580692f e-flex e-con-boxed wpr-particle-no wpr-jarallax-no wpr-parallax-no wpr-sticky-section-no e-con e-child\" data-id=\"580692f\" data-element_type=\"container\" data-settings=\"{&quot;content_width&quot;:&quot;boxed&quot;}\">\n\t\t\t\t\t<div class=\"e-con-inner\">\n\t\t\t\t<div class=\"elementor-element elementor-element-a53ead1 elementor-widget elementor-widget-text-editor\" data-id=\"a53ead1\" data-element_type=\"widget\" data-widget_type=\"text-editor.default\">\n\t\t\t\t<div class=\"elementor-widget-container\">\n\t\t\t\t\t\t\t<h5><span style=\"font-weight: 400;\">Rewilding Lands, Rewilding our Stance<\/span><\/h5><p>(Video) EN, 6\u2019<\/p>\t\t\t\t\t\t<\/div>\n\t\t\t\t<\/div>\n\t\t\t\t<div class=\"elementor-element elementor-element-ea7b560 elementor-widget elementor-widget-text-editor\" data-id=\"ea7b560\" data-element_type=\"widget\" data-widget_type=\"text-editor.default\">\n\t\t\t\t<div class=\"elementor-widget-container\">\n\t\t\t\t\t\t\t<h6><span style=\"font-weight: 400;\">Guayaba Colectivo<\/span><\/h6>\t\t\t\t\t\t<\/div>\n\t\t\t\t<\/div>\n\t\t\t\t<div class=\"elementor-element elementor-element-cf5989d elementor-widget elementor-widget-text-editor\" data-id=\"cf5989d\" data-element_type=\"widget\" data-widget_type=\"text-editor.default\">\n\t\t\t\t<div class=\"elementor-widget-container\">\n\t\t\t\t\t\t\t<p><span style=\"font-weight: 400;\">This art video poetically expresses how we are living in times of ecological collapse. Our consumption behaviour has made us reach and pass tipping points of no return. Biodiversity loss, extreme weather, climate catastrophes, human genocide, forced migration\u2026 and yet\u2026<\/span><\/p><p>\u00a0<\/p><p>We keep \u201cpaving pulse(s).<br \/>Extracting feelings.<br \/>Deforesting souls.<br \/>Producing scarcity.<br \/>Glorifying speed,<br \/>Massifying fear,<br \/>Consuming sordidly<br \/>Our self-denying tears\u2026\u201d<\/p><p>\u00a0<\/p><p>How are we accepting socio-ecological transformations on our planet and still be far from societal change?<\/p><p>\u00a0<\/p><p><strong><strong>Target audience:<\/strong><\/strong> Anyone interested in the changes our planet has undergone since the dawn of the industrial age and in maintaining a sustainable approach.<\/p><p>\u00a0<\/p><p><strong><strong>Language:<\/strong><\/strong> English<\/p>\t\t\t\t\t\t<\/div>\n\t\t\t\t<\/div>\n\t\t\t\t\t<\/div>\n\t\t\t\t<\/div>\n\t\t\t\t\t<\/div>\n\t\t\t\t<\/div>\n\t\t<div class=\"elementor-element elementor-element-0120b9e e-flex e-con-boxed wpr-particle-no wpr-jarallax-no wpr-parallax-no wpr-sticky-section-no e-con e-child\" data-id=\"0120b9e\" data-element_type=\"container\" data-settings=\"{&quot;content_width&quot;:&quot;boxed&quot;}\">\n\t\t\t\t\t<div class=\"e-con-inner\">\n\t\t<div class=\"elementor-element elementor-element-f603ec9 e-flex e-con-boxed wpr-particle-no wpr-jarallax-no wpr-parallax-no wpr-sticky-section-no e-con e-child\" data-id=\"f603ec9\" data-element_type=\"container\" data-settings=\"{&quot;content_width&quot;:&quot;boxed&quot;}\">\n\t\t\t\t\t<div class=\"e-con-inner\">\n\t\t\t\t<div class=\"elementor-element elementor-element-ddf4d0f elementor-widget elementor-widget-image\" data-id=\"ddf4d0f\" data-element_type=\"widget\" data-widget_type=\"image.default\">\n\t\t\t\t<div class=\"elementor-widget-container\">\n\t\t\t\t\t\t\t\t\t\t\t\t\t<img loading=\"lazy\" decoding=\"async\" width=\"1024\" height=\"576\" src=\"https:\/\/iftf-frankfurt.com\/wp-content\/uploads\/sites\/2\/Brutalist-parrot-1024x576.png\" class=\"attachment-large size-large wp-image-26425\" alt=\"\" srcset=\"https:\/\/iftf-frankfurt.com\/wp-content\/uploads\/sites\/2\/Brutalist-parrot-1024x576.png 1024w, https:\/\/iftf-frankfurt.com\/wp-content\/uploads\/sites\/2\/Brutalist-parrot-300x169.png 300w, https:\/\/iftf-frankfurt.com\/wp-content\/uploads\/sites\/2\/Brutalist-parrot-768x432.png 768w, https:\/\/iftf-frankfurt.com\/wp-content\/uploads\/sites\/2\/Brutalist-parrot-700x394.png 700w, https:\/\/iftf-frankfurt.com\/wp-content\/uploads\/sites\/2\/Brutalist-parrot-539x303.png 539w, https:\/\/iftf-frankfurt.com\/wp-content\/uploads\/sites\/2\/Brutalist-parrot.png 1440w\" sizes=\"(max-width: 1024px) 100vw, 1024px\" \/>\t\t\t\t\t\t\t\t\t\t\t\t\t<\/div>\n\t\t\t\t<\/div>\n\t\t\t\t<div class=\"elementor-element elementor-element-5a7be3d elementor-widget elementor-widget-toggle\" data-id=\"5a7be3d\" data-element_type=\"widget\" data-widget_type=\"toggle.default\">\n\t\t\t\t<div class=\"elementor-widget-container\">\n\t\t\t\t\t<div class=\"elementor-toggle\">\n\t\t\t\t\t\t\t<div class=\"elementor-toggle-item\">\n\t\t\t\t\t<div id=\"elementor-tab-title-9481\" class=\"elementor-tab-title\" data-tab=\"1\" role=\"button\" aria-controls=\"elementor-tab-content-9481\" aria-expanded=\"false\">\n\t\t\t\t\t\t\t\t\t\t\t\t<span class=\"elementor-toggle-icon elementor-toggle-icon-left\" aria-hidden=\"true\">\n\t\t\t\t\t\t\t\t\t\t\t\t\t\t\t<span class=\"elementor-toggle-icon-closed\"><i class=\"fas fa-info-circle\"><\/i><\/span>\n\t\t\t\t\t\t\t\t<span class=\"elementor-toggle-icon-opened\"><i class=\"elementor-toggle-icon-opened fas fa-info-circle\"><\/i><\/span>\n\t\t\t\t\t\t\t\t\t\t\t\t\t<\/span>\n\t\t\t\t\t\t\t\t\t\t\t\t<a class=\"elementor-toggle-title\" tabindex=\"0\">The Brutalist Parrots<\/a>\n\t\t\t\t\t<\/div>\n\n\t\t\t\t\t<div id=\"elementor-tab-content-9481\" class=\"elementor-tab-content elementor-clearfix\" data-tab=\"1\" role=\"region\" aria-labelledby=\"elementor-tab-title-9481\"><p><b>The Brutalist Parrots<\/b><span style=\"font-weight: 400;\"> are a FLINTA* collective exploring movement as a shared language. They meet at the intersection of contemporary, urban and club dance, where the body becomes a site of experimentation. Formed in Mannheim in 2025, they collaborate on works investigating the relationships between body, space, social structures and community. Through collective movement, they explore how bodies connect, support and reshape their environments, opening spaces for care, resistance and mutual empowerment.<\/span><\/p><p>\u00a0<\/p><p><strong><strong>Website\/IG<\/strong><\/strong><\/p><p>Project link:\u00a0<a href=\"https:\/\/filmfreeway.com\/projects\/4182414\">https:\/\/filmfreeway.com\/projects\/4182414<\/a><\/p><p>Our IG profiles:<\/p><p>Leonie Bohrer\u00a0<a href=\"https:\/\/www.instagram.com\/loewen.feder\/\">@loewen.feder\/<\/a><\/p><p>Laura Dal Checco\u00a0<a href=\"https:\/\/www.instagram.com\/lauradalchecco\/\">@lauradalchecco\/<\/a><\/p><p>Anna Schwalgun\u00a0<a href=\"https:\/\/www.instagram.com\/anna.amary\/\">@anna.amary\/<\/a><\/p><p>Alissa Wedmann\u00a0<a href=\"https:\/\/www.instagram.com\/pdrschnik\/\">@pdrschnik\/<\/a><\/p><p>Cota Projects\u00a0<a href=\"https:\/\/www.instagram.com\/cotaprojects\/\">@cotaprojects\/<\/a><\/p><\/div>\n\t\t\t\t<\/div>\n\t\t\t\t\t\t\t\t<\/div>\n\t\t\t\t<\/div>\n\t\t\t\t<\/div>\n\t\t\t\t\t<\/div>\n\t\t\t\t<\/div>\n\t\t<div class=\"elementor-element elementor-element-fa0b29a e-flex e-con-boxed wpr-particle-no wpr-jarallax-no wpr-parallax-no wpr-sticky-section-no e-con e-child\" data-id=\"fa0b29a\" data-element_type=\"container\" data-settings=\"{&quot;content_width&quot;:&quot;boxed&quot;}\">\n\t\t\t\t\t<div class=\"e-con-inner\">\n\t\t\t\t<div class=\"elementor-element elementor-element-add8b90 elementor-widget elementor-widget-text-editor\" data-id=\"add8b90\" data-element_type=\"widget\" data-widget_type=\"text-editor.default\">\n\t\t\t\t<div class=\"elementor-widget-container\">\n\t\t\t\t\t\t\t<h5><span style=\"font-weight: 400;\">The Brutalist Death of a Brutalist Parrot<\/span><\/h5>\n(Video) keine gesprochene Sprache, 5:45\u2032\t\t\t\t\t\t<\/div>\n\t\t\t\t<\/div>\n\t\t\t\t<div class=\"elementor-element elementor-element-7f95f59 elementor-widget elementor-widget-text-editor\" data-id=\"7f95f59\" data-element_type=\"widget\" data-widget_type=\"text-editor.default\">\n\t\t\t\t<div class=\"elementor-widget-container\">\n\t\t\t\t\t\t\t<span style=\"font-weight: 400;\">The Brutalist Parrots<\/span>\t\t\t\t\t\t<\/div>\n\t\t\t\t<\/div>\n\t\t\t\t<div class=\"elementor-element elementor-element-48814d2 elementor-widget elementor-widget-text-editor\" data-id=\"48814d2\" data-element_type=\"widget\" data-widget_type=\"text-editor.default\">\n\t\t\t\t<div class=\"elementor-widget-container\">\n\t\t\t\t\t\t\t<p><span style=\"font-weight: 400;\">The Brutalist Death of a Brutalist Parrot investigates the structures that shape our everyday lives. Brutalist architecture becomes a metaphor for rigid systems in which forms of patriarchal violence can emerge and persist, often invisible, yet deeply embedded. <\/span><span style=\"font-weight: 400;\">In contrast, the film highlights the necessity of community: spaces of solidarity where safety, care, and mutual empowerment can grow. Through collective movement, we make resistance visible. The body becomes a site of connection, support, and shared strength.<\/span><\/p><p>\u00a0<\/p><p><strong><strong>Target audience:<\/strong><\/strong> General public \u2013 regardless of language, age, or cultural background<\/p><p>\u00a0<\/p><p><strong><strong>Language:<\/strong><\/strong> No spoken language<\/p>\t\t\t\t\t\t<\/div>\n\t\t\t\t<\/div>\n\t\t\t\t\t<\/div>\n\t\t\t\t<\/div>\n\t\t\t\t\t<\/div>\n\t\t\t\t<\/div>\n\t\t<div class=\"elementor-element elementor-element-c365ec2 e-flex e-con-boxed wpr-particle-no wpr-jarallax-no wpr-parallax-no wpr-sticky-section-no e-con e-child\" data-id=\"c365ec2\" data-element_type=\"container\" data-settings=\"{&quot;content_width&quot;:&quot;boxed&quot;}\">\n\t\t\t\t\t<div class=\"e-con-inner\">\n\t\t<div class=\"elementor-element elementor-element-c319b4f e-flex e-con-boxed wpr-particle-no wpr-jarallax-no wpr-parallax-no wpr-sticky-section-no e-con e-child\" data-id=\"c319b4f\" data-element_type=\"container\" data-settings=\"{&quot;content_width&quot;:&quot;boxed&quot;}\">\n\t\t\t\t\t<div class=\"e-con-inner\">\n\t\t\t\t<div class=\"elementor-element elementor-element-d6da455 elementor-widget elementor-widget-image\" data-id=\"d6da455\" data-element_type=\"widget\" data-widget_type=\"image.default\">\n\t\t\t\t<div class=\"elementor-widget-container\">\n\t\t\t\t\t\t\t\t\t\t\t\t\t<img loading=\"lazy\" decoding=\"async\" width=\"960\" height=\"960\" src=\"https:\/\/iftf-frankfurt.com\/wp-content\/uploads\/sites\/2\/Undine_SaskiaCorleis_1.jpeg\" class=\"attachment-large size-large wp-image-26435\" alt=\"\" srcset=\"https:\/\/iftf-frankfurt.com\/wp-content\/uploads\/sites\/2\/Undine_SaskiaCorleis_1.jpeg 960w, https:\/\/iftf-frankfurt.com\/wp-content\/uploads\/sites\/2\/Undine_SaskiaCorleis_1-300x300.jpeg 300w, https:\/\/iftf-frankfurt.com\/wp-content\/uploads\/sites\/2\/Undine_SaskiaCorleis_1-150x150.jpeg 150w, https:\/\/iftf-frankfurt.com\/wp-content\/uploads\/sites\/2\/Undine_SaskiaCorleis_1-768x768.jpeg 768w, https:\/\/iftf-frankfurt.com\/wp-content\/uploads\/sites\/2\/Undine_SaskiaCorleis_1-570x570.jpeg 570w, https:\/\/iftf-frankfurt.com\/wp-content\/uploads\/sites\/2\/Undine_SaskiaCorleis_1-500x500.jpeg 500w, https:\/\/iftf-frankfurt.com\/wp-content\/uploads\/sites\/2\/Undine_SaskiaCorleis_1-700x700.jpeg 700w, https:\/\/iftf-frankfurt.com\/wp-content\/uploads\/sites\/2\/Undine_SaskiaCorleis_1-650x650.jpeg 650w\" sizes=\"(max-width: 960px) 100vw, 960px\" \/>\t\t\t\t\t\t\t\t\t\t\t\t\t<\/div>\n\t\t\t\t<\/div>\n\t\t\t\t<div class=\"elementor-element elementor-element-9288bf9 elementor-widget elementor-widget-toggle\" data-id=\"9288bf9\" data-element_type=\"widget\" data-widget_type=\"toggle.default\">\n\t\t\t\t<div class=\"elementor-widget-container\">\n\t\t\t\t\t<div class=\"elementor-toggle\">\n\t\t\t\t\t\t\t<div class=\"elementor-toggle-item\">\n\t\t\t\t\t<div id=\"elementor-tab-title-1531\" class=\"elementor-tab-title\" data-tab=\"1\" role=\"button\" aria-controls=\"elementor-tab-content-1531\" aria-expanded=\"false\">\n\t\t\t\t\t\t\t\t\t\t\t\t<span class=\"elementor-toggle-icon elementor-toggle-icon-left\" aria-hidden=\"true\">\n\t\t\t\t\t\t\t\t\t\t\t\t\t\t\t<span class=\"elementor-toggle-icon-closed\"><i class=\"fas fa-info-circle\"><\/i><\/span>\n\t\t\t\t\t\t\t\t<span class=\"elementor-toggle-icon-opened\"><i class=\"elementor-toggle-icon-opened fas fa-info-circle\"><\/i><\/span>\n\t\t\t\t\t\t\t\t\t\t\t\t\t<\/span>\n\t\t\t\t\t\t\t\t\t\t\t\t<a class=\"elementor-toggle-title\" tabindex=\"0\">Saskia Corleis<\/a>\n\t\t\t\t\t<\/div>\n\n\t\t\t\t\t<div id=\"elementor-tab-content-1531\" class=\"elementor-tab-content elementor-clearfix\" data-tab=\"1\" role=\"region\" aria-labelledby=\"elementor-tab-title-1531\"><p><strong><strong>Saskia Corleis<\/strong><\/strong><span style=\"font-weight: 400;\"> studied German language and literature as well as acting in Kassel and Hamburg, obtaining state-recognized professional stage qualification upon completion of her studies. Since then, she has worked as a freelance artist, actress, journalist, and voice artist across the fields of theater, film, performance, and audio art.<\/span><\/p><p>\u00a0<\/p><p><strong><strong>Website\/IG<\/strong><\/strong><\/p><p><a href=\"https:\/\/www.instagram.com\/saskiacorleis\/\">@saskiacorleis<\/a><\/p><\/div>\n\t\t\t\t<\/div>\n\t\t\t\t\t\t\t\t<\/div>\n\t\t\t\t<\/div>\n\t\t\t\t<\/div>\n\t\t\t\t\t<\/div>\n\t\t\t\t<\/div>\n\t\t<div class=\"elementor-element elementor-element-6cb1ac7 e-flex e-con-boxed wpr-particle-no wpr-jarallax-no wpr-parallax-no wpr-sticky-section-no e-con e-child\" data-id=\"6cb1ac7\" data-element_type=\"container\" data-settings=\"{&quot;content_width&quot;:&quot;boxed&quot;}\">\n\t\t\t\t\t<div class=\"e-con-inner\">\n\t\t\t\t<div class=\"elementor-element elementor-element-04a7198 elementor-widget elementor-widget-text-editor\" data-id=\"04a7198\" data-element_type=\"widget\" data-widget_type=\"text-editor.default\">\n\t\t\t\t<div class=\"elementor-widget-container\">\n\t\t\t\t\t\t\t<h5><span style=\"font-weight: 400;\">Undine<\/span><\/h5>\n(Video) DE, 2:37\u2019\t\t\t\t\t\t<\/div>\n\t\t\t\t<\/div>\n\t\t\t\t<div class=\"elementor-element elementor-element-605c653 elementor-widget elementor-widget-text-editor\" data-id=\"605c653\" data-element_type=\"widget\" data-widget_type=\"text-editor.default\">\n\t\t\t\t<div class=\"elementor-widget-container\">\n\t\t\t\t\t\t\t<h6><span style=\"font-weight: 400;\">Saskia Corleis<\/span><\/h6>\t\t\t\t\t\t<\/div>\n\t\t\t\t<\/div>\n\t\t\t\t<div class=\"elementor-element elementor-element-5931231 elementor-widget elementor-widget-text-editor\" data-id=\"5931231\" data-element_type=\"widget\" data-widget_type=\"text-editor.default\">\n\t\t\t\t<div class=\"elementor-widget-container\">\n\t\t\t\t\t\t\t<p><span style=\"font-weight: 400;\">A visual poetry film about the mythical Undine\u2014a creature of the sea.<br \/>Undine speaks of moods, images, and soundscapes.<br \/>A personal and artistic exploration of letting go of perfection and finding the courage to turn ideas into reality.<\/span><\/p><p>\u00a0<\/p><p><strong><strong>Target audience:<\/strong><\/strong> Anyone who enjoys poetry and would like to linger for a few minutes and immerse themselves in a mythical world.<\/p><p>\u00a0<\/p><p><strong><strong>Language:<\/strong><\/strong> German with English subtitles<\/p>\t\t\t\t\t\t<\/div>\n\t\t\t\t<\/div>\n\t\t\t\t\t<\/div>\n\t\t\t\t<\/div>\n\t\t\t\t\t<\/div>\n\t\t\t\t<\/div>\n\t\t<div class=\"elementor-element elementor-element-be89666 e-flex e-con-boxed wpr-particle-no wpr-jarallax-no wpr-parallax-no wpr-sticky-section-no e-con e-child\" data-id=\"be89666\" data-element_type=\"container\" data-settings=\"{&quot;content_width&quot;:&quot;boxed&quot;}\">\n\t\t\t\t\t<div class=\"e-con-inner\">\n\t\t<div class=\"elementor-element elementor-element-4c010c5 e-flex e-con-boxed wpr-particle-no wpr-jarallax-no wpr-parallax-no wpr-sticky-section-no e-con e-child\" data-id=\"4c010c5\" data-element_type=\"container\" data-settings=\"{&quot;content_width&quot;:&quot;boxed&quot;}\">\n\t\t\t\t\t<div class=\"e-con-inner\">\n\t\t\t\t<div class=\"elementor-element elementor-element-be92678 elementor-widget elementor-widget-image\" data-id=\"be92678\" data-element_type=\"widget\" data-widget_type=\"image.default\">\n\t\t\t\t<div class=\"elementor-widget-container\">\n\t\t\t\t\t\t\t\t\t\t\t\t\t<img loading=\"lazy\" decoding=\"async\" width=\"1024\" height=\"682\" src=\"https:\/\/iftf-frankfurt.com\/wp-content\/uploads\/sites\/2\/Urano-portrait-1024x682.jpg\" class=\"attachment-large size-large wp-image-26419\" alt=\"\" srcset=\"https:\/\/iftf-frankfurt.com\/wp-content\/uploads\/sites\/2\/Urano-portrait-1024x682.jpg 1024w, https:\/\/iftf-frankfurt.com\/wp-content\/uploads\/sites\/2\/Urano-portrait-300x200.jpg 300w, https:\/\/iftf-frankfurt.com\/wp-content\/uploads\/sites\/2\/Urano-portrait-768x511.jpg 768w, https:\/\/iftf-frankfurt.com\/wp-content\/uploads\/sites\/2\/Urano-portrait-391x260.jpg 391w, https:\/\/iftf-frankfurt.com\/wp-content\/uploads\/sites\/2\/Urano-portrait-700x466.jpg 700w, https:\/\/iftf-frankfurt.com\/wp-content\/uploads\/sites\/2\/Urano-portrait.jpg 1280w\" sizes=\"(max-width: 1024px) 100vw, 1024px\" \/>\t\t\t\t\t\t\t\t\t\t\t\t\t<\/div>\n\t\t\t\t<\/div>\n\t\t\t\t<div class=\"elementor-element elementor-element-c8da5a1 elementor-widget elementor-widget-toggle\" data-id=\"c8da5a1\" data-element_type=\"widget\" data-widget_type=\"toggle.default\">\n\t\t\t\t<div class=\"elementor-widget-container\">\n\t\t\t\t\t<div class=\"elementor-toggle\">\n\t\t\t\t\t\t\t<div class=\"elementor-toggle-item\">\n\t\t\t\t\t<div id=\"elementor-tab-title-2101\" class=\"elementor-tab-title\" data-tab=\"1\" role=\"button\" aria-controls=\"elementor-tab-content-2101\" aria-expanded=\"false\">\n\t\t\t\t\t\t\t\t\t\t\t\t<span class=\"elementor-toggle-icon elementor-toggle-icon-left\" aria-hidden=\"true\">\n\t\t\t\t\t\t\t\t\t\t\t\t\t\t\t<span class=\"elementor-toggle-icon-closed\"><i class=\"fas fa-info-circle\"><\/i><\/span>\n\t\t\t\t\t\t\t\t<span class=\"elementor-toggle-icon-opened\"><i class=\"elementor-toggle-icon-opened fas fa-info-circle\"><\/i><\/span>\n\t\t\t\t\t\t\t\t\t\t\t\t\t<\/span>\n\t\t\t\t\t\t\t\t\t\t\t\t<a class=\"elementor-toggle-title\" tabindex=\"0\">Ruptura<\/a>\n\t\t\t\t\t<\/div>\n\n\t\t\t\t\t<div id=\"elementor-tab-content-2101\" class=\"elementor-tab-content elementor-clearfix\" data-tab=\"1\" role=\"region\" aria-labelledby=\"elementor-tab-title-2101\"><p><b><strong>Ruptura<\/strong> <\/b><span style=\"font-weight: 400;\">is a Brazilian audiovisual collective dedicated to producing works that explore themes of identity, gender, memory, and human rights. Formed by young<br \/>filmmakers from Salvador, the collective develops projects committed to original storytelling and to amplifying dissident perspectives in contemporary cinema. Urano, Planeta do Amor is part of this artistic research, offering a sensitive portrayal of the trans experience and the possibilities of love, care, and resistance.<\/span><\/p><p>\u00a0<\/p><p><b><strong>Website\/IG<\/strong><\/b><\/p><p><a href=\"https:\/\/www.instagram.com\/ruptura_lab\/\">@ruptura_lab<\/a><\/p><p><a href=\"https:\/\/www.instagram.com\/tinelopes_\">@tinelopes_<\/a><\/p><p><a href=\"https:\/\/www.instagram.com\/euelora\">@euelora<\/a><\/p><p><a href=\"https:\/\/www.instagram.com\/fotografiacomolhar\">@fotografiacomolhar<\/a><\/p><\/div>\n\t\t\t\t<\/div>\n\t\t\t\t\t\t\t\t<\/div>\n\t\t\t\t<\/div>\n\t\t\t\t<\/div>\n\t\t\t\t\t<\/div>\n\t\t\t\t<\/div>\n\t\t<div class=\"elementor-element elementor-element-ae18607 e-flex e-con-boxed wpr-particle-no wpr-jarallax-no wpr-parallax-no wpr-sticky-section-no e-con e-child\" data-id=\"ae18607\" data-element_type=\"container\" data-settings=\"{&quot;content_width&quot;:&quot;boxed&quot;}\">\n\t\t\t\t\t<div class=\"e-con-inner\">\n\t\t\t\t<div class=\"elementor-element elementor-element-f17c190 elementor-widget elementor-widget-text-editor\" data-id=\"f17c190\" data-element_type=\"widget\" data-widget_type=\"text-editor.default\">\n\t\t\t\t<div class=\"elementor-widget-container\">\n\t\t\t\t\t\t\t<h5><span style=\"font-weight: 400;\">Urano, Planeta do Amor<br \/>[Uranus, Planet of Love]<\/span><\/h5><p>(Video) BR, 17\u2032<\/p>\t\t\t\t\t\t<\/div>\n\t\t\t\t<\/div>\n\t\t\t\t<div class=\"elementor-element elementor-element-039ea6c elementor-widget elementor-widget-text-editor\" data-id=\"039ea6c\" data-element_type=\"widget\" data-widget_type=\"text-editor.default\">\n\t\t\t\t<div class=\"elementor-widget-container\">\n\t\t\t\t\t\t\t<h6><span style=\"font-weight: 400;\">Ruptura<\/span><\/h6>\t\t\t\t\t\t<\/div>\n\t\t\t\t<\/div>\n\t\t\t\t<div class=\"elementor-element elementor-element-8fa9f24 elementor-widget elementor-widget-text-editor\" data-id=\"8fa9f24\" data-element_type=\"widget\" data-widget_type=\"text-editor.default\">\n\t\t\t\t<div class=\"elementor-widget-container\">\n\t\t\t\t\t\t\t<p><span style=\"font-weight: 400;\">Uranus, Planet of Love follows Elora, a young transgender woman living in Salvador, as she navigates the challenges of love, identity, and belonging in a society shaped by prejudice and rigid gender expectations. Her life changes when she meets Yuri, a man who finds himself questioning the beliefs and social norms that have defined him after unexpectedly falling in love with her.<br \/>As their relationship deepens, they must confront discrimination, fear, and the pressures imposed by those around them. Together, they embark on a journey of self-discovery, challenging conventions and redefining what it means to love freely in a world that often refuses to understand them.<\/span><\/p><p>\u00a0<\/p><p>Romantic drama<br \/>Ages 14+<br \/><strong><strong>Language:<\/strong><\/strong> Portuguese (Brazil) <strong><strong>Subtitles:<\/strong><\/strong> English<\/p>\t\t\t\t\t\t<\/div>\n\t\t\t\t<\/div>\n\t\t\t\t\t<\/div>\n\t\t\t\t<\/div>\n\t\t\t\t\t<\/div>\n\t\t\t\t<\/div>\n\t\t<div class=\"elementor-element elementor-element-5eb72f3 e-flex e-con-boxed wpr-particle-no wpr-jarallax-no wpr-parallax-no wpr-sticky-section-no e-con e-child\" data-id=\"5eb72f3\" data-element_type=\"container\" data-settings=\"{&quot;content_width&quot;:&quot;boxed&quot;}\">\n\t\t\t\t\t<div class=\"e-con-inner\">\n\t\t<div class=\"elementor-element elementor-element-f66b038 e-flex e-con-boxed wpr-particle-no wpr-jarallax-no wpr-parallax-no wpr-sticky-section-no e-con e-child\" data-id=\"f66b038\" data-element_type=\"container\" data-settings=\"{&quot;content_width&quot;:&quot;boxed&quot;}\">\n\t\t\t\t\t<div class=\"e-con-inner\">\n\t\t\t\t<div class=\"elementor-element elementor-element-124c396 elementor-widget elementor-widget-image\" data-id=\"124c396\" data-element_type=\"widget\" data-widget_type=\"image.default\">\n\t\t\t\t<div class=\"elementor-widget-container\">\n\t\t\t\t\t\t\t\t\t\t\t\t\t<img loading=\"lazy\" decoding=\"async\" width=\"1024\" height=\"741\" src=\"https:\/\/iftf-frankfurt.com\/wp-content\/uploads\/sites\/2\/VENUS-MARSYAS_collage_by_copyright_Samira_Freitag_Viviana_Kammel_2023.jpg\" class=\"attachment-large size-large wp-image-26423\" alt=\"\" srcset=\"https:\/\/iftf-frankfurt.com\/wp-content\/uploads\/sites\/2\/VENUS-MARSYAS_collage_by_copyright_Samira_Freitag_Viviana_Kammel_2023.jpg 1024w, https:\/\/iftf-frankfurt.com\/wp-content\/uploads\/sites\/2\/VENUS-MARSYAS_collage_by_copyright_Samira_Freitag_Viviana_Kammel_2023-300x217.jpg 300w, https:\/\/iftf-frankfurt.com\/wp-content\/uploads\/sites\/2\/VENUS-MARSYAS_collage_by_copyright_Samira_Freitag_Viviana_Kammel_2023-768x556.jpg 768w, https:\/\/iftf-frankfurt.com\/wp-content\/uploads\/sites\/2\/VENUS-MARSYAS_collage_by_copyright_Samira_Freitag_Viviana_Kammel_2023-700x507.jpg 700w\" sizes=\"(max-width: 1024px) 100vw, 1024px\" \/>\t\t\t\t\t\t\t\t\t\t\t\t\t<\/div>\n\t\t\t\t<\/div>\n\t\t\t\t<div class=\"elementor-element elementor-element-5ba2f0e elementor-widget elementor-widget-toggle\" data-id=\"5ba2f0e\" data-element_type=\"widget\" data-widget_type=\"toggle.default\">\n\t\t\t\t<div class=\"elementor-widget-container\">\n\t\t\t\t\t<div class=\"elementor-toggle\">\n\t\t\t\t\t\t\t<div class=\"elementor-toggle-item\">\n\t\t\t\t\t<div id=\"elementor-tab-title-9601\" class=\"elementor-tab-title\" data-tab=\"1\" role=\"button\" aria-controls=\"elementor-tab-content-9601\" aria-expanded=\"false\">\n\t\t\t\t\t\t\t\t\t\t\t\t<span class=\"elementor-toggle-icon elementor-toggle-icon-left\" aria-hidden=\"true\">\n\t\t\t\t\t\t\t\t\t\t\t\t\t\t\t<span class=\"elementor-toggle-icon-closed\"><i class=\"fas fa-info-circle\"><\/i><\/span>\n\t\t\t\t\t\t\t\t<span class=\"elementor-toggle-icon-opened\"><i class=\"elementor-toggle-icon-opened fas fa-info-circle\"><\/i><\/span>\n\t\t\t\t\t\t\t\t\t\t\t\t\t<\/span>\n\t\t\t\t\t\t\t\t\t\t\t\t<a class=\"elementor-toggle-title\" tabindex=\"0\">Viviana Kammel & Samira Freitag<\/a>\n\t\t\t\t\t<\/div>\n\n\t\t\t\t\t<div id=\"elementor-tab-content-9601\" class=\"elementor-tab-content elementor-clearfix\" data-tab=\"1\" role=\"region\" aria-labelledby=\"elementor-tab-title-9601\"><p><strong><strong>Viviana Kammel<\/strong><\/strong> <span style=\"font-weight: 400;\">lives and works in Berlin as an author and artist. She studied Film Studies and Art History at the Free University of Berlin and works at Filmgalerie 451. She has held residencies at Villa Kamogawa (Goethe-Institut) in Kyoto and the Schloss Wiepersdorf Cultural Foundation, and is the editor of the magazine *Monster, Monster, Monster Girls!*.<\/span><\/p><p>\u00a0<\/p><p><strong><strong>Samira Freitag <\/strong><\/strong>studied Fine Arts at the Berlin University of the Arts (UdK) and the Academy of Fine Arts Vienna. As a master student (*Meistersch\u00fclerin*) at the UdK, she was nominated for the President\u2019s Prize in 2017. Her work explores transformation, the body, and symbolic references. She lives and works in Berlin.<\/p><p>\u00a0<\/p><p>\u00a0<\/p><p><strong><strong>Website\/IG<\/strong><\/strong><\/p><p><a href=\"https:\/\/vivianakammel.com\/\">https:\/\/vivianakammel.com\/<\/a><\/p><p><a href=\"https:\/\/www.instagram.com\/vivianakammel\">@vivianakammel<\/a><\/p><p><a href=\"https:\/\/samirafreitag.com\/\">https:\/\/samirafreitag.com\/<\/a><\/p><p><a href=\"https:\/\/www.instagram.com\/samira_freitag\">@samira_freitag<\/a><\/p><p>\u00a0<\/p><\/div>\n\t\t\t\t<\/div>\n\t\t\t\t\t\t\t\t<\/div>\n\t\t\t\t<\/div>\n\t\t\t\t<\/div>\n\t\t\t\t\t<\/div>\n\t\t\t\t<\/div>\n\t\t<div class=\"elementor-element elementor-element-fe25b8d e-flex e-con-boxed wpr-particle-no wpr-jarallax-no wpr-parallax-no wpr-sticky-section-no e-con e-child\" data-id=\"fe25b8d\" data-element_type=\"container\" data-settings=\"{&quot;content_width&quot;:&quot;boxed&quot;}\">\n\t\t\t\t\t<div class=\"e-con-inner\">\n\t\t\t\t<div class=\"elementor-element elementor-element-2a81d13 elementor-widget elementor-widget-text-editor\" data-id=\"2a81d13\" data-element_type=\"widget\" data-widget_type=\"text-editor.default\">\n\t\t\t\t<div class=\"elementor-widget-container\">\n\t\t\t\t\t\t\t<h5><span style=\"font-weight: 400;\">VENUS OHNE HAUT<\/span><\/h5>\n(Video) DE, 22\u2032\t\t\t\t\t\t<\/div>\n\t\t\t\t<\/div>\n\t\t\t\t<div class=\"elementor-element elementor-element-a642770 elementor-widget elementor-widget-text-editor\" data-id=\"a642770\" data-element_type=\"widget\" data-widget_type=\"text-editor.default\">\n\t\t\t\t<div class=\"elementor-widget-container\">\n\t\t\t\t\t\t\t<h6><span style=\"font-weight: 400;\">Viviana Kammel &amp; Samira Freitag<\/span><\/h6>\t\t\t\t\t\t<\/div>\n\t\t\t\t<\/div>\n\t\t\t\t<div class=\"elementor-element elementor-element-1c69fd5 elementor-widget elementor-widget-text-editor\" data-id=\"1c69fd5\" data-element_type=\"widget\" data-widget_type=\"text-editor.default\">\n\t\t\t\t<div class=\"elementor-widget-container\">\n\t\t\t\t\t\t\t<p><span style=\"font-weight: 400;\">The starting point for this interview film is an installation by the artist Samira Freitag, which, drawing on the myth of Marsyas, explores the theme of flaying. The myth recounts how the satyr Marsyas was flayed alive after losing a contest with Apollo. For the film, a diptych was created that combines the myth of Marsyas with the figure of Venus, goddess of love, beauty and fertility. In the collage, a figure of Venus is dismembered and reassembled using parts of photographed models. To create this, the heads of the photographed models were glued onto the exposed bodies of anatomical wax models, presenting us with a \u2018Venus without skin\u2019.<\/span><\/p><p>\u00a0<\/p><p><strong><strong>Target audience:<\/strong><\/strong> General audience, especially those interested in feminism, fairy tales, and art; not rated; <strong><strong>recommended<\/strong><\/strong> for ages 12 and up.<\/p><p>\u00a0<\/p><p><strong><strong>Language:<\/strong><\/strong> German\u00a0 <strong><strong>Subtitles:<\/strong><\/strong> English<\/p>\t\t\t\t\t\t<\/div>\n\t\t\t\t<\/div>\n\t\t\t\t\t<\/div>\n\t\t\t\t<\/div>\n\t\t\t\t\t<\/div>\n\t\t\t\t<\/div>\n\t\t<div class=\"elementor-element elementor-element-8c4fd7e e-flex e-con-boxed wpr-particle-no wpr-jarallax-no wpr-parallax-no wpr-sticky-section-no e-con e-child\" data-id=\"8c4fd7e\" data-element_type=\"container\" data-settings=\"{&quot;content_width&quot;:&quot;boxed&quot;}\">\n\t\t\t\t\t<div class=\"e-con-inner\">\n\t\t<div class=\"elementor-element elementor-element-fa0d2f9 e-flex e-con-boxed wpr-particle-no wpr-jarallax-no wpr-parallax-no wpr-sticky-section-no e-con e-child\" data-id=\"fa0d2f9\" data-element_type=\"container\" data-settings=\"{&quot;content_width&quot;:&quot;boxed&quot;}\">\n\t\t\t\t\t<div class=\"e-con-inner\">\n\t\t\t\t<div class=\"elementor-element elementor-element-6311b68 elementor-widget elementor-widget-image\" data-id=\"6311b68\" data-element_type=\"widget\" data-widget_type=\"image.default\">\n\t\t\t\t<div class=\"elementor-widget-container\">\n\t\t\t\t\t\t\t\t\t\t\t\t\t<img loading=\"lazy\" decoding=\"async\" width=\"640\" height=\"360\" src=\"https:\/\/iftf-frankfurt.com\/wp-content\/uploads\/sites\/2\/WaO_Filmstill\u00a9LisaRave_05.jpg\" class=\"attachment-large size-large wp-image-26766\" alt=\"\" srcset=\"https:\/\/iftf-frankfurt.com\/wp-content\/uploads\/sites\/2\/WaO_Filmstill\u00a9LisaRave_05.jpg 640w, https:\/\/iftf-frankfurt.com\/wp-content\/uploads\/sites\/2\/WaO_Filmstill\u00a9LisaRave_05-300x169.jpg 300w, https:\/\/iftf-frankfurt.com\/wp-content\/uploads\/sites\/2\/WaO_Filmstill\u00a9LisaRave_05-539x303.jpg 539w\" sizes=\"(max-width: 640px) 100vw, 640px\" \/>\t\t\t\t\t\t\t\t\t\t\t\t\t<\/div>\n\t\t\t\t<\/div>\n\t\t\t\t<div class=\"elementor-element elementor-element-1876137 elementor-widget elementor-widget-toggle\" data-id=\"1876137\" data-element_type=\"widget\" data-widget_type=\"toggle.default\">\n\t\t\t\t<div class=\"elementor-widget-container\">\n\t\t\t\t\t<div class=\"elementor-toggle\">\n\t\t\t\t\t\t\t<div class=\"elementor-toggle-item\">\n\t\t\t\t\t<div id=\"elementor-tab-title-2561\" class=\"elementor-tab-title\" data-tab=\"1\" role=\"button\" aria-controls=\"elementor-tab-content-2561\" aria-expanded=\"false\">\n\t\t\t\t\t\t\t\t\t\t\t\t<span class=\"elementor-toggle-icon elementor-toggle-icon-left\" aria-hidden=\"true\">\n\t\t\t\t\t\t\t\t\t\t\t\t\t\t\t<span class=\"elementor-toggle-icon-closed\"><i class=\"fas fa-info-circle\"><\/i><\/span>\n\t\t\t\t\t\t\t\t<span class=\"elementor-toggle-icon-opened\"><i class=\"elementor-toggle-icon-opened fas fa-info-circle\"><\/i><\/span>\n\t\t\t\t\t\t\t\t\t\t\t\t\t<\/span>\n\t\t\t\t\t\t\t\t\t\t\t\t<a class=\"elementor-toggle-title\" tabindex=\"0\">Lisa Rave<\/a>\n\t\t\t\t\t<\/div>\n\n\t\t\t\t\t<div id=\"elementor-tab-content-2561\" class=\"elementor-tab-content elementor-clearfix\" data-tab=\"1\" role=\"region\" aria-labelledby=\"elementor-tab-title-2561\"><p><strong><strong>Lisa Rave<\/strong><\/strong> is a filmmaker, and photographer working at the intersection of artistic practice, research and higher education. Her work critically engages with climate change, cultural loss, and human\u2013environment relations, with a strong focus on colonial and neo-colonial structures shaping ecological, technological, and cultural systems.<\/p><p>Alongside her institutional work, she has held international research fellowships and residencies, including Climate Crisis and Cultural Loss at Nanyang Technological University, Singapore, the Climate Action Artist Residency of the German Federal Foreign Office and have been a fellow of the TBA21 Academy.<\/p><p>\u00a0<\/p><p><strong><strong>Website\/IG<\/strong><\/strong><\/p><p><a href=\"https:\/\/www.Artport-project.org \/ artport_mw\">www.Artport-project.org <\/a><br \/><a href=\"https:\/\/lisarave.eu \/ rave__l\">lisarave.eu<\/a><\/p><\/div>\n\t\t\t\t<\/div>\n\t\t\t\t\t\t\t\t<\/div>\n\t\t\t\t<\/div>\n\t\t\t\t<\/div>\n\t\t\t\t\t<\/div>\n\t\t\t\t<\/div>\n\t\t<div class=\"elementor-element elementor-element-8043523 e-flex e-con-boxed wpr-particle-no wpr-jarallax-no wpr-parallax-no wpr-sticky-section-no e-con e-child\" data-id=\"8043523\" data-element_type=\"container\" data-settings=\"{&quot;content_width&quot;:&quot;boxed&quot;}\">\n\t\t\t\t\t<div class=\"e-con-inner\">\n\t\t\t\t<div class=\"elementor-element elementor-element-acc4372 elementor-widget elementor-widget-text-editor\" data-id=\"acc4372\" data-element_type=\"widget\" data-widget_type=\"text-editor.default\">\n\t\t\t\t<div class=\"elementor-widget-container\">\n\t\t\t\t\t\t\t<h5>WE ARE OCEAN_Berlin+Brandenburg<\/h5><p>(Video) 2019, DE, 16:09\u2032<\/p>\t\t\t\t\t\t<\/div>\n\t\t\t\t<\/div>\n\t\t\t\t<div class=\"elementor-element elementor-element-36a1bd3 elementor-widget elementor-widget-text-editor\" data-id=\"36a1bd3\" data-element_type=\"widget\" data-widget_type=\"text-editor.default\">\n\t\t\t\t<div class=\"elementor-widget-container\">\n\t\t\t\t\t\t\t<h6>ARTPORT_making waves<\/h6>\t\t\t\t\t\t<\/div>\n\t\t\t\t<\/div>\n\t\t\t\t<div class=\"elementor-element elementor-element-02d7826 elementor-widget elementor-widget-text-editor\" data-id=\"02d7826\" data-element_type=\"widget\" data-widget_type=\"text-editor.default\">\n\t\t\t\t<div class=\"elementor-widget-container\">\n\t\t\t\t\t\t\t<p>The film reflects on a series of workshops on the topic of climate change and the ocean, which were conducted by the artist in summer 2019 with high school students in and around Berlin as part of the project WE ARE OCEAN commissioned by ARTPORT_making waves. The focus is less on the documentary depiction of those events and insights than on Rave&#8217;s impressions of the encounter with various young individuals, their ways of seeing, behaving and acting as well as the contradictions with which they were more or less explicitly confronted regarding the topic. This includes their interaction with the audio- visual media. Another layer of the film incorporates sounds and moods that more freely take up the concrete place of Berlin and the abstract space of association of the sea in order to engross both conditions as a discursive and aesthetic interface.<\/p><p>\u00a0<\/p><p><strong><strong>Target Audience:<\/strong><\/strong> Everybody, no restriction in age or background<\/p><p>\u00a0<\/p><p>produced by ARTPORT_making waves<\/p><p>a film co-created with the students of Barbara-Z\u00fcrner-Oberschule Velten and Schule am Berlinickeplatz Berlin)<\/p>\t\t\t\t\t\t<\/div>\n\t\t\t\t<\/div>\n\t\t\t\t\t<\/div>\n\t\t\t\t<\/div>\n\t\t\t\t\t<\/div>\n\t\t\t\t<\/div>\n\t\t\t\t<\/div>\n\t\t\t\t\t<\/div>\n\t\t\t\t<\/div>\n\t\t\t\t<\/div>\n\t\t","protected":false},"excerpt":{"rendered":"<p>Have you seen \u2026 yet? As you wander through the Women*s Theater Festival, you might come across a staircase leading to Pandora\u2019s Box\u2014a shipping container housing video installations that also serves as an immersive gathering place for ideas and stories. Each year, Pandora\u2019s Box creates&#8230;<\/p>\n","protected":false},"author":3,"featured_media":0,"parent":0,"menu_order":0,"comment_status":"closed","ping_status":"closed","template":"","meta":{"footnotes":""},"class_list":["post-8269","page","type-page","status-publish","hentry"],"yoast_head":"<!-- This site is optimized with the Yoast SEO plugin v19.13 - https:\/\/yoast.com\/wordpress\/plugins\/seo\/ -->\n<title>Programm-Pandora&#039;s Box - International Women\u2018s* Theatre Festival<\/title>\n<meta name=\"robots\" content=\"index, follow, max-snippet:-1, max-image-preview:large, max-video-preview:-1\" \/>\n<link rel=\"canonical\" href=\"https:\/\/iftf-frankfurt.com\/en\/programm-pandoras-box\/\" \/>\n<meta property=\"og:locale\" content=\"en_GB\" \/>\n<meta property=\"og:type\" content=\"article\" \/>\n<meta property=\"og:title\" content=\"Programm-Pandora&#039;s Box - International Women\u2018s* Theatre Festival\" \/>\n<meta property=\"og:description\" content=\"Have you seen \u2026 yet? As you wander through the Women*s Theater Festival, you might come across a staircase leading to Pandora\u2019s Box\u2014a shipping container housing video installations that also serves as an immersive gathering place for ideas and stories. Each year, Pandora\u2019s Box creates...\" \/>\n<meta property=\"og:url\" content=\"https:\/\/iftf-frankfurt.com\/en\/programm-pandoras-box\/\" \/>\n<meta property=\"og:site_name\" content=\"International Women\u2018s* Theatre Festival\" \/>\n<meta property=\"article:publisher\" content=\"https:\/\/www.facebook.com\/frauenfestival\" \/>\n<meta property=\"article:modified_time\" content=\"2026-09-02T11:44:14+00:00\" \/>\n<meta property=\"og:image\" content=\"https:\/\/iftf-frankfurt.com\/wp-content\/uploads\/sites\/2\/3.14159-1024x574.png\" \/>\n<meta name=\"twitter:card\" content=\"summary_large_image\" \/>\n<meta name=\"twitter:label1\" content=\"Estimated reading time\" \/>\n\t<meta name=\"twitter:data1\" content=\"13 minutes\" \/>\n<script type=\"application\/ld+json\" class=\"yoast-schema-graph\">{\"@context\":\"https:\/\/schema.org\",\"@graph\":[{\"@type\":\"WebPage\",\"@id\":\"https:\/\/iftf-frankfurt.com\/en\/programm-pandoras-box\/\",\"url\":\"https:\/\/iftf-frankfurt.com\/en\/programm-pandoras-box\/\",\"name\":\"Programm-Pandora's Box - International Women\u2018s* Theatre Festival\",\"isPartOf\":{\"@id\":\"https:\/\/iftf-frankfurt.com\/#website\"},\"datePublished\":\"2022-09-05T20:41:40+00:00\",\"dateModified\":\"2026-09-02T11:44:14+00:00\",\"breadcrumb\":{\"@id\":\"https:\/\/iftf-frankfurt.com\/en\/programm-pandoras-box\/#breadcrumb\"},\"inLanguage\":\"en-GB\",\"potentialAction\":[{\"@type\":\"ReadAction\",\"target\":[\"https:\/\/iftf-frankfurt.com\/en\/programm-pandoras-box\/\"]}]},{\"@type\":\"BreadcrumbList\",\"@id\":\"https:\/\/iftf-frankfurt.com\/en\/programm-pandoras-box\/#breadcrumb\",\"itemListElement\":[{\"@type\":\"ListItem\",\"position\":1,\"name\":\"Startseite\",\"item\":\"https:\/\/iftf-frankfurt.com\/en\/internationale-frauentheaterfestival-iftf\/\"},{\"@type\":\"ListItem\",\"position\":2,\"name\":\"Programm-Pandora&#8217;s Box\"}]},{\"@type\":\"WebSite\",\"@id\":\"https:\/\/iftf-frankfurt.com\/#website\",\"url\":\"https:\/\/iftf-frankfurt.com\/\",\"name\":\"International Women\u2018s* Theatre Festival\",\"description\":\"IF*TF\",\"publisher\":{\"@id\":\"https:\/\/iftf-frankfurt.com\/#organization\"},\"inLanguage\":\"en-GB\"},{\"@type\":\"Organization\",\"@id\":\"https:\/\/iftf-frankfurt.com\/#organization\",\"name\":\"International Womxn\u2018s* Theatre Festival\",\"url\":\"https:\/\/iftf-frankfurt.com\/\",\"logo\":{\"@type\":\"ImageObject\",\"inLanguage\":\"en-GB\",\"@id\":\"https:\/\/iftf-frankfurt.com\/#\/schema\/logo\/image\/\",\"url\":\"\",\"contentUrl\":\"\",\"caption\":\"International Womxn\u2018s* Theatre Festival\"},\"image\":{\"@id\":\"https:\/\/iftf-frankfurt.com\/#\/schema\/logo\/image\/\"},\"sameAs\":[\"https:\/\/www.instagram.com\/frauentheaterfestival\/\",\"https:\/\/www.youtube.com\/channel\/UC80VX69VC0NxXd6a89DoydA\",\"https:\/\/www.facebook.com\/frauenfestival\"]}]}<\/script>\n<!-- \/ Yoast SEO plugin. -->","yoast_head_json":{"title":"Programm-Pandora's Box - International Women\u2018s* Theatre Festival","robots":{"index":"index","follow":"follow","max-snippet":"max-snippet:-1","max-image-preview":"max-image-preview:large","max-video-preview":"max-video-preview:-1"},"canonical":"https:\/\/iftf-frankfurt.com\/en\/programm-pandoras-box\/","og_locale":"en_GB","og_type":"article","og_title":"Programm-Pandora's Box - International Women\u2018s* Theatre Festival","og_description":"Have you seen \u2026 yet? As you wander through the Women*s Theater Festival, you might come across a staircase leading to Pandora\u2019s Box\u2014a shipping container housing video installations that also serves as an immersive gathering place for ideas and stories. Each year, Pandora\u2019s Box creates...","og_url":"https:\/\/iftf-frankfurt.com\/en\/programm-pandoras-box\/","og_site_name":"International Women\u2018s* Theatre Festival","article_publisher":"https:\/\/www.facebook.com\/frauenfestival","article_modified_time":"2026-09-02T11:44:14+00:00","og_image":[{"url":"https:\/\/iftf-frankfurt.com\/wp-content\/uploads\/sites\/2\/3.14159-1024x574.png"}],"twitter_card":"summary_large_image","twitter_misc":{"Estimated reading time":"13 minutes"},"schema":{"@context":"https:\/\/schema.org","@graph":[{"@type":"WebPage","@id":"https:\/\/iftf-frankfurt.com\/en\/programm-pandoras-box\/","url":"https:\/\/iftf-frankfurt.com\/en\/programm-pandoras-box\/","name":"Programm-Pandora's Box - International Women\u2018s* Theatre Festival","isPartOf":{"@id":"https:\/\/iftf-frankfurt.com\/#website"},"datePublished":"2022-09-05T20:41:40+00:00","dateModified":"2026-09-02T11:44:14+00:00","breadcrumb":{"@id":"https:\/\/iftf-frankfurt.com\/en\/programm-pandoras-box\/#breadcrumb"},"inLanguage":"en-GB","potentialAction":[{"@type":"ReadAction","target":["https:\/\/iftf-frankfurt.com\/en\/programm-pandoras-box\/"]}]},{"@type":"BreadcrumbList","@id":"https:\/\/iftf-frankfurt.com\/en\/programm-pandoras-box\/#breadcrumb","itemListElement":[{"@type":"ListItem","position":1,"name":"Startseite","item":"https:\/\/iftf-frankfurt.com\/en\/internationale-frauentheaterfestival-iftf\/"},{"@type":"ListItem","position":2,"name":"Programm-Pandora&#8217;s Box"}]},{"@type":"WebSite","@id":"https:\/\/iftf-frankfurt.com\/#website","url":"https:\/\/iftf-frankfurt.com\/","name":"International Women\u2018s* Theatre Festival","description":"IF*TF","publisher":{"@id":"https:\/\/iftf-frankfurt.com\/#organization"},"inLanguage":"en-GB"},{"@type":"Organization","@id":"https:\/\/iftf-frankfurt.com\/#organization","name":"International Womxn\u2018s* Theatre Festival","url":"https:\/\/iftf-frankfurt.com\/","logo":{"@type":"ImageObject","inLanguage":"en-GB","@id":"https:\/\/iftf-frankfurt.com\/#\/schema\/logo\/image\/","url":"","contentUrl":"","caption":"International Womxn\u2018s* Theatre Festival"},"image":{"@id":"https:\/\/iftf-frankfurt.com\/#\/schema\/logo\/image\/"},"sameAs":["https:\/\/www.instagram.com\/frauentheaterfestival\/","https:\/\/www.youtube.com\/channel\/UC80VX69VC0NxXd6a89DoydA","https:\/\/www.facebook.com\/frauenfestival"]}]}},"_links":{"self":[{"href":"https:\/\/iftf-frankfurt.com\/en\/wp-json\/wp\/v2\/pages\/8269","targetHints":{"allow":["GET"]}}],"collection":[{"href":"https:\/\/iftf-frankfurt.com\/en\/wp-json\/wp\/v2\/pages"}],"about":[{"href":"https:\/\/iftf-frankfurt.com\/en\/wp-json\/wp\/v2\/types\/page"}],"author":[{"embeddable":true,"href":"https:\/\/iftf-frankfurt.com\/en\/wp-json\/wp\/v2\/users\/3"}],"replies":[{"embeddable":true,"href":"https:\/\/iftf-frankfurt.com\/en\/wp-json\/wp\/v2\/comments?post=8269"}],"version-history":[{"count":173,"href":"https:\/\/iftf-frankfurt.com\/en\/wp-json\/wp\/v2\/pages\/8269\/revisions"}],"predecessor-version":[{"id":27125,"href":"https:\/\/iftf-frankfurt.com\/en\/wp-json\/wp\/v2\/pages\/8269\/revisions\/27125"}],"wp:attachment":[{"href":"https:\/\/iftf-frankfurt.com\/en\/wp-json\/wp\/v2\/media?parent=8269"}],"curies":[{"name":"wp","href":"https:\/\/api.w.org\/{rel}","templated":true}]}}